{"id":19363,"date":"2024-12-31T15:58:59","date_gmt":"2024-12-31T14:58:59","guid":{"rendered":"https:\/\/drromanovaleria.ch\/?page_id=19363"},"modified":"2025-11-28T10:41:59","modified_gmt":"2025-11-28T09:41:59","slug":"macchie-pelle","status":"publish","type":"page","link":"https:\/\/drromanovaleria.ch\/it\/besoins\/peau-et-cheveux\/taches\/","title":{"rendered":"Macchie"},"content":{"rendered":"\t\t<div data-elementor-type=\"wp-page\" data-elementor-id=\"19363\" class=\"elementor elementor-19363\" data-elementor-post-type=\"page\">\n\t\t\t\t<div class=\"elementor-element elementor-element-645527c e-flex e-con-boxed e-con e-parent\" data-id=\"645527c\" data-element_type=\"container\" data-e-type=\"container\" data-settings=\"{&quot;background_background&quot;:&quot;classic&quot;,&quot;jet_parallax_layout_list&quot;:[]}\">\n\t\t\t\t\t<div class=\"e-con-inner\">\n\t\t<div class=\"elementor-element elementor-element-5a23377 e-con-full e-flex e-con e-child\" data-id=\"5a23377\" data-element_type=\"container\" data-e-type=\"container\" data-settings=\"{&quot;background_background&quot;:&quot;classic&quot;,&quot;jet_parallax_layout_list&quot;:[]}\">\n\t\t\t\t<div class=\"elementor-element elementor-element-5c38bac elementor-widget__width-initial elementor-widget elementor-widget-heading\" data-id=\"5c38bac\" data-element_type=\"widget\" data-e-type=\"widget\" data-widget_type=\"heading.default\">\n\t\t\t\t<div class=\"elementor-widget-container\">\n\t\t\t\t\t<h1 class=\"elementor-heading-title elementor-size-default\">TRAITEMENT DES TACHES BRUNES SUR LA PEAU\n<\/h1>\t\t\t\t<\/div>\n\t\t\t\t<\/div>\n\t\t\t\t<div class=\"elementor-element elementor-element-2172964 elementor-align-center elementor-widget elementor-widget-breadcrumbs\" data-id=\"2172964\" data-element_type=\"widget\" data-e-type=\"widget\" data-widget_type=\"breadcrumbs.default\">\n\t\t\t\t<div class=\"elementor-widget-container\">\n\t\t\t\t\t<p id=\"breadcrumbs\"><span><span><a href=\"https:\/\/drromanovaleria.ch\/\">Accueil<\/a><\/span><\/span><\/p>\t\t\t\t<\/div>\n\t\t\t\t<\/div>\n\t\t\t\t<\/div>\n\t\t\t\t\t<\/div>\n\t\t\t\t<\/div>\n\t\t<div class=\"elementor-element elementor-element-769244c e-flex e-con-boxed e-con e-parent\" data-id=\"769244c\" data-element_type=\"container\" data-e-type=\"container\" data-settings=\"{&quot;jet_parallax_layout_list&quot;:[]}\">\n\t\t\t\t\t<div class=\"e-con-inner\">\n\t\t<div class=\"elementor-element elementor-element-bd2d47f e-flex e-con-boxed e-con e-child\" data-id=\"bd2d47f\" data-element_type=\"container\" data-e-type=\"container\" data-settings=\"{&quot;jet_parallax_layout_list&quot;:[]}\">\n\t\t\t\t\t<div class=\"e-con-inner\">\n\t\t<div class=\"elementor-element elementor-element-f609067 e-con-full e-flex e-con e-child\" data-id=\"f609067\" data-element_type=\"container\" data-e-type=\"container\" data-settings=\"{&quot;background_background&quot;:&quot;classic&quot;,&quot;jet_parallax_layout_list&quot;:[]}\">\n\t\t\t\t<div class=\"elementor-element elementor-element-6bd2684 elementor-widget elementor-widget-heading\" data-id=\"6bd2684\" data-element_type=\"widget\" data-e-type=\"widget\" data-widget_type=\"heading.default\">\n\t\t\t\t<div class=\"elementor-widget-container\">\n\t\t\t\t\t<h2 class=\"elementor-heading-title elementor-size-default\">Qu'est-ce que les taches brunes ?<\/h2>\t\t\t\t<\/div>\n\t\t\t\t<\/div>\n\t\t\t\t<div class=\"elementor-element elementor-element-c9d2f91 elementor-widget elementor-widget-text-editor\" data-id=\"c9d2f91\" data-element_type=\"widget\" data-e-type=\"widget\" data-widget_type=\"text-editor.default\">\n\t\t\t\t<div class=\"elementor-widget-container\">\n\t\t\t\t\t\t\t\t\t<p>La pigmentation de la peau est un processus naturel d\u00e9termin\u00e9 par la m\u00e9lanine, un pigment produit par des cellules appel\u00e9es m\u00e9lanocytes. La production de m\u00e9lanine est influenc\u00e9e par divers facteurs. Des dysfonctionnements dans ce processus peuvent provoquer l\u2019apparition de taches pigmentaires, qui peuvent \u00eatre esth\u00e9tiquement g\u00eanantes. En fait une peau lumineuse et homog\u00e8ne sans taches est une demande fr\u00e9quente.<br \/>Dans la plupart des cas les pigmentations cutan\u00e9es sont sans cons\u00e9quence.<br \/>N\u00e9anmoins devant l&#8217;apparition de t\u00e2ches brunes, il est indispensable de consulter un m\u00e9decin pour avoir un diagnostic pr\u00e9cis.<br \/>Mis \u00e0 part les naevi (grains de beaut\u00e9), les l\u00e9sions pigmentaires peuvent \u00eatre :<br \/>\u2022 Les lentigos s\u00e9niles.<br \/>\u2022 Le m\u00e9lasma.<br \/>\u2022 Les taches de rousseur.<br \/>\u2022 Les taches d&#8217;hyperpigmentation : dues \u00e0 une activit\u00e9 accrue des m\u00e9lanocytes suite \u00e0 une stimulation (traumatisme, bouton, acte m\u00e9dical, application d&#8217;agents chimiques\u2026).<br \/>\u2022 Les taches secondaires \u00e0 une infection \u00e0 champignons.<\/p>\t\t\t\t\t\t\t\t<\/div>\n\t\t\t\t<\/div>\n\t\t\t\t<\/div>\n\t\t\t\t\t<\/div>\n\t\t\t\t<\/div>\n\t\t<div class=\"elementor-element elementor-element-4d3ac51 e-flex e-con-boxed e-con e-child\" data-id=\"4d3ac51\" data-element_type=\"container\" data-e-type=\"container\" data-settings=\"{&quot;jet_parallax_layout_list&quot;:[]}\">\n\t\t\t\t\t<div class=\"e-con-inner\">\n\t\t\t\t<div class=\"elementor-element elementor-element-70cbeb2 elementor-widget elementor-widget-image\" data-id=\"70cbeb2\" data-element_type=\"widget\" data-e-type=\"widget\" data-widget_type=\"image.default\">\n\t\t\t\t<div class=\"elementor-widget-container\">\n\t\t\t\t\t\t\t\t\t\t\t\t\t\t\t<img fetchpriority=\"high\" decoding=\"async\" width=\"249\" height=\"300\" src=\"https:\/\/drromanovaleria.ch\/wp-content\/uploads\/2024\/05\/belle-peau-249x300.webp\" class=\"attachment-medium size-medium wp-image-4848\" alt=\"photo belle peau apr\u00e8s laser de resurfacing\" srcset=\"https:\/\/drromanovaleria.ch\/wp-content\/uploads\/2024\/05\/belle-peau-249x300.webp 249w, https:\/\/drromanovaleria.ch\/wp-content\/uploads\/2024\/05\/belle-peau-10x12.webp 10w, https:\/\/drromanovaleria.ch\/wp-content\/uploads\/2024\/05\/belle-peau.webp 300w\" sizes=\"(max-width: 249px) 100vw, 249px\" \/>\t\t\t\t\t\t\t\t\t\t\t\t\t\t\t<\/div>\n\t\t\t\t<\/div>\n\t\t\t\t<div class=\"elementor-element elementor-element-a79be93 elementor-align-center elementor-widget elementor-widget-button\" data-id=\"a79be93\" data-element_type=\"widget\" data-e-type=\"widget\" data-widget_type=\"button.default\">\n\t\t\t\t<div class=\"elementor-widget-container\">\n\t\t\t\t\t\t\t\t\t<div class=\"elementor-button-wrapper\">\n\t\t\t\t\t<a class=\"elementor-button elementor-button-link elementor-size-sm\" href=\"https:\/\/drromanovaleria.ch\/contactez-le-dr-romano\/\">\n\t\t\t\t\t\t<span class=\"elementor-button-content-wrapper\">\n\t\t\t\t\t\t\t\t\t<span class=\"elementor-button-text\">Prendre rendez-vous<\/span>\n\t\t\t\t\t<\/span>\n\t\t\t\t\t<\/a>\n\t\t\t\t<\/div>\n\t\t\t\t\t\t\t\t<\/div>\n\t\t\t\t<\/div>\n\t\t\t\t\t<\/div>\n\t\t\t\t<\/div>\n\t\t\t\t\t<\/div>\n\t\t\t\t<\/div>\n\t\t<div class=\"elementor-element elementor-element-8fa7ffc e-flex e-con-boxed e-con e-parent\" data-id=\"8fa7ffc\" data-element_type=\"container\" data-e-type=\"container\" data-settings=\"{&quot;jet_parallax_layout_list&quot;:[]}\">\n\t\t\t\t\t<div class=\"e-con-inner\">\n\t\t\t\t<div class=\"elementor-element elementor-element-48b9481 elementor-toc--content-ellipsis elementor-toc--minimized-on-desktop elementor-widget elementor-widget-table-of-contents\" data-id=\"48b9481\" data-element_type=\"widget\" data-e-type=\"widget\" data-settings=\"{&quot;exclude_headings_by_selector&quot;:[],&quot;minimized_on&quot;:&quot;desktop&quot;,&quot;no_headings_message&quot;:&quot;Aucun titre n\\u2019a \\u00e9t\\u00e9 trouv\\u00e9 sur cette page.&quot;,&quot;headings_by_tags&quot;:[&quot;h2&quot;,&quot;h3&quot;,&quot;h4&quot;,&quot;h5&quot;,&quot;h6&quot;],&quot;marker_view&quot;:&quot;numbers&quot;,&quot;minimize_box&quot;:&quot;yes&quot;,&quot;hierarchical_view&quot;:&quot;yes&quot;,&quot;min_height&quot;:{&quot;unit&quot;:&quot;px&quot;,&quot;size&quot;:&quot;&quot;,&quot;sizes&quot;:[]},&quot;min_height_tablet&quot;:{&quot;unit&quot;:&quot;px&quot;,&quot;size&quot;:&quot;&quot;,&quot;sizes&quot;:[]},&quot;min_height_mobile&quot;:{&quot;unit&quot;:&quot;px&quot;,&quot;size&quot;:&quot;&quot;,&quot;sizes&quot;:[]}}\" data-widget_type=\"table-of-contents.default\">\n\t\t\t\t<div class=\"elementor-widget-container\">\n\t\t\t\t\t\t\t\t\t<div class=\"elementor-toc__header\">\n\t\t\t\t\t\t<h2 class=\"elementor-toc__header-title\">\n\t\t\t\tSommaire\t\t\t<\/h2>\n\t\t\t\t\t\t\t\t\t\t<div class=\"elementor-toc__toggle-button elementor-toc__toggle-button--expand\" role=\"button\" tabindex=\"0\" aria-controls=\"elementor-toc__48b9481\" aria-expanded=\"true\" aria-label=\"Apri l&#039;indice dei contenuti\"><svg aria-hidden=\"true\" class=\"e-font-icon-svg e-fas-chevron-down\" viewBox=\"0 0 448 512\" xmlns=\"http:\/\/www.w3.org\/2000\/svg\"><path d=\"M207.029 381.476L12.686 187.132c-9.373-9.373-9.373-24.569 0-33.941l22.667-22.667c9.357-9.357 24.522-9.375 33.901-.04L224 284.505l154.745-154.021c9.379-9.335 24.544-9.317 33.901.04l22.667 22.667c9.373 9.373 9.373 24.569 0 33.941L240.971 381.476c-9.373 9.372-24.569 9.372-33.942 0z\"><\/path><\/svg><\/div>\n\t\t\t\t<div class=\"elementor-toc__toggle-button elementor-toc__toggle-button--collapse\" role=\"button\" tabindex=\"0\" aria-controls=\"elementor-toc__48b9481\" aria-expanded=\"true\" aria-label=\"Chiudi l&#039;indice dei contenuti\"><svg aria-hidden=\"true\" class=\"e-font-icon-svg e-fas-chevron-up\" viewBox=\"0 0 448 512\" xmlns=\"http:\/\/www.w3.org\/2000\/svg\"><path d=\"M240.971 130.524l194.343 194.343c9.373 9.373 9.373 24.569 0 33.941l-22.667 22.667c-9.357 9.357-24.522 9.375-33.901.04L224 227.495 69.255 381.516c-9.379 9.335-24.544 9.317-33.901-.04l-22.667-22.667c-9.373-9.373-9.373-24.569 0-33.941L207.03 130.525c9.372-9.373 24.568-9.373 33.941-.001z\"><\/path><\/svg><\/div>\n\t\t\t\t\t<\/div>\n\t\t\t\t<div id=\"elementor-toc__48b9481\" class=\"elementor-toc__body\">\n\t\t\t<div class=\"elementor-toc__spinner-container\">\n\t\t\t\t<svg class=\"elementor-toc__spinner eicon-animation-spin e-font-icon-svg e-eicon-loading\" aria-hidden=\"true\" viewBox=\"0 0 1000 1000\" xmlns=\"http:\/\/www.w3.org\/2000\/svg\"><path d=\"M500 975V858C696 858 858 696 858 500S696 142 500 142 142 304 142 500H25C25 237 238 25 500 25S975 237 975 500 763 975 500 975Z\"><\/path><\/svg>\t\t\t<\/div>\n\t\t<\/div>\n\t\t\t\t\t\t<\/div>\n\t\t\t\t<\/div>\n\t\t\t\t\t<\/div>\n\t\t\t\t<\/div>\n\t\t<div class=\"elementor-element elementor-element-1d45f38 e-flex e-con-boxed e-con e-parent\" data-id=\"1d45f38\" data-element_type=\"container\" data-e-type=\"container\" data-settings=\"{&quot;jet_parallax_layout_list&quot;:[]}\">\n\t\t\t\t\t<div class=\"e-con-inner\">\n\t\t\t\t<div class=\"elementor-element elementor-element-2bc9b73 elementor-widget elementor-widget-heading\" data-id=\"2bc9b73\" data-element_type=\"widget\" data-e-type=\"widget\" data-widget_type=\"heading.default\">\n\t\t\t\t<div class=\"elementor-widget-container\">\n\t\t\t\t\t<h2 class=\"elementor-heading-title elementor-size-default\">Points forts<\/h2>\t\t\t\t<\/div>\n\t\t\t\t<\/div>\n\t\t\t\t<div class=\"elementor-element elementor-element-4b9cbef elementor-widget-divider--view-line elementor-widget elementor-widget-divider\" data-id=\"4b9cbef\" data-element_type=\"widget\" data-e-type=\"widget\" data-widget_type=\"divider.default\">\n\t\t\t\t<div class=\"elementor-widget-container\">\n\t\t\t\t\t\t\t<div class=\"elementor-divider\">\n\t\t\t<span class=\"elementor-divider-separator\">\n\t\t\t\t\t\t<\/span>\n\t\t<\/div>\n\t\t\t\t\t\t<\/div>\n\t\t\t\t<\/div>\n\t\t\t\t<div class=\"elementor-element elementor-element-03ba88c elementor-widget-divider--view-line elementor-widget elementor-widget-divider\" data-id=\"03ba88c\" data-element_type=\"widget\" data-e-type=\"widget\" data-widget_type=\"divider.default\">\n\t\t\t\t<div class=\"elementor-widget-container\">\n\t\t\t\t\t\t\t<div class=\"elementor-divider\">\n\t\t\t<span class=\"elementor-divider-separator\">\n\t\t\t\t\t\t<\/span>\n\t\t<\/div>\n\t\t\t\t\t\t<\/div>\n\t\t\t\t<\/div>\n\t\t\t\t<div class=\"elementor-element elementor-element-08b2588 elementor-widget elementor-widget-text-editor\" data-id=\"08b2588\" data-element_type=\"widget\" data-e-type=\"widget\" data-widget_type=\"text-editor.default\">\n\t\t\t\t<div class=\"elementor-widget-container\">\n\t\t\t\t\t\t\t\t\t<h3>Traitement des taches brunes \u00e0 Gen\u00e8ve<\/h3>\t\t\t\t\t\t\t\t<\/div>\n\t\t\t\t<\/div>\n\t\t<div class=\"elementor-element elementor-element-b95d956 e-flex e-con-boxed e-con e-child\" data-id=\"b95d956\" data-element_type=\"container\" data-e-type=\"container\" data-settings=\"{&quot;jet_parallax_layout_list&quot;:[]}\">\n\t\t\t\t\t<div class=\"e-con-inner\">\n\t\t<div class=\"elementor-element elementor-element-ffc2629 e-flex e-con-boxed e-con e-child\" data-id=\"ffc2629\" data-element_type=\"container\" data-e-type=\"container\" data-settings=\"{&quot;jet_parallax_layout_list&quot;:[]}\">\n\t\t\t\t\t<div class=\"e-con-inner\">\n\t\t\t\t<div class=\"elementor-element elementor-element-b4764de elementor-widget elementor-widget-text-editor\" data-id=\"b4764de\" data-element_type=\"widget\" data-e-type=\"widget\" data-widget_type=\"text-editor.default\">\n\t\t\t\t<div class=\"elementor-widget-container\">\n\t\t\t\t\t\t\t\t\t<p>Les taches de la peau, qu\u2019il s\u2019agisse de taches brunes, de m\u00e9lasma, de lentigos solaires ou d\u2019hyperpigmentation, sont une probl\u00e9matique esth\u00e9tique fr\u00e9quente qui affecte la clart\u00e9 et l\u2019uniformit\u00e9 du teint. En m\u00e9decine esth\u00e9tique, plusieurs traitements existent pour corriger ces\u00a0<\/p>\t\t\t\t\t\t\t\t<\/div>\n\t\t\t\t<\/div>\n\t\t\t\t\t<\/div>\n\t\t\t\t<\/div>\n\t\t<div class=\"elementor-element elementor-element-661e4e5 e-flex e-con-boxed e-con e-child\" data-id=\"661e4e5\" data-element_type=\"container\" data-e-type=\"container\" data-settings=\"{&quot;jet_parallax_layout_list&quot;:[]}\">\n\t\t\t\t\t<div class=\"e-con-inner\">\n\t\t\t\t<div class=\"elementor-element elementor-element-c4959a2 elementor-widget elementor-widget-text-editor\" data-id=\"c4959a2\" data-element_type=\"widget\" data-e-type=\"widget\" data-widget_type=\"text-editor.default\">\n\t\t\t\t<div class=\"elementor-widget-container\">\n\t\t\t\t\t\t\t\t\t<p>imperfections cutan\u00e9es et retrouver une peau lisse et \u00e9clatante. Le laser pigmentaire, les peelings chimiques et les traitements d\u00e9pigmentants, permettent de r\u00e9duire efficacement les taches pigmentaires pour avoir un teint uniforme.<\/p>\t\t\t\t\t\t\t\t<\/div>\n\t\t\t\t<\/div>\n\t\t\t\t\t<\/div>\n\t\t\t\t<\/div>\n\t\t\t\t\t<\/div>\n\t\t\t\t<\/div>\n\t\t\t\t\t<\/div>\n\t\t\t\t<\/div>\n\t\t<div class=\"elementor-element elementor-element-d019161 e-flex e-con-boxed e-con e-parent\" data-id=\"d019161\" data-element_type=\"container\" data-e-type=\"container\" data-settings=\"{&quot;jet_parallax_layout_list&quot;:[]}\">\n\t\t\t\t\t<div class=\"e-con-inner\">\n\t\t<div class=\"elementor-element elementor-element-0c32949 e-con-full e-flex e-con e-child\" data-id=\"0c32949\" data-element_type=\"container\" data-e-type=\"container\" data-settings=\"{&quot;jet_parallax_layout_list&quot;:[]}\">\n\t\t\t\t<div class=\"elementor-element elementor-element-410d093 elementor-widget elementor-widget-image\" data-id=\"410d093\" data-element_type=\"widget\" data-e-type=\"widget\" data-widget_type=\"image.default\">\n\t\t\t\t<div class=\"elementor-widget-container\">\n\t\t\t\t\t\t\t\t\t\t\t\t\t\t\t<img decoding=\"async\" width=\"768\" height=\"486\" src=\"https:\/\/drromanovaleria.ch\/wp-content\/uploads\/2024\/05\/teint-gris-coup-eclat-768x486.webp\" class=\"attachment-medium_large size-medium_large wp-image-5377\" alt=\"photo lifting m\u00e9dical du visage Gen\u00e8ve Suisse\" srcset=\"https:\/\/drromanovaleria.ch\/wp-content\/uploads\/2024\/05\/teint-gris-coup-eclat-768x486.webp 768w, https:\/\/drromanovaleria.ch\/wp-content\/uploads\/2024\/05\/teint-gris-coup-eclat-300x190.webp 300w, https:\/\/drromanovaleria.ch\/wp-content\/uploads\/2024\/05\/teint-gris-coup-eclat-18x12.webp 18w, https:\/\/drromanovaleria.ch\/wp-content\/uploads\/2024\/05\/teint-gris-coup-eclat.webp 900w\" sizes=\"(max-width: 768px) 100vw, 768px\" \/>\t\t\t\t\t\t\t\t\t\t\t\t\t\t\t<\/div>\n\t\t\t\t<\/div>\n\t\t\t\t<\/div>\n\t\t<div class=\"elementor-element elementor-element-25d9ced e-con-full e-flex e-con e-child\" data-id=\"25d9ced\" data-element_type=\"container\" data-e-type=\"container\" data-settings=\"{&quot;jet_parallax_layout_list&quot;:[]}\">\n\t\t\t\t<div class=\"elementor-element elementor-element-7030be2 elementor-widget elementor-widget-heading\" data-id=\"7030be2\" data-element_type=\"widget\" data-e-type=\"widget\" data-widget_type=\"heading.default\">\n\t\t\t\t<div class=\"elementor-widget-container\">\n\t\t\t\t\t<h2 class=\"elementor-heading-title elementor-size-default\">Quelles sont les causes des taches sur le visage et le corps ?<\/h2>\t\t\t\t<\/div>\n\t\t\t\t<\/div>\n\t\t\t\t<div class=\"elementor-element elementor-element-85f237a elementor-widget-divider--view-line elementor-widget elementor-widget-divider\" data-id=\"85f237a\" data-element_type=\"widget\" data-e-type=\"widget\" data-widget_type=\"divider.default\">\n\t\t\t\t<div class=\"elementor-widget-container\">\n\t\t\t\t\t\t\t<div class=\"elementor-divider\">\n\t\t\t<span class=\"elementor-divider-separator\">\n\t\t\t\t\t\t<\/span>\n\t\t<\/div>\n\t\t\t\t\t\t<\/div>\n\t\t\t\t<\/div>\n\t\t\t\t<div class=\"elementor-element elementor-element-1cbbc1d elementor-widget elementor-widget-text-editor\" data-id=\"1cbbc1d\" data-element_type=\"widget\" data-e-type=\"widget\" data-widget_type=\"text-editor.default\">\n\t\t\t\t<div class=\"elementor-widget-container\">\n\t\t\t\t\t\t\t\t\t<div class=\"et_pb_row et_pb_row_4 et_pb_gutters2\"><div class=\"et_pb_column et_pb_column_1_2 et_pb_column_7 et_pb_css_mix_blend_mode_passthrough et-last-child\"><div class=\"et_pb_module et_pb_text et_pb_text_7 et_pb_text_align_left et_pb_bg_layout_light\"><div class=\"et_pb_text_inner\"><div class=\"et_pb_column et_pb_column_1_2 et_pb_column_13 et_pb_css_mix_blend_mode_passthrough\"><div class=\"et_pb_module et_pb_text et_pb_text_15 et_pb_text_align_left et_pb_bg_layout_light\"><div class=\"et_pb_text_inner\"><p>La tache est la cons\u00e9quence d&#8217;une production accrue ou anarchique de m\u00e9lanine par les m\u00e9lanocytes. <br \/>La m\u00e9lanine est le pigment qui donne la couleur \u00e0 la peau, et les m\u00e9lanocytes sont les cellules responsables de sa synth\u00e8se.<br \/>Les probl\u00e8mes de pigmentation sont caus\u00e9s par des facteurs qui influencent cette production.<br \/>\u2022 Exposition solaire : les rayons UV stimulent la production de m\u00e9lanine, c\u2019est pour cela que nous bronzons, mais une production excessive de ce pigment cause des taches persistantes.<br \/>\u2022 Hormones : les changements hormonaux, notamment durant la grossesse ou sous contraceptifs, jouent un r\u00f4le important dans l\u2019apparition du m\u00e9lasma.<br \/>\u2022 Vieillissement : avec l\u2019\u00e2ge, le renouvellement cellulaire ralentit et l&#8217;activit\u00e9 des m\u00e9lanocytes s&#8217;alt\u00e8re.<br \/>\u2022 Facteurs g\u00e9n\u00e9tiques.<br \/>\u2022 Inflammation de la peau : les infections, l\u2019acn\u00e9, les agressions cutan\u00e9es et m\u00eame certains soins esth\u00e9tiques peuvent provoquer une inflammation locale qui est \u00e0 l\u2019origine de pigmentations qu\u2019on appelle post-inflammatoires.<\/p><\/div><\/div><\/div><\/div><\/div><\/div><\/div>\t\t\t\t\t\t\t\t<\/div>\n\t\t\t\t<\/div>\n\t\t\t\t<\/div>\n\t\t\t\t\t<\/div>\n\t\t\t\t<\/div>\n\t\t<div class=\"elementor-element elementor-element-0207267 e-flex e-con-boxed e-con e-parent\" data-id=\"0207267\" data-element_type=\"container\" data-e-type=\"container\" data-settings=\"{&quot;jet_parallax_layout_list&quot;:[]}\">\n\t\t\t\t\t<div class=\"e-con-inner\">\n\t\t<div class=\"elementor-element elementor-element-c0b3d47 e-con-full e-flex e-con e-child\" data-id=\"c0b3d47\" data-element_type=\"container\" data-e-type=\"container\" data-settings=\"{&quot;jet_parallax_layout_list&quot;:[]}\">\n\t\t\t\t<div class=\"elementor-element elementor-element-e38f9c4 elementor-widget elementor-widget-heading\" data-id=\"e38f9c4\" data-element_type=\"widget\" data-e-type=\"widget\" data-widget_type=\"heading.default\">\n\t\t\t\t<div class=\"elementor-widget-container\">\n\t\t\t\t\t<h2 class=\"elementor-heading-title elementor-size-default\">Les actifs d\u00e9pigmentants utilis\u00e9s en esth\u00e9tique et dans les cr\u00e8mes<\/h2>\t\t\t\t<\/div>\n\t\t\t\t<\/div>\n\t\t\t\t<div class=\"elementor-element elementor-element-5ae24cf elementor-widget-divider--view-line elementor-widget elementor-widget-divider\" data-id=\"5ae24cf\" data-element_type=\"widget\" data-e-type=\"widget\" data-widget_type=\"divider.default\">\n\t\t\t\t<div class=\"elementor-widget-container\">\n\t\t\t\t\t\t\t<div class=\"elementor-divider\">\n\t\t\t<span class=\"elementor-divider-separator\">\n\t\t\t\t\t\t<\/span>\n\t\t<\/div>\n\t\t\t\t\t\t<\/div>\n\t\t\t\t<\/div>\n\t\t\t\t<div class=\"elementor-element elementor-element-6ce4dba elementor-widget elementor-widget-text-editor\" data-id=\"6ce4dba\" data-element_type=\"widget\" data-e-type=\"widget\" data-widget_type=\"text-editor.default\">\n\t\t\t\t<div class=\"elementor-widget-container\">\n\t\t\t\t\t\t\t\t\t<div class=\"et_pb_row et_pb_row_4 et_pb_gutters2\"><div class=\"et_pb_column et_pb_column_1_2 et_pb_column_7 et_pb_css_mix_blend_mode_passthrough et-last-child\"><div class=\"et_pb_module et_pb_text et_pb_text_7 et_pb_text_align_left et_pb_bg_layout_light\"><div class=\"et_pb_text_inner\"><div class=\"et_pb_column et_pb_column_1_2 et_pb_column_13 et_pb_css_mix_blend_mode_passthrough\"><div class=\"et_pb_module et_pb_text et_pb_text_15 et_pb_text_align_left et_pb_bg_layout_light\"><div class=\"et_pb_text_inner\"><div class=\"et_pb_module et_pb_text et_pb_text_7 et_pb_text_align_left et_pb_bg_layout_light\"><div class=\"et_pb_text_inner\"><p>Les principaux actifs d\u00e9pigmentants utilis\u00e9s en esth\u00e9tique et dans les cr\u00e8mes sont :<br \/>\u2022 Hydroquinone : puissant inhibiteur de la production de m\u00e9lanine, il est tr\u00e8s efficace mais son usage est encadr\u00e9 pour \u00e9viter les risques d&#8217;irritation. Il se trouve dans les oignons, les fruits, les graines, le th\u00e9, le caf\u00e9, la bi\u00e8re et le vin. Son utilisation est consentie que dans des pr\u00e9parations magistrales comme le trio de Kligmann, son utilisation \u00e0 ce jour est interdite dans les cosm\u00e9tiques en vente libre.<br \/>\u2022 Arbutine : il s\u2019agit d\u2019un d\u00e9riv\u00e9 de l&#8217;hydroquinone qui se trouve dans les feuilles de cranberry et de blueberry.<br \/>\u2022 Acide kojique : issu de la fermentation du riz, il poss\u00e8de des propri\u00e9t\u00e9s \u00e9claircissantes naturelles et antioxydantes, agissant en douceur sur les taches.<br \/>\u2022 Vitamine C : connue pour ses effets antioxydants, cet actif \u00e9claircit les taches, stimule la production de collag\u00e8ne et offre un teint plus \u00e9clatant.<br \/>\u2022 R\u00e9tino\u00efdes (d\u00e9riv\u00e9s de la vitamine A) : favorisent le renouvellement cellulaire, exfolient la peau en surface et attenuent les taches pigmentaires.<br \/>\u2022 Acide az\u00e9la\u00efque : actif doux, adapt\u00e9 aux peaux sensibles, qui r\u00e9duit l\u2019hyperpigmentation et poss\u00e8de des propri\u00e9t\u00e9s anti-inflammatoires.<br \/>\u2022 Acide tranexamique : agent d\u00e9pigmentant efficace, id\u00e9al pour les peaux sujettes au m\u00e9lasma, gr\u00e2ce \u00e0 son action sur la pigmentation et l&#8217;inflammation.<br \/>\u2022 Acide phytique : il se trouve dans l&#8217;\u00e9corce des graines de c\u00e9r\u00e9ales.<br \/>\u2022 Acide citrique : d\u00e9riv\u00e9 du citron.<br \/>\u2022 Niacinamide ou vitamine B3 : elle se trouve dans les racines des v\u00e9g\u00e9taux et dans les champignons.<\/p><p>Ces actifs sont souvent associ\u00e9s pour maximiser leur efficacit\u00e9 et apporter des solutions personnalis\u00e9es pour un teint plus uniforme et lumineux.<\/p><\/div><\/div><\/div><\/div><\/div><\/div><\/div><\/div><\/div>\t\t\t\t\t\t\t\t<\/div>\n\t\t\t\t<\/div>\n\t\t\t\t<\/div>\n\t\t\t\t\t<\/div>\n\t\t\t\t<\/div>\n\t\t<div class=\"elementor-element elementor-element-f5c4907 e-flex e-con-boxed e-con e-parent\" data-id=\"f5c4907\" data-element_type=\"container\" data-e-type=\"container\" data-settings=\"{&quot;jet_parallax_layout_list&quot;:[]}\">\n\t\t\t\t\t<div class=\"e-con-inner\">\n\t\t<div class=\"elementor-element elementor-element-6ffc91a e-con-full e-flex e-con e-child\" data-id=\"6ffc91a\" data-element_type=\"container\" data-e-type=\"container\" data-settings=\"{&quot;jet_parallax_layout_list&quot;:[]}\">\n\t\t\t\t<div class=\"elementor-element elementor-element-daa8428 elementor-widget elementor-widget-image\" data-id=\"daa8428\" data-element_type=\"widget\" data-e-type=\"widget\" data-widget_type=\"image.default\">\n\t\t\t\t<div class=\"elementor-widget-container\">\n\t\t\t\t\t\t\t\t\t\t\t\t\t\t\t<img decoding=\"async\" width=\"768\" height=\"429\" src=\"https:\/\/drromanovaleria.ch\/wp-content\/uploads\/2024\/05\/Indications-red-carpet-1-768x429.webp\" class=\"attachment-medium_large size-medium_large wp-image-5385\" alt=\"photo peau hydrat\u00e9e et lisse\" srcset=\"https:\/\/drromanovaleria.ch\/wp-content\/uploads\/2024\/05\/Indications-red-carpet-1-768x429.webp 768w, https:\/\/drromanovaleria.ch\/wp-content\/uploads\/2024\/05\/Indications-red-carpet-1-300x168.webp 300w, https:\/\/drromanovaleria.ch\/wp-content\/uploads\/2024\/05\/Indications-red-carpet-1-18x10.webp 18w, https:\/\/drromanovaleria.ch\/wp-content\/uploads\/2024\/05\/Indications-red-carpet-1.webp 900w\" sizes=\"(max-width: 768px) 100vw, 768px\" \/>\t\t\t\t\t\t\t\t\t\t\t\t\t\t\t<\/div>\n\t\t\t\t<\/div>\n\t\t\t\t<\/div>\n\t\t<div class=\"elementor-element elementor-element-c093a8e e-con-full e-flex e-con e-child\" data-id=\"c093a8e\" data-element_type=\"container\" data-e-type=\"container\" data-settings=\"{&quot;jet_parallax_layout_list&quot;:[]}\">\n\t\t\t\t<div class=\"elementor-element elementor-element-5de1ac8 elementor-widget elementor-widget-heading\" data-id=\"5de1ac8\" data-element_type=\"widget\" data-e-type=\"widget\" data-widget_type=\"heading.default\">\n\t\t\t\t<div class=\"elementor-widget-container\">\n\t\t\t\t\t<h2 class=\"elementor-heading-title elementor-size-default\">Les diff\u00e9rents types de taches pigmentaires<\/h2>\t\t\t\t<\/div>\n\t\t\t\t<\/div>\n\t\t\t\t<div class=\"elementor-element elementor-element-30fa675 elementor-widget-divider--view-line elementor-widget elementor-widget-divider\" data-id=\"30fa675\" data-element_type=\"widget\" data-e-type=\"widget\" data-widget_type=\"divider.default\">\n\t\t\t\t<div class=\"elementor-widget-container\">\n\t\t\t\t\t\t\t<div class=\"elementor-divider\">\n\t\t\t<span class=\"elementor-divider-separator\">\n\t\t\t\t\t\t<\/span>\n\t\t<\/div>\n\t\t\t\t\t\t<\/div>\n\t\t\t\t<\/div>\n\t\t\t\t<div class=\"elementor-element elementor-element-325a42b elementor-widget elementor-widget-text-editor\" data-id=\"325a42b\" data-element_type=\"widget\" data-e-type=\"widget\" data-widget_type=\"text-editor.default\">\n\t\t\t\t<div class=\"elementor-widget-container\">\n\t\t\t\t\t\t\t\t\t<div class=\"et_pb_row et_pb_row_4 et_pb_gutters2\"><div class=\"et_pb_column et_pb_column_1_2 et_pb_column_7 et_pb_css_mix_blend_mode_passthrough et-last-child\"><div class=\"et_pb_module et_pb_text et_pb_text_7 et_pb_text_align_left et_pb_bg_layout_light\"><div class=\"et_pb_text_inner\"><div class=\"et_pb_column et_pb_column_1_2 et_pb_column_13 et_pb_css_mix_blend_mode_passthrough\"><div class=\"et_pb_module et_pb_text et_pb_text_15 et_pb_text_align_left et_pb_bg_layout_light\"><div class=\"et_pb_text_inner\"><p>Pour comprendre les solutions adapt\u00e9es, il est essentiel de distinguer les diff\u00e9rents types de taches pigmentaires.<\/p><ul><li><strong>Les taches de soleil : <\/strong>les <a href=\"https:\/\/drromanovaleria.ch\/besoins\/peau-et-cheveux\/taches-de-soleil\/\">lentigos solaires<\/a>, souvent appel\u00e9s taches de vieillesse ou taches brunes, apparaissent g\u00e9n\u00e9ralement sur les zones expos\u00e9es au soleil comme le visage, les mains et le d\u00e9collet\u00e9.<br \/>Elles sont le r\u00e9sultat d&#8217;une exposition prolong\u00e9e aux rayons UV, qui causent une production excessive de m\u00e9lanine.<\/li><li><strong>Le m\u00e9lasma <\/strong>: caract\u00e9ris\u00e9 par des taches brunes diffuses, le <a href=\"https:\/\/drromanovaleria.ch\/besoins\/peau-et-cheveux\/melasma\/\">m\u00e9lasma<\/a> touche principalement les femmes et appara\u00eet souvent sur le visage (joues, front, nez).<br \/>Le m\u00e9lasma est li\u00e9 aux changements hormonaux, d\u2019o\u00f9 son apparition pendant la grossesse (d\u2019o\u00f9 son surnom &#8220;masque de grossesse&#8221;), ou lors de la prise de contraceptifs.<\/li><li><strong>Les pigmentations post-inflammatoires <\/strong>: ces taches apparaissent apr\u00e8s une inflammation de la peau, par exemple \u00e0 la suite des l\u00e9sions d&#8217;acn\u00e9, de blessures ou de traitements esth\u00e9tiques mal r\u00e9alis\u00e9s.<br \/>L\u2019inflammation stimule la production de m\u00e9lanine, cr\u00e9ant ainsi des taches persistantes.<\/li><li><strong>Les \u00e9ph\u00e9lides ou taches de rousseur <\/strong>: les \u00e9ph\u00e9lides, plus commun\u00e9ment appel\u00e9es<a href=\"https:\/\/drromanovaleria.ch\/besoins\/peau-et-cheveux\/taches-de-rousseur\/\"> taches de rousseur<\/a>, sont de petites taches pigmentaires qui apparaissent principalement sur les peaux claires et souvent sur les zones expos\u00e9es au soleil, comme le visage et les bras. Elles sont g\u00e9n\u00e9tiquement d\u00e9termin\u00e9es et deviennent plus visibles sous l\u2019effet des rayons UV. Contrairement aux autres taches pigmentaires, les \u00e9ph\u00e9lides ne sont pas consid\u00e9r\u00e9es comme un signe de vieillissement ou de dommage cutan\u00e9.<\/li><\/ul><\/div><\/div><\/div><\/div><\/div><\/div><\/div>\t\t\t\t\t\t\t\t<\/div>\n\t\t\t\t<\/div>\n\t\t\t\t<\/div>\n\t\t\t\t\t<\/div>\n\t\t\t\t<\/div>\n\t\t<div class=\"elementor-element elementor-element-ff9bb45 e-flex e-con-boxed e-con e-parent\" data-id=\"ff9bb45\" data-element_type=\"container\" data-e-type=\"container\" data-settings=\"{&quot;jet_parallax_layout_list&quot;:[]}\">\n\t\t\t\t\t<div class=\"e-con-inner\">\n\t\t<div class=\"elementor-element elementor-element-eae7f9c e-con-full e-flex e-con e-child\" data-id=\"eae7f9c\" data-element_type=\"container\" data-e-type=\"container\" data-settings=\"{&quot;jet_parallax_layout_list&quot;:[]}\">\n\t\t\t\t<div class=\"elementor-element elementor-element-9d783b1 elementor-widget elementor-widget-heading\" data-id=\"9d783b1\" data-element_type=\"widget\" data-e-type=\"widget\" data-widget_type=\"heading.default\">\n\t\t\t\t<div class=\"elementor-widget-container\">\n\t\t\t\t\t<h2 class=\"elementor-heading-title elementor-size-default\">Traitement des taches <\/h2>\t\t\t\t<\/div>\n\t\t\t\t<\/div>\n\t\t\t\t<div class=\"elementor-element elementor-element-233138a elementor-widget-divider--view-line elementor-widget elementor-widget-divider\" data-id=\"233138a\" data-element_type=\"widget\" data-e-type=\"widget\" data-widget_type=\"divider.default\">\n\t\t\t\t<div class=\"elementor-widget-container\">\n\t\t\t\t\t\t\t<div class=\"elementor-divider\">\n\t\t\t<span class=\"elementor-divider-separator\">\n\t\t\t\t\t\t<\/span>\n\t\t<\/div>\n\t\t\t\t\t\t<\/div>\n\t\t\t\t<\/div>\n\t\t\t\t<div class=\"elementor-element elementor-element-1589a35 elementor-widget elementor-widget-text-editor\" data-id=\"1589a35\" data-element_type=\"widget\" data-e-type=\"widget\" data-widget_type=\"text-editor.default\">\n\t\t\t\t<div class=\"elementor-widget-container\">\n\t\t\t\t\t\t\t\t\t<div class=\"et_pb_row et_pb_row_4 et_pb_gutters2\"><div class=\"et_pb_column et_pb_column_1_2 et_pb_column_7 et_pb_css_mix_blend_mode_passthrough et-last-child\"><div class=\"et_pb_module et_pb_text et_pb_text_7 et_pb_text_align_left et_pb_bg_layout_light\"><div class=\"et_pb_text_inner\"><div class=\"et_pb_column et_pb_column_1_2 et_pb_column_13 et_pb_css_mix_blend_mode_passthrough\"><div class=\"et_pb_module et_pb_text et_pb_text_15 et_pb_text_align_left et_pb_bg_layout_light\"><div class=\"et_pb_text_inner\"><div class=\"et_pb_module et_pb_text et_pb_text_7 et_pb_text_align_left et_pb_bg_layout_light\"><div class=\"et_pb_text_inner\"><p>Les traitements esth\u00e9tiques contre les taches sont des solutions efficaces pour les att\u00e9nuer et unifier le teint. Selon le type de tache\u00a0 et le type de peau. <br \/>Le laser et les peelings chimiques sont les m\u00e9thodes les plus efficaces. <br \/>Il est important de comprendre que les traitements \u00e9liminent le pigment mais ne corrigent pas le dysfonctionnement des melanocytes. Les r\u00e9sultats sont donc transitoires, la pigmentation r\u00e9apparaitra un ou plusieurs ann\u00e9es apr\u00e8s en fonction du mode de vie du patient, notamment de l\u2019exposition solaire.<\/p><\/div><\/div><\/div><\/div><\/div><\/div><\/div><\/div><\/div>\t\t\t\t\t\t\t\t<\/div>\n\t\t\t\t<\/div>\n\t\t\t\t<\/div>\n\t\t\t\t\t<\/div>\n\t\t\t\t<\/div>\n\t\t<div class=\"elementor-element elementor-element-eaca430 e-flex e-con-boxed e-con e-parent\" data-id=\"eaca430\" data-element_type=\"container\" data-e-type=\"container\" data-settings=\"{&quot;jet_parallax_layout_list&quot;:[]}\">\n\t\t\t\t\t<div class=\"e-con-inner\">\n\t\t<div class=\"elementor-element elementor-element-46fc612 e-flex e-con-boxed e-con e-child\" data-id=\"46fc612\" data-element_type=\"container\" data-e-type=\"container\" data-settings=\"{&quot;jet_parallax_layout_list&quot;:[]}\">\n\t\t\t\t\t<div class=\"e-con-inner\">\n\t\t<div class=\"elementor-element elementor-element-85b25e5 e-flex e-con-boxed e-con e-child\" data-id=\"85b25e5\" data-element_type=\"container\" data-e-type=\"container\" data-settings=\"{&quot;jet_parallax_layout_list&quot;:[]}\">\n\t\t\t\t\t<div class=\"e-con-inner\">\n\t\t\t\t<div class=\"elementor-element elementor-element-6b38c95 elementor-widget elementor-widget-heading\" data-id=\"6b38c95\" data-element_type=\"widget\" data-e-type=\"widget\" data-widget_type=\"heading.default\">\n\t\t\t\t<div class=\"elementor-widget-container\">\n\t\t\t\t\t<h3 class=\"elementor-heading-title elementor-size-default\">Peeling d\u00e9pigmentant\n<\/h3>\t\t\t\t<\/div>\n\t\t\t\t<\/div>\n\t\t\t\t<div class=\"elementor-element elementor-element-374f53b elementor-widget-divider--view-line elementor-widget elementor-widget-divider\" data-id=\"374f53b\" data-element_type=\"widget\" data-e-type=\"widget\" data-widget_type=\"divider.default\">\n\t\t\t\t<div class=\"elementor-widget-container\">\n\t\t\t\t\t\t\t<div class=\"elementor-divider\">\n\t\t\t<span class=\"elementor-divider-separator\">\n\t\t\t\t\t\t<\/span>\n\t\t<\/div>\n\t\t\t\t\t\t<\/div>\n\t\t\t\t<\/div>\n\t\t\t\t<div class=\"elementor-element elementor-element-fcfebfd elementor-widget elementor-widget-image\" data-id=\"fcfebfd\" data-element_type=\"widget\" data-e-type=\"widget\" data-widget_type=\"image.default\">\n\t\t\t\t<div class=\"elementor-widget-container\">\n\t\t\t\t\t\t\t\t\t\t\t\t\t\t\t<img loading=\"lazy\" decoding=\"async\" width=\"768\" height=\"513\" src=\"https:\/\/drromanovaleria.ch\/wp-content\/uploads\/2024\/07\/peeling-rides-cou-768x513.webp\" class=\"attachment-medium_large size-medium_large wp-image-10683\" alt=\"photo traitement rides du cou et du d\u00e9collet\u00e9 par peeling\" srcset=\"https:\/\/drromanovaleria.ch\/wp-content\/uploads\/2024\/07\/peeling-rides-cou-768x513.webp 768w, https:\/\/drromanovaleria.ch\/wp-content\/uploads\/2024\/07\/peeling-rides-cou-300x200.webp 300w, https:\/\/drromanovaleria.ch\/wp-content\/uploads\/2024\/07\/peeling-rides-cou-1024x683.webp 1024w, https:\/\/drromanovaleria.ch\/wp-content\/uploads\/2024\/07\/peeling-rides-cou-1536x1025.webp 1536w, https:\/\/drromanovaleria.ch\/wp-content\/uploads\/2024\/07\/peeling-rides-cou-2048x1367.webp 2048w, https:\/\/drromanovaleria.ch\/wp-content\/uploads\/2024\/07\/peeling-rides-cou-18x12.webp 18w\" sizes=\"(max-width: 768px) 100vw, 768px\" \/>\t\t\t\t\t\t\t\t\t\t\t\t\t\t\t<\/div>\n\t\t\t\t<\/div>\n\t\t\t\t<div class=\"elementor-element elementor-element-5ebe9bd elementor-widget elementor-widget-text-editor\" data-id=\"5ebe9bd\" data-element_type=\"widget\" data-e-type=\"widget\" data-widget_type=\"text-editor.default\">\n\t\t\t\t<div class=\"elementor-widget-container\">\n\t\t\t\t\t\t\t\t\t<p>Le peeling d\u00e9pigmentant est une m\u00e9thode efficace et non invasive pour traiter les taches pigmentaires et uniformiser le teint. Adapt\u00e9 aux probl\u00e8mes de pigmentation tels que le m\u00e9lasma, les lentigos solaires et les pigmentations post-inflammatoires, ce traitement repose sur l&#8217;application d&#8217;agents exfoliants puissants, comme l&#8217;acide glycolique, l&#8217;acide trichlorac\u00e9tique ou l&#8217;acide kojique. Ces substances agissent en \u00e9liminant les couches superficielles de la peau, favorisant ainsi le renouvellement cellulaire et att\u00e9nuant visiblement les taches.<br \/>L&#8217;association de ces principes actifs donne des r\u00e9sultats visibles dont notamment une nette am\u00e9lioration de l&#8217;homog\u00e9n\u00e9it\u00e9 de la peau dans 84% des cas apr\u00e8s 2 traitements, une forte diminution (72%) des m\u00e9lasma ainsi qu&#8217;une peau plus lisse et des <a href=\"https:\/\/drromanovaleria.ch\/besoins\/rides\/\">ridules<\/a> moins marqu\u00e9es apr\u00e8s plusieurs s\u00e9ances pour 83% des patients.<br \/>L\u2019 exposition solaire est contre-indiqu\u00e9e pendant deux mois. Le peeling ne peut pas \u00eatre r\u00e9alis\u00e9 sur une peau bronz\u00e9e.<\/p>\t\t\t\t\t\t\t\t<\/div>\n\t\t\t\t<\/div>\n\t\t\t\t\t<\/div>\n\t\t\t\t<\/div>\n\t\t<div class=\"elementor-element elementor-element-2cd189e e-flex e-con-boxed e-con e-child\" data-id=\"2cd189e\" data-element_type=\"container\" data-e-type=\"container\" data-settings=\"{&quot;jet_parallax_layout_list&quot;:[]}\">\n\t\t\t\t\t<div class=\"e-con-inner\">\n\t\t\t\t<div class=\"elementor-element elementor-element-501a764 elementor-widget elementor-widget-heading\" data-id=\"501a764\" data-element_type=\"widget\" data-e-type=\"widget\" data-widget_type=\"heading.default\">\n\t\t\t\t<div class=\"elementor-widget-container\">\n\t\t\t\t\t<h3 class=\"elementor-heading-title elementor-size-default\">Laser pour le traitement des taches<\/h3>\t\t\t\t<\/div>\n\t\t\t\t<\/div>\n\t\t\t\t<div class=\"elementor-element elementor-element-0e12d4e elementor-widget-divider--view-line elementor-widget elementor-widget-divider\" data-id=\"0e12d4e\" data-element_type=\"widget\" data-e-type=\"widget\" data-widget_type=\"divider.default\">\n\t\t\t\t<div class=\"elementor-widget-container\">\n\t\t\t\t\t\t\t<div class=\"elementor-divider\">\n\t\t\t<span class=\"elementor-divider-separator\">\n\t\t\t\t\t\t<\/span>\n\t\t<\/div>\n\t\t\t\t\t\t<\/div>\n\t\t\t\t<\/div>\n\t\t\t\t<div class=\"elementor-element elementor-element-2bb8b6e elementor-widget elementor-widget-text-editor\" data-id=\"2bb8b6e\" data-element_type=\"widget\" data-e-type=\"widget\" data-widget_type=\"text-editor.default\">\n\t\t\t\t<div class=\"elementor-widget-container\">\n\t\t\t\t\t\t\t\t\t<div class=\"et_pb_row et_pb_row_4 et_pb_gutters2\"><div class=\"et_pb_column et_pb_column_1_2 et_pb_column_7 et_pb_css_mix_blend_mode_passthrough et-last-child\"><div class=\"et_pb_module et_pb_text et_pb_text_7 et_pb_text_align_left et_pb_bg_layout_light\"><div class=\"et_pb_text_inner\"><div class=\"et_pb_column et_pb_column_1_2 et_pb_column_13 et_pb_css_mix_blend_mode_passthrough\"><div class=\"et_pb_module et_pb_text et_pb_text_15 et_pb_text_align_left et_pb_bg_layout_light\"><div class=\"et_pb_text_inner\"><p>Le choix du laser d\u00e9pendra du type de tache et de la profondeur de la pigmentation. <br \/>Deux types de laser peuvent \u00eatre utilis\u00e9s :<br \/>\u2022 Le laser d\u00e9pigmentant.<br \/>\u2022 Le laser ablatif.<br \/>Le m\u00e9canisme d\u2019action des lasers d\u00e9pigmentants est l\u2019emploi d\u2019un faisceau de lumi\u00e8re dont le temps de tir est tr\u00e8s court, de l&#8217;ordre de la nonoseconde, ce qui permet de fragmenter le pigment. <br \/>En fonction de la profondeur du pigment on utilise un laser KTP Qswitched (pigment \u00e9pidermique) ou Nd :Yag Qswitched (pigment dermique). <br \/>Une petite cro\u00fbte peut appara\u00eetre au niveau de la zone trait\u00e9e, le patient prendra soin de la graisser de fa\u00e7on quotidienne. Une ou plusieurs s\u00e9ances peuvent \u00eatre n\u00e9cessaires.<\/p><p>Le docteur Romano pr\u00e9f\u00e8re utiliser le laser ablatif. Le m\u00e9canisme d\u2019action de ce laser est la vaporisation du pigment. Ce traitement est plus compliqu\u00e9 \u00e0 r\u00e9aliser, mais permet de traiter tout type de pigmentation (le laser d\u00e9pigmentant n\u2019est pas indiqu\u00e9, par exemple, pour le traitement du m\u00e9lasma).<br \/>Le traitement par <a href=\"https:\/\/drromanovaleria.ch\/solutions\/lasers\/laser-co2-fraxel\/\">laser ablatif<\/a>, si correctement r\u00e9alis\u00e9, ne cause pas de pigmentation post-inflammatoires. En effet, m\u00eame si utilis\u00e9s pour enlever les taches, les lasers d\u00e9pigmentants peuvent causer une inflammation locale qui aggrave la pigmentation.<\/p><\/div><\/div><\/div><\/div><\/div><\/div><\/div>\t\t\t\t\t\t\t\t<\/div>\n\t\t\t\t<\/div>\n\t\t\t\t\t<\/div>\n\t\t\t\t<\/div>\n\t\t\t\t\t<\/div>\n\t\t\t\t<\/div>\n\t\t\t\t\t<\/div>\n\t\t\t\t<\/div>\n\t\t<div class=\"elementor-element elementor-element-2b87055 e-flex e-con-boxed e-con e-parent\" data-id=\"2b87055\" data-element_type=\"container\" data-e-type=\"container\" data-settings=\"{&quot;jet_parallax_layout_list&quot;:[]}\">\n\t\t\t\t\t<div class=\"e-con-inner\">\n\t\t\t\t<div class=\"elementor-element elementor-element-0a464a9 elementor-widget elementor-widget-heading\" data-id=\"0a464a9\" data-element_type=\"widget\" data-e-type=\"widget\" data-widget_type=\"heading.default\">\n\t\t\t\t<div class=\"elementor-widget-container\">\n\t\t\t\t\t<h2 class=\"elementor-heading-title elementor-size-default\">Comment \u00e9viter l\u2019apparition des taches pigmentaires ?<\/h2>\t\t\t\t<\/div>\n\t\t\t\t<\/div>\n\t\t\t\t<div class=\"elementor-element elementor-element-70354aa elementor-widget-divider--view-line elementor-widget elementor-widget-divider\" data-id=\"70354aa\" data-element_type=\"widget\" data-e-type=\"widget\" data-widget_type=\"divider.default\">\n\t\t\t\t<div class=\"elementor-widget-container\">\n\t\t\t\t\t\t\t<div class=\"elementor-divider\">\n\t\t\t<span class=\"elementor-divider-separator\">\n\t\t\t\t\t\t<\/span>\n\t\t<\/div>\n\t\t\t\t\t\t<\/div>\n\t\t\t\t<\/div>\n\t\t\t\t<div class=\"elementor-element elementor-element-fda9dd0 elementor-widget elementor-widget-text-editor\" data-id=\"fda9dd0\" data-element_type=\"widget\" data-e-type=\"widget\" data-widget_type=\"text-editor.default\">\n\t\t\t\t<div class=\"elementor-widget-container\">\n\t\t\t\t\t\t\t\t\t<p>Il est possible de pr\u00e9venir efficacement l&#8217;apparition des taches pigmentaires et de pr\u00e9server l\u2019\u00e9clat naturel de la peau en int\u00e9grant certains gestes au quotidien.<br \/>\u2022 Utiliser une protection solaire quotidienne : appliquer un \u00e9cran solaire \u00e0 large spectre (SPF 30 minimum) tous les jours est essentiel, m\u00eame par temps nuageux. Cela prot\u00e8ge la peau des effets des rayons UV, principaux responsables des taches pigmentaires.<br \/>\u2022 Choisir des soins riches en antioxydants : les cr\u00e8mes et s\u00e9rums contenant de la vitamine C, de la vitamine E ou de l&#8217;acide f\u00e9rulique aident \u00e0 neutraliser les radicaux libres qui endommagent la peau et stimulent la production de m\u00e9lanine.<br \/>\u2022 Hydrater la peau r\u00e9guli\u00e8rement : une bonne hydratation est essentielle pour maintenir la barri\u00e8re cutan\u00e9e en bonne sant\u00e9, limitant ainsi l&#8217;inflammation et les risques de pigmentation post-inflammatoire.<br \/>\u2022 Limiter les expositions au soleil : r\u00e9duire le temps d\u2019exposition solaire, en particulier entre 10h et 16h, et porter des chapeaux ou des v\u00eatements protecteurs limite le risque d\u2019apparition de taches brunes.<br \/>\u2022 Adopter des soins doux pour la peau : \u00e9viter les produits ou traitements agressifs, car les inflammations ou les irritations r\u00e9p\u00e9t\u00e9es peuvent conduire \u00e0 l\u2019apparition de pigmentations post-inflammatoires.<br \/>\u2022 Utiliser des actifs \u00e9claircissants en pr\u00e9vention : les actifs comme la vitamine C ou l&#8217;acide az\u00e9la\u00efque aident \u00e0 pr\u00e9venir les d\u00e9s\u00e9quilibres de m\u00e9lanine, ils uniformisent le teint et att\u00e9nuent les pigmentations d\u00e9butantes.<\/p>\t\t\t\t\t\t\t\t<\/div>\n\t\t\t\t<\/div>\n\t\t\t\t\t<\/div>\n\t\t\t\t<\/div>\n\t\t<div class=\"elementor-element elementor-element-944e56e e-flex e-con-boxed e-con e-parent\" data-id=\"944e56e\" data-element_type=\"container\" data-e-type=\"container\" data-settings=\"{&quot;jet_parallax_layout_list&quot;:[]}\">\n\t\t\t\t\t<div class=\"e-con-inner\">\n\t\t\t\t<div class=\"elementor-element elementor-element-f77ce0d elementor-widget elementor-widget-heading\" data-id=\"f77ce0d\" data-element_type=\"widget\" data-e-type=\"widget\" data-widget_type=\"heading.default\">\n\t\t\t\t<div class=\"elementor-widget-container\">\n\t\t\t\t\t<h2 class=\"elementor-heading-title elementor-size-default\">Quel est le prix pour traiter les taches du visage ?<\/h2>\t\t\t\t<\/div>\n\t\t\t\t<\/div>\n\t\t\t\t<div class=\"elementor-element elementor-element-f5d6352 elementor-widget-divider--view-line elementor-widget elementor-widget-divider\" data-id=\"f5d6352\" data-element_type=\"widget\" data-e-type=\"widget\" data-widget_type=\"divider.default\">\n\t\t\t\t<div class=\"elementor-widget-container\">\n\t\t\t\t\t\t\t<div class=\"elementor-divider\">\n\t\t\t<span class=\"elementor-divider-separator\">\n\t\t\t\t\t\t<\/span>\n\t\t<\/div>\n\t\t\t\t\t\t<\/div>\n\t\t\t\t<\/div>\n\t\t\t\t<div class=\"elementor-element elementor-element-0b8f15f elementor-widget elementor-widget-text-editor\" data-id=\"0b8f15f\" data-element_type=\"widget\" data-e-type=\"widget\" data-widget_type=\"text-editor.default\">\n\t\t\t\t<div class=\"elementor-widget-container\">\n\t\t\t\t\t\t\t\t\t<p>\u00c0 Gen\u00e8ve, les traitements m\u00e9dicaux destin\u00e9s \u00e0 att\u00e9nuer les taches pigmentaires sont propos\u00e9s \u00e0 partir de 300\u202fCHF la s\u00e9ance. Cette base tarifaire s\u2019applique quelle que soit la m\u00e9thode utilis\u00e9e, qu\u2019il s\u2019agisse d\u2019un laser ou d\u2019un peeling. Le choix de la technique d\u00e9pend de la profondeur et de l\u2019origine des pigmentations. Le co\u00fbt par session peut varier en fonction de l\u2019\u00e9tendue des zones \u00e0 traiter et de la r\u00e9ponse cutan\u00e9e observ\u00e9e.<br \/>Un devis est \u00e9tabli lors de la premi\u00e8re consultation au cours de laquelle le docteur Romano annonce les r\u00e9sultats possibles, le co\u00fbt de chaque s\u00e9ance et le nombre de s\u00e9ances n\u00e9cessaires.<\/p>\t\t\t\t\t\t\t\t<\/div>\n\t\t\t\t<\/div>\n\t\t\t\t\t<\/div>\n\t\t\t\t<\/div>\n\t\t<div class=\"elementor-element elementor-element-64d36e6 e-flex e-con-boxed e-con e-parent\" data-id=\"64d36e6\" data-element_type=\"container\" data-e-type=\"container\" data-settings=\"{&quot;jet_parallax_layout_list&quot;:[]}\">\n\t\t\t\t\t<div class=\"e-con-inner\">\n\t\t\t\t<div class=\"elementor-element elementor-element-8a2b20c elementor-widget elementor-widget-n-accordion\" data-id=\"8a2b20c\" data-element_type=\"widget\" data-e-type=\"widget\" data-settings=\"{&quot;default_state&quot;:&quot;expanded&quot;,&quot;max_items_expended&quot;:&quot;one&quot;,&quot;n_accordion_animation_duration&quot;:{&quot;unit&quot;:&quot;ms&quot;,&quot;size&quot;:400,&quot;sizes&quot;:[]}}\" data-widget_type=\"nested-accordion.default\">\n\t\t\t\t<div class=\"elementor-widget-container\">\n\t\t\t\t\t\t\t<div class=\"e-n-accordion\" aria-label=\"Accordion. Open links with Enter or Space, close with Escape, and navigate with Arrow Keys\">\n\t\t\t\t\t\t<details id=\"e-n-accordion-item-1440\" class=\"e-n-accordion-item\" open>\n\t\t\t\t<summary class=\"e-n-accordion-item-title\" data-accordion-index=\"1\" tabindex=\"0\" aria-expanded=\"true\" aria-controls=\"e-n-accordion-item-1440\" >\n\t\t\t\t\t<span class='e-n-accordion-item-title-header'><div class=\"e-n-accordion-item-title-text\"> Comment enlever les taches sur le visage en 3 jours naturellement ? <\/div><\/span>\n\t\t\t\t\t\t\t<span class='e-n-accordion-item-title-icon'>\n\t\t\t<span class='e-opened' ><svg aria-hidden=\"true\" class=\"e-font-icon-svg e-fas-minus\" viewBox=\"0 0 448 512\" xmlns=\"http:\/\/www.w3.org\/2000\/svg\"><path d=\"M416 208H32c-17.67 0-32 14.33-32 32v32c0 17.67 14.33 32 32 32h384c17.67 0 32-14.33 32-32v-32c0-17.67-14.33-32-32-32z\"><\/path><\/svg><\/span>\n\t\t\t<span class='e-closed'><svg aria-hidden=\"true\" class=\"e-font-icon-svg e-fas-plus\" viewBox=\"0 0 448 512\" xmlns=\"http:\/\/www.w3.org\/2000\/svg\"><path d=\"M416 208H272V64c0-17.67-14.33-32-32-32h-32c-17.67 0-32 14.33-32 32v144H32c-17.67 0-32 14.33-32 32v32c0 17.67 14.33 32 32 32h144v144c0 17.67 14.33 32 32 32h32c17.67 0 32-14.33 32-32V304h144c17.67 0 32-14.33 32-32v-32c0-17.67-14.33-32-32-32z\"><\/path><\/svg><\/span>\n\t\t<\/span>\n\n\t\t\t\t\t\t<\/summary>\n\t\t\t\t<div role=\"region\" aria-labelledby=\"e-n-accordion-item-1440\" class=\"elementor-element elementor-element-6faa530 e-con-full e-flex e-con e-child\" data-id=\"6faa530\" data-element_type=\"container\" data-e-type=\"container\" data-settings=\"{&quot;jet_parallax_layout_list&quot;:[]}\">\n\t\t\t\t<div class=\"elementor-element elementor-element-2f9cb39 elementor-widget elementor-widget-text-editor\" data-id=\"2f9cb39\" data-element_type=\"widget\" data-e-type=\"widget\" data-widget_type=\"text-editor.default\">\n\t\t\t\t<div class=\"elementor-widget-container\">\n\t\t\t\t\t\t\t\t\t<p>Il est impossible de faire dispara\u00eetre les taches pigmentaires en seulement 3 jours de mani\u00e8re naturelle. Cependant, certains soins peuvent les att\u00e9nuer : masque au citron (riche en vitamine C) pour \u00e9claircir la peau, \u00e0 appliquer avec pr\u00e9caution (et jamais avant une exposition solaire) ; gel d&#8217;aloe vera pour apaiser et r\u00e9g\u00e9n\u00e9rer la peau ; masques au miel et curcuma, aux propri\u00e9t\u00e9s \u00e9claircissantes.<br \/>Cependant, ces m\u00e9thodes offrent des r\u00e9sultats progressifs et n\u00e9cessitent une utilisation r\u00e9guli\u00e8re.<\/p>\t\t\t\t\t\t\t\t<\/div>\n\t\t\t\t<\/div>\n\t\t\t\t<\/div>\n\t\t\t\t\t<\/details>\n\t\t\t\t\t\t<details id=\"e-n-accordion-item-1441\" class=\"e-n-accordion-item\" >\n\t\t\t\t<summary class=\"e-n-accordion-item-title\" data-accordion-index=\"2\" tabindex=\"-1\" aria-expanded=\"false\" aria-controls=\"e-n-accordion-item-1441\" >\n\t\t\t\t\t<span class='e-n-accordion-item-title-header'><div class=\"e-n-accordion-item-title-text\"> Les taches pigmentaires sont-elles dangereuses pour la sant\u00e9 ? <\/div><\/span>\n\t\t\t\t\t\t\t<span class='e-n-accordion-item-title-icon'>\n\t\t\t<span class='e-opened' ><svg aria-hidden=\"true\" class=\"e-font-icon-svg e-fas-minus\" viewBox=\"0 0 448 512\" xmlns=\"http:\/\/www.w3.org\/2000\/svg\"><path d=\"M416 208H32c-17.67 0-32 14.33-32 32v32c0 17.67 14.33 32 32 32h384c17.67 0 32-14.33 32-32v-32c0-17.67-14.33-32-32-32z\"><\/path><\/svg><\/span>\n\t\t\t<span class='e-closed'><svg aria-hidden=\"true\" class=\"e-font-icon-svg e-fas-plus\" viewBox=\"0 0 448 512\" xmlns=\"http:\/\/www.w3.org\/2000\/svg\"><path d=\"M416 208H272V64c0-17.67-14.33-32-32-32h-32c-17.67 0-32 14.33-32 32v144H32c-17.67 0-32 14.33-32 32v32c0 17.67 14.33 32 32 32h144v144c0 17.67 14.33 32 32 32h32c17.67 0 32-14.33 32-32V304h144c17.67 0 32-14.33 32-32v-32c0-17.67-14.33-32-32-32z\"><\/path><\/svg><\/span>\n\t\t<\/span>\n\n\t\t\t\t\t\t<\/summary>\n\t\t\t\t<div role=\"region\" aria-labelledby=\"e-n-accordion-item-1441\" class=\"elementor-element elementor-element-c0a5ef0 e-con-full e-flex e-con e-child\" data-id=\"c0a5ef0\" data-element_type=\"container\" data-e-type=\"container\" data-settings=\"{&quot;jet_parallax_layout_list&quot;:[]}\">\n\t\t\t\t<div class=\"elementor-element elementor-element-31bfc5b elementor-widget elementor-widget-text-editor\" data-id=\"31bfc5b\" data-element_type=\"widget\" data-e-type=\"widget\" data-widget_type=\"text-editor.default\">\n\t\t\t\t<div class=\"elementor-widget-container\">\n\t\t\t\t\t\t\t\t\t<p>La majorit\u00e9 des taches pigmentaires, comme les lentigos solaires ou les taches de vieillesse, sont b\u00e9nignes et sans danger. Toutefois, si une tache change rapidement de forme, de taille ou de couleur, il est recommand\u00e9 de consulter un dermatologue pour \u00e9carter toute l\u00e9sion pr\u00e9canc\u00e9reuse.<\/p>\t\t\t\t\t\t\t\t<\/div>\n\t\t\t\t<\/div>\n\t\t\t\t<\/div>\n\t\t\t\t\t<\/details>\n\t\t\t\t\t\t<details id=\"e-n-accordion-item-1442\" class=\"e-n-accordion-item\" >\n\t\t\t\t<summary class=\"e-n-accordion-item-title\" data-accordion-index=\"3\" tabindex=\"-1\" aria-expanded=\"false\" aria-controls=\"e-n-accordion-item-1442\" >\n\t\t\t\t\t<span class='e-n-accordion-item-title-header'><div class=\"e-n-accordion-item-title-text\"> Quels sont les facteurs qui aggravent les taches pigmentaires ? <\/div><\/span>\n\t\t\t\t\t\t\t<span class='e-n-accordion-item-title-icon'>\n\t\t\t<span class='e-opened' ><svg aria-hidden=\"true\" class=\"e-font-icon-svg e-fas-minus\" viewBox=\"0 0 448 512\" xmlns=\"http:\/\/www.w3.org\/2000\/svg\"><path d=\"M416 208H32c-17.67 0-32 14.33-32 32v32c0 17.67 14.33 32 32 32h384c17.67 0 32-14.33 32-32v-32c0-17.67-14.33-32-32-32z\"><\/path><\/svg><\/span>\n\t\t\t<span class='e-closed'><svg aria-hidden=\"true\" class=\"e-font-icon-svg e-fas-plus\" viewBox=\"0 0 448 512\" xmlns=\"http:\/\/www.w3.org\/2000\/svg\"><path d=\"M416 208H272V64c0-17.67-14.33-32-32-32h-32c-17.67 0-32 14.33-32 32v144H32c-17.67 0-32 14.33-32 32v32c0 17.67 14.33 32 32 32h144v144c0 17.67 14.33 32 32 32h32c17.67 0 32-14.33 32-32V304h144c17.67 0 32-14.33 32-32v-32c0-17.67-14.33-32-32-32z\"><\/path><\/svg><\/span>\n\t\t<\/span>\n\n\t\t\t\t\t\t<\/summary>\n\t\t\t\t<div role=\"region\" aria-labelledby=\"e-n-accordion-item-1442\" class=\"elementor-element elementor-element-9818e4d e-con-full e-flex e-con e-child\" data-id=\"9818e4d\" data-element_type=\"container\" data-e-type=\"container\" data-settings=\"{&quot;jet_parallax_layout_list&quot;:[]}\">\n\t\t\t\t<div class=\"elementor-element elementor-element-4ab797c elementor-widget elementor-widget-text-editor\" data-id=\"4ab797c\" data-element_type=\"widget\" data-e-type=\"widget\" data-widget_type=\"text-editor.default\">\n\t\t\t\t<div class=\"elementor-widget-container\">\n\t\t\t\t\t\t\t\t\t<p>Les principaux facteurs sont : l\u2019exposition excessive au soleil sans protection ; les changements hormonaux (grossesse, contraception) ; certains m\u00e9dicaments photosensibilisants ; le vieillissement naturel de la peau ; le manque de soins adapt\u00e9s, comme l&#8217;absence de protection solaire.<\/p>\t\t\t\t\t\t\t\t<\/div>\n\t\t\t\t<\/div>\n\t\t\t\t<\/div>\n\t\t\t\t\t<\/details>\n\t\t\t\t\t\t<details id=\"e-n-accordion-item-1443\" class=\"e-n-accordion-item\" >\n\t\t\t\t<summary class=\"e-n-accordion-item-title\" data-accordion-index=\"4\" tabindex=\"-1\" aria-expanded=\"false\" aria-controls=\"e-n-accordion-item-1443\" >\n\t\t\t\t\t<span class='e-n-accordion-item-title-header'><div class=\"e-n-accordion-item-title-text\"> Les taches pigmentaires peuvent-elles r\u00e9appara\u00eetre apr\u00e8s un traitement ? <\/div><\/span>\n\t\t\t\t\t\t\t<span class='e-n-accordion-item-title-icon'>\n\t\t\t<span class='e-opened' ><svg aria-hidden=\"true\" class=\"e-font-icon-svg e-fas-minus\" viewBox=\"0 0 448 512\" xmlns=\"http:\/\/www.w3.org\/2000\/svg\"><path d=\"M416 208H32c-17.67 0-32 14.33-32 32v32c0 17.67 14.33 32 32 32h384c17.67 0 32-14.33 32-32v-32c0-17.67-14.33-32-32-32z\"><\/path><\/svg><\/span>\n\t\t\t<span class='e-closed'><svg aria-hidden=\"true\" class=\"e-font-icon-svg e-fas-plus\" viewBox=\"0 0 448 512\" xmlns=\"http:\/\/www.w3.org\/2000\/svg\"><path d=\"M416 208H272V64c0-17.67-14.33-32-32-32h-32c-17.67 0-32 14.33-32 32v144H32c-17.67 0-32 14.33-32 32v32c0 17.67 14.33 32 32 32h144v144c0 17.67 14.33 32 32 32h32c17.67 0 32-14.33 32-32V304h144c17.67 0 32-14.33 32-32v-32c0-17.67-14.33-32-32-32z\"><\/path><\/svg><\/span>\n\t\t<\/span>\n\n\t\t\t\t\t\t<\/summary>\n\t\t\t\t<div role=\"region\" aria-labelledby=\"e-n-accordion-item-1443\" class=\"elementor-element elementor-element-ff3d685 e-con-full e-flex e-con e-child\" data-id=\"ff3d685\" data-element_type=\"container\" data-e-type=\"container\" data-settings=\"{&quot;jet_parallax_layout_list&quot;:[]}\">\n\t\t\t\t<div class=\"elementor-element elementor-element-5bb701d elementor-widget elementor-widget-text-editor\" data-id=\"5bb701d\" data-element_type=\"widget\" data-e-type=\"widget\" data-widget_type=\"text-editor.default\">\n\t\t\t\t<div class=\"elementor-widget-container\">\n\t\t\t\t\t\t\t\t\t<p>Oui, les taches pigmentaires peuvent r\u00e9appara\u00eetre, surtout si la protection solaire n&#8217;est pas rigoureuse. Apr\u00e8s un traitement, comme un peeling ou un laser, il est essentiel d\u2019adopter une routine de soins adapt\u00e9e et de limiter l\u2019exposition au soleil pour pr\u00e9venir la r\u00e9cidive.<\/p>\t\t\t\t\t\t\t\t<\/div>\n\t\t\t\t<\/div>\n\t\t\t\t<\/div>\n\t\t\t\t\t<\/details>\n\t\t\t\t\t\t<details id=\"e-n-accordion-item-1444\" class=\"e-n-accordion-item\" >\n\t\t\t\t<summary class=\"e-n-accordion-item-title\" data-accordion-index=\"5\" tabindex=\"-1\" aria-expanded=\"false\" aria-controls=\"e-n-accordion-item-1444\" >\n\t\t\t\t\t<span class='e-n-accordion-item-title-header'><div class=\"e-n-accordion-item-title-text\"> Les taches pigmentaires peuvent-elles \u00e9voluer en cancer de la peau ? <\/div><\/span>\n\t\t\t\t\t\t\t<span class='e-n-accordion-item-title-icon'>\n\t\t\t<span class='e-opened' ><svg aria-hidden=\"true\" class=\"e-font-icon-svg e-fas-minus\" viewBox=\"0 0 448 512\" xmlns=\"http:\/\/www.w3.org\/2000\/svg\"><path d=\"M416 208H32c-17.67 0-32 14.33-32 32v32c0 17.67 14.33 32 32 32h384c17.67 0 32-14.33 32-32v-32c0-17.67-14.33-32-32-32z\"><\/path><\/svg><\/span>\n\t\t\t<span class='e-closed'><svg aria-hidden=\"true\" class=\"e-font-icon-svg e-fas-plus\" viewBox=\"0 0 448 512\" xmlns=\"http:\/\/www.w3.org\/2000\/svg\"><path d=\"M416 208H272V64c0-17.67-14.33-32-32-32h-32c-17.67 0-32 14.33-32 32v144H32c-17.67 0-32 14.33-32 32v32c0 17.67 14.33 32 32 32h144v144c0 17.67 14.33 32 32 32h32c17.67 0 32-14.33 32-32V304h144c17.67 0 32-14.33 32-32v-32c0-17.67-14.33-32-32-32z\"><\/path><\/svg><\/span>\n\t\t<\/span>\n\n\t\t\t\t\t\t<\/summary>\n\t\t\t\t<div role=\"region\" aria-labelledby=\"e-n-accordion-item-1444\" class=\"elementor-element elementor-element-7bbfec3 e-con-full e-flex e-con e-child\" data-id=\"7bbfec3\" data-element_type=\"container\" data-e-type=\"container\" data-settings=\"{&quot;jet_parallax_layout_list&quot;:[]}\">\n\t\t\t\t<div class=\"elementor-element elementor-element-36f3673 elementor-widget elementor-widget-text-editor\" data-id=\"36f3673\" data-element_type=\"widget\" data-e-type=\"widget\" data-widget_type=\"text-editor.default\">\n\t\t\t\t<div class=\"elementor-widget-container\">\n\t\t\t\t\t\t\t\t\t<p>Les taches pigmentaires courantes, comme les lentigos solaires, sont b\u00e9nignes et ne se transforment pas en cancer. Cependant, une surveillance r\u00e9guli\u00e8re est essentielle, car certaines l\u00e9sions cutan\u00e9es pr\u00e9canc\u00e9reuses peuvent ressembler \u00e0 des taches. En cas de doute, une consultation dermatologique est recommand\u00e9e.<\/p>\t\t\t\t\t\t\t\t<\/div>\n\t\t\t\t<\/div>\n\t\t\t\t<\/div>\n\t\t\t\t\t<\/details>\n\t\t\t\t\t\t<details id=\"e-n-accordion-item-1445\" class=\"e-n-accordion-item\" >\n\t\t\t\t<summary class=\"e-n-accordion-item-title\" data-accordion-index=\"6\" tabindex=\"-1\" aria-expanded=\"false\" aria-controls=\"e-n-accordion-item-1445\" >\n\t\t\t\t\t<span class='e-n-accordion-item-title-header'><div class=\"e-n-accordion-item-title-text\"> Quelle est la diff\u00e9rence entre une tache pigmentaire et un grain de beaut\u00e9 ? <\/div><\/span>\n\t\t\t\t\t\t\t<span class='e-n-accordion-item-title-icon'>\n\t\t\t<span class='e-opened' ><svg aria-hidden=\"true\" class=\"e-font-icon-svg e-fas-minus\" viewBox=\"0 0 448 512\" xmlns=\"http:\/\/www.w3.org\/2000\/svg\"><path d=\"M416 208H32c-17.67 0-32 14.33-32 32v32c0 17.67 14.33 32 32 32h384c17.67 0 32-14.33 32-32v-32c0-17.67-14.33-32-32-32z\"><\/path><\/svg><\/span>\n\t\t\t<span class='e-closed'><svg aria-hidden=\"true\" class=\"e-font-icon-svg e-fas-plus\" viewBox=\"0 0 448 512\" xmlns=\"http:\/\/www.w3.org\/2000\/svg\"><path d=\"M416 208H272V64c0-17.67-14.33-32-32-32h-32c-17.67 0-32 14.33-32 32v144H32c-17.67 0-32 14.33-32 32v32c0 17.67 14.33 32 32 32h144v144c0 17.67 14.33 32 32 32h32c17.67 0 32-14.33 32-32V304h144c17.67 0 32-14.33 32-32v-32c0-17.67-14.33-32-32-32z\"><\/path><\/svg><\/span>\n\t\t<\/span>\n\n\t\t\t\t\t\t<\/summary>\n\t\t\t\t<div role=\"region\" aria-labelledby=\"e-n-accordion-item-1445\" class=\"elementor-element elementor-element-e8ad72d e-con-full e-flex e-con e-child\" data-id=\"e8ad72d\" data-element_type=\"container\" data-e-type=\"container\" data-settings=\"{&quot;jet_parallax_layout_list&quot;:[]}\">\n\t\t\t\t<div class=\"elementor-element elementor-element-28749fb elementor-widget elementor-widget-text-editor\" data-id=\"28749fb\" data-element_type=\"widget\" data-e-type=\"widget\" data-widget_type=\"text-editor.default\">\n\t\t\t\t<div class=\"elementor-widget-container\">\n\t\t\t\t\t\t\t\t\t<p>Les taches pigmentaires sont des d\u00e9p\u00f4ts de m\u00e9lanine, souvent plates et li\u00e9es au soleil ou \u00e0 l\u2019\u00e2ge. Les grains de beaut\u00e9 (ou n\u00e6vus) sont des amas de cellules pigmentaires qui peuvent \u00eatre plats ou en relief, de couleur uniforme, et apparaissent d\u00e8s l&#8217;enfance ou \u00e0 l&#8217;adolescence. Tout changement suspect d\u2019un grain de beaut\u00e9 n\u00e9cessite un avis m\u00e9dical.<\/p>\t\t\t\t\t\t\t\t<\/div>\n\t\t\t\t<\/div>\n\t\t\t\t<\/div>\n\t\t\t\t\t<\/details>\n\t\t\t\t\t<\/div>\n\t\t\t\t\t<script type=\"application\/ld+json\">{\"@context\":\"https:\\\/\\\/schema.org\",\"@type\":\"FAQPage\",\"mainEntity\":[{\"@type\":\"Question\",\"name\":\"Comment enlever les taches sur le visage en 3 jours naturellement ?\",\"acceptedAnswer\":{\"@type\":\"Answer\",\"text\":\"Il est impossible de faire dispara\\u00eetre les taches pigmentaires en seulement 3 jours de mani\\u00e8re naturelle. Cependant, certains soins peuvent les att\\u00e9nuer : masque au citron (riche en vitamine C) pour \\u00e9claircir la peau, \\u00e0 appliquer avec pr\\u00e9caution (et jamais avant une exposition solaire) ; gel d&#8217;aloe vera pour apaiser et r\\u00e9g\\u00e9n\\u00e9rer la peau ; masques au miel et curcuma, aux propri\\u00e9t\\u00e9s \\u00e9claircissantes.Cependant, ces m\\u00e9thodes offrent des r\\u00e9sultats progressifs et n\\u00e9cessitent une utilisation r\\u00e9guli\\u00e8re.\"}},{\"@type\":\"Question\",\"name\":\"Les taches pigmentaires sont-elles dangereuses pour la sant\\u00e9 ?\",\"acceptedAnswer\":{\"@type\":\"Answer\",\"text\":\"La majorit\\u00e9 des taches pigmentaires, comme les lentigos solaires ou les taches de vieillesse, sont b\\u00e9nignes et sans danger. Toutefois, si une tache change rapidement de forme, de taille ou de couleur, il est recommand\\u00e9 de consulter un dermatologue pour \\u00e9carter toute l\\u00e9sion pr\\u00e9canc\\u00e9reuse.\"}},{\"@type\":\"Question\",\"name\":\"Quels sont les facteurs qui aggravent les taches pigmentaires ?\",\"acceptedAnswer\":{\"@type\":\"Answer\",\"text\":\"Les principaux facteurs sont : l\\u2019exposition excessive au soleil sans protection ; les changements hormonaux (grossesse, contraception) ; certains m\\u00e9dicaments photosensibilisants ; le vieillissement naturel de la peau ; le manque de soins adapt\\u00e9s, comme l&#8217;absence de protection solaire.\"}},{\"@type\":\"Question\",\"name\":\"Les taches pigmentaires peuvent-elles r\\u00e9appara\\u00eetre apr\\u00e8s un traitement ?\",\"acceptedAnswer\":{\"@type\":\"Answer\",\"text\":\"Oui, les taches pigmentaires peuvent r\\u00e9appara\\u00eetre, surtout si la protection solaire n&#8217;est pas rigoureuse. Apr\\u00e8s un traitement, comme un peeling ou un laser, il est essentiel d\\u2019adopter une routine de soins adapt\\u00e9e et de limiter l\\u2019exposition au soleil pour pr\\u00e9venir la r\\u00e9cidive.\"}},{\"@type\":\"Question\",\"name\":\"Les taches pigmentaires peuvent-elles \\u00e9voluer en cancer de la peau ?\",\"acceptedAnswer\":{\"@type\":\"Answer\",\"text\":\"Les taches pigmentaires courantes, comme les lentigos solaires, sont b\\u00e9nignes et ne se transforment pas en cancer. Cependant, une surveillance r\\u00e9guli\\u00e8re est essentielle, car certaines l\\u00e9sions cutan\\u00e9es pr\\u00e9canc\\u00e9reuses peuvent ressembler \\u00e0 des taches. En cas de doute, une consultation dermatologique est recommand\\u00e9e.\"}},{\"@type\":\"Question\",\"name\":\"Quelle est la diff\\u00e9rence entre une tache pigmentaire et un grain de beaut\\u00e9 ?\",\"acceptedAnswer\":{\"@type\":\"Answer\",\"text\":\"Les taches pigmentaires sont des d\\u00e9p\\u00f4ts de m\\u00e9lanine, souvent plates et li\\u00e9es au soleil ou \\u00e0 l\\u2019\\u00e2ge. Les grains de beaut\\u00e9 (ou n\\u00e6vus) sont des amas de cellules pigmentaires qui peuvent \\u00eatre plats ou en relief, de couleur uniforme, et apparaissent d\\u00e8s l&#8217;enfance ou \\u00e0 l&#8217;adolescence. Tout changement suspect d\\u2019un grain de beaut\\u00e9 n\\u00e9cessite un avis m\\u00e9dical.\"}}]}<\/script>\n\t\t\t\t\t\t\t<\/div>\n\t\t\t\t<\/div>\n\t\t\t\t\t<\/div>\n\t\t\t\t<\/div>\n\t\t<div class=\"elementor-element elementor-element-fdca447 e-con-full e-flex e-con e-parent\" data-id=\"fdca447\" data-element_type=\"container\" data-e-type=\"container\" data-settings=\"{&quot;jet_parallax_layout_list&quot;:[]}\">\n\t\t\t\t<div class=\"elementor-element elementor-element-37a3dc7 elementor-widget-divider--view-line elementor-widget elementor-widget-divider\" data-id=\"37a3dc7\" data-element_type=\"widget\" data-e-type=\"widget\" data-widget_type=\"divider.default\">\n\t\t\t\t<div class=\"elementor-widget-container\">\n\t\t\t\t\t\t\t<div class=\"elementor-divider\">\n\t\t\t<span class=\"elementor-divider-separator\">\n\t\t\t\t\t\t<\/span>\n\t\t<\/div>\n\t\t\t\t\t\t<\/div>\n\t\t\t\t<\/div>\n\t\t\t\t<div class=\"elementor-element elementor-element-1abee5a elementor-widget elementor-widget-heading\" data-id=\"1abee5a\" data-element_type=\"widget\" data-e-type=\"widget\" data-widget_type=\"heading.default\">\n\t\t\t\t<div class=\"elementor-widget-container\">\n\t\t\t\t\t<h2 class=\"elementor-heading-title elementor-size-default\">Autres Zones \u00c0  Traiter<\/h2>\t\t\t\t<\/div>\n\t\t\t\t<\/div>\n\t\t\t\t<div class=\"elementor-element elementor-element-9923d16 elementor-widget-divider--view-line elementor-widget elementor-widget-divider\" data-id=\"9923d16\" data-element_type=\"widget\" data-e-type=\"widget\" data-widget_type=\"divider.default\">\n\t\t\t\t<div class=\"elementor-widget-container\">\n\t\t\t\t\t\t\t<div class=\"elementor-divider\">\n\t\t\t<span class=\"elementor-divider-separator\">\n\t\t\t\t\t\t<\/span>\n\t\t<\/div>\n\t\t\t\t\t\t<\/div>\n\t\t\t\t<\/div>\n\t\t<div class=\"elementor-element elementor-element-73e4e1e e-con-full e-flex e-con e-child\" data-id=\"73e4e1e\" data-element_type=\"container\" data-e-type=\"container\" data-settings=\"{&quot;jet_parallax_layout_list&quot;:[]}\">\n\t\t<div class=\"elementor-element elementor-element-8b9b0ec e-flex e-con-boxed e-con e-child\" data-id=\"8b9b0ec\" data-element_type=\"container\" data-e-type=\"container\" data-settings=\"{&quot;background_background&quot;:&quot;classic&quot;,&quot;jet_parallax_layout_list&quot;:[]}\">\n\t\t\t\t\t<div class=\"e-con-inner\">\n\t\t\t\t<div class=\"elementor-element elementor-element-9d25a2c elementor-widget elementor-widget-heading\" data-id=\"9d25a2c\" data-element_type=\"widget\" data-e-type=\"widget\" data-widget_type=\"heading.default\">\n\t\t\t\t<div class=\"elementor-widget-container\">\n\t\t\t\t\t<h2 class=\"elementor-heading-title elementor-size-default\"><a href=\"https:\/\/drromanovaleria.ch\/besoins\/peau-et-cheveux\/alopecie\/\">Alop\u00e9cie<\/a><\/h2>\t\t\t\t<\/div>\n\t\t\t\t<\/div>\n\t\t\t\t\t<\/div>\n\t\t\t\t<\/div>\n\t\t<div class=\"elementor-element elementor-element-e084f5e e-flex e-con-boxed e-con e-child\" data-id=\"e084f5e\" data-element_type=\"container\" data-e-type=\"container\" data-settings=\"{&quot;background_background&quot;:&quot;classic&quot;,&quot;jet_parallax_layout_list&quot;:[]}\">\n\t\t\t\t\t<div class=\"e-con-inner\">\n\t\t\t\t<div class=\"elementor-element elementor-element-ba36278 elementor-widget elementor-widget-heading\" data-id=\"ba36278\" data-element_type=\"widget\" data-e-type=\"widget\" data-widget_type=\"heading.default\">\n\t\t\t\t<div class=\"elementor-widget-container\">\n\t\t\t\t\t<h2 class=\"elementor-heading-title elementor-size-default\"><a href=\"https:\/\/drromanovaleria.ch\/besoins\/peau-et-cheveux\/red-carpet\/\">Red Carpet<\/a><\/h2>\t\t\t\t<\/div>\n\t\t\t\t<\/div>\n\t\t\t\t\t<\/div>\n\t\t\t\t<\/div>\n\t\t<div class=\"elementor-element elementor-element-539fe21 e-flex e-con-boxed e-con e-child\" data-id=\"539fe21\" data-element_type=\"container\" data-e-type=\"container\" data-settings=\"{&quot;background_background&quot;:&quot;classic&quot;,&quot;jet_parallax_layout_list&quot;:[]}\">\n\t\t\t\t\t<div class=\"e-con-inner\">\n\t\t\t\t<div class=\"elementor-element elementor-element-6c93090 elementor-widget elementor-widget-heading\" data-id=\"6c93090\" data-element_type=\"widget\" data-e-type=\"widget\" data-widget_type=\"heading.default\">\n\t\t\t\t<div class=\"elementor-widget-container\">\n\t\t\t\t\t<h2 class=\"elementor-heading-title elementor-size-default\"><a href=\"https:\/\/drromanovaleria.ch\/besoins\/peau-et-cheveux\/skin-prevent\/\">Skin Prevent<\/a><\/h2>\t\t\t\t<\/div>\n\t\t\t\t<\/div>\n\t\t\t\t\t<\/div>\n\t\t\t\t<\/div>\n\t\t<div class=\"elementor-element elementor-element-ebcc51a e-flex e-con-boxed e-con e-child\" data-id=\"ebcc51a\" data-element_type=\"container\" data-e-type=\"container\" data-settings=\"{&quot;background_background&quot;:&quot;classic&quot;,&quot;jet_parallax_layout_list&quot;:[]}\">\n\t\t\t\t\t<div class=\"e-con-inner\">\n\t\t\t\t<div class=\"elementor-element elementor-element-6a33c1d elementor-widget elementor-widget-heading\" data-id=\"6a33c1d\" data-element_type=\"widget\" data-e-type=\"widget\" data-widget_type=\"heading.default\">\n\t\t\t\t<div class=\"elementor-widget-container\">\n\t\t\t\t\t<h2 class=\"elementor-heading-title elementor-size-default\"><a href=\"https:\/\/drromanovaleria.ch\/besoins\/peau-et-cheveux\/skin-restore\/\">Skin Restore<\/a><\/h2>\t\t\t\t<\/div>\n\t\t\t\t<\/div>\n\t\t\t\t\t<\/div>\n\t\t\t\t<\/div>\n\t\t<div class=\"elementor-element elementor-element-f09532e e-flex e-con-boxed e-con e-child\" data-id=\"f09532e\" data-element_type=\"container\" data-e-type=\"container\" data-settings=\"{&quot;background_background&quot;:&quot;classic&quot;,&quot;jet_parallax_layout_list&quot;:[]}\">\n\t\t\t\t\t<div class=\"e-con-inner\">\n\t\t\t\t<div class=\"elementor-element elementor-element-3daf754 elementor-widget elementor-widget-heading\" data-id=\"3daf754\" data-element_type=\"widget\" data-e-type=\"widget\" data-widget_type=\"heading.default\">\n\t\t\t\t<div class=\"elementor-widget-container\">\n\t\t\t\t\t<h2 class=\"elementor-heading-title elementor-size-default\"><a href=\"https:\/\/drromanovaleria.ch\/besoins\/peau-et-cheveux\/skin-training\/\">Skin Training<\/a><\/h2>\t\t\t\t<\/div>\n\t\t\t\t<\/div>\n\t\t\t\t\t<\/div>\n\t\t\t\t<\/div>\n\t\t<div class=\"elementor-element elementor-element-67e1a95 e-con-full e-flex e-con e-child\" data-id=\"67e1a95\" data-element_type=\"container\" data-e-type=\"container\" data-settings=\"{&quot;background_background&quot;:&quot;classic&quot;,&quot;jet_parallax_layout_list&quot;:[]}\">\n\t\t\t\t<div class=\"elementor-element elementor-element-403f8e3 elementor-widget elementor-widget-heading\" data-id=\"403f8e3\" data-element_type=\"widget\" data-e-type=\"widget\" data-widget_type=\"heading.default\">\n\t\t\t\t<div class=\"elementor-widget-container\">\n\t\t\t\t\t<h2 class=\"elementor-heading-title elementor-size-default\"><a href=\"https:\/\/drromanovaleria.ch\/beaute-asiatique\/peau-deesse-coreenne\/\">Peau de d\u00e9esse cor\u00e9enne<\/a><\/h2>\t\t\t\t<\/div>\n\t\t\t\t<\/div>\n\t\t\t\t<\/div>\n\t\t<div class=\"elementor-element elementor-element-fede15b e-con-full e-flex e-con e-child\" data-id=\"fede15b\" data-element_type=\"container\" data-e-type=\"container\" data-settings=\"{&quot;background_background&quot;:&quot;classic&quot;,&quot;jet_parallax_layout_list&quot;:[]}\">\n\t\t\t\t<div class=\"elementor-element elementor-element-a932aa2 elementor-widget elementor-widget-heading\" data-id=\"a932aa2\" data-element_type=\"widget\" data-e-type=\"widget\" data-widget_type=\"heading.default\">\n\t\t\t\t<div class=\"elementor-widget-container\">\n\t\t\t\t\t<h2 class=\"elementor-heading-title elementor-size-default\"><a href=\"https:\/\/drromanovaleria.ch\/besoins\/peau-et-cheveux\/xanthelasma\/\">Xanthelasma<\/a><\/h2>\t\t\t\t<\/div>\n\t\t\t\t<\/div>\n\t\t\t\t<\/div>\n\t\t\t\t<\/div>\n\t\t\t\t<\/div>\n\t\t<div class=\"elementor-element elementor-element-812b4c5 e-con-full e-flex e-con e-parent\" data-id=\"812b4c5\" data-element_type=\"container\" data-e-type=\"container\" data-settings=\"{&quot;jet_parallax_layout_list&quot;:[]}\">\n\t\t<div class=\"elementor-element elementor-element-bf8e927 e-con-full e-flex e-con e-child\" data-id=\"bf8e927\" data-element_type=\"container\" data-e-type=\"container\" data-settings=\"{&quot;jet_parallax_layout_list&quot;:[]}\">\n\t\t<div class=\"elementor-element elementor-element-85e5eb7 e-flex e-con-boxed e-con e-child\" data-id=\"85e5eb7\" data-element_type=\"container\" data-e-type=\"container\" data-settings=\"{&quot;background_background&quot;:&quot;classic&quot;,&quot;jet_parallax_layout_list&quot;:[]}\">\n\t\t\t\t\t<div class=\"e-con-inner\">\n\t\t\t\t<div class=\"elementor-element elementor-element-6a4b34a elementor-widget elementor-widget-heading\" data-id=\"6a4b34a\" data-element_type=\"widget\" data-e-type=\"widget\" data-widget_type=\"heading.default\">\n\t\t\t\t<div class=\"elementor-widget-container\">\n\t\t\t\t\t<h2 class=\"elementor-heading-title elementor-size-default\"><a href=\"https:\/\/drromanovaleria.ch\/besoins\/peau-et-cheveux\/cicatrices\/\">Cicatrices<\/a><\/h2>\t\t\t\t<\/div>\n\t\t\t\t<\/div>\n\t\t\t\t\t<\/div>\n\t\t\t\t<\/div>\n\t\t<div class=\"elementor-element elementor-element-80de72d e-flex e-con-boxed e-con e-child\" data-id=\"80de72d\" data-element_type=\"container\" data-e-type=\"container\" data-settings=\"{&quot;background_background&quot;:&quot;classic&quot;,&quot;jet_parallax_layout_list&quot;:[]}\">\n\t\t\t\t\t<div class=\"e-con-inner\">\n\t\t\t\t<div class=\"elementor-element elementor-element-f523f23 elementor-widget elementor-widget-heading\" data-id=\"f523f23\" data-element_type=\"widget\" data-e-type=\"widget\" data-widget_type=\"heading.default\">\n\t\t\t\t<div class=\"elementor-widget-container\">\n\t\t\t\t\t<h2 class=\"elementor-heading-title elementor-size-default\"><a href=\"https:\/\/drromanovaleria.ch\/besoins\/peau-et-cheveux\/vergetures\/\">Vergetures<\/a><\/h2>\t\t\t\t<\/div>\n\t\t\t\t<\/div>\n\t\t\t\t\t<\/div>\n\t\t\t\t<\/div>\n\t\t<div class=\"elementor-element elementor-element-f37e570 e-flex e-con-boxed e-con e-child\" data-id=\"f37e570\" data-element_type=\"container\" data-e-type=\"container\" data-settings=\"{&quot;background_background&quot;:&quot;classic&quot;,&quot;jet_parallax_layout_list&quot;:[]}\">\n\t\t\t\t\t<div class=\"e-con-inner\">\n\t\t\t\t<div class=\"elementor-element elementor-element-685b48d elementor-widget elementor-widget-heading\" data-id=\"685b48d\" data-element_type=\"widget\" data-e-type=\"widget\" data-widget_type=\"heading.default\">\n\t\t\t\t<div class=\"elementor-widget-container\">\n\t\t\t\t\t<h2 class=\"elementor-heading-title elementor-size-default\"><a href=\"https:\/\/drromanovaleria.ch\/besoins\/peau-et-cheveux\/coup-eclat-visage\/\">Coup d'\u00e9clat<\/a><\/h2>\t\t\t\t<\/div>\n\t\t\t\t<\/div>\n\t\t\t\t\t<\/div>\n\t\t\t\t<\/div>\n\t\t<div class=\"elementor-element elementor-element-e53aeef e-flex e-con-boxed e-con e-child\" data-id=\"e53aeef\" data-element_type=\"container\" data-e-type=\"container\" data-settings=\"{&quot;background_background&quot;:&quot;classic&quot;,&quot;jet_parallax_layout_list&quot;:[]}\">\n\t\t\t\t\t<div class=\"e-con-inner\">\n\t\t\t\t<div class=\"elementor-element elementor-element-2b1d854 elementor-widget elementor-widget-heading\" data-id=\"2b1d854\" data-element_type=\"widget\" data-e-type=\"widget\" data-widget_type=\"heading.default\">\n\t\t\t\t<div class=\"elementor-widget-container\">\n\t\t\t\t\t<h2 class=\"elementor-heading-title elementor-size-default\"><a href=\"https:\/\/drromanovaleria.ch\/besoins\/peau-et-cheveux\/taches-de-rousseur\/\">Taches de rousseur<\/a><\/h2>\t\t\t\t<\/div>\n\t\t\t\t<\/div>\n\t\t\t\t\t<\/div>\n\t\t\t\t<\/div>\n\t\t<div class=\"elementor-element elementor-element-5e840f2 e-flex e-con-boxed e-con e-child\" data-id=\"5e840f2\" data-element_type=\"container\" data-e-type=\"container\" data-settings=\"{&quot;background_background&quot;:&quot;classic&quot;,&quot;jet_parallax_layout_list&quot;:[]}\">\n\t\t\t\t\t<div class=\"e-con-inner\">\n\t\t\t\t<div class=\"elementor-element elementor-element-32c6ba8 elementor-widget elementor-widget-heading\" data-id=\"32c6ba8\" data-element_type=\"widget\" data-e-type=\"widget\" data-widget_type=\"heading.default\">\n\t\t\t\t<div class=\"elementor-widget-container\">\n\t\t\t\t\t<h2 class=\"elementor-heading-title elementor-size-default\"><a href=\"https:\/\/drromanovaleria.ch\/besoins\/peau-et-cheveux\/melasma\/\">M\u00e9lasma<\/a><\/h2>\t\t\t\t<\/div>\n\t\t\t\t<\/div>\n\t\t\t\t\t<\/div>\n\t\t\t\t<\/div>\n\t\t<div class=\"elementor-element elementor-element-9cfe7de e-con-full e-flex e-con e-child\" data-id=\"9cfe7de\" data-element_type=\"container\" data-e-type=\"container\" data-settings=\"{&quot;background_background&quot;:&quot;classic&quot;,&quot;jet_parallax_layout_list&quot;:[]}\">\n\t\t\t\t<div class=\"elementor-element elementor-element-e1f8be9 elementor-widget elementor-widget-heading\" data-id=\"e1f8be9\" data-element_type=\"widget\" data-e-type=\"widget\" data-widget_type=\"heading.default\">\n\t\t\t\t<div class=\"elementor-widget-container\">\n\t\t\t\t\t<h2 class=\"elementor-heading-title elementor-size-default\"><a href=\"https:\/\/drromanovaleria.ch\/besoins\/peau-et-cheveux\/taches-de-soleil\/\">Taches de soleil<\/a><\/h2>\t\t\t\t<\/div>\n\t\t\t\t<\/div>\n\t\t\t\t<\/div>\n\t\t\t\t<\/div>\n\t\t\t\t<\/div>\n\t\t\t\t<\/div>\n\t\t","protected":false},"excerpt":{"rendered":"<p>TRAITEMENT DES TACHES BRUNES SUR LA PEAU Qu&#8217;est-ce que les taches brunes ? La pigmentation de la peau est un processus naturel d\u00e9termin\u00e9 par la m\u00e9lanine, un pigment produit par des cellules appel\u00e9es m\u00e9lanocytes. La production de m\u00e9lanine est influenc\u00e9e par divers facteurs. Des dysfonctionnements dans ce processus peuvent provoquer l\u2019apparition de taches pigmentaires, qui [&hellip;]<\/p>\n","protected":false},"author":2,"featured_media":0,"parent":168,"menu_order":0,"comment_status":"closed","ping_status":"closed","template":"elementor_header_footer","meta":{"footnotes":""},"class_list":["post-19363","page","type-page","status-publish","hentry"],"yoast_head":"<!-- This site is optimized with the Yoast SEO plugin v27.5 - https:\/\/yoast.com\/product\/yoast-seo-wordpress\/ -->\n<title>Traitement des taches pigmentaires par IPL \u00e0 Gen\u00e8ve - Dr Romano<\/title>\n<meta name=\"description\" content=\"\u00c9liminez les taches du visage avec des traitements laser de pointe \u00e0 Gen\u00e8ve. Retrouvez un teint uniforme et \u00e9clatant gr\u00e2ce \u00e0 des solutions efficaces et personnalis\u00e9es. Explications du dr Romano, m\u00e9decin \u00e0 Gen\u00e8ve\" \/>\n<meta name=\"robots\" content=\"index, follow, max-snippet:-1, max-image-preview:large, max-video-preview:-1\" \/>\n<link rel=\"canonical\" href=\"https:\/\/drromanovaleria.ch\/it\/esigenze\/pelle-capelli\/macchie-pelle\/\" \/>\n<meta property=\"og:locale\" content=\"it_IT\" \/>\n<meta property=\"og:type\" content=\"article\" \/>\n<meta property=\"og:title\" content=\"Traitement des taches pigmentaires par IPL \u00e0 Gen\u00e8ve - Dr Romano\" \/>\n<meta property=\"og:description\" content=\"\u00c9liminez les taches du visage avec des traitements laser de pointe \u00e0 Gen\u00e8ve. Retrouvez un teint uniforme et \u00e9clatant gr\u00e2ce \u00e0 des solutions efficaces et personnalis\u00e9es. Explications du dr Romano, m\u00e9decin \u00e0 Gen\u00e8ve\" \/>\n<meta property=\"og:url\" content=\"https:\/\/drromanovaleria.ch\/it\/esigenze\/pelle-capelli\/macchie-pelle\/\" \/>\n<meta property=\"og:site_name\" content=\"Dr Romano\" \/>\n<meta property=\"article:modified_time\" content=\"2025-11-28T09:41:59+00:00\" \/>\n<meta property=\"og:image\" content=\"https:\/\/drromanovaleria.ch\/wp-content\/uploads\/2024\/05\/belle-peau.webp\" \/>\n\t<meta property=\"og:image:width\" content=\"300\" \/>\n\t<meta property=\"og:image:height\" content=\"361\" \/>\n\t<meta property=\"og:image:type\" content=\"image\/webp\" \/>\n<meta name=\"twitter:card\" content=\"summary_large_image\" \/>\n<meta name=\"twitter:label1\" content=\"Tempo di lettura stimato\" \/>\n\t<meta name=\"twitter:data1\" content=\"14 minuti\" \/>\n<script type=\"application\/ld+json\" class=\"yoast-schema-graph\">{\"@context\":\"https:\\\/\\\/schema.org\",\"@graph\":[{\"@type\":\"WebPage\",\"@id\":\"https:\\\/\\\/drromanovaleria.ch\\\/besoins\\\/peau-et-cheveux\\\/taches\\\/\",\"url\":\"https:\\\/\\\/drromanovaleria.ch\\\/besoins\\\/peau-et-cheveux\\\/taches\\\/\",\"name\":\"Traitement des taches pigmentaires par IPL \u00e0 Gen\u00e8ve - Dr Romano\",\"isPartOf\":{\"@id\":\"https:\\\/\\\/drromanovaleria.ch\\\/#website\"},\"primaryImageOfPage\":{\"@id\":\"https:\\\/\\\/drromanovaleria.ch\\\/besoins\\\/peau-et-cheveux\\\/taches\\\/#primaryimage\"},\"image\":{\"@id\":\"https:\\\/\\\/drromanovaleria.ch\\\/besoins\\\/peau-et-cheveux\\\/taches\\\/#primaryimage\"},\"thumbnailUrl\":\"https:\\\/\\\/drromanovaleria.ch\\\/wp-content\\\/uploads\\\/2024\\\/05\\\/belle-peau-249x300.webp\",\"datePublished\":\"2024-12-31T14:58:59+00:00\",\"dateModified\":\"2025-11-28T09:41:59+00:00\",\"description\":\"\u00c9liminez les taches du visage avec des traitements laser de pointe \u00e0 Gen\u00e8ve. Retrouvez un teint uniforme et \u00e9clatant gr\u00e2ce \u00e0 des solutions efficaces et personnalis\u00e9es. Explications du dr Romano, m\u00e9decin \u00e0 Gen\u00e8ve\",\"breadcrumb\":{\"@id\":\"https:\\\/\\\/drromanovaleria.ch\\\/besoins\\\/peau-et-cheveux\\\/taches\\\/#breadcrumb\"},\"inLanguage\":\"it-IT\",\"potentialAction\":[{\"@type\":\"ReadAction\",\"target\":[\"https:\\\/\\\/drromanovaleria.ch\\\/besoins\\\/peau-et-cheveux\\\/taches\\\/\"]}]},{\"@type\":\"ImageObject\",\"inLanguage\":\"it-IT\",\"@id\":\"https:\\\/\\\/drromanovaleria.ch\\\/besoins\\\/peau-et-cheveux\\\/taches\\\/#primaryimage\",\"url\":\"https:\\\/\\\/drromanovaleria.ch\\\/wp-content\\\/uploads\\\/2024\\\/05\\\/belle-peau-249x300.webp\",\"contentUrl\":\"https:\\\/\\\/drromanovaleria.ch\\\/wp-content\\\/uploads\\\/2024\\\/05\\\/belle-peau-249x300.webp\"},{\"@type\":\"BreadcrumbList\",\"@id\":\"https:\\\/\\\/drromanovaleria.ch\\\/besoins\\\/peau-et-cheveux\\\/taches\\\/#breadcrumb\",\"itemListElement\":[{\"@type\":\"ListItem\",\"position\":1,\"name\":\"Accueil\",\"item\":\"https:\\\/\\\/drromanovaleria.ch\\\/\"},{\"@type\":\"ListItem\",\"position\":2,\"name\":\"Besoins\",\"item\":\"https:\\\/\\\/drromanovaleria.ch\\\/besoins\\\/\"},{\"@type\":\"ListItem\",\"position\":3,\"name\":\"Peau &#038; cheveux\",\"item\":\"https:\\\/\\\/drromanovaleria.ch\\\/besoins\\\/peau-et-cheveux\\\/\"},{\"@type\":\"ListItem\",\"position\":4,\"name\":\"Taches\"}]},{\"@type\":\"WebSite\",\"@id\":\"https:\\\/\\\/drromanovaleria.ch\\\/#website\",\"url\":\"https:\\\/\\\/drromanovaleria.ch\\\/\",\"name\":\"Dr Romano\",\"description\":\"M\u00e9decine morphologique et anti-\u00e2ge\",\"potentialAction\":[{\"@type\":\"SearchAction\",\"target\":{\"@type\":\"EntryPoint\",\"urlTemplate\":\"https:\\\/\\\/drromanovaleria.ch\\\/?s={search_term_string}\"},\"query-input\":{\"@type\":\"PropertyValueSpecification\",\"valueRequired\":true,\"valueName\":\"search_term_string\"}}],\"inLanguage\":\"it-IT\"}]}<\/script>\n<!-- \/ Yoast SEO plugin. -->","yoast_head_json":{"title":"Trattamento delle Macchie Pigmentarie con IPL a Ginevra - Dott.ssa Romano","description":"Eliminate le macchie scure sul viso con trattamenti laser avanzati a Ginevra. Ottenete un incarnato uniforme e luminoso con soluzioni efficaci e personalizzate. Spiegazioni della Dott.ssa Romano, medico a Ginevra.","robots":{"index":"index","follow":"follow","max-snippet":"max-snippet:-1","max-image-preview":"max-image-preview:large","max-video-preview":"max-video-preview:-1"},"canonical":"https:\/\/drromanovaleria.ch\/it\/esigenze\/pelle-capelli\/macchie-pelle\/","og_locale":"it_IT","og_type":"article","og_title":"Traitement des taches pigmentaires par IPL \u00e0 Gen\u00e8ve - Dr Romano","og_description":"\u00c9liminez les taches du visage avec des traitements laser de pointe \u00e0 Gen\u00e8ve. Retrouvez un teint uniforme et \u00e9clatant gr\u00e2ce \u00e0 des solutions efficaces et personnalis\u00e9es. Explications du dr Romano, m\u00e9decin \u00e0 Gen\u00e8ve","og_url":"https:\/\/drromanovaleria.ch\/it\/esigenze\/pelle-capelli\/macchie-pelle\/","og_site_name":"Dr Romano","article_modified_time":"2025-11-28T09:41:59+00:00","og_image":[{"width":300,"height":361,"url":"https:\/\/drromanovaleria.ch\/wp-content\/uploads\/2024\/05\/belle-peau.webp","type":"image\/webp"}],"twitter_card":"summary_large_image","twitter_misc":{"Tempo di lettura stimato":"14 minuti"},"schema":{"@context":"https:\/\/schema.org","@graph":[{"@type":"WebPage","@id":"https:\/\/drromanovaleria.ch\/besoins\/peau-et-cheveux\/taches\/","url":"https:\/\/drromanovaleria.ch\/besoins\/peau-et-cheveux\/taches\/","name":"Trattamento delle Macchie Pigmentarie con IPL a Ginevra - Dott.ssa Romano","isPartOf":{"@id":"https:\/\/drromanovaleria.ch\/#website"},"primaryImageOfPage":{"@id":"https:\/\/drromanovaleria.ch\/besoins\/peau-et-cheveux\/taches\/#primaryimage"},"image":{"@id":"https:\/\/drromanovaleria.ch\/besoins\/peau-et-cheveux\/taches\/#primaryimage"},"thumbnailUrl":"https:\/\/drromanovaleria.ch\/wp-content\/uploads\/2024\/05\/belle-peau-249x300.webp","datePublished":"2024-12-31T14:58:59+00:00","dateModified":"2025-11-28T09:41:59+00:00","description":"Eliminate le macchie scure sul viso con trattamenti laser avanzati a Ginevra. Ottenete un incarnato uniforme e luminoso con soluzioni efficaci e personalizzate. Spiegazioni della Dott.ssa Romano, medico a Ginevra.","breadcrumb":{"@id":"https:\/\/drromanovaleria.ch\/besoins\/peau-et-cheveux\/taches\/#breadcrumb"},"inLanguage":"it-IT","potentialAction":[{"@type":"ReadAction","target":["https:\/\/drromanovaleria.ch\/besoins\/peau-et-cheveux\/taches\/"]}]},{"@type":"ImageObject","inLanguage":"it-IT","@id":"https:\/\/drromanovaleria.ch\/besoins\/peau-et-cheveux\/taches\/#primaryimage","url":"https:\/\/drromanovaleria.ch\/wp-content\/uploads\/2024\/05\/belle-peau-249x300.webp","contentUrl":"https:\/\/drromanovaleria.ch\/wp-content\/uploads\/2024\/05\/belle-peau-249x300.webp"},{"@type":"BreadcrumbList","@id":"https:\/\/drromanovaleria.ch\/besoins\/peau-et-cheveux\/taches\/#breadcrumb","itemListElement":[{"@type":"ListItem","position":1,"name":"Accueil","item":"https:\/\/drromanovaleria.ch\/"},{"@type":"ListItem","position":2,"name":"Besoins","item":"https:\/\/drromanovaleria.ch\/besoins\/"},{"@type":"ListItem","position":3,"name":"Peau &#038; cheveux","item":"https:\/\/drromanovaleria.ch\/besoins\/peau-et-cheveux\/"},{"@type":"ListItem","position":4,"name":"Taches"}]},{"@type":"WebSite","@id":"https:\/\/drromanovaleria.ch\/#website","url":"https:\/\/drromanovaleria.ch\/","name":"Dott. Romano","description":"Medicina morfologica e anti-invecchiamento","potentialAction":[{"@type":"SearchAction","target":{"@type":"EntryPoint","urlTemplate":"https:\/\/drromanovaleria.ch\/?s={search_term_string}"},"query-input":{"@type":"PropertyValueSpecification","valueRequired":true,"valueName":"search_term_string"}}],"inLanguage":"it-IT"}]}},"amp_enabled":false,"_links":{"self":[{"href":"https:\/\/drromanovaleria.ch\/it\/wp-json\/wp\/v2\/pages\/19363","targetHints":{"allow":["GET"]}}],"collection":[{"href":"https:\/\/drromanovaleria.ch\/it\/wp-json\/wp\/v2\/pages"}],"about":[{"href":"https:\/\/drromanovaleria.ch\/it\/wp-json\/wp\/v2\/types\/page"}],"author":[{"embeddable":true,"href":"https:\/\/drromanovaleria.ch\/it\/wp-json\/wp\/v2\/users\/2"}],"replies":[{"embeddable":true,"href":"https:\/\/drromanovaleria.ch\/it\/wp-json\/wp\/v2\/comments?post=19363"}],"version-history":[{"count":5,"href":"https:\/\/drromanovaleria.ch\/it\/wp-json\/wp\/v2\/pages\/19363\/revisions"}],"predecessor-version":[{"id":49011,"href":"https:\/\/drromanovaleria.ch\/it\/wp-json\/wp\/v2\/pages\/19363\/revisions\/49011"}],"up":[{"embeddable":true,"href":"https:\/\/drromanovaleria.ch\/it\/wp-json\/wp\/v2\/pages\/168"}],"wp:attachment":[{"href":"https:\/\/drromanovaleria.ch\/it\/wp-json\/wp\/v2\/media?parent=19363"}],"curies":[{"name":"wp","href":"https:\/\/api.w.org\/{rel}","templated":true}]}}