{"id":10112,"date":"2024-12-31T16:21:47","date_gmt":"2024-12-31T15:21:47","guid":{"rendered":"https:\/\/drromanovaleria.ch\/?page_id=10112"},"modified":"2025-11-01T18:14:56","modified_gmt":"2025-11-01T17:14:56","slug":"post-partum","status":"publish","type":"page","link":"https:\/\/drromanovaleria.ch\/it\/post-partum\/","title":{"rendered":"Post-parto"},"content":{"rendered":"\t\t<div data-elementor-type=\"wp-page\" data-elementor-id=\"10112\" class=\"elementor elementor-10112\" data-elementor-post-type=\"page\">\n\t\t\t\t<div class=\"elementor-element elementor-element-43fd6ad e-flex e-con-boxed e-con e-parent\" data-id=\"43fd6ad\" data-element_type=\"container\" data-e-type=\"container\" data-settings=\"{&quot;jet_parallax_layout_list&quot;:[]}\">\n\t\t\t\t\t<div class=\"e-con-inner\">\n\t\t\t\t<div class=\"elementor-element elementor-element-c46f645 elementor-widget__width-initial elementor-widget elementor-widget-heading\" data-id=\"c46f645\" data-element_type=\"widget\" data-e-type=\"widget\" data-widget_type=\"heading.default\">\n\t\t\t\t<div class=\"elementor-widget-container\">\n\t\t\t\t\t<h1 class=\"elementor-heading-title elementor-size-default\">SOINS ESTH\u00c9TIQUES APR\u00c8S GROSSESSE ET ACCOUCHEMENT<\/h1>\t\t\t\t<\/div>\n\t\t\t\t<\/div>\n\t\t\t\t<div class=\"elementor-element elementor-element-c1a2988 elementor-widget-divider--view-line elementor-widget elementor-widget-divider\" data-id=\"c1a2988\" data-element_type=\"widget\" data-e-type=\"widget\" data-widget_type=\"divider.default\">\n\t\t\t\t<div class=\"elementor-widget-container\">\n\t\t\t\t\t\t\t<div class=\"elementor-divider\">\n\t\t\t<span class=\"elementor-divider-separator\">\n\t\t\t\t\t\t<\/span>\n\t\t<\/div>\n\t\t\t\t\t\t<\/div>\n\t\t\t\t<\/div>\n\t\t\t\t<div class=\"elementor-element elementor-element-a040d94 elementor-widget elementor-widget-breadcrumbs\" data-id=\"a040d94\" data-element_type=\"widget\" data-e-type=\"widget\" data-widget_type=\"breadcrumbs.default\">\n\t\t\t\t<div class=\"elementor-widget-container\">\n\t\t\t\t\t<p id=\"breadcrumbs\"><span><span><a href=\"https:\/\/drromanovaleria.ch\/\">Accueil<\/a><\/span><\/span><\/p>\t\t\t\t<\/div>\n\t\t\t\t<\/div>\n\t\t\t\t\t<\/div>\n\t\t\t\t<\/div>\n\t\t<div class=\"elementor-element elementor-element-ab1b56b e-flex e-con-boxed e-con e-parent\" data-id=\"ab1b56b\" data-element_type=\"container\" data-e-type=\"container\" data-settings=\"{&quot;jet_parallax_layout_list&quot;:[]}\">\n\t\t\t\t\t<div class=\"e-con-inner\">\n\t\t\t\t<div class=\"elementor-element elementor-element-39c9eeb elementor-toc--content-ellipsis elementor-toc--minimized-on-desktop elementor-widget elementor-widget-table-of-contents\" data-id=\"39c9eeb\" data-element_type=\"widget\" data-e-type=\"widget\" data-settings=\"{&quot;exclude_headings_by_selector&quot;:[],&quot;minimized_on&quot;:&quot;desktop&quot;,&quot;no_headings_message&quot;:&quot;Aucun titre n\\u2019a \\u00e9t\\u00e9 trouv\\u00e9 sur cette page.&quot;,&quot;headings_by_tags&quot;:[&quot;h2&quot;,&quot;h3&quot;,&quot;h4&quot;,&quot;h5&quot;,&quot;h6&quot;],&quot;marker_view&quot;:&quot;numbers&quot;,&quot;minimize_box&quot;:&quot;yes&quot;,&quot;hierarchical_view&quot;:&quot;yes&quot;,&quot;min_height&quot;:{&quot;unit&quot;:&quot;px&quot;,&quot;size&quot;:&quot;&quot;,&quot;sizes&quot;:[]},&quot;min_height_tablet&quot;:{&quot;unit&quot;:&quot;px&quot;,&quot;size&quot;:&quot;&quot;,&quot;sizes&quot;:[]},&quot;min_height_mobile&quot;:{&quot;unit&quot;:&quot;px&quot;,&quot;size&quot;:&quot;&quot;,&quot;sizes&quot;:[]}}\" data-widget_type=\"table-of-contents.default\">\n\t\t\t\t<div class=\"elementor-widget-container\">\n\t\t\t\t\t\t\t\t\t<div class=\"elementor-toc__header\">\n\t\t\t\t\t\t<h2 class=\"elementor-toc__header-title\">\n\t\t\t\tSommaire\t\t\t<\/h2>\n\t\t\t\t\t\t\t\t\t\t<div class=\"elementor-toc__toggle-button elementor-toc__toggle-button--expand\" role=\"button\" tabindex=\"0\" aria-controls=\"elementor-toc__39c9eeb\" aria-expanded=\"true\" aria-label=\"Ouvrir la table des mati\u00e8res\"><svg aria-hidden=\"true\" class=\"e-font-icon-svg e-fas-chevron-down\" viewBox=\"0 0 448 512\" xmlns=\"http:\/\/www.w3.org\/2000\/svg\"><path d=\"M207.029 381.476L12.686 187.132c-9.373-9.373-9.373-24.569 0-33.941l22.667-22.667c9.357-9.357 24.522-9.375 33.901-.04L224 284.505l154.745-154.021c9.379-9.335 24.544-9.317 33.901.04l22.667 22.667c9.373 9.373 9.373 24.569 0 33.941L240.971 381.476c-9.373 9.372-24.569 9.372-33.942 0z\"><\/path><\/svg><\/div>\n\t\t\t\t<div class=\"elementor-toc__toggle-button elementor-toc__toggle-button--collapse\" role=\"button\" tabindex=\"0\" aria-controls=\"elementor-toc__39c9eeb\" aria-expanded=\"true\" aria-label=\"Fermer la table des mati\u00e8res\"><svg aria-hidden=\"true\" class=\"e-font-icon-svg e-fas-chevron-up\" viewBox=\"0 0 448 512\" xmlns=\"http:\/\/www.w3.org\/2000\/svg\"><path d=\"M240.971 130.524l194.343 194.343c9.373 9.373 9.373 24.569 0 33.941l-22.667 22.667c-9.357 9.357-24.522 9.375-33.901.04L224 227.495 69.255 381.516c-9.379 9.335-24.544 9.317-33.901-.04l-22.667-22.667c-9.373-9.373-9.373-24.569 0-33.941L207.03 130.525c9.372-9.373 24.568-9.373 33.941-.001z\"><\/path><\/svg><\/div>\n\t\t\t\t\t<\/div>\n\t\t\t\t<div id=\"elementor-toc__39c9eeb\" class=\"elementor-toc__body\">\n\t\t\t<div class=\"elementor-toc__spinner-container\">\n\t\t\t\t<svg class=\"elementor-toc__spinner eicon-animation-spin e-font-icon-svg e-eicon-loading\" aria-hidden=\"true\" viewBox=\"0 0 1000 1000\" xmlns=\"http:\/\/www.w3.org\/2000\/svg\"><path d=\"M500 975V858C696 858 858 696 858 500S696 142 500 142 142 304 142 500H25C25 237 238 25 500 25S975 237 975 500 763 975 500 975Z\"><\/path><\/svg>\t\t\t<\/div>\n\t\t<\/div>\n\t\t\t\t\t\t<\/div>\n\t\t\t\t<\/div>\n\t\t\t\t\t<\/div>\n\t\t\t\t<\/div>\n\t\t<div class=\"elementor-element elementor-element-093e968 e-flex e-con-boxed e-con e-parent\" data-id=\"093e968\" data-element_type=\"container\" data-e-type=\"container\" data-settings=\"{&quot;jet_parallax_layout_list&quot;:[]}\">\n\t\t\t\t\t<div class=\"e-con-inner\">\n\t\t<div class=\"elementor-element elementor-element-849984c e-flex e-con-boxed e-con e-child\" data-id=\"849984c\" data-element_type=\"container\" data-e-type=\"container\" data-settings=\"{&quot;jet_parallax_layout_list&quot;:[]}\">\n\t\t\t\t\t<div class=\"e-con-inner\">\n\t\t<div class=\"elementor-element elementor-element-7974c3e e-con-full e-flex e-con e-child\" data-id=\"7974c3e\" data-element_type=\"container\" data-e-type=\"container\" data-settings=\"{&quot;jet_parallax_layout_list&quot;:[]}\">\n\t\t\t\t<div class=\"elementor-element elementor-element-4d00fa5 elementor-widget elementor-widget-text-editor\" data-id=\"4d00fa5\" data-element_type=\"widget\" data-e-type=\"widget\" data-widget_type=\"text-editor.default\">\n\t\t\t\t<div class=\"elementor-widget-container\">\n\t\t\t\t\t\t\t\t\t<p>La grossesse est une p\u00e9riode de transformation profonde pour le corps de la femme. Ces changements, bien que naturels et souvent attendus, peuvent avoir un impact significatif sur l\u2019apparence physique et la perception de soi.<br \/>Il est essentiel de comprendre et d&#8217;aborder ces modifications avec une sensibilit\u00e9 particuli\u00e8re et une approche m\u00e9dicale.<br \/>La compr\u00e9hension de ces modifications est essentielle pour offrir des soins adapt\u00e9s et personnalis\u00e9s aux femmes apr\u00e8s la grossesse.<\/p>\t\t\t\t\t\t\t\t<\/div>\n\t\t\t\t<\/div>\n\t\t\t\t<\/div>\n\t\t\t\t\t<\/div>\n\t\t\t\t<\/div>\n\t\t\t\t\t<\/div>\n\t\t\t\t<\/div>\n\t\t<div class=\"elementor-element elementor-element-90dbfe1 e-flex e-con-boxed e-con e-parent\" data-id=\"90dbfe1\" data-element_type=\"container\" data-e-type=\"container\" data-settings=\"{&quot;jet_parallax_layout_list&quot;:[]}\">\n\t\t\t\t\t<div class=\"e-con-inner\">\n\t\t<div class=\"elementor-element elementor-element-ca1e75d e-grid e-con-boxed e-con e-child\" data-id=\"ca1e75d\" data-element_type=\"container\" data-e-type=\"container\" data-settings=\"{&quot;jet_parallax_layout_list&quot;:[]}\">\n\t\t\t\t\t<div class=\"e-con-inner\">\n\t\t\t\t<div class=\"elementor-element elementor-element-c8c0dd2 elementor-flip-box--effect-fade elementor-widget elementor-widget-flip-box\" data-id=\"c8c0dd2\" data-element_type=\"widget\" data-e-type=\"widget\" data-widget_type=\"flip-box.default\">\n\t\t\t\t<div class=\"elementor-widget-container\">\n\t\t\t\t\t\t\t<div class=\"elementor-flip-box\" tabindex=\"0\">\n\t\t\t<div class=\"elementor-flip-box__layer elementor-flip-box__front\">\n\t\t\t\t<div class=\"elementor-flip-box__layer__overlay\">\n\t\t\t\t\t<div class=\"elementor-flip-box__layer__inner\">\n\t\t\t\t\t\t\n\t\t\t\t\t\t\t\t\t\t\t\t\t<h3 class=\"elementor-flip-box__layer__title\">\n\t\t\t\t\t\t\t\tCheveux\t\t\t\t\t\t\t<\/h3>\n\t\t\t\t\t\t\n\t\t\t\t\t\t\t\t\t\t\t<\/div>\n\t\t\t\t<\/div>\n\t\t\t<\/div>\n\t\t\t<a class=\"elementor-flip-box__layer elementor-flip-box__back\" href=\"https:\/\/drromanovaleria.ch\/post-partum\/cheveux\/\">\n\t\t\t<div class=\"elementor-flip-box__layer__overlay\">\n\t\t\t\t<div class=\"elementor-flip-box__layer__inner\">\n\t\t\t\t\t\n\t\t\t\t\t\n\t\t\t\t\t\t\t\t<\/div>\n\t\t<\/div>\n\t\t<\/a>\n\t\t<\/div>\n\t\t\t\t\t\t<\/div>\n\t\t\t\t<\/div>\n\t\t\t\t<div class=\"elementor-element elementor-element-647e16c elementor-flip-box--effect-fade elementor-widget elementor-widget-flip-box\" data-id=\"647e16c\" data-element_type=\"widget\" data-e-type=\"widget\" data-widget_type=\"flip-box.default\">\n\t\t\t\t<div class=\"elementor-widget-container\">\n\t\t\t\t\t\t\t<div class=\"elementor-flip-box\" tabindex=\"0\">\n\t\t\t<div class=\"elementor-flip-box__layer elementor-flip-box__front\">\n\t\t\t\t<div class=\"elementor-flip-box__layer__overlay\">\n\t\t\t\t\t<div class=\"elementor-flip-box__layer__inner\">\n\t\t\t\t\t\t\n\t\t\t\t\t\t\t\t\t\t\t\t\t<h3 class=\"elementor-flip-box__layer__title\">\n\t\t\t\t\t\t\t\tCorps\t\t\t\t\t\t\t<\/h3>\n\t\t\t\t\t\t\n\t\t\t\t\t\t\t\t\t\t\t<\/div>\n\t\t\t\t<\/div>\n\t\t\t<\/div>\n\t\t\t<a class=\"elementor-flip-box__layer elementor-flip-box__back\" href=\"https:\/\/drromanovaleria.ch\/post-partum\/corps\/\">\n\t\t\t<div class=\"elementor-flip-box__layer__overlay\">\n\t\t\t\t<div class=\"elementor-flip-box__layer__inner\">\n\t\t\t\t\t\n\t\t\t\t\t\n\t\t\t\t\t\t\t\t<\/div>\n\t\t<\/div>\n\t\t<\/a>\n\t\t<\/div>\n\t\t\t\t\t\t<\/div>\n\t\t\t\t<\/div>\n\t\t\t\t<div class=\"elementor-element elementor-element-9870f06 elementor-flip-box--effect-fade elementor-widget elementor-widget-flip-box\" data-id=\"9870f06\" data-element_type=\"widget\" data-e-type=\"widget\" data-widget_type=\"flip-box.default\">\n\t\t\t\t<div class=\"elementor-widget-container\">\n\t\t\t\t\t\t\t<div class=\"elementor-flip-box\" tabindex=\"0\">\n\t\t\t<div class=\"elementor-flip-box__layer elementor-flip-box__front\">\n\t\t\t\t<div class=\"elementor-flip-box__layer__overlay\">\n\t\t\t\t\t<div class=\"elementor-flip-box__layer__inner\">\n\t\t\t\t\t\t\n\t\t\t\t\t\t\t\t\t\t\t\t\t<h3 class=\"elementor-flip-box__layer__title\">\n\t\t\t\t\t\t\t\tPeau\t\t\t\t\t\t\t<\/h3>\n\t\t\t\t\t\t\n\t\t\t\t\t\t\t\t\t\t\t<\/div>\n\t\t\t\t<\/div>\n\t\t\t<\/div>\n\t\t\t<a class=\"elementor-flip-box__layer elementor-flip-box__back\" href=\"https:\/\/drromanovaleria.ch\/post-partum\/peau\/\">\n\t\t\t<div class=\"elementor-flip-box__layer__overlay\">\n\t\t\t\t<div class=\"elementor-flip-box__layer__inner\">\n\t\t\t\t\t\n\t\t\t\t\t\n\t\t\t\t\t\t\t\t<\/div>\n\t\t<\/div>\n\t\t<\/a>\n\t\t<\/div>\n\t\t\t\t\t\t<\/div>\n\t\t\t\t<\/div>\n\t\t\t\t<div class=\"elementor-element elementor-element-5fd9b54 elementor-flip-box--effect-fade elementor-widget elementor-widget-flip-box\" data-id=\"5fd9b54\" data-element_type=\"widget\" data-e-type=\"widget\" data-widget_type=\"flip-box.default\">\n\t\t\t\t<div class=\"elementor-widget-container\">\n\t\t\t\t\t\t\t<div class=\"elementor-flip-box\" tabindex=\"0\">\n\t\t\t<div class=\"elementor-flip-box__layer elementor-flip-box__front\">\n\t\t\t\t<div class=\"elementor-flip-box__layer__overlay\">\n\t\t\t\t\t<div class=\"elementor-flip-box__layer__inner\">\n\t\t\t\t\t\t\n\t\t\t\t\t\t\t\t\t\t\t\t\t<h3 class=\"elementor-flip-box__layer__title\">\n\t\t\t\t\t\t\t\tVisage\t\t\t\t\t\t\t<\/h3>\n\t\t\t\t\t\t\n\t\t\t\t\t\t\t\t\t\t\t<\/div>\n\t\t\t\t<\/div>\n\t\t\t<\/div>\n\t\t\t<a class=\"elementor-flip-box__layer elementor-flip-box__back\" href=\"https:\/\/drromanovaleria.ch\/post-partum\/visage\/\">\n\t\t\t<div class=\"elementor-flip-box__layer__overlay\">\n\t\t\t\t<div class=\"elementor-flip-box__layer__inner\">\n\t\t\t\t\t\n\t\t\t\t\t\n\t\t\t\t\t\t\t\t<\/div>\n\t\t<\/div>\n\t\t<\/a>\n\t\t<\/div>\n\t\t\t\t\t\t<\/div>\n\t\t\t\t<\/div>\n\t\t\t\t<div class=\"elementor-element elementor-element-1d33903 elementor-flip-box--effect-fade elementor-widget elementor-widget-flip-box\" data-id=\"1d33903\" data-element_type=\"widget\" data-e-type=\"widget\" data-widget_type=\"flip-box.default\">\n\t\t\t\t<div class=\"elementor-widget-container\">\n\t\t\t\t\t\t\t<div class=\"elementor-flip-box\" tabindex=\"0\">\n\t\t\t<div class=\"elementor-flip-box__layer elementor-flip-box__front\">\n\t\t\t\t<div class=\"elementor-flip-box__layer__overlay\">\n\t\t\t\t\t<div class=\"elementor-flip-box__layer__inner\">\n\t\t\t\t\t\t\n\t\t\t\t\t\t\t\t\t\t\t\t\t<h3 class=\"elementor-flip-box__layer__title\">\n\t\t\t\t\t\t\t\tIntimit\u00e9\t\t\t\t\t\t\t<\/h3>\n\t\t\t\t\t\t\n\t\t\t\t\t\t\t\t\t\t\t<\/div>\n\t\t\t\t<\/div>\n\t\t\t<\/div>\n\t\t\t<a class=\"elementor-flip-box__layer elementor-flip-box__back\" href=\"https:\/\/drromanovaleria.ch\/post-partum\/intimite\/\">\n\t\t\t<div class=\"elementor-flip-box__layer__overlay\">\n\t\t\t\t<div class=\"elementor-flip-box__layer__inner\">\n\t\t\t\t\t\n\t\t\t\t\t\n\t\t\t\t\t\t\t\t<\/div>\n\t\t<\/div>\n\t\t<\/a>\n\t\t<\/div>\n\t\t\t\t\t\t<\/div>\n\t\t\t\t<\/div>\n\t\t\t\t\t<\/div>\n\t\t\t\t<\/div>\n\t\t\t\t\t<\/div>\n\t\t\t\t<\/div>\n\t\t<div class=\"elementor-element elementor-element-a89e295 e-flex e-con-boxed e-con e-parent\" data-id=\"a89e295\" data-element_type=\"container\" data-e-type=\"container\" data-settings=\"{&quot;jet_parallax_layout_list&quot;:[]}\">\n\t\t\t\t\t<div class=\"e-con-inner\">\n\t\t<div class=\"elementor-element elementor-element-9474194 e-flex e-con-boxed e-con e-child\" data-id=\"9474194\" data-element_type=\"container\" data-e-type=\"container\" data-settings=\"{&quot;jet_parallax_layout_list&quot;:[]}\">\n\t\t\t\t\t<div class=\"e-con-inner\">\n\t\t<div class=\"elementor-element elementor-element-1c99c24 e-con-full e-flex e-con e-child\" data-id=\"1c99c24\" data-element_type=\"container\" data-e-type=\"container\" data-settings=\"{&quot;jet_parallax_layout_list&quot;:[]}\">\n\t\t\t\t<div class=\"elementor-element elementor-element-e1676ed elementor-widget elementor-widget-text-editor\" data-id=\"e1676ed\" data-element_type=\"widget\" data-e-type=\"widget\" data-widget_type=\"text-editor.default\">\n\t\t\t\t<div class=\"elementor-widget-container\">\n\t\t\t\t\t\t\t\t\t<p>La grossesse et la p\u00e9riode post-partum transforment profond\u00e9ment le corps d\u2019une femme. Si ces changements t\u00e9moignent d\u2019une \u00e9tape unique et riche sur le plan \u00e9motionnel, ils peuvent \u00e9galement alt\u00e9rer l\u2019apparence physique et affecter l\u2019estime de soi. De nombreuses patientes consultent en m\u00e9decine \u00e0 vis\u00e9e esth\u00e9tique apr\u00e8s une grossesse afin de retrouver une harmonie corporelle, att\u00e9nuer des marques physiques persistantes et accompagner en douceur le retour \u00e0 une image de soi apais\u00e9e. Il ne s\u2019agit pas d\u2019effacer la maternit\u00e9, mais de restaurer confort, \u00e9quilibre et confiance, dans le respect du naturel.<br \/>Dans cette page, vous d\u00e9couvrirez l\u2019ensemble des solutions propos\u00e9es en m\u00e9decine \u00e0 vis\u00e9e esth\u00e9tique apr\u00e8s une grossesse : am\u00e9lioration de la qualit\u00e9 de la peau, traitement des vergetures, gestion de la perte de tonicit\u00e9 cutan\u00e9e, prise en charge du visage fatigu\u00e9, r\u00e9duction des cernes, correction des variations de volume corporel, traitement de la chute de cheveux (alop\u00e9cie post-partum) et am\u00e9lioration de l\u2019aspect d\u2019eventuelles cicatrices. Toutes ces techniques sont non chirurgicales et s\u2019inscrivent dans une prise en charge globale, progressive et s\u00e9curis\u00e9e.<\/p>\t\t\t\t\t\t\t\t<\/div>\n\t\t\t\t<\/div>\n\t\t\t\t<\/div>\n\t\t\t\t\t<\/div>\n\t\t\t\t<\/div>\n\t\t\t\t\t<\/div>\n\t\t\t\t<\/div>\n\t\t<div class=\"elementor-element elementor-element-0bb6705 e-flex e-con-boxed e-con e-parent\" data-id=\"0bb6705\" data-element_type=\"container\" data-e-type=\"container\" data-settings=\"{&quot;jet_parallax_layout_list&quot;:[]}\">\n\t\t\t\t\t<div class=\"e-con-inner\">\n\t\t\t\t<div class=\"elementor-element elementor-element-558a2a5 elementor-widget elementor-widget-heading\" data-id=\"558a2a5\" data-element_type=\"widget\" data-e-type=\"widget\" data-widget_type=\"heading.default\">\n\t\t\t\t<div class=\"elementor-widget-container\">\n\t\t\t\t\t<h2 class=\"elementor-heading-title elementor-size-default\">La p\u00e9riode post-partum : un moment de transition physique et \u00e9motionnelle<\/h2>\t\t\t\t<\/div>\n\t\t\t\t<\/div>\n\t\t\t\t<div class=\"elementor-element elementor-element-7021fe5 elementor-widget-divider--view-line elementor-widget elementor-widget-divider\" data-id=\"7021fe5\" data-element_type=\"widget\" data-e-type=\"widget\" data-widget_type=\"divider.default\">\n\t\t\t\t<div class=\"elementor-widget-container\">\n\t\t\t\t\t\t\t<div class=\"elementor-divider\">\n\t\t\t<span class=\"elementor-divider-separator\">\n\t\t\t\t\t\t<\/span>\n\t\t<\/div>\n\t\t\t\t\t\t<\/div>\n\t\t\t\t<\/div>\n\t\t\t\t<div class=\"elementor-element elementor-element-abb3f31 elementor-widget elementor-widget-text-editor\" data-id=\"abb3f31\" data-element_type=\"widget\" data-e-type=\"widget\" data-widget_type=\"text-editor.default\">\n\t\t\t\t<div class=\"elementor-widget-container\">\n\t\t\t\t\t\t\t\t\t<div class=\"et_pb_row et_pb_row_4 et_pb_gutters2\"><div class=\"et_pb_column et_pb_column_1_2 et_pb_column_7 et_pb_css_mix_blend_mode_passthrough et-last-child\"><div class=\"et_pb_module et_pb_text et_pb_text_7 et_pb_text_align_left et_pb_bg_layout_light\"><div class=\"et_pb_text_inner\"><div class=\"et_pb_column et_pb_column_1_2 et_pb_column_13 et_pb_css_mix_blend_mode_passthrough\"><div class=\"et_pb_module et_pb_text et_pb_text_15 et_pb_text_align_left et_pb_bg_layout_light\"><div class=\"et_pb_text_inner\"><div id=\"origine-cernes\" class=\"et_pb_section et_pb_section_5 et_pb_with_background et_section_regular et_had_animation\"><div class=\"et_pb_row et_pb_row_6\"><div class=\"et_pb_column et_pb_column_1_2 et_pb_column_9 et_pb_css_mix_blend_mode_passthrough et-last-child\"><div class=\"et_pb_module et_pb_text et_pb_text_10 et_pb_text_align_left et_pb_bg_layout_light\"><div class=\"et_pb_text_inner\"><div class=\"et_pb_column et_pb_column_1_2 et_pb_column_19 et_pb_css_mix_blend_mode_passthrough\"><div class=\"et_pb_module et_pb_text et_pb_text_26 et_pb_text_align_left et_pb_bg_layout_light\"><div class=\"et_pb_text_inner\"><div id=\"origine-cernes\" class=\"et_pb_section et_pb_section_7 et_section_regular et_had_animation\"><div class=\"et_pb_row et_pb_row_13\"><div class=\"et_pb_column et_pb_column_4_4 et_pb_column_21 et_pb_css_mix_blend_mode_passthrough et-last-child\"><div class=\"et_pb_module et_pb_text et_pb_text_29 et_pb_text_align_left et_pb_bg_layout_light\"><div class=\"et_pb_text_inner\"><p>Les modifications corporelles li\u00e9es \u00e0 la grossesse r\u00e9sultent de facteurs hormonaux, m\u00e9caniques et m\u00e9taboliques. La peau se distend, les volumes corporels fluctuent, la circulation veineuse est sollicit\u00e9e sous l\u2019effet des hormones. Apr\u00e8s l\u2019accouchement, ces changements ne disparaissent pas instantan\u00e9ment : il existe une p\u00e9riode d\u2019adaptation naturelle, durant laquelle le corps retrouve progressivement son \u00e9quilibre. Les m\u00e9decins recommandent souvent d\u2019attendre quelques mois avant d\u2019envisager des soins esth\u00e9tiques, le temps n\u00e9cessaire au r\u00e9tablissement g\u00e9n\u00e9ral, \u00e0 l\u2019allaitement si choisi, et au retour des r\u00e9gulations hormonales. Toutefois, certains traitements doux peuvent \u00eatre entrepris plus t\u00f4t, notamment pour stimuler la r\u00e9g\u00e9n\u00e9ration cutan\u00e9e et pr\u00e9venir une d\u00e9gradation prolong\u00e9e de la qualit\u00e9 de la peau.<br \/>Une approche m\u00e9dicale personnalis\u00e9e tient compte des ant\u00e9c\u00e9dents, du mode d\u2019accouchement, de l\u2019allaitement, du rythme de vie et du v\u00e9cu \u00e9motionnel. Il est essentiel qu\u2019un sp\u00e9cialiste \u00e9value chaque femme et \u00e9tablisse un plan de traitement gradu\u00e9, respectueux de son rythme biologique et psychologique. L\u2019objectif est d\u2019accompagner au mieux ce moment de transition, en privil\u00e9giant la s\u00e9curit\u00e9, l\u2019\u00e9coute et la qualit\u00e9 des r\u00e9sultats.<\/p><\/div><\/div><\/div><\/div><\/div><\/div><\/div><\/div><\/div><\/div><\/div><\/div><\/div><\/div><\/div><\/div><\/div><\/div><\/div><\/div>\t\t\t\t\t\t\t\t<\/div>\n\t\t\t\t<\/div>\n\t\t\t\t\t<\/div>\n\t\t\t\t<\/div>\n\t\t<div class=\"elementor-element elementor-element-fc7e37a e-flex e-con-boxed e-con e-parent\" data-id=\"fc7e37a\" data-element_type=\"container\" data-e-type=\"container\" data-settings=\"{&quot;jet_parallax_layout_list&quot;:[]}\">\n\t\t\t\t\t<div class=\"e-con-inner\">\n\t\t\t\t<div class=\"elementor-element elementor-element-be00498 elementor-widget elementor-widget-heading\" data-id=\"be00498\" data-element_type=\"widget\" data-e-type=\"widget\" data-widget_type=\"heading.default\">\n\t\t\t\t<div class=\"elementor-widget-container\">\n\t\t\t\t\t<h2 class=\"elementor-heading-title elementor-size-default\">Retrouver une peau plus ferme, plus homog\u00e8ne et plus lumineuse<\/h2>\t\t\t\t<\/div>\n\t\t\t\t<\/div>\n\t\t\t\t<div class=\"elementor-element elementor-element-8d9f499 elementor-widget-divider--view-line elementor-widget elementor-widget-divider\" data-id=\"8d9f499\" data-element_type=\"widget\" data-e-type=\"widget\" data-widget_type=\"divider.default\">\n\t\t\t\t<div class=\"elementor-widget-container\">\n\t\t\t\t\t\t\t<div class=\"elementor-divider\">\n\t\t\t<span class=\"elementor-divider-separator\">\n\t\t\t\t\t\t<\/span>\n\t\t<\/div>\n\t\t\t\t\t\t<\/div>\n\t\t\t\t<\/div>\n\t\t\t\t<div class=\"elementor-element elementor-element-b710130 elementor-widget elementor-widget-text-editor\" data-id=\"b710130\" data-element_type=\"widget\" data-e-type=\"widget\" data-widget_type=\"text-editor.default\">\n\t\t\t\t<div class=\"elementor-widget-container\">\n\t\t\t\t\t\t\t\t\t<p>La peau est souvent fragilis\u00e9e apr\u00e8s une grossesse : rel\u00e2chement, pores dilat\u00e9s, irr\u00e9gularit\u00e9s de qualit\u00e9, taches pigmentaires et perte d\u2019\u00e9clat sont fr\u00e9quents. Les traitements visent \u00e0 am\u00e9liorer la structure cutan\u00e9e, stimuler la production de collag\u00e8ne et d\u2019\u00e9lastine et r\u00e9hydrater l\u2019\u00e9piderme en profondeur.<br \/>Le m\u00e9soth\u00e9rapie, parfois associ\u00e9 \u00e0 des s\u00e9rums nutritifs, constitue une technique efficace pour stimuler la r\u00e9g\u00e9n\u00e9ration tissulaire et lisser la surface de la peau. Les lasers fractionn\u00e9s non ablatifs ou la radiofr\u00e9quence permettent \u00e9galement de renforcer la trame dermique et d\u2019am\u00e9liorer fermet\u00e9 et tonicit\u00e9.<br \/>Les peelings m\u00e9dicaux superficiels ou moyens contribuent \u00e0 att\u00e9nuer les irr\u00e9gularit\u00e9s pigmentaires et \u00e0 raviver l\u2019\u00e9clat du teint. Selon le type de peau et l\u2019intensit\u00e9 du probl\u00e8me, plusieurs s\u00e9ances peuvent \u00eatre recommand\u00e9es. L\u2019acide hyaluronique, en particulier les Skinboosters, est une autre solution pour am\u00e9liorer l\u2019hydratation profonde et redonner un aspect repulp\u00e9 et frais.<\/p>\t\t\t\t\t\t\t\t<\/div>\n\t\t\t\t<\/div>\n\t\t\t\t\t<\/div>\n\t\t\t\t<\/div>\n\t\t<div class=\"elementor-element elementor-element-db99924 e-flex e-con-boxed e-con e-parent\" data-id=\"db99924\" data-element_type=\"container\" data-e-type=\"container\" data-settings=\"{&quot;jet_parallax_layout_list&quot;:[]}\">\n\t\t\t\t\t<div class=\"e-con-inner\">\n\t\t\t\t<div class=\"elementor-element elementor-element-21d0116 elementor-widget elementor-widget-heading\" data-id=\"21d0116\" data-element_type=\"widget\" data-e-type=\"widget\" data-widget_type=\"heading.default\">\n\t\t\t\t<div class=\"elementor-widget-container\">\n\t\t\t\t\t<h2 class=\"elementor-heading-title elementor-size-default\">\nVergetures et cicatrices : att\u00e9nuer les traces cutan\u00e9es de la grossesse\n<\/h2>\t\t\t\t<\/div>\n\t\t\t\t<\/div>\n\t\t\t\t<div class=\"elementor-element elementor-element-cea6086 elementor-widget-divider--view-line elementor-widget elementor-widget-divider\" data-id=\"cea6086\" data-element_type=\"widget\" data-e-type=\"widget\" data-widget_type=\"divider.default\">\n\t\t\t\t<div class=\"elementor-widget-container\">\n\t\t\t\t\t\t\t<div class=\"elementor-divider\">\n\t\t\t<span class=\"elementor-divider-separator\">\n\t\t\t\t\t\t<\/span>\n\t\t<\/div>\n\t\t\t\t\t\t<\/div>\n\t\t\t\t<\/div>\n\t\t\t\t<div class=\"elementor-element elementor-element-bc7594a elementor-widget elementor-widget-text-editor\" data-id=\"bc7594a\" data-element_type=\"widget\" data-e-type=\"widget\" data-widget_type=\"text-editor.default\">\n\t\t\t\t<div class=\"elementor-widget-container\">\n\t\t\t\t\t\t\t\t\t<div class=\"et_pb_row et_pb_row_4 et_pb_gutters2\"><div class=\"et_pb_column et_pb_column_1_2 et_pb_column_7 et_pb_css_mix_blend_mode_passthrough et-last-child\"><div class=\"et_pb_module et_pb_text et_pb_text_7 et_pb_text_align_left et_pb_bg_layout_light\"><div class=\"et_pb_text_inner\"><div class=\"et_pb_column et_pb_column_1_2 et_pb_column_13 et_pb_css_mix_blend_mode_passthrough\"><div class=\"et_pb_module et_pb_text et_pb_text_15 et_pb_text_align_left et_pb_bg_layout_light\"><div class=\"et_pb_text_inner\"><div id=\"origine-cernes\" class=\"et_pb_section et_pb_section_5 et_pb_with_background et_section_regular et_had_animation\"><div class=\"et_pb_row et_pb_row_6\"><div class=\"et_pb_column et_pb_column_1_2 et_pb_column_9 et_pb_css_mix_blend_mode_passthrough et-last-child\"><div class=\"et_pb_module et_pb_text et_pb_text_10 et_pb_text_align_left et_pb_bg_layout_light\"><div class=\"et_pb_text_inner\"><div class=\"et_pb_column et_pb_column_1_2 et_pb_column_19 et_pb_css_mix_blend_mode_passthrough\"><div class=\"et_pb_module et_pb_text et_pb_text_26 et_pb_text_align_left et_pb_bg_layout_light\"><div class=\"et_pb_text_inner\"><div id=\"origine-cernes\" class=\"et_pb_section et_pb_section_7 et_section_regular et_had_animation\"><div class=\"et_pb_row et_pb_row_13\"><div class=\"et_pb_column et_pb_column_4_4 et_pb_column_21 et_pb_css_mix_blend_mode_passthrough et-last-child\"><div class=\"et_pb_module et_pb_text et_pb_text_29 et_pb_text_align_left et_pb_bg_layout_light\"><div class=\"et_pb_text_inner\"><p>Les vergetures post-grossesse r\u00e9sultent de ruptures des fibres de collag\u00e8ne et d\u2019\u00e9lastine provoqu\u00e9es par une distension importante de la peau. Elles apparaissent souvent sur le ventre, les seins, les hanches et les cuisses. Leur prise en charge repose sur des techniques visant \u00e0 relancer la r\u00e9paration naturelle de la peau.<br \/>Le laser ablatif fractionn\u00e9, associ\u00e9 \u00e0 des actifs biostimulants, stimule la production de nouvelles fibres et am\u00e9liore la qualit\u00e9 cutan\u00e9e. Plusieurs s\u00e9ances sont g\u00e9n\u00e9ralement n\u00e9cessaires.<br \/>En cas de cicatrice de c\u00e9sarienne hypertrophique ou inflammatoire, les lasers vasculaires, compl\u00e9t\u00e9s si n\u00e9cessaire par des injections de cortico\u00efdes, peuvent r\u00e9duire l\u2019\u00e9paisseur et l\u2019aspect rouge. Des technologies de remodelage cutan\u00e9 comme les lasers non ablatifs assurent \u00e9galement un r\u00e9sultat progressif, naturel et stable.<\/p><\/div><\/div><\/div><\/div><\/div><\/div><\/div><\/div><\/div><\/div><\/div><\/div><\/div><\/div><\/div><\/div><\/div><\/div><\/div><\/div>\t\t\t\t\t\t\t\t<\/div>\n\t\t\t\t<\/div>\n\t\t\t\t\t<\/div>\n\t\t\t\t<\/div>\n\t\t<div class=\"elementor-element elementor-element-187cb8b e-flex e-con-boxed e-con e-parent\" data-id=\"187cb8b\" data-element_type=\"container\" data-e-type=\"container\" data-settings=\"{&quot;jet_parallax_layout_list&quot;:[]}\">\n\t\t\t\t\t<div class=\"e-con-inner\">\n\t\t\t\t<div class=\"elementor-element elementor-element-4296334 elementor-widget elementor-widget-heading\" data-id=\"4296334\" data-element_type=\"widget\" data-e-type=\"widget\" data-widget_type=\"heading.default\">\n\t\t\t\t<div class=\"elementor-widget-container\">\n\t\t\t\t\t<h2 class=\"elementor-heading-title elementor-size-default\">Traitement du visage fatigu\u00e9 : corriger les signes visibles de manque de sommeil et de stress<\/h2>\t\t\t\t<\/div>\n\t\t\t\t<\/div>\n\t\t\t\t<div class=\"elementor-element elementor-element-cdea332 elementor-widget-divider--view-line elementor-widget elementor-widget-divider\" data-id=\"cdea332\" data-element_type=\"widget\" data-e-type=\"widget\" data-widget_type=\"divider.default\">\n\t\t\t\t<div class=\"elementor-widget-container\">\n\t\t\t\t\t\t\t<div class=\"elementor-divider\">\n\t\t\t<span class=\"elementor-divider-separator\">\n\t\t\t\t\t\t<\/span>\n\t\t<\/div>\n\t\t\t\t\t\t<\/div>\n\t\t\t\t<\/div>\n\t\t\t\t<div class=\"elementor-element elementor-element-2c7bef4 elementor-widget elementor-widget-text-editor\" data-id=\"2c7bef4\" data-element_type=\"widget\" data-e-type=\"widget\" data-widget_type=\"text-editor.default\">\n\t\t\t\t<div class=\"elementor-widget-container\">\n\t\t\t\t\t\t\t\t\t<div class=\"et_pb_row et_pb_row_4 et_pb_gutters2\"><div class=\"et_pb_column et_pb_column_1_2 et_pb_column_7 et_pb_css_mix_blend_mode_passthrough et-last-child\"><div class=\"et_pb_module et_pb_text et_pb_text_7 et_pb_text_align_left et_pb_bg_layout_light\"><div class=\"et_pb_text_inner\"><div class=\"et_pb_column et_pb_column_1_2 et_pb_column_13 et_pb_css_mix_blend_mode_passthrough\"><div class=\"et_pb_module et_pb_text et_pb_text_15 et_pb_text_align_left et_pb_bg_layout_light\"><div class=\"et_pb_text_inner\"><div id=\"origine-cernes\" class=\"et_pb_section et_pb_section_5 et_pb_with_background et_section_regular et_had_animation\"><div class=\"et_pb_row et_pb_row_6\"><div class=\"et_pb_column et_pb_column_1_2 et_pb_column_9 et_pb_css_mix_blend_mode_passthrough et-last-child\"><div class=\"et_pb_module et_pb_text et_pb_text_10 et_pb_text_align_left et_pb_bg_layout_light\"><div class=\"et_pb_text_inner\"><div class=\"et_pb_column et_pb_column_1_2 et_pb_column_19 et_pb_css_mix_blend_mode_passthrough\"><div class=\"et_pb_module et_pb_text et_pb_text_26 et_pb_text_align_left et_pb_bg_layout_light\"><div class=\"et_pb_text_inner\"><div id=\"origine-cernes\" class=\"et_pb_section et_pb_section_7 et_section_regular et_had_animation\"><div class=\"et_pb_row et_pb_row_13\"><div class=\"et_pb_column et_pb_column_4_4 et_pb_column_21 et_pb_css_mix_blend_mode_passthrough et-last-child\"><div class=\"et_pb_module et_pb_text et_pb_text_29 et_pb_text_align_left et_pb_bg_layout_light\"><div class=\"et_pb_text_inner\"><p>Les nuits courtes et la fatigue des premi\u00e8res semaines post-partum peuvent marquer le visage : cernes creus\u00e9s, poches mod\u00e9r\u00e9es, teint terne, rides d\u2019expression accentu\u00e9es. L\u2019approche esth\u00e9tique doit rester douce et progressive, en privil\u00e9giant des techniques naturelles visant \u00e0 raviver l\u2019\u00e9clat et \u00e0 restaurer les volumes perdus de mani\u00e8re subtile.<br \/>L\u2019injection de toxine botulique permet de d\u00e9tendre certaines zones contract\u00e9es du visage, notamment la glabelle et le front, donnant un aspect plus repos\u00e9. L\u2019acide hyaluronique, utilis\u00e9 avec pr\u00e9cision et parcimonie, peut corriger les cernes creux, restaurer la zone malaire ou r\u00e9hydrater les l\u00e8vres pour un r\u00e9sultat naturel.<br \/>Le photorajeunissement laser, la radiofr\u00e9quence douce ou des soins de biorevitalisation constituent des alternatives l\u00e9g\u00e8res. L\u2019objectif est de redonner fra\u00eecheur et \u00e9nergie au visage, sans jamais alt\u00e9rer le visage.<\/p><\/div><\/div><\/div><\/div><\/div><\/div><\/div><\/div><\/div><\/div><\/div><\/div><\/div><\/div><\/div><\/div><\/div><\/div><\/div><\/div>\t\t\t\t\t\t\t\t<\/div>\n\t\t\t\t<\/div>\n\t\t\t\t\t<\/div>\n\t\t\t\t<\/div>\n\t\t<div class=\"elementor-element elementor-element-2906494 e-flex e-con-boxed e-con e-parent\" data-id=\"2906494\" data-element_type=\"container\" data-e-type=\"container\" data-settings=\"{&quot;jet_parallax_layout_list&quot;:[]}\">\n\t\t\t\t\t<div class=\"e-con-inner\">\n\t\t\t\t<div class=\"elementor-element elementor-element-f4498ba elementor-widget elementor-widget-heading\" data-id=\"f4498ba\" data-element_type=\"widget\" data-e-type=\"widget\" data-widget_type=\"heading.default\">\n\t\t\t\t<div class=\"elementor-widget-container\">\n\t\t\t\t\t<h2 class=\"elementor-heading-title elementor-size-default\">Corps et silhouette : accompagner le retour \u00e0 l\u2019\u00e9quilibre<\/h2>\t\t\t\t<\/div>\n\t\t\t\t<\/div>\n\t\t\t\t<div class=\"elementor-element elementor-element-11732d9 elementor-widget-divider--view-line elementor-widget elementor-widget-divider\" data-id=\"11732d9\" data-element_type=\"widget\" data-e-type=\"widget\" data-widget_type=\"divider.default\">\n\t\t\t\t<div class=\"elementor-widget-container\">\n\t\t\t\t\t\t\t<div class=\"elementor-divider\">\n\t\t\t<span class=\"elementor-divider-separator\">\n\t\t\t\t\t\t<\/span>\n\t\t<\/div>\n\t\t\t\t\t\t<\/div>\n\t\t\t\t<\/div>\n\t\t\t\t<div class=\"elementor-element elementor-element-2faa2d9 elementor-widget elementor-widget-text-editor\" data-id=\"2faa2d9\" data-element_type=\"widget\" data-e-type=\"widget\" data-widget_type=\"text-editor.default\">\n\t\t\t\t<div class=\"elementor-widget-container\">\n\t\t\t\t\t\t\t\t\t<div class=\"et_pb_row et_pb_row_4 et_pb_gutters2\"><div class=\"et_pb_column et_pb_column_1_2 et_pb_column_7 et_pb_css_mix_blend_mode_passthrough et-last-child\"><div class=\"et_pb_module et_pb_text et_pb_text_7 et_pb_text_align_left et_pb_bg_layout_light\"><div class=\"et_pb_text_inner\"><div class=\"et_pb_column et_pb_column_1_2 et_pb_column_13 et_pb_css_mix_blend_mode_passthrough\"><div class=\"et_pb_module et_pb_text et_pb_text_15 et_pb_text_align_left et_pb_bg_layout_light\"><div class=\"et_pb_text_inner\"><div id=\"origine-cernes\" class=\"et_pb_section et_pb_section_5 et_pb_with_background et_section_regular et_had_animation\"><div class=\"et_pb_row et_pb_row_6\"><div class=\"et_pb_column et_pb_column_1_2 et_pb_column_9 et_pb_css_mix_blend_mode_passthrough et-last-child\"><div class=\"et_pb_module et_pb_text et_pb_text_10 et_pb_text_align_left et_pb_bg_layout_light\"><div class=\"et_pb_text_inner\"><div class=\"et_pb_column et_pb_column_1_2 et_pb_column_19 et_pb_css_mix_blend_mode_passthrough\"><div class=\"et_pb_module et_pb_text et_pb_text_26 et_pb_text_align_left et_pb_bg_layout_light\"><div class=\"et_pb_text_inner\"><div id=\"origine-cernes\" class=\"et_pb_section et_pb_section_7 et_section_regular et_had_animation\"><div class=\"et_pb_row et_pb_row_13\"><div class=\"et_pb_column et_pb_column_4_4 et_pb_column_21 et_pb_css_mix_blend_mode_passthrough et-last-child\"><div class=\"et_pb_module et_pb_text et_pb_text_29 et_pb_text_align_left et_pb_bg_layout_light\"><div class=\"et_pb_text_inner\"><p>La grossesse modifie les volumes corporels : accumulation graisseuse localis\u00e9e, rel\u00e2chement cutan\u00e9, r\u00e9tention d\u2019eau. La m\u00e9decine \u00e0 vis\u00e9e esth\u00e9tique propose des solutions non invasives, respectueuses du corps et \u00e9volutives dans le temps.<br \/>La cryolipolyse ou certaines technologies bas\u00e9es sur les ultrasons focalis\u00e9s peuvent cibler des zones graisseuses persistantes malgr\u00e9 une hygi\u00e8ne de vie saine. Ces m\u00e9thodes n\u00e9cessitent g\u00e9n\u00e9ralement plusieurs s\u00e9ances, et leurs effets apparaissent progressivement, en harmonie avec la perte de poids naturelle post-partum. La radiofr\u00e9quence corporelle favorise la fermet\u00e9 cutan\u00e9e et am\u00e9liore la qualit\u00e9 de la peau. Des soins de drainages m\u00e9dicaux peuvent \u00e9galement aider \u00e0 r\u00e9duire la r\u00e9tention hydrique.<br \/>Les injections de Sculptra am\u00e9liorent la densit\u00e9 cutan\u00e9e.<\/p><\/div><\/div><\/div><\/div><\/div><\/div><\/div><\/div><\/div><\/div><\/div><\/div><\/div><\/div><\/div><\/div><\/div><\/div><\/div><\/div>\t\t\t\t\t\t\t\t<\/div>\n\t\t\t\t<\/div>\n\t\t\t\t\t<\/div>\n\t\t\t\t<\/div>\n\t\t<div class=\"elementor-element elementor-element-070e7e9 e-flex e-con-boxed e-con e-parent\" data-id=\"070e7e9\" data-element_type=\"container\" data-e-type=\"container\" data-settings=\"{&quot;jet_parallax_layout_list&quot;:[]}\">\n\t\t\t\t\t<div class=\"e-con-inner\">\n\t\t\t\t<div class=\"elementor-element elementor-element-94810ab elementor-widget elementor-widget-heading\" data-id=\"94810ab\" data-element_type=\"widget\" data-e-type=\"widget\" data-widget_type=\"heading.default\">\n\t\t\t\t<div class=\"elementor-widget-container\">\n\t\t\t\t\t<h2 class=\"elementor-heading-title elementor-size-default\">Chute de cheveux post-partum : soutenir la repousse et la vitalit\u00e9 capillaire<\/h2>\t\t\t\t<\/div>\n\t\t\t\t<\/div>\n\t\t\t\t<div class=\"elementor-element elementor-element-9da1161 elementor-widget-divider--view-line elementor-widget elementor-widget-divider\" data-id=\"9da1161\" data-element_type=\"widget\" data-e-type=\"widget\" data-widget_type=\"divider.default\">\n\t\t\t\t<div class=\"elementor-widget-container\">\n\t\t\t\t\t\t\t<div class=\"elementor-divider\">\n\t\t\t<span class=\"elementor-divider-separator\">\n\t\t\t\t\t\t<\/span>\n\t\t<\/div>\n\t\t\t\t\t\t<\/div>\n\t\t\t\t<\/div>\n\t\t\t\t<div class=\"elementor-element elementor-element-87ec151 elementor-widget elementor-widget-text-editor\" data-id=\"87ec151\" data-element_type=\"widget\" data-e-type=\"widget\" data-widget_type=\"text-editor.default\">\n\t\t\t\t<div class=\"elementor-widget-container\">\n\t\t\t\t\t\t\t\t\t<p>La chute de cheveux post-partum, appel\u00e9e effluvium t\u00e9log\u00e8ne, survient fr\u00e9quemment dans les mois suivant l\u2019accouchement. Elle r\u00e9sulte du retour hormonal \u00e0 l\u2019\u00e9tat pr\u00e9-gestationnel et peut \u00eatre source d\u2019anxi\u00e9t\u00e9. La repousse est spontan\u00e9ment attendue, mais certains traitements acc\u00e9l\u00e8rent et optimisent ce processus.<br \/>La m\u00e9soth\u00e9rapie capillaire et les injections de PRP cheveux nourrissent le cuir chevelu et favorisent l\u2019\u00e9paississement de la fibre capillaire. La photobiomodulation peut \u00eatre associ\u00e9e pour stimuler la microcirculation locale. Dans certains cas, un bilan sanguin peut \u00eatre demand\u00e9 pour exclure un d\u00e9ficit nutritionnel ou une carence en fer.<\/p>\t\t\t\t\t\t\t\t<\/div>\n\t\t\t\t<\/div>\n\t\t\t\t\t<\/div>\n\t\t\t\t<\/div>\n\t\t<div class=\"elementor-element elementor-element-2d13989 e-flex e-con-boxed e-con e-parent\" data-id=\"2d13989\" data-element_type=\"container\" data-e-type=\"container\" data-settings=\"{&quot;jet_parallax_layout_list&quot;:[]}\">\n\t\t\t\t\t<div class=\"e-con-inner\">\n\t\t\t\t<div class=\"elementor-element elementor-element-7864e56 elementor-widget elementor-widget-n-accordion\" data-id=\"7864e56\" data-element_type=\"widget\" data-e-type=\"widget\" data-settings=\"{&quot;default_state&quot;:&quot;expanded&quot;,&quot;max_items_expended&quot;:&quot;one&quot;,&quot;n_accordion_animation_duration&quot;:{&quot;unit&quot;:&quot;ms&quot;,&quot;size&quot;:400,&quot;sizes&quot;:[]}}\" data-widget_type=\"nested-accordion.default\">\n\t\t\t\t<div class=\"elementor-widget-container\">\n\t\t\t\t\t\t\t<div class=\"e-n-accordion\" aria-label=\"Accordion. Open links with Enter or Space, close with Escape, and navigate with Arrow Keys\">\n\t\t\t\t\t\t<details id=\"e-n-accordion-item-1260\" class=\"e-n-accordion-item\" open>\n\t\t\t\t<summary class=\"e-n-accordion-item-title\" data-accordion-index=\"1\" tabindex=\"0\" aria-expanded=\"true\" aria-controls=\"e-n-accordion-item-1260\" >\n\t\t\t\t\t<span class='e-n-accordion-item-title-header'><div class=\"e-n-accordion-item-title-text\"> Quels sont les soins esth\u00e9tiques recommand\u00e9s pour les nouvelles mamans ayant peu de temps ? <\/div><\/span>\n\t\t\t\t\t\t\t<span class='e-n-accordion-item-title-icon'>\n\t\t\t<span class='e-opened' ><svg aria-hidden=\"true\" class=\"e-font-icon-svg e-fas-minus\" viewBox=\"0 0 448 512\" xmlns=\"http:\/\/www.w3.org\/2000\/svg\"><path d=\"M416 208H32c-17.67 0-32 14.33-32 32v32c0 17.67 14.33 32 32 32h384c17.67 0 32-14.33 32-32v-32c0-17.67-14.33-32-32-32z\"><\/path><\/svg><\/span>\n\t\t\t<span class='e-closed'><svg aria-hidden=\"true\" class=\"e-font-icon-svg e-fas-plus\" viewBox=\"0 0 448 512\" xmlns=\"http:\/\/www.w3.org\/2000\/svg\"><path d=\"M416 208H272V64c0-17.67-14.33-32-32-32h-32c-17.67 0-32 14.33-32 32v144H32c-17.67 0-32 14.33-32 32v32c0 17.67 14.33 32 32 32h144v144c0 17.67 14.33 32 32 32h32c17.67 0 32-14.33 32-32V304h144c17.67 0 32-14.33 32-32v-32c0-17.67-14.33-32-32-32z\"><\/path><\/svg><\/span>\n\t\t<\/span>\n\n\t\t\t\t\t\t<\/summary>\n\t\t\t\t<div role=\"region\" aria-labelledby=\"e-n-accordion-item-1260\" class=\"elementor-element elementor-element-324296c e-con-full e-flex e-con e-child\" data-id=\"324296c\" data-element_type=\"container\" data-e-type=\"container\" data-settings=\"{&quot;jet_parallax_layout_list&quot;:[]}\">\n\t\t\t\t<div class=\"elementor-element elementor-element-bb6d6be elementor-widget elementor-widget-text-editor\" data-id=\"bb6d6be\" data-element_type=\"widget\" data-e-type=\"widget\" data-widget_type=\"text-editor.default\">\n\t\t\t\t<div class=\"elementor-widget-container\">\n\t\t\t\t\t\t\t\t\t<p>Pour les nouvelles mamans disposant de peu de temps, des soins rapides et efficaces comme les peelings doux, les s\u00e9ances d&#8217;hydrafacial, les soins hydratants et les massages drainants sont recommand\u00e9s. Ces traitements revitalisent la peau, am\u00e9liorent l&#8217;\u00e9clat du teint et offrent un moment de d\u00e9tente, le tout en moins d&#8217;une heure.<\/p>\t\t\t\t\t\t\t\t<\/div>\n\t\t\t\t<\/div>\n\t\t\t\t<\/div>\n\t\t\t\t\t<\/details>\n\t\t\t\t\t\t<details id=\"e-n-accordion-item-1261\" class=\"e-n-accordion-item\" >\n\t\t\t\t<summary class=\"e-n-accordion-item-title\" data-accordion-index=\"2\" tabindex=\"-1\" aria-expanded=\"false\" aria-controls=\"e-n-accordion-item-1261\" >\n\t\t\t\t\t<span class='e-n-accordion-item-title-header'><div class=\"e-n-accordion-item-title-text\"> Peut-on faire des injections d\u2019acide hyaluronique ou de toxine botulique apr\u00e8s un accouchement ? <\/div><\/span>\n\t\t\t\t\t\t\t<span class='e-n-accordion-item-title-icon'>\n\t\t\t<span class='e-opened' ><svg aria-hidden=\"true\" class=\"e-font-icon-svg e-fas-minus\" viewBox=\"0 0 448 512\" xmlns=\"http:\/\/www.w3.org\/2000\/svg\"><path d=\"M416 208H32c-17.67 0-32 14.33-32 32v32c0 17.67 14.33 32 32 32h384c17.67 0 32-14.33 32-32v-32c0-17.67-14.33-32-32-32z\"><\/path><\/svg><\/span>\n\t\t\t<span class='e-closed'><svg aria-hidden=\"true\" class=\"e-font-icon-svg e-fas-plus\" viewBox=\"0 0 448 512\" xmlns=\"http:\/\/www.w3.org\/2000\/svg\"><path d=\"M416 208H272V64c0-17.67-14.33-32-32-32h-32c-17.67 0-32 14.33-32 32v144H32c-17.67 0-32 14.33-32 32v32c0 17.67 14.33 32 32 32h144v144c0 17.67 14.33 32 32 32h32c17.67 0 32-14.33 32-32V304h144c17.67 0 32-14.33 32-32v-32c0-17.67-14.33-32-32-32z\"><\/path><\/svg><\/span>\n\t\t<\/span>\n\n\t\t\t\t\t\t<\/summary>\n\t\t\t\t<div role=\"region\" aria-labelledby=\"e-n-accordion-item-1261\" class=\"elementor-element elementor-element-2617cd5 e-con-full e-flex e-con e-child\" data-id=\"2617cd5\" data-element_type=\"container\" data-e-type=\"container\" data-settings=\"{&quot;jet_parallax_layout_list&quot;:[]}\">\n\t\t\t\t<div class=\"elementor-element elementor-element-82271a3 elementor-widget elementor-widget-text-editor\" data-id=\"82271a3\" data-element_type=\"widget\" data-e-type=\"widget\" data-widget_type=\"text-editor.default\">\n\t\t\t\t<div class=\"elementor-widget-container\">\n\t\t\t\t\t\t\t\t\t<p>Il faut attendre la fin de l&#8217;allaitement avant de r\u00e9aliser des injections d&#8217;acide hyaluronique ou de toxine botulique. Cela permet d&#8217;\u00e9viter toute interaction potentielle et de garantir des r\u00e9sultats optimaux. Une consultation avec un m\u00e9decin est essentielle pour \u00e9valuer la situation et le bon moment pour le traitement.<\/p>\t\t\t\t\t\t\t\t<\/div>\n\t\t\t\t<\/div>\n\t\t\t\t<\/div>\n\t\t\t\t\t<\/details>\n\t\t\t\t\t\t<details id=\"e-n-accordion-item-1262\" class=\"e-n-accordion-item\" >\n\t\t\t\t<summary class=\"e-n-accordion-item-title\" data-accordion-index=\"3\" tabindex=\"-1\" aria-expanded=\"false\" aria-controls=\"e-n-accordion-item-1262\" >\n\t\t\t\t\t<span class='e-n-accordion-item-title-header'><div class=\"e-n-accordion-item-title-text\"> Comment att\u00e9nuer les gonflements et la r\u00e9tention d\u2019eau apr\u00e8s l\u2019accouchement ? <\/div><\/span>\n\t\t\t\t\t\t\t<span class='e-n-accordion-item-title-icon'>\n\t\t\t<span class='e-opened' ><svg aria-hidden=\"true\" class=\"e-font-icon-svg e-fas-minus\" viewBox=\"0 0 448 512\" xmlns=\"http:\/\/www.w3.org\/2000\/svg\"><path d=\"M416 208H32c-17.67 0-32 14.33-32 32v32c0 17.67 14.33 32 32 32h384c17.67 0 32-14.33 32-32v-32c0-17.67-14.33-32-32-32z\"><\/path><\/svg><\/span>\n\t\t\t<span class='e-closed'><svg aria-hidden=\"true\" class=\"e-font-icon-svg e-fas-plus\" viewBox=\"0 0 448 512\" xmlns=\"http:\/\/www.w3.org\/2000\/svg\"><path d=\"M416 208H272V64c0-17.67-14.33-32-32-32h-32c-17.67 0-32 14.33-32 32v144H32c-17.67 0-32 14.33-32 32v32c0 17.67 14.33 32 32 32h144v144c0 17.67 14.33 32 32 32h32c17.67 0 32-14.33 32-32V304h144c17.67 0 32-14.33 32-32v-32c0-17.67-14.33-32-32-32z\"><\/path><\/svg><\/span>\n\t\t<\/span>\n\n\t\t\t\t\t\t<\/summary>\n\t\t\t\t<div role=\"region\" aria-labelledby=\"e-n-accordion-item-1262\" class=\"elementor-element elementor-element-d544f6e e-con-full e-flex e-con e-child\" data-id=\"d544f6e\" data-element_type=\"container\" data-e-type=\"container\" data-settings=\"{&quot;jet_parallax_layout_list&quot;:[]}\">\n\t\t\t\t<div class=\"elementor-element elementor-element-4f2dce3 elementor-widget elementor-widget-text-editor\" data-id=\"4f2dce3\" data-element_type=\"widget\" data-e-type=\"widget\" data-widget_type=\"text-editor.default\">\n\t\t\t\t<div class=\"elementor-widget-container\">\n\t\t\t\t\t\t\t\t\t<p>Les massages drainants, une bonne hydratation, une alimentation \u00e9quilibr\u00e9e et l\u2019activit\u00e9 physique douce (comme la marche ou le yoga post-natal) aident \u00e0 r\u00e9duire les gonflements. Des soins esth\u00e9tiques comme la pressoth\u00e9rapie peuvent \u00e9galement stimuler la circulation lymphatique et acc\u00e9l\u00e9rer l&#8217;\u00e9limination de la r\u00e9tention d&#8217;eau.<\/p>\t\t\t\t\t\t\t\t<\/div>\n\t\t\t\t<\/div>\n\t\t\t\t<\/div>\n\t\t\t\t\t<\/details>\n\t\t\t\t\t\t<details id=\"e-n-accordion-item-1263\" class=\"e-n-accordion-item\" >\n\t\t\t\t<summary class=\"e-n-accordion-item-title\" data-accordion-index=\"4\" tabindex=\"-1\" aria-expanded=\"false\" aria-controls=\"e-n-accordion-item-1263\" >\n\t\t\t\t\t<span class='e-n-accordion-item-title-header'><div class=\"e-n-accordion-item-title-text\"> Quels soins esth\u00e9tiques peuvent \u00eatre r\u00e9alis\u00e9s en toute s\u00e9curit\u00e9 apr\u00e8s une c\u00e9sarienne ? <\/div><\/span>\n\t\t\t\t\t\t\t<span class='e-n-accordion-item-title-icon'>\n\t\t\t<span class='e-opened' ><svg aria-hidden=\"true\" class=\"e-font-icon-svg e-fas-minus\" viewBox=\"0 0 448 512\" xmlns=\"http:\/\/www.w3.org\/2000\/svg\"><path d=\"M416 208H32c-17.67 0-32 14.33-32 32v32c0 17.67 14.33 32 32 32h384c17.67 0 32-14.33 32-32v-32c0-17.67-14.33-32-32-32z\"><\/path><\/svg><\/span>\n\t\t\t<span class='e-closed'><svg aria-hidden=\"true\" class=\"e-font-icon-svg e-fas-plus\" viewBox=\"0 0 448 512\" xmlns=\"http:\/\/www.w3.org\/2000\/svg\"><path d=\"M416 208H272V64c0-17.67-14.33-32-32-32h-32c-17.67 0-32 14.33-32 32v144H32c-17.67 0-32 14.33-32 32v32c0 17.67 14.33 32 32 32h144v144c0 17.67 14.33 32 32 32h32c17.67 0 32-14.33 32-32V304h144c17.67 0 32-14.33 32-32v-32c0-17.67-14.33-32-32-32z\"><\/path><\/svg><\/span>\n\t\t<\/span>\n\n\t\t\t\t\t\t<\/summary>\n\t\t\t\t<div role=\"region\" aria-labelledby=\"e-n-accordion-item-1263\" class=\"elementor-element elementor-element-4a070ba e-con-full e-flex e-con e-child\" data-id=\"4a070ba\" data-element_type=\"container\" data-e-type=\"container\" data-settings=\"{&quot;jet_parallax_layout_list&quot;:[]}\">\n\t\t\t\t<div class=\"elementor-element elementor-element-5e7094b elementor-widget elementor-widget-text-editor\" data-id=\"5e7094b\" data-element_type=\"widget\" data-e-type=\"widget\" data-widget_type=\"text-editor.default\">\n\t\t\t\t<div class=\"elementor-widget-container\">\n\t\t\t\t\t\t\t\t\t<p>Apr\u00e8s une c\u00e9sarienne, les soins doux comme les massages l\u00e9gers, les soins du visage hydratants et les traitements non invasifs (peelings superficiels, hydrafacial) sont sans risque. Pour le traitement d\u2019une \u00e9ventuelle cicatrice par laser, il est recommand\u00e9 d&#8217;attendre la fin du proc\u00e8s de cicatrisation et de consulter un m\u00e9decin exp\u00e9riment\u00e9.<\/p>\t\t\t\t\t\t\t\t<\/div>\n\t\t\t\t<\/div>\n\t\t\t\t<\/div>\n\t\t\t\t\t<\/details>\n\t\t\t\t\t\t<details id=\"e-n-accordion-item-1264\" class=\"e-n-accordion-item\" >\n\t\t\t\t<summary class=\"e-n-accordion-item-title\" data-accordion-index=\"5\" tabindex=\"-1\" aria-expanded=\"false\" aria-controls=\"e-n-accordion-item-1264\" >\n\t\t\t\t\t<span class='e-n-accordion-item-title-header'><div class=\"e-n-accordion-item-title-text\"> Les traitements esth\u00e9tiques post-partum sont-ils efficaces \u00e0 long terme ? <\/div><\/span>\n\t\t\t\t\t\t\t<span class='e-n-accordion-item-title-icon'>\n\t\t\t<span class='e-opened' ><svg aria-hidden=\"true\" class=\"e-font-icon-svg e-fas-minus\" viewBox=\"0 0 448 512\" xmlns=\"http:\/\/www.w3.org\/2000\/svg\"><path d=\"M416 208H32c-17.67 0-32 14.33-32 32v32c0 17.67 14.33 32 32 32h384c17.67 0 32-14.33 32-32v-32c0-17.67-14.33-32-32-32z\"><\/path><\/svg><\/span>\n\t\t\t<span class='e-closed'><svg aria-hidden=\"true\" class=\"e-font-icon-svg e-fas-plus\" viewBox=\"0 0 448 512\" xmlns=\"http:\/\/www.w3.org\/2000\/svg\"><path d=\"M416 208H272V64c0-17.67-14.33-32-32-32h-32c-17.67 0-32 14.33-32 32v144H32c-17.67 0-32 14.33-32 32v32c0 17.67 14.33 32 32 32h144v144c0 17.67 14.33 32 32 32h32c17.67 0 32-14.33 32-32V304h144c17.67 0 32-14.33 32-32v-32c0-17.67-14.33-32-32-32z\"><\/path><\/svg><\/span>\n\t\t<\/span>\n\n\t\t\t\t\t\t<\/summary>\n\t\t\t\t<div role=\"region\" aria-labelledby=\"e-n-accordion-item-1264\" class=\"elementor-element elementor-element-8abec16 e-con-full e-flex e-con e-child\" data-id=\"8abec16\" data-element_type=\"container\" data-e-type=\"container\" data-settings=\"{&quot;jet_parallax_layout_list&quot;:[]}\">\n\t\t\t\t<div class=\"elementor-element elementor-element-e2d07bd elementor-widget elementor-widget-text-editor\" data-id=\"e2d07bd\" data-element_type=\"widget\" data-e-type=\"widget\" data-widget_type=\"text-editor.default\">\n\t\t\t\t<div class=\"elementor-widget-container\">\n\t\t\t\t\t\t\t\t\t<p>Oui, les traitements esth\u00e9tiques post-partum peuvent offrir des r\u00e9sultats durables, surtout s&#8217;ils sont associ\u00e9s \u00e0 une bonne routine de soins \u00e0 domicile. Des soins r\u00e9guliers et adapt\u00e9s permettent de maintenir l&#8217;\u00e9clat de la peau, de pr\u00e9venir le rel\u00e2chement cutan\u00e9 et d\u2019am\u00e9liorer la qualit\u00e9 de la peau sur le long terme.<\/p>\t\t\t\t\t\t\t\t<\/div>\n\t\t\t\t<\/div>\n\t\t\t\t<\/div>\n\t\t\t\t\t<\/details>\n\t\t\t\t\t<\/div>\n\t\t\t\t\t<script type=\"application\/ld+json\">{\"@context\":\"https:\\\/\\\/schema.org\",\"@type\":\"FAQPage\",\"mainEntity\":[{\"@type\":\"Question\",\"name\":\"Quels sont les soins esth\\u00e9tiques recommand\\u00e9s pour les nouvelles mamans ayant peu de temps ?\",\"acceptedAnswer\":{\"@type\":\"Answer\",\"text\":\"Pour les nouvelles mamans disposant de peu de temps, des soins rapides et efficaces comme les peelings doux, les s\\u00e9ances d&#8217;hydrafacial, les soins hydratants et les massages drainants sont recommand\\u00e9s. Ces traitements revitalisent la peau, am\\u00e9liorent l&#8217;\\u00e9clat du teint et offrent un moment de d\\u00e9tente, le tout en moins d&#8217;une heure.\"}},{\"@type\":\"Question\",\"name\":\"Peut-on faire des injections d\\u2019acide hyaluronique ou de toxine botulique apr\\u00e8s un accouchement ?\",\"acceptedAnswer\":{\"@type\":\"Answer\",\"text\":\"Il faut attendre la fin de l&#8217;allaitement avant de r\\u00e9aliser des injections d&#8217;acide hyaluronique ou de toxine botulique. Cela permet d&#8217;\\u00e9viter toute interaction potentielle et de garantir des r\\u00e9sultats optimaux. Une consultation avec un m\\u00e9decin est essentielle pour \\u00e9valuer la situation et le bon moment pour le traitement.\"}},{\"@type\":\"Question\",\"name\":\"Comment att\\u00e9nuer les gonflements et la r\\u00e9tention d\\u2019eau apr\\u00e8s l\\u2019accouchement ?\",\"acceptedAnswer\":{\"@type\":\"Answer\",\"text\":\"Les massages drainants, une bonne hydratation, une alimentation \\u00e9quilibr\\u00e9e et l\\u2019activit\\u00e9 physique douce (comme la marche ou le yoga post-natal) aident \\u00e0 r\\u00e9duire les gonflements. Des soins esth\\u00e9tiques comme la pressoth\\u00e9rapie peuvent \\u00e9galement stimuler la circulation lymphatique et acc\\u00e9l\\u00e9rer l&#8217;\\u00e9limination de la r\\u00e9tention d&#8217;eau.\"}},{\"@type\":\"Question\",\"name\":\"Quels soins esth\\u00e9tiques peuvent \\u00eatre r\\u00e9alis\\u00e9s en toute s\\u00e9curit\\u00e9 apr\\u00e8s une c\\u00e9sarienne ?\",\"acceptedAnswer\":{\"@type\":\"Answer\",\"text\":\"Apr\\u00e8s une c\\u00e9sarienne, les soins doux comme les massages l\\u00e9gers, les soins du visage hydratants et les traitements non invasifs (peelings superficiels, hydrafacial) sont sans risque. Pour le traitement d\\u2019une \\u00e9ventuelle cicatrice par laser, il est recommand\\u00e9 d&#8217;attendre la fin du proc\\u00e8s de cicatrisation et de consulter un m\\u00e9decin exp\\u00e9riment\\u00e9.\"}},{\"@type\":\"Question\",\"name\":\"Les traitements esth\\u00e9tiques post-partum sont-ils efficaces \\u00e0 long terme ?\",\"acceptedAnswer\":{\"@type\":\"Answer\",\"text\":\"Oui, les traitements esth\\u00e9tiques post-partum peuvent offrir des r\\u00e9sultats durables, surtout s&#8217;ils sont associ\\u00e9s \\u00e0 une bonne routine de soins \\u00e0 domicile. Des soins r\\u00e9guliers et adapt\\u00e9s permettent de maintenir l&#8217;\\u00e9clat de la peau, de pr\\u00e9venir le rel\\u00e2chement cutan\\u00e9 et d\\u2019am\\u00e9liorer la qualit\\u00e9 de la peau sur le long terme.\"}}]}<\/script>\n\t\t\t\t\t\t\t<\/div>\n\t\t\t\t<\/div>\n\t\t\t\t\t<\/div>\n\t\t\t\t<\/div>\n\t\t\t\t<\/div>\n\t\t","protected":false},"excerpt":{"rendered":"<p>SOINS ESTH\u00c9TIQUES APR\u00c8S GROSSESSE ET ACCOUCHEMENT Sommaire La grossesse est une p\u00e9riode de transformation profonde pour le corps de la femme. Ces changements, bien que naturels et souvent attendus, peuvent avoir un impact significatif sur l\u2019apparence physique et la perception de soi.Il est essentiel de comprendre et d&#8217;aborder ces modifications avec une sensibilit\u00e9 particuli\u00e8re et [&hellip;]<\/p>\n","protected":false},"author":1,"featured_media":0,"parent":0,"menu_order":0,"comment_status":"closed","ping_status":"closed","template":"elementor_header_footer","meta":{"footnotes":""},"class_list":["post-10112","page","type-page","status-publish","hentry"],"yoast_head":"<!-- This site is optimized with the Yoast SEO plugin v27.5 - https:\/\/yoast.com\/product\/yoast-seo-wordpress\/ -->\n<title>Soins esth\u00e9tiques apr\u00e8s grossesse et accouchement - Dr Romano<\/title>\n<meta name=\"description\" content=\"Les soins esth\u00e9tiques post-partum pour retrouver confiance et bien-\u00eatre apr\u00e8s la grossesse. Des traitements personnalis\u00e9s pour une peau \u00e9clatante, une silhouette harmonieuse, un visage d\u00e9fatigu\u00e9 et des cheveux revitalis\u00e9s.\" \/>\n<meta name=\"robots\" content=\"index, follow, max-snippet:-1, max-image-preview:large, max-video-preview:-1\" \/>\n<link rel=\"canonical\" href=\"https:\/\/drromanovaleria.ch\/it\/post-partum\/\" \/>\n<meta property=\"og:locale\" content=\"it_IT\" \/>\n<meta property=\"og:type\" content=\"article\" \/>\n<meta property=\"og:title\" content=\"Soins esth\u00e9tiques apr\u00e8s grossesse et accouchement - Dr Romano\" \/>\n<meta property=\"og:description\" content=\"Les soins esth\u00e9tiques post-partum pour retrouver confiance et bien-\u00eatre apr\u00e8s la grossesse. Des traitements personnalis\u00e9s pour une peau \u00e9clatante, une silhouette harmonieuse, un visage d\u00e9fatigu\u00e9 et des cheveux revitalis\u00e9s.\" \/>\n<meta property=\"og:url\" content=\"https:\/\/drromanovaleria.ch\/it\/post-partum\/\" \/>\n<meta property=\"og:site_name\" content=\"Dr Romano\" \/>\n<meta property=\"article:modified_time\" content=\"2025-11-01T17:14:56+00:00\" \/>\n<meta name=\"twitter:card\" content=\"summary_large_image\" \/>\n<meta name=\"twitter:label1\" content=\"Tempo di lettura stimato\" \/>\n\t<meta name=\"twitter:data1\" content=\"9 minuti\" \/>\n<script type=\"application\/ld+json\" class=\"yoast-schema-graph\">{\"@context\":\"https:\\\/\\\/schema.org\",\"@graph\":[{\"@type\":\"WebPage\",\"@id\":\"https:\\\/\\\/drromanovaleria.ch\\\/post-partum\\\/\",\"url\":\"https:\\\/\\\/drromanovaleria.ch\\\/post-partum\\\/\",\"name\":\"Soins esth\u00e9tiques apr\u00e8s grossesse et accouchement - Dr Romano\",\"isPartOf\":{\"@id\":\"https:\\\/\\\/drromanovaleria.ch\\\/#website\"},\"datePublished\":\"2024-12-31T15:21:47+00:00\",\"dateModified\":\"2025-11-01T17:14:56+00:00\",\"description\":\"Les soins esth\u00e9tiques post-partum pour retrouver confiance et bien-\u00eatre apr\u00e8s la grossesse. Des traitements personnalis\u00e9s pour une peau \u00e9clatante, une silhouette harmonieuse, un visage d\u00e9fatigu\u00e9 et des cheveux revitalis\u00e9s.\",\"breadcrumb\":{\"@id\":\"https:\\\/\\\/drromanovaleria.ch\\\/post-partum\\\/#breadcrumb\"},\"inLanguage\":\"it-IT\",\"potentialAction\":[{\"@type\":\"ReadAction\",\"target\":[\"https:\\\/\\\/drromanovaleria.ch\\\/post-partum\\\/\"]}]},{\"@type\":\"BreadcrumbList\",\"@id\":\"https:\\\/\\\/drromanovaleria.ch\\\/post-partum\\\/#breadcrumb\",\"itemListElement\":[{\"@type\":\"ListItem\",\"position\":1,\"name\":\"Accueil\",\"item\":\"https:\\\/\\\/drromanovaleria.ch\\\/\"},{\"@type\":\"ListItem\",\"position\":2,\"name\":\"Post-partum\"}]},{\"@type\":\"WebSite\",\"@id\":\"https:\\\/\\\/drromanovaleria.ch\\\/#website\",\"url\":\"https:\\\/\\\/drromanovaleria.ch\\\/\",\"name\":\"Dr Romano\",\"description\":\"M\u00e9decine morphologique et anti-\u00e2ge\",\"potentialAction\":[{\"@type\":\"SearchAction\",\"target\":{\"@type\":\"EntryPoint\",\"urlTemplate\":\"https:\\\/\\\/drromanovaleria.ch\\\/?s={search_term_string}\"},\"query-input\":{\"@type\":\"PropertyValueSpecification\",\"valueRequired\":true,\"valueName\":\"search_term_string\"}}],\"inLanguage\":\"it-IT\"}]}<\/script>\n<!-- \/ Yoast SEO plugin. -->","yoast_head_json":{"title":"Trattamenti Estetici Post Gravidanza e Parto - Dott.ssa Romano","description":"Trattamenti estetici post-partum per ritrovare fiducia e benessere dopo la gravidanza. Trattamenti personalizzati per una pelle luminosa, una silhouette armoniosa, un viso riposato e capelli rivitalizzati.","robots":{"index":"index","follow":"follow","max-snippet":"max-snippet:-1","max-image-preview":"max-image-preview:large","max-video-preview":"max-video-preview:-1"},"canonical":"https:\/\/drromanovaleria.ch\/it\/post-partum\/","og_locale":"it_IT","og_type":"article","og_title":"Soins esth\u00e9tiques apr\u00e8s grossesse et accouchement - Dr Romano","og_description":"Les soins esth\u00e9tiques post-partum pour retrouver confiance et bien-\u00eatre apr\u00e8s la grossesse. Des traitements personnalis\u00e9s pour une peau \u00e9clatante, une silhouette harmonieuse, un visage d\u00e9fatigu\u00e9 et des cheveux revitalis\u00e9s.","og_url":"https:\/\/drromanovaleria.ch\/it\/post-partum\/","og_site_name":"Dr Romano","article_modified_time":"2025-11-01T17:14:56+00:00","twitter_card":"summary_large_image","twitter_misc":{"Tempo di lettura stimato":"9 minuti"},"schema":{"@context":"https:\/\/schema.org","@graph":[{"@type":"WebPage","@id":"https:\/\/drromanovaleria.ch\/post-partum\/","url":"https:\/\/drromanovaleria.ch\/post-partum\/","name":"Trattamenti Estetici Post Gravidanza e Parto - Dott.ssa Romano","isPartOf":{"@id":"https:\/\/drromanovaleria.ch\/#website"},"datePublished":"2024-12-31T15:21:47+00:00","dateModified":"2025-11-01T17:14:56+00:00","description":"Trattamenti estetici post-partum per ritrovare fiducia e benessere dopo la gravidanza. Trattamenti personalizzati per una pelle luminosa, una silhouette armoniosa, un viso riposato e capelli rivitalizzati.","breadcrumb":{"@id":"https:\/\/drromanovaleria.ch\/post-partum\/#breadcrumb"},"inLanguage":"it-IT","potentialAction":[{"@type":"ReadAction","target":["https:\/\/drromanovaleria.ch\/post-partum\/"]}]},{"@type":"BreadcrumbList","@id":"https:\/\/drromanovaleria.ch\/post-partum\/#breadcrumb","itemListElement":[{"@type":"ListItem","position":1,"name":"Accueil","item":"https:\/\/drromanovaleria.ch\/"},{"@type":"ListItem","position":2,"name":"Post-partum"}]},{"@type":"WebSite","@id":"https:\/\/drromanovaleria.ch\/#website","url":"https:\/\/drromanovaleria.ch\/","name":"Dott. Romano","description":"Medicina morfologica e anti-invecchiamento","potentialAction":[{"@type":"SearchAction","target":{"@type":"EntryPoint","urlTemplate":"https:\/\/drromanovaleria.ch\/?s={search_term_string}"},"query-input":{"@type":"PropertyValueSpecification","valueRequired":true,"valueName":"search_term_string"}}],"inLanguage":"it-IT"}]}},"amp_enabled":false,"_links":{"self":[{"href":"https:\/\/drromanovaleria.ch\/it\/wp-json\/wp\/v2\/pages\/10112","targetHints":{"allow":["GET"]}}],"collection":[{"href":"https:\/\/drromanovaleria.ch\/it\/wp-json\/wp\/v2\/pages"}],"about":[{"href":"https:\/\/drromanovaleria.ch\/it\/wp-json\/wp\/v2\/types\/page"}],"author":[{"embeddable":true,"href":"https:\/\/drromanovaleria.ch\/it\/wp-json\/wp\/v2\/users\/1"}],"replies":[{"embeddable":true,"href":"https:\/\/drromanovaleria.ch\/it\/wp-json\/wp\/v2\/comments?post=10112"}],"version-history":[{"count":5,"href":"https:\/\/drromanovaleria.ch\/it\/wp-json\/wp\/v2\/pages\/10112\/revisions"}],"predecessor-version":[{"id":41599,"href":"https:\/\/drromanovaleria.ch\/it\/wp-json\/wp\/v2\/pages\/10112\/revisions\/41599"}],"wp:attachment":[{"href":"https:\/\/drromanovaleria.ch\/it\/wp-json\/wp\/v2\/media?parent=10112"}],"curies":[{"name":"wp","href":"https:\/\/api.w.org\/{rel}","templated":true}]}}