{"id":34064,"date":"2025-09-18T14:16:37","date_gmt":"2025-09-18T12:16:37","guid":{"rendered":"https:\/\/drromanovaleria.ch\/?post_type=infographie&#038;p=34064"},"modified":"2026-03-07T12:49:45","modified_gmt":"2026-03-07T11:49:45","slug":"lifting-guance-cadenti-prezzo","status":"publish","type":"infographie","link":"https:\/\/drromanovaleria.ch\/it\/infographie\/lifting-bajoues-prix\/","title":{"rendered":"Lifting bajoues prix"},"content":{"rendered":"\t\t<div data-elementor-type=\"wp-post\" data-elementor-id=\"34064\" class=\"elementor elementor-34064\" data-elementor-post-type=\"infographie\">\n\t\t\t\t<div class=\"elementor-element elementor-element-17aedc2 e-flex e-con-boxed e-con e-parent\" data-id=\"17aedc2\" data-element_type=\"container\" data-e-type=\"container\" data-settings=\"{&quot;background_background&quot;:&quot;classic&quot;,&quot;jet_parallax_layout_list&quot;:[]}\">\n\t\t\t\t\t<div class=\"e-con-inner\">\n\t\t<div class=\"elementor-element elementor-element-40e1361 e-con-full e-flex e-con e-child\" data-id=\"40e1361\" data-element_type=\"container\" data-e-type=\"container\" data-settings=\"{&quot;background_background&quot;:&quot;classic&quot;,&quot;jet_parallax_layout_list&quot;:[]}\">\n\t\t\t\t<div class=\"elementor-element elementor-element-dcb9071 elementor-widget__width-initial elementor-widget elementor-widget-heading\" data-id=\"dcb9071\" data-element_type=\"widget\" data-e-type=\"widget\" data-widget_type=\"heading.default\">\n\t\t\t\t<div class=\"elementor-widget-container\">\n\t\t\t\t\t<h1 class=\"elementor-heading-title elementor-size-default\">LIFTING BAJOUES PRIX<\/h1>\t\t\t\t<\/div>\n\t\t\t\t<\/div>\n\t\t\t\t<div class=\"elementor-element elementor-element-5f89fb8 elementor-align-center elementor-widget elementor-widget-breadcrumbs\" data-id=\"5f89fb8\" data-element_type=\"widget\" data-e-type=\"widget\" data-widget_type=\"breadcrumbs.default\">\n\t\t\t\t<div class=\"elementor-widget-container\">\n\t\t\t\t\t<p id=\"breadcrumbs\"><span><span><a href=\"https:\/\/drromanovaleria.ch\/\">Accueil<\/a><\/span><\/span><\/p>\t\t\t\t<\/div>\n\t\t\t\t<\/div>\n\t\t\t\t<\/div>\n\t\t\t\t\t<\/div>\n\t\t\t\t<\/div>\n\t\t<div class=\"elementor-element elementor-element-95f7d30 e-flex e-con-boxed e-con e-parent\" data-id=\"95f7d30\" data-element_type=\"container\" data-e-type=\"container\" data-settings=\"{&quot;jet_parallax_layout_list&quot;:[]}\">\n\t\t\t\t\t<div class=\"e-con-inner\">\n\t\t<div class=\"elementor-element elementor-element-a50c3ef e-flex e-con-boxed e-con e-child\" data-id=\"a50c3ef\" data-element_type=\"container\" data-e-type=\"container\" data-settings=\"{&quot;jet_parallax_layout_list&quot;:[]}\">\n\t\t\t\t\t<div class=\"e-con-inner\">\n\t\t<div class=\"elementor-element elementor-element-01f57a6 e-con-full e-flex e-con e-child\" data-id=\"01f57a6\" data-element_type=\"container\" data-e-type=\"container\" data-settings=\"{&quot;background_background&quot;:&quot;classic&quot;,&quot;jet_parallax_layout_list&quot;:[]}\">\n\t\t\t\t<div class=\"elementor-element elementor-element-29e3491 elementor-widget elementor-widget-text-editor\" data-id=\"29e3491\" data-element_type=\"widget\" data-e-type=\"widget\" data-widget_type=\"text-editor.default\">\n\t\t\t\t<div class=\"elementor-widget-container\">\n\t\t\t\t\t\t\t\t\t<h2>Faire dispara\u00eetre les bajoues<\/h2>\t\t\t\t\t\t\t\t<\/div>\n\t\t\t\t<\/div>\n\t\t\t\t<div class=\"elementor-element elementor-element-3192803 elementor-widget elementor-widget-text-editor\" data-id=\"3192803\" data-element_type=\"widget\" data-e-type=\"widget\" data-widget_type=\"text-editor.default\">\n\t\t\t\t<div class=\"elementor-widget-container\">\n\t\t\t\t\t\t\t\t\t<p>Le lifting des <a href=\"https:\/\/drromanovaleria.ch\/besoins\/visage\/bajoues\/\">bajoues<\/a> est un acte de m\u00e9decine ou de chirurgie esth\u00e9tique visant \u00e0 redessiner l\u2019ovale du visage en r\u00e9duisant l\u2019affaissement cutan\u00e9 localis\u00e9 au niveau du tiers inf\u00e9rieur du visage. Avec l\u2019\u00e2ge, la <a href=\"https:\/\/drromanovaleria.ch\/besoins\/peau-et-cheveux\/\">peau<\/a> perd sa tonicit\u00e9, les tissus sous-cutan\u00e9s se rel\u00e2chent et les compartiments graisseux se d\u00e9placent vers le bas. Ce ph\u00e9nom\u00e8ne entra\u00eene l\u2019apparition de bajoues qui alourdissent le contour mandibulaire et modifient l\u2019harmonie du visage. Le lifting des bajoues n\u2019est pas une simple correction esth\u00e9tique, cette technique redonne \u00e0 l\u2019ensemble du <a href=\"https:\/\/drromanovaleria.ch\/besoins\/visage\/\">visage<\/a> une apparence plus jeune et plus dynamique, tout en respectant la personnalit\u00e9 de chaque patient.<\/p>\t\t\t\t\t\t\t\t<\/div>\n\t\t\t\t<\/div>\n\t\t\t\t<\/div>\n\t\t\t\t\t<\/div>\n\t\t\t\t<\/div>\n\t\t<div class=\"elementor-element elementor-element-7aca2ac e-flex e-con-boxed e-con e-child\" data-id=\"7aca2ac\" data-element_type=\"container\" data-e-type=\"container\" data-settings=\"{&quot;jet_parallax_layout_list&quot;:[]}\">\n\t\t\t\t\t<div class=\"e-con-inner\">\n\t\t\t\t<div class=\"elementor-element elementor-element-9d7ed3a elementor-widget elementor-widget-image\" data-id=\"9d7ed3a\" data-element_type=\"widget\" data-e-type=\"widget\" data-widget_type=\"image.default\">\n\t\t\t\t<div class=\"elementor-widget-container\">\n\t\t\t\t\t\t\t\t\t\t\t\t\t\t\t<img fetchpriority=\"high\" decoding=\"async\" width=\"300\" height=\"220\" src=\"https:\/\/drromanovaleria.ch\/wp-content\/uploads\/2024\/05\/hydratation-peau.webp\" class=\"attachment-medium size-medium wp-image-4852\" alt=\"image peau jeune hydrat\u00e9e\" srcset=\"https:\/\/drromanovaleria.ch\/wp-content\/uploads\/2024\/05\/hydratation-peau.webp 300w, https:\/\/drromanovaleria.ch\/wp-content\/uploads\/2024\/05\/hydratation-peau-16x12.webp 16w\" sizes=\"(max-width: 300px) 100vw, 300px\" \/>\t\t\t\t\t\t\t\t\t\t\t\t\t\t\t<\/div>\n\t\t\t\t<\/div>\n\t\t\t\t<div class=\"elementor-element elementor-element-8b5606d elementor-align-center elementor-widget elementor-widget-button\" data-id=\"8b5606d\" data-element_type=\"widget\" data-e-type=\"widget\" data-widget_type=\"button.default\">\n\t\t\t\t<div class=\"elementor-widget-container\">\n\t\t\t\t\t\t\t\t\t<div class=\"elementor-button-wrapper\">\n\t\t\t\t\t<a class=\"elementor-button elementor-button-link elementor-size-sm\" href=\"https:\/\/drromanovaleria.ch\/contactez-le-dr-romano\/\">\n\t\t\t\t\t\t<span class=\"elementor-button-content-wrapper\">\n\t\t\t\t\t\t\t\t\t<span class=\"elementor-button-text\">Prendre rendez-vous<\/span>\n\t\t\t\t\t<\/span>\n\t\t\t\t\t<\/a>\n\t\t\t\t<\/div>\n\t\t\t\t\t\t\t\t<\/div>\n\t\t\t\t<\/div>\n\t\t\t\t\t<\/div>\n\t\t\t\t<\/div>\n\t\t\t\t\t<\/div>\n\t\t\t\t<\/div>\n\t\t<div class=\"elementor-element elementor-element-d786c06 e-flex e-con-boxed e-con e-parent\" data-id=\"d786c06\" data-element_type=\"container\" data-e-type=\"container\" data-settings=\"{&quot;jet_parallax_layout_list&quot;:[]}\">\n\t\t\t\t\t<div class=\"e-con-inner\">\n\t\t\t\t<div class=\"elementor-element elementor-element-0f89f36 elementor-toc--content-ellipsis elementor-toc--minimized-on-desktop elementor-widget elementor-widget-table-of-contents\" data-id=\"0f89f36\" data-element_type=\"widget\" data-e-type=\"widget\" data-settings=\"{&quot;exclude_headings_by_selector&quot;:[],&quot;minimized_on&quot;:&quot;desktop&quot;,&quot;no_headings_message&quot;:&quot;Aucun titre n\\u2019a \\u00e9t\\u00e9 trouv\\u00e9 sur cette page.&quot;,&quot;headings_by_tags&quot;:[&quot;h2&quot;,&quot;h3&quot;,&quot;h4&quot;,&quot;h5&quot;,&quot;h6&quot;],&quot;marker_view&quot;:&quot;numbers&quot;,&quot;minimize_box&quot;:&quot;yes&quot;,&quot;hierarchical_view&quot;:&quot;yes&quot;,&quot;min_height&quot;:{&quot;unit&quot;:&quot;px&quot;,&quot;size&quot;:&quot;&quot;,&quot;sizes&quot;:[]},&quot;min_height_tablet&quot;:{&quot;unit&quot;:&quot;px&quot;,&quot;size&quot;:&quot;&quot;,&quot;sizes&quot;:[]},&quot;min_height_mobile&quot;:{&quot;unit&quot;:&quot;px&quot;,&quot;size&quot;:&quot;&quot;,&quot;sizes&quot;:[]}}\" data-widget_type=\"table-of-contents.default\">\n\t\t\t\t<div class=\"elementor-widget-container\">\n\t\t\t\t\t\t\t\t\t<div class=\"elementor-toc__header\">\n\t\t\t\t\t\t<h2 class=\"elementor-toc__header-title\">\n\t\t\t\tSommaire\t\t\t<\/h2>\n\t\t\t\t\t\t\t\t\t\t<div class=\"elementor-toc__toggle-button elementor-toc__toggle-button--expand\" role=\"button\" tabindex=\"0\" aria-controls=\"elementor-toc__0f89f36\" aria-expanded=\"true\" aria-label=\"Ouvrir la table des mati\u00e8res\"><svg aria-hidden=\"true\" class=\"e-font-icon-svg e-fas-chevron-down\" viewBox=\"0 0 448 512\" xmlns=\"http:\/\/www.w3.org\/2000\/svg\"><path d=\"M207.029 381.476L12.686 187.132c-9.373-9.373-9.373-24.569 0-33.941l22.667-22.667c9.357-9.357 24.522-9.375 33.901-.04L224 284.505l154.745-154.021c9.379-9.335 24.544-9.317 33.901.04l22.667 22.667c9.373 9.373 9.373 24.569 0 33.941L240.971 381.476c-9.373 9.372-24.569 9.372-33.942 0z\"><\/path><\/svg><\/div>\n\t\t\t\t<div class=\"elementor-toc__toggle-button elementor-toc__toggle-button--collapse\" role=\"button\" tabindex=\"0\" aria-controls=\"elementor-toc__0f89f36\" aria-expanded=\"true\" aria-label=\"Fermer la table des mati\u00e8res\"><svg aria-hidden=\"true\" class=\"e-font-icon-svg e-fas-chevron-up\" viewBox=\"0 0 448 512\" xmlns=\"http:\/\/www.w3.org\/2000\/svg\"><path d=\"M240.971 130.524l194.343 194.343c9.373 9.373 9.373 24.569 0 33.941l-22.667 22.667c-9.357 9.357-24.522 9.375-33.901.04L224 227.495 69.255 381.516c-9.379 9.335-24.544 9.317-33.901-.04l-22.667-22.667c-9.373-9.373-9.373-24.569 0-33.941L207.03 130.525c9.372-9.373 24.568-9.373 33.941-.001z\"><\/path><\/svg><\/div>\n\t\t\t\t\t<\/div>\n\t\t\t\t<div id=\"elementor-toc__0f89f36\" class=\"elementor-toc__body\">\n\t\t\t<div class=\"elementor-toc__spinner-container\">\n\t\t\t\t<svg class=\"elementor-toc__spinner eicon-animation-spin e-font-icon-svg e-eicon-loading\" aria-hidden=\"true\" viewBox=\"0 0 1000 1000\" xmlns=\"http:\/\/www.w3.org\/2000\/svg\"><path d=\"M500 975V858C696 858 858 696 858 500S696 142 500 142 142 304 142 500H25C25 237 238 25 500 25S975 237 975 500 763 975 500 975Z\"><\/path><\/svg>\t\t\t<\/div>\n\t\t<\/div>\n\t\t\t\t\t\t<\/div>\n\t\t\t\t<\/div>\n\t\t\t\t\t<\/div>\n\t\t\t\t<\/div>\n\t\t<div class=\"elementor-element elementor-element-d56e89e e-flex e-con-boxed e-con e-parent\" data-id=\"d56e89e\" data-element_type=\"container\" data-e-type=\"container\" data-settings=\"{&quot;jet_parallax_layout_list&quot;:[]}\">\n\t\t\t\t\t<div class=\"e-con-inner\">\n\t\t\t\t<div class=\"elementor-element elementor-element-a4d4a0b elementor-widget elementor-widget-text-editor\" data-id=\"a4d4a0b\" data-element_type=\"widget\" data-e-type=\"widget\" data-widget_type=\"text-editor.default\">\n\t\t\t\t<div class=\"elementor-widget-container\">\n\t\t\t\t\t\t\t\t\t<h2>Pourquoi les bajoues apparaissent-elles ?<\/h2>\t\t\t\t\t\t\t\t<\/div>\n\t\t\t\t<\/div>\n\t\t\t\t<div class=\"elementor-element elementor-element-b57a138 elementor-widget-divider--view-line elementor-widget elementor-widget-divider\" data-id=\"b57a138\" data-element_type=\"widget\" data-e-type=\"widget\" data-widget_type=\"divider.default\">\n\t\t\t\t<div class=\"elementor-widget-container\">\n\t\t\t\t\t\t\t<div class=\"elementor-divider\">\n\t\t\t<span class=\"elementor-divider-separator\">\n\t\t\t\t\t\t<\/span>\n\t\t<\/div>\n\t\t\t\t\t\t<\/div>\n\t\t\t\t<\/div>\n\t\t\t\t<div class=\"elementor-element elementor-element-d875e59 elementor-widget elementor-widget-text-editor\" data-id=\"d875e59\" data-element_type=\"widget\" data-e-type=\"widget\" data-widget_type=\"text-editor.default\">\n\t\t\t\t<div class=\"elementor-widget-container\">\n\t\t\t\t\t\t\t\t\t<p>Les causes principales de l\u2019apparition des bajoues sont bien identifi\u00e9es.<\/p><ul><li>Vieillissement cutan\u00e9 naturel : diminution du taux de collag\u00e8ne et d\u2019\u00e9lastine.<\/li><\/ul><ul><li>Rel\u00e2chement musculaire : perte de tonicit\u00e9 des muscles peauciers du cou et du visage.<\/li><li>Redistribution des volumes graisseux : migration de la graisse malaire vers la partie inf\u00e9rieure du visage.<\/li><li>Facteurs externes : exposition solaire, tabac, pollution, stress oxydatif, variations pond\u00e9rales.<\/li><\/ul><p>Ces \u00e9l\u00e9ments combin\u00e9s aboutissent \u00e0 une perte de d\u00e9finition de l\u2019angle cervico-mentonnier et \u00e0 un affaissement visible des contours mandibulaires.<\/p>\t\t\t\t\t\t\t\t<\/div>\n\t\t\t\t<\/div>\n\t\t\t\t\t<\/div>\n\t\t\t\t<\/div>\n\t\t<div class=\"elementor-element elementor-element-df8cd84 e-flex e-con-boxed e-con e-parent\" data-id=\"df8cd84\" data-element_type=\"container\" data-e-type=\"container\" data-settings=\"{&quot;jet_parallax_layout_list&quot;:[]}\">\n\t\t\t\t\t<div class=\"e-con-inner\">\n\t\t\t\t<div class=\"elementor-element elementor-element-94f646d elementor-widget elementor-widget-text-editor\" data-id=\"94f646d\" data-element_type=\"widget\" data-e-type=\"widget\" data-widget_type=\"text-editor.default\">\n\t\t\t\t<div class=\"elementor-widget-container\">\n\t\t\t\t\t\t\t\t\t<h2>Quelles techniques existent pour traiter les bajoues ?<\/h2>\t\t\t\t\t\t\t\t<\/div>\n\t\t\t\t<\/div>\n\t\t\t\t<div class=\"elementor-element elementor-element-ca96930 elementor-widget-divider--view-line elementor-widget elementor-widget-divider\" data-id=\"ca96930\" data-element_type=\"widget\" data-e-type=\"widget\" data-widget_type=\"divider.default\">\n\t\t\t\t<div class=\"elementor-widget-container\">\n\t\t\t\t\t\t\t<div class=\"elementor-divider\">\n\t\t\t<span class=\"elementor-divider-separator\">\n\t\t\t\t\t\t<\/span>\n\t\t<\/div>\n\t\t\t\t\t\t<\/div>\n\t\t\t\t<\/div>\n\t\t\t\t<div class=\"elementor-element elementor-element-03079eb elementor-widget elementor-widget-text-editor\" data-id=\"03079eb\" data-element_type=\"widget\" data-e-type=\"widget\" data-widget_type=\"text-editor.default\">\n\t\t\t\t<div class=\"elementor-widget-container\">\n\t\t\t\t\t\t\t\t\t<p>Le traitement des bajoues peut \u00eatre r\u00e9alis\u00e9 selon plusieurs approches, allant des m\u00e9thodes non invasives aux techniques chirurgicales. Le choix d\u00e9pend du degr\u00e9 de rel\u00e2chement, de l\u2019\u00e2ge du patient et du r\u00e9sultat attendu.<\/p><h3>Lifting des bajoues par des techniques de m\u00e9decine \u00e0 vis\u00e9e esth\u00e9tique<\/h3><p>Lorsque le rel\u00e2chement reste l\u00e9ger ou mod\u00e9r\u00e9, il est possible de corriger l\u2019affaissement des bajoues sans passer par la chirurgie. Plusieurs techniques de m\u00e9decine \u00e0 vis\u00e9e esth\u00e9tique apportent des r\u00e9sultats visibles et naturels. Les fils tenseurs r\u00e9sorbables exercent une action m\u00e9canique en repositionnant les tissus, tout en stimulant la production de collag\u00e8ne. Le <a href=\"https:\/\/drromanovaleria.ch\/solutions\/lasers\/photorajeunissement\/\">laser de photorajeunissement<\/a> am\u00e9liore progressivement la fermet\u00e9 cutan\u00e9e, sans douleur ni \u00e9viction sociale. Les injections d\u2019<a href=\"https:\/\/drromanovaleria.ch\/solutions\/injections\/acide-hayluronique\/\">acide hyaluronique<\/a>, enfin, permettent de restaurer les volumes perdus au niveau des pommettes ou de l\u2019angle mandibulaire, redessinant ainsi une ligne d\u2019ovale plus r\u00e9guli\u00e8re.<br \/>En pratique, ces m\u00e9thodes sont souvent associ\u00e9es et constituent ce que l\u2019on appelle un <a href=\"https:\/\/drromanovaleria.ch\/lifting-medical\/\">lifting m\u00e9dical<\/a>. Elles s\u2019adressent en priorit\u00e9 aux patients qui ont encore des tissus toniques ou \u00e0 ceux qui souhaitent une correction efficace mais discr\u00e8te, sans interruption de leurs activit\u00e9s quotidiennes.<\/p><h3>Lifting chirurgical des bajoues<\/h3><p>Lorsque les bajoues sont marqu\u00e9es et associ\u00e9es \u00e0 un rel\u00e2chement important, le lifting chirurgical reste la r\u00e9f\u00e9rence. Il consiste \u00e0 retendre la peau et les muscles du bas du visage et du cou, afin de restaurer l\u2019ovale et d\u2019obtenir un r\u00e9sultat durable. Cette intervention, pratiqu\u00e9e sous anesth\u00e9sie locale avec s\u00e9dation ou sous anesth\u00e9sie g\u00e9n\u00e9rale, n\u00e9cessite une convalescence de 10 \u00e0 15 jours. Le r\u00e9sultat s\u2019appr\u00e9cie pleinement apr\u00e8s quelques semaines et perdure de nombreuses ann\u00e9es.<\/p>\t\t\t\t\t\t\t\t<\/div>\n\t\t\t\t<\/div>\n\t\t\t\t\t<\/div>\n\t\t\t\t<\/div>\n\t\t<div class=\"elementor-element elementor-element-46ef9f8 e-flex e-con-boxed e-con e-parent\" data-id=\"46ef9f8\" data-element_type=\"container\" data-e-type=\"container\" data-settings=\"{&quot;jet_parallax_layout_list&quot;:[]}\">\n\t\t\t\t\t<div class=\"e-con-inner\">\n\t\t\t\t<div class=\"elementor-element elementor-element-1e86adb elementor-widget elementor-widget-text-editor\" data-id=\"1e86adb\" data-element_type=\"widget\" data-e-type=\"widget\" data-widget_type=\"text-editor.default\">\n\t\t\t\t<div class=\"elementor-widget-container\">\n\t\t\t\t\t\t\t\t\t<h3>Facteurs influen\u00e7ant le prix du lifting des bajoues<\/h3>\t\t\t\t\t\t\t\t<\/div>\n\t\t\t\t<\/div>\n\t\t\t\t<div class=\"elementor-element elementor-element-67cb587 elementor-widget-divider--view-line elementor-widget elementor-widget-divider\" data-id=\"67cb587\" data-element_type=\"widget\" data-e-type=\"widget\" data-widget_type=\"divider.default\">\n\t\t\t\t<div class=\"elementor-widget-container\">\n\t\t\t\t\t\t\t<div class=\"elementor-divider\">\n\t\t\t<span class=\"elementor-divider-separator\">\n\t\t\t\t\t\t<\/span>\n\t\t<\/div>\n\t\t\t\t\t\t<\/div>\n\t\t\t\t<\/div>\n\t\t\t\t<div class=\"elementor-element elementor-element-8a7763e elementor-widget elementor-widget-text-editor\" data-id=\"8a7763e\" data-element_type=\"widget\" data-e-type=\"widget\" data-widget_type=\"text-editor.default\">\n\t\t\t\t<div class=\"elementor-widget-container\">\n\t\t\t\t\t\t\t\t\t<p>Le prix d\u2019un lifting des bajoues ne peut pas se r\u00e9duire \u00e0 un tarif fixe. Il r\u00e9sulte de nombreux \u00e9l\u00e9ments qui expliquent les diff\u00e9rences parfois importantes d\u2019un cabinet \u00e0 l\u2019autre.<br \/>Plusieurs facteurs entrent en jeu :<br \/>\u2022 La technique employ\u00e9e, qu\u2019il s\u2019agisse d\u2019un acte de m\u00e9decine \u00e0 vis\u00e9e esth\u00e9tique comme les fils tenseurs, les injections ou la radiofr\u00e9quence, ou bien d\u2019un lifting chirurgical complet.<br \/>\u2022 Le temps n\u00e9cessaire \u00e0 la prise en charge : certains traitements se r\u00e9alisent en une seule s\u00e9ance, d\u2019autres n\u00e9cessitent plusieurs rendez-vous espac\u00e9s.<br \/>\u2022 Le degr\u00e9 de rel\u00e2chement cutan\u00e9, qui conditionne la difficult\u00e9 du traitement.<br \/>\u2022 La complexit\u00e9 du geste et la dur\u00e9e de l\u2019intervention, qui influencent directement le co\u00fbt.<br \/>\u2022 L\u2019exp\u00e9rience du m\u00e9decin et son expertise reconnue, des crit\u00e8res qui justifient souvent des honoraires plus \u00e9lev\u00e9s.<br \/>\u2022 Enfin, le lieu de r\u00e9alisation : \u00e0 Gen\u00e8ve, le niveau de vie et les standards m\u00e9dicaux expliquent des tarifs plus \u00e9lev\u00e9s, mais la \u00a0qualit\u00e9 de soins et la s\u00e9curit\u00e9 sont irr\u00e9prochables.<\/p>\t\t\t\t\t\t\t\t<\/div>\n\t\t\t\t<\/div>\n\t\t\t\t\t<\/div>\n\t\t\t\t<\/div>\n\t\t<div class=\"elementor-element elementor-element-743aa6b e-flex e-con-boxed e-con e-parent\" data-id=\"743aa6b\" data-element_type=\"container\" data-e-type=\"container\" data-settings=\"{&quot;jet_parallax_layout_list&quot;:[]}\">\n\t\t\t\t\t<div class=\"e-con-inner\">\n\t\t\t\t<div class=\"elementor-element elementor-element-9a7ad69 elementor-widget elementor-widget-text-editor\" data-id=\"9a7ad69\" data-element_type=\"widget\" data-e-type=\"widget\" data-widget_type=\"text-editor.default\">\n\t\t\t\t<div class=\"elementor-widget-container\">\n\t\t\t\t\t\t\t\t\t<h2>La transparence des devis \u00e0 Gen\u00e8ve<\/h2>\t\t\t\t\t\t\t\t<\/div>\n\t\t\t\t<\/div>\n\t\t\t\t<div class=\"elementor-element elementor-element-f2fb5e3 elementor-widget-divider--view-line elementor-widget elementor-widget-divider\" data-id=\"f2fb5e3\" data-element_type=\"widget\" data-e-type=\"widget\" data-widget_type=\"divider.default\">\n\t\t\t\t<div class=\"elementor-widget-container\">\n\t\t\t\t\t\t\t<div class=\"elementor-divider\">\n\t\t\t<span class=\"elementor-divider-separator\">\n\t\t\t\t\t\t<\/span>\n\t\t<\/div>\n\t\t\t\t\t\t<\/div>\n\t\t\t\t<\/div>\n\t\t\t\t<div class=\"elementor-element elementor-element-0767f6d elementor-widget elementor-widget-text-editor\" data-id=\"0767f6d\" data-element_type=\"widget\" data-e-type=\"widget\" data-widget_type=\"text-editor.default\">\n\t\t\t\t<div class=\"elementor-widget-container\">\n\t\t\t\t\t\t\t\t\t<p>En Suisse, et plus particuli\u00e8rement \u00e0 Gen\u00e8ve, la transparence financi\u00e8re constitue un point essentiel de la relation entre m\u00e9decin et patient. Un devis pr\u00e9cis est toujours propos\u00e9 avant le traitement. Celui-ci d\u00e9taille le co\u00fbt de la consultation initiale, le prix du geste esth\u00e9tique envisag\u00e9, les \u00e9ventuels frais de suivi ou de retouche, les modalit\u00e9s de paiement accept\u00e9es.<br \/>Cette d\u00e9marche permet au patient d\u2019anticiper son investissement. Elle s\u2019inscrit dans une pratique m\u00e9dicale respectueuse, o\u00f9 l\u2019\u00e9thique prime sur la logique purement commerciale.<\/p>\t\t\t\t\t\t\t\t<\/div>\n\t\t\t\t<\/div>\n\t\t\t\t\t<\/div>\n\t\t\t\t<\/div>\n\t\t<div class=\"elementor-element elementor-element-ee5f339 e-flex e-con-boxed e-con e-parent\" data-id=\"ee5f339\" data-element_type=\"container\" data-e-type=\"container\" data-settings=\"{&quot;jet_parallax_layout_list&quot;:[]}\">\n\t\t\t\t\t<div class=\"e-con-inner\">\n\t\t\t\t<div class=\"elementor-element elementor-element-e833e35 elementor-widget elementor-widget-text-editor\" data-id=\"e833e35\" data-element_type=\"widget\" data-e-type=\"widget\" data-widget_type=\"text-editor.default\">\n\t\t\t\t<div class=\"elementor-widget-container\">\n\t\t\t\t\t\t\t\t\t<h2>Diff\u00e9rences de prix entre m\u00e9decine esth\u00e9tique et chirurgie<\/h2>\t\t\t\t\t\t\t\t<\/div>\n\t\t\t\t<\/div>\n\t\t\t\t<div class=\"elementor-element elementor-element-fc427d3 elementor-widget-divider--view-line elementor-widget elementor-widget-divider\" data-id=\"fc427d3\" data-element_type=\"widget\" data-e-type=\"widget\" data-widget_type=\"divider.default\">\n\t\t\t\t<div class=\"elementor-widget-container\">\n\t\t\t\t\t\t\t<div class=\"elementor-divider\">\n\t\t\t<span class=\"elementor-divider-separator\">\n\t\t\t\t\t\t<\/span>\n\t\t<\/div>\n\t\t\t\t\t\t<\/div>\n\t\t\t\t<\/div>\n\t\t\t\t<div class=\"elementor-element elementor-element-2ac7967 elementor-widget elementor-widget-text-editor\" data-id=\"2ac7967\" data-element_type=\"widget\" data-e-type=\"widget\" data-widget_type=\"text-editor.default\">\n\t\t\t\t<div class=\"elementor-widget-container\">\n\t\t\t\t\t\t\t\t\t<p>Le traitement des bajoues peut relever aussi bien de la m\u00e9decine \u00e0 vis\u00e9e esth\u00e9tique que de la chirurgie, et cette diff\u00e9rence se traduit imm\u00e9diatement dans les tarifs. En m\u00e9decine \u00e0 vis\u00e9e esth\u00e9tique, le co\u00fbt est g\u00e9n\u00e9ralement r\u00e9parti sur plusieurs s\u00e9ances, avec un montant global allant de quelques centaines \u00e0 quelques milliers de francs suisses. La chirurgie esth\u00e9tique, en revanche, repr\u00e9sente un investissement plus important, concentr\u00e9 sur une seule intervention, dont le prix peut d\u00e9passer dix mille francs suisses. Certains patients pr\u00e9f\u00e8rent ainsi une approche progressive, plus souple sur le plan financier, tandis que d\u2019autres choisissent une solution radicale et plus durable, qui justifie un co\u00fbt plus \u00e9lev\u00e9.<\/p>\t\t\t\t\t\t\t\t<\/div>\n\t\t\t\t<\/div>\n\t\t\t\t\t<\/div>\n\t\t\t\t<\/div>\n\t\t<div class=\"elementor-element elementor-element-f790407 e-flex e-con-boxed e-con e-parent\" data-id=\"f790407\" data-element_type=\"container\" data-e-type=\"container\" data-settings=\"{&quot;jet_parallax_layout_list&quot;:[]}\">\n\t\t\t\t\t<div class=\"e-con-inner\">\n\t\t\t\t<div class=\"elementor-element elementor-element-763d08c elementor-widget elementor-widget-text-editor\" data-id=\"763d08c\" data-element_type=\"widget\" data-e-type=\"widget\" data-widget_type=\"text-editor.default\">\n\t\t\t\t<div class=\"elementor-widget-container\">\n\t\t\t\t\t\t\t\t\t<h2>Le prix comme reflet de la s\u00e9curit\u00e9 et de la qualit\u00e9<\/h2>\t\t\t\t\t\t\t\t<\/div>\n\t\t\t\t<\/div>\n\t\t\t\t<div class=\"elementor-element elementor-element-636485c elementor-widget-divider--view-line elementor-widget elementor-widget-divider\" data-id=\"636485c\" data-element_type=\"widget\" data-e-type=\"widget\" data-widget_type=\"divider.default\">\n\t\t\t\t<div class=\"elementor-widget-container\">\n\t\t\t\t\t\t\t<div class=\"elementor-divider\">\n\t\t\t<span class=\"elementor-divider-separator\">\n\t\t\t\t\t\t<\/span>\n\t\t<\/div>\n\t\t\t\t\t\t<\/div>\n\t\t\t\t<\/div>\n\t\t\t\t<div class=\"elementor-element elementor-element-812cff2 elementor-widget elementor-widget-text-editor\" data-id=\"812cff2\" data-element_type=\"widget\" data-e-type=\"widget\" data-widget_type=\"text-editor.default\">\n\t\t\t\t<div class=\"elementor-widget-container\">\n\t\t\t\t\t\t\t\t\t<p>Un prix bas ne doit jamais constituer l\u2019unique crit\u00e8re de choix dans un acte esth\u00e9tique. Dans le domaine du lifting des bajoues, un tarif trop attractif peut parfois masquer des \u00e9conomies r\u00e9alis\u00e9es sur la qualit\u00e9 des produits, la comp\u00e9tence du m\u00e9decin ou la rigueur de la prise en charge. \u00c0 Gen\u00e8ve, la r\u00e9putation internationale de la m\u00e9decine \u00e0 vis\u00e9e esth\u00e9tique repose justement sur des standards \u00e9lev\u00e9s : hygi\u00e8ne irr\u00e9prochable, technologies de pointe, produits injectables certifi\u00e9s, et surtout expertise m\u00e9dicale confirm\u00e9e. Le prix refl\u00e8te donc \u00e0 la fois la qualit\u00e9 du geste et la s\u00e9curit\u00e9 apport\u00e9e au patient.<\/p>\t\t\t\t\t\t\t\t<\/div>\n\t\t\t\t<\/div>\n\t\t\t\t\t<\/div>\n\t\t\t\t<\/div>\n\t\t<div class=\"elementor-element elementor-element-ae3194f e-flex e-con-boxed e-con e-parent\" data-id=\"ae3194f\" data-element_type=\"container\" data-e-type=\"container\" data-settings=\"{&quot;jet_parallax_layout_list&quot;:[]}\">\n\t\t\t\t\t<div class=\"e-con-inner\">\n\t\t\t\t<div class=\"elementor-element elementor-element-c40b287 elementor-widget elementor-widget-text-editor\" data-id=\"c40b287\" data-element_type=\"widget\" data-e-type=\"widget\" data-widget_type=\"text-editor.default\">\n\t\t\t\t<div class=\"elementor-widget-container\">\n\t\t\t\t\t\t\t\t\t<h3>L\u2019\u00e9volution des prix avec le temps<\/h3>\t\t\t\t\t\t\t\t<\/div>\n\t\t\t\t<\/div>\n\t\t\t\t<div class=\"elementor-element elementor-element-8dd8c5c elementor-widget-divider--view-line elementor-widget elementor-widget-divider\" data-id=\"8dd8c5c\" data-element_type=\"widget\" data-e-type=\"widget\" data-widget_type=\"divider.default\">\n\t\t\t\t<div class=\"elementor-widget-container\">\n\t\t\t\t\t\t\t<div class=\"elementor-divider\">\n\t\t\t<span class=\"elementor-divider-separator\">\n\t\t\t\t\t\t<\/span>\n\t\t<\/div>\n\t\t\t\t\t\t<\/div>\n\t\t\t\t<\/div>\n\t\t\t\t<div class=\"elementor-element elementor-element-d3f9993 elementor-widget elementor-widget-text-editor\" data-id=\"d3f9993\" data-element_type=\"widget\" data-e-type=\"widget\" data-widget_type=\"text-editor.default\">\n\t\t\t\t<div class=\"elementor-widget-container\">\n\t\t\t\t\t\t\t\t\t<p>Un autre \u00e9l\u00e9ment important \u00e0 consid\u00e9rer lorsqu\u2019on r\u00e9fl\u00e9chit au traitement des bajoues est l\u2019\u00e9volution du co\u00fbt dans le temps. En m\u00e9decine \u00e0 vis\u00e9e esth\u00e9tique, les r\u00e9sultats sont visibles et rapides, mais ils ne sont pas d\u00e9finitifs. Les injections, les fils tenseurs ou encore les s\u00e9ances de laser n\u00e9cessitent un entretien r\u00e9gulier afin de maintenir les effets. Le prix doit donc \u00eatre per\u00e7u non pas comme une d\u00e9pense unique, mais comme un investissement r\u00e9current, \u00e9tal\u00e9 sur plusieurs ann\u00e9es. Ce rythme progressif s\u00e9duit de nombreux patients, car il permet de fractionner les co\u00fbts et d\u2019adapter la prise en charge \u00e0 l\u2019\u00e9volution naturelle du visage.<br \/>En chirurgie le budget est plus cons\u00e9quent d\u00e8s le d\u00e9part. Le co\u00fbt initial peut para\u00eetre \u00e9lev\u00e9, mais il correspond \u00e0 une intervention unique dont les effets se prolongent sur de nombreuses ann\u00e9es. Dans cette perspective, le prix du lifting chirurgical peut \u00eatre consid\u00e9r\u00e9 un investissement ponctuel, qui s\u2019amortit dans le temps et ne n\u00e9cessite pas le m\u00eame suivi que les techniques m\u00e9dicales.<br \/>Comparer ces deux approches ne se r\u00e9sume donc pas \u00e0 opposer un tarif \u00e9lev\u00e9 \u00e0 un tarif plus accessible. C\u2019est une r\u00e9flexion globale, qui doit int\u00e9grer la durabilit\u00e9 des r\u00e9sultats, le rythme d\u2019entretien n\u00e9cessaire.<\/p>\t\t\t\t\t\t\t\t<\/div>\n\t\t\t\t<\/div>\n\t\t\t\t\t<\/div>\n\t\t\t\t<\/div>\n\t\t<div class=\"elementor-element elementor-element-dd259b8 e-flex e-con-boxed e-con e-parent\" data-id=\"dd259b8\" data-element_type=\"container\" data-e-type=\"container\" data-settings=\"{&quot;jet_parallax_layout_list&quot;:[]}\">\n\t\t\t\t\t<div class=\"e-con-inner\">\n\t\t\t\t<div class=\"elementor-element elementor-element-7e7bf8d elementor-widget elementor-widget-text-editor\" data-id=\"7e7bf8d\" data-element_type=\"widget\" data-e-type=\"widget\" data-widget_type=\"text-editor.default\">\n\t\t\t\t<div class=\"elementor-widget-container\">\n\t\t\t\t\t\t\t\t\t<h2>Comparaison internationale des prix<\/h2>\t\t\t\t\t\t\t\t<\/div>\n\t\t\t\t<\/div>\n\t\t\t\t<div class=\"elementor-element elementor-element-6d2dd19 elementor-widget-divider--view-line elementor-widget elementor-widget-divider\" data-id=\"6d2dd19\" data-element_type=\"widget\" data-e-type=\"widget\" data-widget_type=\"divider.default\">\n\t\t\t\t<div class=\"elementor-widget-container\">\n\t\t\t\t\t\t\t<div class=\"elementor-divider\">\n\t\t\t<span class=\"elementor-divider-separator\">\n\t\t\t\t\t\t<\/span>\n\t\t<\/div>\n\t\t\t\t\t\t<\/div>\n\t\t\t\t<\/div>\n\t\t\t\t<div class=\"elementor-element elementor-element-e54a05e elementor-widget elementor-widget-text-editor\" data-id=\"e54a05e\" data-element_type=\"widget\" data-e-type=\"widget\" data-widget_type=\"text-editor.default\">\n\t\t\t\t<div class=\"elementor-widget-container\">\n\t\t\t\t\t\t\t\t\t<p>Le prix d\u2019un lifting des bajoues \u00e0 Gen\u00e8ve ne peut \u00eatre compris qu\u2019en le repla\u00e7ant dans un contexte international. En Suisse, les tarifs sont parmi les plus \u00e9lev\u00e9s d\u2019Europe, mais ils refl\u00e8tent aussi un niveau d\u2019exigence exceptionnel, tant sur le plan m\u00e9dical que sur celui de la s\u00e9curit\u00e9 et de la confidentialit\u00e9.<br \/>Dans les pays voisins comme l\u2019Allemagne ou l\u2019Italie, les prix peuvent \u00eatre l\u00e9g\u00e8rement inf\u00e9rieurs, mais les standards d\u2019encadrement et l\u2019acc\u00e8s \u00e0 des m\u00e9decins sp\u00e9cialis\u00e9s restent variables selon les \u00e9tablissements. \u00c0 Londres ou dans certaines grandes capitales europ\u00e9ennes, les honoraires sont proches de ceux pratiqu\u00e9s en Suisse, mais la densit\u00e9 de patients et l\u2019attente peuvent parfois r\u00e9duire la personnalisation de la prise en charge.<br \/>En Am\u00e9rique du Nord, notamment aux \u00c9tats-Unis, les prix du lifting chirurgical atteignent souvent des niveaux \u00e9quivalents, voire sup\u00e9rieurs, avec une grande disparit\u00e9 entre les cliniques de renom et les \u00e9tablissements moins r\u00e9put\u00e9s. En Asie ou en Am\u00e9rique latine, enfin, il existe des offres tr\u00e8s attractives sur le plan financier. Cependant, ces destinations de tourisme m\u00e9dical comportent des risques : suivi post-acte limit\u00e9, tra\u00e7abilit\u00e9 incertaine des produits utilis\u00e9s, absence de recours clair en cas de complication.<br \/>Ainsi, si Gen\u00e8ve se situe dans une fourchette tarifaire haute, ce co\u00fbt s\u2019accompagne de garanties uniques : excellence m\u00e9dicale, expertise reconnue, confidentialit\u00e9 absolue et s\u00e9curit\u00e9 optimale. Pour beaucoup de patients, cet environnement constitue une v\u00e9ritable valeur ajout\u00e9e, qui justifie pleinement la diff\u00e9rence de prix.<\/p>\t\t\t\t\t\t\t\t<\/div>\n\t\t\t\t<\/div>\n\t\t\t\t\t<\/div>\n\t\t\t\t<\/div>\n\t\t<div class=\"elementor-element elementor-element-a380e9a e-flex e-con-boxed e-con e-parent\" data-id=\"a380e9a\" data-element_type=\"container\" data-e-type=\"container\" data-settings=\"{&quot;jet_parallax_layout_list&quot;:[]}\">\n\t\t\t\t\t<div class=\"e-con-inner\">\n\t\t\t\t<div class=\"elementor-element elementor-element-921d834 elementor-widget elementor-widget-text-editor\" data-id=\"921d834\" data-element_type=\"widget\" data-e-type=\"widget\" data-widget_type=\"text-editor.default\">\n\t\t\t\t<div class=\"elementor-widget-container\">\n\t\t\t\t\t\t\t\t\t<h2>Assurance maladie et remboursement<\/h2>\t\t\t\t\t\t\t\t<\/div>\n\t\t\t\t<\/div>\n\t\t\t\t<div class=\"elementor-element elementor-element-776fa68 elementor-widget-divider--view-line elementor-widget elementor-widget-divider\" data-id=\"776fa68\" data-element_type=\"widget\" data-e-type=\"widget\" data-widget_type=\"divider.default\">\n\t\t\t\t<div class=\"elementor-widget-container\">\n\t\t\t\t\t\t\t<div class=\"elementor-divider\">\n\t\t\t<span class=\"elementor-divider-separator\">\n\t\t\t\t\t\t<\/span>\n\t\t<\/div>\n\t\t\t\t\t\t<\/div>\n\t\t\t\t<\/div>\n\t\t\t\t<div class=\"elementor-element elementor-element-a29f968 elementor-widget elementor-widget-text-editor\" data-id=\"a29f968\" data-element_type=\"widget\" data-e-type=\"widget\" data-widget_type=\"text-editor.default\">\n\t\t\t\t<div class=\"elementor-widget-container\">\n\t\t\t\t\t\t\t\t\t<p>En Suisse, le lifting des bajoues, qu\u2019il soit r\u00e9alis\u00e9 par des techniques de m\u00e9decine \u00e0 vis\u00e9e esth\u00e9tique ou par intervention chirurgicale, est consid\u00e9r\u00e9 comme un acte \u00e0 vis\u00e9e purement esth\u00e9tique. \u00c0 ce titre, il est pas une prestation couverte par l\u2019assurance maladie de base, et son co\u00fbt doit \u00eatre assum\u00e9 int\u00e9gralement par le patient.<br \/>Il existe toutefois des situations particuli\u00e8res o\u00f9 certaines assurances compl\u00e9mentaires peuvent accorder une participation financi\u00e8re. C\u2019est notamment le cas lorsqu\u2019il existe une justification m\u00e9dicale claire, comme une s\u00e9quelle importante apr\u00e8s une perte de poids importante, ou encore dans le cadre d\u2019une chirurgie reconstructrice. Ces cas restent cependant exceptionnels et n\u00e9cessitent un examen pr\u00e9cis du dossier par l\u2019assureur, souvent accompagn\u00e9 d\u2019un rapport m\u00e9dical d\u00e9taill\u00e9.<br \/>En pratique, la grande majorit\u00e9 des liftings des bajoues rel\u00e8vent de la sph\u00e8re esth\u00e9tique et ne b\u00e9n\u00e9ficient d\u2019aucune prise en charge. C\u2019est pourquoi il est essentiel que le patient int\u00e8gre pleinement cet aspect dans sa r\u00e9flexion, en consid\u00e9rant le traitement comme un investissement personnel pour son bien-\u00eatre et son image. Une information claire et transparente sur les co\u00fbts, fournie d\u00e8s la premi\u00e8re consultation, fait partie int\u00e9grante d\u2019une prise en charge de qualit\u00e9.<\/p>\t\t\t\t\t\t\t\t<\/div>\n\t\t\t\t<\/div>\n\t\t\t\t\t<\/div>\n\t\t\t\t<\/div>\n\t\t<div class=\"elementor-element elementor-element-765d09c e-flex e-con-boxed e-con e-parent\" data-id=\"765d09c\" data-element_type=\"container\" data-e-type=\"container\" data-settings=\"{&quot;jet_parallax_layout_list&quot;:[]}\">\n\t\t\t\t\t<div class=\"e-con-inner\">\n\t\t\t\t<div class=\"elementor-element elementor-element-d5a7ef2 elementor-widget elementor-widget-text-editor\" data-id=\"d5a7ef2\" data-element_type=\"widget\" data-e-type=\"widget\" data-widget_type=\"text-editor.default\">\n\t\t\t\t<div class=\"elementor-widget-container\">\n\t\t\t\t\t\t\t\t\t<h2>Investissement personnel et dimension psychologique du prix<\/h2>\t\t\t\t\t\t\t\t<\/div>\n\t\t\t\t<\/div>\n\t\t\t\t<div class=\"elementor-element elementor-element-e3e1d08 elementor-widget-divider--view-line elementor-widget elementor-widget-divider\" data-id=\"e3e1d08\" data-element_type=\"widget\" data-e-type=\"widget\" data-widget_type=\"divider.default\">\n\t\t\t\t<div class=\"elementor-widget-container\">\n\t\t\t\t\t\t\t<div class=\"elementor-divider\">\n\t\t\t<span class=\"elementor-divider-separator\">\n\t\t\t\t\t\t<\/span>\n\t\t<\/div>\n\t\t\t\t\t\t<\/div>\n\t\t\t\t<\/div>\n\t\t\t\t<div class=\"elementor-element elementor-element-3d0f9a1 elementor-widget elementor-widget-text-editor\" data-id=\"3d0f9a1\" data-element_type=\"widget\" data-e-type=\"widget\" data-widget_type=\"text-editor.default\">\n\t\t\t\t<div class=\"elementor-widget-container\">\n\t\t\t\t\t\t\t\t\t<p>Le prix d\u2019un lifting des bajoues ne se r\u00e9sume pas \u00e0 une simple d\u00e9pense financi\u00e8re. Pour beaucoup de patients, il s\u2019agit avant tout d\u2019un investissement personnel, qui a un impact sur la confiance en soi, le bien-\u00eatre et l\u2019image renvoy\u00e9e aux autres. Retrouver des traits plus fermes et harmonieux ne change pas seulement l\u2019apparence : cela peut aussi influencer la fa\u00e7on dont on se per\u00e7oit et dont on est per\u00e7u, tant dans la sph\u00e8re professionnelle que dans la vie sociale.<br \/>\u00c0 Gen\u00e8ve, ville internationale o\u00f9 l\u2019apparence et le dynamisme personnel occupent une place importante dans les relations d\u2019affaires et dans la vie quotidienne, cet investissement prend tout son sens. Certains patients consid\u00e8rent ainsi le lifting des bajoues comme une d\u00e9marche coh\u00e9rente, qui valorise leur image \u00e0 long terme et les aide \u00e0 rester en accord avec l\u2019\u00e9nergie qu\u2019ils ressentent int\u00e9rieurement.<br \/>Au-del\u00e0 du r\u00e9sultat esth\u00e9tique, le lifting devient donc une d\u00e9cision qui englobe des dimensions psychologiques et sociales. Il ne s\u2019agit pas seulement de corriger un signe de rel\u00e2chement cutan\u00e9, mais de pr\u00e9server une forme de continuit\u00e9 entre l\u2019identit\u00e9 ressentie et l\u2019image que refl\u00e8te le visage.<\/p>\t\t\t\t\t\t\t\t<\/div>\n\t\t\t\t<\/div>\n\t\t\t\t\t<\/div>\n\t\t\t\t<\/div>\n\t\t<div class=\"elementor-element elementor-element-57145b7 e-flex e-con-boxed e-con e-parent\" data-id=\"57145b7\" data-element_type=\"container\" data-e-type=\"container\" data-settings=\"{&quot;jet_parallax_layout_list&quot;:[]}\">\n\t\t\t\t\t<div class=\"e-con-inner\">\n\t\t\t\t<div class=\"elementor-element elementor-element-a7b7a44 elementor-widget elementor-widget-text-editor\" data-id=\"a7b7a44\" data-element_type=\"widget\" data-e-type=\"widget\" data-widget_type=\"text-editor.default\">\n\t\t\t\t<div class=\"elementor-widget-container\">\n\t\t\t\t\t\t\t\t\t<h2>L\u2019importance de la consultation personnalis\u00e9e<\/h2>\t\t\t\t\t\t\t\t<\/div>\n\t\t\t\t<\/div>\n\t\t\t\t<div class=\"elementor-element elementor-element-01452be elementor-widget-divider--view-line elementor-widget elementor-widget-divider\" data-id=\"01452be\" data-element_type=\"widget\" data-e-type=\"widget\" data-widget_type=\"divider.default\">\n\t\t\t\t<div class=\"elementor-widget-container\">\n\t\t\t\t\t\t\t<div class=\"elementor-divider\">\n\t\t\t<span class=\"elementor-divider-separator\">\n\t\t\t\t\t\t<\/span>\n\t\t<\/div>\n\t\t\t\t\t\t<\/div>\n\t\t\t\t<\/div>\n\t\t\t\t<div class=\"elementor-element elementor-element-0f4feb5 elementor-widget elementor-widget-text-editor\" data-id=\"0f4feb5\" data-element_type=\"widget\" data-e-type=\"widget\" data-widget_type=\"text-editor.default\">\n\t\t\t\t<div class=\"elementor-widget-container\">\n\t\t\t\t\t\t\t\t\t<p>Tout projet de lifting des bajoues commence par une consultation m\u00e9dicale approfondie. Ce temps d\u2019\u00e9change permet au m\u00e9decin ou au chirurgien d\u2019analyser la morphologie du visage, d\u2019\u00e9valuer avec pr\u00e9cision le degr\u00e9 de rel\u00e2chement cutan\u00e9 et de comprendre les attentes r\u00e9elles du patient. \u00c0 partir de cette analyse, il devient possible de proposer une strat\u00e9gie adapt\u00e9e et coh\u00e9rente, construite sur mesure.<br \/>Ce n\u2019est qu\u2019\u00e0 l\u2019issue de cette \u00e9valuation compl\u00e8te qu\u2019un devis pr\u00e9cis et personnalis\u00e9 peut \u00eatre \u00e9tabli. Les brochures tarifaires ou les formules \u00ab forfaits \u00bb affich\u00e9es sans examen pr\u00e9alable n\u2019ont en r\u00e9alit\u00e9 aucune valeur, car chaque visage poss\u00e8de ses propres sp\u00e9cificit\u00e9s. La qualit\u00e9 du r\u00e9sultat d\u00e9pend directement de cette approche sur mesure, qui garantit un traitement \u00e0 la fois s\u00fbr, efficace et respectueux de l\u2019harmonie naturelle du patient.<\/p>\t\t\t\t\t\t\t\t<\/div>\n\t\t\t\t<\/div>\n\t\t\t\t\t<\/div>\n\t\t\t\t<\/div>\n\t\t<div class=\"elementor-element elementor-element-2a921e2 e-flex e-con-boxed e-con e-parent\" data-id=\"2a921e2\" data-element_type=\"container\" data-e-type=\"container\" data-settings=\"{&quot;jet_parallax_layout_list&quot;:[]}\">\n\t\t\t\t\t<div class=\"e-con-inner\">\n\t\t\t\t<div class=\"elementor-element elementor-element-5428e69 elementor-widget elementor-widget-text-editor\" data-id=\"5428e69\" data-element_type=\"widget\" data-e-type=\"widget\" data-widget_type=\"text-editor.default\">\n\t\t\t\t<div class=\"elementor-widget-container\">\n\t\t\t\t\t\t\t\t\t<h2>Rapport co\u00fbt \/ b\u00e9n\u00e9fice<\/h2>\t\t\t\t\t\t\t\t<\/div>\n\t\t\t\t<\/div>\n\t\t\t\t<div class=\"elementor-element elementor-element-a97c7ba elementor-widget-divider--view-line elementor-widget elementor-widget-divider\" data-id=\"a97c7ba\" data-element_type=\"widget\" data-e-type=\"widget\" data-widget_type=\"divider.default\">\n\t\t\t\t<div class=\"elementor-widget-container\">\n\t\t\t\t\t\t\t<div class=\"elementor-divider\">\n\t\t\t<span class=\"elementor-divider-separator\">\n\t\t\t\t\t\t<\/span>\n\t\t<\/div>\n\t\t\t\t\t\t<\/div>\n\t\t\t\t<\/div>\n\t\t\t\t<div class=\"elementor-element elementor-element-282345a elementor-widget elementor-widget-text-editor\" data-id=\"282345a\" data-element_type=\"widget\" data-e-type=\"widget\" data-widget_type=\"text-editor.default\">\n\t\t\t\t<div class=\"elementor-widget-container\">\n\t\t\t\t\t\t\t\t\t<p>L\u2019\u00e9valuation d\u2019un traitement esth\u00e9tique ne peut pas se limiter \u00e0 un simple tarif. Pour \u00eatre pertinente, elle doit int\u00e9grer plusieurs crit\u00e8res essentiels :<\/p><ul><li>La dur\u00e9e des r\u00e9sultats : un lifting chirurgical offre un rajeunissement qui se maintient en moyenne entre huit et douze ans, tandis que les techniques m\u00e9dicales ont une action plus temporaire et n\u00e9cessitent un entretien r\u00e9gulier pour conserver l\u2019effet.<\/li><li>L\u2019invasivit\u00e9 et la convalescence : la chirurgie implique une p\u00e9riode de r\u00e9cup\u00e9ration de deux \u00e0 quatre semaines. Les m\u00e9thodes m\u00e9dicales, en revanche, permettent une reprise quasi imm\u00e9diate des activit\u00e9s professionnelles et sociales, un avantage appr\u00e9ci\u00e9 des patients actifs.<\/li><li>La personnalisation du geste : le lifting chirurgical peut \u00eatre associ\u00e9 \u00e0 d\u2019autres interventions comme un lipofilling ou une bl\u00e9pharoplastie, afin d\u2019obtenir un rajeunissement global et harmonieux.<\/li><\/ul><p>Ainsi, il ne s\u2019agit pas de comparer uniquement des prix bruts, mais d\u2019\u00e9valuer le rapport co\u00fbt-b\u00e9n\u00e9fice sur le long terme. Le choix d\u00e9pend avant tout des attentes du patient, de son mode de vie et du type de r\u00e9sultat qu\u2019il souhaite obtenir.<\/p>\t\t\t\t\t\t\t\t<\/div>\n\t\t\t\t<\/div>\n\t\t\t\t\t<\/div>\n\t\t\t\t<\/div>\n\t\t<div class=\"elementor-element elementor-element-b934a64 e-flex e-con-boxed e-con e-parent\" data-id=\"b934a64\" data-element_type=\"container\" data-e-type=\"container\" data-settings=\"{&quot;jet_parallax_layout_list&quot;:[]}\">\n\t\t\t\t\t<div class=\"e-con-inner\">\n\t\t<div class=\"elementor-element elementor-element-5a79c0a e-con-full e-flex e-con e-child\" data-id=\"5a79c0a\" data-element_type=\"container\" data-e-type=\"container\" data-settings=\"{&quot;jet_parallax_layout_list&quot;:[]}\">\n\t\t<div class=\"elementor-element elementor-element-16bf77e e-con-full e-flex e-con e-child\" data-id=\"16bf77e\" data-element_type=\"container\" data-e-type=\"container\" data-settings=\"{&quot;jet_parallax_layout_list&quot;:[]}\">\n\t\t<div class=\"elementor-element elementor-element-923453b e-con-full e-flex e-con e-child\" data-id=\"923453b\" data-element_type=\"container\" data-e-type=\"container\" data-settings=\"{&quot;jet_parallax_layout_list&quot;:[]}\">\n\t\t<div class=\"elementor-element elementor-element-548a83a e-con-full e-flex e-con e-child\" data-id=\"548a83a\" data-element_type=\"container\" data-e-type=\"container\" data-settings=\"{&quot;jet_parallax_layout_list&quot;:[]}\">\n\t\t\t\t<div class=\"elementor-element elementor-element-274dd1c elementor-widget elementor-widget-image\" data-id=\"274dd1c\" data-element_type=\"widget\" data-e-type=\"widget\" data-widget_type=\"image.default\">\n\t\t\t\t<div class=\"elementor-widget-container\">\n\t\t\t\t\t\t\t\t\t\t\t\t\t\t\t<img decoding=\"async\" width=\"150\" height=\"150\" src=\"https:\/\/drromanovaleria.ch\/wp-content\/uploads\/2024\/07\/photo-docteur-romano-valeria-150x150.webp\" class=\"attachment-thumbnail size-thumbnail wp-image-13266\" alt=\"Photo docteur Valeria Romano \u00e0 Gen\u00e8ve\" \/>\t\t\t\t\t\t\t\t\t\t\t\t\t\t\t<\/div>\n\t\t\t\t<\/div>\n\t\t\t\t<div class=\"elementor-element elementor-element-1aecb4d elementor-widget elementor-widget-text-editor\" data-id=\"1aecb4d\" data-element_type=\"widget\" data-e-type=\"widget\" data-widget_type=\"text-editor.default\">\n\t\t\t\t<div class=\"elementor-widget-container\">\n\t\t\t\t\t\t\t\t\t<p>Article r\u00e9dig\u00e9 par le <a href=\"https:\/\/drromanovaleria.ch\/\">Dr Romano Valeria<\/a><\/p>\t\t\t\t\t\t\t\t<\/div>\n\t\t\t\t<\/div>\n\t\t\t\t<\/div>\n\t\t<div class=\"elementor-element elementor-element-827ea17 e-con-full e-flex e-con e-child\" data-id=\"827ea17\" data-element_type=\"container\" data-e-type=\"container\" data-settings=\"{&quot;jet_parallax_layout_list&quot;:[]}\">\n\t\t\t\t<div class=\"elementor-element elementor-element-17c2391 elementor-widget elementor-widget-text-editor\" data-id=\"17c2391\" data-element_type=\"widget\" data-e-type=\"widget\" data-widget_type=\"text-editor.default\">\n\t\t\t\t<div class=\"elementor-widget-container\">\n\t\t\t\t\t\t\t\t\t<p>PARTAGER CET ARTICLE SUR<\/p>\t\t\t\t\t\t\t\t<\/div>\n\t\t\t\t<\/div>\n\t\t\t\t<div class=\"elementor-element elementor-element-38b8815 elementor-share-buttons--view-icon-text elementor-share-buttons--skin-gradient elementor-share-buttons--shape-square elementor-grid-0 elementor-share-buttons--color-official elementor-widget elementor-widget-share-buttons\" data-id=\"38b8815\" data-element_type=\"widget\" data-e-type=\"widget\" data-widget_type=\"share-buttons.default\">\n\t\t\t\t<div class=\"elementor-widget-container\">\n\t\t\t\t\t\t\t<div class=\"elementor-grid\">\n\t\t\t\t\t\t\t\t<div class=\"elementor-grid-item\">\n\t\t\t\t\t\t<div class=\"elementor-share-btn elementor-share-btn_linkedin\" role=\"button\" tabindex=\"0\" aria-label=\"Partager sur linkedin\">\n\t\t\t\t\t\t\t\t\t\t\t\t\t\t\t<span class=\"elementor-share-btn__icon\">\n\t\t\t\t\t\t\t\t<svg aria-hidden=\"true\" class=\"e-font-icon-svg e-fab-linkedin\" viewBox=\"0 0 448 512\" xmlns=\"http:\/\/www.w3.org\/2000\/svg\"><path d=\"M416 32H31.9C14.3 32 0 46.5 0 64.3v383.4C0 465.5 14.3 480 31.9 480H416c17.6 0 32-14.5 32-32.3V64.3c0-17.8-14.4-32.3-32-32.3zM135.4 416H69V202.2h66.5V416zm-33.2-243c-21.3 0-38.5-17.3-38.5-38.5S80.9 96 102.2 96c21.2 0 38.5 17.3 38.5 38.5 0 21.3-17.2 38.5-38.5 38.5zm282.1 243h-66.4V312c0-24.8-.5-56.7-34.5-56.7-34.6 0-39.9 27-39.9 54.9V416h-66.4V202.2h63.7v29.2h.9c8.9-16.8 30.6-34.5 62.9-34.5 67.2 0 79.7 44.3 79.7 101.9V416z\"><\/path><\/svg>\t\t\t\t\t\t\t<\/span>\n\t\t\t\t\t\t\t\t\t\t\t\t\t\t\t\t\t\t\t\t\t\t<div class=\"elementor-share-btn__text\">\n\t\t\t\t\t\t\t\t\t\t\t\t\t\t\t\t\t\t\t<span class=\"elementor-share-btn__title\">\n\t\t\t\t\t\t\t\t\t\tLinkedIn\t\t\t\t\t\t\t\t\t<\/span>\n\t\t\t\t\t\t\t\t\t\t\t\t\t\t\t\t\t<\/div>\n\t\t\t\t\t\t\t\t\t\t\t\t\t<\/div>\n\t\t\t\t\t<\/div>\n\t\t\t\t\t\t<\/div>\n\t\t\t\t\t\t<\/div>\n\t\t\t\t<\/div>\n\t\t\t\t<\/div>\n\t\t\t\t<\/div>\n\t\t\t\t<div class=\"elementor-element elementor-element-a63fb11 elementor-align-start elementor-mobile-align-start elementor-icon-list--layout-traditional elementor-list-item-link-full_width elementor-widget elementor-widget-icon-list\" data-id=\"a63fb11\" data-element_type=\"widget\" data-e-type=\"widget\" data-widget_type=\"icon-list.default\">\n\t\t\t\t<div class=\"elementor-widget-container\">\n\t\t\t\t\t\t\t<ul class=\"elementor-icon-list-items\">\n\t\t\t\t\t\t\t<li class=\"elementor-icon-list-item\">\n\t\t\t\t\t\t\t\t\t\t\t<a href=\"mailto:dr.romano.valeria@gmail.com\">\n\n\t\t\t\t\t\t\t\t\t\t\t\t<span class=\"elementor-icon-list-icon\">\n\t\t\t\t\t\t\t<svg aria-hidden=\"true\" class=\"e-font-icon-svg e-fas-envelope\" viewBox=\"0 0 512 512\" xmlns=\"http:\/\/www.w3.org\/2000\/svg\"><path d=\"M502.3 190.8c3.9-3.1 9.7-.2 9.7 4.7V400c0 26.5-21.5 48-48 48H48c-26.5 0-48-21.5-48-48V195.6c0-5 5.7-7.8 9.7-4.7 22.4 17.4 52.1 39.5 154.1 113.6 21.1 15.4 56.7 47.8 92.2 47.6 35.7.3 72-32.8 92.3-47.6 102-74.1 131.6-96.3 154-113.7zM256 320c23.2.4 56.6-29.2 73.4-41.4 132.7-96.3 142.8-104.7 173.4-128.7 5.8-4.5 9.2-11.5 9.2-18.9v-19c0-26.5-21.5-48-48-48H48C21.5 64 0 85.5 0 112v19c0 7.4 3.4 14.3 9.2 18.9 30.6 23.9 40.7 32.4 173.4 128.7 16.8 12.2 50.2 41.8 73.4 41.4z\"><\/path><\/svg>\t\t\t\t\t\t<\/span>\n\t\t\t\t\t\t\t\t\t\t<span class=\"elementor-icon-list-text\">dr.romano.valeria@gmail.com<\/span>\n\t\t\t\t\t\t\t\t\t\t\t<\/a>\n\t\t\t\t\t\t\t\t\t<\/li>\n\t\t\t\t\t\t\t\t<li class=\"elementor-icon-list-item\">\n\t\t\t\t\t\t\t\t\t\t\t<a href=\"tel:+41%2078%20209%2002%2089\">\n\n\t\t\t\t\t\t\t\t\t\t\t\t<span class=\"elementor-icon-list-icon\">\n\t\t\t\t\t\t\t<svg aria-hidden=\"true\" class=\"e-font-icon-svg e-fas-phone-alt\" viewBox=\"0 0 512 512\" xmlns=\"http:\/\/www.w3.org\/2000\/svg\"><path d=\"M497.39 361.8l-112-48a24 24 0 0 0-28 6.9l-49.6 60.6A370.66 370.66 0 0 1 130.6 204.11l60.6-49.6a23.94 23.94 0 0 0 6.9-28l-48-112A24.16 24.16 0 0 0 122.6.61l-104 24A24 24 0 0 0 0 48c0 256.5 207.9 464 464 464a24 24 0 0 0 23.4-18.6l24-104a24.29 24.29 0 0 0-14.01-27.6z\"><\/path><\/svg>\t\t\t\t\t\t<\/span>\n\t\t\t\t\t\t\t\t\t\t<span class=\"elementor-icon-list-text\">+41 78 209 02 89<\/span>\n\t\t\t\t\t\t\t\t\t\t\t<\/a>\n\t\t\t\t\t\t\t\t\t<\/li>\n\t\t\t\t\t\t<\/ul>\n\t\t\t\t\t\t<\/div>\n\t\t\t\t<\/div>\n\t\t\t\t<\/div>\n\t\t\t\t<\/div>\n\t\t\t\t\t<\/div>\n\t\t\t\t<\/div>\n\t\t<div class=\"elementor-element elementor-element-d1fa670 e-flex e-con-boxed e-con e-child\" data-id=\"d1fa670\" data-element_type=\"container\" data-e-type=\"container\" data-settings=\"{&quot;jet_parallax_layout_list&quot;:[]}\">\n\t\t\t\t\t<div class=\"e-con-inner\">\n\t\t<div class=\"elementor-element elementor-element-99a539a e-con-full e-flex e-con e-child\" data-id=\"99a539a\" data-element_type=\"container\" data-e-type=\"container\" data-settings=\"{&quot;jet_parallax_layout_list&quot;:[]}\">\n\t\t\t\t<div class=\"elementor-element elementor-element-566989e elementor-widget elementor-widget-text-editor\" data-id=\"566989e\" data-element_type=\"widget\" data-e-type=\"widget\" data-widget_type=\"text-editor.default\">\n\t\t\t\t<div class=\"elementor-widget-container\">\n\t\t\t\t\t\t\t\t\t<p>INTER<\/p><p>The <strong>Food Order<\/strong> Strategy\u00a0<\/p>\t\t\t\t\t\t\t\t<\/div>\n\t\t\t\t<\/div>\n\t\t\t\t<div class=\"elementor-element elementor-element-61b84c2 elementor-widget elementor-widget-text-editor\" data-id=\"61b84c2\" data-element_type=\"widget\" data-e-type=\"widget\" data-widget_type=\"text-editor.default\">\n\t\t\t\t<div class=\"elementor-widget-container\">\n\t\t\t\t\t\t\t\t\t<p>PLAYFAIR DISPLAY<\/p><p>Hyaluronic Acid : <strong>Myths <\/strong>and <strong>Realities<\/strong><\/p>\t\t\t\t\t\t\t\t<\/div>\n\t\t\t\t<\/div>\n\t\t\t\t<\/div>\n\t\t\t\t\t<\/div>\n\t\t\t\t<\/div>\n\t\t\t\t<\/div>\n\t\t","protected":false},"featured_media":0,"template":"elementor_header_footer","class_list":["post-34064","infographie","type-infographie","status-publish","hentry"],"yoast_head":"<!-- This site is optimized with the Yoast SEO plugin v27.5 - https:\/\/yoast.com\/product\/yoast-seo-wordpress\/ -->\n<title>Lifting bajoues prix \u00e0 Gen\u00e8ve - Dr Romano<\/title>\n<meta name=\"description\" content=\"D\u00e9couvrez les informations essentielles sur le lifting des bajoues \u00e0 Gen\u00e8ve : techniques utilis\u00e9es, crit\u00e8res de choix, r\u00e9sultats attendus et fourchette de prix. Injections d&#039;acide hyaluronique, laser et fils tenseurs.\" \/>\n<meta name=\"robots\" content=\"index, follow, max-snippet:-1, max-image-preview:large, max-video-preview:-1\" \/>\n<link rel=\"canonical\" href=\"https:\/\/drromanovaleria.ch\/it\/infografia\/lifting-guance-cadenti-prezzo\/\" \/>\n<meta property=\"og:locale\" content=\"it_IT\" \/>\n<meta property=\"og:type\" content=\"article\" \/>\n<meta property=\"og:title\" content=\"Lifting bajoues prix \u00e0 Gen\u00e8ve - Dr Romano\" \/>\n<meta property=\"og:description\" content=\"D\u00e9couvrez les informations essentielles sur le lifting des bajoues \u00e0 Gen\u00e8ve : techniques utilis\u00e9es, crit\u00e8res de choix, r\u00e9sultats attendus et fourchette de prix. Injections d&#039;acide hyaluronique, laser et fils tenseurs.\" \/>\n<meta property=\"og:url\" content=\"https:\/\/drromanovaleria.ch\/it\/infografia\/lifting-guance-cadenti-prezzo\/\" \/>\n<meta property=\"og:site_name\" content=\"Dr Romano\" \/>\n<meta property=\"article:modified_time\" content=\"2026-03-07T11:49:45+00:00\" \/>\n<meta property=\"og:image\" content=\"https:\/\/drromanovaleria.ch\/wp-content\/uploads\/2024\/05\/hydratation-peau.webp\" \/>\n\t<meta property=\"og:image:width\" content=\"300\" \/>\n\t<meta property=\"og:image:height\" content=\"220\" \/>\n\t<meta property=\"og:image:type\" content=\"image\/webp\" \/>\n<meta name=\"twitter:card\" content=\"summary_large_image\" \/>\n<meta name=\"twitter:label1\" content=\"Tempo di lettura stimato\" \/>\n\t<meta name=\"twitter:data1\" content=\"12 minuti\" \/>\n<script type=\"application\/ld+json\" class=\"yoast-schema-graph\">{\"@context\":\"https:\\\/\\\/schema.org\",\"@graph\":[{\"@type\":\"WebPage\",\"@id\":\"https:\\\/\\\/drromanovaleria.ch\\\/infographie\\\/lifting-bajoues-prix\\\/\",\"url\":\"https:\\\/\\\/drromanovaleria.ch\\\/infographie\\\/lifting-bajoues-prix\\\/\",\"name\":\"Lifting bajoues prix \u00e0 Gen\u00e8ve - Dr Romano\",\"isPartOf\":{\"@id\":\"https:\\\/\\\/drromanovaleria.ch\\\/#website\"},\"primaryImageOfPage\":{\"@id\":\"https:\\\/\\\/drromanovaleria.ch\\\/infographie\\\/lifting-bajoues-prix\\\/#primaryimage\"},\"image\":{\"@id\":\"https:\\\/\\\/drromanovaleria.ch\\\/infographie\\\/lifting-bajoues-prix\\\/#primaryimage\"},\"thumbnailUrl\":\"https:\\\/\\\/drromanovaleria.ch\\\/wp-content\\\/uploads\\\/2024\\\/05\\\/hydratation-peau.webp\",\"datePublished\":\"2025-09-18T12:16:37+00:00\",\"dateModified\":\"2026-03-07T11:49:45+00:00\",\"description\":\"D\u00e9couvrez les informations essentielles sur le lifting des bajoues \u00e0 Gen\u00e8ve : techniques utilis\u00e9es, crit\u00e8res de choix, r\u00e9sultats attendus et fourchette de prix. Injections d'acide hyaluronique, laser et fils tenseurs.\",\"breadcrumb\":{\"@id\":\"https:\\\/\\\/drromanovaleria.ch\\\/infographie\\\/lifting-bajoues-prix\\\/#breadcrumb\"},\"inLanguage\":\"it-IT\",\"potentialAction\":[{\"@type\":\"ReadAction\",\"target\":[\"https:\\\/\\\/drromanovaleria.ch\\\/infographie\\\/lifting-bajoues-prix\\\/\"]}]},{\"@type\":\"ImageObject\",\"inLanguage\":\"it-IT\",\"@id\":\"https:\\\/\\\/drromanovaleria.ch\\\/infographie\\\/lifting-bajoues-prix\\\/#primaryimage\",\"url\":\"https:\\\/\\\/drromanovaleria.ch\\\/wp-content\\\/uploads\\\/2024\\\/05\\\/hydratation-peau.webp\",\"contentUrl\":\"https:\\\/\\\/drromanovaleria.ch\\\/wp-content\\\/uploads\\\/2024\\\/05\\\/hydratation-peau.webp\"},{\"@type\":\"BreadcrumbList\",\"@id\":\"https:\\\/\\\/drromanovaleria.ch\\\/infographie\\\/lifting-bajoues-prix\\\/#breadcrumb\",\"itemListElement\":[{\"@type\":\"ListItem\",\"position\":1,\"name\":\"Accueil\",\"item\":\"https:\\\/\\\/drromanovaleria.ch\\\/\"},{\"@type\":\"ListItem\",\"position\":2,\"name\":\"Infographie\",\"item\":\"https:\\\/\\\/drromanovaleria.ch\\\/infographie\\\/\"},{\"@type\":\"ListItem\",\"position\":3,\"name\":\"Lifting bajoues prix\"}]},{\"@type\":\"WebSite\",\"@id\":\"https:\\\/\\\/drromanovaleria.ch\\\/#website\",\"url\":\"https:\\\/\\\/drromanovaleria.ch\\\/\",\"name\":\"Dr Romano\",\"description\":\"M\u00e9decine morphologique et anti-\u00e2ge\",\"potentialAction\":[{\"@type\":\"SearchAction\",\"target\":{\"@type\":\"EntryPoint\",\"urlTemplate\":\"https:\\\/\\\/drromanovaleria.ch\\\/?s={search_term_string}\"},\"query-input\":{\"@type\":\"PropertyValueSpecification\",\"valueRequired\":true,\"valueName\":\"search_term_string\"}}],\"inLanguage\":\"it-IT\"}]}<\/script>\n<!-- \/ Yoast SEO plugin. -->","yoast_head_json":{"title":"Lifting guance cadenti prezzo a Ginevra - Dr Romano","description":"Scopri le informazioni essenziali sul lifting delle guance a Ginevra : tecniche utilizzate, criteri di scelta, risultati attesi e fascia di prezzo. Iniezioni di acido ialuronico, laser e fili tensori.","robots":{"index":"index","follow":"follow","max-snippet":"max-snippet:-1","max-image-preview":"max-image-preview:large","max-video-preview":"max-video-preview:-1"},"canonical":"https:\/\/drromanovaleria.ch\/it\/infografia\/lifting-guance-cadenti-prezzo\/","og_locale":"it_IT","og_type":"article","og_title":"Lifting bajoues prix \u00e0 Gen\u00e8ve - Dr Romano","og_description":"D\u00e9couvrez les informations essentielles sur le lifting des bajoues \u00e0 Gen\u00e8ve : techniques utilis\u00e9es, crit\u00e8res de choix, r\u00e9sultats attendus et fourchette de prix. Injections d'acide hyaluronique, laser et fils tenseurs.","og_url":"https:\/\/drromanovaleria.ch\/it\/infografia\/lifting-guance-cadenti-prezzo\/","og_site_name":"Dr Romano","article_modified_time":"2026-03-07T11:49:45+00:00","og_image":[{"width":300,"height":220,"url":"https:\/\/drromanovaleria.ch\/wp-content\/uploads\/2024\/05\/hydratation-peau.webp","type":"image\/webp"}],"twitter_card":"summary_large_image","twitter_misc":{"Tempo di lettura stimato":"12 minuti"},"schema":{"@context":"https:\/\/schema.org","@graph":[{"@type":"WebPage","@id":"https:\/\/drromanovaleria.ch\/infographie\/lifting-bajoues-prix\/","url":"https:\/\/drromanovaleria.ch\/infographie\/lifting-bajoues-prix\/","name":"Lifting guance cadenti prezzo a Ginevra - Dr Romano","isPartOf":{"@id":"https:\/\/drromanovaleria.ch\/#website"},"primaryImageOfPage":{"@id":"https:\/\/drromanovaleria.ch\/infographie\/lifting-bajoues-prix\/#primaryimage"},"image":{"@id":"https:\/\/drromanovaleria.ch\/infographie\/lifting-bajoues-prix\/#primaryimage"},"thumbnailUrl":"https:\/\/drromanovaleria.ch\/wp-content\/uploads\/2024\/05\/hydratation-peau.webp","datePublished":"2025-09-18T12:16:37+00:00","dateModified":"2026-03-07T11:49:45+00:00","description":"Scopri le informazioni essenziali sul lifting delle guance a Ginevra : tecniche utilizzate, criteri di scelta, risultati attesi e fascia di prezzo. Iniezioni di acido ialuronico, laser e fili tensori.","breadcrumb":{"@id":"https:\/\/drromanovaleria.ch\/infographie\/lifting-bajoues-prix\/#breadcrumb"},"inLanguage":"it-IT","potentialAction":[{"@type":"ReadAction","target":["https:\/\/drromanovaleria.ch\/infographie\/lifting-bajoues-prix\/"]}]},{"@type":"ImageObject","inLanguage":"it-IT","@id":"https:\/\/drromanovaleria.ch\/infographie\/lifting-bajoues-prix\/#primaryimage","url":"https:\/\/drromanovaleria.ch\/wp-content\/uploads\/2024\/05\/hydratation-peau.webp","contentUrl":"https:\/\/drromanovaleria.ch\/wp-content\/uploads\/2024\/05\/hydratation-peau.webp"},{"@type":"BreadcrumbList","@id":"https:\/\/drromanovaleria.ch\/infographie\/lifting-bajoues-prix\/#breadcrumb","itemListElement":[{"@type":"ListItem","position":1,"name":"Accueil","item":"https:\/\/drromanovaleria.ch\/"},{"@type":"ListItem","position":2,"name":"Infographie","item":"https:\/\/drromanovaleria.ch\/infographie\/"},{"@type":"ListItem","position":3,"name":"Lifting bajoues prix"}]},{"@type":"WebSite","@id":"https:\/\/drromanovaleria.ch\/#website","url":"https:\/\/drromanovaleria.ch\/","name":"Dott. Romano","description":"Medicina morfologica e anti-invecchiamento","potentialAction":[{"@type":"SearchAction","target":{"@type":"EntryPoint","urlTemplate":"https:\/\/drromanovaleria.ch\/?s={search_term_string}"},"query-input":{"@type":"PropertyValueSpecification","valueRequired":true,"valueName":"search_term_string"}}],"inLanguage":"it-IT"}]}},"_links":{"self":[{"href":"https:\/\/drromanovaleria.ch\/it\/wp-json\/wp\/v2\/infographie\/34064","targetHints":{"allow":["GET"]}}],"collection":[{"href":"https:\/\/drromanovaleria.ch\/it\/wp-json\/wp\/v2\/infographie"}],"about":[{"href":"https:\/\/drromanovaleria.ch\/it\/wp-json\/wp\/v2\/types\/infographie"}],"version-history":[{"count":5,"href":"https:\/\/drromanovaleria.ch\/it\/wp-json\/wp\/v2\/infographie\/34064\/revisions"}],"predecessor-version":[{"id":61987,"href":"https:\/\/drromanovaleria.ch\/it\/wp-json\/wp\/v2\/infographie\/34064\/revisions\/61987"}],"wp:attachment":[{"href":"https:\/\/drromanovaleria.ch\/it\/wp-json\/wp\/v2\/media?parent=34064"}],"curies":[{"name":"wp","href":"https:\/\/api.w.org\/{rel}","templated":true}]}}