{"id":28473,"date":"2025-07-03T08:21:53","date_gmt":"2025-07-03T06:21:53","guid":{"rendered":"https:\/\/drromanovaleria.ch\/?post_type=infographie&#038;p=28473"},"modified":"2025-11-06T08:05:34","modified_gmt":"2025-11-06T07:05:34","slug":"riduzione-doppio-mento-jawline-contouring","status":"publish","type":"infographie","link":"https:\/\/drromanovaleria.ch\/it\/infographie\/reduction-double-menton-jawline-contouring\/","title":{"rendered":"Est-ce que le jawline contouring permet d\u2019enlever le double menton ?"},"content":{"rendered":"\t\t<div data-elementor-type=\"wp-post\" data-elementor-id=\"28473\" class=\"elementor elementor-28473\" data-elementor-post-type=\"infographie\">\n\t\t\t\t<div class=\"elementor-element elementor-element-da057ce e-flex e-con-boxed e-con e-parent\" data-id=\"da057ce\" data-element_type=\"container\" data-e-type=\"container\" data-settings=\"{&quot;background_background&quot;:&quot;classic&quot;,&quot;jet_parallax_layout_list&quot;:[]}\">\n\t\t\t\t\t<div class=\"e-con-inner\">\n\t\t<div class=\"elementor-element elementor-element-bb90501 e-con-full e-flex e-con e-child\" data-id=\"bb90501\" data-element_type=\"container\" data-e-type=\"container\" data-settings=\"{&quot;background_background&quot;:&quot;classic&quot;,&quot;jet_parallax_layout_list&quot;:[]}\">\n\t\t\t\t<div class=\"elementor-element elementor-element-fcf31d3 elementor-widget__width-initial elementor-widget elementor-widget-heading\" data-id=\"fcf31d3\" data-element_type=\"widget\" data-e-type=\"widget\" data-widget_type=\"heading.default\">\n\t\t\t\t<div class=\"elementor-widget-container\">\n\t\t\t\t\t<h1 class=\"elementor-heading-title elementor-size-default\">EST-CE QUE LE JAWLINE CONTOURING PERMET D\u2019ENLEVER LE DOUBLE MENTON ?<\/h1>\t\t\t\t<\/div>\n\t\t\t\t<\/div>\n\t\t\t\t<div class=\"elementor-element elementor-element-4e4a621 elementor-align-center elementor-widget elementor-widget-breadcrumbs\" data-id=\"4e4a621\" data-element_type=\"widget\" data-e-type=\"widget\" data-widget_type=\"breadcrumbs.default\">\n\t\t\t\t<div class=\"elementor-widget-container\">\n\t\t\t\t\t<p id=\"breadcrumbs\"><span><span><a href=\"https:\/\/drromanovaleria.ch\/\">Accueil<\/a><\/span><\/span><\/p>\t\t\t\t<\/div>\n\t\t\t\t<\/div>\n\t\t\t\t<\/div>\n\t\t\t\t\t<\/div>\n\t\t\t\t<\/div>\n\t\t<div class=\"elementor-element elementor-element-b345f0c e-flex e-con-boxed e-con e-parent\" data-id=\"b345f0c\" data-element_type=\"container\" data-e-type=\"container\" data-settings=\"{&quot;jet_parallax_layout_list&quot;:[]}\">\n\t\t\t\t\t<div class=\"e-con-inner\">\n\t\t<div class=\"elementor-element elementor-element-bf02732 e-flex e-con-boxed e-con e-child\" data-id=\"bf02732\" data-element_type=\"container\" data-e-type=\"container\" data-settings=\"{&quot;jet_parallax_layout_list&quot;:[]}\">\n\t\t\t\t\t<div class=\"e-con-inner\">\n\t\t<div class=\"elementor-element elementor-element-c043df9 e-con-full e-flex e-con e-child\" data-id=\"c043df9\" data-element_type=\"container\" data-e-type=\"container\" data-settings=\"{&quot;background_background&quot;:&quot;classic&quot;,&quot;jet_parallax_layout_list&quot;:[]}\">\n\t\t\t\t<div class=\"elementor-element elementor-element-3a9c128 elementor-widget elementor-widget-text-editor\" data-id=\"3a9c128\" data-element_type=\"widget\" data-e-type=\"widget\" data-widget_type=\"text-editor.default\">\n\t\t\t\t<div class=\"elementor-widget-container\">\n\t\t\t\t\t\t\t\t\t<h2>Jawline contouring : acide hyaluronique<\/h2>\t\t\t\t\t\t\t\t<\/div>\n\t\t\t\t<\/div>\n\t\t\t\t<div class=\"elementor-element elementor-element-5c42b54 elementor-widget elementor-widget-text-editor\" data-id=\"5c42b54\" data-element_type=\"widget\" data-e-type=\"widget\" data-widget_type=\"text-editor.default\">\n\t\t\t\t<div class=\"elementor-widget-container\">\n\t\t\t\t\t\t\t\t\t<p>Le <a href=\"https:\/\/drromanovaleria.ch\/besoins\/cou\/double-menton\/\">double menton<\/a> est une source fr\u00e9quente d\u2019inconfort esth\u00e9tique, aussi bien chez l\u2019homme que chez la femme. Il alt\u00e8re la d\u00e9finition de l\u2019ovale du visage, modifie le profil, et donne parfois l\u2019illusion d\u2019un visage affaiss\u00e9 ou alourdi, m\u00eame chez des personnes jeunes ou minces. Dans ce contexte, les demandes de correction sont de plus en plus orient\u00e9es vers des solutions non chirurgicales, parmi lesquelles le <a href=\"https:\/\/drromanovaleria.ch\/besoins\/embellissement-visage\/jawline-texas-lift\/\">jawline contouring<\/a> par injection d&#8217;<a href=\"https:\/\/drromanovaleria.ch\/solutions\/injections\/acide-hayluronique\/\">acide hyaluronique<\/a> occupe une place de choix. Mais cette technique permet-elle r\u00e9ellement d\u2019att\u00e9nuer, voire de supprimer, l\u2019aspect du double menton ? La r\u00e9ponse, comme souvent en m\u00e9decine, d\u00e9pend d\u2019une analyse rigoureuse de la cause, de l\u2019anatomie sous-jacente et du projet th\u00e9rapeutique d\u00e9fini avec le patient.<\/p>\t\t\t\t\t\t\t\t<\/div>\n\t\t\t\t<\/div>\n\t\t\t\t<\/div>\n\t\t\t\t\t<\/div>\n\t\t\t\t<\/div>\n\t\t<div class=\"elementor-element elementor-element-fc78693 e-flex e-con-boxed e-con e-child\" data-id=\"fc78693\" data-element_type=\"container\" data-e-type=\"container\" data-settings=\"{&quot;jet_parallax_layout_list&quot;:[]}\">\n\t\t\t\t\t<div class=\"e-con-inner\">\n\t\t\t\t<div class=\"elementor-element elementor-element-01b12f4 elementor-widget elementor-widget-image\" data-id=\"01b12f4\" data-element_type=\"widget\" data-e-type=\"widget\" data-widget_type=\"image.default\">\n\t\t\t\t<div class=\"elementor-widget-container\">\n\t\t\t\t\t\t\t\t\t\t\t\t\t\t\t<img fetchpriority=\"high\" decoding=\"async\" width=\"300\" height=\"220\" src=\"https:\/\/drromanovaleria.ch\/wp-content\/uploads\/2024\/05\/hydratation-peau.webp\" class=\"attachment-medium size-medium wp-image-4852\" alt=\"image peau jeune hydrat\u00e9e\" srcset=\"https:\/\/drromanovaleria.ch\/wp-content\/uploads\/2024\/05\/hydratation-peau.webp 300w, https:\/\/drromanovaleria.ch\/wp-content\/uploads\/2024\/05\/hydratation-peau-16x12.webp 16w\" sizes=\"(max-width: 300px) 100vw, 300px\" \/>\t\t\t\t\t\t\t\t\t\t\t\t\t\t\t<\/div>\n\t\t\t\t<\/div>\n\t\t\t\t<div class=\"elementor-element elementor-element-5cada74 elementor-align-center elementor-widget elementor-widget-button\" data-id=\"5cada74\" data-element_type=\"widget\" data-e-type=\"widget\" data-widget_type=\"button.default\">\n\t\t\t\t<div class=\"elementor-widget-container\">\n\t\t\t\t\t\t\t\t\t<div class=\"elementor-button-wrapper\">\n\t\t\t\t\t<a class=\"elementor-button elementor-button-link elementor-size-sm\" href=\"https:\/\/drromanovaleria.ch\/contactez-le-dr-romano\/\">\n\t\t\t\t\t\t<span class=\"elementor-button-content-wrapper\">\n\t\t\t\t\t\t\t\t\t<span class=\"elementor-button-text\">Prendre rendez-vous<\/span>\n\t\t\t\t\t<\/span>\n\t\t\t\t\t<\/a>\n\t\t\t\t<\/div>\n\t\t\t\t\t\t\t\t<\/div>\n\t\t\t\t<\/div>\n\t\t\t\t\t<\/div>\n\t\t\t\t<\/div>\n\t\t\t\t\t<\/div>\n\t\t\t\t<\/div>\n\t\t<div class=\"elementor-element elementor-element-d2fb9b3 e-flex e-con-boxed e-con e-parent\" data-id=\"d2fb9b3\" data-element_type=\"container\" data-e-type=\"container\" data-settings=\"{&quot;jet_parallax_layout_list&quot;:[]}\">\n\t\t\t\t\t<div class=\"e-con-inner\">\n\t\t\t\t<div class=\"elementor-element elementor-element-f6ae266 elementor-toc--content-ellipsis elementor-toc--minimized-on-desktop elementor-widget elementor-widget-table-of-contents\" data-id=\"f6ae266\" data-element_type=\"widget\" data-e-type=\"widget\" data-settings=\"{&quot;exclude_headings_by_selector&quot;:[],&quot;minimized_on&quot;:&quot;desktop&quot;,&quot;no_headings_message&quot;:&quot;Aucun titre n\\u2019a \\u00e9t\\u00e9 trouv\\u00e9 sur cette page.&quot;,&quot;headings_by_tags&quot;:[&quot;h2&quot;,&quot;h3&quot;,&quot;h4&quot;,&quot;h5&quot;,&quot;h6&quot;],&quot;marker_view&quot;:&quot;numbers&quot;,&quot;minimize_box&quot;:&quot;yes&quot;,&quot;hierarchical_view&quot;:&quot;yes&quot;,&quot;min_height&quot;:{&quot;unit&quot;:&quot;px&quot;,&quot;size&quot;:&quot;&quot;,&quot;sizes&quot;:[]},&quot;min_height_tablet&quot;:{&quot;unit&quot;:&quot;px&quot;,&quot;size&quot;:&quot;&quot;,&quot;sizes&quot;:[]},&quot;min_height_mobile&quot;:{&quot;unit&quot;:&quot;px&quot;,&quot;size&quot;:&quot;&quot;,&quot;sizes&quot;:[]}}\" data-widget_type=\"table-of-contents.default\">\n\t\t\t\t<div class=\"elementor-widget-container\">\n\t\t\t\t\t\t\t\t\t<div class=\"elementor-toc__header\">\n\t\t\t\t\t\t<h2 class=\"elementor-toc__header-title\">\n\t\t\t\tSommaire\t\t\t<\/h2>\n\t\t\t\t\t\t\t\t\t\t<div class=\"elementor-toc__toggle-button elementor-toc__toggle-button--expand\" role=\"button\" tabindex=\"0\" aria-controls=\"elementor-toc__f6ae266\" aria-expanded=\"true\" aria-label=\"Ouvrir la table des mati\u00e8res\"><svg aria-hidden=\"true\" class=\"e-font-icon-svg e-fas-chevron-down\" viewBox=\"0 0 448 512\" xmlns=\"http:\/\/www.w3.org\/2000\/svg\"><path d=\"M207.029 381.476L12.686 187.132c-9.373-9.373-9.373-24.569 0-33.941l22.667-22.667c9.357-9.357 24.522-9.375 33.901-.04L224 284.505l154.745-154.021c9.379-9.335 24.544-9.317 33.901.04l22.667 22.667c9.373 9.373 9.373 24.569 0 33.941L240.971 381.476c-9.373 9.372-24.569 9.372-33.942 0z\"><\/path><\/svg><\/div>\n\t\t\t\t<div class=\"elementor-toc__toggle-button elementor-toc__toggle-button--collapse\" role=\"button\" tabindex=\"0\" aria-controls=\"elementor-toc__f6ae266\" aria-expanded=\"true\" aria-label=\"Fermer la table des mati\u00e8res\"><svg aria-hidden=\"true\" class=\"e-font-icon-svg e-fas-chevron-up\" viewBox=\"0 0 448 512\" xmlns=\"http:\/\/www.w3.org\/2000\/svg\"><path d=\"M240.971 130.524l194.343 194.343c9.373 9.373 9.373 24.569 0 33.941l-22.667 22.667c-9.357 9.357-24.522 9.375-33.901.04L224 227.495 69.255 381.516c-9.379 9.335-24.544 9.317-33.901-.04l-22.667-22.667c-9.373-9.373-9.373-24.569 0-33.941L207.03 130.525c9.372-9.373 24.568-9.373 33.941-.001z\"><\/path><\/svg><\/div>\n\t\t\t\t\t<\/div>\n\t\t\t\t<div id=\"elementor-toc__f6ae266\" class=\"elementor-toc__body\">\n\t\t\t<div class=\"elementor-toc__spinner-container\">\n\t\t\t\t<svg class=\"elementor-toc__spinner eicon-animation-spin e-font-icon-svg e-eicon-loading\" aria-hidden=\"true\" viewBox=\"0 0 1000 1000\" xmlns=\"http:\/\/www.w3.org\/2000\/svg\"><path d=\"M500 975V858C696 858 858 696 858 500S696 142 500 142 142 304 142 500H25C25 237 238 25 500 25S975 237 975 500 763 975 500 975Z\"><\/path><\/svg>\t\t\t<\/div>\n\t\t<\/div>\n\t\t\t\t\t\t<\/div>\n\t\t\t\t<\/div>\n\t\t\t\t\t<\/div>\n\t\t\t\t<\/div>\n\t\t<div class=\"elementor-element elementor-element-8b9d79d e-flex e-con-boxed e-con e-parent\" data-id=\"8b9d79d\" data-element_type=\"container\" data-e-type=\"container\" data-settings=\"{&quot;jet_parallax_layout_list&quot;:[]}\">\n\t\t\t\t\t<div class=\"e-con-inner\">\n\t\t\t\t<div class=\"elementor-element elementor-element-04e98e3 elementor-widget elementor-widget-text-editor\" data-id=\"04e98e3\" data-element_type=\"widget\" data-e-type=\"widget\" data-widget_type=\"text-editor.default\">\n\t\t\t\t<div class=\"elementor-widget-container\">\n\t\t\t\t\t\t\t\t\t<h2>Le double menton : causes<\/h2>\t\t\t\t\t\t\t\t<\/div>\n\t\t\t\t<\/div>\n\t\t\t\t<div class=\"elementor-element elementor-element-deacc0a elementor-widget-divider--view-line elementor-widget elementor-widget-divider\" data-id=\"deacc0a\" data-element_type=\"widget\" data-e-type=\"widget\" data-widget_type=\"divider.default\">\n\t\t\t\t<div class=\"elementor-widget-container\">\n\t\t\t\t\t\t\t<div class=\"elementor-divider\">\n\t\t\t<span class=\"elementor-divider-separator\">\n\t\t\t\t\t\t<\/span>\n\t\t<\/div>\n\t\t\t\t\t\t<\/div>\n\t\t\t\t<\/div>\n\t\t\t\t<div class=\"elementor-element elementor-element-d621ae1 elementor-widget elementor-widget-text-editor\" data-id=\"d621ae1\" data-element_type=\"widget\" data-e-type=\"widget\" data-widget_type=\"text-editor.default\">\n\t\t\t\t<div class=\"elementor-widget-container\">\n\t\t\t\t\t\t\t\t\t<p>Avant d\u2019envisager un traitement, il est essentiel de comprendre que le double menton n\u2019est pas un diagnostic en soi, mais une pr\u00e9sentation clinique d\u2019origine variable. Il peut r\u00e9sulter d\u2019un exc\u00e8s graisseux sous-mentonnier, d\u2019un rel\u00e2chement cutan\u00e9, d\u2019un d\u00e9faut osseux (r\u00e9trognathie), d\u2019une perte de tonicit\u00e9 musculaire ou d\u2019un manque de d\u00e9finition mandibulaire. Dans certains cas, ces facteurs sont isol\u00e9s ; dans d\u2019autres, ils coexistent et se potentialisent.<br \/>L\u2019approche m\u00e9dicale s\u00e9rieuse repose sur une analyse morphologique compl\u00e8te. Celle-ci permet de distinguer la part du double menton li\u00e9e \u00e0 un exc\u00e8s de tissus (graisse ou rel\u00e2chement cutan\u00e9) de celle qui r\u00e9sulte d\u2019un manque de structure osseuse. C\u2019est pr\u00e9cis\u00e9ment dans ce second cas que le jawline contouring trouve toute son utilit\u00e9.<\/p>\t\t\t\t\t\t\t\t<\/div>\n\t\t\t\t<\/div>\n\t\t\t\t\t<\/div>\n\t\t\t\t<\/div>\n\t\t<div class=\"elementor-element elementor-element-2b05019 e-flex e-con-boxed e-con e-parent\" data-id=\"2b05019\" data-element_type=\"container\" data-e-type=\"container\" data-settings=\"{&quot;jet_parallax_layout_list&quot;:[]}\">\n\t\t\t\t\t<div class=\"e-con-inner\">\n\t\t\t\t<div class=\"elementor-element elementor-element-2bac166 elementor-widget elementor-widget-text-editor\" data-id=\"2bac166\" data-element_type=\"widget\" data-e-type=\"widget\" data-widget_type=\"text-editor.default\">\n\t\t\t\t<div class=\"elementor-widget-container\">\n\t\t\t\t\t\t\t\t\t<h2>Jawline contouring et double menton<\/h2>\t\t\t\t\t\t\t\t<\/div>\n\t\t\t\t<\/div>\n\t\t\t\t<div class=\"elementor-element elementor-element-6fd6bad elementor-widget-divider--view-line elementor-widget elementor-widget-divider\" data-id=\"6fd6bad\" data-element_type=\"widget\" data-e-type=\"widget\" data-widget_type=\"divider.default\">\n\t\t\t\t<div class=\"elementor-widget-container\">\n\t\t\t\t\t\t\t<div class=\"elementor-divider\">\n\t\t\t<span class=\"elementor-divider-separator\">\n\t\t\t\t\t\t<\/span>\n\t\t<\/div>\n\t\t\t\t\t\t<\/div>\n\t\t\t\t<\/div>\n\t\t\t\t<div class=\"elementor-element elementor-element-3a0a58f elementor-widget elementor-widget-text-editor\" data-id=\"3a0a58f\" data-element_type=\"widget\" data-e-type=\"widget\" data-widget_type=\"text-editor.default\">\n\t\t\t\t<div class=\"elementor-widget-container\">\n\t\t\t\t\t\t\t\t\t<p>Le jawline contouring consiste \u00e0 restructurer la ligne mandibulaire \u00e0 l\u2019aide d\u2019un acide hyaluronique dense, inject\u00e9 en profondeur, souvent au contact de l\u2019os. L\u2019objectif est de recr\u00e9er une charpente mandibulaire nette et continue, depuis l\u2019angle de la m\u00e2choire jusqu\u2019au menton. Ce traitement am\u00e9liore la d\u00e9finition du bas du visage, restaure la ligne de l\u2019ovale, et cr\u00e9e une ligne de s\u00e9paration visuelle entre le visage et le cou.<br \/>Chez les patients jeunes, ne pr\u00e9sentant ni surcharge graisseuse, ni rel\u00e2chement cutan\u00e9 important, mais simplement un manque de projection mandibulaire, le jawline permet parfois d\u2019att\u00e9nuer nettement l\u2019aspect du double menton. Le traitement am\u00e9liore la tension tissulaire locale et redonne au cou un aspect plus net et structur\u00e9. Il ne \u201csupprime\u201d pas la graisse, mais en modifie la perception visuelle, en soulignant les angles et en red\u00e9finissant les volumes.<\/p>\t\t\t\t\t\t\t\t<\/div>\n\t\t\t\t<\/div>\n\t\t\t\t\t<\/div>\n\t\t\t\t<\/div>\n\t\t<div class=\"elementor-element elementor-element-1fae7e9 e-flex e-con-boxed e-con e-parent\" data-id=\"1fae7e9\" data-element_type=\"container\" data-e-type=\"container\" data-settings=\"{&quot;jet_parallax_layout_list&quot;:[]}\">\n\t\t\t\t\t<div class=\"e-con-inner\">\n\t\t\t\t<div class=\"elementor-element elementor-element-b0a8a78 elementor-widget elementor-widget-text-editor\" data-id=\"b0a8a78\" data-element_type=\"widget\" data-e-type=\"widget\" data-widget_type=\"text-editor.default\">\n\t\t\t\t<div class=\"elementor-widget-container\">\n\t\t\t\t\t\t\t\t\t<h2>Quand le jawline contouring ne suffit pas \u00e0 corriger le double menton<\/h2>\t\t\t\t\t\t\t\t<\/div>\n\t\t\t\t<\/div>\n\t\t\t\t<div class=\"elementor-element elementor-element-101fd97 elementor-widget-divider--view-line elementor-widget elementor-widget-divider\" data-id=\"101fd97\" data-element_type=\"widget\" data-e-type=\"widget\" data-widget_type=\"divider.default\">\n\t\t\t\t<div class=\"elementor-widget-container\">\n\t\t\t\t\t\t\t<div class=\"elementor-divider\">\n\t\t\t<span class=\"elementor-divider-separator\">\n\t\t\t\t\t\t<\/span>\n\t\t<\/div>\n\t\t\t\t\t\t<\/div>\n\t\t\t\t<\/div>\n\t\t\t\t<div class=\"elementor-element elementor-element-286d031 elementor-widget elementor-widget-text-editor\" data-id=\"286d031\" data-element_type=\"widget\" data-e-type=\"widget\" data-widget_type=\"text-editor.default\">\n\t\t\t\t<div class=\"elementor-widget-container\">\n\t\t\t\t\t\t\t\t\t<p>Le jawline contouring atteint ses limites lorsque le double menton est principalement d\u00fb \u00e0 une surcharge graisseuse localis\u00e9e ou \u00e0 un rel\u00e2chement cutan\u00e9 important.<br \/>Dans ces situations, l\u2019injection d\u2019acide hyaluronique le long de la ligne mandibulaire peut, en l\u2019absence de traitement pr\u00e9alable de la graisse sous-jacente, accentuer temporairement l\u2019effet de volume, au lieu de l\u2019att\u00e9nuer.<br \/>Il est important de rappeler que l\u2019acide hyaluronique n\u2019a aucun effet lipolytique : il ne retire pas la graisse, mais agit uniquement en restaurant des volumes osseux manquants ou alt\u00e9r\u00e9s. Il s\u2019agit donc d\u2019un geste de structuration, et non d\u2019une technique de r\u00e9duction.<br \/>D\u2019un point de vue anatomique et th\u00e9rapeutique, ces deux approches sont fondamentalement diff\u00e9rentes.<br \/>Par cons\u00e9quent, chez les patients pr\u00e9sentant un double menton li\u00e9 principalement \u00e0 un exc\u00e8s graisseux ou \u00e0 un rel\u00e2chement cutan\u00e9, le jawline contouring ne doit pas \u00eatre consid\u00e9r\u00e9 comme un traitement de premi\u00e8re intention, mais plut\u00f4t comme un compl\u00e9ment \u00e9ventuel \u00e0 des techniques plus adapt\u00e9es : <a href=\"https:\/\/drromanovaleria.ch\/solutions\/lasers\/cryolipolyse\/\">cryolipolyse<\/a> sous-mentonni\u00e8re, radiofr\u00e9quence cibl\u00e9e, ou lifting chirurgical, selon les cas.<\/p>\t\t\t\t\t\t\t\t<\/div>\n\t\t\t\t<\/div>\n\t\t\t\t\t<\/div>\n\t\t\t\t<\/div>\n\t\t<div class=\"elementor-element elementor-element-8a1f464 e-flex e-con-boxed e-con e-parent\" data-id=\"8a1f464\" data-element_type=\"container\" data-e-type=\"container\" data-settings=\"{&quot;jet_parallax_layout_list&quot;:[]}\">\n\t\t\t\t\t<div class=\"e-con-inner\">\n\t\t\t\t<div class=\"elementor-element elementor-element-f12b27f elementor-widget elementor-widget-text-editor\" data-id=\"f12b27f\" data-element_type=\"widget\" data-e-type=\"widget\" data-widget_type=\"text-editor.default\">\n\t\t\t\t<div class=\"elementor-widget-container\">\n\t\t\t\t\t\t\t\t\t<h2>Jawline et effet de camouflage<\/h2>\t\t\t\t\t\t\t\t<\/div>\n\t\t\t\t<\/div>\n\t\t\t\t<div class=\"elementor-element elementor-element-79b8c80 elementor-widget-divider--view-line elementor-widget elementor-widget-divider\" data-id=\"79b8c80\" data-element_type=\"widget\" data-e-type=\"widget\" data-widget_type=\"divider.default\">\n\t\t\t\t<div class=\"elementor-widget-container\">\n\t\t\t\t\t\t\t<div class=\"elementor-divider\">\n\t\t\t<span class=\"elementor-divider-separator\">\n\t\t\t\t\t\t<\/span>\n\t\t<\/div>\n\t\t\t\t\t\t<\/div>\n\t\t\t\t<\/div>\n\t\t\t\t<div class=\"elementor-element elementor-element-bcb8a06 elementor-widget elementor-widget-text-editor\" data-id=\"bcb8a06\" data-element_type=\"widget\" data-e-type=\"widget\" data-widget_type=\"text-editor.default\">\n\t\t\t\t<div class=\"elementor-widget-container\">\n\t\t\t\t\t\t\t\t\t<p data-start=\"100\" data-end=\"613\">Dans certains cas bien s\u00e9lectionn\u00e9s \u2014 par exemple chez des patients \u00e0 l\u2019ossature discr\u00e8te, \u00e0 la peau tonique et pr\u00e9sentant un petit bourrelet sous-mentonnier \u2014, l\u2019injection d\u2019acide hyaluronique au niveau de l\u2019angle mandibulaire peut offrir un effet de camouflage efficace.<br data-start=\"372\" data-end=\"375\" \/>En redessinant la ligne manibulaire, elle projette visuellement la mandibule vers l\u2019avant, adoucit la transition entre le menton et le cou et r\u00e9duit l\u2019impact esth\u00e9tique du double menton, sans toutefois en traiter la cause anatomique.<br \/>Ce m\u00e9canisme optique, souvent spectaculaire de profil ou en photographie, repose sur trois \u00e9l\u00e9ments essentiels : la ma\u00eetrise du geste technique, le choix du produit et la pr\u00e9cision du plan d\u2019injection.<br data-start=\"816\" data-end=\"819\" \/>Il reste n\u00e9anmoins indispensable d\u2019expliquer clairement au patient qu\u2019il s\u2019agit d\u2019un effet visuel, temporaire et purement structurel, et non d\u2019un traitement ciblant l\u2019exc\u00e8s graisseux ou cutan\u00e9.<\/p>\t\t\t\t\t\t\t\t<\/div>\n\t\t\t\t<\/div>\n\t\t\t\t\t<\/div>\n\t\t\t\t<\/div>\n\t\t<div class=\"elementor-element elementor-element-1600815 e-flex e-con-boxed e-con e-parent\" data-id=\"1600815\" data-element_type=\"container\" data-e-type=\"container\" data-settings=\"{&quot;jet_parallax_layout_list&quot;:[]}\">\n\t\t\t\t\t<div class=\"e-con-inner\">\n\t\t\t\t<div class=\"elementor-element elementor-element-a2162f6 elementor-widget elementor-widget-text-editor\" data-id=\"a2162f6\" data-element_type=\"widget\" data-e-type=\"widget\" data-widget_type=\"text-editor.default\">\n\t\t\t\t<div class=\"elementor-widget-container\">\n\t\t\t\t\t\t\t\t\t<h2>Importance du diagnostic morphologique initial<\/h2>\t\t\t\t\t\t\t\t<\/div>\n\t\t\t\t<\/div>\n\t\t\t\t<div class=\"elementor-element elementor-element-b15f2c0 elementor-widget-divider--view-line elementor-widget elementor-widget-divider\" data-id=\"b15f2c0\" data-element_type=\"widget\" data-e-type=\"widget\" data-widget_type=\"divider.default\">\n\t\t\t\t<div class=\"elementor-widget-container\">\n\t\t\t\t\t\t\t<div class=\"elementor-divider\">\n\t\t\t<span class=\"elementor-divider-separator\">\n\t\t\t\t\t\t<\/span>\n\t\t<\/div>\n\t\t\t\t\t\t<\/div>\n\t\t\t\t<\/div>\n\t\t\t\t<div class=\"elementor-element elementor-element-b80a995 elementor-widget elementor-widget-text-editor\" data-id=\"b80a995\" data-element_type=\"widget\" data-e-type=\"widget\" data-widget_type=\"text-editor.default\">\n\t\t\t\t<div class=\"elementor-widget-container\">\n\t\t\t\t\t\t\t\t\t<p>Tout l\u2019enjeu du traitement repose sur une analyse m\u00e9dicale rigoureuse du double menton.<br \/>Il ne s\u2019agit pas de proposer une correction par d\u00e9faut, mais d\u2019identifier l\u2019origine exacte du d\u00e9s\u00e9quilibre esth\u00e9tique : est-il li\u00e9 \u00e0 un d\u00e9ficit osseux, \u00e0 un exc\u00e8s graisseux, \u00e0 un rel\u00e2chement cutan\u00e9, ou encore \u00e0 une hyperactivit\u00e9 musculaire ?<br \/>Le jawline contouring ne sera r\u00e9ellement efficace que si un manque de structure est pr\u00e9sent. C\u2019est pourquoi, lors de la consultation, le m\u00e9decin effectue g\u00e9n\u00e9ralement une palpation dynamique, une observation en lumi\u00e8re rasante, et, si n\u00e9cessaire, une photographie de profil standardis\u00e9e, afin d\u2019\u00e9valuer pr\u00e9cis\u00e9ment si cette technique constitue une r\u00e9ponse pertinente, suffisante ou partielle.<br \/>Cette pr\u00e9cision dans l\u2019indication est essentielle : elle conditionne la qualit\u00e9 du r\u00e9sultat, assure la satisfaction du patient et pr\u00e9serve la cr\u00e9dibilit\u00e9 de l\u2019acte m\u00e9dical.<br \/>Le jawline contouring ne doit pas \u00eatre envisag\u00e9 comme une solution universelle au rajeunissement du bas du visage, mais comme une r\u00e9ponse pr\u00e9cise, r\u00e9serv\u00e9e \u00e0 des indications clairement d\u00e9finies.<\/p>\t\t\t\t\t\t\t\t<\/div>\n\t\t\t\t<\/div>\n\t\t\t\t\t<\/div>\n\t\t\t\t<\/div>\n\t\t<div class=\"elementor-element elementor-element-905a5d2 e-flex e-con-boxed e-con e-parent\" data-id=\"905a5d2\" data-element_type=\"container\" data-e-type=\"container\" data-settings=\"{&quot;jet_parallax_layout_list&quot;:[]}\">\n\t\t\t\t\t<div class=\"e-con-inner\">\n\t\t\t\t<div class=\"elementor-element elementor-element-77fbc0b elementor-widget elementor-widget-text-editor\" data-id=\"77fbc0b\" data-element_type=\"widget\" data-e-type=\"widget\" data-widget_type=\"text-editor.default\">\n\t\t\t\t<div class=\"elementor-widget-container\">\n\t\t\t\t\t\t\t\t\t<h2>Chez quels patients le jawline ne donnera aucun effet sur le double menton ?<\/h2>\t\t\t\t\t\t\t\t<\/div>\n\t\t\t\t<\/div>\n\t\t\t\t<div class=\"elementor-element elementor-element-7c458f3 elementor-widget-divider--view-line elementor-widget elementor-widget-divider\" data-id=\"7c458f3\" data-element_type=\"widget\" data-e-type=\"widget\" data-widget_type=\"divider.default\">\n\t\t\t\t<div class=\"elementor-widget-container\">\n\t\t\t\t\t\t\t<div class=\"elementor-divider\">\n\t\t\t<span class=\"elementor-divider-separator\">\n\t\t\t\t\t\t<\/span>\n\t\t<\/div>\n\t\t\t\t\t\t<\/div>\n\t\t\t\t<\/div>\n\t\t\t\t<div class=\"elementor-element elementor-element-03c3de1 elementor-widget elementor-widget-text-editor\" data-id=\"03c3de1\" data-element_type=\"widget\" data-e-type=\"widget\" data-widget_type=\"text-editor.default\">\n\t\t\t\t<div class=\"elementor-widget-container\">\n\t\t\t\t\t\t\t\t\t<p>Malgr\u00e9 l\u2019int\u00e9r\u00eat croissant pour le jawline contouring, il est essentiel de rappeler que cette technique n\u2019est pas indiqu\u00e9e dans tous les cas de double menton. Son efficacit\u00e9 repose sur une condition fondamentale : l\u2019origine du d\u00e9faut per\u00e7u doit \u00eatre li\u00e9e \u00e0 un manque de d\u00e9finition mandibulaire. Lorsque ce n\u2019est pas le cas, l\u2019injection d\u2019acide hyaluronique au niveau de la ligne mandibulaire ne permet aucune am\u00e9lioration, et peut m\u00eame exacerber le probl\u00e8me initial.<br \/>Le jawline contouring est contre-indiqu\u00e9 ou inefficace dans plusieurs cas de figure :<\/p><ul><li>Pr\u00e9sence d\u2019un amas graisseux marqu\u00e9 sous le menton, avec un pli cutan\u00e9 \u00e9pais et mal mobilisable. L\u2019injection volumatrice dans ce contexte ne fait qu&#8217;ajouter du volume suppl\u00e9mentaire \u00e0 une surcharge pr\u00e9existante.<\/li><li>Exc\u00e8s cutan\u00e9 avec pt\u00f4se av\u00e9r\u00e9e, notamment apr\u00e8s un amaigrissement important ou chez les patients d\u2019\u00e2ge m\u00fbr. Ici, le probl\u00e8me est la laxit\u00e9 tissulaire : le jawline ne traite ni la peau distendue ni les structures musculaires affaiss\u00e9es.<\/li><li>Patients r\u00e9trognathes avec un menton fuyant non trait\u00e9. Injecter la ligne mandibulaire sans corriger la r\u00e9trognathie cr\u00e9e une dissociation entre le bas du visage et le cou, accentuant parfois la zone du double menton au lieu de la masquer.<\/li><li>Enfin, les profils \u00e0 posture cervicale d\u00e9s\u00e9quilibr\u00e9e, comme une cyphose prononc\u00e9e ou un port de t\u00eate en avant chronique, pr\u00e9sentent une compression anatomique qui ne permet pas de visualiser le r\u00e9sultat du jawline contouring.<\/li><\/ul><p>Dans ces contextes, le jawline contouring ne doit jamais \u00eatre propos\u00e9 comme solution de premi\u00e8re intention.<\/p>\t\t\t\t\t\t\t\t<\/div>\n\t\t\t\t<\/div>\n\t\t\t\t\t<\/div>\n\t\t\t\t<\/div>\n\t\t<div class=\"elementor-element elementor-element-bf2320a e-flex e-con-boxed e-con e-parent\" data-id=\"bf2320a\" data-element_type=\"container\" data-e-type=\"container\" data-settings=\"{&quot;jet_parallax_layout_list&quot;:[]}\">\n\t\t\t\t\t<div class=\"e-con-inner\">\n\t\t\t\t<div class=\"elementor-element elementor-element-47593e2 elementor-widget elementor-widget-text-editor\" data-id=\"47593e2\" data-element_type=\"widget\" data-e-type=\"widget\" data-widget_type=\"text-editor.default\">\n\t\t\t\t<div class=\"elementor-widget-container\">\n\t\t\t\t\t\t\t\t\t<h2>Le jawline contouring peut-il \u00eatre combin\u00e9 au traitement du double menton ?<\/h2>\t\t\t\t\t\t\t\t<\/div>\n\t\t\t\t<\/div>\n\t\t\t\t<div class=\"elementor-element elementor-element-dd06924 elementor-widget-divider--view-line elementor-widget elementor-widget-divider\" data-id=\"dd06924\" data-element_type=\"widget\" data-e-type=\"widget\" data-widget_type=\"divider.default\">\n\t\t\t\t<div class=\"elementor-widget-container\">\n\t\t\t\t\t\t\t<div class=\"elementor-divider\">\n\t\t\t<span class=\"elementor-divider-separator\">\n\t\t\t\t\t\t<\/span>\n\t\t<\/div>\n\t\t\t\t\t\t<\/div>\n\t\t\t\t<\/div>\n\t\t\t\t<div class=\"elementor-element elementor-element-2b93f36 elementor-widget elementor-widget-text-editor\" data-id=\"2b93f36\" data-element_type=\"widget\" data-e-type=\"widget\" data-widget_type=\"text-editor.default\">\n\t\t\t\t<div class=\"elementor-widget-container\">\n\t\t\t\t\t\t\t\t\t<p>Le jawline contouring peut \u00eatre combin\u00e9 au traitement du double menton. Dans de nombreux cas, c\u2019est pr\u00e9cis\u00e9ment la combinaison raisonn\u00e9e des techniques qui permet d\u2019obtenir un r\u00e9sultat esth\u00e9tique optimal.<br data-start=\"294\" data-end=\"297\" \/>Le jawline contouring ne traite pas directement le double menton, mais il en am\u00e9liore la perception visuelle en redessinant les lignes et en projetant les angles. Lorsqu\u2019il est associ\u00e9 \u00e0 une r\u00e9duction du volume sous-mentonnier, le resultat final peut \u00eatre consid\u00e9rablement optimis\u00e9.<br \/>Parmi les combinaisons les plus fr\u00e9quentes, on retrouve :<\/p><p>Jawline et cryolipolyse du double menton : associer le jawline contouring \u00e0 une cryolipolyse cibl\u00e9e de la r\u00e9gion sous-mentonni\u00e8re constitue une approche particuli\u00e8rement pertinente lorsque le double menton est li\u00e9 \u00e0 un exc\u00e8s adipeux mod\u00e9r\u00e9. La cryolipolyse, en d\u00e9truisant de fa\u00e7on s\u00e9lective les adipocytes gr\u00e2ce au froid contr\u00f4l\u00e9, induit une diminution progressive du volume graisseux, sans chirurgie ni \u00e9viction sociale. \u00c0 partir de la sixi\u00e8me \u00e0 la huiti\u00e8me semaine suivant la s\u00e9ance, la r\u00e9sorption adipeuse rend l\u2019anatomie sous-jacente plus lisible et mieux structur\u00e9e, ce qui facilite une injection d\u2019acide hyaluronique pr\u00e9cise et adapt\u00e9e.<\/p><ul><li data-start=\"718\" data-end=\"1106\">La ligne mandibulaire peut alors \u00eatre sculpt\u00e9e avec davantage de finesse et de stabilit\u00e9, tout en limitant le risque de surcharge. Cette s\u00e9quence th\u00e9rapeutique, qui combine r\u00e9duction volumique et renforcement structurel, permet d\u2019obtenir un r\u00e9sultat net, durable et harmonieux, en particulier chez les patients jeunes ou d\u2019\u00e2ge interm\u00e9diaire pr\u00e9sentant encore une bonne tonicit\u00e9 cutan\u00e9e.<\/li><li data-start=\"718\" data-end=\"1106\">Jawline et laser fractionn\u00e9e : lorsque le double menton s\u2019accompagne d\u2019une laxit\u00e9 cutan\u00e9e mod\u00e9r\u00e9e, l\u2019association d\u2019un traitement inducteur de collag\u00e8ne au jawline contouring par acide hyaluronique permet \u00e0 la fois de retendre la peau et de redessiner la ligne mandibulaire. L\u2019effet synergique obtenu est g\u00e9n\u00e9ralement sup\u00e9rieur \u00e0 celui de chaque technique prise isol\u00e9ment.<\/li><li>Jawline et injection d\u2019 acide hyaluronique dans le menton : chez les patients au menton fuyant, il est imp\u00e9ratif de restaurer la correcte projection du menton avant de d\u00e9finir la ligne mandibulaire. Se limiter au contour mandibulaire, sans corriger le d\u00e9ficit mentonnier, conduit le plus souvent \u00e0 un r\u00e9sultat incomplet et peu harmonieux.<\/li><\/ul><p>Dans cette logique, le jawline s\u2019int\u00e8gre dans une strat\u00e9gie th\u00e9rapeutique globale, centr\u00e9e sur la correction des volumes, la remise en tension des tissus et la restauration du tiers inf\u00e9rieur du visage.<\/p>\t\t\t\t\t\t\t\t<\/div>\n\t\t\t\t<\/div>\n\t\t\t\t\t<\/div>\n\t\t\t\t<\/div>\n\t\t<div class=\"elementor-element elementor-element-9f5fe83 e-flex e-con-boxed e-con e-parent\" data-id=\"9f5fe83\" data-element_type=\"container\" data-e-type=\"container\" data-settings=\"{&quot;jet_parallax_layout_list&quot;:[]}\">\n\t\t\t\t\t<div class=\"e-con-inner\">\n\t\t<div class=\"elementor-element elementor-element-f486378 e-con-full e-flex e-con e-child\" data-id=\"f486378\" data-element_type=\"container\" data-e-type=\"container\" data-settings=\"{&quot;jet_parallax_layout_list&quot;:[]}\">\n\t\t<div class=\"elementor-element elementor-element-9b7069e e-con-full e-flex e-con e-child\" data-id=\"9b7069e\" data-element_type=\"container\" data-e-type=\"container\" data-settings=\"{&quot;jet_parallax_layout_list&quot;:[]}\">\n\t\t<div class=\"elementor-element elementor-element-cfaf514 e-con-full e-flex e-con e-child\" data-id=\"cfaf514\" data-element_type=\"container\" data-e-type=\"container\" data-settings=\"{&quot;jet_parallax_layout_list&quot;:[]}\">\n\t\t<div class=\"elementor-element elementor-element-da5dadd e-con-full e-flex e-con e-child\" data-id=\"da5dadd\" data-element_type=\"container\" data-e-type=\"container\" data-settings=\"{&quot;jet_parallax_layout_list&quot;:[]}\">\n\t\t\t\t<div class=\"elementor-element elementor-element-9172816 elementor-widget elementor-widget-image\" data-id=\"9172816\" data-element_type=\"widget\" data-e-type=\"widget\" data-widget_type=\"image.default\">\n\t\t\t\t<div class=\"elementor-widget-container\">\n\t\t\t\t\t\t\t\t\t\t\t\t\t\t\t<img decoding=\"async\" width=\"150\" height=\"150\" src=\"https:\/\/drromanovaleria.ch\/wp-content\/uploads\/2024\/07\/photo-docteur-romano-valeria-150x150.webp\" class=\"attachment-thumbnail size-thumbnail wp-image-13266\" alt=\"Photo docteur Valeria Romano \u00e0 Gen\u00e8ve\" \/>\t\t\t\t\t\t\t\t\t\t\t\t\t\t\t<\/div>\n\t\t\t\t<\/div>\n\t\t\t\t<div class=\"elementor-element elementor-element-61a7c05 elementor-widget elementor-widget-text-editor\" data-id=\"61a7c05\" data-element_type=\"widget\" data-e-type=\"widget\" data-widget_type=\"text-editor.default\">\n\t\t\t\t<div class=\"elementor-widget-container\">\n\t\t\t\t\t\t\t\t\t<p>Article r\u00e9dig\u00e9 par le <a href=\"https:\/\/drromanovaleria.ch\/\">Dr Romano Valeria<\/a><\/p>\t\t\t\t\t\t\t\t<\/div>\n\t\t\t\t<\/div>\n\t\t\t\t<\/div>\n\t\t<div class=\"elementor-element elementor-element-b9b7389 e-con-full e-flex e-con e-child\" data-id=\"b9b7389\" data-element_type=\"container\" data-e-type=\"container\" data-settings=\"{&quot;jet_parallax_layout_list&quot;:[]}\">\n\t\t\t\t<div class=\"elementor-element elementor-element-586fc30 elementor-widget elementor-widget-text-editor\" data-id=\"586fc30\" data-element_type=\"widget\" data-e-type=\"widget\" data-widget_type=\"text-editor.default\">\n\t\t\t\t<div class=\"elementor-widget-container\">\n\t\t\t\t\t\t\t\t\t<p>PARTAGER CET ARTICLE SUR<\/p>\t\t\t\t\t\t\t\t<\/div>\n\t\t\t\t<\/div>\n\t\t\t\t<div class=\"elementor-element elementor-element-72aeff2 elementor-share-buttons--view-icon-text elementor-share-buttons--skin-gradient elementor-share-buttons--shape-square elementor-grid-0 elementor-share-buttons--color-official elementor-widget elementor-widget-share-buttons\" data-id=\"72aeff2\" data-element_type=\"widget\" data-e-type=\"widget\" data-widget_type=\"share-buttons.default\">\n\t\t\t\t<div class=\"elementor-widget-container\">\n\t\t\t\t\t\t\t<div class=\"elementor-grid\">\n\t\t\t\t\t\t\t\t<div class=\"elementor-grid-item\">\n\t\t\t\t\t\t<div class=\"elementor-share-btn elementor-share-btn_linkedin\" role=\"button\" tabindex=\"0\" aria-label=\"Partager sur linkedin\">\n\t\t\t\t\t\t\t\t\t\t\t\t\t\t\t<span class=\"elementor-share-btn__icon\">\n\t\t\t\t\t\t\t\t<svg aria-hidden=\"true\" class=\"e-font-icon-svg e-fab-linkedin\" viewBox=\"0 0 448 512\" xmlns=\"http:\/\/www.w3.org\/2000\/svg\"><path d=\"M416 32H31.9C14.3 32 0 46.5 0 64.3v383.4C0 465.5 14.3 480 31.9 480H416c17.6 0 32-14.5 32-32.3V64.3c0-17.8-14.4-32.3-32-32.3zM135.4 416H69V202.2h66.5V416zm-33.2-243c-21.3 0-38.5-17.3-38.5-38.5S80.9 96 102.2 96c21.2 0 38.5 17.3 38.5 38.5 0 21.3-17.2 38.5-38.5 38.5zm282.1 243h-66.4V312c0-24.8-.5-56.7-34.5-56.7-34.6 0-39.9 27-39.9 54.9V416h-66.4V202.2h63.7v29.2h.9c8.9-16.8 30.6-34.5 62.9-34.5 67.2 0 79.7 44.3 79.7 101.9V416z\"><\/path><\/svg>\t\t\t\t\t\t\t<\/span>\n\t\t\t\t\t\t\t\t\t\t\t\t\t\t\t\t\t\t\t\t\t\t<div class=\"elementor-share-btn__text\">\n\t\t\t\t\t\t\t\t\t\t\t\t\t\t\t\t\t\t\t<span class=\"elementor-share-btn__title\">\n\t\t\t\t\t\t\t\t\t\tLinkedIn\t\t\t\t\t\t\t\t\t<\/span>\n\t\t\t\t\t\t\t\t\t\t\t\t\t\t\t\t\t<\/div>\n\t\t\t\t\t\t\t\t\t\t\t\t\t<\/div>\n\t\t\t\t\t<\/div>\n\t\t\t\t\t\t<\/div>\n\t\t\t\t\t\t<\/div>\n\t\t\t\t<\/div>\n\t\t\t\t<\/div>\n\t\t\t\t<\/div>\n\t\t\t\t<div class=\"elementor-element elementor-element-e7d1839 elementor-align-start elementor-mobile-align-start elementor-icon-list--layout-traditional elementor-list-item-link-full_width elementor-widget elementor-widget-icon-list\" data-id=\"e7d1839\" data-element_type=\"widget\" data-e-type=\"widget\" data-widget_type=\"icon-list.default\">\n\t\t\t\t<div class=\"elementor-widget-container\">\n\t\t\t\t\t\t\t<ul class=\"elementor-icon-list-items\">\n\t\t\t\t\t\t\t<li class=\"elementor-icon-list-item\">\n\t\t\t\t\t\t\t\t\t\t\t<a href=\"mailto:dr.romano.valeria@gmail.com\">\n\n\t\t\t\t\t\t\t\t\t\t\t\t<span class=\"elementor-icon-list-icon\">\n\t\t\t\t\t\t\t<svg aria-hidden=\"true\" class=\"e-font-icon-svg e-fas-envelope\" viewBox=\"0 0 512 512\" xmlns=\"http:\/\/www.w3.org\/2000\/svg\"><path d=\"M502.3 190.8c3.9-3.1 9.7-.2 9.7 4.7V400c0 26.5-21.5 48-48 48H48c-26.5 0-48-21.5-48-48V195.6c0-5 5.7-7.8 9.7-4.7 22.4 17.4 52.1 39.5 154.1 113.6 21.1 15.4 56.7 47.8 92.2 47.6 35.7.3 72-32.8 92.3-47.6 102-74.1 131.6-96.3 154-113.7zM256 320c23.2.4 56.6-29.2 73.4-41.4 132.7-96.3 142.8-104.7 173.4-128.7 5.8-4.5 9.2-11.5 9.2-18.9v-19c0-26.5-21.5-48-48-48H48C21.5 64 0 85.5 0 112v19c0 7.4 3.4 14.3 9.2 18.9 30.6 23.9 40.7 32.4 173.4 128.7 16.8 12.2 50.2 41.8 73.4 41.4z\"><\/path><\/svg>\t\t\t\t\t\t<\/span>\n\t\t\t\t\t\t\t\t\t\t<span class=\"elementor-icon-list-text\">dr.romano.valeria@gmail.com<\/span>\n\t\t\t\t\t\t\t\t\t\t\t<\/a>\n\t\t\t\t\t\t\t\t\t<\/li>\n\t\t\t\t\t\t\t\t<li class=\"elementor-icon-list-item\">\n\t\t\t\t\t\t\t\t\t\t\t<a href=\"tel:+41%2078%20209%2002%2089\">\n\n\t\t\t\t\t\t\t\t\t\t\t\t<span class=\"elementor-icon-list-icon\">\n\t\t\t\t\t\t\t<svg aria-hidden=\"true\" class=\"e-font-icon-svg e-fas-phone-alt\" viewBox=\"0 0 512 512\" xmlns=\"http:\/\/www.w3.org\/2000\/svg\"><path d=\"M497.39 361.8l-112-48a24 24 0 0 0-28 6.9l-49.6 60.6A370.66 370.66 0 0 1 130.6 204.11l60.6-49.6a23.94 23.94 0 0 0 6.9-28l-48-112A24.16 24.16 0 0 0 122.6.61l-104 24A24 24 0 0 0 0 48c0 256.5 207.9 464 464 464a24 24 0 0 0 23.4-18.6l24-104a24.29 24.29 0 0 0-14.01-27.6z\"><\/path><\/svg>\t\t\t\t\t\t<\/span>\n\t\t\t\t\t\t\t\t\t\t<span class=\"elementor-icon-list-text\">+41 78 209 02 89<\/span>\n\t\t\t\t\t\t\t\t\t\t\t<\/a>\n\t\t\t\t\t\t\t\t\t<\/li>\n\t\t\t\t\t\t<\/ul>\n\t\t\t\t\t\t<\/div>\n\t\t\t\t<\/div>\n\t\t\t\t<\/div>\n\t\t\t\t<\/div>\n\t\t\t\t\t<\/div>\n\t\t\t\t<\/div>\n\t\t\t\t<\/div>\n\t\t","protected":false},"featured_media":0,"template":"elementor_header_footer","class_list":["post-28473","infographie","type-infographie","status-publish","hentry"],"yoast_head":"<!-- This site is optimized with the Yoast SEO plugin v27.5 - https:\/\/yoast.com\/product\/yoast-seo-wordpress\/ -->\n<title>Est-ce que le jawline contouring permet d\u2019enlever le double menton ? - Dr Romano<\/title>\n<meta name=\"description\" content=\"Le jawline contouring \u00e0 l\u2019acide hyaluronique ne permet pas de supprimer un double menton, mais peut en att\u00e9nuer l\u2019apparence en red\u00e9finissant l\u2019ovale du visage selon les causes anatomiques et les indications.\" \/>\n<meta name=\"robots\" content=\"index, follow, max-snippet:-1, max-image-preview:large, max-video-preview:-1\" \/>\n<link rel=\"canonical\" href=\"https:\/\/drromanovaleria.ch\/it\/infografia\/riduzione-doppio-mento-jawline-contouring\/\" \/>\n<meta property=\"og:locale\" content=\"it_IT\" \/>\n<meta property=\"og:type\" content=\"article\" \/>\n<meta property=\"og:title\" content=\"Est-ce que le jawline contouring permet d\u2019enlever le double menton ? - Dr Romano\" \/>\n<meta property=\"og:description\" content=\"Le jawline contouring \u00e0 l\u2019acide hyaluronique ne permet pas de supprimer un double menton, mais peut en att\u00e9nuer l\u2019apparence en red\u00e9finissant l\u2019ovale du visage selon les causes anatomiques et les indications.\" \/>\n<meta property=\"og:url\" content=\"https:\/\/drromanovaleria.ch\/it\/infografia\/riduzione-doppio-mento-jawline-contouring\/\" \/>\n<meta property=\"og:site_name\" content=\"Dr Romano\" \/>\n<meta property=\"article:modified_time\" content=\"2025-11-06T07:05:34+00:00\" \/>\n<meta property=\"og:image\" content=\"https:\/\/drromanovaleria.ch\/wp-content\/uploads\/2024\/05\/hydratation-peau.webp\" \/>\n\t<meta property=\"og:image:width\" content=\"300\" \/>\n\t<meta property=\"og:image:height\" content=\"220\" \/>\n\t<meta property=\"og:image:type\" content=\"image\/webp\" \/>\n<meta name=\"twitter:card\" content=\"summary_large_image\" \/>\n<meta name=\"twitter:label1\" content=\"Tempo di lettura stimato\" \/>\n\t<meta name=\"twitter:data1\" content=\"9 minuti\" \/>\n<script type=\"application\/ld+json\" class=\"yoast-schema-graph\">{\"@context\":\"https:\\\/\\\/schema.org\",\"@graph\":[{\"@type\":\"WebPage\",\"@id\":\"https:\\\/\\\/drromanovaleria.ch\\\/infographie\\\/reduction-double-menton-jawline-contouring\\\/\",\"url\":\"https:\\\/\\\/drromanovaleria.ch\\\/infographie\\\/reduction-double-menton-jawline-contouring\\\/\",\"name\":\"Est-ce que le jawline contouring permet d\u2019enlever le double menton ? - Dr Romano\",\"isPartOf\":{\"@id\":\"https:\\\/\\\/drromanovaleria.ch\\\/#website\"},\"primaryImageOfPage\":{\"@id\":\"https:\\\/\\\/drromanovaleria.ch\\\/infographie\\\/reduction-double-menton-jawline-contouring\\\/#primaryimage\"},\"image\":{\"@id\":\"https:\\\/\\\/drromanovaleria.ch\\\/infographie\\\/reduction-double-menton-jawline-contouring\\\/#primaryimage\"},\"thumbnailUrl\":\"https:\\\/\\\/drromanovaleria.ch\\\/wp-content\\\/uploads\\\/2024\\\/05\\\/hydratation-peau.webp\",\"datePublished\":\"2025-07-03T06:21:53+00:00\",\"dateModified\":\"2025-11-06T07:05:34+00:00\",\"description\":\"Le jawline contouring \u00e0 l\u2019acide hyaluronique ne permet pas de supprimer un double menton, mais peut en att\u00e9nuer l\u2019apparence en red\u00e9finissant l\u2019ovale du visage selon les causes anatomiques et les indications.\",\"breadcrumb\":{\"@id\":\"https:\\\/\\\/drromanovaleria.ch\\\/infographie\\\/reduction-double-menton-jawline-contouring\\\/#breadcrumb\"},\"inLanguage\":\"it-IT\",\"potentialAction\":[{\"@type\":\"ReadAction\",\"target\":[\"https:\\\/\\\/drromanovaleria.ch\\\/infographie\\\/reduction-double-menton-jawline-contouring\\\/\"]}]},{\"@type\":\"ImageObject\",\"inLanguage\":\"it-IT\",\"@id\":\"https:\\\/\\\/drromanovaleria.ch\\\/infographie\\\/reduction-double-menton-jawline-contouring\\\/#primaryimage\",\"url\":\"https:\\\/\\\/drromanovaleria.ch\\\/wp-content\\\/uploads\\\/2024\\\/05\\\/hydratation-peau.webp\",\"contentUrl\":\"https:\\\/\\\/drromanovaleria.ch\\\/wp-content\\\/uploads\\\/2024\\\/05\\\/hydratation-peau.webp\"},{\"@type\":\"BreadcrumbList\",\"@id\":\"https:\\\/\\\/drromanovaleria.ch\\\/infographie\\\/reduction-double-menton-jawline-contouring\\\/#breadcrumb\",\"itemListElement\":[{\"@type\":\"ListItem\",\"position\":1,\"name\":\"Accueil\",\"item\":\"https:\\\/\\\/drromanovaleria.ch\\\/\"},{\"@type\":\"ListItem\",\"position\":2,\"name\":\"Infographie\",\"item\":\"https:\\\/\\\/drromanovaleria.ch\\\/infographie\\\/\"},{\"@type\":\"ListItem\",\"position\":3,\"name\":\"Est-ce que le jawline contouring permet d\u2019enlever le double menton ?\"}]},{\"@type\":\"WebSite\",\"@id\":\"https:\\\/\\\/drromanovaleria.ch\\\/#website\",\"url\":\"https:\\\/\\\/drromanovaleria.ch\\\/\",\"name\":\"Dr Romano\",\"description\":\"M\u00e9decine morphologique et anti-\u00e2ge\",\"potentialAction\":[{\"@type\":\"SearchAction\",\"target\":{\"@type\":\"EntryPoint\",\"urlTemplate\":\"https:\\\/\\\/drromanovaleria.ch\\\/?s={search_term_string}\"},\"query-input\":{\"@type\":\"PropertyValueSpecification\",\"valueRequired\":true,\"valueName\":\"search_term_string\"}}],\"inLanguage\":\"it-IT\"}]}<\/script>\n<!-- \/ Yoast SEO plugin. -->","yoast_head_json":{"title":"Il jawline contouring permette di eliminare il doppio mento ? - Dr Romano","description":"Il jawline contouring con acido ialuronico non elimina il doppio mento, ma pu\u00f2 attenuarne l\u2019aspetto ridefinendo l\u2019ovale del viso a seconda delle cause anatomiche e delle indicazioni.","robots":{"index":"index","follow":"follow","max-snippet":"max-snippet:-1","max-image-preview":"max-image-preview:large","max-video-preview":"max-video-preview:-1"},"canonical":"https:\/\/drromanovaleria.ch\/it\/infografia\/riduzione-doppio-mento-jawline-contouring\/","og_locale":"it_IT","og_type":"article","og_title":"Est-ce que le jawline contouring permet d\u2019enlever le double menton ? - Dr Romano","og_description":"Le jawline contouring \u00e0 l\u2019acide hyaluronique ne permet pas de supprimer un double menton, mais peut en att\u00e9nuer l\u2019apparence en red\u00e9finissant l\u2019ovale du visage selon les causes anatomiques et les indications.","og_url":"https:\/\/drromanovaleria.ch\/it\/infografia\/riduzione-doppio-mento-jawline-contouring\/","og_site_name":"Dr Romano","article_modified_time":"2025-11-06T07:05:34+00:00","og_image":[{"width":300,"height":220,"url":"https:\/\/drromanovaleria.ch\/wp-content\/uploads\/2024\/05\/hydratation-peau.webp","type":"image\/webp"}],"twitter_card":"summary_large_image","twitter_misc":{"Tempo di lettura stimato":"9 minuti"},"schema":{"@context":"https:\/\/schema.org","@graph":[{"@type":"WebPage","@id":"https:\/\/drromanovaleria.ch\/infographie\/reduction-double-menton-jawline-contouring\/","url":"https:\/\/drromanovaleria.ch\/infographie\/reduction-double-menton-jawline-contouring\/","name":"Il jawline contouring permette di eliminare il doppio mento ? - Dr Romano","isPartOf":{"@id":"https:\/\/drromanovaleria.ch\/#website"},"primaryImageOfPage":{"@id":"https:\/\/drromanovaleria.ch\/infographie\/reduction-double-menton-jawline-contouring\/#primaryimage"},"image":{"@id":"https:\/\/drromanovaleria.ch\/infographie\/reduction-double-menton-jawline-contouring\/#primaryimage"},"thumbnailUrl":"https:\/\/drromanovaleria.ch\/wp-content\/uploads\/2024\/05\/hydratation-peau.webp","datePublished":"2025-07-03T06:21:53+00:00","dateModified":"2025-11-06T07:05:34+00:00","description":"Il jawline contouring con acido ialuronico non elimina il doppio mento, ma pu\u00f2 attenuarne l\u2019aspetto ridefinendo l\u2019ovale del viso a seconda delle cause anatomiche e delle indicazioni.","breadcrumb":{"@id":"https:\/\/drromanovaleria.ch\/infographie\/reduction-double-menton-jawline-contouring\/#breadcrumb"},"inLanguage":"it-IT","potentialAction":[{"@type":"ReadAction","target":["https:\/\/drromanovaleria.ch\/infographie\/reduction-double-menton-jawline-contouring\/"]}]},{"@type":"ImageObject","inLanguage":"it-IT","@id":"https:\/\/drromanovaleria.ch\/infographie\/reduction-double-menton-jawline-contouring\/#primaryimage","url":"https:\/\/drromanovaleria.ch\/wp-content\/uploads\/2024\/05\/hydratation-peau.webp","contentUrl":"https:\/\/drromanovaleria.ch\/wp-content\/uploads\/2024\/05\/hydratation-peau.webp"},{"@type":"BreadcrumbList","@id":"https:\/\/drromanovaleria.ch\/infographie\/reduction-double-menton-jawline-contouring\/#breadcrumb","itemListElement":[{"@type":"ListItem","position":1,"name":"Accueil","item":"https:\/\/drromanovaleria.ch\/"},{"@type":"ListItem","position":2,"name":"Infographie","item":"https:\/\/drromanovaleria.ch\/infographie\/"},{"@type":"ListItem","position":3,"name":"Est-ce que le jawline contouring permet d\u2019enlever le double menton ?"}]},{"@type":"WebSite","@id":"https:\/\/drromanovaleria.ch\/#website","url":"https:\/\/drromanovaleria.ch\/","name":"Dott. Romano","description":"Medicina morfologica e anti-invecchiamento","potentialAction":[{"@type":"SearchAction","target":{"@type":"EntryPoint","urlTemplate":"https:\/\/drromanovaleria.ch\/?s={search_term_string}"},"query-input":{"@type":"PropertyValueSpecification","valueRequired":true,"valueName":"search_term_string"}}],"inLanguage":"it-IT"}]}},"_links":{"self":[{"href":"https:\/\/drromanovaleria.ch\/it\/wp-json\/wp\/v2\/infographie\/28473","targetHints":{"allow":["GET"]}}],"collection":[{"href":"https:\/\/drromanovaleria.ch\/it\/wp-json\/wp\/v2\/infographie"}],"about":[{"href":"https:\/\/drromanovaleria.ch\/it\/wp-json\/wp\/v2\/types\/infographie"}],"version-history":[{"count":3,"href":"https:\/\/drromanovaleria.ch\/it\/wp-json\/wp\/v2\/infographie\/28473\/revisions"}],"predecessor-version":[{"id":43077,"href":"https:\/\/drromanovaleria.ch\/it\/wp-json\/wp\/v2\/infographie\/28473\/revisions\/43077"}],"wp:attachment":[{"href":"https:\/\/drromanovaleria.ch\/it\/wp-json\/wp\/v2\/media?parent=28473"}],"curies":[{"name":"wp","href":"https:\/\/api.w.org\/{rel}","templated":true}]}}