{"id":28182,"date":"2025-06-25T13:01:17","date_gmt":"2025-06-25T11:01:17","guid":{"rendered":"https:\/\/drromanovaleria.ch\/?post_type=infographie&#038;p=28182"},"modified":"2025-11-05T09:11:51","modified_gmt":"2025-11-05T08:11:51","slug":"lifting-medico-pelli-giovani-prevenzione","status":"publish","type":"infographie","link":"https:\/\/drromanovaleria.ch\/it\/infographie\/lifting-medical-peaux-jeunes-prevention\/","title":{"rendered":"Le lifting m\u00e9dical est-il adapt\u00e9 aux peaux jeunes en pr\u00e9vention du rel\u00e2chement ?"},"content":{"rendered":"\t\t<div data-elementor-type=\"wp-post\" data-elementor-id=\"28182\" class=\"elementor elementor-28182\" data-elementor-post-type=\"infographie\">\n\t\t\t\t<div class=\"elementor-element elementor-element-36f7a76 e-flex e-con-boxed e-con e-parent\" data-id=\"36f7a76\" data-element_type=\"container\" data-e-type=\"container\" data-settings=\"{&quot;background_background&quot;:&quot;classic&quot;,&quot;jet_parallax_layout_list&quot;:[]}\">\n\t\t\t\t\t<div class=\"e-con-inner\">\n\t\t<div class=\"elementor-element elementor-element-03ba14d e-con-full e-flex e-con e-child\" data-id=\"03ba14d\" data-element_type=\"container\" data-e-type=\"container\" data-settings=\"{&quot;background_background&quot;:&quot;classic&quot;,&quot;jet_parallax_layout_list&quot;:[]}\">\n\t\t\t\t<div class=\"elementor-element elementor-element-d50ad5c elementor-widget__width-initial elementor-widget elementor-widget-heading\" data-id=\"d50ad5c\" data-element_type=\"widget\" data-e-type=\"widget\" data-widget_type=\"heading.default\">\n\t\t\t\t<div class=\"elementor-widget-container\">\n\t\t\t\t\t<h1 class=\"elementor-heading-title elementor-size-default\">LE LIFTING M\u00c9DICAL EST-IL ADAPT\u00c9 AUX PEAUX JEUNES EN PR\u00c9VENTION DU REL\u00c2CHEMENT ?<\/h1>\t\t\t\t<\/div>\n\t\t\t\t<\/div>\n\t\t\t\t<div class=\"elementor-element elementor-element-e5badc6 elementor-align-center elementor-widget elementor-widget-breadcrumbs\" data-id=\"e5badc6\" data-element_type=\"widget\" data-e-type=\"widget\" data-widget_type=\"breadcrumbs.default\">\n\t\t\t\t<div class=\"elementor-widget-container\">\n\t\t\t\t\t<p id=\"breadcrumbs\"><span><span><a href=\"https:\/\/drromanovaleria.ch\/\">Accueil<\/a><\/span><\/span><\/p>\t\t\t\t<\/div>\n\t\t\t\t<\/div>\n\t\t\t\t<\/div>\n\t\t\t\t\t<\/div>\n\t\t\t\t<\/div>\n\t\t<div class=\"elementor-element elementor-element-693b340 e-flex e-con-boxed e-con e-parent\" data-id=\"693b340\" data-element_type=\"container\" data-e-type=\"container\" data-settings=\"{&quot;jet_parallax_layout_list&quot;:[]}\">\n\t\t\t\t\t<div class=\"e-con-inner\">\n\t\t<div class=\"elementor-element elementor-element-8365eec e-flex e-con-boxed e-con e-child\" data-id=\"8365eec\" data-element_type=\"container\" data-e-type=\"container\" data-settings=\"{&quot;jet_parallax_layout_list&quot;:[]}\">\n\t\t\t\t\t<div class=\"e-con-inner\">\n\t\t<div class=\"elementor-element elementor-element-ca73564 e-con-full e-flex e-con e-child\" data-id=\"ca73564\" data-element_type=\"container\" data-e-type=\"container\" data-settings=\"{&quot;background_background&quot;:&quot;classic&quot;,&quot;jet_parallax_layout_list&quot;:[]}\">\n\t\t\t\t<div class=\"elementor-element elementor-element-c9a89b0 elementor-widget elementor-widget-text-editor\" data-id=\"c9a89b0\" data-element_type=\"widget\" data-e-type=\"widget\" data-widget_type=\"text-editor.default\">\n\t\t\t\t<div class=\"elementor-widget-container\">\n\t\t\t\t\t\t\t\t\t<h2>Lifting m\u00e9dical \u00e0 Gen\u00e8ve<\/h2>\t\t\t\t\t\t\t\t<\/div>\n\t\t\t\t<\/div>\n\t\t\t\t<div class=\"elementor-element elementor-element-7092c6e elementor-widget elementor-widget-text-editor\" data-id=\"7092c6e\" data-element_type=\"widget\" data-e-type=\"widget\" data-widget_type=\"text-editor.default\">\n\t\t\t\t<div class=\"elementor-widget-container\">\n\t\t\t\t\t\t\t\t\t<p>\u00c0 mesure que la m\u00e9decine \u00e0 vis\u00e9e esth\u00e9tique se d\u00e9mocratise et se perfectionne, un nombre croissant de jeunes adultes \u2014 parfois d\u00e8s la fin de la vingtaine \u2014 consultent dans une d\u00e9marche non plus corrective, mais pr\u00e9ventive. Le souhait est de pr\u00e9server la fermet\u00e9 du visage, ralentir l\u2019apparition des premiers signes de rel\u00e2chement et conserver un ovale net et tonique. Cette tendance soul\u00e8ve une question l\u00e9gitime, tant sur le plan clinique qu\u2019\u00e9thique : le <a href=\"https:\/\/drromanovaleria.ch\/lifting-medical\/\">lifting m\u00e9dical<\/a> est-il r\u00e9ellement indiqu\u00e9 chez les patients jeunes, dans une optique de pr\u00e9vention ?<br \/>Pour y r\u00e9pondre de mani\u00e8re rigoureuse, il convient de d\u00e9finir le lifting m\u00e9dical, d\u2019examiner les caract\u00e9ristiques physiologiques d\u2019une peau jeune, et d\u2019analyser la pertinence m\u00e9dicale, les b\u00e9n\u00e9fices et les \u00e9ventuelles limites d\u2019une intervention pr\u00e9coce.<\/p>\t\t\t\t\t\t\t\t<\/div>\n\t\t\t\t<\/div>\n\t\t\t\t<\/div>\n\t\t\t\t\t<\/div>\n\t\t\t\t<\/div>\n\t\t<div class=\"elementor-element elementor-element-19258d4 e-flex e-con-boxed e-con e-child\" data-id=\"19258d4\" data-element_type=\"container\" data-e-type=\"container\" data-settings=\"{&quot;jet_parallax_layout_list&quot;:[]}\">\n\t\t\t\t\t<div class=\"e-con-inner\">\n\t\t\t\t<div class=\"elementor-element elementor-element-4405565 elementor-widget elementor-widget-image\" data-id=\"4405565\" data-element_type=\"widget\" data-e-type=\"widget\" data-widget_type=\"image.default\">\n\t\t\t\t<div class=\"elementor-widget-container\">\n\t\t\t\t\t\t\t\t\t\t\t\t\t\t\t<img fetchpriority=\"high\" decoding=\"async\" width=\"300\" height=\"220\" src=\"https:\/\/drromanovaleria.ch\/wp-content\/uploads\/2024\/05\/hydratation-peau.webp\" class=\"attachment-medium size-medium wp-image-4852\" alt=\"image peau jeune hydrat\u00e9e\" srcset=\"https:\/\/drromanovaleria.ch\/wp-content\/uploads\/2024\/05\/hydratation-peau.webp 300w, https:\/\/drromanovaleria.ch\/wp-content\/uploads\/2024\/05\/hydratation-peau-16x12.webp 16w\" sizes=\"(max-width: 300px) 100vw, 300px\" \/>\t\t\t\t\t\t\t\t\t\t\t\t\t\t\t<\/div>\n\t\t\t\t<\/div>\n\t\t\t\t<div class=\"elementor-element elementor-element-32f9dcd elementor-align-center elementor-widget elementor-widget-button\" data-id=\"32f9dcd\" data-element_type=\"widget\" data-e-type=\"widget\" data-widget_type=\"button.default\">\n\t\t\t\t<div class=\"elementor-widget-container\">\n\t\t\t\t\t\t\t\t\t<div class=\"elementor-button-wrapper\">\n\t\t\t\t\t<a class=\"elementor-button elementor-button-link elementor-size-sm\" href=\"https:\/\/drromanovaleria.ch\/contactez-le-dr-romano\/\">\n\t\t\t\t\t\t<span class=\"elementor-button-content-wrapper\">\n\t\t\t\t\t\t\t\t\t<span class=\"elementor-button-text\">Prendre rendez-vous<\/span>\n\t\t\t\t\t<\/span>\n\t\t\t\t\t<\/a>\n\t\t\t\t<\/div>\n\t\t\t\t\t\t\t\t<\/div>\n\t\t\t\t<\/div>\n\t\t\t\t\t<\/div>\n\t\t\t\t<\/div>\n\t\t\t\t\t<\/div>\n\t\t\t\t<\/div>\n\t\t<div class=\"elementor-element elementor-element-99b6c03 e-flex e-con-boxed e-con e-parent\" data-id=\"99b6c03\" data-element_type=\"container\" data-e-type=\"container\" data-settings=\"{&quot;jet_parallax_layout_list&quot;:[]}\">\n\t\t\t\t\t<div class=\"e-con-inner\">\n\t\t\t\t<div class=\"elementor-element elementor-element-ed595d8 elementor-toc--content-ellipsis elementor-toc--minimized-on-desktop elementor-widget elementor-widget-table-of-contents\" data-id=\"ed595d8\" data-element_type=\"widget\" data-e-type=\"widget\" data-settings=\"{&quot;exclude_headings_by_selector&quot;:[],&quot;minimized_on&quot;:&quot;desktop&quot;,&quot;no_headings_message&quot;:&quot;Aucun titre n\\u2019a \\u00e9t\\u00e9 trouv\\u00e9 sur cette page.&quot;,&quot;headings_by_tags&quot;:[&quot;h2&quot;,&quot;h3&quot;,&quot;h4&quot;,&quot;h5&quot;,&quot;h6&quot;],&quot;marker_view&quot;:&quot;numbers&quot;,&quot;minimize_box&quot;:&quot;yes&quot;,&quot;hierarchical_view&quot;:&quot;yes&quot;,&quot;min_height&quot;:{&quot;unit&quot;:&quot;px&quot;,&quot;size&quot;:&quot;&quot;,&quot;sizes&quot;:[]},&quot;min_height_tablet&quot;:{&quot;unit&quot;:&quot;px&quot;,&quot;size&quot;:&quot;&quot;,&quot;sizes&quot;:[]},&quot;min_height_mobile&quot;:{&quot;unit&quot;:&quot;px&quot;,&quot;size&quot;:&quot;&quot;,&quot;sizes&quot;:[]}}\" data-widget_type=\"table-of-contents.default\">\n\t\t\t\t<div class=\"elementor-widget-container\">\n\t\t\t\t\t\t\t\t\t<div class=\"elementor-toc__header\">\n\t\t\t\t\t\t<h2 class=\"elementor-toc__header-title\">\n\t\t\t\tSommaire\t\t\t<\/h2>\n\t\t\t\t\t\t\t\t\t\t<div class=\"elementor-toc__toggle-button elementor-toc__toggle-button--expand\" role=\"button\" tabindex=\"0\" aria-controls=\"elementor-toc__ed595d8\" aria-expanded=\"true\" aria-label=\"Aprire l&#039;indice dei contenuti\"><svg aria-hidden=\"true\" class=\"e-font-icon-svg e-fas-chevron-down\" viewBox=\"0 0 448 512\" xmlns=\"http:\/\/www.w3.org\/2000\/svg\"><path d=\"M207.029 381.476L12.686 187.132c-9.373-9.373-9.373-24.569 0-33.941l22.667-22.667c9.357-9.357 24.522-9.375 33.901-.04L224 284.505l154.745-154.021c9.379-9.335 24.544-9.317 33.901.04l22.667 22.667c9.373 9.373 9.373 24.569 0 33.941L240.971 381.476c-9.373 9.372-24.569 9.372-33.942 0z\"><\/path><\/svg><\/div>\n\t\t\t\t<div class=\"elementor-toc__toggle-button elementor-toc__toggle-button--collapse\" role=\"button\" tabindex=\"0\" aria-controls=\"elementor-toc__ed595d8\" aria-expanded=\"true\" aria-label=\"Chiudere l&#039;indice\"><svg aria-hidden=\"true\" class=\"e-font-icon-svg e-fas-chevron-up\" viewBox=\"0 0 448 512\" xmlns=\"http:\/\/www.w3.org\/2000\/svg\"><path d=\"M240.971 130.524l194.343 194.343c9.373 9.373 9.373 24.569 0 33.941l-22.667 22.667c-9.357 9.357-24.522 9.375-33.901.04L224 227.495 69.255 381.516c-9.379 9.335-24.544 9.317-33.901-.04l-22.667-22.667c-9.373-9.373-9.373-24.569 0-33.941L207.03 130.525c9.372-9.373 24.568-9.373 33.941-.001z\"><\/path><\/svg><\/div>\n\t\t\t\t\t<\/div>\n\t\t\t\t<div id=\"elementor-toc__ed595d8\" class=\"elementor-toc__body\">\n\t\t\t<div class=\"elementor-toc__spinner-container\">\n\t\t\t\t<svg class=\"elementor-toc__spinner eicon-animation-spin e-font-icon-svg e-eicon-loading\" aria-hidden=\"true\" viewBox=\"0 0 1000 1000\" xmlns=\"http:\/\/www.w3.org\/2000\/svg\"><path d=\"M500 975V858C696 858 858 696 858 500S696 142 500 142 142 304 142 500H25C25 237 238 25 500 25S975 237 975 500 763 975 500 975Z\"><\/path><\/svg>\t\t\t<\/div>\n\t\t<\/div>\n\t\t\t\t\t\t<\/div>\n\t\t\t\t<\/div>\n\t\t\t\t\t<\/div>\n\t\t\t\t<\/div>\n\t\t<div class=\"elementor-element elementor-element-6dc30ba e-flex e-con-boxed e-con e-parent\" data-id=\"6dc30ba\" data-element_type=\"container\" data-e-type=\"container\" data-settings=\"{&quot;jet_parallax_layout_list&quot;:[]}\">\n\t\t\t\t\t<div class=\"e-con-inner\">\n\t\t\t\t<div class=\"elementor-element elementor-element-5f95b8c elementor-widget elementor-widget-text-editor\" data-id=\"5f95b8c\" data-element_type=\"widget\" data-e-type=\"widget\" data-widget_type=\"text-editor.default\">\n\t\t\t\t<div class=\"elementor-widget-container\">\n\t\t\t\t\t\t\t\t\t<h2>Qu\u2019est-ce qu\u2019un lifting m\u00e9dical pr\u00e9ventif ?<\/h2>\t\t\t\t\t\t\t\t<\/div>\n\t\t\t\t<\/div>\n\t\t\t\t<div class=\"elementor-element elementor-element-30efae0 elementor-widget-divider--view-line elementor-widget elementor-widget-divider\" data-id=\"30efae0\" data-element_type=\"widget\" data-e-type=\"widget\" data-widget_type=\"divider.default\">\n\t\t\t\t<div class=\"elementor-widget-container\">\n\t\t\t\t\t\t\t<div class=\"elementor-divider\">\n\t\t\t<span class=\"elementor-divider-separator\">\n\t\t\t\t\t\t<\/span>\n\t\t<\/div>\n\t\t\t\t\t\t<\/div>\n\t\t\t\t<\/div>\n\t\t\t\t<div class=\"elementor-element elementor-element-eca4050 elementor-widget elementor-widget-text-editor\" data-id=\"eca4050\" data-element_type=\"widget\" data-e-type=\"widget\" data-widget_type=\"text-editor.default\">\n\t\t\t\t<div class=\"elementor-widget-container\">\n\t\t\t\t\t\t\t\t\t<p>Le terme de lifting m\u00e9dical d\u00e9signe une approche non chirurgicale qui vise \u00e0 pr\u00e9server ou \u00e0 restaurer les volumes et la fermet\u00e9 du visage gr\u00e2ce \u00e0 diff\u00e9rentes techniques, comme les injections d\u2019acide hyaluronique, les inducteurs de collag\u00e8ne (hydroxyapatite de calcium, acide polylactique) ou certains traitements \u00e9nerg\u00e9tiques doux. Contrairement au lifting chirurgical, il ne n\u00e9cessite ni incision, ni interruption sociale prolong\u00e9e, et n\u2019entra\u00eene pas de transformation radicale.<br data-start=\"585\" data-end=\"588\" \/>Lorsqu\u2019il est pratiqu\u00e9 chez un patient jeune, g\u00e9n\u00e9ralement entre 25 et 35 ans, l\u2019objectif n\u2019est pas de corriger un affaissement d\u00e9j\u00e0 visible, mais de renforcer les structures dermiques et sous-cutan\u00e9es afin de ralentir leur vieillissement naturel. Dans ce contexte, on parle de m\u00e9decine \u00e0 vis\u00e9e esth\u00e9tique pr\u00e9ventive, o\u00f9 le lifting m\u00e9dical devient un outil de stimulation et de soutien des tissus.<\/p>\t\t\t\t\t\t\t\t<\/div>\n\t\t\t\t<\/div>\n\t\t\t\t\t<\/div>\n\t\t\t\t<\/div>\n\t\t<div class=\"elementor-element elementor-element-ef60df2 e-flex e-con-boxed e-con e-parent\" data-id=\"ef60df2\" data-element_type=\"container\" data-e-type=\"container\" data-settings=\"{&quot;jet_parallax_layout_list&quot;:[]}\">\n\t\t\t\t\t<div class=\"e-con-inner\">\n\t\t\t\t<div class=\"elementor-element elementor-element-2aa0d6a elementor-widget elementor-widget-text-editor\" data-id=\"2aa0d6a\" data-element_type=\"widget\" data-e-type=\"widget\" data-widget_type=\"text-editor.default\">\n\t\t\t\t<div class=\"elementor-widget-container\">\n\t\t\t\t\t\t\t\t\t<h2>Les sp\u00e9cificit\u00e9s d\u2019une peau jeune<\/h2>\t\t\t\t\t\t\t\t<\/div>\n\t\t\t\t<\/div>\n\t\t\t\t<div class=\"elementor-element elementor-element-e56a3a4 elementor-widget-divider--view-line elementor-widget elementor-widget-divider\" data-id=\"e56a3a4\" data-element_type=\"widget\" data-e-type=\"widget\" data-widget_type=\"divider.default\">\n\t\t\t\t<div class=\"elementor-widget-container\">\n\t\t\t\t\t\t\t<div class=\"elementor-divider\">\n\t\t\t<span class=\"elementor-divider-separator\">\n\t\t\t\t\t\t<\/span>\n\t\t<\/div>\n\t\t\t\t\t\t<\/div>\n\t\t\t\t<\/div>\n\t\t\t\t<div class=\"elementor-element elementor-element-f5ba447 elementor-widget elementor-widget-text-editor\" data-id=\"f5ba447\" data-element_type=\"widget\" data-e-type=\"widget\" data-widget_type=\"text-editor.default\">\n\t\t\t\t<div class=\"elementor-widget-container\">\n\t\t\t\t\t\t\t\t\t<p>La peau jeune se caract\u00e9rise par une structure dermique dense, une production abondante de collag\u00e8ne et d\u2019\u00e9lastine, ainsi qu\u2019un m\u00e9tabolisme cellulaire performant. Le tissu sous-cutan\u00e9 conserve sa coh\u00e9sion, les ligaments suspenseurs sont bien ancr\u00e9s et les volumes du visage restent harmonieux.<br data-start=\"428\" data-end=\"431\" \/>Cependant, d\u00e8s la fin de la vingtaine, certains facteurs g\u00e9n\u00e9tiques, environnementaux ou li\u00e9s au mode de vie peuvent acc\u00e9l\u00e9rer la perte d\u2019\u00e9lasticit\u00e9. L\u2019exposition solaire r\u00e9p\u00e9t\u00e9e, le tabagisme, le stress oxydatif ou une perte de poids rapide peuvent d\u00e9clencher un vieillissement pr\u00e9matur\u00e9. Chez certains patients, les premiers signes d\u2019affaissement apparaissent pr\u00e9cocement, notamment au niveau de l\u2019ovale du visage, des pommettes ou des cernes.<br data-start=\"876\" data-end=\"879\" \/>Dans ce contexte, le lifting m\u00e9dical peut avoir un r\u00f4le pr\u00e9ventif, \u00e0 condition d\u2019\u00eatre indiqu\u00e9 avec pr\u00e9cision, r\u00e9alis\u00e9 avec mesure et adapt\u00e9 \u00e0 chaque profil.<\/p>\t\t\t\t\t\t\t\t<\/div>\n\t\t\t\t<\/div>\n\t\t\t\t\t<\/div>\n\t\t\t\t<\/div>\n\t\t<div class=\"elementor-element elementor-element-a1a4643 e-flex e-con-boxed e-con e-parent\" data-id=\"a1a4643\" data-element_type=\"container\" data-e-type=\"container\" data-settings=\"{&quot;jet_parallax_layout_list&quot;:[]}\">\n\t\t\t\t\t<div class=\"e-con-inner\">\n\t\t\t\t<div class=\"elementor-element elementor-element-9e77f2e elementor-widget elementor-widget-text-editor\" data-id=\"9e77f2e\" data-element_type=\"widget\" data-e-type=\"widget\" data-widget_type=\"text-editor.default\">\n\t\t\t\t<div class=\"elementor-widget-container\">\n\t\t\t\t\t\t\t\t\t<h2>Quelles techniques en pr\u00e9vention du rel\u00e2chement ?<\/h2>\t\t\t\t\t\t\t\t<\/div>\n\t\t\t\t<\/div>\n\t\t\t\t<div class=\"elementor-element elementor-element-f084ed9 elementor-widget-divider--view-line elementor-widget elementor-widget-divider\" data-id=\"f084ed9\" data-element_type=\"widget\" data-e-type=\"widget\" data-widget_type=\"divider.default\">\n\t\t\t\t<div class=\"elementor-widget-container\">\n\t\t\t\t\t\t\t<div class=\"elementor-divider\">\n\t\t\t<span class=\"elementor-divider-separator\">\n\t\t\t\t\t\t<\/span>\n\t\t<\/div>\n\t\t\t\t\t\t<\/div>\n\t\t\t\t<\/div>\n\t\t\t\t<div class=\"elementor-element elementor-element-375906b elementor-widget elementor-widget-text-editor\" data-id=\"375906b\" data-element_type=\"widget\" data-e-type=\"widget\" data-widget_type=\"text-editor.default\">\n\t\t\t\t<div class=\"elementor-widget-container\">\n\t\t\t\t\t\t\t\t\t<p>Dans une approche pr\u00e9ventive du vieillissement, plusieurs techniques peuvent \u00eatre mises en \u0153uvre pour pr\u00e9server la structure et la qualit\u00e9 de la peau, sans forc\u00e9ment modifier les volumes.<br \/>Les injections d\u2019<a href=\"https:\/\/drromanovaleria.ch\/solutions\/injections\/acide-hayluronique\/\">acide hyaluronique<\/a> r\u00e9ticul\u00e9, r\u00e9alis\u00e9es en profondeur au niveau des zones strat\u00e9giques comme les pommettes, les tempes ou le menton, permettent de renforcer les points d\u2019ancrage du visage. Il ne s\u2019agit pas ici de remplir, mais de soutenir l\u2019architecture du visage, afin de pr\u00e9venir les premiers signes de rel\u00e2chement.<br \/>Les inducteurs de collag\u00e8ne, tels que Radiesse ou <a href=\"https:\/\/drromanovaleria.ch\/solutions\/injections\/sculptra\/\">Sculptra<\/a>, agissent diff\u00e9remment. Leur r\u00f4le n\u2019est pas de restaurer un volume, mais de stimuler la production naturelle de collag\u00e8ne. Inject\u00e9s dans le derme profond, ils renforcent la fermet\u00e9, l\u2019\u00e9lasticit\u00e9 et la r\u00e9sistance de la peau face \u00e0 la gravit\u00e9. Leur effet est progressif, avec des r\u00e9sultats souvent perceptibles d\u00e8s deux \u00e0 trois mois.<br \/>Enfin, la <a href=\"https:\/\/drromanovaleria.ch\/solutions\/mesotherapie\/\">m\u00e9soth\u00e9rapie<\/a> biostimulante, \u00e0 base d\u2019acide hyaluronique non r\u00e9ticul\u00e9 enrichi de vitamines, d\u2019antioxydants ou de peptides, agit sans modifier les volumes. Elle vise \u00e0 hydrater en profondeur, et \u00e0 entretenir l\u2019\u00e9clat et la tonicit\u00e9 de la peau. Utilis\u00e9e en pr\u00e9vention, elle contribue \u00e0 maintenir un teint \u00e9clatant et un grain de peau r\u00e9gulier.<\/p>\t\t\t\t\t\t\t\t<\/div>\n\t\t\t\t<\/div>\n\t\t\t\t\t<\/div>\n\t\t\t\t<\/div>\n\t\t<div class=\"elementor-element elementor-element-b145972 e-flex e-con-boxed e-con e-parent\" data-id=\"b145972\" data-element_type=\"container\" data-e-type=\"container\" data-settings=\"{&quot;jet_parallax_layout_list&quot;:[]}\">\n\t\t\t\t\t<div class=\"e-con-inner\">\n\t\t\t\t<div class=\"elementor-element elementor-element-86b1364 elementor-widget elementor-widget-text-editor\" data-id=\"86b1364\" data-element_type=\"widget\" data-e-type=\"widget\" data-widget_type=\"text-editor.default\">\n\t\t\t\t<div class=\"elementor-widget-container\">\n\t\t\t\t\t\t\t\t\t<h2>Un geste pr\u00e9coce peut-il ralentir l\u2019apparition du rel\u00e2chement ?<\/h2>\t\t\t\t\t\t\t\t<\/div>\n\t\t\t\t<\/div>\n\t\t\t\t<div class=\"elementor-element elementor-element-e2be41a elementor-widget-divider--view-line elementor-widget elementor-widget-divider\" data-id=\"e2be41a\" data-element_type=\"widget\" data-e-type=\"widget\" data-widget_type=\"divider.default\">\n\t\t\t\t<div class=\"elementor-widget-container\">\n\t\t\t\t\t\t\t<div class=\"elementor-divider\">\n\t\t\t<span class=\"elementor-divider-separator\">\n\t\t\t\t\t\t<\/span>\n\t\t<\/div>\n\t\t\t\t\t\t<\/div>\n\t\t\t\t<\/div>\n\t\t\t\t<div class=\"elementor-element elementor-element-7585a02 elementor-widget elementor-widget-text-editor\" data-id=\"7585a02\" data-element_type=\"widget\" data-e-type=\"widget\" data-widget_type=\"text-editor.default\">\n\t\t\t\t<div class=\"elementor-widget-container\">\n\t\t\t\t\t\t\t\t\t<p>Les donn\u00e9es cliniques montrent clairement que certaines approches m\u00e9dicales peuvent ralentir l\u2019apparition des premiers signes de rel\u00e2chement du visage. En renfor\u00e7ant la structure du derme et en stimulant la production de collag\u00e8ne, on agit directement sur les m\u00e9canismes responsables de l\u2019affaissement cutan\u00e9.<br \/>Des \u00e9tudes r\u00e9alis\u00e9es chez de jeunes patientes trait\u00e9es avec des inducteurs de collag\u00e8ne ont mis en \u00e9vidence une am\u00e9lioration de l\u2019\u00e9lasticit\u00e9 de la peau, une densification du derme, ainsi qu\u2019une meilleure r\u00e9sistance des tissus face aux effets du temps et de la gravit\u00e9. Les r\u00e9sultats ne sont pas spectaculaires, mais ils traduisent une \u00e9volution progressive, discr\u00e8te et durable de la qualit\u00e9 de la peau.<br \/>Dans le m\u00eame objectif pr\u00e9ventif, des injections cibl\u00e9es permettent de pr\u00e9server les lignes de tension naturelles du visage. R\u00e9alis\u00e9e au bon moment, cette intervention discr\u00e8te limite la perte de d\u00e9finition du visage et aide \u00e0 conserver un visage jeune et structur\u00e9.<\/p>\t\t\t\t\t\t\t\t<\/div>\n\t\t\t\t<\/div>\n\t\t\t\t\t<\/div>\n\t\t\t\t<\/div>\n\t\t<div class=\"elementor-element elementor-element-6ff96fb e-flex e-con-boxed e-con e-parent\" data-id=\"6ff96fb\" data-element_type=\"container\" data-e-type=\"container\" data-settings=\"{&quot;jet_parallax_layout_list&quot;:[]}\">\n\t\t\t\t\t<div class=\"e-con-inner\">\n\t\t\t\t<div class=\"elementor-element elementor-element-81c8925 elementor-widget elementor-widget-text-editor\" data-id=\"81c8925\" data-element_type=\"widget\" data-e-type=\"widget\" data-widget_type=\"text-editor.default\">\n\t\t\t\t<div class=\"elementor-widget-container\">\n\t\t\t\t\t\t\t\t\t<h2>Lifting m\u00e9dical pr\u00e9ventif : pour quels profils de patients ?<\/h2>\t\t\t\t\t\t\t\t<\/div>\n\t\t\t\t<\/div>\n\t\t\t\t<div class=\"elementor-element elementor-element-151993f elementor-widget-divider--view-line elementor-widget elementor-widget-divider\" data-id=\"151993f\" data-element_type=\"widget\" data-e-type=\"widget\" data-widget_type=\"divider.default\">\n\t\t\t\t<div class=\"elementor-widget-container\">\n\t\t\t\t\t\t\t<div class=\"elementor-divider\">\n\t\t\t<span class=\"elementor-divider-separator\">\n\t\t\t\t\t\t<\/span>\n\t\t<\/div>\n\t\t\t\t\t\t<\/div>\n\t\t\t\t<\/div>\n\t\t\t\t<div class=\"elementor-element elementor-element-71b9f9c elementor-widget elementor-widget-text-editor\" data-id=\"71b9f9c\" data-element_type=\"widget\" data-e-type=\"widget\" data-widget_type=\"text-editor.default\">\n\t\t\t\t<div class=\"elementor-widget-container\">\n\t\t\t\t\t\t\t\t\t<p data-start=\"156\" data-end=\"350\">Le lifting m\u00e9dical pr\u00e9ventif n\u2019a pas vocation \u00e0 \u00eatre propos\u00e9 syst\u00e9matiquement. Il s\u2019adresse principalement \u00e0 des patients jeunes qui pr\u00e9sentent certaines particularit\u00e9s ou facteurs de risque :<\/p><ul data-start=\"352\" data-end=\"906\"><li data-start=\"352\" data-end=\"459\"><p data-start=\"354\" data-end=\"459\">Une pr\u00e9disposition g\u00e9n\u00e9tique au rel\u00e2chement cutan\u00e9 pr\u00e9coce, parfois retrouv\u00e9e dans l\u2019histoire familiale.<\/p><\/li><li data-start=\"352\" data-end=\"459\"><p data-start=\"354\" data-end=\"459\">Des signes d\u00e9butants de d\u00e9structuration, comme des cernes creux, un ovale du visage moins net ou des pommettes qui commencent \u00e0 perdre leur projection.<\/p><\/li><li data-start=\"615\" data-end=\"793\"><p data-start=\"617\" data-end=\"793\">Un mode de vie d\u00e9favorable \u00e0 la qualit\u00e9 de la peau, marqu\u00e9 par le tabac, une exposition solaire r\u00e9p\u00e9t\u00e9e, le stress chronique, une alimentation d\u00e9s\u00e9quilibr\u00e9e ou la s\u00e9dentarit\u00e9.<\/p><\/li><li data-start=\"794\" data-end=\"906\"><p data-start=\"796\" data-end=\"906\">Une motivation claire \u00e0 pr\u00e9server leur capital esth\u00e9tique de mani\u00e8re proactive, avec un suivi m\u00e9dical adapt\u00e9.<\/p><\/li><\/ul><p data-start=\"908\" data-end=\"1365\">Chez ces patients, l\u2019objectif n\u2019est pas de corriger mais d\u2019anticiper : renforcer les tissus avant que le rel\u00e2chement ne devienne marqu\u00e9, maintenir l\u2019\u00e9quilibre des volumes et stimuler les m\u00e9canismes naturels de r\u00e9g\u00e9n\u00e9ration. Cette approche permet de conserver plus longtemps l\u2019harmonie du visage.<br data-start=\"1219\" data-end=\"1222\" \/>Il reste cependant indispensable que l\u2019indication soit personnalis\u00e9e, apr\u00e8s un examen clinique attentif et une analyse morphologique globale.<\/p>\t\t\t\t\t\t\t\t<\/div>\n\t\t\t\t<\/div>\n\t\t\t\t\t<\/div>\n\t\t\t\t<\/div>\n\t\t<div class=\"elementor-element elementor-element-56d3ef0 e-flex e-con-boxed e-con e-parent\" data-id=\"56d3ef0\" data-element_type=\"container\" data-e-type=\"container\" data-settings=\"{&quot;jet_parallax_layout_list&quot;:[]}\">\n\t\t\t\t\t<div class=\"e-con-inner\">\n\t\t\t\t<div class=\"elementor-element elementor-element-19b0dc9 elementor-widget elementor-widget-text-editor\" data-id=\"19b0dc9\" data-element_type=\"widget\" data-e-type=\"widget\" data-widget_type=\"text-editor.default\">\n\t\t\t\t<div class=\"elementor-widget-container\">\n\t\t\t\t\t\t\t\t\t<h2>Les erreurs \u00e0 \u00e9viter en pr\u00e9vention esth\u00e9tique sur des peaux jeunes<\/h2>\t\t\t\t\t\t\t\t<\/div>\n\t\t\t\t<\/div>\n\t\t\t\t<div class=\"elementor-element elementor-element-fc04636 elementor-widget-divider--view-line elementor-widget elementor-widget-divider\" data-id=\"fc04636\" data-element_type=\"widget\" data-e-type=\"widget\" data-widget_type=\"divider.default\">\n\t\t\t\t<div class=\"elementor-widget-container\">\n\t\t\t\t\t\t\t<div class=\"elementor-divider\">\n\t\t\t<span class=\"elementor-divider-separator\">\n\t\t\t\t\t\t<\/span>\n\t\t<\/div>\n\t\t\t\t\t\t<\/div>\n\t\t\t\t<\/div>\n\t\t\t\t<div class=\"elementor-element elementor-element-4fe33d5 elementor-widget elementor-widget-text-editor\" data-id=\"4fe33d5\" data-element_type=\"widget\" data-e-type=\"widget\" data-widget_type=\"text-editor.default\">\n\t\t\t\t<div class=\"elementor-widget-container\">\n\t\t\t\t\t\t\t\t\t<p>Pr\u00e9venir ne veut pas dire traiter de mani\u00e8re excessive. L\u2019un des risques chez les jeunes patients est d\u2019aller trop vite, trop fort. Par exemple, utiliser trop de produit ou injecter des zones qui n\u2019ont pas besoin d\u2019\u00eatre inject\u00e9es peut alourdir le visage et le rendre artificiel. C\u2019est l\u2019inverse de l\u2019objectif recherch\u00e9.<br \/>Sur un visage jeune, l\u2019approche doit rester mesur\u00e9e, discr\u00e8te et progressive. Cela implique l\u2019utilisation de tr\u00e8s petites quantit\u00e9s de produit \u2014 souvent moins de 0,5 ml par zone \u2014 et une s\u00e9lection rigoureuse des zones \u00e0 traiter, guid\u00e9e par une v\u00e9ritable indication m\u00e9dicale, et non par les tendances du moment. L\u2019harmonie du visage doit toujours primer sur la correction.<br \/>Le r\u00f4le du m\u00e9decin n\u2019est pas de transformer, mais d\u2019accompagner. Un lifting m\u00e9dical pr\u00e9ventif bien r\u00e9alis\u00e9 ne se remarque pas au premier regard, mais se ressent : le visage para\u00eet repos\u00e9, expressif, sans signes de rel\u00e2chement ni de fatigue. Les contours restent nets et l\u2019identit\u00e9 du patient est pleinement respect\u00e9e.<\/p>\t\t\t\t\t\t\t\t<\/div>\n\t\t\t\t<\/div>\n\t\t\t\t\t<\/div>\n\t\t\t\t<\/div>\n\t\t<div class=\"elementor-element elementor-element-1889ef8 e-flex e-con-boxed e-con e-parent\" data-id=\"1889ef8\" data-element_type=\"container\" data-e-type=\"container\" data-settings=\"{&quot;jet_parallax_layout_list&quot;:[]}\">\n\t\t\t\t\t<div class=\"e-con-inner\">\n\t\t\t\t<div class=\"elementor-element elementor-element-fed235f elementor-widget elementor-widget-text-editor\" data-id=\"fed235f\" data-element_type=\"widget\" data-e-type=\"widget\" data-widget_type=\"text-editor.default\">\n\t\t\t\t<div class=\"elementor-widget-container\">\n\t\t\t\t\t\t\t\t\t<h2>Pr\u00e9-juvenation : une nouvelle approche du vieillissement<\/h2>\t\t\t\t\t\t\t\t<\/div>\n\t\t\t\t<\/div>\n\t\t\t\t<div class=\"elementor-element elementor-element-9d7358f elementor-widget-divider--view-line elementor-widget elementor-widget-divider\" data-id=\"9d7358f\" data-element_type=\"widget\" data-e-type=\"widget\" data-widget_type=\"divider.default\">\n\t\t\t\t<div class=\"elementor-widget-container\">\n\t\t\t\t\t\t\t<div class=\"elementor-divider\">\n\t\t\t<span class=\"elementor-divider-separator\">\n\t\t\t\t\t\t<\/span>\n\t\t<\/div>\n\t\t\t\t\t\t<\/div>\n\t\t\t\t<\/div>\n\t\t\t\t<div class=\"elementor-element elementor-element-c6739f4 elementor-widget elementor-widget-text-editor\" data-id=\"c6739f4\" data-element_type=\"widget\" data-e-type=\"widget\" data-widget_type=\"text-editor.default\">\n\t\t\t\t<div class=\"elementor-widget-container\">\n\t\t\t\t\t\t\t\t\t<p>Le terme de <em>pr\u00e9-juvenation<\/em> est de plus en plus utilis\u00e9 en m\u00e9decine \u00e0 vis\u00e9e esth\u00e9tique pour d\u00e9signer l\u2019ensemble des gestes qui visent \u00e0 conserver une apparence jeune le plus longtemps possible, avant l\u2019apparition des signes visibles de l\u2019\u00e2ge. Il ne s\u2019agit pas d\u2019un traitement, mais d\u2019une strat\u00e9gie.<br \/>Dans ce cadre, le lifting m\u00e9dical devient un outil de soutien structurel, au m\u00eame titre que la cosm\u00e9tologie active, la photoprotection ou la nutrition. L\u2019id\u00e9e n\u2019est pas de rajeunir artificiellement un visage, mais de ralentir intelligemment les m\u00e9canismes qui m\u00e8nent au rel\u00e2chement.<br \/>C\u2019est une m\u00e9decine de l\u2019anticipation, qui repose sur la connaissance pr\u00e9cise de l\u2019anatomie du visage, et sur une vision \u00e0 long terme. L\u2019id\u00e9e n\u2019est pas d\u2019attendre que les signes du vieillissement soient install\u00e9s, mais d\u2019agir en amont, avec mesure et r\u00e9gularit\u00e9, afin de retarder leur apparition et d\u2019\u00e9viter des corrections plus lourdes ult\u00e9rieurement.<\/p>\t\t\t\t\t\t\t\t<\/div>\n\t\t\t\t<\/div>\n\t\t\t\t\t<\/div>\n\t\t\t\t<\/div>\n\t\t<div class=\"elementor-element elementor-element-2ffb4da e-flex e-con-boxed e-con e-parent\" data-id=\"2ffb4da\" data-element_type=\"container\" data-e-type=\"container\" data-settings=\"{&quot;jet_parallax_layout_list&quot;:[]}\">\n\t\t\t\t\t<div class=\"e-con-inner\">\n\t\t\t\t<div class=\"elementor-element elementor-element-f6e12bc elementor-widget elementor-widget-text-editor\" data-id=\"f6e12bc\" data-element_type=\"widget\" data-e-type=\"widget\" data-widget_type=\"text-editor.default\">\n\t\t\t\t<div class=\"elementor-widget-container\">\n\t\t\t\t\t\t\t\t\t<h2>Questions des jeunes patients : que recherchent-ils vraiment ?<\/h2>\t\t\t\t\t\t\t\t<\/div>\n\t\t\t\t<\/div>\n\t\t\t\t<div class=\"elementor-element elementor-element-1a801b8 elementor-widget-divider--view-line elementor-widget elementor-widget-divider\" data-id=\"1a801b8\" data-element_type=\"widget\" data-e-type=\"widget\" data-widget_type=\"divider.default\">\n\t\t\t\t<div class=\"elementor-widget-container\">\n\t\t\t\t\t\t\t<div class=\"elementor-divider\">\n\t\t\t<span class=\"elementor-divider-separator\">\n\t\t\t\t\t\t<\/span>\n\t\t<\/div>\n\t\t\t\t\t\t<\/div>\n\t\t\t\t<\/div>\n\t\t\t\t<div class=\"elementor-element elementor-element-0e018dc elementor-widget elementor-widget-text-editor\" data-id=\"0e018dc\" data-element_type=\"widget\" data-e-type=\"widget\" data-widget_type=\"text-editor.default\">\n\t\t\t\t<div class=\"elementor-widget-container\">\n\t\t\t\t\t\t\t\t\t<p>Les jeunes adultes qui consultent en m\u00e9decine \u00e0 vis\u00e9e esth\u00e9tique ne cherchent pas \u00e0 para\u00eetre dix ans plus jeunes. Leur demande est g\u00e9n\u00e9ralement plus nuanc\u00e9e : pr\u00e9server leur capital esth\u00e9tique, \u00e9viter l\u2019apparition de signes de fatigue, conserver un visage frais et repos\u00e9, maintenir une peau de qualit\u00e9, et pr\u00e9venir certains d\u00e9s\u00e9quilibres comme la bajoue ou le double menton.<br data-start=\"571\" data-end=\"574\" \/>Dans cette optique, le lifting m\u00e9dical constitue un outil efficace. Il aide \u00e0 maintenir un ovale d\u00e9fini malgr\u00e9 un rel\u00e2chement d\u00e9butant, \u00e0 pr\u00e9venir l\u2019aplatissement progressif des pommettes, \u00e0 pr\u00e9server la fermet\u00e9 de la partie inf\u00e9rieure du visage, ou encore \u00e0 att\u00e9nuer les premiers creusements,\u00a0 au niveau des cernes par exemple.<br data-start=\"897\" data-end=\"900\" \/>Le r\u00f4le du m\u00e9decin est alors d\u2019\u00e9couter attentivement ces attentes, de les analyser avec objectivit\u00e9 et de proposer des gestes pr\u00e9cis, toujours l\u00e9gers, r\u00e9versibles et \u00e9volutifs. Cette approche permet d\u2019accompagner le vieillissement de fa\u00e7on naturelle et progressive, sans alt\u00e9rer l\u2019identit\u00e9 du visage.<\/p>\t\t\t\t\t\t\t\t<\/div>\n\t\t\t\t<\/div>\n\t\t\t\t\t<\/div>\n\t\t\t\t<\/div>\n\t\t<div class=\"elementor-element elementor-element-8985965 e-flex e-con-boxed e-con e-parent\" data-id=\"8985965\" data-element_type=\"container\" data-e-type=\"container\" data-settings=\"{&quot;jet_parallax_layout_list&quot;:[]}\">\n\t\t\t\t\t<div class=\"e-con-inner\">\n\t\t\t\t<div class=\"elementor-element elementor-element-0593024 elementor-widget elementor-widget-text-editor\" data-id=\"0593024\" data-element_type=\"widget\" data-e-type=\"widget\" data-widget_type=\"text-editor.default\">\n\t\t\t\t<div class=\"elementor-widget-container\">\n\t\t\t\t\t\t\t\t\t<h2>Comment int\u00e9grer le lifting m\u00e9dical dans une routine anti-\u00e2ge d\u00e8s 30 ans ?<\/h2>\t\t\t\t\t\t\t\t<\/div>\n\t\t\t\t<\/div>\n\t\t\t\t<div class=\"elementor-element elementor-element-2778f95 elementor-widget-divider--view-line elementor-widget elementor-widget-divider\" data-id=\"2778f95\" data-element_type=\"widget\" data-e-type=\"widget\" data-widget_type=\"divider.default\">\n\t\t\t\t<div class=\"elementor-widget-container\">\n\t\t\t\t\t\t\t<div class=\"elementor-divider\">\n\t\t\t<span class=\"elementor-divider-separator\">\n\t\t\t\t\t\t<\/span>\n\t\t<\/div>\n\t\t\t\t\t\t<\/div>\n\t\t\t\t<\/div>\n\t\t\t\t<div class=\"elementor-element elementor-element-bf19b53 elementor-widget elementor-widget-text-editor\" data-id=\"bf19b53\" data-element_type=\"widget\" data-e-type=\"widget\" data-widget_type=\"text-editor.default\">\n\t\t\t\t<div class=\"elementor-widget-container\">\n\t\t\t\t\t\t\t\t\t<p data-start=\"184\" data-end=\"1422\">Le lifting m\u00e9dical ne saurait remplacer une bonne hygi\u00e8ne de vie. Il s\u2019inscrit au contraire dans une approche globale, v\u00e9ritable strat\u00e9gie de pr\u00e9vention esth\u00e9tique o\u00f9 chaque d\u00e9tail compte. Les soins cosm\u00e9tiques adapt\u00e9s, riches en actifs comme les r\u00e9tino\u00efdes, l\u2019acide hyaluronique ou les antioxydants topiques, participent \u00e0 pr\u00e9server la qualit\u00e9 cutan\u00e9e au quotidien. La protection solaire, appliqu\u00e9e r\u00e9guli\u00e8rement tout au long de l\u2019ann\u00e9e, joue un r\u00f4le cl\u00e9 pour pr\u00e9venir le photovieillissement. L\u2019hydratation de la peau, associ\u00e9e \u00e0 une alimentation \u00e9quilibr\u00e9e et vari\u00e9e, contribue \u00e9galement \u00e0 maintenir l\u2019\u00e9clat et la tonicit\u00e9. \u00c0 cela s\u2019ajoutent les piliers d\u2019un mode de vie sain : un sommeil suffisant et r\u00e9parateur, une activit\u00e9 physique r\u00e9guli\u00e8re, l\u2019arr\u00eat du tabac et la mod\u00e9ration de l\u2019alcool. Enfin, des gestes m\u00e9dicaux l\u00e9gers, r\u00e9alis\u00e9s avec justesse et \u00e0 intervalles adapt\u00e9s, renforcent l\u2019efficacit\u00e9 de ces habitudes quotidiennes.<br data-start=\"1118\" data-end=\"1121\" \/>Int\u00e9gr\u00e9 de fa\u00e7on intelligente dans ce mode de vie, le lifting m\u00e9dical devient un alli\u00e9 discret mais essentiel pour pr\u00e9server la jeunesse et l\u2019harmonie du visage. Il ne cherche pas \u00e0 transformer, mais \u00e0 accompagner. Il ne remplace pas les bonnes pratiques, il les compl\u00e8te.<\/p>\t\t\t\t\t\t\t\t<\/div>\n\t\t\t\t<\/div>\n\t\t\t\t\t<\/div>\n\t\t\t\t<\/div>\n\t\t<div class=\"elementor-element elementor-element-dd16dfb e-flex e-con-boxed e-con e-parent\" data-id=\"dd16dfb\" data-element_type=\"container\" data-e-type=\"container\" data-settings=\"{&quot;jet_parallax_layout_list&quot;:[]}\">\n\t\t\t\t\t<div class=\"e-con-inner\">\n\t\t<div class=\"elementor-element elementor-element-f578d0c e-con-full e-flex e-con e-child\" data-id=\"f578d0c\" data-element_type=\"container\" data-e-type=\"container\" data-settings=\"{&quot;jet_parallax_layout_list&quot;:[]}\">\n\t\t<div class=\"elementor-element elementor-element-161cfa7 e-con-full e-flex e-con e-child\" data-id=\"161cfa7\" data-element_type=\"container\" data-e-type=\"container\" data-settings=\"{&quot;jet_parallax_layout_list&quot;:[]}\">\n\t\t<div class=\"elementor-element elementor-element-2da6b19 e-con-full e-flex e-con e-child\" data-id=\"2da6b19\" data-element_type=\"container\" data-e-type=\"container\" data-settings=\"{&quot;jet_parallax_layout_list&quot;:[]}\">\n\t\t<div class=\"elementor-element elementor-element-13c8465 e-con-full e-flex e-con e-child\" data-id=\"13c8465\" data-element_type=\"container\" data-e-type=\"container\" data-settings=\"{&quot;jet_parallax_layout_list&quot;:[]}\">\n\t\t\t\t<div class=\"elementor-element elementor-element-84ace57 elementor-widget elementor-widget-image\" data-id=\"84ace57\" data-element_type=\"widget\" data-e-type=\"widget\" data-widget_type=\"image.default\">\n\t\t\t\t<div class=\"elementor-widget-container\">\n\t\t\t\t\t\t\t\t\t\t\t\t\t\t\t<img decoding=\"async\" width=\"150\" height=\"150\" src=\"https:\/\/drromanovaleria.ch\/wp-content\/uploads\/2024\/07\/photo-docteur-romano-valeria-150x150.webp\" class=\"attachment-thumbnail size-thumbnail wp-image-13266\" alt=\"Photo docteur Valeria Romano \u00e0 Gen\u00e8ve\" \/>\t\t\t\t\t\t\t\t\t\t\t\t\t\t\t<\/div>\n\t\t\t\t<\/div>\n\t\t\t\t<div class=\"elementor-element elementor-element-aad8d13 elementor-widget elementor-widget-text-editor\" data-id=\"aad8d13\" data-element_type=\"widget\" data-e-type=\"widget\" data-widget_type=\"text-editor.default\">\n\t\t\t\t<div class=\"elementor-widget-container\">\n\t\t\t\t\t\t\t\t\t<p>Article r\u00e9dig\u00e9 par le <a href=\"https:\/\/drromanovaleria.ch\/\">Dr Romano Valeria<\/a><\/p>\t\t\t\t\t\t\t\t<\/div>\n\t\t\t\t<\/div>\n\t\t\t\t<\/div>\n\t\t<div class=\"elementor-element elementor-element-7c542e8 e-con-full e-flex e-con e-child\" data-id=\"7c542e8\" data-element_type=\"container\" data-e-type=\"container\" data-settings=\"{&quot;jet_parallax_layout_list&quot;:[]}\">\n\t\t\t\t<div class=\"elementor-element elementor-element-6e328f7 elementor-widget elementor-widget-text-editor\" data-id=\"6e328f7\" data-element_type=\"widget\" data-e-type=\"widget\" data-widget_type=\"text-editor.default\">\n\t\t\t\t<div class=\"elementor-widget-container\">\n\t\t\t\t\t\t\t\t\t<p>PARTAGER CET ARTICLE SUR<\/p>\t\t\t\t\t\t\t\t<\/div>\n\t\t\t\t<\/div>\n\t\t\t\t<div class=\"elementor-element elementor-element-35a1d84 elementor-share-buttons--view-icon-text elementor-share-buttons--skin-gradient elementor-share-buttons--shape-square elementor-grid-0 elementor-share-buttons--color-official elementor-widget elementor-widget-share-buttons\" data-id=\"35a1d84\" data-element_type=\"widget\" data-e-type=\"widget\" data-widget_type=\"share-buttons.default\">\n\t\t\t\t<div class=\"elementor-widget-container\">\n\t\t\t\t\t\t\t<div class=\"elementor-grid\">\n\t\t\t\t\t\t\t\t<div class=\"elementor-grid-item\">\n\t\t\t\t\t\t<div class=\"elementor-share-btn elementor-share-btn_linkedin\" role=\"button\" tabindex=\"0\" aria-label=\"Condividi su linkedin\">\n\t\t\t\t\t\t\t\t\t\t\t\t\t\t\t<span class=\"elementor-share-btn__icon\">\n\t\t\t\t\t\t\t\t<svg aria-hidden=\"true\" class=\"e-font-icon-svg e-fab-linkedin\" viewBox=\"0 0 448 512\" xmlns=\"http:\/\/www.w3.org\/2000\/svg\"><path d=\"M416 32H31.9C14.3 32 0 46.5 0 64.3v383.4C0 465.5 14.3 480 31.9 480H416c17.6 0 32-14.5 32-32.3V64.3c0-17.8-14.4-32.3-32-32.3zM135.4 416H69V202.2h66.5V416zm-33.2-243c-21.3 0-38.5-17.3-38.5-38.5S80.9 96 102.2 96c21.2 0 38.5 17.3 38.5 38.5 0 21.3-17.2 38.5-38.5 38.5zm282.1 243h-66.4V312c0-24.8-.5-56.7-34.5-56.7-34.6 0-39.9 27-39.9 54.9V416h-66.4V202.2h63.7v29.2h.9c8.9-16.8 30.6-34.5 62.9-34.5 67.2 0 79.7 44.3 79.7 101.9V416z\"><\/path><\/svg>\t\t\t\t\t\t\t<\/span>\n\t\t\t\t\t\t\t\t\t\t\t\t\t\t\t\t\t\t\t\t\t\t<div class=\"elementor-share-btn__text\">\n\t\t\t\t\t\t\t\t\t\t\t\t\t\t\t\t\t\t\t<span class=\"elementor-share-btn__title\">\n\t\t\t\t\t\t\t\t\t\tLinkedIn\t\t\t\t\t\t\t\t\t<\/span>\n\t\t\t\t\t\t\t\t\t\t\t\t\t\t\t\t\t<\/div>\n\t\t\t\t\t\t\t\t\t\t\t\t\t<\/div>\n\t\t\t\t\t<\/div>\n\t\t\t\t\t\t<\/div>\n\t\t\t\t\t\t<\/div>\n\t\t\t\t<\/div>\n\t\t\t\t<\/div>\n\t\t\t\t<\/div>\n\t\t\t\t<div class=\"elementor-element elementor-element-6045547 elementor-align-start elementor-mobile-align-start elementor-icon-list--layout-traditional elementor-list-item-link-full_width elementor-widget elementor-widget-icon-list\" data-id=\"6045547\" data-element_type=\"widget\" data-e-type=\"widget\" data-widget_type=\"icon-list.default\">\n\t\t\t\t<div class=\"elementor-widget-container\">\n\t\t\t\t\t\t\t<ul class=\"elementor-icon-list-items\">\n\t\t\t\t\t\t\t<li class=\"elementor-icon-list-item\">\n\t\t\t\t\t\t\t\t\t\t\t<a href=\"mailto:dr.romano.valeria@gmail.com\">\n\n\t\t\t\t\t\t\t\t\t\t\t\t<span class=\"elementor-icon-list-icon\">\n\t\t\t\t\t\t\t<svg aria-hidden=\"true\" class=\"e-font-icon-svg e-fas-envelope\" viewBox=\"0 0 512 512\" xmlns=\"http:\/\/www.w3.org\/2000\/svg\"><path d=\"M502.3 190.8c3.9-3.1 9.7-.2 9.7 4.7V400c0 26.5-21.5 48-48 48H48c-26.5 0-48-21.5-48-48V195.6c0-5 5.7-7.8 9.7-4.7 22.4 17.4 52.1 39.5 154.1 113.6 21.1 15.4 56.7 47.8 92.2 47.6 35.7.3 72-32.8 92.3-47.6 102-74.1 131.6-96.3 154-113.7zM256 320c23.2.4 56.6-29.2 73.4-41.4 132.7-96.3 142.8-104.7 173.4-128.7 5.8-4.5 9.2-11.5 9.2-18.9v-19c0-26.5-21.5-48-48-48H48C21.5 64 0 85.5 0 112v19c0 7.4 3.4 14.3 9.2 18.9 30.6 23.9 40.7 32.4 173.4 128.7 16.8 12.2 50.2 41.8 73.4 41.4z\"><\/path><\/svg>\t\t\t\t\t\t<\/span>\n\t\t\t\t\t\t\t\t\t\t<span class=\"elementor-icon-list-text\">dr.romano.valeria@gmail.com<\/span>\n\t\t\t\t\t\t\t\t\t\t\t<\/a>\n\t\t\t\t\t\t\t\t\t<\/li>\n\t\t\t\t\t\t\t\t<li class=\"elementor-icon-list-item\">\n\t\t\t\t\t\t\t\t\t\t\t<a href=\"tel:+41%2078%20209%2002%2089\">\n\n\t\t\t\t\t\t\t\t\t\t\t\t<span class=\"elementor-icon-list-icon\">\n\t\t\t\t\t\t\t<svg aria-hidden=\"true\" class=\"e-font-icon-svg e-fas-phone-alt\" viewBox=\"0 0 512 512\" xmlns=\"http:\/\/www.w3.org\/2000\/svg\"><path d=\"M497.39 361.8l-112-48a24 24 0 0 0-28 6.9l-49.6 60.6A370.66 370.66 0 0 1 130.6 204.11l60.6-49.6a23.94 23.94 0 0 0 6.9-28l-48-112A24.16 24.16 0 0 0 122.6.61l-104 24A24 24 0 0 0 0 48c0 256.5 207.9 464 464 464a24 24 0 0 0 23.4-18.6l24-104a24.29 24.29 0 0 0-14.01-27.6z\"><\/path><\/svg>\t\t\t\t\t\t<\/span>\n\t\t\t\t\t\t\t\t\t\t<span class=\"elementor-icon-list-text\">+41 78 209 02 89<\/span>\n\t\t\t\t\t\t\t\t\t\t\t<\/a>\n\t\t\t\t\t\t\t\t\t<\/li>\n\t\t\t\t\t\t<\/ul>\n\t\t\t\t\t\t<\/div>\n\t\t\t\t<\/div>\n\t\t\t\t<\/div>\n\t\t\t\t<\/div>\n\t\t\t\t\t<\/div>\n\t\t\t\t<\/div>\n\t\t\t\t<\/div>\n\t\t","protected":false},"featured_media":0,"template":"elementor_header_footer","class_list":["post-28182","infographie","type-infographie","status-publish","hentry"],"yoast_head":"<!-- This site is optimized with the Yoast SEO plugin v27.5 - https:\/\/yoast.com\/product\/yoast-seo-wordpress\/ -->\n<title>Lifting m\u00e9dical est adapt\u00e9 aux peaux jeunes en pr\u00e9vention du rel\u00e2chement ? - Dr Romano<\/title>\n<meta name=\"description\" content=\"Le lifting m\u00e9dical peut \u00eatre propos\u00e9 en pr\u00e9vention du rel\u00e2chement cutan\u00e9 chez les peaux jeunes. Il vise \u00e0 stimuler la production de collag\u00e8ne et \u00e0 maintenir la tonicit\u00e9. D\u00e9couvrez dans quels cas cette approche est adapt\u00e9e.\" \/>\n<meta name=\"robots\" content=\"index, follow, max-snippet:-1, max-image-preview:large, max-video-preview:-1\" \/>\n<link rel=\"canonical\" href=\"https:\/\/drromanovaleria.ch\/it\/infografia\/lifting-medico-pelli-giovani-prevenzione\/\" \/>\n<meta property=\"og:locale\" content=\"it_IT\" \/>\n<meta property=\"og:type\" content=\"article\" \/>\n<meta property=\"og:title\" content=\"Lifting m\u00e9dical est adapt\u00e9 aux peaux jeunes en pr\u00e9vention du rel\u00e2chement ? - Dr Romano\" \/>\n<meta property=\"og:description\" content=\"Le lifting m\u00e9dical peut \u00eatre propos\u00e9 en pr\u00e9vention du rel\u00e2chement cutan\u00e9 chez les peaux jeunes. Il vise \u00e0 stimuler la production de collag\u00e8ne et \u00e0 maintenir la tonicit\u00e9. D\u00e9couvrez dans quels cas cette approche est adapt\u00e9e.\" \/>\n<meta property=\"og:url\" content=\"https:\/\/drromanovaleria.ch\/it\/infografia\/lifting-medico-pelli-giovani-prevenzione\/\" \/>\n<meta property=\"og:site_name\" content=\"Dr Romano\" \/>\n<meta property=\"article:modified_time\" content=\"2025-11-05T08:11:51+00:00\" \/>\n<meta property=\"og:image\" content=\"https:\/\/drromanovaleria.ch\/wp-content\/uploads\/2024\/05\/hydratation-peau.webp\" \/>\n\t<meta property=\"og:image:width\" content=\"300\" \/>\n\t<meta property=\"og:image:height\" content=\"220\" \/>\n\t<meta property=\"og:image:type\" content=\"image\/webp\" \/>\n<meta name=\"twitter:card\" content=\"summary_large_image\" \/>\n<meta name=\"twitter:label1\" content=\"Tempo di lettura stimato\" \/>\n\t<meta name=\"twitter:data1\" content=\"10 minuti\" \/>\n<script type=\"application\/ld+json\" class=\"yoast-schema-graph\">{\"@context\":\"https:\\\/\\\/schema.org\",\"@graph\":[{\"@type\":\"WebPage\",\"@id\":\"https:\\\/\\\/drromanovaleria.ch\\\/infographie\\\/lifting-medical-peaux-jeunes-prevention\\\/\",\"url\":\"https:\\\/\\\/drromanovaleria.ch\\\/infographie\\\/lifting-medical-peaux-jeunes-prevention\\\/\",\"name\":\"Lifting m\u00e9dical est adapt\u00e9 aux peaux jeunes en pr\u00e9vention du rel\u00e2chement ? - Dr Romano\",\"isPartOf\":{\"@id\":\"https:\\\/\\\/drromanovaleria.ch\\\/#website\"},\"primaryImageOfPage\":{\"@id\":\"https:\\\/\\\/drromanovaleria.ch\\\/infographie\\\/lifting-medical-peaux-jeunes-prevention\\\/#primaryimage\"},\"image\":{\"@id\":\"https:\\\/\\\/drromanovaleria.ch\\\/infographie\\\/lifting-medical-peaux-jeunes-prevention\\\/#primaryimage\"},\"thumbnailUrl\":\"https:\\\/\\\/drromanovaleria.ch\\\/wp-content\\\/uploads\\\/2024\\\/05\\\/hydratation-peau.webp\",\"datePublished\":\"2025-06-25T11:01:17+00:00\",\"dateModified\":\"2025-11-05T08:11:51+00:00\",\"description\":\"Le lifting m\u00e9dical peut \u00eatre propos\u00e9 en pr\u00e9vention du rel\u00e2chement cutan\u00e9 chez les peaux jeunes. Il vise \u00e0 stimuler la production de collag\u00e8ne et \u00e0 maintenir la tonicit\u00e9. D\u00e9couvrez dans quels cas cette approche est adapt\u00e9e.\",\"breadcrumb\":{\"@id\":\"https:\\\/\\\/drromanovaleria.ch\\\/infographie\\\/lifting-medical-peaux-jeunes-prevention\\\/#breadcrumb\"},\"inLanguage\":\"it-IT\",\"potentialAction\":[{\"@type\":\"ReadAction\",\"target\":[\"https:\\\/\\\/drromanovaleria.ch\\\/infographie\\\/lifting-medical-peaux-jeunes-prevention\\\/\"]}]},{\"@type\":\"ImageObject\",\"inLanguage\":\"it-IT\",\"@id\":\"https:\\\/\\\/drromanovaleria.ch\\\/infographie\\\/lifting-medical-peaux-jeunes-prevention\\\/#primaryimage\",\"url\":\"https:\\\/\\\/drromanovaleria.ch\\\/wp-content\\\/uploads\\\/2024\\\/05\\\/hydratation-peau.webp\",\"contentUrl\":\"https:\\\/\\\/drromanovaleria.ch\\\/wp-content\\\/uploads\\\/2024\\\/05\\\/hydratation-peau.webp\"},{\"@type\":\"BreadcrumbList\",\"@id\":\"https:\\\/\\\/drromanovaleria.ch\\\/infographie\\\/lifting-medical-peaux-jeunes-prevention\\\/#breadcrumb\",\"itemListElement\":[{\"@type\":\"ListItem\",\"position\":1,\"name\":\"Accueil\",\"item\":\"https:\\\/\\\/drromanovaleria.ch\\\/\"},{\"@type\":\"ListItem\",\"position\":2,\"name\":\"Infographie\",\"item\":\"https:\\\/\\\/drromanovaleria.ch\\\/infographie\\\/\"},{\"@type\":\"ListItem\",\"position\":3,\"name\":\"Le lifting m\u00e9dical est-il adapt\u00e9 aux peaux jeunes en pr\u00e9vention du rel\u00e2chement ?\"}]},{\"@type\":\"WebSite\",\"@id\":\"https:\\\/\\\/drromanovaleria.ch\\\/#website\",\"url\":\"https:\\\/\\\/drromanovaleria.ch\\\/\",\"name\":\"Dr Romano\",\"description\":\"M\u00e9decine morphologique et anti-\u00e2ge\",\"potentialAction\":[{\"@type\":\"SearchAction\",\"target\":{\"@type\":\"EntryPoint\",\"urlTemplate\":\"https:\\\/\\\/drromanovaleria.ch\\\/?s={search_term_string}\"},\"query-input\":{\"@type\":\"PropertyValueSpecification\",\"valueRequired\":true,\"valueName\":\"search_term_string\"}}],\"inLanguage\":\"it-IT\"}]}<\/script>\n<!-- \/ Yoast SEO plugin. -->","yoast_head_json":{"title":"Il lifting medico \u00e8 adatto alle pelli giovani per prevenire il rilassamento ? - Dr Rom","description":"Le lifting m\u00e9dical peut \u00eatre propos\u00e9 en pr\u00e9vention du rel\u00e2chement cutan\u00e9 chez les peaux jeunes. Il vise \u00e0 stimuler la production de collag\u00e8ne et \u00e0 maintenir la tonicit\u00e9. D\u00e9couvrez dans quels cas cette approche est adapt\u00e9e.","robots":{"index":"index","follow":"follow","max-snippet":"max-snippet:-1","max-image-preview":"max-image-preview:large","max-video-preview":"max-video-preview:-1"},"canonical":"https:\/\/drromanovaleria.ch\/it\/infografia\/lifting-medico-pelli-giovani-prevenzione\/","og_locale":"it_IT","og_type":"article","og_title":"Lifting m\u00e9dical est adapt\u00e9 aux peaux jeunes en pr\u00e9vention du rel\u00e2chement ? - Dr Romano","og_description":"Le lifting m\u00e9dical peut \u00eatre propos\u00e9 en pr\u00e9vention du rel\u00e2chement cutan\u00e9 chez les peaux jeunes. Il vise \u00e0 stimuler la production de collag\u00e8ne et \u00e0 maintenir la tonicit\u00e9. D\u00e9couvrez dans quels cas cette approche est adapt\u00e9e.","og_url":"https:\/\/drromanovaleria.ch\/it\/infografia\/lifting-medico-pelli-giovani-prevenzione\/","og_site_name":"Dr Romano","article_modified_time":"2025-11-05T08:11:51+00:00","og_image":[{"width":300,"height":220,"url":"https:\/\/drromanovaleria.ch\/wp-content\/uploads\/2024\/05\/hydratation-peau.webp","type":"image\/webp"}],"twitter_card":"summary_large_image","twitter_misc":{"Tempo di lettura stimato":"10 minuti"},"schema":{"@context":"https:\/\/schema.org","@graph":[{"@type":"WebPage","@id":"https:\/\/drromanovaleria.ch\/infographie\/lifting-medical-peaux-jeunes-prevention\/","url":"https:\/\/drromanovaleria.ch\/infographie\/lifting-medical-peaux-jeunes-prevention\/","name":"Il lifting medico \u00e8 adatto alle pelli giovani per prevenire il rilassamento ? - Dr Rom","isPartOf":{"@id":"https:\/\/drromanovaleria.ch\/#website"},"primaryImageOfPage":{"@id":"https:\/\/drromanovaleria.ch\/infographie\/lifting-medical-peaux-jeunes-prevention\/#primaryimage"},"image":{"@id":"https:\/\/drromanovaleria.ch\/infographie\/lifting-medical-peaux-jeunes-prevention\/#primaryimage"},"thumbnailUrl":"https:\/\/drromanovaleria.ch\/wp-content\/uploads\/2024\/05\/hydratation-peau.webp","datePublished":"2025-06-25T11:01:17+00:00","dateModified":"2025-11-05T08:11:51+00:00","description":"Le lifting m\u00e9dical peut \u00eatre propos\u00e9 en pr\u00e9vention du rel\u00e2chement cutan\u00e9 chez les peaux jeunes. Il vise \u00e0 stimuler la production de collag\u00e8ne et \u00e0 maintenir la tonicit\u00e9. D\u00e9couvrez dans quels cas cette approche est adapt\u00e9e.","breadcrumb":{"@id":"https:\/\/drromanovaleria.ch\/infographie\/lifting-medical-peaux-jeunes-prevention\/#breadcrumb"},"inLanguage":"it-IT","potentialAction":[{"@type":"ReadAction","target":["https:\/\/drromanovaleria.ch\/infographie\/lifting-medical-peaux-jeunes-prevention\/"]}]},{"@type":"ImageObject","inLanguage":"it-IT","@id":"https:\/\/drromanovaleria.ch\/infographie\/lifting-medical-peaux-jeunes-prevention\/#primaryimage","url":"https:\/\/drromanovaleria.ch\/wp-content\/uploads\/2024\/05\/hydratation-peau.webp","contentUrl":"https:\/\/drromanovaleria.ch\/wp-content\/uploads\/2024\/05\/hydratation-peau.webp"},{"@type":"BreadcrumbList","@id":"https:\/\/drromanovaleria.ch\/infographie\/lifting-medical-peaux-jeunes-prevention\/#breadcrumb","itemListElement":[{"@type":"ListItem","position":1,"name":"Accueil","item":"https:\/\/drromanovaleria.ch\/"},{"@type":"ListItem","position":2,"name":"Infographie","item":"https:\/\/drromanovaleria.ch\/infographie\/"},{"@type":"ListItem","position":3,"name":"Le lifting m\u00e9dical est-il adapt\u00e9 aux peaux jeunes en pr\u00e9vention du rel\u00e2chement ?"}]},{"@type":"WebSite","@id":"https:\/\/drromanovaleria.ch\/#website","url":"https:\/\/drromanovaleria.ch\/","name":"Dott. Romano","description":"Medicina morfologica e anti-invecchiamento","potentialAction":[{"@type":"SearchAction","target":{"@type":"EntryPoint","urlTemplate":"https:\/\/drromanovaleria.ch\/?s={search_term_string}"},"query-input":{"@type":"PropertyValueSpecification","valueRequired":true,"valueName":"search_term_string"}}],"inLanguage":"it-IT"}]}},"_links":{"self":[{"href":"https:\/\/drromanovaleria.ch\/it\/wp-json\/wp\/v2\/infographie\/28182","targetHints":{"allow":["GET"]}}],"collection":[{"href":"https:\/\/drromanovaleria.ch\/it\/wp-json\/wp\/v2\/infographie"}],"about":[{"href":"https:\/\/drromanovaleria.ch\/it\/wp-json\/wp\/v2\/types\/infographie"}],"version-history":[{"count":5,"href":"https:\/\/drromanovaleria.ch\/it\/wp-json\/wp\/v2\/infographie\/28182\/revisions"}],"predecessor-version":[{"id":42466,"href":"https:\/\/drromanovaleria.ch\/it\/wp-json\/wp\/v2\/infographie\/28182\/revisions\/42466"}],"wp:attachment":[{"href":"https:\/\/drromanovaleria.ch\/it\/wp-json\/wp\/v2\/media?parent=28182"}],"curies":[{"name":"wp","href":"https:\/\/api.w.org\/{rel}","templated":true}]}}