{"id":28178,"date":"2025-06-25T12:58:20","date_gmt":"2025-06-25T10:58:20","guid":{"rendered":"https:\/\/drromanovaleria.ch\/?post_type=infographie&#038;p=28178"},"modified":"2025-11-05T08:53:05","modified_gmt":"2025-11-05T07:53:05","slug":"prodotti-lifting-medico-viso","status":"publish","type":"infographie","link":"https:\/\/drromanovaleria.ch\/it\/infographie\/produits-lifting-medical-visage\/","title":{"rendered":"Quels produits sont utilis\u00e9s pour un lifting m\u00e9dical du visage ?"},"content":{"rendered":"\t\t<div data-elementor-type=\"wp-post\" data-elementor-id=\"28178\" class=\"elementor elementor-28178\" data-elementor-post-type=\"infographie\">\n\t\t\t\t<div class=\"elementor-element elementor-element-870530b e-flex e-con-boxed e-con e-parent\" data-id=\"870530b\" data-element_type=\"container\" data-e-type=\"container\" data-settings=\"{&quot;background_background&quot;:&quot;classic&quot;,&quot;jet_parallax_layout_list&quot;:[]}\">\n\t\t\t\t\t<div class=\"e-con-inner\">\n\t\t<div class=\"elementor-element elementor-element-5f3c774 e-con-full e-flex e-con e-child\" data-id=\"5f3c774\" data-element_type=\"container\" data-e-type=\"container\" data-settings=\"{&quot;background_background&quot;:&quot;classic&quot;,&quot;jet_parallax_layout_list&quot;:[]}\">\n\t\t\t\t<div class=\"elementor-element elementor-element-6a45f76 elementor-widget__width-initial elementor-widget elementor-widget-heading\" data-id=\"6a45f76\" data-element_type=\"widget\" data-e-type=\"widget\" data-widget_type=\"heading.default\">\n\t\t\t\t<div class=\"elementor-widget-container\">\n\t\t\t\t\t<h1 class=\"elementor-heading-title elementor-size-default\">QUELS PRODUITS SONT UTILIS\u00c9S POUR UN LIFTING M\u00c9DICAL DU VISAGE ?<\/h1>\t\t\t\t<\/div>\n\t\t\t\t<\/div>\n\t\t\t\t<div class=\"elementor-element elementor-element-c5354fe elementor-align-center elementor-widget elementor-widget-breadcrumbs\" data-id=\"c5354fe\" data-element_type=\"widget\" data-e-type=\"widget\" data-widget_type=\"breadcrumbs.default\">\n\t\t\t\t<div class=\"elementor-widget-container\">\n\t\t\t\t\t<p id=\"breadcrumbs\"><span><span><a href=\"https:\/\/drromanovaleria.ch\/\">Accueil<\/a><\/span><\/span><\/p>\t\t\t\t<\/div>\n\t\t\t\t<\/div>\n\t\t\t\t<\/div>\n\t\t\t\t\t<\/div>\n\t\t\t\t<\/div>\n\t\t<div class=\"elementor-element elementor-element-79ed047 e-flex e-con-boxed e-con e-parent\" data-id=\"79ed047\" data-element_type=\"container\" data-e-type=\"container\" data-settings=\"{&quot;jet_parallax_layout_list&quot;:[]}\">\n\t\t\t\t\t<div class=\"e-con-inner\">\n\t\t<div class=\"elementor-element elementor-element-d0c82a5 e-flex e-con-boxed e-con e-child\" data-id=\"d0c82a5\" data-element_type=\"container\" data-e-type=\"container\" data-settings=\"{&quot;jet_parallax_layout_list&quot;:[]}\">\n\t\t\t\t\t<div class=\"e-con-inner\">\n\t\t<div class=\"elementor-element elementor-element-1613a77 e-con-full e-flex e-con e-child\" data-id=\"1613a77\" data-element_type=\"container\" data-e-type=\"container\" data-settings=\"{&quot;background_background&quot;:&quot;classic&quot;,&quot;jet_parallax_layout_list&quot;:[]}\">\n\t\t\t\t<div class=\"elementor-element elementor-element-aeef88d elementor-widget elementor-widget-text-editor\" data-id=\"aeef88d\" data-element_type=\"widget\" data-e-type=\"widget\" data-widget_type=\"text-editor.default\">\n\t\t\t\t<div class=\"elementor-widget-container\">\n\t\t\t\t\t\t\t\t\t<h2>Lifting m\u00e9dical \u00e0 Gen\u00e8ve<\/h2>\t\t\t\t\t\t\t\t<\/div>\n\t\t\t\t<\/div>\n\t\t\t\t<div class=\"elementor-element elementor-element-0918c76 elementor-widget elementor-widget-text-editor\" data-id=\"0918c76\" data-element_type=\"widget\" data-e-type=\"widget\" data-widget_type=\"text-editor.default\">\n\t\t\t\t<div class=\"elementor-widget-container\">\n\t\t\t\t\t\t\t\t\t<p>Le <a href=\"https:\/\/drromanovaleria.ch\/lifting-medical\/\">lifting m\u00e9dical<\/a> du visage repose sur l\u2019association de diff\u00e9rentes techniques non invasives visant \u00e0 redessiner les contours du visage, restaurer les volumes perdus et am\u00e9liorer la qualit\u00e9 de la peau, sans bistouri ni anesth\u00e9sie g\u00e9n\u00e9rale.<br \/>Mais cette approche n\u2019a de sens que si elle s\u2019appuie sur des produits rigoureusement s\u00e9lectionn\u00e9s, adapt\u00e9s \u00e0 la physiologie du visage et \u00e0 l\u2019indication th\u00e9rapeutique.<br \/>Les m\u00e9decins privil\u00e9gient des produits s\u00fbrs, \u00e9prouv\u00e9s, \u00e0 l\u2019efficacit\u00e9 scientifiquement valid\u00e9e et conformes aux exigences les plus strictes de la r\u00e9glementation europ\u00e9enne et suisse.<br \/>Quels sont ces produits ? Sur quelles zones agissent-ils ? Quelle est leur dur\u00e9e d\u2019effet ? Voici un tour d\u2019horizon d\u00e9taill\u00e9 des principaux agents utilis\u00e9s dans le cadre d\u2019un lifting m\u00e9dical.<\/p>\t\t\t\t\t\t\t\t<\/div>\n\t\t\t\t<\/div>\n\t\t\t\t<\/div>\n\t\t\t\t\t<\/div>\n\t\t\t\t<\/div>\n\t\t<div class=\"elementor-element elementor-element-bdae843 e-flex e-con-boxed e-con e-child\" data-id=\"bdae843\" data-element_type=\"container\" data-e-type=\"container\" data-settings=\"{&quot;jet_parallax_layout_list&quot;:[]}\">\n\t\t\t\t\t<div class=\"e-con-inner\">\n\t\t\t\t<div class=\"elementor-element elementor-element-7694ed8 elementor-widget elementor-widget-image\" data-id=\"7694ed8\" data-element_type=\"widget\" data-e-type=\"widget\" data-widget_type=\"image.default\">\n\t\t\t\t<div class=\"elementor-widget-container\">\n\t\t\t\t\t\t\t\t\t\t\t\t\t\t\t<img fetchpriority=\"high\" decoding=\"async\" width=\"300\" height=\"220\" src=\"https:\/\/drromanovaleria.ch\/wp-content\/uploads\/2024\/05\/hydratation-peau.webp\" class=\"attachment-medium size-medium wp-image-4852\" alt=\"image peau jeune hydrat\u00e9e\" srcset=\"https:\/\/drromanovaleria.ch\/wp-content\/uploads\/2024\/05\/hydratation-peau.webp 300w, https:\/\/drromanovaleria.ch\/wp-content\/uploads\/2024\/05\/hydratation-peau-16x12.webp 16w\" sizes=\"(max-width: 300px) 100vw, 300px\" \/>\t\t\t\t\t\t\t\t\t\t\t\t\t\t\t<\/div>\n\t\t\t\t<\/div>\n\t\t\t\t<div class=\"elementor-element elementor-element-6d2af14 elementor-align-center elementor-widget elementor-widget-button\" data-id=\"6d2af14\" data-element_type=\"widget\" data-e-type=\"widget\" data-widget_type=\"button.default\">\n\t\t\t\t<div class=\"elementor-widget-container\">\n\t\t\t\t\t\t\t\t\t<div class=\"elementor-button-wrapper\">\n\t\t\t\t\t<a class=\"elementor-button elementor-button-link elementor-size-sm\" href=\"https:\/\/drromanovaleria.ch\/contactez-le-dr-romano\/\">\n\t\t\t\t\t\t<span class=\"elementor-button-content-wrapper\">\n\t\t\t\t\t\t\t\t\t<span class=\"elementor-button-text\">Prendre rendez-vous<\/span>\n\t\t\t\t\t<\/span>\n\t\t\t\t\t<\/a>\n\t\t\t\t<\/div>\n\t\t\t\t\t\t\t\t<\/div>\n\t\t\t\t<\/div>\n\t\t\t\t\t<\/div>\n\t\t\t\t<\/div>\n\t\t\t\t\t<\/div>\n\t\t\t\t<\/div>\n\t\t<div class=\"elementor-element elementor-element-1f8c912 e-flex e-con-boxed e-con e-parent\" data-id=\"1f8c912\" data-element_type=\"container\" data-e-type=\"container\" data-settings=\"{&quot;jet_parallax_layout_list&quot;:[]}\">\n\t\t\t\t\t<div class=\"e-con-inner\">\n\t\t\t\t<div class=\"elementor-element elementor-element-30db8d9 elementor-toc--content-ellipsis elementor-toc--minimized-on-desktop elementor-widget elementor-widget-table-of-contents\" data-id=\"30db8d9\" data-element_type=\"widget\" data-e-type=\"widget\" data-settings=\"{&quot;exclude_headings_by_selector&quot;:[],&quot;minimized_on&quot;:&quot;desktop&quot;,&quot;no_headings_message&quot;:&quot;Aucun titre n\\u2019a \\u00e9t\\u00e9 trouv\\u00e9 sur cette page.&quot;,&quot;headings_by_tags&quot;:[&quot;h2&quot;,&quot;h3&quot;,&quot;h4&quot;,&quot;h5&quot;,&quot;h6&quot;],&quot;marker_view&quot;:&quot;numbers&quot;,&quot;minimize_box&quot;:&quot;yes&quot;,&quot;hierarchical_view&quot;:&quot;yes&quot;,&quot;min_height&quot;:{&quot;unit&quot;:&quot;px&quot;,&quot;size&quot;:&quot;&quot;,&quot;sizes&quot;:[]},&quot;min_height_tablet&quot;:{&quot;unit&quot;:&quot;px&quot;,&quot;size&quot;:&quot;&quot;,&quot;sizes&quot;:[]},&quot;min_height_mobile&quot;:{&quot;unit&quot;:&quot;px&quot;,&quot;size&quot;:&quot;&quot;,&quot;sizes&quot;:[]}}\" data-widget_type=\"table-of-contents.default\">\n\t\t\t\t<div class=\"elementor-widget-container\">\n\t\t\t\t\t\t\t\t\t<div class=\"elementor-toc__header\">\n\t\t\t\t\t\t<h2 class=\"elementor-toc__header-title\">\n\t\t\t\tSommaire\t\t\t<\/h2>\n\t\t\t\t\t\t\t\t\t\t<div class=\"elementor-toc__toggle-button elementor-toc__toggle-button--expand\" role=\"button\" tabindex=\"0\" aria-controls=\"elementor-toc__30db8d9\" aria-expanded=\"true\" aria-label=\"Ouvrir la table des mati\u00e8res\"><svg aria-hidden=\"true\" class=\"e-font-icon-svg e-fas-chevron-down\" viewBox=\"0 0 448 512\" xmlns=\"http:\/\/www.w3.org\/2000\/svg\"><path d=\"M207.029 381.476L12.686 187.132c-9.373-9.373-9.373-24.569 0-33.941l22.667-22.667c9.357-9.357 24.522-9.375 33.901-.04L224 284.505l154.745-154.021c9.379-9.335 24.544-9.317 33.901.04l22.667 22.667c9.373 9.373 9.373 24.569 0 33.941L240.971 381.476c-9.373 9.372-24.569 9.372-33.942 0z\"><\/path><\/svg><\/div>\n\t\t\t\t<div class=\"elementor-toc__toggle-button elementor-toc__toggle-button--collapse\" role=\"button\" tabindex=\"0\" aria-controls=\"elementor-toc__30db8d9\" aria-expanded=\"true\" aria-label=\"Fermer la table des mati\u00e8res\"><svg aria-hidden=\"true\" class=\"e-font-icon-svg e-fas-chevron-up\" viewBox=\"0 0 448 512\" xmlns=\"http:\/\/www.w3.org\/2000\/svg\"><path d=\"M240.971 130.524l194.343 194.343c9.373 9.373 9.373 24.569 0 33.941l-22.667 22.667c-9.357 9.357-24.522 9.375-33.901.04L224 227.495 69.255 381.516c-9.379 9.335-24.544 9.317-33.901-.04l-22.667-22.667c-9.373-9.373-9.373-24.569 0-33.941L207.03 130.525c9.372-9.373 24.568-9.373 33.941-.001z\"><\/path><\/svg><\/div>\n\t\t\t\t\t<\/div>\n\t\t\t\t<div id=\"elementor-toc__30db8d9\" class=\"elementor-toc__body\">\n\t\t\t<div class=\"elementor-toc__spinner-container\">\n\t\t\t\t<svg class=\"elementor-toc__spinner eicon-animation-spin e-font-icon-svg e-eicon-loading\" aria-hidden=\"true\" viewBox=\"0 0 1000 1000\" xmlns=\"http:\/\/www.w3.org\/2000\/svg\"><path d=\"M500 975V858C696 858 858 696 858 500S696 142 500 142 142 304 142 500H25C25 237 238 25 500 25S975 237 975 500 763 975 500 975Z\"><\/path><\/svg>\t\t\t<\/div>\n\t\t<\/div>\n\t\t\t\t\t\t<\/div>\n\t\t\t\t<\/div>\n\t\t\t\t\t<\/div>\n\t\t\t\t<\/div>\n\t\t<div class=\"elementor-element elementor-element-2399187 e-flex e-con-boxed e-con e-parent\" data-id=\"2399187\" data-element_type=\"container\" data-e-type=\"container\" data-settings=\"{&quot;jet_parallax_layout_list&quot;:[]}\">\n\t\t\t\t\t<div class=\"e-con-inner\">\n\t\t\t\t<div class=\"elementor-element elementor-element-cceb0d8 elementor-widget elementor-widget-text-editor\" data-id=\"cceb0d8\" data-element_type=\"widget\" data-e-type=\"widget\" data-widget_type=\"text-editor.default\">\n\t\t\t\t<div class=\"elementor-widget-container\">\n\t\t\t\t\t\t\t\t\t<h2>Acide hyaluronique : restaurer les volumes<\/h2>\t\t\t\t\t\t\t\t<\/div>\n\t\t\t\t<\/div>\n\t\t\t\t<div class=\"elementor-element elementor-element-9f8c96e elementor-widget-divider--view-line elementor-widget elementor-widget-divider\" data-id=\"9f8c96e\" data-element_type=\"widget\" data-e-type=\"widget\" data-widget_type=\"divider.default\">\n\t\t\t\t<div class=\"elementor-widget-container\">\n\t\t\t\t\t\t\t<div class=\"elementor-divider\">\n\t\t\t<span class=\"elementor-divider-separator\">\n\t\t\t\t\t\t<\/span>\n\t\t<\/div>\n\t\t\t\t\t\t<\/div>\n\t\t\t\t<\/div>\n\t\t\t\t<div class=\"elementor-element elementor-element-7403424 elementor-widget elementor-widget-text-editor\" data-id=\"7403424\" data-element_type=\"widget\" data-e-type=\"widget\" data-widget_type=\"text-editor.default\">\n\t\t\t\t<div class=\"elementor-widget-container\">\n\t\t\t\t\t\t\t\t\t<p>L\u2019<a href=\"https:\/\/drromanovaleria.ch\/solutions\/injections\/acide-hayluronique\/\">acide hyaluronique<\/a> est sans doute le produit le plus utilis\u00e9 pour r\u00e9aliser un lifting m\u00e9dical. Pr\u00e9sent naturellement dans la peau, ce polysaccharide hydrophile a la capacit\u00e9 de retenir l\u2019eau et de restaurer les volumes perdus.<br \/>Dans le cadre d\u2019un lifting m\u00e9dical, on utilise des acides hyaluroniques de diff\u00e9rentes densit\u00e9s : tr\u00e8s r\u00e9ticul\u00e9s, pour restructurer les zones profondes du visage (pommettes, m\u00e2choire, tempes); mod\u00e9r\u00e9ment r\u00e9ticul\u00e9s, pour adoucir les contours ou att\u00e9nuer les plis (sillons nasog\u00e9niens, plis d\u2019amertume); peu r\u00e9ticul\u00e9s, pour hydrater et revitaliser les couches superficielles de la peau (derme moyen \u00e0 superficiel)<br \/>Ces produits permettent de reconstituer les volumes graisseux sous-cutan\u00e9s, qui s\u2019atrophient avec l\u2019\u00e2ge, sans effet de gonflement artificiel. Une injection d\u2019acide hyaluronique bien r\u00e9alis\u00e9e restaure le visage sans le figer.<br \/>L\u2019approche moderne, dite de &#8220;lifting m\u00e9dical vectoriel&#8221;, repose sur l\u2019injection strat\u00e9gique de produits volumateurs dans des points-cl\u00e9s du visage afin de cr\u00e9er un effet liftant global, harmonieux et surtout naturel. Il ne s&#8217;agit pas de corriger excessivement, mais de recr\u00e9er les points d\u2019ancrage physiologiques de la jeunesse.<br \/>Les r\u00e9sultats sont visibles imm\u00e9diatement, avec une dur\u00e9e d\u2019effet moyenne de 10 \u00e0 15 mois, selon le m\u00e9tabolisme du patient, la zone trait\u00e9e et le type de produit utilis\u00e9.<\/p>\t\t\t\t\t\t\t\t<\/div>\n\t\t\t\t<\/div>\n\t\t\t\t\t<\/div>\n\t\t\t\t<\/div>\n\t\t<div class=\"elementor-element elementor-element-e2ee729 e-flex e-con-boxed e-con e-parent\" data-id=\"e2ee729\" data-element_type=\"container\" data-e-type=\"container\" data-settings=\"{&quot;jet_parallax_layout_list&quot;:[]}\">\n\t\t\t\t\t<div class=\"e-con-inner\">\n\t\t\t\t<div class=\"elementor-element elementor-element-c92ce9e elementor-widget elementor-widget-text-editor\" data-id=\"c92ce9e\" data-element_type=\"widget\" data-e-type=\"widget\" data-widget_type=\"text-editor.default\">\n\t\t\t\t<div class=\"elementor-widget-container\">\n\t\t\t\t\t\t\t\t\t<h2>Inducteurs tissulaires : stimulation de la production de collag\u00e8ne<\/h2>\t\t\t\t\t\t\t\t<\/div>\n\t\t\t\t<\/div>\n\t\t\t\t<div class=\"elementor-element elementor-element-a455991 elementor-widget-divider--view-line elementor-widget elementor-widget-divider\" data-id=\"a455991\" data-element_type=\"widget\" data-e-type=\"widget\" data-widget_type=\"divider.default\">\n\t\t\t\t<div class=\"elementor-widget-container\">\n\t\t\t\t\t\t\t<div class=\"elementor-divider\">\n\t\t\t<span class=\"elementor-divider-separator\">\n\t\t\t\t\t\t<\/span>\n\t\t<\/div>\n\t\t\t\t\t\t<\/div>\n\t\t\t\t<\/div>\n\t\t\t\t<div class=\"elementor-element elementor-element-9bf32fe elementor-widget elementor-widget-text-editor\" data-id=\"9bf32fe\" data-element_type=\"widget\" data-e-type=\"widget\" data-widget_type=\"text-editor.default\">\n\t\t\t\t<div class=\"elementor-widget-container\">\n\t\t\t\t\t\t\t\t\t<p>Contrairement \u00e0 l\u2019acide hyaluronique, qui agit principalement par comblement ou effet liftant, les <a href=\"https:\/\/drromanovaleria.ch\/solutions\/injections\/inducteurs-collagene\/\">inducteurs tissulaires<\/a> n\u2019ont pas vocation \u00e0 remplir, mais \u00e0 stimuler la n\u00e9ocollag\u00e9n\u00e8se. Leur action s\u2019inscrit dans le temps et permet une am\u00e9lioration progressive de la fermet\u00e9, de la densit\u00e9 et de l\u2019\u00e9lasticit\u00e9 cutan\u00e9e.<br \/>Parmi les principaux inducteurs utilis\u00e9s, on retrouve :<\/p><ul><li>L\u2019hydroxyapatite de calcium (CaHA) : pr\u00e9sent naturellement dans l\u2019organisme, ce produit est inject\u00e9 dans le derme profond ou l\u2019hypoderme. Il offre un l\u00e9ger effet volumateur imm\u00e9diat, suivi d\u2019une stimulation intense de la synth\u00e8se de collag\u00e8ne au fil des mois.<\/li><li>L\u2019acide polylactique (PLLA) : il s\u2019agit d\u2019un biopolym\u00e8re synth\u00e9tique enti\u00e8rement r\u00e9sorbable, dont l\u2019effet volumateur est diff\u00e9r\u00e9 mais durable. Il est n\u00e9cessaire souvent de r\u00e9aliser plusieurs s\u00e9ances, espac\u00e9es de quelques semaines, pour un r\u00e9sultat optimal.<\/li><li>Le polycaprolactone (PCL) : plus r\u00e9cent, il offre \u00e0 la fois un effet liftant progressif et un rajeunissement cutan\u00e9 durable, jusqu\u2019\u00e0 2 ans.<\/li><\/ul><p>Ces produits sont indiqu\u00e9s pour les visages rel\u00e2ch\u00e9s mais encore toniques, chez des patients souhaitant un r\u00e9sultat global, naturel, sans changement brusque.<\/p>\t\t\t\t\t\t\t\t<\/div>\n\t\t\t\t<\/div>\n\t\t\t\t\t<\/div>\n\t\t\t\t<\/div>\n\t\t<div class=\"elementor-element elementor-element-073d3c6 e-flex e-con-boxed e-con e-parent\" data-id=\"073d3c6\" data-element_type=\"container\" data-e-type=\"container\" data-settings=\"{&quot;jet_parallax_layout_list&quot;:[]}\">\n\t\t\t\t\t<div class=\"e-con-inner\">\n\t\t\t\t<div class=\"elementor-element elementor-element-db5fe2e elementor-widget elementor-widget-text-editor\" data-id=\"db5fe2e\" data-element_type=\"widget\" data-e-type=\"widget\" data-widget_type=\"text-editor.default\">\n\t\t\t\t<div class=\"elementor-widget-container\">\n\t\t\t\t\t\t\t\t\t<h2>Skinboosters : revitalisation de la peau<\/h2>\t\t\t\t\t\t\t\t<\/div>\n\t\t\t\t<\/div>\n\t\t\t\t<div class=\"elementor-element elementor-element-cb8e2e2 elementor-widget-divider--view-line elementor-widget elementor-widget-divider\" data-id=\"cb8e2e2\" data-element_type=\"widget\" data-e-type=\"widget\" data-widget_type=\"divider.default\">\n\t\t\t\t<div class=\"elementor-widget-container\">\n\t\t\t\t\t\t\t<div class=\"elementor-divider\">\n\t\t\t<span class=\"elementor-divider-separator\">\n\t\t\t\t\t\t<\/span>\n\t\t<\/div>\n\t\t\t\t\t\t<\/div>\n\t\t\t\t<\/div>\n\t\t\t\t<div class=\"elementor-element elementor-element-532fc28 elementor-widget elementor-widget-text-editor\" data-id=\"532fc28\" data-element_type=\"widget\" data-e-type=\"widget\" data-widget_type=\"text-editor.default\">\n\t\t\t\t<div class=\"elementor-widget-container\">\n\t\t\t\t\t\t\t\t\t<p>Pour compl\u00e9ter l\u2019action structurale des volumateurs et inducteurs, on peut int\u00e9grer des injections plus superficielles, destin\u00e9es non pas \u00e0 redessiner le visage, mais \u00e0 am\u00e9liorer la qualit\u00e9 de la peau. C\u2019est pr\u00e9cis\u00e9ment le r\u00f4le des <a href=\"https:\/\/drromanovaleria.ch\/solutions\/injections\/skinbooster\/\">Skinboosters<\/a>, acide hyaluronique tr\u00e8s peu r\u00e9ticul\u00e9, inject\u00e9 en petites quantit\u00e9s dans le derme moyen.<br \/>Leur objectif est : r\u00e9hydrater la peau en profondeur, lisser les ridules, am\u00e9liorer l\u2019\u00e9clat et l\u2019\u00e9lasticit\u00e9 cutan\u00e9e, renforcer la barri\u00e8re cutan\u00e9e.<br \/>Les r\u00e9sultats sont visibles apr\u00e8s 2 \u00e0 3 semaines, avec une am\u00e9lioration progressive du teint et du grain de peau. Ces produits sont id\u00e9aux en compl\u00e9ment d\u2019un traitement volumateur ou en entretien entre deux protocoles de lifting m\u00e9dical.<\/p>\t\t\t\t\t\t\t\t<\/div>\n\t\t\t\t<\/div>\n\t\t\t\t\t<\/div>\n\t\t\t\t<\/div>\n\t\t<div class=\"elementor-element elementor-element-88994f8 e-flex e-con-boxed e-con e-parent\" data-id=\"88994f8\" data-element_type=\"container\" data-e-type=\"container\" data-settings=\"{&quot;jet_parallax_layout_list&quot;:[]}\">\n\t\t\t\t\t<div class=\"e-con-inner\">\n\t\t\t\t<div class=\"elementor-element elementor-element-7ce773d elementor-widget elementor-widget-text-editor\" data-id=\"7ce773d\" data-element_type=\"widget\" data-e-type=\"widget\" data-widget_type=\"text-editor.default\">\n\t\t\t\t<div class=\"elementor-widget-container\">\n\t\t\t\t\t\t\t\t\t<h2>Toxine botulique et regard\u00a0<\/h2>\t\t\t\t\t\t\t\t<\/div>\n\t\t\t\t<\/div>\n\t\t\t\t<div class=\"elementor-element elementor-element-53d0eb4 elementor-widget-divider--view-line elementor-widget elementor-widget-divider\" data-id=\"53d0eb4\" data-element_type=\"widget\" data-e-type=\"widget\" data-widget_type=\"divider.default\">\n\t\t\t\t<div class=\"elementor-widget-container\">\n\t\t\t\t\t\t\t<div class=\"elementor-divider\">\n\t\t\t<span class=\"elementor-divider-separator\">\n\t\t\t\t\t\t<\/span>\n\t\t<\/div>\n\t\t\t\t\t\t<\/div>\n\t\t\t\t<\/div>\n\t\t\t\t<div class=\"elementor-element elementor-element-059bf65 elementor-widget elementor-widget-text-editor\" data-id=\"059bf65\" data-element_type=\"widget\" data-e-type=\"widget\" data-widget_type=\"text-editor.default\">\n\t\t\t\t<div class=\"elementor-widget-container\">\n\t\t\t\t\t\t\t\t\t<p>La <a href=\"https:\/\/drromanovaleria.ch\/solutions\/injections\/botox\/\">toxine botulique<\/a> agit selon un m\u00e9canisme tr\u00e8s diff\u00e9rent de celui de l\u2019acide hyaluronique. Il ne restaure pas les volumes, mais agit sur la contraction musculaire. En bloquant temporairement la lib\u00e9ration de l\u2019ac\u00e9tylcholine au niveau des jonctions neuromusculaires, il induit un rel\u00e2chement cibl\u00e9 des muscles responsables des rides d\u2019expression.<br \/>Dans le cadre du traitement esth\u00e9tique du tiers sup\u00e9rieur du visage, la toxine botulique est indiqu\u00e9e pour corriger les rides glabellaires, frontales et celles de la patte-d\u2019oie. Il est essentiel de pr\u00e9ciser que son indication ne porte pas sur le lifting du sourcil. Toutefois, en relaxant certains muscles responsables des rides du lion et de la patte d&#8217;oie, le traitement induit souvent un effet indirect : le regard s\u2019ouvre et la queue du sourcil peut se relever l\u00e9g\u00e8rement. Cette \u00e9l\u00e9vation discr\u00e8te du sourcil est donc une cons\u00e9quence naturelle du traitement, et non son objectif principal.<br data-start=\"994\" data-end=\"997\" \/>Lorsqu\u2019elle est correctement dos\u00e9e et adapt\u00e9e \u00e0 la morphologie de chaque patient, la toxine ne fige pas les traits. Elle d\u00e9tend simplement l\u2019expression, ce qui donne au visage un aspect naturel, adouci et repos\u00e9.<\/p>\t\t\t\t\t\t\t\t<\/div>\n\t\t\t\t<\/div>\n\t\t\t\t\t<\/div>\n\t\t\t\t<\/div>\n\t\t<div class=\"elementor-element elementor-element-c88c780 e-flex e-con-boxed e-con e-parent\" data-id=\"c88c780\" data-element_type=\"container\" data-e-type=\"container\" data-settings=\"{&quot;jet_parallax_layout_list&quot;:[]}\">\n\t\t\t\t\t<div class=\"e-con-inner\">\n\t\t\t\t<div class=\"elementor-element elementor-element-2fb4025 elementor-widget elementor-widget-text-editor\" data-id=\"2fb4025\" data-element_type=\"widget\" data-e-type=\"widget\" data-widget_type=\"text-editor.default\">\n\t\t\t\t<div class=\"elementor-widget-container\">\n\t\t\t\t\t\t\t\t\t<h2>Laser ablatif : resurfacer pour lifter<\/h2>\t\t\t\t\t\t\t\t<\/div>\n\t\t\t\t<\/div>\n\t\t\t\t<div class=\"elementor-element elementor-element-14e22be elementor-widget-divider--view-line elementor-widget elementor-widget-divider\" data-id=\"14e22be\" data-element_type=\"widget\" data-e-type=\"widget\" data-widget_type=\"divider.default\">\n\t\t\t\t<div class=\"elementor-widget-container\">\n\t\t\t\t\t\t\t<div class=\"elementor-divider\">\n\t\t\t<span class=\"elementor-divider-separator\">\n\t\t\t\t\t\t<\/span>\n\t\t<\/div>\n\t\t\t\t\t\t<\/div>\n\t\t\t\t<\/div>\n\t\t\t\t<div class=\"elementor-element elementor-element-ee723fa elementor-widget elementor-widget-text-editor\" data-id=\"ee723fa\" data-element_type=\"widget\" data-e-type=\"widget\" data-widget_type=\"text-editor.default\">\n\t\t\t\t<div class=\"elementor-widget-container\">\n\t\t\t\t\t\t\t\t\t<p>Le <a href=\"https:\/\/drromanovaleria.ch\/solutions\/lasers\/laser-co2-fraxel\/\">laser ablatif<\/a> est une technologie de pointe qui agit en vaporisant les couches superficielles de l\u2019\u00e9piderme et une partie du derme, ce qui entra\u00eene une r\u00e9g\u00e9n\u00e9ration tissulaire compl\u00e8te. On distingue les lasers ablatifs continus (type CO\u2082 classique) des lasers fractionn\u00e9s ablatifs, plus r\u00e9cents, qui alternent des micro-zones de destruction tissulaire et des zones intactes. Cette approche favorise une cicatrisation plus rapide et mieux tol\u00e9r\u00e9e.<br data-start=\"608\" data-end=\"611\" \/>Leur efficacit\u00e9 repose sur un double m\u00e9canisme : d\u2019une part, la destruction contr\u00f4l\u00e9e de la couche cutan\u00e9e superficielle, et d\u2019autre part, la stimulation profonde des fibroblastes, responsable d\u2019une production accrue de collag\u00e8ne et donc d\u2019un v\u00e9ritable effet de n\u00e9ocollag\u00e9n\u00e8se.<br \/>Les r\u00e9sultats observ\u00e9s sont : am\u00e9lioration de la qualit\u00e9 cutan\u00e9e, densification notable de la peau, r\u00e9duction des ridules, r\u00e9traction tissulaire imm\u00e9diate (effet lifting discret mais r\u00e9el).<br \/>Les lasers ablatifs sont particuli\u00e8rement indiqu\u00e9s dans le traitement des peaux rel\u00e2ch\u00e9es, \u00e9paissies, ternes ou pr\u00e9sentant des signes de photovieillissement marqu\u00e9. Leur action, bien que localis\u00e9e, contribue \u00e0 un effet liftant global par am\u00e9lioration de la tonicit\u00e9 cutan\u00e9e.<\/p>\t\t\t\t\t\t\t\t<\/div>\n\t\t\t\t<\/div>\n\t\t\t\t\t<\/div>\n\t\t\t\t<\/div>\n\t\t<div class=\"elementor-element elementor-element-f5eb0b0 e-flex e-con-boxed e-con e-parent\" data-id=\"f5eb0b0\" data-element_type=\"container\" data-e-type=\"container\" data-settings=\"{&quot;jet_parallax_layout_list&quot;:[]}\">\n\t\t\t\t\t<div class=\"e-con-inner\">\n\t\t\t\t<div class=\"elementor-element elementor-element-58a4306 elementor-widget elementor-widget-text-editor\" data-id=\"58a4306\" data-element_type=\"widget\" data-e-type=\"widget\" data-widget_type=\"text-editor.default\">\n\t\t\t\t<div class=\"elementor-widget-container\">\n\t\t\t\t\t\t\t\t\t<h2>Photorajeunissement laser : densification cutan\u00e9e<\/h2>\t\t\t\t\t\t\t\t<\/div>\n\t\t\t\t<\/div>\n\t\t\t\t<div class=\"elementor-element elementor-element-c81a1ec elementor-widget-divider--view-line elementor-widget elementor-widget-divider\" data-id=\"c81a1ec\" data-element_type=\"widget\" data-e-type=\"widget\" data-widget_type=\"divider.default\">\n\t\t\t\t<div class=\"elementor-widget-container\">\n\t\t\t\t\t\t\t<div class=\"elementor-divider\">\n\t\t\t<span class=\"elementor-divider-separator\">\n\t\t\t\t\t\t<\/span>\n\t\t<\/div>\n\t\t\t\t\t\t<\/div>\n\t\t\t\t<\/div>\n\t\t\t\t<div class=\"elementor-element elementor-element-81cf202 elementor-widget elementor-widget-text-editor\" data-id=\"81cf202\" data-element_type=\"widget\" data-e-type=\"widget\" data-widget_type=\"text-editor.default\">\n\t\t\t\t<div class=\"elementor-widget-container\">\n\t\t\t\t\t\t\t\t\t<p>Le laser de <a href=\"https:\/\/drromanovaleria.ch\/solutions\/lasers\/photorajeunissement\/\">photorajeunissement<\/a> erbium (Er:YAG) agit par photothermolyse s\u00e9lective, c\u2019est-\u00e0-dire qu\u2019il cible l\u2019eau contenue dans les tissus, cr\u00e9ant une micro-ablation pr\u00e9cise et contr\u00f4l\u00e9e, avec une chaleur minimale dans les tissus environnants. Il permet de stimuler la production de collag\u00e8ne sans entra\u00eener une vaporisation de la surface cutan\u00e9e.<br \/>Le photorajeunissement par laser erbium est une m\u00e9thode tr\u00e8s appr\u00e9ci\u00e9e dans le cadre du lifting m\u00e9dical pour sa capacit\u00e9 \u00e0 densifier la peau sans \u00e9viction sociale importante.<br \/>Les principaux b\u00e9n\u00e9fices sont : am\u00e9lioration de l\u2019\u00e9lasticit\u00e9 cutan\u00e9e; stimulation de la synth\u00e8se du derme; raffermissement de la peau rel\u00e2ch\u00e9e, notamment au niveau des joues, du cou et de la ligne mandibulaire; r\u00e9duction des irr\u00e9gularit\u00e9s pigmentaires l\u00e9g\u00e8res.<br \/>Ce laser agit en douceur, mais en profondeur. Il potentialise les r\u00e9sultats des autres traitements en am\u00e9liorant la qualit\u00e9 globale de la peau.<\/p>\t\t\t\t\t\t\t\t<\/div>\n\t\t\t\t<\/div>\n\t\t\t\t\t<\/div>\n\t\t\t\t<\/div>\n\t\t<div class=\"elementor-element elementor-element-aedce7b e-flex e-con-boxed e-con e-parent\" data-id=\"aedce7b\" data-element_type=\"container\" data-e-type=\"container\" data-settings=\"{&quot;jet_parallax_layout_list&quot;:[]}\">\n\t\t\t\t\t<div class=\"e-con-inner\">\n\t\t\t\t<div class=\"elementor-element elementor-element-f40e895 elementor-widget elementor-widget-text-editor\" data-id=\"f40e895\" data-element_type=\"widget\" data-e-type=\"widget\" data-widget_type=\"text-editor.default\">\n\t\t\t\t<div class=\"elementor-widget-container\">\n\t\t\t\t\t\t\t\t\t<h2>Des produits s\u00fbrs, s\u00e9lectionn\u00e9s avec rigueur<\/h2>\t\t\t\t\t\t\t\t<\/div>\n\t\t\t\t<\/div>\n\t\t\t\t<div class=\"elementor-element elementor-element-903ec39 elementor-widget-divider--view-line elementor-widget elementor-widget-divider\" data-id=\"903ec39\" data-element_type=\"widget\" data-e-type=\"widget\" data-widget_type=\"divider.default\">\n\t\t\t\t<div class=\"elementor-widget-container\">\n\t\t\t\t\t\t\t<div class=\"elementor-divider\">\n\t\t\t<span class=\"elementor-divider-separator\">\n\t\t\t\t\t\t<\/span>\n\t\t<\/div>\n\t\t\t\t\t\t<\/div>\n\t\t\t\t<\/div>\n\t\t\t\t<div class=\"elementor-element elementor-element-d1425d6 elementor-widget elementor-widget-text-editor\" data-id=\"d1425d6\" data-element_type=\"widget\" data-e-type=\"widget\" data-widget_type=\"text-editor.default\">\n\t\t\t\t<div class=\"elementor-widget-container\">\n\t\t\t\t\t\t\t\t\t<p>Tous les produits utilis\u00e9s en m\u00e9decine \u00e0 vis\u00e9e esth\u00e9tique doivent r\u00e9pondre \u00e0 des crit\u00e8res stricts : ils doivent \u00eatre marqu\u00e9s CE, st\u00e9riles, r\u00e9sorbables et provenir de laboratoires reconnus pour leur rigueur scientifique et leur conformit\u00e9 aux normes suisses. Chaque traitement repose sur une tra\u00e7abilit\u00e9 compl\u00e8te, une analyse personnalis\u00e9e du profil du patient et un respect scrupuleux des doses ainsi que des indications.<br data-start=\"571\" data-end=\"574\" \/>Avant toute injection, le m\u00e9decin informe le patient du produit choisi, de son mode d\u2019action, des effets attendus et de la dur\u00e9e des r\u00e9sultats. \u00c0 l\u2019issue de chaque s\u00e9ance, une fiche de tra\u00e7abilit\u00e9 est remise, ce qui garantit transparence et s\u00e9curit\u00e9.<\/p>\t\t\t\t\t\t\t\t<\/div>\n\t\t\t\t<\/div>\n\t\t\t\t\t<\/div>\n\t\t\t\t<\/div>\n\t\t<div class=\"elementor-element elementor-element-f40148c e-flex e-con-boxed e-con e-parent\" data-id=\"f40148c\" data-element_type=\"container\" data-e-type=\"container\" data-settings=\"{&quot;jet_parallax_layout_list&quot;:[]}\">\n\t\t\t\t\t<div class=\"e-con-inner\">\n\t\t\t\t<div class=\"elementor-element elementor-element-ce2923d elementor-widget elementor-widget-text-editor\" data-id=\"ce2923d\" data-element_type=\"widget\" data-e-type=\"widget\" data-widget_type=\"text-editor.default\">\n\t\t\t\t<div class=\"elementor-widget-container\">\n\t\t\t\t\t\t\t\t\t<h2>Lifting m\u00e9dical\u00a0: synergie de techniques<\/h2>\t\t\t\t\t\t\t\t<\/div>\n\t\t\t\t<\/div>\n\t\t\t\t<div class=\"elementor-element elementor-element-05bbf07 elementor-widget-divider--view-line elementor-widget elementor-widget-divider\" data-id=\"05bbf07\" data-element_type=\"widget\" data-e-type=\"widget\" data-widget_type=\"divider.default\">\n\t\t\t\t<div class=\"elementor-widget-container\">\n\t\t\t\t\t\t\t<div class=\"elementor-divider\">\n\t\t\t<span class=\"elementor-divider-separator\">\n\t\t\t\t\t\t<\/span>\n\t\t<\/div>\n\t\t\t\t\t\t<\/div>\n\t\t\t\t<\/div>\n\t\t\t\t<div class=\"elementor-element elementor-element-44ae7d1 elementor-widget elementor-widget-text-editor\" data-id=\"44ae7d1\" data-element_type=\"widget\" data-e-type=\"widget\" data-widget_type=\"text-editor.default\">\n\t\t\t\t<div class=\"elementor-widget-container\">\n\t\t\t\t\t\t\t\t\t<p>Le lifting m\u00e9dical du visage ne repose jamais sur une seule technique. Il s\u2019appuie sur une approche globale et personnalis\u00e9e, qui prend en compte l\u2019ensemble des composantes du visage : les volumes, la dynamique musculaire et la qualit\u00e9 de la peau. Chaque plan est analys\u00e9 avec pr\u00e9cision afin d\u2019\u00e9laborer un traitement sur mesure, respectueux de l\u2019harmonie naturelle du visage.<br \/>L\u2019objectif n\u2019est pas de transformer, mais de restaurer ses points de tension naturels, de redonner structure, \u00e9quilibre et fra\u00eecheur. Une s\u00e9ance peut ainsi associer la restauration des volumes profonds par acide hyaluronique, l\u2019ouverture du regard gr\u00e2ce \u00e0 la toxine botulique et un raffermissement cutan\u00e9 obtenu avec un laser erbium ou un CO\u2082 fractionn\u00e9.<br data-start=\"512\" data-end=\"515\" \/>La combinaison de ces techniques cr\u00e9e un v\u00e9ritable effet liftant, subtil et durable. Le r\u00e9sultat est un rajeunissement naturel, sans interruption de la vie sociale.<br \/>La synergie de ces techniques permet d\u2019obtenir un v\u00e9ritable effet lifting, subtil, durable. Le r\u00e9sultat est un rajeunissement naturel et sans \u00e9viction sociale.<\/p>\t\t\t\t\t\t\t\t<\/div>\n\t\t\t\t<\/div>\n\t\t\t\t\t<\/div>\n\t\t\t\t<\/div>\n\t\t<div class=\"elementor-element elementor-element-1b18563 e-flex e-con-boxed e-con e-parent\" data-id=\"1b18563\" data-element_type=\"container\" data-e-type=\"container\" data-settings=\"{&quot;jet_parallax_layout_list&quot;:[]}\">\n\t\t\t\t\t<div class=\"e-con-inner\">\n\t\t<div class=\"elementor-element elementor-element-e397105 e-con-full e-flex e-con e-child\" data-id=\"e397105\" data-element_type=\"container\" data-e-type=\"container\" data-settings=\"{&quot;jet_parallax_layout_list&quot;:[]}\">\n\t\t<div class=\"elementor-element elementor-element-bd15b68 e-con-full e-flex e-con e-child\" data-id=\"bd15b68\" data-element_type=\"container\" data-e-type=\"container\" data-settings=\"{&quot;jet_parallax_layout_list&quot;:[]}\">\n\t\t<div class=\"elementor-element elementor-element-474cb03 e-con-full e-flex e-con e-child\" data-id=\"474cb03\" data-element_type=\"container\" data-e-type=\"container\" data-settings=\"{&quot;jet_parallax_layout_list&quot;:[]}\">\n\t\t<div class=\"elementor-element elementor-element-0deff9e e-con-full e-flex e-con e-child\" data-id=\"0deff9e\" data-element_type=\"container\" data-e-type=\"container\" data-settings=\"{&quot;jet_parallax_layout_list&quot;:[]}\">\n\t\t\t\t<div class=\"elementor-element elementor-element-a7e88bd elementor-widget elementor-widget-image\" data-id=\"a7e88bd\" data-element_type=\"widget\" data-e-type=\"widget\" data-widget_type=\"image.default\">\n\t\t\t\t<div class=\"elementor-widget-container\">\n\t\t\t\t\t\t\t\t\t\t\t\t\t\t\t<img decoding=\"async\" width=\"150\" height=\"150\" src=\"https:\/\/drromanovaleria.ch\/wp-content\/uploads\/2024\/07\/photo-docteur-romano-valeria-150x150.webp\" class=\"attachment-thumbnail size-thumbnail wp-image-13266\" alt=\"Photo docteur Valeria Romano \u00e0 Gen\u00e8ve\" \/>\t\t\t\t\t\t\t\t\t\t\t\t\t\t\t<\/div>\n\t\t\t\t<\/div>\n\t\t\t\t<div class=\"elementor-element elementor-element-534a568 elementor-widget elementor-widget-text-editor\" data-id=\"534a568\" data-element_type=\"widget\" data-e-type=\"widget\" data-widget_type=\"text-editor.default\">\n\t\t\t\t<div class=\"elementor-widget-container\">\n\t\t\t\t\t\t\t\t\t<p>Article r\u00e9dig\u00e9 par le <a href=\"https:\/\/drromanovaleria.ch\/\">Dr Romano Valeria<\/a><\/p>\t\t\t\t\t\t\t\t<\/div>\n\t\t\t\t<\/div>\n\t\t\t\t<\/div>\n\t\t<div class=\"elementor-element elementor-element-7601315 e-con-full e-flex e-con e-child\" data-id=\"7601315\" data-element_type=\"container\" data-e-type=\"container\" data-settings=\"{&quot;jet_parallax_layout_list&quot;:[]}\">\n\t\t\t\t<div class=\"elementor-element elementor-element-b633692 elementor-widget elementor-widget-text-editor\" data-id=\"b633692\" data-element_type=\"widget\" data-e-type=\"widget\" data-widget_type=\"text-editor.default\">\n\t\t\t\t<div class=\"elementor-widget-container\">\n\t\t\t\t\t\t\t\t\t<p>PARTAGER CET ARTICLE SUR<\/p>\t\t\t\t\t\t\t\t<\/div>\n\t\t\t\t<\/div>\n\t\t\t\t<div class=\"elementor-element elementor-element-2350d3c elementor-share-buttons--view-icon-text elementor-share-buttons--skin-gradient elementor-share-buttons--shape-square elementor-grid-0 elementor-share-buttons--color-official elementor-widget elementor-widget-share-buttons\" data-id=\"2350d3c\" data-element_type=\"widget\" data-e-type=\"widget\" data-widget_type=\"share-buttons.default\">\n\t\t\t\t<div class=\"elementor-widget-container\">\n\t\t\t\t\t\t\t<div class=\"elementor-grid\">\n\t\t\t\t\t\t\t\t<div class=\"elementor-grid-item\">\n\t\t\t\t\t\t<div class=\"elementor-share-btn elementor-share-btn_linkedin\" role=\"button\" tabindex=\"0\" aria-label=\"Partager sur linkedin\">\n\t\t\t\t\t\t\t\t\t\t\t\t\t\t\t<span class=\"elementor-share-btn__icon\">\n\t\t\t\t\t\t\t\t<svg aria-hidden=\"true\" class=\"e-font-icon-svg e-fab-linkedin\" viewBox=\"0 0 448 512\" xmlns=\"http:\/\/www.w3.org\/2000\/svg\"><path d=\"M416 32H31.9C14.3 32 0 46.5 0 64.3v383.4C0 465.5 14.3 480 31.9 480H416c17.6 0 32-14.5 32-32.3V64.3c0-17.8-14.4-32.3-32-32.3zM135.4 416H69V202.2h66.5V416zm-33.2-243c-21.3 0-38.5-17.3-38.5-38.5S80.9 96 102.2 96c21.2 0 38.5 17.3 38.5 38.5 0 21.3-17.2 38.5-38.5 38.5zm282.1 243h-66.4V312c0-24.8-.5-56.7-34.5-56.7-34.6 0-39.9 27-39.9 54.9V416h-66.4V202.2h63.7v29.2h.9c8.9-16.8 30.6-34.5 62.9-34.5 67.2 0 79.7 44.3 79.7 101.9V416z\"><\/path><\/svg>\t\t\t\t\t\t\t<\/span>\n\t\t\t\t\t\t\t\t\t\t\t\t\t\t\t\t\t\t\t\t\t\t<div class=\"elementor-share-btn__text\">\n\t\t\t\t\t\t\t\t\t\t\t\t\t\t\t\t\t\t\t<span class=\"elementor-share-btn__title\">\n\t\t\t\t\t\t\t\t\t\tLinkedIn\t\t\t\t\t\t\t\t\t<\/span>\n\t\t\t\t\t\t\t\t\t\t\t\t\t\t\t\t\t<\/div>\n\t\t\t\t\t\t\t\t\t\t\t\t\t<\/div>\n\t\t\t\t\t<\/div>\n\t\t\t\t\t\t<\/div>\n\t\t\t\t\t\t<\/div>\n\t\t\t\t<\/div>\n\t\t\t\t<\/div>\n\t\t\t\t<\/div>\n\t\t\t\t<div class=\"elementor-element elementor-element-41a80ba elementor-align-start elementor-mobile-align-start elementor-icon-list--layout-traditional elementor-list-item-link-full_width elementor-widget elementor-widget-icon-list\" data-id=\"41a80ba\" data-element_type=\"widget\" data-e-type=\"widget\" data-widget_type=\"icon-list.default\">\n\t\t\t\t<div class=\"elementor-widget-container\">\n\t\t\t\t\t\t\t<ul class=\"elementor-icon-list-items\">\n\t\t\t\t\t\t\t<li class=\"elementor-icon-list-item\">\n\t\t\t\t\t\t\t\t\t\t\t<a href=\"mailto:dr.romano.valeria@gmail.com\">\n\n\t\t\t\t\t\t\t\t\t\t\t\t<span class=\"elementor-icon-list-icon\">\n\t\t\t\t\t\t\t<svg aria-hidden=\"true\" class=\"e-font-icon-svg e-fas-envelope\" viewBox=\"0 0 512 512\" xmlns=\"http:\/\/www.w3.org\/2000\/svg\"><path d=\"M502.3 190.8c3.9-3.1 9.7-.2 9.7 4.7V400c0 26.5-21.5 48-48 48H48c-26.5 0-48-21.5-48-48V195.6c0-5 5.7-7.8 9.7-4.7 22.4 17.4 52.1 39.5 154.1 113.6 21.1 15.4 56.7 47.8 92.2 47.6 35.7.3 72-32.8 92.3-47.6 102-74.1 131.6-96.3 154-113.7zM256 320c23.2.4 56.6-29.2 73.4-41.4 132.7-96.3 142.8-104.7 173.4-128.7 5.8-4.5 9.2-11.5 9.2-18.9v-19c0-26.5-21.5-48-48-48H48C21.5 64 0 85.5 0 112v19c0 7.4 3.4 14.3 9.2 18.9 30.6 23.9 40.7 32.4 173.4 128.7 16.8 12.2 50.2 41.8 73.4 41.4z\"><\/path><\/svg>\t\t\t\t\t\t<\/span>\n\t\t\t\t\t\t\t\t\t\t<span class=\"elementor-icon-list-text\">dr.romano.valeria@gmail.com<\/span>\n\t\t\t\t\t\t\t\t\t\t\t<\/a>\n\t\t\t\t\t\t\t\t\t<\/li>\n\t\t\t\t\t\t\t\t<li class=\"elementor-icon-list-item\">\n\t\t\t\t\t\t\t\t\t\t\t<a href=\"tel:+41%2078%20209%2002%2089\">\n\n\t\t\t\t\t\t\t\t\t\t\t\t<span class=\"elementor-icon-list-icon\">\n\t\t\t\t\t\t\t<svg aria-hidden=\"true\" class=\"e-font-icon-svg e-fas-phone-alt\" viewBox=\"0 0 512 512\" xmlns=\"http:\/\/www.w3.org\/2000\/svg\"><path d=\"M497.39 361.8l-112-48a24 24 0 0 0-28 6.9l-49.6 60.6A370.66 370.66 0 0 1 130.6 204.11l60.6-49.6a23.94 23.94 0 0 0 6.9-28l-48-112A24.16 24.16 0 0 0 122.6.61l-104 24A24 24 0 0 0 0 48c0 256.5 207.9 464 464 464a24 24 0 0 0 23.4-18.6l24-104a24.29 24.29 0 0 0-14.01-27.6z\"><\/path><\/svg>\t\t\t\t\t\t<\/span>\n\t\t\t\t\t\t\t\t\t\t<span class=\"elementor-icon-list-text\">+41 78 209 02 89<\/span>\n\t\t\t\t\t\t\t\t\t\t\t<\/a>\n\t\t\t\t\t\t\t\t\t<\/li>\n\t\t\t\t\t\t<\/ul>\n\t\t\t\t\t\t<\/div>\n\t\t\t\t<\/div>\n\t\t\t\t<\/div>\n\t\t\t\t<\/div>\n\t\t\t\t\t<\/div>\n\t\t\t\t<\/div>\n\t\t\t\t<\/div>\n\t\t","protected":false},"featured_media":0,"template":"elementor_header_footer","class_list":["post-28178","infographie","type-infographie","status-publish","hentry"],"yoast_head":"<!-- This site is optimized with the Yoast SEO plugin v27.5 - https:\/\/yoast.com\/product\/yoast-seo-wordpress\/ -->\n<title>Quels produits sont utilis\u00e9s pour un lifting m\u00e9dical du visage ? - Dr Romano<\/title>\n<meta name=\"description\" content=\"Le lifting m\u00e9dical du visage peut faire appel \u00e0 diff\u00e9rents produits : acide hyaluronique, toxine botulique, inducteurs de collag\u00e8ne, laser, radiofr\u00e9quence. D\u00e9couvrez leur r\u00f4le et leurs sp\u00e9cificit\u00e9s.\" \/>\n<meta name=\"robots\" content=\"index, follow, max-snippet:-1, max-image-preview:large, max-video-preview:-1\" \/>\n<link rel=\"canonical\" href=\"https:\/\/drromanovaleria.ch\/it\/infografia\/prodotti-lifting-medico-viso\/\" \/>\n<meta property=\"og:locale\" content=\"it_IT\" \/>\n<meta property=\"og:type\" content=\"article\" \/>\n<meta property=\"og:title\" content=\"Quels produits sont utilis\u00e9s pour un lifting m\u00e9dical du visage ? - Dr Romano\" \/>\n<meta property=\"og:description\" content=\"Le lifting m\u00e9dical du visage peut faire appel \u00e0 diff\u00e9rents produits : acide hyaluronique, toxine botulique, inducteurs de collag\u00e8ne, laser, radiofr\u00e9quence. D\u00e9couvrez leur r\u00f4le et leurs sp\u00e9cificit\u00e9s.\" \/>\n<meta property=\"og:url\" content=\"https:\/\/drromanovaleria.ch\/it\/infografia\/prodotti-lifting-medico-viso\/\" \/>\n<meta property=\"og:site_name\" content=\"Dr Romano\" \/>\n<meta property=\"article:modified_time\" content=\"2025-11-05T07:53:05+00:00\" \/>\n<meta property=\"og:image\" content=\"https:\/\/drromanovaleria.ch\/wp-content\/uploads\/2024\/05\/hydratation-peau.webp\" \/>\n\t<meta property=\"og:image:width\" content=\"300\" \/>\n\t<meta property=\"og:image:height\" content=\"220\" \/>\n\t<meta property=\"og:image:type\" content=\"image\/webp\" \/>\n<meta name=\"twitter:card\" content=\"summary_large_image\" \/>\n<meta name=\"twitter:label1\" content=\"Tempo di lettura stimato\" \/>\n\t<meta name=\"twitter:data1\" content=\"8 minuti\" \/>\n<script type=\"application\/ld+json\" class=\"yoast-schema-graph\">{\"@context\":\"https:\\\/\\\/schema.org\",\"@graph\":[{\"@type\":\"WebPage\",\"@id\":\"https:\\\/\\\/drromanovaleria.ch\\\/infographie\\\/produits-lifting-medical-visage\\\/\",\"url\":\"https:\\\/\\\/drromanovaleria.ch\\\/infographie\\\/produits-lifting-medical-visage\\\/\",\"name\":\"Quels produits sont utilis\u00e9s pour un lifting m\u00e9dical du visage ? - Dr Romano\",\"isPartOf\":{\"@id\":\"https:\\\/\\\/drromanovaleria.ch\\\/#website\"},\"primaryImageOfPage\":{\"@id\":\"https:\\\/\\\/drromanovaleria.ch\\\/infographie\\\/produits-lifting-medical-visage\\\/#primaryimage\"},\"image\":{\"@id\":\"https:\\\/\\\/drromanovaleria.ch\\\/infographie\\\/produits-lifting-medical-visage\\\/#primaryimage\"},\"thumbnailUrl\":\"https:\\\/\\\/drromanovaleria.ch\\\/wp-content\\\/uploads\\\/2024\\\/05\\\/hydratation-peau.webp\",\"datePublished\":\"2025-06-25T10:58:20+00:00\",\"dateModified\":\"2025-11-05T07:53:05+00:00\",\"description\":\"Le lifting m\u00e9dical du visage peut faire appel \u00e0 diff\u00e9rents produits : acide hyaluronique, toxine botulique, inducteurs de collag\u00e8ne, laser, radiofr\u00e9quence. D\u00e9couvrez leur r\u00f4le et leurs sp\u00e9cificit\u00e9s.\",\"breadcrumb\":{\"@id\":\"https:\\\/\\\/drromanovaleria.ch\\\/infographie\\\/produits-lifting-medical-visage\\\/#breadcrumb\"},\"inLanguage\":\"it-IT\",\"potentialAction\":[{\"@type\":\"ReadAction\",\"target\":[\"https:\\\/\\\/drromanovaleria.ch\\\/infographie\\\/produits-lifting-medical-visage\\\/\"]}]},{\"@type\":\"ImageObject\",\"inLanguage\":\"it-IT\",\"@id\":\"https:\\\/\\\/drromanovaleria.ch\\\/infographie\\\/produits-lifting-medical-visage\\\/#primaryimage\",\"url\":\"https:\\\/\\\/drromanovaleria.ch\\\/wp-content\\\/uploads\\\/2024\\\/05\\\/hydratation-peau.webp\",\"contentUrl\":\"https:\\\/\\\/drromanovaleria.ch\\\/wp-content\\\/uploads\\\/2024\\\/05\\\/hydratation-peau.webp\"},{\"@type\":\"BreadcrumbList\",\"@id\":\"https:\\\/\\\/drromanovaleria.ch\\\/infographie\\\/produits-lifting-medical-visage\\\/#breadcrumb\",\"itemListElement\":[{\"@type\":\"ListItem\",\"position\":1,\"name\":\"Accueil\",\"item\":\"https:\\\/\\\/drromanovaleria.ch\\\/\"},{\"@type\":\"ListItem\",\"position\":2,\"name\":\"Infographie\",\"item\":\"https:\\\/\\\/drromanovaleria.ch\\\/infographie\\\/\"},{\"@type\":\"ListItem\",\"position\":3,\"name\":\"Quels produits sont utilis\u00e9s pour un lifting m\u00e9dical du visage ?\"}]},{\"@type\":\"WebSite\",\"@id\":\"https:\\\/\\\/drromanovaleria.ch\\\/#website\",\"url\":\"https:\\\/\\\/drromanovaleria.ch\\\/\",\"name\":\"Dr Romano\",\"description\":\"M\u00e9decine morphologique et anti-\u00e2ge\",\"potentialAction\":[{\"@type\":\"SearchAction\",\"target\":{\"@type\":\"EntryPoint\",\"urlTemplate\":\"https:\\\/\\\/drromanovaleria.ch\\\/?s={search_term_string}\"},\"query-input\":{\"@type\":\"PropertyValueSpecification\",\"valueRequired\":true,\"valueName\":\"search_term_string\"}}],\"inLanguage\":\"it-IT\"}]}<\/script>\n<!-- \/ Yoast SEO plugin. -->","yoast_head_json":{"title":"Quali prodotti vengono utilizzati per un lifting medico del viso ? - Dr Romano","description":"Il lifting medico del viso pu\u00f2 prevedere diversi prodotti : acido ialuronico, tossina botulinica, stimolatori del collagene, laser, radiofrequenza. Scoprite il loro ruolo e le loro specificit\u00e0.","robots":{"index":"index","follow":"follow","max-snippet":"max-snippet:-1","max-image-preview":"max-image-preview:large","max-video-preview":"max-video-preview:-1"},"canonical":"https:\/\/drromanovaleria.ch\/it\/infografia\/prodotti-lifting-medico-viso\/","og_locale":"it_IT","og_type":"article","og_title":"Quels produits sont utilis\u00e9s pour un lifting m\u00e9dical du visage ? - Dr Romano","og_description":"Le lifting m\u00e9dical du visage peut faire appel \u00e0 diff\u00e9rents produits : acide hyaluronique, toxine botulique, inducteurs de collag\u00e8ne, laser, radiofr\u00e9quence. D\u00e9couvrez leur r\u00f4le et leurs sp\u00e9cificit\u00e9s.","og_url":"https:\/\/drromanovaleria.ch\/it\/infografia\/prodotti-lifting-medico-viso\/","og_site_name":"Dr Romano","article_modified_time":"2025-11-05T07:53:05+00:00","og_image":[{"width":300,"height":220,"url":"https:\/\/drromanovaleria.ch\/wp-content\/uploads\/2024\/05\/hydratation-peau.webp","type":"image\/webp"}],"twitter_card":"summary_large_image","twitter_misc":{"Tempo di lettura stimato":"8 minuti"},"schema":{"@context":"https:\/\/schema.org","@graph":[{"@type":"WebPage","@id":"https:\/\/drromanovaleria.ch\/infographie\/produits-lifting-medical-visage\/","url":"https:\/\/drromanovaleria.ch\/infographie\/produits-lifting-medical-visage\/","name":"Quali prodotti vengono utilizzati per un lifting medico del viso ? - Dr Romano","isPartOf":{"@id":"https:\/\/drromanovaleria.ch\/#website"},"primaryImageOfPage":{"@id":"https:\/\/drromanovaleria.ch\/infographie\/produits-lifting-medical-visage\/#primaryimage"},"image":{"@id":"https:\/\/drromanovaleria.ch\/infographie\/produits-lifting-medical-visage\/#primaryimage"},"thumbnailUrl":"https:\/\/drromanovaleria.ch\/wp-content\/uploads\/2024\/05\/hydratation-peau.webp","datePublished":"2025-06-25T10:58:20+00:00","dateModified":"2025-11-05T07:53:05+00:00","description":"Il lifting medico del viso pu\u00f2 prevedere diversi prodotti : acido ialuronico, tossina botulinica, stimolatori del collagene, laser, radiofrequenza. Scoprite il loro ruolo e le loro specificit\u00e0.","breadcrumb":{"@id":"https:\/\/drromanovaleria.ch\/infographie\/produits-lifting-medical-visage\/#breadcrumb"},"inLanguage":"it-IT","potentialAction":[{"@type":"ReadAction","target":["https:\/\/drromanovaleria.ch\/infographie\/produits-lifting-medical-visage\/"]}]},{"@type":"ImageObject","inLanguage":"it-IT","@id":"https:\/\/drromanovaleria.ch\/infographie\/produits-lifting-medical-visage\/#primaryimage","url":"https:\/\/drromanovaleria.ch\/wp-content\/uploads\/2024\/05\/hydratation-peau.webp","contentUrl":"https:\/\/drromanovaleria.ch\/wp-content\/uploads\/2024\/05\/hydratation-peau.webp"},{"@type":"BreadcrumbList","@id":"https:\/\/drromanovaleria.ch\/infographie\/produits-lifting-medical-visage\/#breadcrumb","itemListElement":[{"@type":"ListItem","position":1,"name":"Accueil","item":"https:\/\/drromanovaleria.ch\/"},{"@type":"ListItem","position":2,"name":"Infographie","item":"https:\/\/drromanovaleria.ch\/infographie\/"},{"@type":"ListItem","position":3,"name":"Quels produits sont utilis\u00e9s pour un lifting m\u00e9dical du visage ?"}]},{"@type":"WebSite","@id":"https:\/\/drromanovaleria.ch\/#website","url":"https:\/\/drromanovaleria.ch\/","name":"Dott. Romano","description":"Medicina morfologica e anti-invecchiamento","potentialAction":[{"@type":"SearchAction","target":{"@type":"EntryPoint","urlTemplate":"https:\/\/drromanovaleria.ch\/?s={search_term_string}"},"query-input":{"@type":"PropertyValueSpecification","valueRequired":true,"valueName":"search_term_string"}}],"inLanguage":"it-IT"}]}},"_links":{"self":[{"href":"https:\/\/drromanovaleria.ch\/it\/wp-json\/wp\/v2\/infographie\/28178","targetHints":{"allow":["GET"]}}],"collection":[{"href":"https:\/\/drromanovaleria.ch\/it\/wp-json\/wp\/v2\/infographie"}],"about":[{"href":"https:\/\/drromanovaleria.ch\/it\/wp-json\/wp\/v2\/types\/infographie"}],"version-history":[{"count":5,"href":"https:\/\/drromanovaleria.ch\/it\/wp-json\/wp\/v2\/infographie\/28178\/revisions"}],"predecessor-version":[{"id":42448,"href":"https:\/\/drromanovaleria.ch\/it\/wp-json\/wp\/v2\/infographie\/28178\/revisions\/42448"}],"wp:attachment":[{"href":"https:\/\/drromanovaleria.ch\/it\/wp-json\/wp\/v2\/media?parent=28178"}],"curies":[{"name":"wp","href":"https:\/\/api.w.org\/{rel}","templated":true}]}}