{"id":28044,"date":"2025-06-19T17:52:03","date_gmt":"2025-06-19T15:52:03","guid":{"rendered":"https:\/\/drromanovaleria.ch\/?post_type=infographie&#038;p=28044"},"modified":"2025-10-15T10:54:35","modified_gmt":"2025-10-15T08:54:35","slug":"trattamenti-estetici-viso-senza-iniezioni","status":"publish","type":"infographie","link":"https:\/\/drromanovaleria.ch\/it\/infographie\/traitements-esthetiques-visage-sans-injections\/","title":{"rendered":"Quels sont les traitements esth\u00e9tiques du visage sans injections ?"},"content":{"rendered":"\t\t<div data-elementor-type=\"wp-post\" data-elementor-id=\"28044\" class=\"elementor elementor-28044\" data-elementor-post-type=\"infographie\">\n\t\t\t\t<div class=\"elementor-element elementor-element-d8fdd79 e-flex e-con-boxed e-con e-parent\" data-id=\"d8fdd79\" data-element_type=\"container\" data-e-type=\"container\" data-settings=\"{&quot;background_background&quot;:&quot;classic&quot;,&quot;jet_parallax_layout_list&quot;:[]}\">\n\t\t\t\t\t<div class=\"e-con-inner\">\n\t\t<div class=\"elementor-element elementor-element-d178dd3 e-con-full e-flex e-con e-child\" data-id=\"d178dd3\" data-element_type=\"container\" data-e-type=\"container\" data-settings=\"{&quot;background_background&quot;:&quot;classic&quot;,&quot;jet_parallax_layout_list&quot;:[]}\">\n\t\t\t\t<div class=\"elementor-element elementor-element-20c12c5 elementor-widget__width-initial elementor-widget elementor-widget-heading\" data-id=\"20c12c5\" data-element_type=\"widget\" data-e-type=\"widget\" data-widget_type=\"heading.default\">\n\t\t\t\t<div class=\"elementor-widget-container\">\n\t\t\t\t\t<h1 class=\"elementor-heading-title elementor-size-default\">QUELS SONT LES TRAITEMENTS ESTH\u00c9TIQUES DU VISAGE SANS INJECTIONS ?<\/h1>\t\t\t\t<\/div>\n\t\t\t\t<\/div>\n\t\t\t\t<div class=\"elementor-element elementor-element-c0cc306 elementor-align-center elementor-widget elementor-widget-breadcrumbs\" data-id=\"c0cc306\" data-element_type=\"widget\" data-e-type=\"widget\" data-widget_type=\"breadcrumbs.default\">\n\t\t\t\t<div class=\"elementor-widget-container\">\n\t\t\t\t\t<p id=\"breadcrumbs\"><span><span><a href=\"https:\/\/drromanovaleria.ch\/\">Accueil<\/a><\/span><\/span><\/p>\t\t\t\t<\/div>\n\t\t\t\t<\/div>\n\t\t\t\t<\/div>\n\t\t\t\t\t<\/div>\n\t\t\t\t<\/div>\n\t\t<div class=\"elementor-element elementor-element-fa2887d e-flex e-con-boxed e-con e-parent\" data-id=\"fa2887d\" data-element_type=\"container\" data-e-type=\"container\" data-settings=\"{&quot;jet_parallax_layout_list&quot;:[]}\">\n\t\t\t\t\t<div class=\"e-con-inner\">\n\t\t<div class=\"elementor-element elementor-element-383f9e2 e-flex e-con-boxed e-con e-child\" data-id=\"383f9e2\" data-element_type=\"container\" data-e-type=\"container\" data-settings=\"{&quot;jet_parallax_layout_list&quot;:[]}\">\n\t\t\t\t\t<div class=\"e-con-inner\">\n\t\t<div class=\"elementor-element elementor-element-492e851 e-con-full e-flex e-con e-child\" data-id=\"492e851\" data-element_type=\"container\" data-e-type=\"container\" data-settings=\"{&quot;background_background&quot;:&quot;classic&quot;,&quot;jet_parallax_layout_list&quot;:[]}\">\n\t\t\t\t<div class=\"elementor-element elementor-element-484b187 elementor-widget elementor-widget-text-editor\" data-id=\"484b187\" data-element_type=\"widget\" data-e-type=\"widget\" data-widget_type=\"text-editor.default\">\n\t\t\t\t<div class=\"elementor-widget-container\">\n\t\t\t\t\t\t\t\t\t<h2>M\u00e9decine \u00e0 vis\u00e9e esth\u00e9tique du visage \u00e0 Gen\u00e8ve<\/h2>\t\t\t\t\t\t\t\t<\/div>\n\t\t\t\t<\/div>\n\t\t\t\t<div class=\"elementor-element elementor-element-fdff49f elementor-widget elementor-widget-text-editor\" data-id=\"fdff49f\" data-element_type=\"widget\" data-e-type=\"widget\" data-widget_type=\"text-editor.default\">\n\t\t\t\t<div class=\"elementor-widget-container\">\n\t\t\t\t\t\t\t\t\t<p>Lorsqu\u2019on parle de m\u00e9decine \u00e0 vis\u00e9e esth\u00e9tique du <a href=\"https:\/\/drromanovaleria.ch\/besoins\/visage\/\">visage<\/a>, les premi\u00e8res images qui viennent \u00e0 l\u2019esprit sont souvent celles des seringues d\u2019<a href=\"https:\/\/drromanovaleria.ch\/solutions\/injections\/acide-hayluronique\/\">acide hyaluronique<\/a> ou de <a href=\"https:\/\/drromanovaleria.ch\/solutions\/injections\/botox\/\">toxine botulique<\/a>. Pourtant, un grand nombre de patient(e)s recherchent aujourd\u2019hui des alternatives efficaces, durables et surtout sans injections. Qu\u2019il s\u2019agisse d\u2019appr\u00e9hensions li\u00e9es aux aiguilles, de pr\u00e9f\u00e9rence personnelle ou de contre-indications m\u00e9dicales, de nombreuses personnes souhaitent am\u00e9liorer l\u2019aspect de leur <a href=\"https:\/\/drromanovaleria.ch\/besoins\/peau-et-cheveux\/\">peau<\/a> et att\u00e9nuer les signes du vieillissement sans avoir recours \u00e0 des produits injectables.<br \/>La m\u00e9decine \u00e0 vis\u00e9e esth\u00e9tique a su s\u2019adapter \u00e0 cette demande en d\u00e9veloppant une palette de traitements innovants, non invasifs ou peu invasifs, qui permettent de raffermir la peau, lisser les <a href=\"https:\/\/drromanovaleria.ch\/besoins\/rides\/\">rides<\/a>, am\u00e9liorer l\u2019\u00e9clat du teint ou encore traiter les taches et les irr\u00e9gularit\u00e9s. Ces techniques, fond\u00e9es sur des principes de stimulation cutan\u00e9e, de r\u00e9g\u00e9n\u00e9ration cellulaire ou de phototh\u00e9rapie, offrent des r\u00e9sultats progressifs mais visibles, sans modification structurelle ni traumatisme tissulaire.<br \/>Dans ce contexte, quels sont les traitements esth\u00e9tiques du visage efficaces sans <a href=\"https:\/\/drromanovaleria.ch\/solutions\/injections\/\">injections<\/a> ? \u00c0 qui s\u2019adressent-ils, et quels r\u00e9sultats peut-on raisonnablement en attendre ?<\/p>\t\t\t\t\t\t\t\t<\/div>\n\t\t\t\t<\/div>\n\t\t\t\t<\/div>\n\t\t\t\t\t<\/div>\n\t\t\t\t<\/div>\n\t\t<div class=\"elementor-element elementor-element-b760160 e-flex e-con-boxed e-con e-child\" data-id=\"b760160\" data-element_type=\"container\" data-e-type=\"container\" data-settings=\"{&quot;jet_parallax_layout_list&quot;:[]}\">\n\t\t\t\t\t<div class=\"e-con-inner\">\n\t\t\t\t<div class=\"elementor-element elementor-element-119c56b elementor-widget elementor-widget-image\" data-id=\"119c56b\" data-element_type=\"widget\" data-e-type=\"widget\" data-widget_type=\"image.default\">\n\t\t\t\t<div class=\"elementor-widget-container\">\n\t\t\t\t\t\t\t\t\t\t\t\t\t\t\t<img fetchpriority=\"high\" decoding=\"async\" width=\"300\" height=\"220\" src=\"https:\/\/drromanovaleria.ch\/wp-content\/uploads\/2024\/05\/hydratation-peau.webp\" class=\"attachment-medium size-medium wp-image-4852\" alt=\"image peau jeune hydrat\u00e9e\" srcset=\"https:\/\/drromanovaleria.ch\/wp-content\/uploads\/2024\/05\/hydratation-peau.webp 300w, https:\/\/drromanovaleria.ch\/wp-content\/uploads\/2024\/05\/hydratation-peau-16x12.webp 16w\" sizes=\"(max-width: 300px) 100vw, 300px\" \/>\t\t\t\t\t\t\t\t\t\t\t\t\t\t\t<\/div>\n\t\t\t\t<\/div>\n\t\t\t\t<div class=\"elementor-element elementor-element-b0b8da2 elementor-align-center elementor-widget elementor-widget-button\" data-id=\"b0b8da2\" data-element_type=\"widget\" data-e-type=\"widget\" data-widget_type=\"button.default\">\n\t\t\t\t<div class=\"elementor-widget-container\">\n\t\t\t\t\t\t\t\t\t<div class=\"elementor-button-wrapper\">\n\t\t\t\t\t<a class=\"elementor-button elementor-button-link elementor-size-sm\" href=\"https:\/\/drromanovaleria.ch\/contactez-le-dr-romano\/\">\n\t\t\t\t\t\t<span class=\"elementor-button-content-wrapper\">\n\t\t\t\t\t\t\t\t\t<span class=\"elementor-button-text\">Prendre rendez-vous<\/span>\n\t\t\t\t\t<\/span>\n\t\t\t\t\t<\/a>\n\t\t\t\t<\/div>\n\t\t\t\t\t\t\t\t<\/div>\n\t\t\t\t<\/div>\n\t\t\t\t\t<\/div>\n\t\t\t\t<\/div>\n\t\t\t\t\t<\/div>\n\t\t\t\t<\/div>\n\t\t<div class=\"elementor-element elementor-element-4e197d2 e-flex e-con-boxed e-con e-parent\" data-id=\"4e197d2\" data-element_type=\"container\" data-e-type=\"container\" data-settings=\"{&quot;jet_parallax_layout_list&quot;:[]}\">\n\t\t\t\t\t<div class=\"e-con-inner\">\n\t\t\t\t<div class=\"elementor-element elementor-element-489e00d elementor-toc--content-ellipsis elementor-toc--minimized-on-desktop elementor-widget elementor-widget-table-of-contents\" data-id=\"489e00d\" data-element_type=\"widget\" data-e-type=\"widget\" data-settings=\"{&quot;exclude_headings_by_selector&quot;:[],&quot;minimized_on&quot;:&quot;desktop&quot;,&quot;no_headings_message&quot;:&quot;Aucun titre n\\u2019a \\u00e9t\\u00e9 trouv\\u00e9 sur cette page.&quot;,&quot;headings_by_tags&quot;:[&quot;h2&quot;,&quot;h3&quot;,&quot;h4&quot;,&quot;h5&quot;,&quot;h6&quot;],&quot;marker_view&quot;:&quot;numbers&quot;,&quot;minimize_box&quot;:&quot;yes&quot;,&quot;hierarchical_view&quot;:&quot;yes&quot;,&quot;min_height&quot;:{&quot;unit&quot;:&quot;px&quot;,&quot;size&quot;:&quot;&quot;,&quot;sizes&quot;:[]},&quot;min_height_tablet&quot;:{&quot;unit&quot;:&quot;px&quot;,&quot;size&quot;:&quot;&quot;,&quot;sizes&quot;:[]},&quot;min_height_mobile&quot;:{&quot;unit&quot;:&quot;px&quot;,&quot;size&quot;:&quot;&quot;,&quot;sizes&quot;:[]}}\" data-widget_type=\"table-of-contents.default\">\n\t\t\t\t<div class=\"elementor-widget-container\">\n\t\t\t\t\t\t\t\t\t<div class=\"elementor-toc__header\">\n\t\t\t\t\t\t<h2 class=\"elementor-toc__header-title\">\n\t\t\t\tSommaire\t\t\t<\/h2>\n\t\t\t\t\t\t\t\t\t\t<div class=\"elementor-toc__toggle-button elementor-toc__toggle-button--expand\" role=\"button\" tabindex=\"0\" aria-controls=\"elementor-toc__489e00d\" aria-expanded=\"true\" aria-label=\"Aprire l&#039;indice dei contenuti\"><svg aria-hidden=\"true\" class=\"e-font-icon-svg e-fas-chevron-down\" viewBox=\"0 0 448 512\" xmlns=\"http:\/\/www.w3.org\/2000\/svg\"><path d=\"M207.029 381.476L12.686 187.132c-9.373-9.373-9.373-24.569 0-33.941l22.667-22.667c9.357-9.357 24.522-9.375 33.901-.04L224 284.505l154.745-154.021c9.379-9.335 24.544-9.317 33.901.04l22.667 22.667c9.373 9.373 9.373 24.569 0 33.941L240.971 381.476c-9.373 9.372-24.569 9.372-33.942 0z\"><\/path><\/svg><\/div>\n\t\t\t\t<div class=\"elementor-toc__toggle-button elementor-toc__toggle-button--collapse\" role=\"button\" tabindex=\"0\" aria-controls=\"elementor-toc__489e00d\" aria-expanded=\"true\" aria-label=\"Chiudere l&#039;indice\"><svg aria-hidden=\"true\" class=\"e-font-icon-svg e-fas-chevron-up\" viewBox=\"0 0 448 512\" xmlns=\"http:\/\/www.w3.org\/2000\/svg\"><path d=\"M240.971 130.524l194.343 194.343c9.373 9.373 9.373 24.569 0 33.941l-22.667 22.667c-9.357 9.357-24.522 9.375-33.901.04L224 227.495 69.255 381.516c-9.379 9.335-24.544 9.317-33.901-.04l-22.667-22.667c-9.373-9.373-9.373-24.569 0-33.941L207.03 130.525c9.372-9.373 24.568-9.373 33.941-.001z\"><\/path><\/svg><\/div>\n\t\t\t\t\t<\/div>\n\t\t\t\t<div id=\"elementor-toc__489e00d\" class=\"elementor-toc__body\">\n\t\t\t<div class=\"elementor-toc__spinner-container\">\n\t\t\t\t<svg class=\"elementor-toc__spinner eicon-animation-spin e-font-icon-svg e-eicon-loading\" aria-hidden=\"true\" viewBox=\"0 0 1000 1000\" xmlns=\"http:\/\/www.w3.org\/2000\/svg\"><path d=\"M500 975V858C696 858 858 696 858 500S696 142 500 142 142 304 142 500H25C25 237 238 25 500 25S975 237 975 500 763 975 500 975Z\"><\/path><\/svg>\t\t\t<\/div>\n\t\t<\/div>\n\t\t\t\t\t\t<\/div>\n\t\t\t\t<\/div>\n\t\t\t\t\t<\/div>\n\t\t\t\t<\/div>\n\t\t<div class=\"elementor-element elementor-element-56bd2f5 e-flex e-con-boxed e-con e-parent\" data-id=\"56bd2f5\" data-element_type=\"container\" data-e-type=\"container\" data-settings=\"{&quot;jet_parallax_layout_list&quot;:[]}\">\n\t\t\t\t\t<div class=\"e-con-inner\">\n\t\t\t\t<div class=\"elementor-element elementor-element-132a83e elementor-widget elementor-widget-text-editor\" data-id=\"132a83e\" data-element_type=\"widget\" data-e-type=\"widget\" data-widget_type=\"text-editor.default\">\n\t\t\t\t<div class=\"elementor-widget-container\">\n\t\t\t\t\t\t\t\t\t<h2>Le peeling m\u00e9dical du visage : exfolier pour r\u00e9g\u00e9n\u00e9rer<\/h2>\t\t\t\t\t\t\t\t<\/div>\n\t\t\t\t<\/div>\n\t\t\t\t<div class=\"elementor-element elementor-element-41f00c0 elementor-widget-divider--view-line elementor-widget elementor-widget-divider\" data-id=\"41f00c0\" data-element_type=\"widget\" data-e-type=\"widget\" data-widget_type=\"divider.default\">\n\t\t\t\t<div class=\"elementor-widget-container\">\n\t\t\t\t\t\t\t<div class=\"elementor-divider\">\n\t\t\t<span class=\"elementor-divider-separator\">\n\t\t\t\t\t\t<\/span>\n\t\t<\/div>\n\t\t\t\t\t\t<\/div>\n\t\t\t\t<\/div>\n\t\t\t\t<div class=\"elementor-element elementor-element-7429ae4 elementor-widget elementor-widget-text-editor\" data-id=\"7429ae4\" data-element_type=\"widget\" data-e-type=\"widget\" data-widget_type=\"text-editor.default\">\n\t\t\t\t<div class=\"elementor-widget-container\">\n\t\t\t\t\t\t\t\t\t<p>Le <a href=\"https:\/\/drromanovaleria.ch\/solutions\/peeling\/\">peeling<\/a> est l\u2019un des traitements historiques en m\u00e9decine \u00e0 vis\u00e9e esth\u00e9tique du visage, dont l\u2019efficacit\u00e9 repose sur un principe simple : provoquer une desquamation contr\u00f4l\u00e9e de l\u2019\u00e9piderme afin de stimuler le renouvellement cellulaire et am\u00e9liorer l\u2019aspect de la peau. Il consiste \u00e0 appliquer une solution chimique (acide glycolique, salicylique, trichlorac\u00e9tique\u2026) sur la surface cutan\u00e9e afin d\u2019\u00e9liminer les cellules mortes, r\u00e9duire les irr\u00e9gularit\u00e9s et r\u00e9activer la production de collag\u00e8ne.<br \/>Selon sa profondeur (superficiel, moyen ou profond), le peeling permet de restaurer l\u2019\u00e9clat du teint, estomper les ridules, traiter certaines taches pigmentaires, lisser le grain de peau.<br \/>Le traitement est rapide, sans injection, et peut \u00eatre adapt\u00e9 \u00e0 tous les phototypes sous r\u00e9serve d\u2019une bonne indication. Plusieurs s\u00e9ances sont g\u00e9n\u00e9ralement n\u00e9cessaires pour un r\u00e9sultat optimal, mais l\u2019effet obtenu est r\u00e9el et cumul\u00e9 dans le temps, surtout lorsque le traitement est int\u00e9gr\u00e9 \u00e0 une routine de soins globale.<\/p>\t\t\t\t\t\t\t\t<\/div>\n\t\t\t\t<\/div>\n\t\t\t\t\t<\/div>\n\t\t\t\t<\/div>\n\t\t<div class=\"elementor-element elementor-element-638f20a e-flex e-con-boxed e-con e-parent\" data-id=\"638f20a\" data-element_type=\"container\" data-e-type=\"container\" data-settings=\"{&quot;jet_parallax_layout_list&quot;:[]}\">\n\t\t\t\t\t<div class=\"e-con-inner\">\n\t\t\t\t<div class=\"elementor-element elementor-element-33c1642 elementor-widget elementor-widget-text-editor\" data-id=\"33c1642\" data-element_type=\"widget\" data-e-type=\"widget\" data-widget_type=\"text-editor.default\">\n\t\t\t\t<div class=\"elementor-widget-container\">\n\t\t\t\t\t\t\t\t\t<h2>Le laser m\u00e9dical du visage<\/h2>\t\t\t\t\t\t\t\t<\/div>\n\t\t\t\t<\/div>\n\t\t\t\t<div class=\"elementor-element elementor-element-1f58689 elementor-widget-divider--view-line elementor-widget elementor-widget-divider\" data-id=\"1f58689\" data-element_type=\"widget\" data-e-type=\"widget\" data-widget_type=\"divider.default\">\n\t\t\t\t<div class=\"elementor-widget-container\">\n\t\t\t\t\t\t\t<div class=\"elementor-divider\">\n\t\t\t<span class=\"elementor-divider-separator\">\n\t\t\t\t\t\t<\/span>\n\t\t<\/div>\n\t\t\t\t\t\t<\/div>\n\t\t\t\t<\/div>\n\t\t\t\t<div class=\"elementor-element elementor-element-a267911 elementor-widget elementor-widget-text-editor\" data-id=\"a267911\" data-element_type=\"widget\" data-e-type=\"widget\" data-widget_type=\"text-editor.default\">\n\t\t\t\t<div class=\"elementor-widget-container\">\n\t\t\t\t\t\t\t\t\t<p>Les dispositifs \u00e0 base de lumi\u00e8re \u2014<a href=\"https:\/\/drromanovaleria.ch\/solutions\/lasers\/\"> lasers<\/a> m\u00e9dicaux\u00a0 \u2014 constituent aujourd\u2019hui l\u2019un des piliers de la m\u00e9decine \u00e0 vis\u00e9e esth\u00e9tique non invasive. Ils permettent de cibler des alt\u00e9rations sp\u00e9cifiques de la peau sans atteinte des tissus environnants, gr\u00e2ce \u00e0 une technologie de haute pr\u00e9cision.<br \/>Le <a href=\"https:\/\/drromanovaleria.ch\/solutions\/lasers\/laser-co2-fraxel\/\">laser ablatif<\/a> et le laser de <a href=\"https:\/\/drromanovaleria.ch\/solutions\/lasers\/photorajeunissement\/\">photorajeunissement<\/a>, par exemple, agissent en stimulant les couches profondes du derme, ce qui permet de traiter les ridules, les <a href=\"https:\/\/drromanovaleria.ch\/besoins\/peau-et-cheveux\/cicatrices\/\">cicatrices<\/a>, le rel\u00e2chement cutan\u00e9 et les pores dilat\u00e9s. La lumi\u00e8re puls\u00e9e, quant \u00e0 elle, est particuli\u00e8rement efficace contre les taches pigmentaires, les rougeurs diffuses (rosac\u00e9e, couperose) et le teint irr\u00e9gulier.<br \/>Ces traitements sont r\u00e9alis\u00e9s en cabinet, sans injection ni anesth\u00e9sie g\u00e9n\u00e9rale. Une l\u00e9g\u00e8re sensation de chaleur peut \u00eatre ressentie, mais la reprise des activit\u00e9s est g\u00e9n\u00e9ralement imm\u00e9diate. Les r\u00e9sultats s\u2019am\u00e9liorent au fil des s\u00e9ances, et un entretien annuel est souvent conseill\u00e9 pour prolonger les b\u00e9n\u00e9fices obtenus.<\/p>\t\t\t\t\t\t\t\t<\/div>\n\t\t\t\t<\/div>\n\t\t\t\t\t<\/div>\n\t\t\t\t<\/div>\n\t\t<div class=\"elementor-element elementor-element-c5ce045 e-flex e-con-boxed e-con e-parent\" data-id=\"c5ce045\" data-element_type=\"container\" data-e-type=\"container\" data-settings=\"{&quot;jet_parallax_layout_list&quot;:[]}\">\n\t\t\t\t\t<div class=\"e-con-inner\">\n\t\t\t\t<div class=\"elementor-element elementor-element-44c2c19 elementor-widget elementor-widget-text-editor\" data-id=\"44c2c19\" data-element_type=\"widget\" data-e-type=\"widget\" data-widget_type=\"text-editor.default\">\n\t\t\t\t<div class=\"elementor-widget-container\">\n\t\t\t\t\t\t\t\t\t<h2>La radiofr\u00e9quence m\u00e9dicale : stimuler la peau<\/h2>\t\t\t\t\t\t\t\t<\/div>\n\t\t\t\t<\/div>\n\t\t\t\t<div class=\"elementor-element elementor-element-cc57e89 elementor-widget-divider--view-line elementor-widget elementor-widget-divider\" data-id=\"cc57e89\" data-element_type=\"widget\" data-e-type=\"widget\" data-widget_type=\"divider.default\">\n\t\t\t\t<div class=\"elementor-widget-container\">\n\t\t\t\t\t\t\t<div class=\"elementor-divider\">\n\t\t\t<span class=\"elementor-divider-separator\">\n\t\t\t\t\t\t<\/span>\n\t\t<\/div>\n\t\t\t\t\t\t<\/div>\n\t\t\t\t<\/div>\n\t\t\t\t<div class=\"elementor-element elementor-element-00df751 elementor-widget elementor-widget-text-editor\" data-id=\"00df751\" data-element_type=\"widget\" data-e-type=\"widget\" data-widget_type=\"text-editor.default\">\n\t\t\t\t<div class=\"elementor-widget-container\">\n\t\t\t\t\t\t\t\t\t<p>La <a href=\"https:\/\/drromanovaleria.ch\/solutions\/lasers\/radiofrequence\/\">radiofr\u00e9quence<\/a> est une technologie de stimulation thermique qui utilise des ondes \u00e9lectromagn\u00e9tiques pour chauffer les couches profondes de la peau. Ce chauffage contr\u00f4l\u00e9 induit une contraction imm\u00e9diate des fibres de collag\u00e8ne existantes, tout en stimulant la production de nouvelles fibres. Le r\u00e9sultat est une peau plus ferme, plus dense, et visiblement retendue.<br \/>Elle est particuli\u00e8rement indiqu\u00e9e dans le traitement du rel\u00e2chement cutan\u00e9 l\u00e9ger \u00e0 mod\u00e9r\u00e9, notamment au niveau de l\u2019ovale du visage, des joues et du <a href=\"https:\/\/drromanovaleria.ch\/besoins\/cou\/\">cou<\/a>. Non invasive et indolore, la radiofr\u00e9quence peut \u00eatre propos\u00e9e d\u00e8s les premiers signes de perte de tonicit\u00e9, en pr\u00e9vention ou en entretien.<br \/>Les s\u00e9ances sont espac\u00e9es de quelques semaines, et les r\u00e9sultats s\u2019installent progressivement, avec un effet de rajeunissement visible d\u00e8s les premi\u00e8res sessions. Le traitement peut \u00eatre r\u00e9alis\u00e9 \u00e0 tout \u00e2ge.<\/p>\t\t\t\t\t\t\t\t<\/div>\n\t\t\t\t<\/div>\n\t\t\t\t\t<\/div>\n\t\t\t\t<\/div>\n\t\t<div class=\"elementor-element elementor-element-6821e41 e-flex e-con-boxed e-con e-parent\" data-id=\"6821e41\" data-element_type=\"container\" data-e-type=\"container\" data-settings=\"{&quot;jet_parallax_layout_list&quot;:[]}\">\n\t\t\t\t\t<div class=\"e-con-inner\">\n\t\t\t\t<div class=\"elementor-element elementor-element-47e32a9 elementor-widget elementor-widget-text-editor\" data-id=\"47e32a9\" data-element_type=\"widget\" data-e-type=\"widget\" data-widget_type=\"text-editor.default\">\n\t\t\t\t<div class=\"elementor-widget-container\">\n\t\t\t\t\t\t\t\t\t<h2>Des r\u00e9sultats r\u00e9els, progressifs et durables sans aiguille<\/h2>\t\t\t\t\t\t\t\t<\/div>\n\t\t\t\t<\/div>\n\t\t\t\t<div class=\"elementor-element elementor-element-1886086 elementor-widget-divider--view-line elementor-widget elementor-widget-divider\" data-id=\"1886086\" data-element_type=\"widget\" data-e-type=\"widget\" data-widget_type=\"divider.default\">\n\t\t\t\t<div class=\"elementor-widget-container\">\n\t\t\t\t\t\t\t<div class=\"elementor-divider\">\n\t\t\t<span class=\"elementor-divider-separator\">\n\t\t\t\t\t\t<\/span>\n\t\t<\/div>\n\t\t\t\t\t\t<\/div>\n\t\t\t\t<\/div>\n\t\t\t\t<div class=\"elementor-element elementor-element-a8c055e elementor-widget elementor-widget-text-editor\" data-id=\"a8c055e\" data-element_type=\"widget\" data-e-type=\"widget\" data-widget_type=\"text-editor.default\">\n\t\t\t\t<div class=\"elementor-widget-container\">\n\t\t\t\t\t\t\t\t\t<p>L\u2019efficacit\u00e9 des traitements esth\u00e9tiques du visage sans injections repose sur des principes biologiques bien document\u00e9s : stimulation de la synth\u00e8se du collag\u00e8ne, activation cellulaire, exfoliation, renouvellement \u00e9pidermique.<br \/>S\u2019ils ne remplacent pas les injections dans toutes les indications \u2014 notamment la correction de volume ou la relaxation musculaire \u2014, ils permettent n\u00e9anmoins d\u2019am\u00e9liorer la qualit\u00e9 de peau de fa\u00e7on significative, de traiter les signes pr\u00e9coces du vieillissement, d\u2019unifier le teint, de lisser les irr\u00e9gularit\u00e9s et d&#8217;am\u00e9liorer la fermet\u00e9 cutan\u00e9e.<br \/>Leur avantage r\u00e9side aussi dans leur profil de tol\u00e9rance \u00e9lev\u00e9, leur absence d\u2019effets secondaires majeurs, et leur adaptation \u00e0 tous les types de peau, y compris les plus sensibles. En outre, ces traitements peuvent \u00eatre combin\u00e9s entre eux dans une approche synergique, afin d\u2019optimiser les r\u00e9sultats.<\/p>\t\t\t\t\t\t\t\t<\/div>\n\t\t\t\t<\/div>\n\t\t\t\t\t<\/div>\n\t\t\t\t<\/div>\n\t\t<div class=\"elementor-element elementor-element-6e729c5 e-flex e-con-boxed e-con e-parent\" data-id=\"6e729c5\" data-element_type=\"container\" data-e-type=\"container\" data-settings=\"{&quot;jet_parallax_layout_list&quot;:[]}\">\n\t\t\t\t\t<div class=\"e-con-inner\">\n\t\t\t\t<div class=\"elementor-element elementor-element-c16e2e8 elementor-widget elementor-widget-text-editor\" data-id=\"c16e2e8\" data-element_type=\"widget\" data-e-type=\"widget\" data-widget_type=\"text-editor.default\">\n\t\t\t\t<div class=\"elementor-widget-container\">\n\t\t\t\t\t\t\t\t\t<h2>Que peut-on attendre d\u2019un traitement sans injection par rapport \u00e0 un traitement injectable ?<\/h2>\t\t\t\t\t\t\t\t<\/div>\n\t\t\t\t<\/div>\n\t\t\t\t<div class=\"elementor-element elementor-element-57f263f elementor-widget-divider--view-line elementor-widget elementor-widget-divider\" data-id=\"57f263f\" data-element_type=\"widget\" data-e-type=\"widget\" data-widget_type=\"divider.default\">\n\t\t\t\t<div class=\"elementor-widget-container\">\n\t\t\t\t\t\t\t<div class=\"elementor-divider\">\n\t\t\t<span class=\"elementor-divider-separator\">\n\t\t\t\t\t\t<\/span>\n\t\t<\/div>\n\t\t\t\t\t\t<\/div>\n\t\t\t\t<\/div>\n\t\t\t\t<div class=\"elementor-element elementor-element-d625d08 elementor-widget elementor-widget-text-editor\" data-id=\"d625d08\" data-element_type=\"widget\" data-e-type=\"widget\" data-widget_type=\"text-editor.default\">\n\t\t\t\t<div class=\"elementor-widget-container\">\n\t\t\t\t\t\t\t\t\t<p>Avant d\u2019entreprendre un traitement esth\u00e9tique du visage sans injection, il est essentiel d\u2019en comprendre les possibilit\u00e9s, mais aussi les limites. Ces techniques ne sont pas une version simplifi\u00e9e de la m\u00e9decine \u00e0 vis\u00e9e esth\u00e9tique, ni un substitut aux injections. Elles r\u00e9pondent \u00e0 des objectifs sp\u00e9cifiques, souvent compl\u00e9mentaires.<br data-start=\"692\" data-end=\"695\" \/>Les injections d\u2019acide hyaluronique ou de toxine botulique agissent en profondeur. Elles permettent de redessiner les volumes, de combler certaines zones creus\u00e9es ou de d\u00e9tendre les muscles responsables des rides d\u2019expression. Leurs effets sont g\u00e9n\u00e9ralement visibles rapidement, avec un r\u00e9sultat cibl\u00e9 et mesurable.<br data-start=\"1010\" data-end=\"1013\" \/>Les traitements sans injection, tels que les peelings ou les lasers doux, ont un autre objectif : am\u00e9liorer la qualit\u00e9 de la peau. Ils agissent sur les couches superficielles du derme pour affiner le grain de peau, uniformiser le teint et am\u00e9liorer la densit\u00e9 cutan\u00e9e. Un peeling, par exemple, ne comble pas un sillon, mais il peut att\u00e9nuer les ridules, resserrer les pores et raviver l\u2019\u00e9clat du visage.<br data-start=\"1416\" data-end=\"1419\" \/>Ces soins redonnent de la fra\u00eecheur et de la vitalit\u00e9 sans modifier les traits. Leur force r\u00e9side dans leur discr\u00e9tion : le visage para\u00eet repos\u00e9, lumineux, naturellement harmonieux, sans qu\u2019aucune intervention ne soit perceptible.<br data-start=\"1649\" data-end=\"1652\" \/>Adapt\u00e9s \u00e0 tous les \u00e2ges, ils permettent aux plus jeunes de pr\u00e9venir les premiers signes du vieillissement et aux peaux plus matures de stimuler et d\u2019entretenir leur vitalit\u00e9.<br data-start=\"1826\" data-end=\"1829\" \/>Combin\u00e9s aux injections, ces traitements renforcent la qualit\u00e9 du tissu cutan\u00e9 \u2014 hydratation, qualit\u00e9, \u00e9clat \u2014 et optimisent ainsi les r\u00e9sultats globaux, dans une approche coh\u00e9rente et naturelle du soin esth\u00e9tique.<\/p>\t\t\t\t\t\t\t\t<\/div>\n\t\t\t\t<\/div>\n\t\t\t\t\t<\/div>\n\t\t\t\t<\/div>\n\t\t<div class=\"elementor-element elementor-element-96510db e-flex e-con-boxed e-con e-parent\" data-id=\"96510db\" data-element_type=\"container\" data-e-type=\"container\" data-settings=\"{&quot;jet_parallax_layout_list&quot;:[]}\">\n\t\t\t\t\t<div class=\"e-con-inner\">\n\t\t\t\t<div class=\"elementor-element elementor-element-c6439b9 elementor-widget elementor-widget-text-editor\" data-id=\"c6439b9\" data-element_type=\"widget\" data-e-type=\"widget\" data-widget_type=\"text-editor.default\">\n\t\t\t\t<div class=\"elementor-widget-container\">\n\t\t\t\t\t\t\t\t\t<h2>\u00c0 qui s\u2019adressent les traitements esth\u00e9tiques du visage sans injections ?<\/h2>\t\t\t\t\t\t\t\t<\/div>\n\t\t\t\t<\/div>\n\t\t\t\t<div class=\"elementor-element elementor-element-746c604 elementor-widget-divider--view-line elementor-widget elementor-widget-divider\" data-id=\"746c604\" data-element_type=\"widget\" data-e-type=\"widget\" data-widget_type=\"divider.default\">\n\t\t\t\t<div class=\"elementor-widget-container\">\n\t\t\t\t\t\t\t<div class=\"elementor-divider\">\n\t\t\t<span class=\"elementor-divider-separator\">\n\t\t\t\t\t\t<\/span>\n\t\t<\/div>\n\t\t\t\t\t\t<\/div>\n\t\t\t\t<\/div>\n\t\t\t\t<div class=\"elementor-element elementor-element-3ab2271 elementor-widget elementor-widget-text-editor\" data-id=\"3ab2271\" data-element_type=\"widget\" data-e-type=\"widget\" data-widget_type=\"text-editor.default\">\n\t\t\t\t<div class=\"elementor-widget-container\">\n\t\t\t\t\t\t\t\t\t<p>Les traitements esth\u00e9tiques sans injection s\u00e9duisent un public de plus en plus large, aux motivations diverses. Contrairement \u00e0 une id\u00e9e re\u00e7ue, ils ne sont pas r\u00e9serv\u00e9s aux personnes qui refusent les injections. Ils concernent toute personne soucieuse d\u2019am\u00e9liorer l\u2019aspect de sa peau, quel que soit son \u00e2ge ou son rapport aux soins m\u00e9dicaux.<br \/>Chez les adultes jeunes, souvent entre 25 et 35 ans, ces traitements constituent une porte d\u2019entr\u00e9e id\u00e9ale dans la m\u00e9decine \u00e0 vis\u00e9e esth\u00e9tique. Ils permettent de pr\u00e9server le capital cutan\u00e9, de pr\u00e9venir les premiers signes de l\u2019\u00e2ge et de corriger certains d\u00e9s\u00e9quilibres : teint terne, peau \u00e9paissie, pores dilat\u00e9s.<br \/>Chez les patient(e)s d\u2019\u00e2ge plus m\u00fbr, ils sont une solution pour entretenir la peau, m\u00eame lorsqu\u2019un traitement par injection n\u2019est pas indiqu\u00e9, soit par choix personnel, soit en raison de contre-indications m\u00e9dicales (pathologies auto-immunes, traitements anticoagulants, grossesse, etc.).<br \/>Ils r\u00e9pondent aussi \u00e0 la demande d\u2019un public plus r\u00e9serv\u00e9, parfois inquiet \u00e0 l\u2019id\u00e9e de transformation ou d\u2019injection. Ces patient(e)s recherchent des approches plus naturelles, progressives et rassurantes, mais sans renoncer \u00e0 l\u2019efficacit\u00e9. Bien choisis et bien r\u00e9alis\u00e9s, les soins sans injection offrent des r\u00e9sultats visibles et durables.<br \/>Enfin, ces traitements sont adaptables \u00e0 tous les types de peau, y compris les plus sensibles ou fortement pigment\u00e9es. Le r\u00f4le du m\u00e9decin est d\u2019ajuster chaque protocole en fonction du phototype, de la r\u00e9activit\u00e9 cutan\u00e9e et des besoins sp\u00e9cifiques du patient.<\/p>\t\t\t\t\t\t\t\t<\/div>\n\t\t\t\t<\/div>\n\t\t\t\t\t<\/div>\n\t\t\t\t<\/div>\n\t\t<div class=\"elementor-element elementor-element-24a613f e-flex e-con-boxed e-con e-parent\" data-id=\"24a613f\" data-element_type=\"container\" data-e-type=\"container\" data-settings=\"{&quot;jet_parallax_layout_list&quot;:[]}\">\n\t\t\t\t\t<div class=\"e-con-inner\">\n\t\t\t\t<div class=\"elementor-element elementor-element-970184a elementor-widget elementor-widget-text-editor\" data-id=\"970184a\" data-element_type=\"widget\" data-e-type=\"widget\" data-widget_type=\"text-editor.default\">\n\t\t\t\t<div class=\"elementor-widget-container\">\n\t\t\t\t\t\t\t\t\t<h2>Les soins sans injection, sont-ils moins efficaces\u00a0?<\/h2>\t\t\t\t\t\t\t\t<\/div>\n\t\t\t\t<\/div>\n\t\t\t\t<div class=\"elementor-element elementor-element-45d539e elementor-widget-divider--view-line elementor-widget elementor-widget-divider\" data-id=\"45d539e\" data-element_type=\"widget\" data-e-type=\"widget\" data-widget_type=\"divider.default\">\n\t\t\t\t<div class=\"elementor-widget-container\">\n\t\t\t\t\t\t\t<div class=\"elementor-divider\">\n\t\t\t<span class=\"elementor-divider-separator\">\n\t\t\t\t\t\t<\/span>\n\t\t<\/div>\n\t\t\t\t\t\t<\/div>\n\t\t\t\t<\/div>\n\t\t\t\t<div class=\"elementor-element elementor-element-cc5d4c3 elementor-widget elementor-widget-text-editor\" data-id=\"cc5d4c3\" data-element_type=\"widget\" data-e-type=\"widget\" data-widget_type=\"text-editor.default\">\n\t\t\t\t<div class=\"elementor-widget-container\">\n\t\t\t\t\t\t\t\t\t<p>Les traitements non injectables sont encore souvent mal compris. Ils sont parfois per\u00e7us comme des simples soins de confort, ou comme des techniques douces, mais peu efficaces. Une id\u00e9e re\u00e7ue pourtant tenace, qui ne refl\u00e8te ni la r\u00e9alit\u00e9 m\u00e9dicale, ni les avanc\u00e9es actuelles en mati\u00e8re de soins cutan\u00e9s.<br \/>En m\u00e9decine \u00e0 vis\u00e9e esth\u00e9tique, l\u2019efficacit\u00e9 d\u2019un traitement ne d\u00e9pend pas uniquement du produit utilis\u00e9 ou de la pr\u00e9sence d\u2019une aiguille. Elle repose sur la justesse du diagnostic, la ma\u00eetrise du geste m\u00e9dical et la r\u00e9gularit\u00e9 du protocole. Un peeling bien r\u00e9alis\u00e9 peut redonner de l\u2019\u00e9clat \u00e0 un teint terne. Une s\u00e9ance de laser fractionn\u00e9 peut corriger des taches, lisser le grain de peau ou att\u00e9nuer certaines cicatrices.<br \/>L\u2019id\u00e9e selon laquelle un soin sans injection serait &#8220;moins m\u00e9dical&#8221; ou &#8220;moins efficace&#8221; est donc infond\u00e9e. Ce n\u2019est pas parce qu\u2019il n\u2019y a pas de volume ajout\u00e9 ou de r\u00e9sultat imm\u00e9diat que les effets sont superficiels. Ces techniques ont des objectifs diff\u00e9rents, agissent \u00e0 un rythme plus progressif, mais offrent des r\u00e9sultats visibles, notamment sur la qualit\u00e9, l\u2019uniformit\u00e9 et la tonicit\u00e9 de la peau.<br \/>Une autre fausse id\u00e9e est de croire que ces traitements agissent exclusivement en surface. En r\u00e9alit\u00e9, certaines technologies sans injection comme les lasers dermatologiques, la radiofr\u00e9quence ou certains protocoles combin\u00e9s, atteignent les couches profondes de la peau et induisent une stimulation biologique puissante. Leur efficacit\u00e9 est cliniquement d\u00e9montr\u00e9e, \u00e0 condition d\u2019\u00eatre bien indiqu\u00e9s, bien r\u00e9alis\u00e9s, et int\u00e9gr\u00e9s dans un cadre m\u00e9dical s\u00e9rieux.<br \/>Il est donc essentiel de rappeler que, comme tout acte de m\u00e9decine \u00e0 vis\u00e9e esth\u00e9tique, ces soins doivent \u00eatre pratiqu\u00e9s par un m\u00e9decin experiment\u00e9, apr\u00e8s une \u00e9valuation rigoureuse de la peau et des attentes du patient. Un protocole personnalis\u00e9, un suivi attentif et un environnement m\u00e9dical adapt\u00e9 sont les garants non seulement de la s\u00e9curit\u00e9, mais aussi de la qualit\u00e9 du r\u00e9sultat.<\/p>\t\t\t\t\t\t\t\t<\/div>\n\t\t\t\t<\/div>\n\t\t\t\t\t<\/div>\n\t\t\t\t<\/div>\n\t\t<div class=\"elementor-element elementor-element-f57e0f3 e-flex e-con-boxed e-con e-parent\" data-id=\"f57e0f3\" data-element_type=\"container\" data-e-type=\"container\" data-settings=\"{&quot;jet_parallax_layout_list&quot;:[]}\">\n\t\t\t\t\t<div class=\"e-con-inner\">\n\t\t<div class=\"elementor-element elementor-element-e0e0e76 e-con-full e-flex e-con e-child\" data-id=\"e0e0e76\" data-element_type=\"container\" data-e-type=\"container\" data-settings=\"{&quot;jet_parallax_layout_list&quot;:[]}\">\n\t\t<div class=\"elementor-element elementor-element-1f17621 e-con-full e-flex e-con e-child\" data-id=\"1f17621\" data-element_type=\"container\" data-e-type=\"container\" data-settings=\"{&quot;jet_parallax_layout_list&quot;:[]}\">\n\t\t<div class=\"elementor-element elementor-element-c4ed4a7 e-con-full e-flex e-con e-child\" data-id=\"c4ed4a7\" data-element_type=\"container\" data-e-type=\"container\" data-settings=\"{&quot;jet_parallax_layout_list&quot;:[]}\">\n\t\t<div class=\"elementor-element elementor-element-6f77776 e-con-full e-flex e-con e-child\" data-id=\"6f77776\" data-element_type=\"container\" data-e-type=\"container\" data-settings=\"{&quot;jet_parallax_layout_list&quot;:[]}\">\n\t\t\t\t<div class=\"elementor-element elementor-element-9c30766 elementor-widget elementor-widget-image\" data-id=\"9c30766\" data-element_type=\"widget\" data-e-type=\"widget\" data-widget_type=\"image.default\">\n\t\t\t\t<div class=\"elementor-widget-container\">\n\t\t\t\t\t\t\t\t\t\t\t\t\t\t\t<img decoding=\"async\" width=\"150\" height=\"150\" src=\"https:\/\/drromanovaleria.ch\/wp-content\/uploads\/2024\/07\/photo-docteur-romano-valeria-150x150.webp\" class=\"attachment-thumbnail size-thumbnail wp-image-13266\" alt=\"Photo docteur Valeria Romano \u00e0 Gen\u00e8ve\" \/>\t\t\t\t\t\t\t\t\t\t\t\t\t\t\t<\/div>\n\t\t\t\t<\/div>\n\t\t\t\t<div class=\"elementor-element elementor-element-2f3e0e8 elementor-widget elementor-widget-text-editor\" data-id=\"2f3e0e8\" data-element_type=\"widget\" data-e-type=\"widget\" data-widget_type=\"text-editor.default\">\n\t\t\t\t<div class=\"elementor-widget-container\">\n\t\t\t\t\t\t\t\t\t<p>Article r\u00e9dig\u00e9 par le <a href=\"https:\/\/drromanovaleria.ch\/\">Dr Romano Valeria<\/a><\/p>\t\t\t\t\t\t\t\t<\/div>\n\t\t\t\t<\/div>\n\t\t\t\t<\/div>\n\t\t<div class=\"elementor-element elementor-element-0572905 e-con-full e-flex e-con e-child\" data-id=\"0572905\" data-element_type=\"container\" data-e-type=\"container\" data-settings=\"{&quot;jet_parallax_layout_list&quot;:[]}\">\n\t\t\t\t<div class=\"elementor-element elementor-element-5cfcbee elementor-widget elementor-widget-text-editor\" data-id=\"5cfcbee\" data-element_type=\"widget\" data-e-type=\"widget\" data-widget_type=\"text-editor.default\">\n\t\t\t\t<div class=\"elementor-widget-container\">\n\t\t\t\t\t\t\t\t\t<p>PARTAGER CET ARTICLE SUR<\/p>\t\t\t\t\t\t\t\t<\/div>\n\t\t\t\t<\/div>\n\t\t\t\t<div class=\"elementor-element elementor-element-027920b elementor-share-buttons--view-icon-text elementor-share-buttons--skin-gradient elementor-share-buttons--shape-square elementor-grid-0 elementor-share-buttons--color-official elementor-widget elementor-widget-share-buttons\" data-id=\"027920b\" data-element_type=\"widget\" data-e-type=\"widget\" data-widget_type=\"share-buttons.default\">\n\t\t\t\t<div class=\"elementor-widget-container\">\n\t\t\t\t\t\t\t<div class=\"elementor-grid\">\n\t\t\t\t\t\t\t\t<div class=\"elementor-grid-item\">\n\t\t\t\t\t\t<div class=\"elementor-share-btn elementor-share-btn_linkedin\" role=\"button\" tabindex=\"0\" aria-label=\"Condividi su linkedin\">\n\t\t\t\t\t\t\t\t\t\t\t\t\t\t\t<span class=\"elementor-share-btn__icon\">\n\t\t\t\t\t\t\t\t<svg aria-hidden=\"true\" class=\"e-font-icon-svg e-fab-linkedin\" viewBox=\"0 0 448 512\" xmlns=\"http:\/\/www.w3.org\/2000\/svg\"><path d=\"M416 32H31.9C14.3 32 0 46.5 0 64.3v383.4C0 465.5 14.3 480 31.9 480H416c17.6 0 32-14.5 32-32.3V64.3c0-17.8-14.4-32.3-32-32.3zM135.4 416H69V202.2h66.5V416zm-33.2-243c-21.3 0-38.5-17.3-38.5-38.5S80.9 96 102.2 96c21.2 0 38.5 17.3 38.5 38.5 0 21.3-17.2 38.5-38.5 38.5zm282.1 243h-66.4V312c0-24.8-.5-56.7-34.5-56.7-34.6 0-39.9 27-39.9 54.9V416h-66.4V202.2h63.7v29.2h.9c8.9-16.8 30.6-34.5 62.9-34.5 67.2 0 79.7 44.3 79.7 101.9V416z\"><\/path><\/svg>\t\t\t\t\t\t\t<\/span>\n\t\t\t\t\t\t\t\t\t\t\t\t\t\t\t\t\t\t\t\t\t\t<div class=\"elementor-share-btn__text\">\n\t\t\t\t\t\t\t\t\t\t\t\t\t\t\t\t\t\t\t<span class=\"elementor-share-btn__title\">\n\t\t\t\t\t\t\t\t\t\tLinkedIn\t\t\t\t\t\t\t\t\t<\/span>\n\t\t\t\t\t\t\t\t\t\t\t\t\t\t\t\t\t<\/div>\n\t\t\t\t\t\t\t\t\t\t\t\t\t<\/div>\n\t\t\t\t\t<\/div>\n\t\t\t\t\t\t<\/div>\n\t\t\t\t\t\t<\/div>\n\t\t\t\t<\/div>\n\t\t\t\t<\/div>\n\t\t\t\t<\/div>\n\t\t\t\t<div class=\"elementor-element elementor-element-225944f elementor-align-start elementor-mobile-align-start elementor-icon-list--layout-traditional elementor-list-item-link-full_width elementor-widget elementor-widget-icon-list\" data-id=\"225944f\" data-element_type=\"widget\" data-e-type=\"widget\" data-widget_type=\"icon-list.default\">\n\t\t\t\t<div class=\"elementor-widget-container\">\n\t\t\t\t\t\t\t<ul class=\"elementor-icon-list-items\">\n\t\t\t\t\t\t\t<li class=\"elementor-icon-list-item\">\n\t\t\t\t\t\t\t\t\t\t\t<a href=\"mailto:dr.romano.valeria@gmail.com\">\n\n\t\t\t\t\t\t\t\t\t\t\t\t<span class=\"elementor-icon-list-icon\">\n\t\t\t\t\t\t\t<svg aria-hidden=\"true\" class=\"e-font-icon-svg e-fas-envelope\" viewBox=\"0 0 512 512\" xmlns=\"http:\/\/www.w3.org\/2000\/svg\"><path d=\"M502.3 190.8c3.9-3.1 9.7-.2 9.7 4.7V400c0 26.5-21.5 48-48 48H48c-26.5 0-48-21.5-48-48V195.6c0-5 5.7-7.8 9.7-4.7 22.4 17.4 52.1 39.5 154.1 113.6 21.1 15.4 56.7 47.8 92.2 47.6 35.7.3 72-32.8 92.3-47.6 102-74.1 131.6-96.3 154-113.7zM256 320c23.2.4 56.6-29.2 73.4-41.4 132.7-96.3 142.8-104.7 173.4-128.7 5.8-4.5 9.2-11.5 9.2-18.9v-19c0-26.5-21.5-48-48-48H48C21.5 64 0 85.5 0 112v19c0 7.4 3.4 14.3 9.2 18.9 30.6 23.9 40.7 32.4 173.4 128.7 16.8 12.2 50.2 41.8 73.4 41.4z\"><\/path><\/svg>\t\t\t\t\t\t<\/span>\n\t\t\t\t\t\t\t\t\t\t<span class=\"elementor-icon-list-text\">dr.romano.valeria@gmail.com<\/span>\n\t\t\t\t\t\t\t\t\t\t\t<\/a>\n\t\t\t\t\t\t\t\t\t<\/li>\n\t\t\t\t\t\t\t\t<li class=\"elementor-icon-list-item\">\n\t\t\t\t\t\t\t\t\t\t\t<a href=\"tel:+41%2078%20209%2002%2089\">\n\n\t\t\t\t\t\t\t\t\t\t\t\t<span class=\"elementor-icon-list-icon\">\n\t\t\t\t\t\t\t<svg aria-hidden=\"true\" class=\"e-font-icon-svg e-fas-phone-alt\" viewBox=\"0 0 512 512\" xmlns=\"http:\/\/www.w3.org\/2000\/svg\"><path d=\"M497.39 361.8l-112-48a24 24 0 0 0-28 6.9l-49.6 60.6A370.66 370.66 0 0 1 130.6 204.11l60.6-49.6a23.94 23.94 0 0 0 6.9-28l-48-112A24.16 24.16 0 0 0 122.6.61l-104 24A24 24 0 0 0 0 48c0 256.5 207.9 464 464 464a24 24 0 0 0 23.4-18.6l24-104a24.29 24.29 0 0 0-14.01-27.6z\"><\/path><\/svg>\t\t\t\t\t\t<\/span>\n\t\t\t\t\t\t\t\t\t\t<span class=\"elementor-icon-list-text\">+41 78 209 02 89<\/span>\n\t\t\t\t\t\t\t\t\t\t\t<\/a>\n\t\t\t\t\t\t\t\t\t<\/li>\n\t\t\t\t\t\t<\/ul>\n\t\t\t\t\t\t<\/div>\n\t\t\t\t<\/div>\n\t\t\t\t<\/div>\n\t\t\t\t<\/div>\n\t\t\t\t\t<\/div>\n\t\t\t\t<\/div>\n\t\t\t\t<\/div>\n\t\t","protected":false},"featured_media":0,"template":"elementor_header_footer","class_list":["post-28044","infographie","type-infographie","status-publish","hentry"],"yoast_head":"<!-- This site is optimized with the Yoast SEO plugin v27.4 - https:\/\/yoast.com\/product\/yoast-seo-wordpress\/ -->\n<title>Quels sont les traitements esth\u00e9tiques du visage sans injections ? - Dr Romano<\/title>\n<meta name=\"description\" content=\"Certains traitements esth\u00e9tiques du visage ne n\u00e9cessitent pas d\u2019injections : peelings, lasers, radiofr\u00e9quence, ultrasons focalis\u00e9s et soins par lumi\u00e8re LED. Cette page d\u00e9taille leurs m\u00e9canismes, indications et r\u00e9sultats possibles.\" \/>\n<meta name=\"robots\" content=\"index, follow, max-snippet:-1, max-image-preview:large, max-video-preview:-1\" \/>\n<link rel=\"canonical\" href=\"https:\/\/drromanovaleria.ch\/it\/infografia\/trattamenti-estetici-viso-senza-iniezioni\/\" \/>\n<meta property=\"og:locale\" content=\"it_IT\" \/>\n<meta property=\"og:type\" content=\"article\" \/>\n<meta property=\"og:title\" content=\"Quels sont les traitements esth\u00e9tiques du visage sans injections ? - Dr Romano\" \/>\n<meta property=\"og:description\" content=\"Certains traitements esth\u00e9tiques du visage ne n\u00e9cessitent pas d\u2019injections : peelings, lasers, radiofr\u00e9quence, ultrasons focalis\u00e9s et soins par lumi\u00e8re LED. Cette page d\u00e9taille leurs m\u00e9canismes, indications et r\u00e9sultats possibles.\" \/>\n<meta property=\"og:url\" content=\"https:\/\/drromanovaleria.ch\/it\/infografia\/trattamenti-estetici-viso-senza-iniezioni\/\" \/>\n<meta property=\"og:site_name\" content=\"Dr Romano\" \/>\n<meta property=\"article:modified_time\" content=\"2025-10-15T08:54:35+00:00\" \/>\n<meta property=\"og:image\" content=\"https:\/\/drromanovaleria.ch\/wp-content\/uploads\/2024\/05\/hydratation-peau.webp\" \/>\n\t<meta property=\"og:image:width\" content=\"300\" \/>\n\t<meta property=\"og:image:height\" content=\"220\" \/>\n\t<meta property=\"og:image:type\" content=\"image\/webp\" \/>\n<meta name=\"twitter:card\" content=\"summary_large_image\" \/>\n<meta name=\"twitter:label1\" content=\"Tempo di lettura stimato\" \/>\n\t<meta name=\"twitter:data1\" content=\"9 minuti\" \/>\n<script type=\"application\/ld+json\" class=\"yoast-schema-graph\">{\"@context\":\"https:\\\/\\\/schema.org\",\"@graph\":[{\"@type\":\"WebPage\",\"@id\":\"https:\\\/\\\/drromanovaleria.ch\\\/infographie\\\/traitements-esthetiques-visage-sans-injections\\\/\",\"url\":\"https:\\\/\\\/drromanovaleria.ch\\\/infographie\\\/traitements-esthetiques-visage-sans-injections\\\/\",\"name\":\"Quels sont les traitements esth\u00e9tiques du visage sans injections ? - Dr Romano\",\"isPartOf\":{\"@id\":\"https:\\\/\\\/drromanovaleria.ch\\\/#website\"},\"primaryImageOfPage\":{\"@id\":\"https:\\\/\\\/drromanovaleria.ch\\\/infographie\\\/traitements-esthetiques-visage-sans-injections\\\/#primaryimage\"},\"image\":{\"@id\":\"https:\\\/\\\/drromanovaleria.ch\\\/infographie\\\/traitements-esthetiques-visage-sans-injections\\\/#primaryimage\"},\"thumbnailUrl\":\"https:\\\/\\\/drromanovaleria.ch\\\/wp-content\\\/uploads\\\/2024\\\/05\\\/hydratation-peau.webp\",\"datePublished\":\"2025-06-19T15:52:03+00:00\",\"dateModified\":\"2025-10-15T08:54:35+00:00\",\"description\":\"Certains traitements esth\u00e9tiques du visage ne n\u00e9cessitent pas d\u2019injections : peelings, lasers, radiofr\u00e9quence, ultrasons focalis\u00e9s et soins par lumi\u00e8re LED. Cette page d\u00e9taille leurs m\u00e9canismes, indications et r\u00e9sultats possibles.\",\"breadcrumb\":{\"@id\":\"https:\\\/\\\/drromanovaleria.ch\\\/infographie\\\/traitements-esthetiques-visage-sans-injections\\\/#breadcrumb\"},\"inLanguage\":\"it-IT\",\"potentialAction\":[{\"@type\":\"ReadAction\",\"target\":[\"https:\\\/\\\/drromanovaleria.ch\\\/infographie\\\/traitements-esthetiques-visage-sans-injections\\\/\"]}]},{\"@type\":\"ImageObject\",\"inLanguage\":\"it-IT\",\"@id\":\"https:\\\/\\\/drromanovaleria.ch\\\/infographie\\\/traitements-esthetiques-visage-sans-injections\\\/#primaryimage\",\"url\":\"https:\\\/\\\/drromanovaleria.ch\\\/wp-content\\\/uploads\\\/2024\\\/05\\\/hydratation-peau.webp\",\"contentUrl\":\"https:\\\/\\\/drromanovaleria.ch\\\/wp-content\\\/uploads\\\/2024\\\/05\\\/hydratation-peau.webp\"},{\"@type\":\"BreadcrumbList\",\"@id\":\"https:\\\/\\\/drromanovaleria.ch\\\/infographie\\\/traitements-esthetiques-visage-sans-injections\\\/#breadcrumb\",\"itemListElement\":[{\"@type\":\"ListItem\",\"position\":1,\"name\":\"Accueil\",\"item\":\"https:\\\/\\\/drromanovaleria.ch\\\/\"},{\"@type\":\"ListItem\",\"position\":2,\"name\":\"Infographie\",\"item\":\"https:\\\/\\\/drromanovaleria.ch\\\/infographie\\\/\"},{\"@type\":\"ListItem\",\"position\":3,\"name\":\"Quels sont les traitements esth\u00e9tiques du visage sans injections ?\"}]},{\"@type\":\"WebSite\",\"@id\":\"https:\\\/\\\/drromanovaleria.ch\\\/#website\",\"url\":\"https:\\\/\\\/drromanovaleria.ch\\\/\",\"name\":\"Dr Romano\",\"description\":\"M\u00e9decine morphologique et anti-\u00e2ge\",\"potentialAction\":[{\"@type\":\"SearchAction\",\"target\":{\"@type\":\"EntryPoint\",\"urlTemplate\":\"https:\\\/\\\/drromanovaleria.ch\\\/?s={search_term_string}\"},\"query-input\":{\"@type\":\"PropertyValueSpecification\",\"valueRequired\":true,\"valueName\":\"search_term_string\"}}],\"inLanguage\":\"it-IT\"}]}<\/script>\n<!-- \/ Yoast SEO plugin. -->","yoast_head_json":{"title":"Quali sono i trattamenti estetici del viso senza iniezioni ? \u2013 Dr. Romano","description":"Alcuni trattamenti estetici del viso non richiedono iniezioni : peeling, laser, radiofrequenza, ultrasuoni focalizzati e terapie con luce LED. Questa pagina ne illustra i meccanismi, le indicazioni e i risultati possibili.","robots":{"index":"index","follow":"follow","max-snippet":"max-snippet:-1","max-image-preview":"max-image-preview:large","max-video-preview":"max-video-preview:-1"},"canonical":"https:\/\/drromanovaleria.ch\/it\/infografia\/trattamenti-estetici-viso-senza-iniezioni\/","og_locale":"it_IT","og_type":"article","og_title":"Quels sont les traitements esth\u00e9tiques du visage sans injections ? - Dr Romano","og_description":"Certains traitements esth\u00e9tiques du visage ne n\u00e9cessitent pas d\u2019injections : peelings, lasers, radiofr\u00e9quence, ultrasons focalis\u00e9s et soins par lumi\u00e8re LED. Cette page d\u00e9taille leurs m\u00e9canismes, indications et r\u00e9sultats possibles.","og_url":"https:\/\/drromanovaleria.ch\/it\/infografia\/trattamenti-estetici-viso-senza-iniezioni\/","og_site_name":"Dr Romano","article_modified_time":"2025-10-15T08:54:35+00:00","og_image":[{"width":300,"height":220,"url":"https:\/\/drromanovaleria.ch\/wp-content\/uploads\/2024\/05\/hydratation-peau.webp","type":"image\/webp"}],"twitter_card":"summary_large_image","twitter_misc":{"Tempo di lettura stimato":"9 minuti"},"schema":{"@context":"https:\/\/schema.org","@graph":[{"@type":"WebPage","@id":"https:\/\/drromanovaleria.ch\/infographie\/traitements-esthetiques-visage-sans-injections\/","url":"https:\/\/drromanovaleria.ch\/infographie\/traitements-esthetiques-visage-sans-injections\/","name":"Quali sono i trattamenti estetici del viso senza iniezioni ? \u2013 Dr. Romano","isPartOf":{"@id":"https:\/\/drromanovaleria.ch\/#website"},"primaryImageOfPage":{"@id":"https:\/\/drromanovaleria.ch\/infographie\/traitements-esthetiques-visage-sans-injections\/#primaryimage"},"image":{"@id":"https:\/\/drromanovaleria.ch\/infographie\/traitements-esthetiques-visage-sans-injections\/#primaryimage"},"thumbnailUrl":"https:\/\/drromanovaleria.ch\/wp-content\/uploads\/2024\/05\/hydratation-peau.webp","datePublished":"2025-06-19T15:52:03+00:00","dateModified":"2025-10-15T08:54:35+00:00","description":"Alcuni trattamenti estetici del viso non richiedono iniezioni : peeling, laser, radiofrequenza, ultrasuoni focalizzati e terapie con luce LED. Questa pagina ne illustra i meccanismi, le indicazioni e i risultati possibili.","breadcrumb":{"@id":"https:\/\/drromanovaleria.ch\/infographie\/traitements-esthetiques-visage-sans-injections\/#breadcrumb"},"inLanguage":"it-IT","potentialAction":[{"@type":"ReadAction","target":["https:\/\/drromanovaleria.ch\/infographie\/traitements-esthetiques-visage-sans-injections\/"]}]},{"@type":"ImageObject","inLanguage":"it-IT","@id":"https:\/\/drromanovaleria.ch\/infographie\/traitements-esthetiques-visage-sans-injections\/#primaryimage","url":"https:\/\/drromanovaleria.ch\/wp-content\/uploads\/2024\/05\/hydratation-peau.webp","contentUrl":"https:\/\/drromanovaleria.ch\/wp-content\/uploads\/2024\/05\/hydratation-peau.webp"},{"@type":"BreadcrumbList","@id":"https:\/\/drromanovaleria.ch\/infographie\/traitements-esthetiques-visage-sans-injections\/#breadcrumb","itemListElement":[{"@type":"ListItem","position":1,"name":"Accueil","item":"https:\/\/drromanovaleria.ch\/"},{"@type":"ListItem","position":2,"name":"Infographie","item":"https:\/\/drromanovaleria.ch\/infographie\/"},{"@type":"ListItem","position":3,"name":"Quels sont les traitements esth\u00e9tiques du visage sans injections ?"}]},{"@type":"WebSite","@id":"https:\/\/drromanovaleria.ch\/#website","url":"https:\/\/drromanovaleria.ch\/","name":"Dott. Romano","description":"Medicina morfologica e anti-invecchiamento","potentialAction":[{"@type":"SearchAction","target":{"@type":"EntryPoint","urlTemplate":"https:\/\/drromanovaleria.ch\/?s={search_term_string}"},"query-input":{"@type":"PropertyValueSpecification","valueRequired":true,"valueName":"search_term_string"}}],"inLanguage":"it-IT"}]}},"_links":{"self":[{"href":"https:\/\/drromanovaleria.ch\/it\/wp-json\/wp\/v2\/infographie\/28044","targetHints":{"allow":["GET"]}}],"collection":[{"href":"https:\/\/drromanovaleria.ch\/it\/wp-json\/wp\/v2\/infographie"}],"about":[{"href":"https:\/\/drromanovaleria.ch\/it\/wp-json\/wp\/v2\/types\/infographie"}],"version-history":[{"count":5,"href":"https:\/\/drromanovaleria.ch\/it\/wp-json\/wp\/v2\/infographie\/28044\/revisions"}],"predecessor-version":[{"id":38126,"href":"https:\/\/drromanovaleria.ch\/it\/wp-json\/wp\/v2\/infographie\/28044\/revisions\/38126"}],"wp:attachment":[{"href":"https:\/\/drromanovaleria.ch\/it\/wp-json\/wp\/v2\/media?parent=28044"}],"curies":[{"name":"wp","href":"https:\/\/api.w.org\/{rel}","templated":true}]}}