{"id":25979,"date":"2025-05-08T13:06:00","date_gmt":"2025-05-08T11:06:00","guid":{"rendered":"https:\/\/drromanovaleria.ch\/?post_type=infographie&#038;p=25979"},"modified":"2025-11-06T12:07:23","modified_gmt":"2025-11-06T11:07:23","slug":"tipi-rughe","status":"publish","type":"infographie","link":"https:\/\/drromanovaleria.ch\/it\/infographie\/types-rides\/","title":{"rendered":"Quali sono i diversi tipi di rughe ?"},"content":{"rendered":"\t\t<div data-elementor-type=\"wp-post\" data-elementor-id=\"25979\" class=\"elementor elementor-25979\" data-elementor-post-type=\"infographie\">\n\t\t\t\t<div class=\"elementor-element elementor-element-273e882 e-flex e-con-boxed e-con e-parent\" data-id=\"273e882\" data-element_type=\"container\" data-e-type=\"container\" data-settings=\"{&quot;background_background&quot;:&quot;classic&quot;,&quot;jet_parallax_layout_list&quot;:[]}\">\n\t\t\t\t\t<div class=\"e-con-inner\">\n\t\t<div class=\"elementor-element elementor-element-0d70fde e-con-full e-flex e-con e-child\" data-id=\"0d70fde\" data-element_type=\"container\" data-e-type=\"container\" data-settings=\"{&quot;background_background&quot;:&quot;classic&quot;,&quot;jet_parallax_layout_list&quot;:[]}\">\n\t\t\t\t<div class=\"elementor-element elementor-element-0edd8c4 elementor-widget__width-initial elementor-widget elementor-widget-heading\" data-id=\"0edd8c4\" data-element_type=\"widget\" data-e-type=\"widget\" data-widget_type=\"heading.default\">\n\t\t\t\t<div class=\"elementor-widget-container\">\n\t\t\t\t\t<h1 class=\"elementor-heading-title elementor-size-default\">QUELS SONT LES DIFF\u00c9RENTS TYPES DE RIDES ?<\/h1>\t\t\t\t<\/div>\n\t\t\t\t<\/div>\n\t\t\t\t<div class=\"elementor-element elementor-element-1534f02 elementor-align-center elementor-widget elementor-widget-breadcrumbs\" data-id=\"1534f02\" data-element_type=\"widget\" data-e-type=\"widget\" data-widget_type=\"breadcrumbs.default\">\n\t\t\t\t<div class=\"elementor-widget-container\">\n\t\t\t\t\t<p id=\"breadcrumbs\"><span><span><a href=\"https:\/\/drromanovaleria.ch\/\">Accueil<\/a><\/span><\/span><\/p>\t\t\t\t<\/div>\n\t\t\t\t<\/div>\n\t\t\t\t<\/div>\n\t\t\t\t\t<\/div>\n\t\t\t\t<\/div>\n\t\t<div class=\"elementor-element elementor-element-cc30299 e-flex e-con-boxed e-con e-parent\" data-id=\"cc30299\" data-element_type=\"container\" data-e-type=\"container\" data-settings=\"{&quot;jet_parallax_layout_list&quot;:[]}\">\n\t\t\t\t\t<div class=\"e-con-inner\">\n\t\t<div class=\"elementor-element elementor-element-94cb229 e-flex e-con-boxed e-con e-child\" data-id=\"94cb229\" data-element_type=\"container\" data-e-type=\"container\" data-settings=\"{&quot;jet_parallax_layout_list&quot;:[]}\">\n\t\t\t\t\t<div class=\"e-con-inner\">\n\t\t<div class=\"elementor-element elementor-element-b379ebd e-con-full e-flex e-con e-child\" data-id=\"b379ebd\" data-element_type=\"container\" data-e-type=\"container\" data-settings=\"{&quot;background_background&quot;:&quot;classic&quot;,&quot;jet_parallax_layout_list&quot;:[]}\">\n\t\t\t\t<div class=\"elementor-element elementor-element-72c044a elementor-widget elementor-widget-text-editor\" data-id=\"72c044a\" data-element_type=\"widget\" data-e-type=\"widget\" data-widget_type=\"text-editor.default\">\n\t\t\t\t<div class=\"elementor-widget-container\">\n\t\t\t\t\t\t\t\t\t<h2>Comblement des rides \u00e0 Gen\u00e8ve<\/h2>\t\t\t\t\t\t\t\t<\/div>\n\t\t\t\t<\/div>\n\t\t\t\t<div class=\"elementor-element elementor-element-a9e63ad elementor-widget elementor-widget-text-editor\" data-id=\"a9e63ad\" data-element_type=\"widget\" data-e-type=\"widget\" data-widget_type=\"text-editor.default\">\n\t\t\t\t<div class=\"elementor-widget-container\">\n\t\t\t\t\t\t\t\t\t<p>Le vieillissement cutan\u00e9 est un processus biologique complexe, marqu\u00e9 par une s\u00e9rie de modifications progressives des structures superficielles et profondes de la peau. L\u2019un des signes les plus visibles de ce processus est la formation de rides. Si leur apparition est in\u00e9vitable avec le temps, leur typologie est souvent mal comprise, y compris par les patients eux-m\u00eames. Or, bien distinguer les diff\u00e9rents types de <a href=\"https:\/\/drromanovaleria.ch\/besoins\/rides\/\">rides<\/a> est essentiel pour proposer une prise en charge m\u00e9dico-esth\u00e9tique adapt\u00e9e, pr\u00e9cise et efficace.<br \/>\u00c0 Gen\u00e8ve, o\u00f9 la demande esth\u00e9tique se caract\u00e9rise par une attente de r\u00e9sultats naturels, durables et personnalis\u00e9s, l\u2019identification du type de ride constitue la premi\u00e8re \u00e9tape d\u2019un traitement sur mesure. Les traitements diff\u00e8rent selon l\u2019origine, la localisation, la profondeur et la dynamique de la ride.<\/p>\t\t\t\t\t\t\t\t<\/div>\n\t\t\t\t<\/div>\n\t\t\t\t<\/div>\n\t\t\t\t\t<\/div>\n\t\t\t\t<\/div>\n\t\t<div class=\"elementor-element elementor-element-48814f2 e-flex e-con-boxed e-con e-child\" data-id=\"48814f2\" data-element_type=\"container\" data-e-type=\"container\" data-settings=\"{&quot;jet_parallax_layout_list&quot;:[]}\">\n\t\t\t\t\t<div class=\"e-con-inner\">\n\t\t\t\t<div class=\"elementor-element elementor-element-b6f910a elementor-widget elementor-widget-image\" data-id=\"b6f910a\" data-element_type=\"widget\" data-e-type=\"widget\" data-widget_type=\"image.default\">\n\t\t\t\t<div class=\"elementor-widget-container\">\n\t\t\t\t\t\t\t\t\t\t\t\t\t\t\t<img fetchpriority=\"high\" decoding=\"async\" width=\"300\" height=\"220\" src=\"https:\/\/drromanovaleria.ch\/wp-content\/uploads\/2024\/05\/hydratation-peau.webp\" class=\"attachment-medium size-medium wp-image-4852\" alt=\"image peau jeune hydrat\u00e9e\" srcset=\"https:\/\/drromanovaleria.ch\/wp-content\/uploads\/2024\/05\/hydratation-peau.webp 300w, https:\/\/drromanovaleria.ch\/wp-content\/uploads\/2024\/05\/hydratation-peau-16x12.webp 16w\" sizes=\"(max-width: 300px) 100vw, 300px\" \/>\t\t\t\t\t\t\t\t\t\t\t\t\t\t\t<\/div>\n\t\t\t\t<\/div>\n\t\t\t\t<div class=\"elementor-element elementor-element-0d732de elementor-align-center elementor-widget elementor-widget-button\" data-id=\"0d732de\" data-element_type=\"widget\" data-e-type=\"widget\" data-widget_type=\"button.default\">\n\t\t\t\t<div class=\"elementor-widget-container\">\n\t\t\t\t\t\t\t\t\t<div class=\"elementor-button-wrapper\">\n\t\t\t\t\t<a class=\"elementor-button elementor-button-link elementor-size-sm\" href=\"https:\/\/drromanovaleria.ch\/contactez-le-dr-romano\/\">\n\t\t\t\t\t\t<span class=\"elementor-button-content-wrapper\">\n\t\t\t\t\t\t\t\t\t<span class=\"elementor-button-text\">Prendre rendez-vous<\/span>\n\t\t\t\t\t<\/span>\n\t\t\t\t\t<\/a>\n\t\t\t\t<\/div>\n\t\t\t\t\t\t\t\t<\/div>\n\t\t\t\t<\/div>\n\t\t\t\t\t<\/div>\n\t\t\t\t<\/div>\n\t\t\t\t\t<\/div>\n\t\t\t\t<\/div>\n\t\t<div class=\"elementor-element elementor-element-ab76d25 e-flex e-con-boxed e-con e-parent\" data-id=\"ab76d25\" data-element_type=\"container\" data-e-type=\"container\" data-settings=\"{&quot;jet_parallax_layout_list&quot;:[]}\">\n\t\t\t\t\t<div class=\"e-con-inner\">\n\t\t\t\t<div class=\"elementor-element elementor-element-8704a94 elementor-toc--content-ellipsis elementor-toc--minimized-on-desktop elementor-widget elementor-widget-table-of-contents\" data-id=\"8704a94\" data-element_type=\"widget\" data-e-type=\"widget\" data-settings=\"{&quot;exclude_headings_by_selector&quot;:[],&quot;minimized_on&quot;:&quot;desktop&quot;,&quot;no_headings_message&quot;:&quot;Aucun titre n\\u2019a \\u00e9t\\u00e9 trouv\\u00e9 sur cette page.&quot;,&quot;headings_by_tags&quot;:[&quot;h2&quot;,&quot;h3&quot;,&quot;h4&quot;,&quot;h5&quot;,&quot;h6&quot;],&quot;marker_view&quot;:&quot;numbers&quot;,&quot;minimize_box&quot;:&quot;yes&quot;,&quot;hierarchical_view&quot;:&quot;yes&quot;,&quot;min_height&quot;:{&quot;unit&quot;:&quot;px&quot;,&quot;size&quot;:&quot;&quot;,&quot;sizes&quot;:[]},&quot;min_height_tablet&quot;:{&quot;unit&quot;:&quot;px&quot;,&quot;size&quot;:&quot;&quot;,&quot;sizes&quot;:[]},&quot;min_height_mobile&quot;:{&quot;unit&quot;:&quot;px&quot;,&quot;size&quot;:&quot;&quot;,&quot;sizes&quot;:[]}}\" data-widget_type=\"table-of-contents.default\">\n\t\t\t\t<div class=\"elementor-widget-container\">\n\t\t\t\t\t\t\t\t\t<div class=\"elementor-toc__header\">\n\t\t\t\t\t\t<h2 class=\"elementor-toc__header-title\">\n\t\t\t\tSommaire\t\t\t<\/h2>\n\t\t\t\t\t\t\t\t\t\t<div class=\"elementor-toc__toggle-button elementor-toc__toggle-button--expand\" role=\"button\" tabindex=\"0\" aria-controls=\"elementor-toc__8704a94\" aria-expanded=\"true\" aria-label=\"Ouvrir la table des mati\u00e8res\"><svg aria-hidden=\"true\" class=\"e-font-icon-svg e-fas-chevron-down\" viewBox=\"0 0 448 512\" xmlns=\"http:\/\/www.w3.org\/2000\/svg\"><path d=\"M207.029 381.476L12.686 187.132c-9.373-9.373-9.373-24.569 0-33.941l22.667-22.667c9.357-9.357 24.522-9.375 33.901-.04L224 284.505l154.745-154.021c9.379-9.335 24.544-9.317 33.901.04l22.667 22.667c9.373 9.373 9.373 24.569 0 33.941L240.971 381.476c-9.373 9.372-24.569 9.372-33.942 0z\"><\/path><\/svg><\/div>\n\t\t\t\t<div class=\"elementor-toc__toggle-button elementor-toc__toggle-button--collapse\" role=\"button\" tabindex=\"0\" aria-controls=\"elementor-toc__8704a94\" aria-expanded=\"true\" aria-label=\"Fermer la table des mati\u00e8res\"><svg aria-hidden=\"true\" class=\"e-font-icon-svg e-fas-chevron-up\" viewBox=\"0 0 448 512\" xmlns=\"http:\/\/www.w3.org\/2000\/svg\"><path d=\"M240.971 130.524l194.343 194.343c9.373 9.373 9.373 24.569 0 33.941l-22.667 22.667c-9.357 9.357-24.522 9.375-33.901.04L224 227.495 69.255 381.516c-9.379 9.335-24.544 9.317-33.901-.04l-22.667-22.667c-9.373-9.373-9.373-24.569 0-33.941L207.03 130.525c9.372-9.373 24.568-9.373 33.941-.001z\"><\/path><\/svg><\/div>\n\t\t\t\t\t<\/div>\n\t\t\t\t<div id=\"elementor-toc__8704a94\" class=\"elementor-toc__body\">\n\t\t\t<div class=\"elementor-toc__spinner-container\">\n\t\t\t\t<svg class=\"elementor-toc__spinner eicon-animation-spin e-font-icon-svg e-eicon-loading\" aria-hidden=\"true\" viewBox=\"0 0 1000 1000\" xmlns=\"http:\/\/www.w3.org\/2000\/svg\"><path d=\"M500 975V858C696 858 858 696 858 500S696 142 500 142 142 304 142 500H25C25 237 238 25 500 25S975 237 975 500 763 975 500 975Z\"><\/path><\/svg>\t\t\t<\/div>\n\t\t<\/div>\n\t\t\t\t\t\t<\/div>\n\t\t\t\t<\/div>\n\t\t\t\t\t<\/div>\n\t\t\t\t<\/div>\n\t\t<div class=\"elementor-element elementor-element-9bba4ce e-flex e-con-boxed e-con e-parent\" data-id=\"9bba4ce\" data-element_type=\"container\" data-e-type=\"container\" data-settings=\"{&quot;jet_parallax_layout_list&quot;:[]}\">\n\t\t\t\t\t<div class=\"e-con-inner\">\n\t\t\t\t<div class=\"elementor-element elementor-element-3c67c19 elementor-widget elementor-widget-text-editor\" data-id=\"3c67c19\" data-element_type=\"widget\" data-e-type=\"widget\" data-widget_type=\"text-editor.default\">\n\t\t\t\t<div class=\"elementor-widget-container\">\n\t\t\t\t\t\t\t\t\t<h2>Rides d\u2019expression<\/h2>\t\t\t\t\t\t\t\t<\/div>\n\t\t\t\t<\/div>\n\t\t\t\t<div class=\"elementor-element elementor-element-4e5e65d elementor-widget-divider--view-line elementor-widget elementor-widget-divider\" data-id=\"4e5e65d\" data-element_type=\"widget\" data-e-type=\"widget\" data-widget_type=\"divider.default\">\n\t\t\t\t<div class=\"elementor-widget-container\">\n\t\t\t\t\t\t\t<div class=\"elementor-divider\">\n\t\t\t<span class=\"elementor-divider-separator\">\n\t\t\t\t\t\t<\/span>\n\t\t<\/div>\n\t\t\t\t\t\t<\/div>\n\t\t\t\t<\/div>\n\t\t\t\t<div class=\"elementor-element elementor-element-52bfa24 elementor-widget elementor-widget-text-editor\" data-id=\"52bfa24\" data-element_type=\"widget\" data-e-type=\"widget\" data-widget_type=\"text-editor.default\">\n\t\t\t\t<div class=\"elementor-widget-container\">\n\t\t\t\t\t\t\t\t\t<p>Les rides d\u2019expression, appel\u00e9es \u00e9galement rides dynamiques, sont les premi\u00e8res \u00e0 se former, souvent d\u00e8s la trentaine. Elles r\u00e9sultent de la contraction r\u00e9p\u00e9t\u00e9e des muscles du visage associ\u00e9s aux expressions du quotidien : froncement des sourcils, sourire, plissement des yeux, \u00e9tonnement, etc.<br \/>Au d\u00e9part, elles ne sont visibles qu\u2019en mouvement. Mais avec le temps, la perte d\u2019\u00e9lasticit\u00e9 de la peau et l\u2019amincissement des fibres de collag\u00e8ne les rendent progressivement permanentes, m\u00eame au repos.<br \/>Les principales rides d\u2019expression sont les rides du lion (glabelle) entre les sourcils, les <a href=\"https:\/\/drromanovaleria.ch\/besoins\/rides\/rides-du-front\/\">rides du front<\/a> horizontales, les pattes-d\u2019oie autour des yeux.<br \/>Le traitement m\u00e9dical repose sur la <a href=\"https:\/\/drromanovaleria.ch\/solutions\/injections\/botox\/\">toxine botulique<\/a>\u00a0 qui est la r\u00e9f\u00e9rence pour d\u00e9tendre les muscles concern\u00e9s et pr\u00e9venir l\u2019instauration des rides. L\u2019effet est visible en quelques jours, et dure environ 4 \u00e0 6 mois. En cas de rides d\u00e9j\u00e0 install\u00e9es, un compl\u00e9ment par injection de <a href=\"https:\/\/drromanovaleria.ch\/solutions\/injections\/skinbooster\/\">Skinbooster<\/a> ou <a href=\"https:\/\/drromanovaleria.ch\/solutions\/injections\/acide-hayluronique\/\">acide hyaluronique<\/a> fluide peut \u00eatre n\u00e9cessaire.<\/p>\t\t\t\t\t\t\t\t<\/div>\n\t\t\t\t<\/div>\n\t\t\t\t\t<\/div>\n\t\t\t\t<\/div>\n\t\t<div class=\"elementor-element elementor-element-933239d e-flex e-con-boxed e-con e-parent\" data-id=\"933239d\" data-element_type=\"container\" data-e-type=\"container\" data-settings=\"{&quot;jet_parallax_layout_list&quot;:[]}\">\n\t\t\t\t\t<div class=\"e-con-inner\">\n\t\t\t\t<div class=\"elementor-element elementor-element-91e1d65 elementor-widget elementor-widget-text-editor\" data-id=\"91e1d65\" data-element_type=\"widget\" data-e-type=\"widget\" data-widget_type=\"text-editor.default\">\n\t\t\t\t<div class=\"elementor-widget-container\">\n\t\t\t\t\t\t\t\t\t<h2>Rides statiques<\/h2>\t\t\t\t\t\t\t\t<\/div>\n\t\t\t\t<\/div>\n\t\t\t\t<div class=\"elementor-element elementor-element-1cc6b23 elementor-widget-divider--view-line elementor-widget elementor-widget-divider\" data-id=\"1cc6b23\" data-element_type=\"widget\" data-e-type=\"widget\" data-widget_type=\"divider.default\">\n\t\t\t\t<div class=\"elementor-widget-container\">\n\t\t\t\t\t\t\t<div class=\"elementor-divider\">\n\t\t\t<span class=\"elementor-divider-separator\">\n\t\t\t\t\t\t<\/span>\n\t\t<\/div>\n\t\t\t\t\t\t<\/div>\n\t\t\t\t<\/div>\n\t\t\t\t<div class=\"elementor-element elementor-element-271e615 elementor-widget elementor-widget-text-editor\" data-id=\"271e615\" data-element_type=\"widget\" data-e-type=\"widget\" data-widget_type=\"text-editor.default\">\n\t\t\t\t<div class=\"elementor-widget-container\">\n\t\t\t\t\t\t\t\t\t<p>Les rides statiques apparaissent ind\u00e9pendamment des mouvements du visage. Elles sont le r\u00e9sultat d\u2019un vieillissement cutan\u00e9 profond, marqu\u00e9 par la perte de densit\u00e9 dermique, la diminution du collag\u00e8ne et de l\u2019\u00e9lastine, la d\u00e9shydratation chronique et parfois la fonte graisseuse sous-cutan\u00e9e.<br \/>Ces rides sont visibles en permanence, y compris sur un visage totalement d\u00e9tendu. Elles traduisent une alt\u00e9ration structurelle des tissus.<br \/>Il s\u2019agit notamment des sillons nasog\u00e9niens, des plis d\u2019amertume, des rides du cou et des rides du d\u00e9collet\u00e9.<br \/>Le comblement par acide hyaluronique r\u00e9ticul\u00e9, inject\u00e9 en profondeur, permet de restaurer les volumes et de lisser les plis. Souvent le remplissage de la ride est pr\u00e9c\u00e9d\u00e9 par des techniques de <a href=\"https:\/\/drromanovaleria.ch\/lifting-medical\/\">lifting m\u00e9dical<\/a>.<\/p>\t\t\t\t\t\t\t\t<\/div>\n\t\t\t\t<\/div>\n\t\t\t\t\t<\/div>\n\t\t\t\t<\/div>\n\t\t<div class=\"elementor-element elementor-element-2d9300e e-flex e-con-boxed e-con e-parent\" data-id=\"2d9300e\" data-element_type=\"container\" data-e-type=\"container\" data-settings=\"{&quot;jet_parallax_layout_list&quot;:[]}\">\n\t\t\t\t\t<div class=\"e-con-inner\">\n\t\t\t\t<div class=\"elementor-element elementor-element-55b3c80 elementor-widget elementor-widget-text-editor\" data-id=\"55b3c80\" data-element_type=\"widget\" data-e-type=\"widget\" data-widget_type=\"text-editor.default\">\n\t\t\t\t<div class=\"elementor-widget-container\">\n\t\t\t\t\t\t\t\t\t<h2>Rides de rel\u00e2chement<\/h2>\t\t\t\t\t\t\t\t<\/div>\n\t\t\t\t<\/div>\n\t\t\t\t<div class=\"elementor-element elementor-element-84eb99f elementor-widget-divider--view-line elementor-widget elementor-widget-divider\" data-id=\"84eb99f\" data-element_type=\"widget\" data-e-type=\"widget\" data-widget_type=\"divider.default\">\n\t\t\t\t<div class=\"elementor-widget-container\">\n\t\t\t\t\t\t\t<div class=\"elementor-divider\">\n\t\t\t<span class=\"elementor-divider-separator\">\n\t\t\t\t\t\t<\/span>\n\t\t<\/div>\n\t\t\t\t\t\t<\/div>\n\t\t\t\t<\/div>\n\t\t\t\t<div class=\"elementor-element elementor-element-b67166c elementor-widget elementor-widget-text-editor\" data-id=\"b67166c\" data-element_type=\"widget\" data-e-type=\"widget\" data-widget_type=\"text-editor.default\">\n\t\t\t\t<div class=\"elementor-widget-container\">\n\t\t\t\t\t\t\t\t\t<p data-start=\"122\" data-end=\"546\">Avec le temps, la peau perd progressivement sa capacit\u00e9 \u00e0 r\u00e9sister \u00e0 la gravit\u00e9. La tonicit\u00e9 diminue, accentu\u00e9e par la fonte des graisses, la rar\u00e9faction des fibres de soutien et la baisse de l\u2019activit\u00e9 musculaire. Ce processus entra\u00eene un rel\u00e2chement des structures du visage. Les rides qui apparaissent ne sont pas de simples plis de la peau : elles refl\u00e8tent en r\u00e9alit\u00e9 un affaissement global de l\u2019architecture du visage.<br \/>Ces signes deviennent souvent visibles \u00e0 partir de la cinquantaine. L\u2019ovale du visage perd alors de sa nettet\u00e9, parfois marqu\u00e9 par l\u2019apparition de bajoues. Sous le menton, des cordes platysmales peuvent se dessiner, tandis que les joues s\u2019aplatissent et perdent leur galbe naturel. Le cou aussi se rel\u00e2che et participe \u00e0 cette impression de vieillissement.<br \/>Le traitement m\u00e9dical repose sur des techniques de lifting par injection d\u2019acide hyaluronique. Les inducteurs de collag\u00e8ne et le photorajeunissement laser sont des traitements compl\u00e9mentaires.<\/p>\t\t\t\t\t\t\t\t<\/div>\n\t\t\t\t<\/div>\n\t\t\t\t\t<\/div>\n\t\t\t\t<\/div>\n\t\t<div class=\"elementor-element elementor-element-b7db038 e-flex e-con-boxed e-con e-parent\" data-id=\"b7db038\" data-element_type=\"container\" data-e-type=\"container\" data-settings=\"{&quot;jet_parallax_layout_list&quot;:[]}\">\n\t\t\t\t\t<div class=\"e-con-inner\">\n\t\t\t\t<div class=\"elementor-element elementor-element-1a3a56d elementor-widget elementor-widget-text-editor\" data-id=\"1a3a56d\" data-element_type=\"widget\" data-e-type=\"widget\" data-widget_type=\"text-editor.default\">\n\t\t\t\t<div class=\"elementor-widget-container\">\n\t\t\t\t\t\t\t\t\t<h2>Rides gravitationnelles<\/h2>\t\t\t\t\t\t\t\t<\/div>\n\t\t\t\t<\/div>\n\t\t\t\t<div class=\"elementor-element elementor-element-ad0b120 elementor-widget-divider--view-line elementor-widget elementor-widget-divider\" data-id=\"ad0b120\" data-element_type=\"widget\" data-e-type=\"widget\" data-widget_type=\"divider.default\">\n\t\t\t\t<div class=\"elementor-widget-container\">\n\t\t\t\t\t\t\t<div class=\"elementor-divider\">\n\t\t\t<span class=\"elementor-divider-separator\">\n\t\t\t\t\t\t<\/span>\n\t\t<\/div>\n\t\t\t\t\t\t<\/div>\n\t\t\t\t<\/div>\n\t\t\t\t<div class=\"elementor-element elementor-element-71f2b58 elementor-widget elementor-widget-text-editor\" data-id=\"71f2b58\" data-element_type=\"widget\" data-e-type=\"widget\" data-widget_type=\"text-editor.default\">\n\t\t\t\t<div class=\"elementor-widget-container\">\n\t\t\t\t\t\t\t\t\t<p data-start=\"132\" data-end=\"578\">Souvent confondues avec le rel\u00e2chement cutan\u00e9, les rides gravitationnelles correspondent \u00e0 des plis profonds accentu\u00e9s par l\u2019effet de la pesanteur. Elles ne sont pas toujours dues \u00e0 une perte de volume, mais plut\u00f4t \u00e0 un affaiblissement progressif des structures profondes qui soutiennent le visage. Ces plis deviennent plus visibles lorsque le soutien vertical se rel\u00e2che ; en position allong\u00e9e, ils peuvent d\u2019ailleurs s\u2019att\u00e9nuer partiellement.<br \/>Pour corriger ce ph\u00e9nom\u00e8ne, une combinaison de restauration des\u00a0 volumes en profondeur, par injection d\u2019acide hyaluronique ou de Sculptra, associ\u00e9e \u00e0 des techniques de stimulation dermique, offre des r\u00e9sultats naturels. L\u2019objectif n\u2019est pas de gonfler le visage, mais de redonner un soutien discret et harmonieux. La strat\u00e9gie doit rester progressive, adapt\u00e9e \u00e0 la biom\u00e9canique de chaque visage, afin de pr\u00e9server son expression et son \u00e9quilibre.<\/p>\t\t\t\t\t\t\t\t<\/div>\n\t\t\t\t<\/div>\n\t\t\t\t\t<\/div>\n\t\t\t\t<\/div>\n\t\t<div class=\"elementor-element elementor-element-ceffcde e-flex e-con-boxed e-con e-parent\" data-id=\"ceffcde\" data-element_type=\"container\" data-e-type=\"container\" data-settings=\"{&quot;jet_parallax_layout_list&quot;:[]}\">\n\t\t\t\t\t<div class=\"e-con-inner\">\n\t\t\t\t<div class=\"elementor-element elementor-element-8413800 elementor-widget elementor-widget-text-editor\" data-id=\"8413800\" data-element_type=\"widget\" data-e-type=\"widget\" data-widget_type=\"text-editor.default\">\n\t\t\t\t<div class=\"elementor-widget-container\">\n\t\t\t\t\t\t\t\t\t<h2>Rides de d\u00e9shydratation<\/h2>\t\t\t\t\t\t\t\t<\/div>\n\t\t\t\t<\/div>\n\t\t\t\t<div class=\"elementor-element elementor-element-9c019da elementor-widget-divider--view-line elementor-widget elementor-widget-divider\" data-id=\"9c019da\" data-element_type=\"widget\" data-e-type=\"widget\" data-widget_type=\"divider.default\">\n\t\t\t\t<div class=\"elementor-widget-container\">\n\t\t\t\t\t\t\t<div class=\"elementor-divider\">\n\t\t\t<span class=\"elementor-divider-separator\">\n\t\t\t\t\t\t<\/span>\n\t\t<\/div>\n\t\t\t\t\t\t<\/div>\n\t\t\t\t<\/div>\n\t\t\t\t<div class=\"elementor-element elementor-element-8f10672 elementor-widget elementor-widget-text-editor\" data-id=\"8f10672\" data-element_type=\"widget\" data-e-type=\"widget\" data-widget_type=\"text-editor.default\">\n\t\t\t\t<div class=\"elementor-widget-container\">\n\t\t\t\t\t\t\t\t\t<p>Les rides de d\u00e9shydratation sont de petites ridules superficielles qui apparaissent lorsque la peau perd trop d\u2019eau. Elles sont souvent aggrav\u00e9es par le froid, le stress ou l\u2019utilisation de soins inadapt\u00e9s. On les remarque surtout \u00e0 la lumi\u00e8re, sur les joues, autour des yeux, sur le front, le cou et le d\u00e9collet\u00e9. Les Skinboosters, acide hyaluronique tr\u00e8s fluide, permettent d\u2019hydrater la peau en profondeur et de fa\u00e7on durable. Pour renforcer leur action, il est essentiel d\u2019adopter une routine de soins adapt\u00e9e comprenant un nettoyage doux, une protection solaire, des antioxydants et des cr\u00e8mes riches en lipides qui aident \u00e0 prot\u00e9ger la barri\u00e8re cutan\u00e9e. En m\u00e9decine \u00e0 vis\u00e9e esth\u00e9tique, il est recommand\u00e9 de traiter ces rides d\u00e8s leur apparition afin d\u2019am\u00e9liorer la qualit\u00e9 de la peau et de pr\u00e9venir leur installation d\u00e9finitive.<\/p>\t\t\t\t\t\t\t\t<\/div>\n\t\t\t\t<\/div>\n\t\t\t\t\t<\/div>\n\t\t\t\t<\/div>\n\t\t<div class=\"elementor-element elementor-element-8655b3b e-flex e-con-boxed e-con e-parent\" data-id=\"8655b3b\" data-element_type=\"container\" data-e-type=\"container\" data-settings=\"{&quot;jet_parallax_layout_list&quot;:[]}\">\n\t\t\t\t\t<div class=\"e-con-inner\">\n\t\t\t\t<div class=\"elementor-element elementor-element-9bcf578 elementor-widget elementor-widget-text-editor\" data-id=\"9bcf578\" data-element_type=\"widget\" data-e-type=\"widget\" data-widget_type=\"text-editor.default\">\n\t\t\t\t<div class=\"elementor-widget-container\">\n\t\t\t\t\t\t\t\t\t<h2>Les rides mixtes<\/h2>\t\t\t\t\t\t\t\t<\/div>\n\t\t\t\t<\/div>\n\t\t\t\t<div class=\"elementor-element elementor-element-86be593 elementor-widget-divider--view-line elementor-widget elementor-widget-divider\" data-id=\"86be593\" data-element_type=\"widget\" data-e-type=\"widget\" data-widget_type=\"divider.default\">\n\t\t\t\t<div class=\"elementor-widget-container\">\n\t\t\t\t\t\t\t<div class=\"elementor-divider\">\n\t\t\t<span class=\"elementor-divider-separator\">\n\t\t\t\t\t\t<\/span>\n\t\t<\/div>\n\t\t\t\t\t\t<\/div>\n\t\t\t\t<\/div>\n\t\t\t\t<div class=\"elementor-element elementor-element-be60554 elementor-widget elementor-widget-text-editor\" data-id=\"be60554\" data-element_type=\"widget\" data-e-type=\"widget\" data-widget_type=\"text-editor.default\">\n\t\t\t\t<div class=\"elementor-widget-container\">\n\t\t\t\t\t\t\t\t\t<p>Dans la pratique, la plupart des rides ne rel\u00e8vent pas d\u2019un seul type bien pr\u00e9cis. Tr\u00e8s souvent, une m\u00eame ride est la cons\u00e9quence de plusieurs m\u00e9canismes qui agissent en m\u00eame temps, ce qui rend l\u2019analyse encore plus essentielle pour choisir le traitement le plus adapt\u00e9.<br data-start=\"527\" data-end=\"530\" \/>Prenons l\u2019exemple des pattes-d\u2019oie. Elles apparaissent \u00e0 cause des contractions r\u00e9p\u00e9t\u00e9es du muscle orbiculaire de l\u2019\u0153il, ce qui en fait des rides d\u2019expression. Mais elles sont aussi accentu\u00e9es par la finesse de la peau autour des yeux, par la d\u00e9shydratation et parfois par la perte de soutien au niveau des tempes et des pommettes. Dans ce contexte, la toxine botulique seule ne suffit pas \u00e0 obtenir un r\u00e9sultat satisfaisant.<br data-start=\"955\" data-end=\"958\" \/>De la m\u00eame mani\u00e8re, les sillons nasog\u00e9niens ne sont pas uniquement dus \u00e0 la pesanteur. Ils sont \u00e9galement li\u00e9s au mouvement du sourire, \u00e0 la perte de volume au niveau des joues et au rel\u00e2chement global de la partie m\u00e9diane du visage. Un simple comblement du sillon, sans correction des autres causes, risque de donner un r\u00e9sultat artificiel ou d\u2019alourdir l\u2019expression.<br data-start=\"1326\" data-end=\"1329\" \/>Ces rides dites mixtes demandent donc une strat\u00e9gie de traitement compl\u00e8te, combinant les injections, les techniques de stimulation et parfois une prise en charge cosm\u00e9tique. Cette approche globale permet non seulement d\u2019att\u00e9nuer la ride visible, mais aussi de corriger ses causes profondes, tout en pr\u00e9servant l\u2019expression naturelle du visage.<br data-start=\"1673\" data-end=\"1676\" \/>C\u2019est l\u00e0 qu\u2019intervient l\u2019expertise du m\u00e9decin : consid\u00e9rer la ride non pas comme un d\u00e9faut isol\u00e9, mais comme le signe d\u2019un d\u00e9s\u00e9quilibre plus large.<\/p>\t\t\t\t\t\t\t\t<\/div>\n\t\t\t\t<\/div>\n\t\t\t\t\t<\/div>\n\t\t\t\t<\/div>\n\t\t<div class=\"elementor-element elementor-element-1c9faf4 e-flex e-con-boxed e-con e-parent\" data-id=\"1c9faf4\" data-element_type=\"container\" data-e-type=\"container\" data-settings=\"{&quot;jet_parallax_layout_list&quot;:[]}\">\n\t\t\t\t\t<div class=\"e-con-inner\">\n\t\t\t\t<div class=\"elementor-element elementor-element-d54c83f elementor-widget elementor-widget-text-editor\" data-id=\"d54c83f\" data-element_type=\"widget\" data-e-type=\"widget\" data-widget_type=\"text-editor.default\">\n\t\t\t\t<div class=\"elementor-widget-container\">\n\t\t\t\t\t\t\t\t\t<h2>Pourquoi identifier le type de ride est essentiel\u00a0?<\/h2>\t\t\t\t\t\t\t\t<\/div>\n\t\t\t\t<\/div>\n\t\t\t\t<div class=\"elementor-element elementor-element-47da2f1 elementor-widget-divider--view-line elementor-widget elementor-widget-divider\" data-id=\"47da2f1\" data-element_type=\"widget\" data-e-type=\"widget\" data-widget_type=\"divider.default\">\n\t\t\t\t<div class=\"elementor-widget-container\">\n\t\t\t\t\t\t\t<div class=\"elementor-divider\">\n\t\t\t<span class=\"elementor-divider-separator\">\n\t\t\t\t\t\t<\/span>\n\t\t<\/div>\n\t\t\t\t\t\t<\/div>\n\t\t\t\t<\/div>\n\t\t\t\t<div class=\"elementor-element elementor-element-f8cce6d elementor-widget elementor-widget-text-editor\" data-id=\"f8cce6d\" data-element_type=\"widget\" data-e-type=\"widget\" data-widget_type=\"text-editor.default\">\n\t\t\t\t<div class=\"elementor-widget-container\">\n\t\t\t\t\t\t\t\t\t<p>Une ride n\u2019est jamais seulement un pli en surface. Elle refl\u00e8te un d\u00e9s\u00e9quilibre plus profond, qu\u2019il soit musculaire, dermique, tissulaire ou li\u00e9 \u00e0 l\u2019environnement. C\u2019est pourquoi une analyse m\u00e9dicale pr\u00e9cise est essentielle pour d\u00e9terminer le type de ride et choisir la technique la plus adapt\u00e9e, qu\u2019il s\u2019agisse de comblement, de stimulation dermique ou de rel\u00e2chement musculaire. Cette \u00e9tape permet d\u2019\u00e9viter les traitements inadapt\u00e9s ou excessifs, de pr\u00e9server l\u2019harmonie naturelle du visage et de construire un plan de soin progressif et personnalis\u00e9.<br data-start=\"722\" data-end=\"725\" \/>La qualit\u00e9 de cette analyse initiale est d\u00e9terminante. L\u2019objectif n\u2019est pas de combler chaque ride \u00e0 tout prix, mais de comprendre leur origine, de r\u00e9tablir l\u2019\u00e9quilibre du visage et d\u2019accompagner le vieillissement avec finesse et justesse.<\/p>\t\t\t\t\t\t\t\t<\/div>\n\t\t\t\t<\/div>\n\t\t\t\t\t<\/div>\n\t\t\t\t<\/div>\n\t\t<div class=\"elementor-element elementor-element-b56c082 e-flex e-con-boxed e-con e-parent\" data-id=\"b56c082\" data-element_type=\"container\" data-e-type=\"container\" data-settings=\"{&quot;jet_parallax_layout_list&quot;:[]}\">\n\t\t\t\t\t<div class=\"e-con-inner\">\n\t\t\t\t<div class=\"elementor-element elementor-element-eff6460 elementor-widget elementor-widget-text-editor\" data-id=\"eff6460\" data-element_type=\"widget\" data-e-type=\"widget\" data-widget_type=\"text-editor.default\">\n\t\t\t\t<div class=\"elementor-widget-container\">\n\t\t\t\t\t\t\t\t\t<h2>\u00c9volution d\u2019une ride<\/h2>\t\t\t\t\t\t\t\t<\/div>\n\t\t\t\t<\/div>\n\t\t\t\t<div class=\"elementor-element elementor-element-9d147b8 elementor-widget-divider--view-line elementor-widget elementor-widget-divider\" data-id=\"9d147b8\" data-element_type=\"widget\" data-e-type=\"widget\" data-widget_type=\"divider.default\">\n\t\t\t\t<div class=\"elementor-widget-container\">\n\t\t\t\t\t\t\t<div class=\"elementor-divider\">\n\t\t\t<span class=\"elementor-divider-separator\">\n\t\t\t\t\t\t<\/span>\n\t\t<\/div>\n\t\t\t\t\t\t<\/div>\n\t\t\t\t<\/div>\n\t\t\t\t<div class=\"elementor-element elementor-element-ff8eed1 elementor-widget elementor-widget-text-editor\" data-id=\"ff8eed1\" data-element_type=\"widget\" data-e-type=\"widget\" data-widget_type=\"text-editor.default\">\n\t\t\t\t<div class=\"elementor-widget-container\">\n\t\t\t\t\t\t\t\t\t<p>Une erreur courante consiste \u00e0 consid\u00e9rer les rides comme des marques fig\u00e9es. En r\u00e9alit\u00e9, elles \u00e9voluent avec le temps et passent d\u2019un \u00e9tat r\u00e9versible \u00e0 une structure permanente, au fur et \u00e0 mesure que la peau perd sa capacit\u00e9 \u00e0 compenser les contractions musculaires, les agressions ext\u00e9rieures et la diminution de ses composants essentiels comme le collag\u00e8ne ou l\u2019\u00e9lastine.<br data-start=\"558\" data-end=\"561\" \/>On distingue g\u00e9n\u00e9ralement trois grandes \u00e9tapes dans ce processus.<br data-start=\"626\" data-end=\"629\" \/>Dans un premier temps, la ride est dite dynamique : elle appara\u00eet seulement lorsque le muscle sous-jacent se contracte. C\u2019est le cas, par exemple, des rides du front, de la glabelle ou des pattes-d\u2019oie. \u00c0 ce stade, le traitement est surtout pr\u00e9ventif. La toxine botulique permet de limiter les contractions trop intenses et de retarder la fixation de la ride dans le derme.<br data-start=\"1002\" data-end=\"1005\" \/>Ensuite, la ride devient visible m\u00eame au repos. La peau n\u2019arrive plus \u00e0 se d\u00e9tendre compl\u00e8tement, ce qui traduit une alt\u00e9ration du collag\u00e8ne et de l\u2019\u00e9lastine. On parle alors de ride statique.<br data-start=\"1196\" data-end=\"1199\" \/>Enfin, au stade le plus avanc\u00e9, la ride devient structurelle. Elle est marqu\u00e9e, profonde, parfois associ\u00e9e \u00e0 un creusement ou \u00e0 un affaissement localis\u00e9.<br data-start=\"1352\" data-end=\"1355\" \/>Comprendre cette \u00e9volution progressive est essentiel en m\u00e9decine \u00e0 vis\u00e9e esth\u00e9tique. Cela permet d\u2019adapter le traitement non seulement au type de ride, mais aussi \u00e0 son stade d\u2019\u00e9volution. Int\u00e9grer cette dimension du temps dans le plan de soin garantit des r\u00e9sultats plus naturels et plus durables.<\/p>\t\t\t\t\t\t\t\t<\/div>\n\t\t\t\t<\/div>\n\t\t\t\t\t<\/div>\n\t\t\t\t<\/div>\n\t\t<div class=\"elementor-element elementor-element-17864d2 e-flex e-con-boxed e-con e-parent\" data-id=\"17864d2\" data-element_type=\"container\" data-e-type=\"container\" data-settings=\"{&quot;jet_parallax_layout_list&quot;:[]}\">\n\t\t\t\t\t<div class=\"e-con-inner\">\n\t\t\t\t<div class=\"elementor-element elementor-element-4be7dd5 elementor-widget elementor-widget-text-editor\" data-id=\"4be7dd5\" data-element_type=\"widget\" data-e-type=\"widget\" data-widget_type=\"text-editor.default\">\n\t\t\t\t<div class=\"elementor-widget-container\">\n\t\t\t\t\t\t\t\t\t<h2>Conclusion : types de ride<\/h2>\t\t\t\t\t\t\t\t<\/div>\n\t\t\t\t<\/div>\n\t\t\t\t<div class=\"elementor-element elementor-element-3816acc elementor-widget-divider--view-line elementor-widget elementor-widget-divider\" data-id=\"3816acc\" data-element_type=\"widget\" data-e-type=\"widget\" data-widget_type=\"divider.default\">\n\t\t\t\t<div class=\"elementor-widget-container\">\n\t\t\t\t\t\t\t<div class=\"elementor-divider\">\n\t\t\t<span class=\"elementor-divider-separator\">\n\t\t\t\t\t\t<\/span>\n\t\t<\/div>\n\t\t\t\t\t\t<\/div>\n\t\t\t\t<\/div>\n\t\t\t\t<div class=\"elementor-element elementor-element-bcd11d9 elementor-widget elementor-widget-text-editor\" data-id=\"bcd11d9\" data-element_type=\"widget\" data-e-type=\"widget\" data-widget_type=\"text-editor.default\">\n\t\t\t\t<div class=\"elementor-widget-container\">\n\t\t\t\t\t\t\t\t\t<p>Chaque ride est le reflet d\u2019un m\u00e9canisme distinct, qu\u2019elle soit dynamique, structurelle, gravitationnelle, ou li\u00e9e \u00e0 une perte de densit\u00e9 ou d\u2019hydratation. Le succ\u00e8s d\u2019un traitement anti-ride repose sur la capacit\u00e9 du m\u00e9decin \u00e0 identifier avec pr\u00e9cision la nature de chaque ride, et \u00e0 lui apporter une r\u00e9ponse cibl\u00e9e, respectueuse de la physiologie du visage.<br \/>Un m\u00e9decin exp\u00e9riment\u00e9 saura ne pas effacer les rides \u00e0 tout prix, mais restaurer l\u2019\u00e9quilibre du visage avec intelligence, pr\u00e9cision et mesure.<\/p>\t\t\t\t\t\t\t\t<\/div>\n\t\t\t\t<\/div>\n\t\t\t\t\t<\/div>\n\t\t\t\t<\/div>\n\t\t<div class=\"elementor-element elementor-element-37a417d e-flex e-con-boxed e-con e-parent\" data-id=\"37a417d\" data-element_type=\"container\" data-e-type=\"container\" data-settings=\"{&quot;jet_parallax_layout_list&quot;:[]}\">\n\t\t\t\t\t<div class=\"e-con-inner\">\n\t\t<div class=\"elementor-element elementor-element-9d40d51 e-con-full e-flex e-con e-child\" data-id=\"9d40d51\" data-element_type=\"container\" data-e-type=\"container\" data-settings=\"{&quot;jet_parallax_layout_list&quot;:[]}\">\n\t\t<div class=\"elementor-element elementor-element-2b81350 e-con-full e-flex e-con e-child\" data-id=\"2b81350\" data-element_type=\"container\" data-e-type=\"container\" data-settings=\"{&quot;jet_parallax_layout_list&quot;:[]}\">\n\t\t<div class=\"elementor-element elementor-element-79179b9 e-con-full e-flex e-con e-child\" data-id=\"79179b9\" data-element_type=\"container\" data-e-type=\"container\" data-settings=\"{&quot;jet_parallax_layout_list&quot;:[]}\">\n\t\t<div class=\"elementor-element elementor-element-3c5a84d e-con-full e-flex e-con e-child\" data-id=\"3c5a84d\" data-element_type=\"container\" data-e-type=\"container\" data-settings=\"{&quot;jet_parallax_layout_list&quot;:[]}\">\n\t\t\t\t<div class=\"elementor-element elementor-element-bf3c851 elementor-widget elementor-widget-image\" data-id=\"bf3c851\" data-element_type=\"widget\" data-e-type=\"widget\" data-widget_type=\"image.default\">\n\t\t\t\t<div class=\"elementor-widget-container\">\n\t\t\t\t\t\t\t\t\t\t\t\t\t\t\t<img decoding=\"async\" width=\"150\" height=\"150\" src=\"https:\/\/drromanovaleria.ch\/wp-content\/uploads\/2024\/07\/photo-docteur-romano-valeria-150x150.webp\" class=\"attachment-thumbnail size-thumbnail wp-image-13266\" alt=\"Photo docteur Valeria Romano \u00e0 Gen\u00e8ve\" \/>\t\t\t\t\t\t\t\t\t\t\t\t\t\t\t<\/div>\n\t\t\t\t<\/div>\n\t\t\t\t<div class=\"elementor-element elementor-element-68bc549 elementor-widget elementor-widget-text-editor\" data-id=\"68bc549\" data-element_type=\"widget\" data-e-type=\"widget\" data-widget_type=\"text-editor.default\">\n\t\t\t\t<div class=\"elementor-widget-container\">\n\t\t\t\t\t\t\t\t\t<p>Article r\u00e9dig\u00e9 par le <a href=\"https:\/\/drromanovaleria.ch\/\">Dr Romano Valeria<\/a><\/p>\t\t\t\t\t\t\t\t<\/div>\n\t\t\t\t<\/div>\n\t\t\t\t<\/div>\n\t\t<div class=\"elementor-element elementor-element-8b68b6b e-con-full e-flex e-con e-child\" data-id=\"8b68b6b\" data-element_type=\"container\" data-e-type=\"container\" data-settings=\"{&quot;jet_parallax_layout_list&quot;:[]}\">\n\t\t\t\t<div class=\"elementor-element elementor-element-a04e4c8 elementor-widget elementor-widget-text-editor\" data-id=\"a04e4c8\" data-element_type=\"widget\" data-e-type=\"widget\" data-widget_type=\"text-editor.default\">\n\t\t\t\t<div class=\"elementor-widget-container\">\n\t\t\t\t\t\t\t\t\t<p>PARTAGER CET ARTICLE SUR<\/p>\t\t\t\t\t\t\t\t<\/div>\n\t\t\t\t<\/div>\n\t\t\t\t<div class=\"elementor-element elementor-element-5078d4f elementor-share-buttons--view-icon-text elementor-share-buttons--skin-gradient elementor-share-buttons--shape-square elementor-grid-0 elementor-share-buttons--color-official elementor-widget elementor-widget-share-buttons\" data-id=\"5078d4f\" data-element_type=\"widget\" data-e-type=\"widget\" data-widget_type=\"share-buttons.default\">\n\t\t\t\t<div class=\"elementor-widget-container\">\n\t\t\t\t\t\t\t<div class=\"elementor-grid\">\n\t\t\t\t\t\t\t\t<div class=\"elementor-grid-item\">\n\t\t\t\t\t\t<div class=\"elementor-share-btn elementor-share-btn_linkedin\" role=\"button\" tabindex=\"0\" aria-label=\"Partager sur linkedin\">\n\t\t\t\t\t\t\t\t\t\t\t\t\t\t\t<span class=\"elementor-share-btn__icon\">\n\t\t\t\t\t\t\t\t<svg aria-hidden=\"true\" class=\"e-font-icon-svg e-fab-linkedin\" viewBox=\"0 0 448 512\" xmlns=\"http:\/\/www.w3.org\/2000\/svg\"><path d=\"M416 32H31.9C14.3 32 0 46.5 0 64.3v383.4C0 465.5 14.3 480 31.9 480H416c17.6 0 32-14.5 32-32.3V64.3c0-17.8-14.4-32.3-32-32.3zM135.4 416H69V202.2h66.5V416zm-33.2-243c-21.3 0-38.5-17.3-38.5-38.5S80.9 96 102.2 96c21.2 0 38.5 17.3 38.5 38.5 0 21.3-17.2 38.5-38.5 38.5zm282.1 243h-66.4V312c0-24.8-.5-56.7-34.5-56.7-34.6 0-39.9 27-39.9 54.9V416h-66.4V202.2h63.7v29.2h.9c8.9-16.8 30.6-34.5 62.9-34.5 67.2 0 79.7 44.3 79.7 101.9V416z\"><\/path><\/svg>\t\t\t\t\t\t\t<\/span>\n\t\t\t\t\t\t\t\t\t\t\t\t\t\t\t\t\t\t\t\t\t\t<div class=\"elementor-share-btn__text\">\n\t\t\t\t\t\t\t\t\t\t\t\t\t\t\t\t\t\t\t<span class=\"elementor-share-btn__title\">\n\t\t\t\t\t\t\t\t\t\tLinkedIn\t\t\t\t\t\t\t\t\t<\/span>\n\t\t\t\t\t\t\t\t\t\t\t\t\t\t\t\t\t<\/div>\n\t\t\t\t\t\t\t\t\t\t\t\t\t<\/div>\n\t\t\t\t\t<\/div>\n\t\t\t\t\t\t<\/div>\n\t\t\t\t\t\t<\/div>\n\t\t\t\t<\/div>\n\t\t\t\t<\/div>\n\t\t\t\t<\/div>\n\t\t\t\t<div class=\"elementor-element elementor-element-5489414 elementor-align-start elementor-mobile-align-start elementor-icon-list--layout-traditional elementor-list-item-link-full_width elementor-widget elementor-widget-icon-list\" data-id=\"5489414\" data-element_type=\"widget\" data-e-type=\"widget\" data-widget_type=\"icon-list.default\">\n\t\t\t\t<div class=\"elementor-widget-container\">\n\t\t\t\t\t\t\t<ul class=\"elementor-icon-list-items\">\n\t\t\t\t\t\t\t<li class=\"elementor-icon-list-item\">\n\t\t\t\t\t\t\t\t\t\t\t<a href=\"mailto:dr.romano.valeria@gmail.com\">\n\n\t\t\t\t\t\t\t\t\t\t\t\t<span class=\"elementor-icon-list-icon\">\n\t\t\t\t\t\t\t<svg aria-hidden=\"true\" class=\"e-font-icon-svg e-fas-envelope\" viewBox=\"0 0 512 512\" xmlns=\"http:\/\/www.w3.org\/2000\/svg\"><path d=\"M502.3 190.8c3.9-3.1 9.7-.2 9.7 4.7V400c0 26.5-21.5 48-48 48H48c-26.5 0-48-21.5-48-48V195.6c0-5 5.7-7.8 9.7-4.7 22.4 17.4 52.1 39.5 154.1 113.6 21.1 15.4 56.7 47.8 92.2 47.6 35.7.3 72-32.8 92.3-47.6 102-74.1 131.6-96.3 154-113.7zM256 320c23.2.4 56.6-29.2 73.4-41.4 132.7-96.3 142.8-104.7 173.4-128.7 5.8-4.5 9.2-11.5 9.2-18.9v-19c0-26.5-21.5-48-48-48H48C21.5 64 0 85.5 0 112v19c0 7.4 3.4 14.3 9.2 18.9 30.6 23.9 40.7 32.4 173.4 128.7 16.8 12.2 50.2 41.8 73.4 41.4z\"><\/path><\/svg>\t\t\t\t\t\t<\/span>\n\t\t\t\t\t\t\t\t\t\t<span class=\"elementor-icon-list-text\">dr.romano.valeria@gmail.com<\/span>\n\t\t\t\t\t\t\t\t\t\t\t<\/a>\n\t\t\t\t\t\t\t\t\t<\/li>\n\t\t\t\t\t\t\t\t<li class=\"elementor-icon-list-item\">\n\t\t\t\t\t\t\t\t\t\t\t<a href=\"tel:+41%2078%20209%2002%2089\">\n\n\t\t\t\t\t\t\t\t\t\t\t\t<span class=\"elementor-icon-list-icon\">\n\t\t\t\t\t\t\t<svg aria-hidden=\"true\" class=\"e-font-icon-svg e-fas-phone-alt\" viewBox=\"0 0 512 512\" xmlns=\"http:\/\/www.w3.org\/2000\/svg\"><path d=\"M497.39 361.8l-112-48a24 24 0 0 0-28 6.9l-49.6 60.6A370.66 370.66 0 0 1 130.6 204.11l60.6-49.6a23.94 23.94 0 0 0 6.9-28l-48-112A24.16 24.16 0 0 0 122.6.61l-104 24A24 24 0 0 0 0 48c0 256.5 207.9 464 464 464a24 24 0 0 0 23.4-18.6l24-104a24.29 24.29 0 0 0-14.01-27.6z\"><\/path><\/svg>\t\t\t\t\t\t<\/span>\n\t\t\t\t\t\t\t\t\t\t<span class=\"elementor-icon-list-text\">+41 78 209 02 89<\/span>\n\t\t\t\t\t\t\t\t\t\t\t<\/a>\n\t\t\t\t\t\t\t\t\t<\/li>\n\t\t\t\t\t\t<\/ul>\n\t\t\t\t\t\t<\/div>\n\t\t\t\t<\/div>\n\t\t\t\t<\/div>\n\t\t\t\t<\/div>\n\t\t\t\t\t<\/div>\n\t\t\t\t<\/div>\n\t\t\t\t<\/div>\n\t\t","protected":false},"featured_media":0,"template":"elementor_header_footer","class_list":["post-25979","infographie","type-infographie","status-publish","hentry"],"yoast_head":"<!-- This site is optimized with the Yoast SEO plugin v27.5 - https:\/\/yoast.com\/product\/yoast-seo-wordpress\/ -->\n<title>Quels sont les diff\u00e9rents types de rides ? - Dr Romano<\/title>\n<meta name=\"description\" content=\"Pr\u00e9sentation des principaux types de rides : d\u2019expression, statiques, gravitationnelles et actiniques. Origine, localisation et m\u00e9canismes de formation de chaque type.\" \/>\n<meta name=\"robots\" content=\"index, follow, max-snippet:-1, max-image-preview:large, max-video-preview:-1\" \/>\n<link rel=\"canonical\" href=\"https:\/\/drromanovaleria.ch\/it\/infografia\/tipi-rughe\/\" \/>\n<meta property=\"og:locale\" content=\"it_IT\" \/>\n<meta property=\"og:type\" content=\"article\" \/>\n<meta property=\"og:title\" content=\"Quels sont les diff\u00e9rents types de rides ? - Dr Romano\" \/>\n<meta property=\"og:description\" content=\"Pr\u00e9sentation des principaux types de rides : d\u2019expression, statiques, gravitationnelles et actiniques. Origine, localisation et m\u00e9canismes de formation de chaque type.\" \/>\n<meta property=\"og:url\" content=\"https:\/\/drromanovaleria.ch\/it\/infografia\/tipi-rughe\/\" \/>\n<meta property=\"og:site_name\" content=\"Dr Romano\" \/>\n<meta property=\"article:modified_time\" content=\"2025-11-06T11:07:23+00:00\" \/>\n<meta property=\"og:image\" content=\"https:\/\/drromanovaleria.ch\/wp-content\/uploads\/2024\/05\/hydratation-peau.webp\" \/>\n\t<meta property=\"og:image:width\" content=\"300\" \/>\n\t<meta property=\"og:image:height\" content=\"220\" \/>\n\t<meta property=\"og:image:type\" content=\"image\/webp\" \/>\n<meta name=\"twitter:card\" content=\"summary_large_image\" \/>\n<meta name=\"twitter:label1\" content=\"Tempo di lettura stimato\" \/>\n\t<meta name=\"twitter:data1\" content=\"9 minuti\" \/>\n<script type=\"application\/ld+json\" class=\"yoast-schema-graph\">{\"@context\":\"https:\\\/\\\/schema.org\",\"@graph\":[{\"@type\":\"WebPage\",\"@id\":\"https:\\\/\\\/drromanovaleria.ch\\\/infographie\\\/types-rides\\\/\",\"url\":\"https:\\\/\\\/drromanovaleria.ch\\\/infographie\\\/types-rides\\\/\",\"name\":\"Quels sont les diff\u00e9rents types de rides ? - Dr Romano\",\"isPartOf\":{\"@id\":\"https:\\\/\\\/drromanovaleria.ch\\\/#website\"},\"primaryImageOfPage\":{\"@id\":\"https:\\\/\\\/drromanovaleria.ch\\\/infographie\\\/types-rides\\\/#primaryimage\"},\"image\":{\"@id\":\"https:\\\/\\\/drromanovaleria.ch\\\/infographie\\\/types-rides\\\/#primaryimage\"},\"thumbnailUrl\":\"https:\\\/\\\/drromanovaleria.ch\\\/wp-content\\\/uploads\\\/2024\\\/05\\\/hydratation-peau.webp\",\"datePublished\":\"2025-05-08T11:06:00+00:00\",\"dateModified\":\"2025-11-06T11:07:23+00:00\",\"description\":\"Pr\u00e9sentation des principaux types de rides : d\u2019expression, statiques, gravitationnelles et actiniques. Origine, localisation et m\u00e9canismes de formation de chaque type.\",\"breadcrumb\":{\"@id\":\"https:\\\/\\\/drromanovaleria.ch\\\/infographie\\\/types-rides\\\/#breadcrumb\"},\"inLanguage\":\"it-IT\",\"potentialAction\":[{\"@type\":\"ReadAction\",\"target\":[\"https:\\\/\\\/drromanovaleria.ch\\\/infographie\\\/types-rides\\\/\"]}]},{\"@type\":\"ImageObject\",\"inLanguage\":\"it-IT\",\"@id\":\"https:\\\/\\\/drromanovaleria.ch\\\/infographie\\\/types-rides\\\/#primaryimage\",\"url\":\"https:\\\/\\\/drromanovaleria.ch\\\/wp-content\\\/uploads\\\/2024\\\/05\\\/hydratation-peau.webp\",\"contentUrl\":\"https:\\\/\\\/drromanovaleria.ch\\\/wp-content\\\/uploads\\\/2024\\\/05\\\/hydratation-peau.webp\"},{\"@type\":\"BreadcrumbList\",\"@id\":\"https:\\\/\\\/drromanovaleria.ch\\\/infographie\\\/types-rides\\\/#breadcrumb\",\"itemListElement\":[{\"@type\":\"ListItem\",\"position\":1,\"name\":\"Accueil\",\"item\":\"https:\\\/\\\/drromanovaleria.ch\\\/\"},{\"@type\":\"ListItem\",\"position\":2,\"name\":\"Infographie\",\"item\":\"https:\\\/\\\/drromanovaleria.ch\\\/infographie\\\/\"},{\"@type\":\"ListItem\",\"position\":3,\"name\":\"Quels sont les diff\u00e9rents types de rides ?\"}]},{\"@type\":\"WebSite\",\"@id\":\"https:\\\/\\\/drromanovaleria.ch\\\/#website\",\"url\":\"https:\\\/\\\/drromanovaleria.ch\\\/\",\"name\":\"Dr Romano\",\"description\":\"M\u00e9decine morphologique et anti-\u00e2ge\",\"potentialAction\":[{\"@type\":\"SearchAction\",\"target\":{\"@type\":\"EntryPoint\",\"urlTemplate\":\"https:\\\/\\\/drromanovaleria.ch\\\/?s={search_term_string}\"},\"query-input\":{\"@type\":\"PropertyValueSpecification\",\"valueRequired\":true,\"valueName\":\"search_term_string\"}}],\"inLanguage\":\"it-IT\"}]}<\/script>\n<!-- \/ Yoast SEO plugin. -->","yoast_head_json":{"title":"Quali sono i diversi tipi di rughe ? - Dr Romano","description":"Presentazione dei principali tipi di rughe : d\u2019espressione, statiche, gravitazionali e attiniche. Origine, localizzazione e meccanismi di formazione di ciascun tipo.","robots":{"index":"index","follow":"follow","max-snippet":"max-snippet:-1","max-image-preview":"max-image-preview:large","max-video-preview":"max-video-preview:-1"},"canonical":"https:\/\/drromanovaleria.ch\/it\/infografia\/tipi-rughe\/","og_locale":"it_IT","og_type":"article","og_title":"Quels sont les diff\u00e9rents types de rides ? - Dr Romano","og_description":"Pr\u00e9sentation des principaux types de rides : d\u2019expression, statiques, gravitationnelles et actiniques. Origine, localisation et m\u00e9canismes de formation de chaque type.","og_url":"https:\/\/drromanovaleria.ch\/it\/infografia\/tipi-rughe\/","og_site_name":"Dr Romano","article_modified_time":"2025-11-06T11:07:23+00:00","og_image":[{"width":300,"height":220,"url":"https:\/\/drromanovaleria.ch\/wp-content\/uploads\/2024\/05\/hydratation-peau.webp","type":"image\/webp"}],"twitter_card":"summary_large_image","twitter_misc":{"Tempo di lettura stimato":"9 minuti"},"schema":{"@context":"https:\/\/schema.org","@graph":[{"@type":"WebPage","@id":"https:\/\/drromanovaleria.ch\/infographie\/types-rides\/","url":"https:\/\/drromanovaleria.ch\/infographie\/types-rides\/","name":"Quali sono i diversi tipi di rughe ? - Dr Romano","isPartOf":{"@id":"https:\/\/drromanovaleria.ch\/#website"},"primaryImageOfPage":{"@id":"https:\/\/drromanovaleria.ch\/infographie\/types-rides\/#primaryimage"},"image":{"@id":"https:\/\/drromanovaleria.ch\/infographie\/types-rides\/#primaryimage"},"thumbnailUrl":"https:\/\/drromanovaleria.ch\/wp-content\/uploads\/2024\/05\/hydratation-peau.webp","datePublished":"2025-05-08T11:06:00+00:00","dateModified":"2025-11-06T11:07:23+00:00","description":"Presentazione dei principali tipi di rughe : d\u2019espressione, statiche, gravitazionali e attiniche. Origine, localizzazione e meccanismi di formazione di ciascun tipo.","breadcrumb":{"@id":"https:\/\/drromanovaleria.ch\/infographie\/types-rides\/#breadcrumb"},"inLanguage":"it-IT","potentialAction":[{"@type":"ReadAction","target":["https:\/\/drromanovaleria.ch\/infographie\/types-rides\/"]}]},{"@type":"ImageObject","inLanguage":"it-IT","@id":"https:\/\/drromanovaleria.ch\/infographie\/types-rides\/#primaryimage","url":"https:\/\/drromanovaleria.ch\/wp-content\/uploads\/2024\/05\/hydratation-peau.webp","contentUrl":"https:\/\/drromanovaleria.ch\/wp-content\/uploads\/2024\/05\/hydratation-peau.webp"},{"@type":"BreadcrumbList","@id":"https:\/\/drromanovaleria.ch\/infographie\/types-rides\/#breadcrumb","itemListElement":[{"@type":"ListItem","position":1,"name":"Accueil","item":"https:\/\/drromanovaleria.ch\/"},{"@type":"ListItem","position":2,"name":"Infographie","item":"https:\/\/drromanovaleria.ch\/infographie\/"},{"@type":"ListItem","position":3,"name":"Quels sont les diff\u00e9rents types de rides ?"}]},{"@type":"WebSite","@id":"https:\/\/drromanovaleria.ch\/#website","url":"https:\/\/drromanovaleria.ch\/","name":"Dott. Romano","description":"Medicina morfologica e anti-invecchiamento","potentialAction":[{"@type":"SearchAction","target":{"@type":"EntryPoint","urlTemplate":"https:\/\/drromanovaleria.ch\/?s={search_term_string}"},"query-input":{"@type":"PropertyValueSpecification","valueRequired":true,"valueName":"search_term_string"}}],"inLanguage":"it-IT"}]}},"_links":{"self":[{"href":"https:\/\/drromanovaleria.ch\/it\/wp-json\/wp\/v2\/infographie\/25979","targetHints":{"allow":["GET"]}}],"collection":[{"href":"https:\/\/drromanovaleria.ch\/it\/wp-json\/wp\/v2\/infographie"}],"about":[{"href":"https:\/\/drromanovaleria.ch\/it\/wp-json\/wp\/v2\/types\/infographie"}],"version-history":[{"count":5,"href":"https:\/\/drromanovaleria.ch\/it\/wp-json\/wp\/v2\/infographie\/25979\/revisions"}],"predecessor-version":[{"id":43204,"href":"https:\/\/drromanovaleria.ch\/it\/wp-json\/wp\/v2\/infographie\/25979\/revisions\/43204"}],"wp:attachment":[{"href":"https:\/\/drromanovaleria.ch\/it\/wp-json\/wp\/v2\/media?parent=25979"}],"curies":[{"name":"wp","href":"https:\/\/api.w.org\/{rel}","templated":true}]}}