{"id":25971,"date":"2025-05-08T13:02:15","date_gmt":"2025-05-08T11:02:15","guid":{"rendered":"https:\/\/drromanovaleria.ch\/?post_type=infographie&#038;p=25971"},"modified":"2025-11-06T12:21:53","modified_gmt":"2025-11-06T11:21:53","slug":"ereditarieta-rughe","status":"publish","type":"infographie","link":"https:\/\/drromanovaleria.ch\/it\/infographie\/heredite-rides\/","title":{"rendered":"Les rides sont-elles h\u00e9r\u00e9ditaires ?"},"content":{"rendered":"\t\t<div data-elementor-type=\"wp-post\" data-elementor-id=\"25971\" class=\"elementor elementor-25971\" data-elementor-post-type=\"infographie\">\n\t\t\t\t<div class=\"elementor-element elementor-element-405e0d4 e-flex e-con-boxed e-con e-parent\" data-id=\"405e0d4\" data-element_type=\"container\" data-e-type=\"container\" data-settings=\"{&quot;background_background&quot;:&quot;classic&quot;,&quot;jet_parallax_layout_list&quot;:[]}\">\n\t\t\t\t\t<div class=\"e-con-inner\">\n\t\t<div class=\"elementor-element elementor-element-b9d99fd e-con-full e-flex e-con e-child\" data-id=\"b9d99fd\" data-element_type=\"container\" data-e-type=\"container\" data-settings=\"{&quot;background_background&quot;:&quot;classic&quot;,&quot;jet_parallax_layout_list&quot;:[]}\">\n\t\t\t\t<div class=\"elementor-element elementor-element-bb19a28 elementor-widget__width-initial elementor-widget elementor-widget-heading\" data-id=\"bb19a28\" data-element_type=\"widget\" data-e-type=\"widget\" data-widget_type=\"heading.default\">\n\t\t\t\t<div class=\"elementor-widget-container\">\n\t\t\t\t\t<h1 class=\"elementor-heading-title elementor-size-default\">LES RIDES SONT-ELLES H\u00c9R\u00c9DITAIRES ?<\/h1>\t\t\t\t<\/div>\n\t\t\t\t<\/div>\n\t\t\t\t<div class=\"elementor-element elementor-element-4de6849 elementor-align-center elementor-widget elementor-widget-breadcrumbs\" data-id=\"4de6849\" data-element_type=\"widget\" data-e-type=\"widget\" data-widget_type=\"breadcrumbs.default\">\n\t\t\t\t<div class=\"elementor-widget-container\">\n\t\t\t\t\t<p id=\"breadcrumbs\"><span><span><a href=\"https:\/\/drromanovaleria.ch\/\">Accueil<\/a><\/span><\/span><\/p>\t\t\t\t<\/div>\n\t\t\t\t<\/div>\n\t\t\t\t<\/div>\n\t\t\t\t\t<\/div>\n\t\t\t\t<\/div>\n\t\t<div class=\"elementor-element elementor-element-66d88dc e-flex e-con-boxed e-con e-parent\" data-id=\"66d88dc\" data-element_type=\"container\" data-e-type=\"container\" data-settings=\"{&quot;jet_parallax_layout_list&quot;:[]}\">\n\t\t\t\t\t<div class=\"e-con-inner\">\n\t\t<div class=\"elementor-element elementor-element-b3b0d83 e-flex e-con-boxed e-con e-child\" data-id=\"b3b0d83\" data-element_type=\"container\" data-e-type=\"container\" data-settings=\"{&quot;jet_parallax_layout_list&quot;:[]}\">\n\t\t\t\t\t<div class=\"e-con-inner\">\n\t\t<div class=\"elementor-element elementor-element-e18b746 e-con-full e-flex e-con e-child\" data-id=\"e18b746\" data-element_type=\"container\" data-e-type=\"container\" data-settings=\"{&quot;background_background&quot;:&quot;classic&quot;,&quot;jet_parallax_layout_list&quot;:[]}\">\n\t\t\t\t<div class=\"elementor-element elementor-element-85aa9ba elementor-widget elementor-widget-text-editor\" data-id=\"85aa9ba\" data-element_type=\"widget\" data-e-type=\"widget\" data-widget_type=\"text-editor.default\">\n\t\t\t\t<div class=\"elementor-widget-container\">\n\t\t\t\t\t\t\t\t\t<h2>Rides et g\u00e9n\u00e9tique<\/h2>\t\t\t\t\t\t\t\t<\/div>\n\t\t\t\t<\/div>\n\t\t\t\t<div class=\"elementor-element elementor-element-25ea668 elementor-widget elementor-widget-text-editor\" data-id=\"25ea668\" data-element_type=\"widget\" data-e-type=\"widget\" data-widget_type=\"text-editor.default\">\n\t\t\t\t<div class=\"elementor-widget-container\">\n\t\t\t\t\t\t\t\t\t<p>Le vieillissement cutan\u00e9, et notamment l\u2019apparition des <a href=\"https:\/\/drromanovaleria.ch\/besoins\/rides\/\">rides<\/a>, r\u00e9sulte d\u2019une interaction complexe entre des facteurs internes \u2013 notamment g\u00e9n\u00e9tiques \u2013 et des influences environnementales et comportementales. De nombreux patients se demandent si leur capital g\u00e9n\u00e9tique d\u00e9termine \u00e0 lui seul l\u2019apparition des rides, leur localisation ou leur profondeur. Cette interrogation est l\u00e9gitime, notamment lorsque des membres d\u2019une m\u00eame famille pr\u00e9sentent des signes de vieillissement similaires.<br \/>La m\u00e9decine moderne, fond\u00e9e sur une compr\u00e9hension fine des processus cutan\u00e9s et des d\u00e9terminants individuels, permet aujourd\u2019hui de mieux comprendre <strong>le poids de l\u2019h\u00e9r\u00e9dit\u00e9 dans le vieillissement cutan\u00e9<\/strong>, tout en proposant des solutions sur mesure, quel que soit le terrain g\u00e9n\u00e9tique.<\/p>\t\t\t\t\t\t\t\t<\/div>\n\t\t\t\t<\/div>\n\t\t\t\t<\/div>\n\t\t\t\t\t<\/div>\n\t\t\t\t<\/div>\n\t\t<div class=\"elementor-element elementor-element-29bf451 e-flex e-con-boxed e-con e-child\" data-id=\"29bf451\" data-element_type=\"container\" data-e-type=\"container\" data-settings=\"{&quot;jet_parallax_layout_list&quot;:[]}\">\n\t\t\t\t\t<div class=\"e-con-inner\">\n\t\t\t\t<div class=\"elementor-element elementor-element-26dd725 elementor-widget elementor-widget-image\" data-id=\"26dd725\" data-element_type=\"widget\" data-e-type=\"widget\" data-widget_type=\"image.default\">\n\t\t\t\t<div class=\"elementor-widget-container\">\n\t\t\t\t\t\t\t\t\t\t\t\t\t\t\t<img fetchpriority=\"high\" decoding=\"async\" width=\"300\" height=\"220\" src=\"https:\/\/drromanovaleria.ch\/wp-content\/uploads\/2024\/05\/hydratation-peau.webp\" class=\"attachment-medium size-medium wp-image-4852\" alt=\"image peau jeune hydrat\u00e9e\" srcset=\"https:\/\/drromanovaleria.ch\/wp-content\/uploads\/2024\/05\/hydratation-peau.webp 300w, https:\/\/drromanovaleria.ch\/wp-content\/uploads\/2024\/05\/hydratation-peau-16x12.webp 16w\" sizes=\"(max-width: 300px) 100vw, 300px\" \/>\t\t\t\t\t\t\t\t\t\t\t\t\t\t\t<\/div>\n\t\t\t\t<\/div>\n\t\t\t\t<div class=\"elementor-element elementor-element-64e95ed elementor-align-center elementor-widget elementor-widget-button\" data-id=\"64e95ed\" data-element_type=\"widget\" data-e-type=\"widget\" data-widget_type=\"button.default\">\n\t\t\t\t<div class=\"elementor-widget-container\">\n\t\t\t\t\t\t\t\t\t<div class=\"elementor-button-wrapper\">\n\t\t\t\t\t<a class=\"elementor-button elementor-button-link elementor-size-sm\" href=\"https:\/\/drromanovaleria.ch\/contactez-le-dr-romano\/\">\n\t\t\t\t\t\t<span class=\"elementor-button-content-wrapper\">\n\t\t\t\t\t\t\t\t\t<span class=\"elementor-button-text\">Prendre rendez-vous<\/span>\n\t\t\t\t\t<\/span>\n\t\t\t\t\t<\/a>\n\t\t\t\t<\/div>\n\t\t\t\t\t\t\t\t<\/div>\n\t\t\t\t<\/div>\n\t\t\t\t\t<\/div>\n\t\t\t\t<\/div>\n\t\t\t\t\t<\/div>\n\t\t\t\t<\/div>\n\t\t<div class=\"elementor-element elementor-element-fb403e6 e-flex e-con-boxed e-con e-parent\" data-id=\"fb403e6\" data-element_type=\"container\" data-e-type=\"container\" data-settings=\"{&quot;jet_parallax_layout_list&quot;:[]}\">\n\t\t\t\t\t<div class=\"e-con-inner\">\n\t\t\t\t<div class=\"elementor-element elementor-element-7f42305 elementor-toc--content-ellipsis elementor-toc--minimized-on-desktop elementor-widget elementor-widget-table-of-contents\" data-id=\"7f42305\" data-element_type=\"widget\" data-e-type=\"widget\" data-settings=\"{&quot;exclude_headings_by_selector&quot;:[],&quot;minimized_on&quot;:&quot;desktop&quot;,&quot;no_headings_message&quot;:&quot;Aucun titre n\\u2019a \\u00e9t\\u00e9 trouv\\u00e9 sur cette page.&quot;,&quot;headings_by_tags&quot;:[&quot;h2&quot;,&quot;h3&quot;,&quot;h4&quot;,&quot;h5&quot;,&quot;h6&quot;],&quot;marker_view&quot;:&quot;numbers&quot;,&quot;minimize_box&quot;:&quot;yes&quot;,&quot;hierarchical_view&quot;:&quot;yes&quot;,&quot;min_height&quot;:{&quot;unit&quot;:&quot;px&quot;,&quot;size&quot;:&quot;&quot;,&quot;sizes&quot;:[]},&quot;min_height_tablet&quot;:{&quot;unit&quot;:&quot;px&quot;,&quot;size&quot;:&quot;&quot;,&quot;sizes&quot;:[]},&quot;min_height_mobile&quot;:{&quot;unit&quot;:&quot;px&quot;,&quot;size&quot;:&quot;&quot;,&quot;sizes&quot;:[]}}\" data-widget_type=\"table-of-contents.default\">\n\t\t\t\t<div class=\"elementor-widget-container\">\n\t\t\t\t\t\t\t\t\t<div class=\"elementor-toc__header\">\n\t\t\t\t\t\t<h2 class=\"elementor-toc__header-title\">\n\t\t\t\tSommaire\t\t\t<\/h2>\n\t\t\t\t\t\t\t\t\t\t<div class=\"elementor-toc__toggle-button elementor-toc__toggle-button--expand\" role=\"button\" tabindex=\"0\" aria-controls=\"elementor-toc__7f42305\" aria-expanded=\"true\" aria-label=\"Ouvrir la table des mati\u00e8res\"><svg aria-hidden=\"true\" class=\"e-font-icon-svg e-fas-chevron-down\" viewBox=\"0 0 448 512\" xmlns=\"http:\/\/www.w3.org\/2000\/svg\"><path d=\"M207.029 381.476L12.686 187.132c-9.373-9.373-9.373-24.569 0-33.941l22.667-22.667c9.357-9.357 24.522-9.375 33.901-.04L224 284.505l154.745-154.021c9.379-9.335 24.544-9.317 33.901.04l22.667 22.667c9.373 9.373 9.373 24.569 0 33.941L240.971 381.476c-9.373 9.372-24.569 9.372-33.942 0z\"><\/path><\/svg><\/div>\n\t\t\t\t<div class=\"elementor-toc__toggle-button elementor-toc__toggle-button--collapse\" role=\"button\" tabindex=\"0\" aria-controls=\"elementor-toc__7f42305\" aria-expanded=\"true\" aria-label=\"Fermer la table des mati\u00e8res\"><svg aria-hidden=\"true\" class=\"e-font-icon-svg e-fas-chevron-up\" viewBox=\"0 0 448 512\" xmlns=\"http:\/\/www.w3.org\/2000\/svg\"><path d=\"M240.971 130.524l194.343 194.343c9.373 9.373 9.373 24.569 0 33.941l-22.667 22.667c-9.357 9.357-24.522 9.375-33.901.04L224 227.495 69.255 381.516c-9.379 9.335-24.544 9.317-33.901-.04l-22.667-22.667c-9.373-9.373-9.373-24.569 0-33.941L207.03 130.525c9.372-9.373 24.568-9.373 33.941-.001z\"><\/path><\/svg><\/div>\n\t\t\t\t\t<\/div>\n\t\t\t\t<div id=\"elementor-toc__7f42305\" class=\"elementor-toc__body\">\n\t\t\t<div class=\"elementor-toc__spinner-container\">\n\t\t\t\t<svg class=\"elementor-toc__spinner eicon-animation-spin e-font-icon-svg e-eicon-loading\" aria-hidden=\"true\" viewBox=\"0 0 1000 1000\" xmlns=\"http:\/\/www.w3.org\/2000\/svg\"><path d=\"M500 975V858C696 858 858 696 858 500S696 142 500 142 142 304 142 500H25C25 237 238 25 500 25S975 237 975 500 763 975 500 975Z\"><\/path><\/svg>\t\t\t<\/div>\n\t\t<\/div>\n\t\t\t\t\t\t<\/div>\n\t\t\t\t<\/div>\n\t\t\t\t\t<\/div>\n\t\t\t\t<\/div>\n\t\t<div class=\"elementor-element elementor-element-77edba1 e-flex e-con-boxed e-con e-parent\" data-id=\"77edba1\" data-element_type=\"container\" data-e-type=\"container\" data-settings=\"{&quot;jet_parallax_layout_list&quot;:[]}\">\n\t\t\t\t\t<div class=\"e-con-inner\">\n\t\t\t\t<div class=\"elementor-element elementor-element-ebc7d33 elementor-widget elementor-widget-text-editor\" data-id=\"ebc7d33\" data-element_type=\"widget\" data-e-type=\"widget\" data-widget_type=\"text-editor.default\">\n\t\t\t\t<div class=\"elementor-widget-container\">\n\t\t\t\t\t\t\t\t\t<h2>Vieillissement cutan\u00e9 : un processus multifactoriel<\/h2>\t\t\t\t\t\t\t\t<\/div>\n\t\t\t\t<\/div>\n\t\t\t\t<div class=\"elementor-element elementor-element-62397bf elementor-widget-divider--view-line elementor-widget elementor-widget-divider\" data-id=\"62397bf\" data-element_type=\"widget\" data-e-type=\"widget\" data-widget_type=\"divider.default\">\n\t\t\t\t<div class=\"elementor-widget-container\">\n\t\t\t\t\t\t\t<div class=\"elementor-divider\">\n\t\t\t<span class=\"elementor-divider-separator\">\n\t\t\t\t\t\t<\/span>\n\t\t<\/div>\n\t\t\t\t\t\t<\/div>\n\t\t\t\t<\/div>\n\t\t\t\t<div class=\"elementor-element elementor-element-cece248 elementor-widget elementor-widget-text-editor\" data-id=\"cece248\" data-element_type=\"widget\" data-e-type=\"widget\" data-widget_type=\"text-editor.default\">\n\t\t\t\t<div class=\"elementor-widget-container\">\n\t\t\t\t\t\t\t\t\t<p>Les rides apparaissent \u00e0 cause de plusieurs ph\u00e9nom\u00e8nes physiologiques. <br \/>Le vieillissement dit \u201cintrins\u00e8que\u201d est g\u00e9n\u00e9tiquement programm\u00e9. Il se traduit par un ralentissement de la division cellulaire, une diminution de la production de collag\u00e8ne, d\u2019\u00e9lastine et d\u2019acide hyaluronique, ainsi qu\u2019une perte progressive de la coh\u00e9sion entre les cellules. Ce processus, in\u00e9vitable, conduit \u00e0 une peau plus fine, plus s\u00e8che, moins souple, et donc plus sujette \u00e0 la formation de rides.<br \/>Le vieillissement \u201cextrins\u00e8que\u201d d\u00e9pend de facteurs externes : exposition solaire (photovieillissement), tabac, stress oxydatif, pollution, manque de sommeil ou alimentation d\u00e9s\u00e9quilibr\u00e9e. Ces \u00e9l\u00e9ments peuvent acc\u00e9l\u00e9rer de fa\u00e7on significative les effets du vieillissement intrins\u00e8que, quel que soit le patrimoine g\u00e9n\u00e9tique initial.<br \/>Ainsi, la formation des rides est toujours le r\u00e9sultat d\u2019une double dynamique : l\u2019une biologique, en partie h\u00e9r\u00e9ditaire, et l\u2019autre environnementale, li\u00e9e au mode de vie.<\/p>\t\t\t\t\t\t\t\t<\/div>\n\t\t\t\t<\/div>\n\t\t\t\t\t<\/div>\n\t\t\t\t<\/div>\n\t\t<div class=\"elementor-element elementor-element-494fbb3 e-flex e-con-boxed e-con e-parent\" data-id=\"494fbb3\" data-element_type=\"container\" data-e-type=\"container\" data-settings=\"{&quot;jet_parallax_layout_list&quot;:[]}\">\n\t\t\t\t\t<div class=\"e-con-inner\">\n\t\t\t\t<div class=\"elementor-element elementor-element-29b720f elementor-widget elementor-widget-text-editor\" data-id=\"29b720f\" data-element_type=\"widget\" data-e-type=\"widget\" data-widget_type=\"text-editor.default\">\n\t\t\t\t<div class=\"elementor-widget-container\">\n\t\t\t\t\t\t\t\t\t<h2>Quel est le r\u00f4le de la g\u00e9n\u00e9tique dans l\u2019apparition des rides ?<\/h2>\t\t\t\t\t\t\t\t<\/div>\n\t\t\t\t<\/div>\n\t\t\t\t<div class=\"elementor-element elementor-element-7bf5263 elementor-widget-divider--view-line elementor-widget elementor-widget-divider\" data-id=\"7bf5263\" data-element_type=\"widget\" data-e-type=\"widget\" data-widget_type=\"divider.default\">\n\t\t\t\t<div class=\"elementor-widget-container\">\n\t\t\t\t\t\t\t<div class=\"elementor-divider\">\n\t\t\t<span class=\"elementor-divider-separator\">\n\t\t\t\t\t\t<\/span>\n\t\t<\/div>\n\t\t\t\t\t\t<\/div>\n\t\t\t\t<\/div>\n\t\t\t\t<div class=\"elementor-element elementor-element-0311dca elementor-widget elementor-widget-text-editor\" data-id=\"0311dca\" data-element_type=\"widget\" data-e-type=\"widget\" data-widget_type=\"text-editor.default\">\n\t\t\t\t<div class=\"elementor-widget-container\">\n\t\t\t\t\t\t\t\t\t<p>La composante h\u00e9r\u00e9ditaire dans le vieillissement cutan\u00e9 est indiscutable. La recherche en g\u00e9nomique et en dermatologie a permis d\u2019identifier plusieurs g\u00e8nes impliqu\u00e9s dans la r\u00e9gulation du vieillissement de la peau, notamment ceux qui contr\u00f4lent la production de collag\u00e8ne (COL1A1, COL3A1), la synth\u00e8se d\u2019\u00e9lastine, l\u2019activit\u00e9 des enzymes antioxydantes (superoxyde dismutase, glutathion peroxydase), la r\u00e9paration de l\u2019ADN cellulaire.<br \/>Certaines personnes h\u00e9ritent ainsi d\u2019un capital g\u00e9n\u00e9tique plus favorable, qui leur permet de conserver plus longtemps une peau ferme, \u00e9paisse, bien hydrat\u00e9e, avec une r\u00e9g\u00e9n\u00e9ration cellulaire active. \u00c0 l\u2019inverse, d\u2019autres pr\u00e9senteront une peau naturellement plus fine, plus s\u00e8che, ou plus sensible \u00e0 la d\u00e9gradation des fibres dermiques, avec une pr\u00e9disposition plus marqu\u00e9e aux rides pr\u00e9coces.<br \/>Des \u00e9tudes ont montr\u00e9 que m\u00eame de vrais jumeaux, partageant exactement le m\u00eame patrimoine g\u00e9n\u00e9tique, peuvent vieillir diff\u00e9remment lorsqu\u2019ils sont expos\u00e9s \u00e0 des environnements distincts. Cela prouve que la g\u00e9n\u00e9tique joue un r\u00f4le important, mais qu\u2019elle n\u2019explique pas tout. Elle fixe une tendance, une vitesse possible de vieillissement, sans pour autant annuler l\u2019impact d\u00e9terminant du mode de vie et des soins m\u00e9dicaux.<\/p>\t\t\t\t\t\t\t\t<\/div>\n\t\t\t\t<\/div>\n\t\t\t\t\t<\/div>\n\t\t\t\t<\/div>\n\t\t<div class=\"elementor-element elementor-element-ce89b94 e-flex e-con-boxed e-con e-parent\" data-id=\"ce89b94\" data-element_type=\"container\" data-e-type=\"container\" data-settings=\"{&quot;jet_parallax_layout_list&quot;:[]}\">\n\t\t\t\t\t<div class=\"e-con-inner\">\n\t\t\t\t<div class=\"elementor-element elementor-element-9419706 elementor-widget elementor-widget-text-editor\" data-id=\"9419706\" data-element_type=\"widget\" data-e-type=\"widget\" data-widget_type=\"text-editor.default\">\n\t\t\t\t<div class=\"elementor-widget-container\">\n\t\t\t\t\t\t\t\t\t<h2>Peut-on h\u00e9riter de la localisation ou du type de rides ?<\/h2>\t\t\t\t\t\t\t\t<\/div>\n\t\t\t\t<\/div>\n\t\t\t\t<div class=\"elementor-element elementor-element-04ea90b elementor-widget-divider--view-line elementor-widget elementor-widget-divider\" data-id=\"04ea90b\" data-element_type=\"widget\" data-e-type=\"widget\" data-widget_type=\"divider.default\">\n\t\t\t\t<div class=\"elementor-widget-container\">\n\t\t\t\t\t\t\t<div class=\"elementor-divider\">\n\t\t\t<span class=\"elementor-divider-separator\">\n\t\t\t\t\t\t<\/span>\n\t\t<\/div>\n\t\t\t\t\t\t<\/div>\n\t\t\t\t<\/div>\n\t\t\t\t<div class=\"elementor-element elementor-element-af4bc67 elementor-widget elementor-widget-text-editor\" data-id=\"af4bc67\" data-element_type=\"widget\" data-e-type=\"widget\" data-widget_type=\"text-editor.default\">\n\t\t\t\t<div class=\"elementor-widget-container\">\n\t\t\t\t\t\t\t\t\t<p>Les caract\u00e9ristiques morphologiques que nous h\u00e9ritons \u2013 comme la forme du visage, la structure osseuse ou le type de peau \u2013 influencent directement la mani\u00e8re dont les rides apparaissent.<br \/>Par exemple, une peau fine, claire et peu pigment\u00e9e, typique des origines nord-europ\u00e9ennes, est plus sensible aux rayons UV. Elle subit donc plus rapidement un vieillissement li\u00e9 au soleil, en particulier au niveau du front et du d\u00e9collet\u00e9.<br \/>Une peau naturellement s\u00e8che, lorsqu\u2019elle est d\u2019origine g\u00e9n\u00e9tique, aura tendance \u00e0 d\u00e9velopper des ridules d\u00e8s la trentaine.<br \/>Des traits du visage tr\u00e8s expressifs, eux aussi h\u00e9rit\u00e9s, peuvent favoriser l\u2019apparition pr\u00e9coce des rides d\u2019expression, notamment entre les sourcils (glabelle) ou autour des yeux.<br \/>De m\u00eame, une pr\u00e9disposition au rel\u00e2chement de certaines zones comme l\u2019ovale du visage ou les paupi\u00e8res peut entra\u00eener un affaissement cutan\u00e9 plus rapide, m\u00eame sans rapport direct avec l\u2019\u00e2ge.<br \/>Il n\u2019est donc pas rare de constater, au sein d\u2019une m\u00eame famille, des rides qui apparaissent aux m\u00eames endroits : rides du lion tr\u00e8s marqu\u00e9es, plis d\u2019amertume pr\u00e9coces, sillons nasog\u00e9niens profonds, etc. Ces ressemblances renforcent l\u2019id\u00e9e \u2013 en partie fond\u00e9e \u2013 que certaines rides peuvent effectivement &#8220;se transmettre&#8221; de g\u00e9n\u00e9ration en g\u00e9n\u00e9ration.<\/p>\t\t\t\t\t\t\t\t<\/div>\n\t\t\t\t<\/div>\n\t\t\t\t\t<\/div>\n\t\t\t\t<\/div>\n\t\t<div class=\"elementor-element elementor-element-bd23c69 e-flex e-con-boxed e-con e-parent\" data-id=\"bd23c69\" data-element_type=\"container\" data-e-type=\"container\" data-settings=\"{&quot;jet_parallax_layout_list&quot;:[]}\">\n\t\t\t\t\t<div class=\"e-con-inner\">\n\t\t\t\t<div class=\"elementor-element elementor-element-147629e elementor-widget elementor-widget-text-editor\" data-id=\"147629e\" data-element_type=\"widget\" data-e-type=\"widget\" data-widget_type=\"text-editor.default\">\n\t\t\t\t<div class=\"elementor-widget-container\">\n\t\t\t\t\t\t\t\t\t<h2>H\u00e9r\u00e9dit\u00e9 et rythme de vieillissement\u00a0<\/h2>\t\t\t\t\t\t\t\t<\/div>\n\t\t\t\t<\/div>\n\t\t\t\t<div class=\"elementor-element elementor-element-a292ae1 elementor-widget-divider--view-line elementor-widget elementor-widget-divider\" data-id=\"a292ae1\" data-element_type=\"widget\" data-e-type=\"widget\" data-widget_type=\"divider.default\">\n\t\t\t\t<div class=\"elementor-widget-container\">\n\t\t\t\t\t\t\t<div class=\"elementor-divider\">\n\t\t\t<span class=\"elementor-divider-separator\">\n\t\t\t\t\t\t<\/span>\n\t\t<\/div>\n\t\t\t\t\t\t<\/div>\n\t\t\t\t<\/div>\n\t\t\t\t<div class=\"elementor-element elementor-element-0d59c57 elementor-widget elementor-widget-text-editor\" data-id=\"0d59c57\" data-element_type=\"widget\" data-e-type=\"widget\" data-widget_type=\"text-editor.default\">\n\t\t\t\t<div class=\"elementor-widget-container\">\n\t\t\t\t\t\t\t\t\t<p data-start=\"129\" data-end=\"552\">Le vieillissement cutan\u00e9 est \u00e9galement influenc\u00e9 par l\u2019horloge circadienne de la peau. Ce v\u00e9ritable \u00ab rythme interne \u00bb r\u00e9gule des fonctions essentielles comme la r\u00e9paration cellulaire, la production locale de m\u00e9latonine ou encore la r\u00e9g\u00e9n\u00e9ration nocturne des tissus. Chez certaines personnes, cette horloge biologique fonctionne de mani\u00e8re particuli\u00e8rement efficace, ce qui contribue \u00e0 ralentir le vieillissement naturel.<br \/>Les cas de long\u00e9vit\u00e9 familiale observ\u00e9s, par exemple chez certaines femmes de plus de 70 ans dont la peau reste \u00e9tonnamment peu marqu\u00e9e, s\u2019expliquent en partie par ces param\u00e8tres g\u00e9n\u00e9tiques : un syst\u00e8me de r\u00e9paration cellulaire plus performant, une moindre sensibilit\u00e9 au stress oxydatif ou encore une production hormonale mieux pr\u00e9serv\u00e9e.<br \/>Cependant, cette horloge peut se d\u00e9r\u00e9gler. Le stress chronique, l\u2019exposition prolong\u00e9e \u00e0 la lumi\u00e8re artificielle ou des habitudes de sommeil irr\u00e9guli\u00e8res suffisent \u00e0 d\u00e9synchroniser son fonctionnement. M\u00eame avec une g\u00e9n\u00e9tique favorable, un mode de vie d\u00e9s\u00e9quilibr\u00e9 peut donc acc\u00e9l\u00e9rer le vieillissement cutan\u00e9 et inverser le pronostic initial.<\/p>\t\t\t\t\t\t\t\t<\/div>\n\t\t\t\t<\/div>\n\t\t\t\t\t<\/div>\n\t\t\t\t<\/div>\n\t\t<div class=\"elementor-element elementor-element-362c0a9 e-flex e-con-boxed e-con e-parent\" data-id=\"362c0a9\" data-element_type=\"container\" data-e-type=\"container\" data-settings=\"{&quot;jet_parallax_layout_list&quot;:[]}\">\n\t\t\t\t\t<div class=\"e-con-inner\">\n\t\t\t\t<div class=\"elementor-element elementor-element-d3406f2 elementor-widget elementor-widget-text-editor\" data-id=\"d3406f2\" data-element_type=\"widget\" data-e-type=\"widget\" data-widget_type=\"text-editor.default\">\n\t\t\t\t<div class=\"elementor-widget-container\">\n\t\t\t\t\t\t\t\t\t<h2>M\u00e9decine \u00e0 vis\u00e9e esth\u00e9tique et g\u00e9n\u00e9tique<\/h2>\t\t\t\t\t\t\t\t<\/div>\n\t\t\t\t<\/div>\n\t\t\t\t<div class=\"elementor-element elementor-element-afb1e29 elementor-widget-divider--view-line elementor-widget elementor-widget-divider\" data-id=\"afb1e29\" data-element_type=\"widget\" data-e-type=\"widget\" data-widget_type=\"divider.default\">\n\t\t\t\t<div class=\"elementor-widget-container\">\n\t\t\t\t\t\t\t<div class=\"elementor-divider\">\n\t\t\t<span class=\"elementor-divider-separator\">\n\t\t\t\t\t\t<\/span>\n\t\t<\/div>\n\t\t\t\t\t\t<\/div>\n\t\t\t\t<\/div>\n\t\t\t\t<div class=\"elementor-element elementor-element-70e8ae1 elementor-widget elementor-widget-text-editor\" data-id=\"70e8ae1\" data-element_type=\"widget\" data-e-type=\"widget\" data-widget_type=\"text-editor.default\">\n\t\t\t\t<div class=\"elementor-widget-container\">\n\t\t\t\t\t\t\t\t\t<p>Prendre en compte l\u2019h\u00e9ritage g\u00e9n\u00e9tique est essentiel pour personnaliser efficacement les strat\u00e9gies de pr\u00e9vention et de correction du vieillissement cutan\u00e9. Chaque peau a son histoire : un patient \u00e0 la peau fine, claire, s\u00e8che et sujette aux rides pr\u00e9coces n\u2019aura pas les m\u00eames besoins qu\u2019un autre dont la peau, plus \u00e9paisse et r\u00e9sistante, pr\u00e9sente un rel\u00e2chement marqu\u00e9 \u00e0 partir de la cinquantaine.<br \/>Dans une d\u00e9marche pr\u00e9ventive, les peaux g\u00e9n\u00e9tiquement pr\u00e9dispos\u00e9es aux signes pr\u00e9coces de l\u2019\u00e2ge b\u00e9n\u00e9ficieront tr\u00e8s t\u00f4t de soins sp\u00e9cifiques, associant antioxydants topiques, protection solaire rigoureuse, hydratation renforc\u00e9e et introduction progressive d\u2019une routine anti-\u00e2ge adapt\u00e9e. En revanche, lorsque les signes du rel\u00e2chement ou les rides profondes sont d\u00e9j\u00e0 install\u00e9s, notamment en lien avec des facteurs h\u00e9r\u00e9ditaires, des traitements correctifs seront privil\u00e9gi\u00e9s. On optera alors pour des techniques de stimulation dermique, comme la radiofr\u00e9quence, le <a href=\"https:\/\/drromanovaleria.ch\/solutions\/lasers\/photorajeunissement\/\">photorajeunissement laser<\/a> ou les <a href=\"https:\/\/drromanovaleria.ch\/solutions\/injections\/inducteurs-collagene\/\">inducteurs de collag\u00e8ne<\/a>, ainsi que pour des injections cibl\u00e9es, \u00e0 base d\u2019<a href=\"https:\/\/drromanovaleria.ch\/solutions\/injections\/acide-hayluronique\/\">acide hyaluronique<\/a> ou de <a href=\"https:\/\/drromanovaleria.ch\/solutions\/injections\/botox\/\">toxine botulique<\/a>.<br \/>L\u2019objectif n\u2019est pas de lutter contre la g\u00e9n\u00e9tique, mais d\u2019en tenir compte intelligemment pour ajuster les interventions esth\u00e9tiques aux caract\u00e9ristiques propres de chaque patient, et ainsi optimiser les r\u00e9sultats tout en respectant la singularit\u00e9 de chaque peau.<\/p>\t\t\t\t\t\t\t\t<\/div>\n\t\t\t\t<\/div>\n\t\t\t\t\t<\/div>\n\t\t\t\t<\/div>\n\t\t<div class=\"elementor-element elementor-element-480fa82 e-flex e-con-boxed e-con e-parent\" data-id=\"480fa82\" data-element_type=\"container\" data-e-type=\"container\" data-settings=\"{&quot;jet_parallax_layout_list&quot;:[]}\">\n\t\t\t\t\t<div class=\"e-con-inner\">\n\t\t\t\t<div class=\"elementor-element elementor-element-b170dfa elementor-widget elementor-widget-text-editor\" data-id=\"b170dfa\" data-element_type=\"widget\" data-e-type=\"widget\" data-widget_type=\"text-editor.default\">\n\t\t\t\t<div class=\"elementor-widget-container\">\n\t\t\t\t\t\t\t\t\t<h2>Peut-on tester son risque g\u00e9n\u00e9tique du vieillissement cutan\u00e9 ?<\/h2>\t\t\t\t\t\t\t\t<\/div>\n\t\t\t\t<\/div>\n\t\t\t\t<div class=\"elementor-element elementor-element-7c4cb90 elementor-widget-divider--view-line elementor-widget elementor-widget-divider\" data-id=\"7c4cb90\" data-element_type=\"widget\" data-e-type=\"widget\" data-widget_type=\"divider.default\">\n\t\t\t\t<div class=\"elementor-widget-container\">\n\t\t\t\t\t\t\t<div class=\"elementor-divider\">\n\t\t\t<span class=\"elementor-divider-separator\">\n\t\t\t\t\t\t<\/span>\n\t\t<\/div>\n\t\t\t\t\t\t<\/div>\n\t\t\t\t<\/div>\n\t\t\t\t<div class=\"elementor-element elementor-element-4964f90 elementor-widget elementor-widget-text-editor\" data-id=\"4964f90\" data-element_type=\"widget\" data-e-type=\"widget\" data-widget_type=\"text-editor.default\">\n\t\t\t\t<div class=\"elementor-widget-container\">\n\t\t\t\t\t\t\t\t\t<p data-start=\"149\" data-end=\"618\">L\u2019id\u00e9e d\u2019une \u00e9valuation g\u00e9n\u00e9tique du vieillissement cutan\u00e9 suscite un int\u00e9r\u00eat grandissant, notamment chez les patient(e)s qui souhaitent anticiper les effets du temps sur leur peau. Certains laboratoires proposent aujourd\u2019hui des tests de pr\u00e9disposition g\u00e9n\u00e9tique, r\u00e9alis\u00e9s \u00e0 partir d\u2019un simple pr\u00e9l\u00e8vement salivaire ou buccal. Ils reposent sur l\u2019analyse de variations g\u00e9n\u00e9tiques (SNPs \u2013 single nucleotide polymorphisms) impliqu\u00e9es dans diff\u00e9rents m\u00e9canismes cutan\u00e9s.<br \/>Ces tests cherchent \u00e0 identifier des tendances biologiques, comme la vitesse de d\u00e9gradation du collag\u00e8ne (g\u00e8nes COL1A1, COL3A1, MMPs), la capacit\u00e9 antioxydante naturelle (enzymes SOD2, GPX1), la sensibilit\u00e9 au photovieillissement li\u00e9 aux UV, la propension \u00e0 la glycation, qui rigidifie les fibres dermiques, ou encore l\u2019efficacit\u00e9 des m\u00e9canismes de r\u00e9paration de l\u2019ADN.<br \/>M\u00eame si ces donn\u00e9es peuvent apporter un \u00e9clairage int\u00e9ressant, leur utilisation en pratique m\u00e9dicale reste limit\u00e9e. Le vieillissement visible est un ph\u00e9nom\u00e8ne multifactoriel, qui ne peut \u00eatre r\u00e9duit \u00e0 l\u2019expression de quelques g\u00e8nes. De plus, ces r\u00e9sultats ne permettent pas d\u2019\u00e9tablir un protocole de soin pr\u00e9cis sans un examen clinique complet.<br \/>En d\u2019autres termes, conna\u00eetre son profil g\u00e9n\u00e9tique ne permet pas de pr\u00e9dire l\u2019\u00e2ge exact d\u2019apparition des rides, ni leur localisation. Ces analyses peuvent toutefois aider \u00e0 identifier certaines fragilit\u00e9s cutan\u00e9es \u2013 comme une sensibilit\u00e9 accrue au stress oxydatif, une r\u00e9cup\u00e9ration plus lente apr\u00e8s une agression, ou une tendance au rel\u00e2chement pr\u00e9matur\u00e9 \u2013 mais elles ne remplacent en aucun cas une consultation sp\u00e9cialis\u00e9e.<br \/>\u00c0 Gen\u00e8ve, l\u2019int\u00e9r\u00eat principal de ces tests r\u00e9side surtout dans leur dimension \u00e9ducative : ils sensibilisent les patient(e)s \u00e0 l\u2019importance d\u2019une pr\u00e9vention personnalis\u00e9e d\u00e8s les premiers signes de vieillissement. Leur interpr\u00e9tation doit cependant rester prudente et toujours \u00eatre confront\u00e9e \u00e0 l\u2019\u00e9valuation clinique et morphologique de chaque patient.<\/p>\t\t\t\t\t\t\t\t<\/div>\n\t\t\t\t<\/div>\n\t\t\t\t\t<\/div>\n\t\t\t\t<\/div>\n\t\t<div class=\"elementor-element elementor-element-36e0832 e-flex e-con-boxed e-con e-parent\" data-id=\"36e0832\" data-element_type=\"container\" data-e-type=\"container\" data-settings=\"{&quot;jet_parallax_layout_list&quot;:[]}\">\n\t\t\t\t\t<div class=\"e-con-inner\">\n\t\t\t\t<div class=\"elementor-element elementor-element-15fe4b9 elementor-widget elementor-widget-text-editor\" data-id=\"15fe4b9\" data-element_type=\"widget\" data-e-type=\"widget\" data-widget_type=\"text-editor.default\">\n\t\t\t\t<div class=\"elementor-widget-container\">\n\t\t\t\t\t\t\t\t\t<h2>H\u00e9ritage comportemental : habitudes familiales et le vieillissement cutan\u00e9<\/h2>\t\t\t\t\t\t\t\t<\/div>\n\t\t\t\t<\/div>\n\t\t\t\t<div class=\"elementor-element elementor-element-d63791e elementor-widget-divider--view-line elementor-widget elementor-widget-divider\" data-id=\"d63791e\" data-element_type=\"widget\" data-e-type=\"widget\" data-widget_type=\"divider.default\">\n\t\t\t\t<div class=\"elementor-widget-container\">\n\t\t\t\t\t\t\t<div class=\"elementor-divider\">\n\t\t\t<span class=\"elementor-divider-separator\">\n\t\t\t\t\t\t<\/span>\n\t\t<\/div>\n\t\t\t\t\t\t<\/div>\n\t\t\t\t<\/div>\n\t\t\t\t<div class=\"elementor-element elementor-element-ffe1e27 elementor-widget elementor-widget-text-editor\" data-id=\"ffe1e27\" data-element_type=\"widget\" data-e-type=\"widget\" data-widget_type=\"text-editor.default\">\n\t\t\t\t<div class=\"elementor-widget-container\">\n\t\t\t\t\t\t\t\t\t<p>Quand on pense aux rides h\u00e9r\u00e9ditaires, on imagine spontan\u00e9ment un facteur g\u00e9n\u00e9tique inscrit dans nos g\u00e8nes. Pourtant, un autre h\u00e9ritage influence fortement l\u2019apparition des signes de l\u2019\u00e2ge : celui des habitudes de vie, souvent copi\u00e9es inconsciemment sur notre famille.<br data-start=\"615\" data-end=\"618\" \/>D\u00e8s l\u2019enfance, nous reproduisons les comportements que nous observons \u00e0 la maison. Une m\u00e8re qui s\u2019expose sans protection solaire, un p\u00e8re qui fume ou n\u00e9glige son sommeil transmettent, parfois sans le vouloir, des habitudes qui acc\u00e9l\u00e8rent le vieillissement cutan\u00e9. Ces gestes r\u00e9p\u00e9t\u00e9s au fil des ann\u00e9es marquent la peau autant que la biologie elle-m\u00eame.<br data-start=\"969\" data-end=\"972\" \/>En consultation, beaucoup de patientes expliquent : \u00ab Ma m\u00e8re n\u2019a jamais utilis\u00e9 de cr\u00e8me solaire \u00bb ou \u00ab Mon p\u00e8re passait des heures au soleil sans protection \u00bb. Ces t\u00e9moignages rappellent que l\u2019\u00e9ducation et les gestes du quotidien sont d\u00e9terminants pour pr\u00e9server la jeunesse de la peau.<br data-start=\"1260\" data-end=\"1263\" \/>Distinguer ce qui rel\u00e8ve de la g\u00e9n\u00e9tique de ce qui d\u00e9coule de choix de vie permet d\u2019ajuster les soins et les traitements de mani\u00e8re plus pr\u00e9cise.<br data-start=\"1408\" data-end=\"1411\" \/>Autrement dit, ce qui est souvent per\u00e7u comme de la \u201cmauvaise g\u00e9n\u00e9tique\u201d n\u2019est parfois que la r\u00e9p\u00e9tition de comportements n\u00e9fastes, qu\u2019il est possible de corriger. La m\u00e9decine \u00e0 vis\u00e9e esth\u00e9tique n\u2019agit pas seulement pour r\u00e9parer : elle accompagne aussi, en donnant aux patient(e)s les moyens de reprendre la main sur leur vieillissement.\u00a0<\/p>\t\t\t\t\t\t\t\t<\/div>\n\t\t\t\t<\/div>\n\t\t\t\t\t<\/div>\n\t\t\t\t<\/div>\n\t\t<div class=\"elementor-element elementor-element-105ac3d e-flex e-con-boxed e-con e-parent\" data-id=\"105ac3d\" data-element_type=\"container\" data-e-type=\"container\" data-settings=\"{&quot;jet_parallax_layout_list&quot;:[]}\">\n\t\t\t\t\t<div class=\"e-con-inner\">\n\t\t\t\t<div class=\"elementor-element elementor-element-da750eb elementor-widget elementor-widget-text-editor\" data-id=\"da750eb\" data-element_type=\"widget\" data-e-type=\"widget\" data-widget_type=\"text-editor.default\">\n\t\t\t\t<div class=\"elementor-widget-container\">\n\t\t\t\t\t\t\t\t\t<h2>Conclusion : rides et g\u00e9n\u00e9tique<\/h2>\t\t\t\t\t\t\t\t<\/div>\n\t\t\t\t<\/div>\n\t\t\t\t<div class=\"elementor-element elementor-element-d8f7b02 elementor-widget-divider--view-line elementor-widget elementor-widget-divider\" data-id=\"d8f7b02\" data-element_type=\"widget\" data-e-type=\"widget\" data-widget_type=\"divider.default\">\n\t\t\t\t<div class=\"elementor-widget-container\">\n\t\t\t\t\t\t\t<div class=\"elementor-divider\">\n\t\t\t<span class=\"elementor-divider-separator\">\n\t\t\t\t\t\t<\/span>\n\t\t<\/div>\n\t\t\t\t\t\t<\/div>\n\t\t\t\t<\/div>\n\t\t\t\t<div class=\"elementor-element elementor-element-2732bc4 elementor-widget elementor-widget-text-editor\" data-id=\"2732bc4\" data-element_type=\"widget\" data-e-type=\"widget\" data-widget_type=\"text-editor.default\">\n\t\t\t\t<div class=\"elementor-widget-container\">\n\t\t\t\t\t\t\t\t\t<p data-start=\"122\" data-end=\"1015\">On sait aujourd\u2019hui que la formation des rides repose en partie sur des facteurs g\u00e9n\u00e9tiques. Ils influencent la structure de la peau, la vitesse du vieillissement naturel et la sensibilit\u00e9 aux agressions ext\u00e9rieures. Mais cet h\u00e9ritage n\u2019est ni une fatalit\u00e9, ni un verdict immuable.<br data-start=\"403\" data-end=\"406\" \/>Les patient(e)s qui pr\u00e9sentent une pr\u00e9disposition peuvent b\u00e9n\u00e9ficier d\u2019une prise en charge esth\u00e9tique personnalis\u00e9e, bas\u00e9e sur le diagnostic, la pr\u00e9vention et l\u2019utilisation de technologies adapt\u00e9es. Une g\u00e9n\u00e9tique \u00ab d\u00e9favorable \u00bb n\u2019entra\u00eene pas forc\u00e9ment un vieillissement pr\u00e9matur\u00e9, tout comme une bonne h\u00e9r\u00e9dit\u00e9 ne prot\u00e8ge pas d\u2019une hygi\u00e8ne de vie n\u00e9glig\u00e9e ou d\u2019un manque de soins r\u00e9guliers.<br data-start=\"798\" data-end=\"801\" \/>La m\u00e9decine \u00e0 vis\u00e9e esth\u00e9tique moderne ne vise pas \u00e0 modifier l\u2019ADN, mais \u00e0 en valoriser l\u2019expression visible. Elle propose une strat\u00e9gie anti-\u00e2ge sur mesure, progressive et respectueuse de chaque singularit\u00e9 biologique.<\/p>\t\t\t\t\t\t\t\t<\/div>\n\t\t\t\t<\/div>\n\t\t\t\t\t<\/div>\n\t\t\t\t<\/div>\n\t\t<div class=\"elementor-element elementor-element-ada9b34 e-flex e-con-boxed e-con e-parent\" data-id=\"ada9b34\" data-element_type=\"container\" data-e-type=\"container\" data-settings=\"{&quot;jet_parallax_layout_list&quot;:[]}\">\n\t\t\t\t\t<div class=\"e-con-inner\">\n\t\t<div class=\"elementor-element elementor-element-f844514 e-con-full e-flex e-con e-child\" data-id=\"f844514\" data-element_type=\"container\" data-e-type=\"container\" data-settings=\"{&quot;jet_parallax_layout_list&quot;:[]}\">\n\t\t<div class=\"elementor-element elementor-element-d3bc690 e-con-full e-flex e-con e-child\" data-id=\"d3bc690\" data-element_type=\"container\" data-e-type=\"container\" data-settings=\"{&quot;jet_parallax_layout_list&quot;:[]}\">\n\t\t<div class=\"elementor-element elementor-element-c8fdb5c e-con-full e-flex e-con e-child\" data-id=\"c8fdb5c\" data-element_type=\"container\" data-e-type=\"container\" data-settings=\"{&quot;jet_parallax_layout_list&quot;:[]}\">\n\t\t<div class=\"elementor-element elementor-element-2336887 e-con-full e-flex e-con e-child\" data-id=\"2336887\" data-element_type=\"container\" data-e-type=\"container\" data-settings=\"{&quot;jet_parallax_layout_list&quot;:[]}\">\n\t\t\t\t<div class=\"elementor-element elementor-element-869a4ed elementor-widget elementor-widget-image\" data-id=\"869a4ed\" data-element_type=\"widget\" data-e-type=\"widget\" data-widget_type=\"image.default\">\n\t\t\t\t<div class=\"elementor-widget-container\">\n\t\t\t\t\t\t\t\t\t\t\t\t\t\t\t<img decoding=\"async\" width=\"150\" height=\"150\" src=\"https:\/\/drromanovaleria.ch\/wp-content\/uploads\/2024\/07\/photo-docteur-romano-valeria-150x150.webp\" class=\"attachment-thumbnail size-thumbnail wp-image-13266\" alt=\"Photo docteur Valeria Romano \u00e0 Gen\u00e8ve\" \/>\t\t\t\t\t\t\t\t\t\t\t\t\t\t\t<\/div>\n\t\t\t\t<\/div>\n\t\t\t\t<div class=\"elementor-element elementor-element-08dfdfa elementor-widget elementor-widget-text-editor\" data-id=\"08dfdfa\" data-element_type=\"widget\" data-e-type=\"widget\" data-widget_type=\"text-editor.default\">\n\t\t\t\t<div class=\"elementor-widget-container\">\n\t\t\t\t\t\t\t\t\t<p>Article r\u00e9dig\u00e9 par le <a href=\"https:\/\/drromanovaleria.ch\/\">Dr Romano Valeria<\/a><\/p>\t\t\t\t\t\t\t\t<\/div>\n\t\t\t\t<\/div>\n\t\t\t\t<\/div>\n\t\t<div class=\"elementor-element elementor-element-5b004ab e-con-full e-flex e-con e-child\" data-id=\"5b004ab\" data-element_type=\"container\" data-e-type=\"container\" data-settings=\"{&quot;jet_parallax_layout_list&quot;:[]}\">\n\t\t\t\t<div class=\"elementor-element elementor-element-7ffa8e5 elementor-widget elementor-widget-text-editor\" data-id=\"7ffa8e5\" data-element_type=\"widget\" data-e-type=\"widget\" data-widget_type=\"text-editor.default\">\n\t\t\t\t<div class=\"elementor-widget-container\">\n\t\t\t\t\t\t\t\t\t<p>PARTAGER CET ARTICLE SUR<\/p>\t\t\t\t\t\t\t\t<\/div>\n\t\t\t\t<\/div>\n\t\t\t\t<div class=\"elementor-element elementor-element-796e16b elementor-share-buttons--view-icon-text elementor-share-buttons--skin-gradient elementor-share-buttons--shape-square elementor-grid-0 elementor-share-buttons--color-official elementor-widget elementor-widget-share-buttons\" data-id=\"796e16b\" data-element_type=\"widget\" data-e-type=\"widget\" data-widget_type=\"share-buttons.default\">\n\t\t\t\t<div class=\"elementor-widget-container\">\n\t\t\t\t\t\t\t<div class=\"elementor-grid\">\n\t\t\t\t\t\t\t\t<div class=\"elementor-grid-item\">\n\t\t\t\t\t\t<div class=\"elementor-share-btn elementor-share-btn_linkedin\" role=\"button\" tabindex=\"0\" aria-label=\"Partager sur linkedin\">\n\t\t\t\t\t\t\t\t\t\t\t\t\t\t\t<span class=\"elementor-share-btn__icon\">\n\t\t\t\t\t\t\t\t<svg aria-hidden=\"true\" class=\"e-font-icon-svg e-fab-linkedin\" viewBox=\"0 0 448 512\" xmlns=\"http:\/\/www.w3.org\/2000\/svg\"><path d=\"M416 32H31.9C14.3 32 0 46.5 0 64.3v383.4C0 465.5 14.3 480 31.9 480H416c17.6 0 32-14.5 32-32.3V64.3c0-17.8-14.4-32.3-32-32.3zM135.4 416H69V202.2h66.5V416zm-33.2-243c-21.3 0-38.5-17.3-38.5-38.5S80.9 96 102.2 96c21.2 0 38.5 17.3 38.5 38.5 0 21.3-17.2 38.5-38.5 38.5zm282.1 243h-66.4V312c0-24.8-.5-56.7-34.5-56.7-34.6 0-39.9 27-39.9 54.9V416h-66.4V202.2h63.7v29.2h.9c8.9-16.8 30.6-34.5 62.9-34.5 67.2 0 79.7 44.3 79.7 101.9V416z\"><\/path><\/svg>\t\t\t\t\t\t\t<\/span>\n\t\t\t\t\t\t\t\t\t\t\t\t\t\t\t\t\t\t\t\t\t\t<div class=\"elementor-share-btn__text\">\n\t\t\t\t\t\t\t\t\t\t\t\t\t\t\t\t\t\t\t<span class=\"elementor-share-btn__title\">\n\t\t\t\t\t\t\t\t\t\tLinkedIn\t\t\t\t\t\t\t\t\t<\/span>\n\t\t\t\t\t\t\t\t\t\t\t\t\t\t\t\t\t<\/div>\n\t\t\t\t\t\t\t\t\t\t\t\t\t<\/div>\n\t\t\t\t\t<\/div>\n\t\t\t\t\t\t<\/div>\n\t\t\t\t\t\t<\/div>\n\t\t\t\t<\/div>\n\t\t\t\t<\/div>\n\t\t\t\t<\/div>\n\t\t\t\t<div class=\"elementor-element elementor-element-1bd2c63 elementor-align-start elementor-mobile-align-start elementor-icon-list--layout-traditional elementor-list-item-link-full_width elementor-widget elementor-widget-icon-list\" data-id=\"1bd2c63\" data-element_type=\"widget\" data-e-type=\"widget\" data-widget_type=\"icon-list.default\">\n\t\t\t\t<div class=\"elementor-widget-container\">\n\t\t\t\t\t\t\t<ul class=\"elementor-icon-list-items\">\n\t\t\t\t\t\t\t<li class=\"elementor-icon-list-item\">\n\t\t\t\t\t\t\t\t\t\t\t<a href=\"mailto:dr.romano.valeria@gmail.com\">\n\n\t\t\t\t\t\t\t\t\t\t\t\t<span class=\"elementor-icon-list-icon\">\n\t\t\t\t\t\t\t<svg aria-hidden=\"true\" class=\"e-font-icon-svg e-fas-envelope\" viewBox=\"0 0 512 512\" xmlns=\"http:\/\/www.w3.org\/2000\/svg\"><path d=\"M502.3 190.8c3.9-3.1 9.7-.2 9.7 4.7V400c0 26.5-21.5 48-48 48H48c-26.5 0-48-21.5-48-48V195.6c0-5 5.7-7.8 9.7-4.7 22.4 17.4 52.1 39.5 154.1 113.6 21.1 15.4 56.7 47.8 92.2 47.6 35.7.3 72-32.8 92.3-47.6 102-74.1 131.6-96.3 154-113.7zM256 320c23.2.4 56.6-29.2 73.4-41.4 132.7-96.3 142.8-104.7 173.4-128.7 5.8-4.5 9.2-11.5 9.2-18.9v-19c0-26.5-21.5-48-48-48H48C21.5 64 0 85.5 0 112v19c0 7.4 3.4 14.3 9.2 18.9 30.6 23.9 40.7 32.4 173.4 128.7 16.8 12.2 50.2 41.8 73.4 41.4z\"><\/path><\/svg>\t\t\t\t\t\t<\/span>\n\t\t\t\t\t\t\t\t\t\t<span class=\"elementor-icon-list-text\">dr.romano.valeria@gmail.com<\/span>\n\t\t\t\t\t\t\t\t\t\t\t<\/a>\n\t\t\t\t\t\t\t\t\t<\/li>\n\t\t\t\t\t\t\t\t<li class=\"elementor-icon-list-item\">\n\t\t\t\t\t\t\t\t\t\t\t<a href=\"tel:+41%2078%20209%2002%2089\">\n\n\t\t\t\t\t\t\t\t\t\t\t\t<span class=\"elementor-icon-list-icon\">\n\t\t\t\t\t\t\t<svg aria-hidden=\"true\" class=\"e-font-icon-svg e-fas-phone-alt\" viewBox=\"0 0 512 512\" xmlns=\"http:\/\/www.w3.org\/2000\/svg\"><path d=\"M497.39 361.8l-112-48a24 24 0 0 0-28 6.9l-49.6 60.6A370.66 370.66 0 0 1 130.6 204.11l60.6-49.6a23.94 23.94 0 0 0 6.9-28l-48-112A24.16 24.16 0 0 0 122.6.61l-104 24A24 24 0 0 0 0 48c0 256.5 207.9 464 464 464a24 24 0 0 0 23.4-18.6l24-104a24.29 24.29 0 0 0-14.01-27.6z\"><\/path><\/svg>\t\t\t\t\t\t<\/span>\n\t\t\t\t\t\t\t\t\t\t<span class=\"elementor-icon-list-text\">+41 78 209 02 89<\/span>\n\t\t\t\t\t\t\t\t\t\t\t<\/a>\n\t\t\t\t\t\t\t\t\t<\/li>\n\t\t\t\t\t\t<\/ul>\n\t\t\t\t\t\t<\/div>\n\t\t\t\t<\/div>\n\t\t\t\t<\/div>\n\t\t\t\t<\/div>\n\t\t\t\t\t<\/div>\n\t\t\t\t<\/div>\n\t\t\t\t<\/div>\n\t\t","protected":false},"featured_media":0,"template":"elementor_header_footer","class_list":["post-25971","infographie","type-infographie","status-publish","hentry"],"yoast_head":"<!-- This site is optimized with the Yoast SEO plugin v27.5 - https:\/\/yoast.com\/product\/yoast-seo-wordpress\/ -->\n<title>Les rides sont-elles h\u00e9r\u00e9ditaires ? - Dr Romano<\/title>\n<meta name=\"description\" content=\"Impact de la g\u00e9n\u00e9tique sur l\u2019apparition des rides : r\u00f4le de l\u2019h\u00e9r\u00e9dit\u00e9 dans la qualit\u00e9 de peau, l\u2019\u00e2ge de d\u00e9but, la profondeur des rides et interaction avec l\u2019environnement.\" \/>\n<meta name=\"robots\" content=\"index, follow, max-snippet:-1, max-image-preview:large, max-video-preview:-1\" \/>\n<link rel=\"canonical\" href=\"https:\/\/drromanovaleria.ch\/it\/infografia\/ereditarieta-rughe\/\" \/>\n<meta property=\"og:locale\" content=\"it_IT\" \/>\n<meta property=\"og:type\" content=\"article\" \/>\n<meta property=\"og:title\" content=\"Les rides sont-elles h\u00e9r\u00e9ditaires ? - Dr Romano\" \/>\n<meta property=\"og:description\" content=\"Impact de la g\u00e9n\u00e9tique sur l\u2019apparition des rides : r\u00f4le de l\u2019h\u00e9r\u00e9dit\u00e9 dans la qualit\u00e9 de peau, l\u2019\u00e2ge de d\u00e9but, la profondeur des rides et interaction avec l\u2019environnement.\" \/>\n<meta property=\"og:url\" content=\"https:\/\/drromanovaleria.ch\/it\/infografia\/ereditarieta-rughe\/\" \/>\n<meta property=\"og:site_name\" content=\"Dr Romano\" \/>\n<meta property=\"article:modified_time\" content=\"2025-11-06T11:21:53+00:00\" \/>\n<meta property=\"og:image\" content=\"https:\/\/drromanovaleria.ch\/wp-content\/uploads\/2024\/05\/hydratation-peau.webp\" \/>\n\t<meta property=\"og:image:width\" content=\"300\" \/>\n\t<meta property=\"og:image:height\" content=\"220\" \/>\n\t<meta property=\"og:image:type\" content=\"image\/webp\" \/>\n<meta name=\"twitter:card\" content=\"summary_large_image\" \/>\n<meta name=\"twitter:label1\" content=\"Tempo di lettura stimato\" \/>\n\t<meta name=\"twitter:data1\" content=\"10 minuti\" \/>\n<script type=\"application\/ld+json\" class=\"yoast-schema-graph\">{\"@context\":\"https:\\\/\\\/schema.org\",\"@graph\":[{\"@type\":\"WebPage\",\"@id\":\"https:\\\/\\\/drromanovaleria.ch\\\/infographie\\\/heredite-rides\\\/\",\"url\":\"https:\\\/\\\/drromanovaleria.ch\\\/infographie\\\/heredite-rides\\\/\",\"name\":\"Les rides sont-elles h\u00e9r\u00e9ditaires ? - Dr Romano\",\"isPartOf\":{\"@id\":\"https:\\\/\\\/drromanovaleria.ch\\\/#website\"},\"primaryImageOfPage\":{\"@id\":\"https:\\\/\\\/drromanovaleria.ch\\\/infographie\\\/heredite-rides\\\/#primaryimage\"},\"image\":{\"@id\":\"https:\\\/\\\/drromanovaleria.ch\\\/infographie\\\/heredite-rides\\\/#primaryimage\"},\"thumbnailUrl\":\"https:\\\/\\\/drromanovaleria.ch\\\/wp-content\\\/uploads\\\/2024\\\/05\\\/hydratation-peau.webp\",\"datePublished\":\"2025-05-08T11:02:15+00:00\",\"dateModified\":\"2025-11-06T11:21:53+00:00\",\"description\":\"Impact de la g\u00e9n\u00e9tique sur l\u2019apparition des rides : r\u00f4le de l\u2019h\u00e9r\u00e9dit\u00e9 dans la qualit\u00e9 de peau, l\u2019\u00e2ge de d\u00e9but, la profondeur des rides et interaction avec l\u2019environnement.\",\"breadcrumb\":{\"@id\":\"https:\\\/\\\/drromanovaleria.ch\\\/infographie\\\/heredite-rides\\\/#breadcrumb\"},\"inLanguage\":\"it-IT\",\"potentialAction\":[{\"@type\":\"ReadAction\",\"target\":[\"https:\\\/\\\/drromanovaleria.ch\\\/infographie\\\/heredite-rides\\\/\"]}]},{\"@type\":\"ImageObject\",\"inLanguage\":\"it-IT\",\"@id\":\"https:\\\/\\\/drromanovaleria.ch\\\/infographie\\\/heredite-rides\\\/#primaryimage\",\"url\":\"https:\\\/\\\/drromanovaleria.ch\\\/wp-content\\\/uploads\\\/2024\\\/05\\\/hydratation-peau.webp\",\"contentUrl\":\"https:\\\/\\\/drromanovaleria.ch\\\/wp-content\\\/uploads\\\/2024\\\/05\\\/hydratation-peau.webp\"},{\"@type\":\"BreadcrumbList\",\"@id\":\"https:\\\/\\\/drromanovaleria.ch\\\/infographie\\\/heredite-rides\\\/#breadcrumb\",\"itemListElement\":[{\"@type\":\"ListItem\",\"position\":1,\"name\":\"Accueil\",\"item\":\"https:\\\/\\\/drromanovaleria.ch\\\/\"},{\"@type\":\"ListItem\",\"position\":2,\"name\":\"Infographie\",\"item\":\"https:\\\/\\\/drromanovaleria.ch\\\/infographie\\\/\"},{\"@type\":\"ListItem\",\"position\":3,\"name\":\"Les rides sont-elles h\u00e9r\u00e9ditaires ?\"}]},{\"@type\":\"WebSite\",\"@id\":\"https:\\\/\\\/drromanovaleria.ch\\\/#website\",\"url\":\"https:\\\/\\\/drromanovaleria.ch\\\/\",\"name\":\"Dr Romano\",\"description\":\"M\u00e9decine morphologique et anti-\u00e2ge\",\"potentialAction\":[{\"@type\":\"SearchAction\",\"target\":{\"@type\":\"EntryPoint\",\"urlTemplate\":\"https:\\\/\\\/drromanovaleria.ch\\\/?s={search_term_string}\"},\"query-input\":{\"@type\":\"PropertyValueSpecification\",\"valueRequired\":true,\"valueName\":\"search_term_string\"}}],\"inLanguage\":\"it-IT\"}]}<\/script>\n<!-- \/ Yoast SEO plugin. -->","yoast_head_json":{"title":"Le rughe sono ereditarie ? - Dr Romano","description":"Impatto della genetica sulla comparsa delle rughe : ruolo dell\u2019ereditariet\u00e0 nella qualit\u00e0 della pelle, et\u00e0 di insorgenza, profondit\u00e0 delle rughe e interazione con l\u2019ambiente.","robots":{"index":"index","follow":"follow","max-snippet":"max-snippet:-1","max-image-preview":"max-image-preview:large","max-video-preview":"max-video-preview:-1"},"canonical":"https:\/\/drromanovaleria.ch\/it\/infografia\/ereditarieta-rughe\/","og_locale":"it_IT","og_type":"article","og_title":"Les rides sont-elles h\u00e9r\u00e9ditaires ? - Dr Romano","og_description":"Impact de la g\u00e9n\u00e9tique sur l\u2019apparition des rides : r\u00f4le de l\u2019h\u00e9r\u00e9dit\u00e9 dans la qualit\u00e9 de peau, l\u2019\u00e2ge de d\u00e9but, la profondeur des rides et interaction avec l\u2019environnement.","og_url":"https:\/\/drromanovaleria.ch\/it\/infografia\/ereditarieta-rughe\/","og_site_name":"Dr Romano","article_modified_time":"2025-11-06T11:21:53+00:00","og_image":[{"width":300,"height":220,"url":"https:\/\/drromanovaleria.ch\/wp-content\/uploads\/2024\/05\/hydratation-peau.webp","type":"image\/webp"}],"twitter_card":"summary_large_image","twitter_misc":{"Tempo di lettura stimato":"10 minuti"},"schema":{"@context":"https:\/\/schema.org","@graph":[{"@type":"WebPage","@id":"https:\/\/drromanovaleria.ch\/infographie\/heredite-rides\/","url":"https:\/\/drromanovaleria.ch\/infographie\/heredite-rides\/","name":"Le rughe sono ereditarie ? - Dr Romano","isPartOf":{"@id":"https:\/\/drromanovaleria.ch\/#website"},"primaryImageOfPage":{"@id":"https:\/\/drromanovaleria.ch\/infographie\/heredite-rides\/#primaryimage"},"image":{"@id":"https:\/\/drromanovaleria.ch\/infographie\/heredite-rides\/#primaryimage"},"thumbnailUrl":"https:\/\/drromanovaleria.ch\/wp-content\/uploads\/2024\/05\/hydratation-peau.webp","datePublished":"2025-05-08T11:02:15+00:00","dateModified":"2025-11-06T11:21:53+00:00","description":"Impatto della genetica sulla comparsa delle rughe : ruolo dell\u2019ereditariet\u00e0 nella qualit\u00e0 della pelle, et\u00e0 di insorgenza, profondit\u00e0 delle rughe e interazione con l\u2019ambiente.","breadcrumb":{"@id":"https:\/\/drromanovaleria.ch\/infographie\/heredite-rides\/#breadcrumb"},"inLanguage":"it-IT","potentialAction":[{"@type":"ReadAction","target":["https:\/\/drromanovaleria.ch\/infographie\/heredite-rides\/"]}]},{"@type":"ImageObject","inLanguage":"it-IT","@id":"https:\/\/drromanovaleria.ch\/infographie\/heredite-rides\/#primaryimage","url":"https:\/\/drromanovaleria.ch\/wp-content\/uploads\/2024\/05\/hydratation-peau.webp","contentUrl":"https:\/\/drromanovaleria.ch\/wp-content\/uploads\/2024\/05\/hydratation-peau.webp"},{"@type":"BreadcrumbList","@id":"https:\/\/drromanovaleria.ch\/infographie\/heredite-rides\/#breadcrumb","itemListElement":[{"@type":"ListItem","position":1,"name":"Accueil","item":"https:\/\/drromanovaleria.ch\/"},{"@type":"ListItem","position":2,"name":"Infographie","item":"https:\/\/drromanovaleria.ch\/infographie\/"},{"@type":"ListItem","position":3,"name":"Les rides sont-elles h\u00e9r\u00e9ditaires ?"}]},{"@type":"WebSite","@id":"https:\/\/drromanovaleria.ch\/#website","url":"https:\/\/drromanovaleria.ch\/","name":"Dott. Romano","description":"Medicina morfologica e anti-invecchiamento","potentialAction":[{"@type":"SearchAction","target":{"@type":"EntryPoint","urlTemplate":"https:\/\/drromanovaleria.ch\/?s={search_term_string}"},"query-input":{"@type":"PropertyValueSpecification","valueRequired":true,"valueName":"search_term_string"}}],"inLanguage":"it-IT"}]}},"_links":{"self":[{"href":"https:\/\/drromanovaleria.ch\/it\/wp-json\/wp\/v2\/infographie\/25971","targetHints":{"allow":["GET"]}}],"collection":[{"href":"https:\/\/drromanovaleria.ch\/it\/wp-json\/wp\/v2\/infographie"}],"about":[{"href":"https:\/\/drromanovaleria.ch\/it\/wp-json\/wp\/v2\/types\/infographie"}],"version-history":[{"count":5,"href":"https:\/\/drromanovaleria.ch\/it\/wp-json\/wp\/v2\/infographie\/25971\/revisions"}],"predecessor-version":[{"id":43216,"href":"https:\/\/drromanovaleria.ch\/it\/wp-json\/wp\/v2\/infographie\/25971\/revisions\/43216"}],"wp:attachment":[{"href":"https:\/\/drromanovaleria.ch\/it\/wp-json\/wp\/v2\/media?parent=25971"}],"curies":[{"name":"wp","href":"https:\/\/api.w.org\/{rel}","templated":true}]}}