{"id":25949,"date":"2025-05-08T12:49:59","date_gmt":"2025-05-08T10:49:59","guid":{"rendered":"https:\/\/drromanovaleria.ch\/?post_type=infographie&#038;p=25949"},"modified":"2025-11-06T13:06:20","modified_gmt":"2025-11-06T12:06:20","slug":"risultati-filler-rughe","status":"publish","type":"infographie","link":"https:\/\/drromanovaleria.ch\/it\/infographie\/resultats-comblement-rides\/","title":{"rendered":"Quels sont les r\u00e9sultats du comblement des rides ? Rides du visage avant\/apr\u00e8s"},"content":{"rendered":"\t\t<div data-elementor-type=\"wp-post\" data-elementor-id=\"25949\" class=\"elementor elementor-25949\" data-elementor-post-type=\"infographie\">\n\t\t\t\t<div class=\"elementor-element elementor-element-0ac5bf4 e-flex e-con-boxed e-con e-parent\" data-id=\"0ac5bf4\" data-element_type=\"container\" data-e-type=\"container\" data-settings=\"{&quot;background_background&quot;:&quot;classic&quot;,&quot;jet_parallax_layout_list&quot;:[]}\">\n\t\t\t\t\t<div class=\"e-con-inner\">\n\t\t<div class=\"elementor-element elementor-element-f2b48b3 e-con-full e-flex e-con e-child\" data-id=\"f2b48b3\" data-element_type=\"container\" data-e-type=\"container\" data-settings=\"{&quot;background_background&quot;:&quot;classic&quot;,&quot;jet_parallax_layout_list&quot;:[]}\">\n\t\t\t\t<div class=\"elementor-element elementor-element-df708c4 elementor-widget__width-initial elementor-widget elementor-widget-heading\" data-id=\"df708c4\" data-element_type=\"widget\" data-e-type=\"widget\" data-widget_type=\"heading.default\">\n\t\t\t\t<div class=\"elementor-widget-container\">\n\t\t\t\t\t<h1 class=\"elementor-heading-title elementor-size-default\">QUELS SONT LES R\u00c9SULTATS DU COMBLEMENT DES RIDES ? RIDES DU VISAGE AVANT\/APR\u00c8S<\/h1>\t\t\t\t<\/div>\n\t\t\t\t<\/div>\n\t\t\t\t<div class=\"elementor-element elementor-element-dad2ffe elementor-align-center elementor-widget elementor-widget-breadcrumbs\" data-id=\"dad2ffe\" data-element_type=\"widget\" data-e-type=\"widget\" data-widget_type=\"breadcrumbs.default\">\n\t\t\t\t<div class=\"elementor-widget-container\">\n\t\t\t\t\t<p id=\"breadcrumbs\"><span><span><a href=\"https:\/\/drromanovaleria.ch\/\">Accueil<\/a><\/span><\/span><\/p>\t\t\t\t<\/div>\n\t\t\t\t<\/div>\n\t\t\t\t<\/div>\n\t\t\t\t\t<\/div>\n\t\t\t\t<\/div>\n\t\t<div class=\"elementor-element elementor-element-09343e8 e-flex e-con-boxed e-con e-parent\" data-id=\"09343e8\" data-element_type=\"container\" data-e-type=\"container\" data-settings=\"{&quot;jet_parallax_layout_list&quot;:[]}\">\n\t\t\t\t\t<div class=\"e-con-inner\">\n\t\t<div class=\"elementor-element elementor-element-1c4cd30 e-flex e-con-boxed e-con e-child\" data-id=\"1c4cd30\" data-element_type=\"container\" data-e-type=\"container\" data-settings=\"{&quot;jet_parallax_layout_list&quot;:[]}\">\n\t\t\t\t\t<div class=\"e-con-inner\">\n\t\t<div class=\"elementor-element elementor-element-eec235f e-con-full e-flex e-con e-child\" data-id=\"eec235f\" data-element_type=\"container\" data-e-type=\"container\" data-settings=\"{&quot;background_background&quot;:&quot;classic&quot;,&quot;jet_parallax_layout_list&quot;:[]}\">\n\t\t\t\t<div class=\"elementor-element elementor-element-3da3df9 elementor-widget elementor-widget-text-editor\" data-id=\"3da3df9\" data-element_type=\"widget\" data-e-type=\"widget\" data-widget_type=\"text-editor.default\">\n\t\t\t\t<div class=\"elementor-widget-container\">\n\t\t\t\t\t\t\t\t\t<h2>Restructurer les volumes du visage<\/h2>\t\t\t\t\t\t\t\t<\/div>\n\t\t\t\t<\/div>\n\t\t\t\t<div class=\"elementor-element elementor-element-7d59df5 elementor-widget elementor-widget-text-editor\" data-id=\"7d59df5\" data-element_type=\"widget\" data-e-type=\"widget\" data-widget_type=\"text-editor.default\">\n\t\t\t\t<div class=\"elementor-widget-container\">\n\t\t\t\t\t\t\t\t\t<p>Avant le comblement des rides, le visage pr\u00e9sente souvent des zones creus\u00e9es qui donnent une impression de fatigue permanente, les plis situ\u00e9s autour de la bouche ou au niveau des joues renfor\u00e7ant cette sensation. Apr\u00e8s le traitement, le visage appara\u00eet repulp\u00e9 et harmonieux, la peau est plus lisse et les rides sont nettement diminu\u00e9es, parfois m\u00eame totalement effac\u00e9es. Les r\u00e9sultats sont visibles imm\u00e9diatement et continuent de s\u2019am\u00e9liorer dans les jours qui suivent, pour \u00eatre pleinement stabilis\u00e9s une semaine apr\u00e8s l\u2019injection. La dur\u00e9e de l\u2019effet varie g\u00e9n\u00e9ralement de neuf \u00e0 dix-huit mois, en fonction du produit utilis\u00e9 et de la qualit\u00e9 de la peau.<\/p>\t\t\t\t\t\t\t\t<\/div>\n\t\t\t\t<\/div>\n\t\t\t\t<\/div>\n\t\t\t\t\t<\/div>\n\t\t\t\t<\/div>\n\t\t<div class=\"elementor-element elementor-element-a13eafc e-flex e-con-boxed e-con e-child\" data-id=\"a13eafc\" data-element_type=\"container\" data-e-type=\"container\" data-settings=\"{&quot;jet_parallax_layout_list&quot;:[]}\">\n\t\t\t\t\t<div class=\"e-con-inner\">\n\t\t\t\t<div class=\"elementor-element elementor-element-11e3399 elementor-widget elementor-widget-image\" data-id=\"11e3399\" data-element_type=\"widget\" data-e-type=\"widget\" data-widget_type=\"image.default\">\n\t\t\t\t<div class=\"elementor-widget-container\">\n\t\t\t\t\t\t\t\t\t\t\t\t\t\t\t<img fetchpriority=\"high\" decoding=\"async\" width=\"300\" height=\"220\" src=\"https:\/\/drromanovaleria.ch\/wp-content\/uploads\/2024\/05\/hydratation-peau.webp\" class=\"attachment-medium size-medium wp-image-4852\" alt=\"image peau jeune hydrat\u00e9e\" srcset=\"https:\/\/drromanovaleria.ch\/wp-content\/uploads\/2024\/05\/hydratation-peau.webp 300w, https:\/\/drromanovaleria.ch\/wp-content\/uploads\/2024\/05\/hydratation-peau-16x12.webp 16w\" sizes=\"(max-width: 300px) 100vw, 300px\" \/>\t\t\t\t\t\t\t\t\t\t\t\t\t\t\t<\/div>\n\t\t\t\t<\/div>\n\t\t\t\t<div class=\"elementor-element elementor-element-4dd8cdf elementor-align-center elementor-widget elementor-widget-button\" data-id=\"4dd8cdf\" data-element_type=\"widget\" data-e-type=\"widget\" data-widget_type=\"button.default\">\n\t\t\t\t<div class=\"elementor-widget-container\">\n\t\t\t\t\t\t\t\t\t<div class=\"elementor-button-wrapper\">\n\t\t\t\t\t<a class=\"elementor-button elementor-button-link elementor-size-sm\" href=\"https:\/\/drromanovaleria.ch\/contactez-le-dr-romano\/\">\n\t\t\t\t\t\t<span class=\"elementor-button-content-wrapper\">\n\t\t\t\t\t\t\t\t\t<span class=\"elementor-button-text\">Prendre rendez-vous<\/span>\n\t\t\t\t\t<\/span>\n\t\t\t\t\t<\/a>\n\t\t\t\t<\/div>\n\t\t\t\t\t\t\t\t<\/div>\n\t\t\t\t<\/div>\n\t\t\t\t\t<\/div>\n\t\t\t\t<\/div>\n\t\t\t\t\t<\/div>\n\t\t\t\t<\/div>\n\t\t<div class=\"elementor-element elementor-element-9e8491f e-flex e-con-boxed e-con e-parent\" data-id=\"9e8491f\" data-element_type=\"container\" data-e-type=\"container\" data-settings=\"{&quot;jet_parallax_layout_list&quot;:[]}\">\n\t\t\t\t\t<div class=\"e-con-inner\">\n\t\t\t\t<div class=\"elementor-element elementor-element-7c49139 elementor-toc--content-ellipsis elementor-toc--minimized-on-desktop elementor-widget elementor-widget-table-of-contents\" data-id=\"7c49139\" data-element_type=\"widget\" data-e-type=\"widget\" data-settings=\"{&quot;exclude_headings_by_selector&quot;:[],&quot;minimized_on&quot;:&quot;desktop&quot;,&quot;no_headings_message&quot;:&quot;Aucun titre n\\u2019a \\u00e9t\\u00e9 trouv\\u00e9 sur cette page.&quot;,&quot;headings_by_tags&quot;:[&quot;h2&quot;,&quot;h3&quot;,&quot;h4&quot;,&quot;h5&quot;,&quot;h6&quot;],&quot;marker_view&quot;:&quot;numbers&quot;,&quot;minimize_box&quot;:&quot;yes&quot;,&quot;hierarchical_view&quot;:&quot;yes&quot;,&quot;min_height&quot;:{&quot;unit&quot;:&quot;px&quot;,&quot;size&quot;:&quot;&quot;,&quot;sizes&quot;:[]},&quot;min_height_tablet&quot;:{&quot;unit&quot;:&quot;px&quot;,&quot;size&quot;:&quot;&quot;,&quot;sizes&quot;:[]},&quot;min_height_mobile&quot;:{&quot;unit&quot;:&quot;px&quot;,&quot;size&quot;:&quot;&quot;,&quot;sizes&quot;:[]}}\" data-widget_type=\"table-of-contents.default\">\n\t\t\t\t<div class=\"elementor-widget-container\">\n\t\t\t\t\t\t\t\t\t<div class=\"elementor-toc__header\">\n\t\t\t\t\t\t<h2 class=\"elementor-toc__header-title\">\n\t\t\t\tSommaire\t\t\t<\/h2>\n\t\t\t\t\t\t\t\t\t\t<div class=\"elementor-toc__toggle-button elementor-toc__toggle-button--expand\" role=\"button\" tabindex=\"0\" aria-controls=\"elementor-toc__7c49139\" aria-expanded=\"true\" aria-label=\"Ouvrir la table des mati\u00e8res\"><svg aria-hidden=\"true\" class=\"e-font-icon-svg e-fas-chevron-down\" viewBox=\"0 0 448 512\" xmlns=\"http:\/\/www.w3.org\/2000\/svg\"><path d=\"M207.029 381.476L12.686 187.132c-9.373-9.373-9.373-24.569 0-33.941l22.667-22.667c9.357-9.357 24.522-9.375 33.901-.04L224 284.505l154.745-154.021c9.379-9.335 24.544-9.317 33.901.04l22.667 22.667c9.373 9.373 9.373 24.569 0 33.941L240.971 381.476c-9.373 9.372-24.569 9.372-33.942 0z\"><\/path><\/svg><\/div>\n\t\t\t\t<div class=\"elementor-toc__toggle-button elementor-toc__toggle-button--collapse\" role=\"button\" tabindex=\"0\" aria-controls=\"elementor-toc__7c49139\" aria-expanded=\"true\" aria-label=\"Fermer la table des mati\u00e8res\"><svg aria-hidden=\"true\" class=\"e-font-icon-svg e-fas-chevron-up\" viewBox=\"0 0 448 512\" xmlns=\"http:\/\/www.w3.org\/2000\/svg\"><path d=\"M240.971 130.524l194.343 194.343c9.373 9.373 9.373 24.569 0 33.941l-22.667 22.667c-9.357 9.357-24.522 9.375-33.901.04L224 227.495 69.255 381.516c-9.379 9.335-24.544 9.317-33.901-.04l-22.667-22.667c-9.373-9.373-9.373-24.569 0-33.941L207.03 130.525c9.372-9.373 24.568-9.373 33.941-.001z\"><\/path><\/svg><\/div>\n\t\t\t\t\t<\/div>\n\t\t\t\t<div id=\"elementor-toc__7c49139\" class=\"elementor-toc__body\">\n\t\t\t<div class=\"elementor-toc__spinner-container\">\n\t\t\t\t<svg class=\"elementor-toc__spinner eicon-animation-spin e-font-icon-svg e-eicon-loading\" aria-hidden=\"true\" viewBox=\"0 0 1000 1000\" xmlns=\"http:\/\/www.w3.org\/2000\/svg\"><path d=\"M500 975V858C696 858 858 696 858 500S696 142 500 142 142 304 142 500H25C25 237 238 25 500 25S975 237 975 500 763 975 500 975Z\"><\/path><\/svg>\t\t\t<\/div>\n\t\t<\/div>\n\t\t\t\t\t\t<\/div>\n\t\t\t\t<\/div>\n\t\t\t\t\t<\/div>\n\t\t\t\t<\/div>\n\t\t<div class=\"elementor-element elementor-element-946a662 e-flex e-con-boxed e-con e-parent\" data-id=\"946a662\" data-element_type=\"container\" data-e-type=\"container\" data-settings=\"{&quot;jet_parallax_layout_list&quot;:[]}\">\n\t\t\t\t\t<div class=\"e-con-inner\">\n\t\t\t\t<div class=\"elementor-element elementor-element-3961daa elementor-widget elementor-widget-text-editor\" data-id=\"3961daa\" data-element_type=\"widget\" data-e-type=\"widget\" data-widget_type=\"text-editor.default\">\n\t\t\t\t<div class=\"elementor-widget-container\">\n\t\t\t\t\t\t\t\t\t<h2>R\u00e9sultats du m\u00e9solift sur les rides : avant\/apr\u00e8s<\/h2>\t\t\t\t\t\t\t\t<\/div>\n\t\t\t\t<\/div>\n\t\t\t\t<div class=\"elementor-element elementor-element-a3afac1 elementor-widget-divider--view-line elementor-widget elementor-widget-divider\" data-id=\"a3afac1\" data-element_type=\"widget\" data-e-type=\"widget\" data-widget_type=\"divider.default\">\n\t\t\t\t<div class=\"elementor-widget-container\">\n\t\t\t\t\t\t\t<div class=\"elementor-divider\">\n\t\t\t<span class=\"elementor-divider-separator\">\n\t\t\t\t\t\t<\/span>\n\t\t<\/div>\n\t\t\t\t\t\t<\/div>\n\t\t\t\t<\/div>\n\t\t\t\t<div class=\"elementor-element elementor-element-ebd95ce elementor-widget elementor-widget-text-editor\" data-id=\"ebd95ce\" data-element_type=\"widget\" data-e-type=\"widget\" data-widget_type=\"text-editor.default\">\n\t\t\t\t<div class=\"elementor-widget-container\">\n\t\t\t\t\t\t\t\t\t<p>Le m\u00e9solift, traitement de <a href=\"https:\/\/drromanovaleria.ch\/solutions\/mesotherapie\/mesotherapie-visage\/\">m\u00e9soth\u00e9rapie visage<\/a>, est indiqu\u00e9 en pr\u00e9vention des rides, en entretien, ou en compl\u00e9ment des injections. Il s\u2019agit de l\u2019injection d\u2019un cocktail de vitamines, acide hyaluronique non r\u00e9ticul\u00e9 et antioxydants dans le derme superficiel.<br \/>Avant le traitement, la peau appara\u00eet terne, finement rid\u00e9e ou d\u00e9shydrat\u00e9e. Les premi\u00e8res ridules deviennent visibles, traduisant une perte d\u2019\u00e9lasticit\u00e9 et un rel\u00e2chement discret des tissus cutan\u00e9s.<br \/>Apr\u00e8s quelques s\u00e9ances de m\u00e9solift \u00e0 Gen\u00e8ve, l\u2019\u00e9clat du visage s\u2019am\u00e9liore nettement, la peau retrouve sa souplesse et sa douceur, et les traits paraissent visiblement revitalis\u00e9s. Les ridules s\u2019att\u00e9nuent progressivement, tandis que le grain de peau s\u2019affine et la peau devient plus lisse et lumineuse. Les r\u00e9sultats s\u2019installent de mani\u00e8re progressive, g\u00e9n\u00e9ralement apr\u00e8s deux \u00e0 trois s\u00e9ances. Le traitement ne cause aucune \u00e9viction sociale ni interruption des activit\u00e9s quotidiennes.<br \/>Le m\u00e9solift est particuli\u00e8rement appr\u00e9ci\u00e9 pour ses nombreux b\u00e9n\u00e9fices : il agit de fa\u00e7on naturelle et pr\u00e9ventive, le traitement est indolore et offre \u00e0 la fois un effet coup d\u2019\u00e9clat imm\u00e9diat et une am\u00e9lioration en profondeur de la qualit\u00e9 du derme sur le moyen terme. Ce protocole s\u2019inscrit dans une approche globale de pr\u00e9servation de la jeunesse du visage, pl\u00e9biscit\u00e9e par les patient(e)s en qu\u00eate de r\u00e9sultats dicrets et durables.<\/p>\t\t\t\t\t\t\t\t<\/div>\n\t\t\t\t<\/div>\n\t\t\t\t\t<\/div>\n\t\t\t\t<\/div>\n\t\t<div class=\"elementor-element elementor-element-f03a277 e-flex e-con-boxed e-con e-parent\" data-id=\"f03a277\" data-element_type=\"container\" data-e-type=\"container\" data-settings=\"{&quot;jet_parallax_layout_list&quot;:[]}\">\n\t\t\t\t\t<div class=\"e-con-inner\">\n\t\t\t\t<div class=\"elementor-element elementor-element-f9d8cd5 elementor-widget elementor-widget-text-editor\" data-id=\"f9d8cd5\" data-element_type=\"widget\" data-e-type=\"widget\" data-widget_type=\"text-editor.default\">\n\t\t\t\t<div class=\"elementor-widget-container\">\n\t\t\t\t\t\t\t\t\t<h2>R\u00e9sultats des Skinboosters sur les rides : avant\/apr\u00e8s<\/h2>\t\t\t\t\t\t\t\t<\/div>\n\t\t\t\t<\/div>\n\t\t\t\t<div class=\"elementor-element elementor-element-e35fd1d elementor-widget-divider--view-line elementor-widget elementor-widget-divider\" data-id=\"e35fd1d\" data-element_type=\"widget\" data-e-type=\"widget\" data-widget_type=\"divider.default\">\n\t\t\t\t<div class=\"elementor-widget-container\">\n\t\t\t\t\t\t\t<div class=\"elementor-divider\">\n\t\t\t<span class=\"elementor-divider-separator\">\n\t\t\t\t\t\t<\/span>\n\t\t<\/div>\n\t\t\t\t\t\t<\/div>\n\t\t\t\t<\/div>\n\t\t\t\t<div class=\"elementor-element elementor-element-30f1085 elementor-widget elementor-widget-text-editor\" data-id=\"30f1085\" data-element_type=\"widget\" data-e-type=\"widget\" data-widget_type=\"text-editor.default\">\n\t\t\t\t<div class=\"elementor-widget-container\">\n\t\t\t\t\t\t\t\t\t<p>Inject\u00e9s en nappage dans le derme, les <a href=\"https:\/\/drromanovaleria.ch\/solutions\/injections\/skinbooster\/\">Skinboosters<\/a> procurent une hydratation profonde, id\u00e9ale pour les peaux fines ou matures.<br \/>Avant le traitement, la peau est d\u00e9shydrat\u00e9e et rel\u00e2ch\u00e9e, marqu\u00e9e par une d\u00e9shydratation profonde. Les rides superficielles sont particuli\u00e8rement visibles, notamment autour de la bouche et des joues, zones o\u00f9 la peau perd plus rapidement en tonicit\u00e9 et en souplesse.<br \/>Apr\u00e8s les injections de Skinboosters, la peau retrouve progressivement une meilleure tonicit\u00e9, les rides superficielles s\u2019estompent, et le visage appara\u00eet plus d\u00e9tendu et repos\u00e9. L\u2019am\u00e9lioration se fait de fa\u00e7on progressive, g\u00e9n\u00e9ralement apr\u00e8s deux \u00e0 trois s\u00e9ances, le temps n\u00e9cessaire pour r\u00e9activer les m\u00e9canismes de r\u00e9g\u00e9n\u00e9ration cutan\u00e9e. La peau est visiblement rajeunie, plus homog\u00e8ne et plus douce au toucher, refl\u00e9tant un v\u00e9ritable regain de vitalit\u00e9.<\/p>\t\t\t\t\t\t\t\t<\/div>\n\t\t\t\t<\/div>\n\t\t\t\t\t<\/div>\n\t\t\t\t<\/div>\n\t\t<div class=\"elementor-element elementor-element-c550a93 e-flex e-con-boxed e-con e-parent\" data-id=\"c550a93\" data-element_type=\"container\" data-e-type=\"container\" data-settings=\"{&quot;jet_parallax_layout_list&quot;:[]}\">\n\t\t\t\t\t<div class=\"e-con-inner\">\n\t\t\t\t<div class=\"elementor-element elementor-element-230e031 elementor-widget elementor-widget-text-editor\" data-id=\"230e031\" data-element_type=\"widget\" data-e-type=\"widget\" data-widget_type=\"text-editor.default\">\n\t\t\t\t<div class=\"elementor-widget-container\">\n\t\t\t\t\t\t\t\t\t<h2>R\u00e9sultats du peeling PRX-T33 sur les rides : avant\/apr\u00e8s<\/h2>\t\t\t\t\t\t\t\t<\/div>\n\t\t\t\t<\/div>\n\t\t\t\t<div class=\"elementor-element elementor-element-827228c elementor-widget-divider--view-line elementor-widget elementor-widget-divider\" data-id=\"827228c\" data-element_type=\"widget\" data-e-type=\"widget\" data-widget_type=\"divider.default\">\n\t\t\t\t<div class=\"elementor-widget-container\">\n\t\t\t\t\t\t\t<div class=\"elementor-divider\">\n\t\t\t<span class=\"elementor-divider-separator\">\n\t\t\t\t\t\t<\/span>\n\t\t<\/div>\n\t\t\t\t\t\t<\/div>\n\t\t\t\t<\/div>\n\t\t\t\t<div class=\"elementor-element elementor-element-c0bd00c elementor-widget elementor-widget-text-editor\" data-id=\"c0bd00c\" data-element_type=\"widget\" data-e-type=\"widget\" data-widget_type=\"text-editor.default\">\n\t\t\t\t<div class=\"elementor-widget-container\">\n\t\t\t\t\t\t\t\t\t<p>Le <a href=\"https:\/\/drromanovaleria.ch\/solutions\/peeling\/peeling-prx-t33\/\">peeling PRX-T33<\/a>, associant acide trichloroac\u00e9tique, peroxyde d\u2019hydrog\u00e8ne et acide kojique, stimule la peau sans l\u2019agresser.<br \/>Avant le traitement, le teint est souvent terne, les premiers signes de rel\u00e2chement cutan\u00e9 sont visibles tout comme les ridules. Certaines zones du visage peuvent \u00e9galement \u00eatre marqu\u00e9es par des irr\u00e9gularit\u00e9s pigmentaires ou une perte d\u2019\u00e9clat. Le visage est \u00e9teint et fatigu\u00e9.<br \/>D\u00e8s la premi\u00e8re s\u00e9ance, on observe une meilleure densit\u00e9 cutan\u00e9e, la peau devient plus lumineuse et uniforme, et les traits paraissent rapidement plus liss\u00e9s. Les r\u00e9sultats s\u2019am\u00e9liorent progressivement au fil des s\u00e9ances, avec une am\u00e9lioration notable apr\u00e8s trois traitements. Le teint est plus \u00e9clatant et la qualit\u00e9 de la peau est visiblement am\u00e9lior\u00e9e.<\/p>\t\t\t\t\t\t\t\t<\/div>\n\t\t\t\t<\/div>\n\t\t\t\t\t<\/div>\n\t\t\t\t<\/div>\n\t\t<div class=\"elementor-element elementor-element-b38f987 e-flex e-con-boxed e-con e-parent\" data-id=\"b38f987\" data-element_type=\"container\" data-e-type=\"container\" data-settings=\"{&quot;jet_parallax_layout_list&quot;:[]}\">\n\t\t\t\t\t<div class=\"e-con-inner\">\n\t\t\t\t<div class=\"elementor-element elementor-element-7016931 elementor-widget elementor-widget-text-editor\" data-id=\"7016931\" data-element_type=\"widget\" data-e-type=\"widget\" data-widget_type=\"text-editor.default\">\n\t\t\t\t<div class=\"elementor-widget-container\">\n\t\t\t\t\t\t\t\t\t<h2>Laser fractionn\u00e9 avant\/apr\u00e8s : traitement des rides install\u00e9es<\/h2>\t\t\t\t\t\t\t\t<\/div>\n\t\t\t\t<\/div>\n\t\t\t\t<div class=\"elementor-element elementor-element-af5d7ed elementor-widget-divider--view-line elementor-widget elementor-widget-divider\" data-id=\"af5d7ed\" data-element_type=\"widget\" data-e-type=\"widget\" data-widget_type=\"divider.default\">\n\t\t\t\t<div class=\"elementor-widget-container\">\n\t\t\t\t\t\t\t<div class=\"elementor-divider\">\n\t\t\t<span class=\"elementor-divider-separator\">\n\t\t\t\t\t\t<\/span>\n\t\t<\/div>\n\t\t\t\t\t\t<\/div>\n\t\t\t\t<\/div>\n\t\t\t\t<div class=\"elementor-element elementor-element-7cc9eb4 elementor-widget elementor-widget-text-editor\" data-id=\"7cc9eb4\" data-element_type=\"widget\" data-e-type=\"widget\" data-widget_type=\"text-editor.default\">\n\t\t\t\t<div class=\"elementor-widget-container\">\n\t\t\t\t\t\t\t\t\t<p>Le <a href=\"https:\/\/drromanovaleria.ch\/solutions\/lasers\/laser-co2-fraxel\/\">laser ablatif fractionn\u00e9<\/a> agit en profondeur pour lisser les rides, resserrer les pores et r\u00e9g\u00e9n\u00e9rer le derme.<br \/>Avant le traitement, la peau pr\u00e9sente des rides profondes, notamment autour de la bouche, des paupi\u00e8res et sur les joues. Elle peut \u00e9galement appara\u00eetre rel\u00e2ch\u00e9e et porter les stigmates du vieillissement cutan\u00e9, accentu\u00e9s par l\u2019exposition solaire. Sa qualit\u00e9 devient alors irr\u00e9guli\u00e8re, et des signes manifestes de perte de fermet\u00e9 s\u2019installent.<br \/>Apr\u00e8s l\u2019intervention, les rides s\u2019estompent de mani\u00e8re notable, la peau retrouve \u00e9lasticit\u00e9 et fermet\u00e9, tandis que son grain s\u2019affine pour devenir plus lisse et homog\u00e8ne. Les premiers effets sont g\u00e9n\u00e9ralement perceptibles au bout de trois \u00e0 quatre semaines, et les r\u00e9sultats continuent de s\u2019am\u00e9liorer avec le temps.<br \/>Selon l\u2019intensit\u00e9 des param\u00e8tres utilis\u00e9s, une p\u00e9riode de r\u00e9cup\u00e9ration de quatre \u00e0 sept jours peut \u00eatre n\u00e9cessaire. Durant ce temps, l\u2019\u00e9piderme se r\u00e9g\u00e9n\u00e8re, r\u00e9v\u00e9lant une peau plus lumineuse, \u00e9clatante et visiblement rajeunie.<\/p>\t\t\t\t\t\t\t\t<\/div>\n\t\t\t\t<\/div>\n\t\t\t\t\t<\/div>\n\t\t\t\t<\/div>\n\t\t<div class=\"elementor-element elementor-element-f0f5ac0 e-flex e-con-boxed e-con e-parent\" data-id=\"f0f5ac0\" data-element_type=\"container\" data-e-type=\"container\" data-settings=\"{&quot;jet_parallax_layout_list&quot;:[]}\">\n\t\t\t\t\t<div class=\"e-con-inner\">\n\t\t\t\t<div class=\"elementor-element elementor-element-6fc60c2 elementor-widget elementor-widget-text-editor\" data-id=\"6fc60c2\" data-element_type=\"widget\" data-e-type=\"widget\" data-widget_type=\"text-editor.default\">\n\t\t\t\t<div class=\"elementor-widget-container\">\n\t\t\t\t\t\t\t\t\t<h2>R\u00e9sultats avant\/apr\u00e8s : avis des patients \u00e0 Gen\u00e8ve<\/h2>\t\t\t\t\t\t\t\t<\/div>\n\t\t\t\t<\/div>\n\t\t\t\t<div class=\"elementor-element elementor-element-bd97a64 elementor-widget-divider--view-line elementor-widget elementor-widget-divider\" data-id=\"bd97a64\" data-element_type=\"widget\" data-e-type=\"widget\" data-widget_type=\"divider.default\">\n\t\t\t\t<div class=\"elementor-widget-container\">\n\t\t\t\t\t\t\t<div class=\"elementor-divider\">\n\t\t\t<span class=\"elementor-divider-separator\">\n\t\t\t\t\t\t<\/span>\n\t\t<\/div>\n\t\t\t\t\t\t<\/div>\n\t\t\t\t<\/div>\n\t\t\t\t<div class=\"elementor-element elementor-element-0e6797b elementor-widget elementor-widget-text-editor\" data-id=\"0e6797b\" data-element_type=\"widget\" data-e-type=\"widget\" data-widget_type=\"text-editor.default\">\n\t\t\t\t<div class=\"elementor-widget-container\">\n\t\t\t\t\t\t\t\t\t<p>Les r\u00e9sultats des traitements des rides du visage sont dans l\u2019ensemble jug\u00e9s tr\u00e8s positivement par les patient(e)s. Cette satisfaction repose sur deux conditions essentielles : une indication bien pos\u00e9e, adapt\u00e9e aux besoins de chacun, et une prise en charge progressive, r\u00e9alis\u00e9e avec pr\u00e9cision et prudence. Lorsqu\u2019elles sont respect\u00e9es, ces conditions permettent d\u2019obtenir un r\u00e9sultat naturel, harmonieux et durable, qui am\u00e9liore visiblement l\u2019apparence sans figer les expressions. Les t\u00e9moignages recueillis illustrent bien cette exp\u00e9rience. \u00ab La toxine botulique a effac\u00e9 mes rides du lion sans alt\u00e9rer mes expressions. Je me sens plus sereine, plus d\u00e9tendue. \u00bb \u00ab Avec le m\u00e9solift, mon teint est beaucoup plus lumineux. J\u2019ai l\u2019air repos\u00e9e, m\u00eame sans maquillage. \u00bb \u00ab J\u2019ai opt\u00e9 pour le laser fractionn\u00e9 : quelques jours de rougeur seulement, mais un r\u00e9sultat bluffant sur les ridules des joues. \u00bb Ces retours traduisent un point commun : les patient(e)s ne d\u00e9crivent pas seulement une am\u00e9lioration esth\u00e9tique, mais aussi un mieux-\u00eatre profond, li\u00e9 \u00e0 une image d\u2019eux-m\u00eames en accord avec ce qu\u2019ils ressentent.<\/p>\t\t\t\t\t\t\t\t<\/div>\n\t\t\t\t<\/div>\n\t\t\t\t\t<\/div>\n\t\t\t\t<\/div>\n\t\t<div class=\"elementor-element elementor-element-64ff97d e-flex e-con-boxed e-con e-parent\" data-id=\"64ff97d\" data-element_type=\"container\" data-e-type=\"container\" data-settings=\"{&quot;jet_parallax_layout_list&quot;:[]}\">\n\t\t\t\t\t<div class=\"e-con-inner\">\n\t\t\t\t<div class=\"elementor-element elementor-element-585e2b7 elementor-widget elementor-widget-text-editor\" data-id=\"585e2b7\" data-element_type=\"widget\" data-e-type=\"widget\" data-widget_type=\"text-editor.default\">\n\t\t\t\t<div class=\"elementor-widget-container\">\n\t\t\t\t\t\t\t\t\t<h2>Avant\/apr\u00e8s : quelle temporalit\u00e9 attendre selon le traitement ?<\/h2>\t\t\t\t\t\t\t\t<\/div>\n\t\t\t\t<\/div>\n\t\t\t\t<div class=\"elementor-element elementor-element-77d6949 elementor-widget-divider--view-line elementor-widget elementor-widget-divider\" data-id=\"77d6949\" data-element_type=\"widget\" data-e-type=\"widget\" data-widget_type=\"divider.default\">\n\t\t\t\t<div class=\"elementor-widget-container\">\n\t\t\t\t\t\t\t<div class=\"elementor-divider\">\n\t\t\t<span class=\"elementor-divider-separator\">\n\t\t\t\t\t\t<\/span>\n\t\t<\/div>\n\t\t\t\t\t\t<\/div>\n\t\t\t\t<\/div>\n\t\t\t\t<div class=\"elementor-element elementor-element-d4eb89f elementor-widget elementor-widget-text-editor\" data-id=\"d4eb89f\" data-element_type=\"widget\" data-e-type=\"widget\" data-widget_type=\"text-editor.default\">\n\t\t\t\t<div class=\"elementor-widget-container\">\n\t\t\t\t\t\t\t\t\t<p>Les d\u00e9lais d\u2019apparition des r\u00e9sultats et leur dur\u00e9e varient selon le type de traitement choisi. <br \/>Avec la toxine botulique, les effets commencent \u00e0 appara\u00eetre entre le 3\u1d49 et le 7\u1d49 jour, pour un r\u00e9sultat optimal autour du 15\u1d49 jour. Ils se maintiennent en moyenne 4 \u00e0 6 mois. <br \/>Les injections d\u2019acide hyaluronique offrent, quant \u00e0 elles, un r\u00e9sultat imm\u00e9diat qui se stabilise au bout d\u2019une semaine, avec une tenue comprise entre 9 et 15 mois selon la densit\u00e9 du produit et la zone trait\u00e9e. <br \/>Le m\u00e9solift, traitement de m\u00e9soth\u00e9rapie du visage particuli\u00e8rement appr\u00e9ci\u00e9 \u00e0 Gen\u00e8ve, procure un effet bonne mine d\u00e8s 24 \u00e0 72 heures, avec une am\u00e9lioration progressive apr\u00e8s 2 \u00e0 3 s\u00e9ances et une dur\u00e9e d\u2019action de 3 \u00e0 4 mois. <br \/>Les Skinboosters agissent plus lentement : les premiers effets apparaissent apr\u00e8s 2 \u00e0 3 s\u00e9ances, avec une am\u00e9lioration notable qui se prolonge sur 6 \u00e0 9 mois. <br \/>Le peeling biorevitalisant PRX-T33, lui, r\u00e9v\u00e8le un \u00e9clat visible d\u00e8s la premi\u00e8re application, tandis que ses b\u00e9n\u00e9fices cutan\u00e9s se maintiennent environ 1 \u00e0 3 mois. <br \/>Enfin, le laser ablatif fractionn\u00e9 offre des r\u00e9sultats progressifs \u00e0 partir de la 3\u1d49 ou 4\u1d49 semaine, avec un effet global sur la densit\u00e9 cutan\u00e9e et les rides qui peut perdurer un an, voire davantage.<\/p>\t\t\t\t\t\t\t\t<\/div>\n\t\t\t\t<\/div>\n\t\t\t\t\t<\/div>\n\t\t\t\t<\/div>\n\t\t<div class=\"elementor-element elementor-element-84d6814 e-flex e-con-boxed e-con e-parent\" data-id=\"84d6814\" data-element_type=\"container\" data-e-type=\"container\" data-settings=\"{&quot;jet_parallax_layout_list&quot;:[]}\">\n\t\t\t\t\t<div class=\"e-con-inner\">\n\t\t\t\t<div class=\"elementor-element elementor-element-5c3e845 elementor-widget elementor-widget-text-editor\" data-id=\"5c3e845\" data-element_type=\"widget\" data-e-type=\"widget\" data-widget_type=\"text-editor.default\">\n\t\t\t\t<div class=\"elementor-widget-container\">\n\t\t\t\t\t\t\t\t\t<h2>Avant\/apr\u00e8s le traitement des rides du visage<\/h2>\t\t\t\t\t\t\t\t<\/div>\n\t\t\t\t<\/div>\n\t\t\t\t<div class=\"elementor-element elementor-element-a09980f elementor-widget-divider--view-line elementor-widget elementor-widget-divider\" data-id=\"a09980f\" data-element_type=\"widget\" data-e-type=\"widget\" data-widget_type=\"divider.default\">\n\t\t\t\t<div class=\"elementor-widget-container\">\n\t\t\t\t\t\t\t<div class=\"elementor-divider\">\n\t\t\t<span class=\"elementor-divider-separator\">\n\t\t\t\t\t\t<\/span>\n\t\t<\/div>\n\t\t\t\t\t\t<\/div>\n\t\t\t\t<\/div>\n\t\t\t\t<div class=\"elementor-element elementor-element-f40cb21 elementor-widget elementor-widget-text-editor\" data-id=\"f40cb21\" data-element_type=\"widget\" data-e-type=\"widget\" data-widget_type=\"text-editor.default\">\n\t\t\t\t<div class=\"elementor-widget-container\">\n\t\t\t\t\t\t\t\t\t<p>Les r\u00e9sultats des traitements des rides du visage sont visibles, progressifs, r\u00e9versibles et personnalisables. Gr\u00e2ce aux avanc\u00e9es en m\u00e9decine \u00e0 vis\u00e9e esth\u00e9tique, il est possible d\u2019obtenir un rajeunissement du visage naturel, sans bistouri, sans transformation, et avec peu ou pas d\u2019\u00e9viction sociale.<br \/>\u00c0 Gen\u00e8ve, les patient(e)s b\u00e9n\u00e9ficient de techniques \u00e9prouv\u00e9es : la toxine botulique pour certaines rides dynamiques, acide hyaluronique ou Sculptra pour les rides statiques, m\u00e9solift pour entretenir l&#8217;hydratation de la peau, et traitements compl\u00e9mentaires comme les peelings PRX-T33 ou le laser fractionn\u00e9.<br \/>Vous souhaitez visualiser l\u2019avant\/apr\u00e8s que vous pourriez obtenir en fonction de votre visage ? Prenez rendez-vous pour un diagnostic personnalis\u00e9. Un protocole sur mesure vous sera propos\u00e9, pour un r\u00e9sultat discret et \u00e9l\u00e9gant.<\/p>\t\t\t\t\t\t\t\t<\/div>\n\t\t\t\t<\/div>\n\t\t\t\t\t<\/div>\n\t\t\t\t<\/div>\n\t\t<div class=\"elementor-element elementor-element-a8cd960 e-flex e-con-boxed e-con e-parent\" data-id=\"a8cd960\" data-element_type=\"container\" data-e-type=\"container\" data-settings=\"{&quot;jet_parallax_layout_list&quot;:[]}\">\n\t\t\t\t\t<div class=\"e-con-inner\">\n\t\t<div class=\"elementor-element elementor-element-f815061 e-con-full e-flex e-con e-child\" data-id=\"f815061\" data-element_type=\"container\" data-e-type=\"container\" data-settings=\"{&quot;jet_parallax_layout_list&quot;:[]}\">\n\t\t<div class=\"elementor-element elementor-element-76fcd04 e-con-full e-flex e-con e-child\" data-id=\"76fcd04\" data-element_type=\"container\" data-e-type=\"container\" data-settings=\"{&quot;jet_parallax_layout_list&quot;:[]}\">\n\t\t<div class=\"elementor-element elementor-element-a4404c5 e-con-full e-flex e-con e-child\" data-id=\"a4404c5\" data-element_type=\"container\" data-e-type=\"container\" data-settings=\"{&quot;jet_parallax_layout_list&quot;:[]}\">\n\t\t<div class=\"elementor-element elementor-element-dc7f521 e-con-full e-flex e-con e-child\" data-id=\"dc7f521\" data-element_type=\"container\" data-e-type=\"container\" data-settings=\"{&quot;jet_parallax_layout_list&quot;:[]}\">\n\t\t\t\t<div class=\"elementor-element elementor-element-6af5ea2 elementor-widget elementor-widget-image\" data-id=\"6af5ea2\" data-element_type=\"widget\" data-e-type=\"widget\" data-widget_type=\"image.default\">\n\t\t\t\t<div class=\"elementor-widget-container\">\n\t\t\t\t\t\t\t\t\t\t\t\t\t\t\t<img decoding=\"async\" width=\"150\" height=\"150\" src=\"https:\/\/drromanovaleria.ch\/wp-content\/uploads\/2024\/07\/photo-docteur-romano-valeria-150x150.webp\" class=\"attachment-thumbnail size-thumbnail wp-image-13266\" alt=\"Photo docteur Valeria Romano \u00e0 Gen\u00e8ve\" \/>\t\t\t\t\t\t\t\t\t\t\t\t\t\t\t<\/div>\n\t\t\t\t<\/div>\n\t\t\t\t<div class=\"elementor-element elementor-element-73c16cd elementor-widget elementor-widget-text-editor\" data-id=\"73c16cd\" data-element_type=\"widget\" data-e-type=\"widget\" data-widget_type=\"text-editor.default\">\n\t\t\t\t<div class=\"elementor-widget-container\">\n\t\t\t\t\t\t\t\t\t<p>Article r\u00e9dig\u00e9 par le <a href=\"https:\/\/drromanovaleria.ch\/\">Dr Romano Valeria<\/a><\/p>\t\t\t\t\t\t\t\t<\/div>\n\t\t\t\t<\/div>\n\t\t\t\t<\/div>\n\t\t<div class=\"elementor-element elementor-element-6e49382 e-con-full e-flex e-con e-child\" data-id=\"6e49382\" data-element_type=\"container\" data-e-type=\"container\" data-settings=\"{&quot;jet_parallax_layout_list&quot;:[]}\">\n\t\t\t\t<div class=\"elementor-element elementor-element-5632a09 elementor-widget elementor-widget-text-editor\" data-id=\"5632a09\" data-element_type=\"widget\" data-e-type=\"widget\" data-widget_type=\"text-editor.default\">\n\t\t\t\t<div class=\"elementor-widget-container\">\n\t\t\t\t\t\t\t\t\t<p>PARTAGER CET ARTICLE SUR<\/p>\t\t\t\t\t\t\t\t<\/div>\n\t\t\t\t<\/div>\n\t\t\t\t<div class=\"elementor-element elementor-element-1370325 elementor-share-buttons--view-icon-text elementor-share-buttons--skin-gradient elementor-share-buttons--shape-square elementor-grid-0 elementor-share-buttons--color-official elementor-widget elementor-widget-share-buttons\" data-id=\"1370325\" data-element_type=\"widget\" data-e-type=\"widget\" data-widget_type=\"share-buttons.default\">\n\t\t\t\t<div class=\"elementor-widget-container\">\n\t\t\t\t\t\t\t<div class=\"elementor-grid\">\n\t\t\t\t\t\t\t\t<div class=\"elementor-grid-item\">\n\t\t\t\t\t\t<div class=\"elementor-share-btn elementor-share-btn_linkedin\" role=\"button\" tabindex=\"0\" aria-label=\"Partager sur linkedin\">\n\t\t\t\t\t\t\t\t\t\t\t\t\t\t\t<span class=\"elementor-share-btn__icon\">\n\t\t\t\t\t\t\t\t<svg aria-hidden=\"true\" class=\"e-font-icon-svg e-fab-linkedin\" viewBox=\"0 0 448 512\" xmlns=\"http:\/\/www.w3.org\/2000\/svg\"><path d=\"M416 32H31.9C14.3 32 0 46.5 0 64.3v383.4C0 465.5 14.3 480 31.9 480H416c17.6 0 32-14.5 32-32.3V64.3c0-17.8-14.4-32.3-32-32.3zM135.4 416H69V202.2h66.5V416zm-33.2-243c-21.3 0-38.5-17.3-38.5-38.5S80.9 96 102.2 96c21.2 0 38.5 17.3 38.5 38.5 0 21.3-17.2 38.5-38.5 38.5zm282.1 243h-66.4V312c0-24.8-.5-56.7-34.5-56.7-34.6 0-39.9 27-39.9 54.9V416h-66.4V202.2h63.7v29.2h.9c8.9-16.8 30.6-34.5 62.9-34.5 67.2 0 79.7 44.3 79.7 101.9V416z\"><\/path><\/svg>\t\t\t\t\t\t\t<\/span>\n\t\t\t\t\t\t\t\t\t\t\t\t\t\t\t\t\t\t\t\t\t\t<div class=\"elementor-share-btn__text\">\n\t\t\t\t\t\t\t\t\t\t\t\t\t\t\t\t\t\t\t<span class=\"elementor-share-btn__title\">\n\t\t\t\t\t\t\t\t\t\tLinkedIn\t\t\t\t\t\t\t\t\t<\/span>\n\t\t\t\t\t\t\t\t\t\t\t\t\t\t\t\t\t<\/div>\n\t\t\t\t\t\t\t\t\t\t\t\t\t<\/div>\n\t\t\t\t\t<\/div>\n\t\t\t\t\t\t<\/div>\n\t\t\t\t\t\t<\/div>\n\t\t\t\t<\/div>\n\t\t\t\t<\/div>\n\t\t\t\t<\/div>\n\t\t\t\t<div class=\"elementor-element elementor-element-f09fa36 elementor-align-start elementor-mobile-align-start elementor-icon-list--layout-traditional elementor-list-item-link-full_width elementor-widget elementor-widget-icon-list\" data-id=\"f09fa36\" data-element_type=\"widget\" data-e-type=\"widget\" data-widget_type=\"icon-list.default\">\n\t\t\t\t<div class=\"elementor-widget-container\">\n\t\t\t\t\t\t\t<ul class=\"elementor-icon-list-items\">\n\t\t\t\t\t\t\t<li class=\"elementor-icon-list-item\">\n\t\t\t\t\t\t\t\t\t\t\t<a href=\"mailto:dr.romano.valeria@gmail.com\">\n\n\t\t\t\t\t\t\t\t\t\t\t\t<span class=\"elementor-icon-list-icon\">\n\t\t\t\t\t\t\t<svg aria-hidden=\"true\" class=\"e-font-icon-svg e-fas-envelope\" viewBox=\"0 0 512 512\" xmlns=\"http:\/\/www.w3.org\/2000\/svg\"><path d=\"M502.3 190.8c3.9-3.1 9.7-.2 9.7 4.7V400c0 26.5-21.5 48-48 48H48c-26.5 0-48-21.5-48-48V195.6c0-5 5.7-7.8 9.7-4.7 22.4 17.4 52.1 39.5 154.1 113.6 21.1 15.4 56.7 47.8 92.2 47.6 35.7.3 72-32.8 92.3-47.6 102-74.1 131.6-96.3 154-113.7zM256 320c23.2.4 56.6-29.2 73.4-41.4 132.7-96.3 142.8-104.7 173.4-128.7 5.8-4.5 9.2-11.5 9.2-18.9v-19c0-26.5-21.5-48-48-48H48C21.5 64 0 85.5 0 112v19c0 7.4 3.4 14.3 9.2 18.9 30.6 23.9 40.7 32.4 173.4 128.7 16.8 12.2 50.2 41.8 73.4 41.4z\"><\/path><\/svg>\t\t\t\t\t\t<\/span>\n\t\t\t\t\t\t\t\t\t\t<span class=\"elementor-icon-list-text\">dr.romano.valeria@gmail.com<\/span>\n\t\t\t\t\t\t\t\t\t\t\t<\/a>\n\t\t\t\t\t\t\t\t\t<\/li>\n\t\t\t\t\t\t\t\t<li class=\"elementor-icon-list-item\">\n\t\t\t\t\t\t\t\t\t\t\t<a href=\"tel:+41%2078%20209%2002%2089\">\n\n\t\t\t\t\t\t\t\t\t\t\t\t<span class=\"elementor-icon-list-icon\">\n\t\t\t\t\t\t\t<svg aria-hidden=\"true\" class=\"e-font-icon-svg e-fas-phone-alt\" viewBox=\"0 0 512 512\" xmlns=\"http:\/\/www.w3.org\/2000\/svg\"><path d=\"M497.39 361.8l-112-48a24 24 0 0 0-28 6.9l-49.6 60.6A370.66 370.66 0 0 1 130.6 204.11l60.6-49.6a23.94 23.94 0 0 0 6.9-28l-48-112A24.16 24.16 0 0 0 122.6.61l-104 24A24 24 0 0 0 0 48c0 256.5 207.9 464 464 464a24 24 0 0 0 23.4-18.6l24-104a24.29 24.29 0 0 0-14.01-27.6z\"><\/path><\/svg>\t\t\t\t\t\t<\/span>\n\t\t\t\t\t\t\t\t\t\t<span class=\"elementor-icon-list-text\">+41 78 209 02 89<\/span>\n\t\t\t\t\t\t\t\t\t\t\t<\/a>\n\t\t\t\t\t\t\t\t\t<\/li>\n\t\t\t\t\t\t<\/ul>\n\t\t\t\t\t\t<\/div>\n\t\t\t\t<\/div>\n\t\t\t\t<\/div>\n\t\t\t\t<\/div>\n\t\t\t\t\t<\/div>\n\t\t\t\t<\/div>\n\t\t\t\t<\/div>\n\t\t","protected":false},"featured_media":0,"template":"elementor_header_footer","class_list":["post-25949","infographie","type-infographie","status-publish","hentry"],"yoast_head":"<!-- This site is optimized with the Yoast SEO plugin v27.5 - https:\/\/yoast.com\/product\/yoast-seo-wordpress\/ -->\n<title>Quels sont les r\u00e9sultats du comblement des rides ? Rides du visage avant\/apr\u00e8s - Dr Romano<\/title>\n<meta name=\"description\" content=\"R\u00e9sultats attendus apr\u00e8s comblement des rides : zones trait\u00e9es, am\u00e9lioration visible, dur\u00e9e des effets, limites selon le type de ride et suivi post-intervention.\" \/>\n<meta name=\"robots\" content=\"index, follow, max-snippet:-1, max-image-preview:large, max-video-preview:-1\" \/>\n<link rel=\"canonical\" href=\"https:\/\/drromanovaleria.ch\/it\/infografia\/risultati-filler-rughe\/\" \/>\n<meta property=\"og:locale\" content=\"it_IT\" \/>\n<meta property=\"og:type\" content=\"article\" \/>\n<meta property=\"og:title\" content=\"Quels sont les r\u00e9sultats du comblement des rides ? Rides du visage avant\/apr\u00e8s - Dr Romano\" \/>\n<meta property=\"og:description\" content=\"R\u00e9sultats attendus apr\u00e8s comblement des rides : zones trait\u00e9es, am\u00e9lioration visible, dur\u00e9e des effets, limites selon le type de ride et suivi post-intervention.\" \/>\n<meta property=\"og:url\" content=\"https:\/\/drromanovaleria.ch\/it\/infografia\/risultati-filler-rughe\/\" \/>\n<meta property=\"og:site_name\" content=\"Dr Romano\" \/>\n<meta property=\"article:modified_time\" content=\"2025-11-06T12:06:20+00:00\" \/>\n<meta property=\"og:image\" content=\"https:\/\/drromanovaleria.ch\/wp-content\/uploads\/2024\/05\/hydratation-peau.webp\" \/>\n\t<meta property=\"og:image:width\" content=\"300\" \/>\n\t<meta property=\"og:image:height\" content=\"220\" \/>\n\t<meta property=\"og:image:type\" content=\"image\/webp\" \/>\n<meta name=\"twitter:card\" content=\"summary_large_image\" \/>\n<meta name=\"twitter:label1\" content=\"Tempo di lettura stimato\" \/>\n\t<meta name=\"twitter:data1\" content=\"8 minuti\" \/>\n<script type=\"application\/ld+json\" class=\"yoast-schema-graph\">{\"@context\":\"https:\\\/\\\/schema.org\",\"@graph\":[{\"@type\":\"WebPage\",\"@id\":\"https:\\\/\\\/drromanovaleria.ch\\\/infographie\\\/resultats-comblement-rides\\\/\",\"url\":\"https:\\\/\\\/drromanovaleria.ch\\\/infographie\\\/resultats-comblement-rides\\\/\",\"name\":\"Quels sont les r\u00e9sultats du comblement des rides ? Rides du visage avant\\\/apr\u00e8s - Dr Romano\",\"isPartOf\":{\"@id\":\"https:\\\/\\\/drromanovaleria.ch\\\/#website\"},\"primaryImageOfPage\":{\"@id\":\"https:\\\/\\\/drromanovaleria.ch\\\/infographie\\\/resultats-comblement-rides\\\/#primaryimage\"},\"image\":{\"@id\":\"https:\\\/\\\/drromanovaleria.ch\\\/infographie\\\/resultats-comblement-rides\\\/#primaryimage\"},\"thumbnailUrl\":\"https:\\\/\\\/drromanovaleria.ch\\\/wp-content\\\/uploads\\\/2024\\\/05\\\/hydratation-peau.webp\",\"datePublished\":\"2025-05-08T10:49:59+00:00\",\"dateModified\":\"2025-11-06T12:06:20+00:00\",\"description\":\"R\u00e9sultats attendus apr\u00e8s comblement des rides : zones trait\u00e9es, am\u00e9lioration visible, dur\u00e9e des effets, limites selon le type de ride et suivi post-intervention.\",\"breadcrumb\":{\"@id\":\"https:\\\/\\\/drromanovaleria.ch\\\/infographie\\\/resultats-comblement-rides\\\/#breadcrumb\"},\"inLanguage\":\"it-IT\",\"potentialAction\":[{\"@type\":\"ReadAction\",\"target\":[\"https:\\\/\\\/drromanovaleria.ch\\\/infographie\\\/resultats-comblement-rides\\\/\"]}]},{\"@type\":\"ImageObject\",\"inLanguage\":\"it-IT\",\"@id\":\"https:\\\/\\\/drromanovaleria.ch\\\/infographie\\\/resultats-comblement-rides\\\/#primaryimage\",\"url\":\"https:\\\/\\\/drromanovaleria.ch\\\/wp-content\\\/uploads\\\/2024\\\/05\\\/hydratation-peau.webp\",\"contentUrl\":\"https:\\\/\\\/drromanovaleria.ch\\\/wp-content\\\/uploads\\\/2024\\\/05\\\/hydratation-peau.webp\"},{\"@type\":\"BreadcrumbList\",\"@id\":\"https:\\\/\\\/drromanovaleria.ch\\\/infographie\\\/resultats-comblement-rides\\\/#breadcrumb\",\"itemListElement\":[{\"@type\":\"ListItem\",\"position\":1,\"name\":\"Accueil\",\"item\":\"https:\\\/\\\/drromanovaleria.ch\\\/\"},{\"@type\":\"ListItem\",\"position\":2,\"name\":\"Infographie\",\"item\":\"https:\\\/\\\/drromanovaleria.ch\\\/infographie\\\/\"},{\"@type\":\"ListItem\",\"position\":3,\"name\":\"Quels sont les r\u00e9sultats du comblement des rides ? Rides du visage avant\\\/apr\u00e8s\"}]},{\"@type\":\"WebSite\",\"@id\":\"https:\\\/\\\/drromanovaleria.ch\\\/#website\",\"url\":\"https:\\\/\\\/drromanovaleria.ch\\\/\",\"name\":\"Dr Romano\",\"description\":\"M\u00e9decine morphologique et anti-\u00e2ge\",\"potentialAction\":[{\"@type\":\"SearchAction\",\"target\":{\"@type\":\"EntryPoint\",\"urlTemplate\":\"https:\\\/\\\/drromanovaleria.ch\\\/?s={search_term_string}\"},\"query-input\":{\"@type\":\"PropertyValueSpecification\",\"valueRequired\":true,\"valueName\":\"search_term_string\"}}],\"inLanguage\":\"it-IT\"}]}<\/script>\n<!-- \/ Yoast SEO plugin. -->","yoast_head_json":{"title":"Quali sono i risultati del filler per le rughe ? Rughe del viso prima\/dopo - Dr Romano","description":"Risultati attesi dopo il filler per le rughe : zone trattate, miglioramento visibile, durata degli effetti, limiti secondo il tipo di rughe e follow-up post-intervento.","robots":{"index":"index","follow":"follow","max-snippet":"max-snippet:-1","max-image-preview":"max-image-preview:large","max-video-preview":"max-video-preview:-1"},"canonical":"https:\/\/drromanovaleria.ch\/it\/infografia\/risultati-filler-rughe\/","og_locale":"it_IT","og_type":"article","og_title":"Quels sont les r\u00e9sultats du comblement des rides ? Rides du visage avant\/apr\u00e8s - Dr Romano","og_description":"R\u00e9sultats attendus apr\u00e8s comblement des rides : zones trait\u00e9es, am\u00e9lioration visible, dur\u00e9e des effets, limites selon le type de ride et suivi post-intervention.","og_url":"https:\/\/drromanovaleria.ch\/it\/infografia\/risultati-filler-rughe\/","og_site_name":"Dr Romano","article_modified_time":"2025-11-06T12:06:20+00:00","og_image":[{"width":300,"height":220,"url":"https:\/\/drromanovaleria.ch\/wp-content\/uploads\/2024\/05\/hydratation-peau.webp","type":"image\/webp"}],"twitter_card":"summary_large_image","twitter_misc":{"Tempo di lettura stimato":"8 minuti"},"schema":{"@context":"https:\/\/schema.org","@graph":[{"@type":"WebPage","@id":"https:\/\/drromanovaleria.ch\/infographie\/resultats-comblement-rides\/","url":"https:\/\/drromanovaleria.ch\/infographie\/resultats-comblement-rides\/","name":"Quali sono i risultati del filler per le rughe ? Rughe del viso prima\/dopo - Dr Romano","isPartOf":{"@id":"https:\/\/drromanovaleria.ch\/#website"},"primaryImageOfPage":{"@id":"https:\/\/drromanovaleria.ch\/infographie\/resultats-comblement-rides\/#primaryimage"},"image":{"@id":"https:\/\/drromanovaleria.ch\/infographie\/resultats-comblement-rides\/#primaryimage"},"thumbnailUrl":"https:\/\/drromanovaleria.ch\/wp-content\/uploads\/2024\/05\/hydratation-peau.webp","datePublished":"2025-05-08T10:49:59+00:00","dateModified":"2025-11-06T12:06:20+00:00","description":"Risultati attesi dopo il filler per le rughe : zone trattate, miglioramento visibile, durata degli effetti, limiti secondo il tipo di rughe e follow-up post-intervento.","breadcrumb":{"@id":"https:\/\/drromanovaleria.ch\/infographie\/resultats-comblement-rides\/#breadcrumb"},"inLanguage":"it-IT","potentialAction":[{"@type":"ReadAction","target":["https:\/\/drromanovaleria.ch\/infographie\/resultats-comblement-rides\/"]}]},{"@type":"ImageObject","inLanguage":"it-IT","@id":"https:\/\/drromanovaleria.ch\/infographie\/resultats-comblement-rides\/#primaryimage","url":"https:\/\/drromanovaleria.ch\/wp-content\/uploads\/2024\/05\/hydratation-peau.webp","contentUrl":"https:\/\/drromanovaleria.ch\/wp-content\/uploads\/2024\/05\/hydratation-peau.webp"},{"@type":"BreadcrumbList","@id":"https:\/\/drromanovaleria.ch\/infographie\/resultats-comblement-rides\/#breadcrumb","itemListElement":[{"@type":"ListItem","position":1,"name":"Accueil","item":"https:\/\/drromanovaleria.ch\/"},{"@type":"ListItem","position":2,"name":"Infographie","item":"https:\/\/drromanovaleria.ch\/infographie\/"},{"@type":"ListItem","position":3,"name":"Quels sont les r\u00e9sultats du comblement des rides ? Rides du visage avant\/apr\u00e8s"}]},{"@type":"WebSite","@id":"https:\/\/drromanovaleria.ch\/#website","url":"https:\/\/drromanovaleria.ch\/","name":"Dott. Romano","description":"Medicina morfologica e anti-invecchiamento","potentialAction":[{"@type":"SearchAction","target":{"@type":"EntryPoint","urlTemplate":"https:\/\/drromanovaleria.ch\/?s={search_term_string}"},"query-input":{"@type":"PropertyValueSpecification","valueRequired":true,"valueName":"search_term_string"}}],"inLanguage":"it-IT"}]}},"_links":{"self":[{"href":"https:\/\/drromanovaleria.ch\/it\/wp-json\/wp\/v2\/infographie\/25949","targetHints":{"allow":["GET"]}}],"collection":[{"href":"https:\/\/drromanovaleria.ch\/it\/wp-json\/wp\/v2\/infographie"}],"about":[{"href":"https:\/\/drromanovaleria.ch\/it\/wp-json\/wp\/v2\/types\/infographie"}],"version-history":[{"count":5,"href":"https:\/\/drromanovaleria.ch\/it\/wp-json\/wp\/v2\/infographie\/25949\/revisions"}],"predecessor-version":[{"id":43237,"href":"https:\/\/drromanovaleria.ch\/it\/wp-json\/wp\/v2\/infographie\/25949\/revisions\/43237"}],"wp:attachment":[{"href":"https:\/\/drromanovaleria.ch\/it\/wp-json\/wp\/v2\/media?parent=25949"}],"curies":[{"name":"wp","href":"https:\/\/api.w.org\/{rel}","templated":true}]}}