{"id":25945,"date":"2025-05-08T12:43:31","date_gmt":"2025-05-08T10:43:31","guid":{"rendered":"https:\/\/drromanovaleria.ch\/?post_type=infographie&#038;p=25945"},"modified":"2025-12-30T20:41:45","modified_gmt":"2025-12-30T19:41:45","slug":"prezzo-trattamento-rughe","status":"publish","type":"infographie","link":"https:\/\/drromanovaleria.ch\/it\/infographie\/prix-traitement-rides\/","title":{"rendered":"Qual \u00e8 il prezzo del trattamento delle rughe ?"},"content":{"rendered":"\t\t<div data-elementor-type=\"wp-post\" data-elementor-id=\"25945\" class=\"elementor elementor-25945\" data-elementor-post-type=\"infographie\">\n\t\t\t\t<div class=\"elementor-element elementor-element-57dd597 e-flex e-con-boxed e-con e-parent\" data-id=\"57dd597\" data-element_type=\"container\" data-e-type=\"container\" data-settings=\"{&quot;background_background&quot;:&quot;classic&quot;,&quot;jet_parallax_layout_list&quot;:[]}\">\n\t\t\t\t\t<div class=\"e-con-inner\">\n\t\t<div class=\"elementor-element elementor-element-c04538a e-con-full e-flex e-con e-child\" data-id=\"c04538a\" data-element_type=\"container\" data-e-type=\"container\" data-settings=\"{&quot;background_background&quot;:&quot;classic&quot;,&quot;jet_parallax_layout_list&quot;:[]}\">\n\t\t\t\t<div class=\"elementor-element elementor-element-662c93e elementor-widget__width-initial elementor-widget elementor-widget-heading\" data-id=\"662c93e\" data-element_type=\"widget\" data-e-type=\"widget\" data-widget_type=\"heading.default\">\n\t\t\t\t<div class=\"elementor-widget-container\">\n\t\t\t\t\t<h1 class=\"elementor-heading-title elementor-size-default\">QUEL EST LE PRIX DU TRAITEMENT DES RIDES ?<\/h1>\t\t\t\t<\/div>\n\t\t\t\t<\/div>\n\t\t\t\t<div class=\"elementor-element elementor-element-11d5296 elementor-align-center elementor-widget elementor-widget-breadcrumbs\" data-id=\"11d5296\" data-element_type=\"widget\" data-e-type=\"widget\" data-widget_type=\"breadcrumbs.default\">\n\t\t\t\t<div class=\"elementor-widget-container\">\n\t\t\t\t\t<p id=\"breadcrumbs\"><span><span><a href=\"https:\/\/drromanovaleria.ch\/\">Accueil<\/a><\/span><\/span><\/p>\t\t\t\t<\/div>\n\t\t\t\t<\/div>\n\t\t\t\t<\/div>\n\t\t\t\t\t<\/div>\n\t\t\t\t<\/div>\n\t\t<div class=\"elementor-element elementor-element-667b95b e-flex e-con-boxed e-con e-parent\" data-id=\"667b95b\" data-element_type=\"container\" data-e-type=\"container\" data-settings=\"{&quot;jet_parallax_layout_list&quot;:[]}\">\n\t\t\t\t\t<div class=\"e-con-inner\">\n\t\t<div class=\"elementor-element elementor-element-31f2b7f e-flex e-con-boxed e-con e-child\" data-id=\"31f2b7f\" data-element_type=\"container\" data-e-type=\"container\" data-settings=\"{&quot;jet_parallax_layout_list&quot;:[]}\">\n\t\t\t\t\t<div class=\"e-con-inner\">\n\t\t<div class=\"elementor-element elementor-element-46ed182 e-con-full e-flex e-con e-child\" data-id=\"46ed182\" data-element_type=\"container\" data-e-type=\"container\" data-settings=\"{&quot;background_background&quot;:&quot;classic&quot;,&quot;jet_parallax_layout_list&quot;:[]}\">\n\t\t\t\t<div class=\"elementor-element elementor-element-194da2d elementor-widget elementor-widget-text-editor\" data-id=\"194da2d\" data-element_type=\"widget\" data-e-type=\"widget\" data-widget_type=\"text-editor.default\">\n\t\t\t\t<div class=\"elementor-widget-container\">\n\t\t\t\t\t\t\t\t\t<h2>Rides du visage : prix du traitement<\/h2>\t\t\t\t\t\t\t\t<\/div>\n\t\t\t\t<\/div>\n\t\t\t\t<div class=\"elementor-element elementor-element-742fcc5 elementor-widget elementor-widget-text-editor\" data-id=\"742fcc5\" data-element_type=\"widget\" data-e-type=\"widget\" data-widget_type=\"text-editor.default\">\n\t\t\t\t<div class=\"elementor-widget-container\">\n\t\t\t\t\t\t\t\t\t<p>Le traitement des<a href=\"https:\/\/drromanovaleria.ch\/besoins\/rides\/\"> rides<\/a> du visage fait partie des demandes les plus fr\u00e9quentes en m\u00e9decine \u00e0 vis\u00e9e esth\u00e9tique \u00e0 Gen\u00e8ve. Avec l\u2019\u00e9volution des techniques et le d\u00e9veloppement des solutions non invasives, il est d\u00e9sormais possible de traiter efficacement les rides tout en pr\u00e9servant la naturalit\u00e9 du visage, sans chirurgie. Une question revient souvent chez de nombreux patients : quel est le prix d\u2019un traitement des rides du visage ? Cette interrogation est l\u00e9gitime, d\u2019autant que les tarifs varient selon le type de rides, la m\u00e9thode choisie, la zone \u00e0 traiter, la qualit\u00e9 des produits inject\u00e9s, et surtout l\u2019expertise du m\u00e9decin.<br \/>Dans cet article, nous faisons le point sur les diff\u00e9rents traitements anti-rides disponibles \u00e0 Gen\u00e8ve, en distinguant les rides dynamiques des rides statiques, tout en expliquant les fourchettes de prix observ\u00e9es pour chaque solution. Vous y d\u00e9couvrirez \u00e9galement les avantages du m\u00e9solift, une forme de m\u00e9soth\u00e9rapie visage tr\u00e8s utilis\u00e9e en pr\u00e9vention et en compl\u00e9ment d&#8217;autres traitements de rajeunissement du visage.<\/p>\t\t\t\t\t\t\t\t<\/div>\n\t\t\t\t<\/div>\n\t\t\t\t<\/div>\n\t\t\t\t\t<\/div>\n\t\t\t\t<\/div>\n\t\t<div class=\"elementor-element elementor-element-be3947a e-flex e-con-boxed e-con e-child\" data-id=\"be3947a\" data-element_type=\"container\" data-e-type=\"container\" data-settings=\"{&quot;jet_parallax_layout_list&quot;:[]}\">\n\t\t\t\t\t<div class=\"e-con-inner\">\n\t\t\t\t<div class=\"elementor-element elementor-element-0fc3b58 elementor-widget elementor-widget-image\" data-id=\"0fc3b58\" data-element_type=\"widget\" data-e-type=\"widget\" data-widget_type=\"image.default\">\n\t\t\t\t<div class=\"elementor-widget-container\">\n\t\t\t\t\t\t\t\t\t\t\t\t\t\t\t<img fetchpriority=\"high\" decoding=\"async\" width=\"300\" height=\"220\" src=\"https:\/\/drromanovaleria.ch\/wp-content\/uploads\/2024\/05\/hydratation-peau.webp\" class=\"attachment-medium size-medium wp-image-4852\" alt=\"image peau jeune hydrat\u00e9e\" srcset=\"https:\/\/drromanovaleria.ch\/wp-content\/uploads\/2024\/05\/hydratation-peau.webp 300w, https:\/\/drromanovaleria.ch\/wp-content\/uploads\/2024\/05\/hydratation-peau-16x12.webp 16w\" sizes=\"(max-width: 300px) 100vw, 300px\" \/>\t\t\t\t\t\t\t\t\t\t\t\t\t\t\t<\/div>\n\t\t\t\t<\/div>\n\t\t\t\t<div class=\"elementor-element elementor-element-98552c5 elementor-align-center elementor-widget elementor-widget-button\" data-id=\"98552c5\" data-element_type=\"widget\" data-e-type=\"widget\" data-widget_type=\"button.default\">\n\t\t\t\t<div class=\"elementor-widget-container\">\n\t\t\t\t\t\t\t\t\t<div class=\"elementor-button-wrapper\">\n\t\t\t\t\t<a class=\"elementor-button elementor-button-link elementor-size-sm\" href=\"https:\/\/drromanovaleria.ch\/contactez-le-dr-romano\/\">\n\t\t\t\t\t\t<span class=\"elementor-button-content-wrapper\">\n\t\t\t\t\t\t\t\t\t<span class=\"elementor-button-text\">Prendre rendez-vous<\/span>\n\t\t\t\t\t<\/span>\n\t\t\t\t\t<\/a>\n\t\t\t\t<\/div>\n\t\t\t\t\t\t\t\t<\/div>\n\t\t\t\t<\/div>\n\t\t\t\t\t<\/div>\n\t\t\t\t<\/div>\n\t\t\t\t\t<\/div>\n\t\t\t\t<\/div>\n\t\t<div class=\"elementor-element elementor-element-b2806e7 e-flex e-con-boxed e-con e-parent\" data-id=\"b2806e7\" data-element_type=\"container\" data-e-type=\"container\" data-settings=\"{&quot;jet_parallax_layout_list&quot;:[]}\">\n\t\t\t\t\t<div class=\"e-con-inner\">\n\t\t\t\t<div class=\"elementor-element elementor-element-d5678ee elementor-toc--content-ellipsis elementor-toc--minimized-on-desktop elementor-widget elementor-widget-table-of-contents\" data-id=\"d5678ee\" data-element_type=\"widget\" data-e-type=\"widget\" data-settings=\"{&quot;exclude_headings_by_selector&quot;:[],&quot;minimized_on&quot;:&quot;desktop&quot;,&quot;no_headings_message&quot;:&quot;Aucun titre n\\u2019a \\u00e9t\\u00e9 trouv\\u00e9 sur cette page.&quot;,&quot;headings_by_tags&quot;:[&quot;h2&quot;,&quot;h3&quot;,&quot;h4&quot;,&quot;h5&quot;,&quot;h6&quot;],&quot;marker_view&quot;:&quot;numbers&quot;,&quot;minimize_box&quot;:&quot;yes&quot;,&quot;hierarchical_view&quot;:&quot;yes&quot;,&quot;min_height&quot;:{&quot;unit&quot;:&quot;px&quot;,&quot;size&quot;:&quot;&quot;,&quot;sizes&quot;:[]},&quot;min_height_tablet&quot;:{&quot;unit&quot;:&quot;px&quot;,&quot;size&quot;:&quot;&quot;,&quot;sizes&quot;:[]},&quot;min_height_mobile&quot;:{&quot;unit&quot;:&quot;px&quot;,&quot;size&quot;:&quot;&quot;,&quot;sizes&quot;:[]}}\" data-widget_type=\"table-of-contents.default\">\n\t\t\t\t<div class=\"elementor-widget-container\">\n\t\t\t\t\t\t\t\t\t<div class=\"elementor-toc__header\">\n\t\t\t\t\t\t<h2 class=\"elementor-toc__header-title\">\n\t\t\t\tSommaire\t\t\t<\/h2>\n\t\t\t\t\t\t\t\t\t\t<div class=\"elementor-toc__toggle-button elementor-toc__toggle-button--expand\" role=\"button\" tabindex=\"0\" aria-controls=\"elementor-toc__d5678ee\" aria-expanded=\"true\" aria-label=\"Ouvrir la table des mati\u00e8res\"><svg aria-hidden=\"true\" class=\"e-font-icon-svg e-fas-chevron-down\" viewBox=\"0 0 448 512\" xmlns=\"http:\/\/www.w3.org\/2000\/svg\"><path d=\"M207.029 381.476L12.686 187.132c-9.373-9.373-9.373-24.569 0-33.941l22.667-22.667c9.357-9.357 24.522-9.375 33.901-.04L224 284.505l154.745-154.021c9.379-9.335 24.544-9.317 33.901.04l22.667 22.667c9.373 9.373 9.373 24.569 0 33.941L240.971 381.476c-9.373 9.372-24.569 9.372-33.942 0z\"><\/path><\/svg><\/div>\n\t\t\t\t<div class=\"elementor-toc__toggle-button elementor-toc__toggle-button--collapse\" role=\"button\" tabindex=\"0\" aria-controls=\"elementor-toc__d5678ee\" aria-expanded=\"true\" aria-label=\"Fermer la table des mati\u00e8res\"><svg aria-hidden=\"true\" class=\"e-font-icon-svg e-fas-chevron-up\" viewBox=\"0 0 448 512\" xmlns=\"http:\/\/www.w3.org\/2000\/svg\"><path d=\"M240.971 130.524l194.343 194.343c9.373 9.373 9.373 24.569 0 33.941l-22.667 22.667c-9.357 9.357-24.522 9.375-33.901.04L224 227.495 69.255 381.516c-9.379 9.335-24.544 9.317-33.901-.04l-22.667-22.667c-9.373-9.373-9.373-24.569 0-33.941L207.03 130.525c9.372-9.373 24.568-9.373 33.941-.001z\"><\/path><\/svg><\/div>\n\t\t\t\t\t<\/div>\n\t\t\t\t<div id=\"elementor-toc__d5678ee\" class=\"elementor-toc__body\">\n\t\t\t<div class=\"elementor-toc__spinner-container\">\n\t\t\t\t<svg class=\"elementor-toc__spinner eicon-animation-spin e-font-icon-svg e-eicon-loading\" aria-hidden=\"true\" viewBox=\"0 0 1000 1000\" xmlns=\"http:\/\/www.w3.org\/2000\/svg\"><path d=\"M500 975V858C696 858 858 696 858 500S696 142 500 142 142 304 142 500H25C25 237 238 25 500 25S975 237 975 500 763 975 500 975Z\"><\/path><\/svg>\t\t\t<\/div>\n\t\t<\/div>\n\t\t\t\t\t\t<\/div>\n\t\t\t\t<\/div>\n\t\t\t\t\t<\/div>\n\t\t\t\t<\/div>\n\t\t<div class=\"elementor-element elementor-element-dbee989 e-flex e-con-boxed e-con e-parent\" data-id=\"dbee989\" data-element_type=\"container\" data-e-type=\"container\" data-settings=\"{&quot;jet_parallax_layout_list&quot;:[]}\">\n\t\t\t\t\t<div class=\"e-con-inner\">\n\t\t\t\t<div class=\"elementor-element elementor-element-f2b856d elementor-widget elementor-widget-text-editor\" data-id=\"f2b856d\" data-element_type=\"widget\" data-e-type=\"widget\" data-widget_type=\"text-editor.default\">\n\t\t\t\t<div class=\"elementor-widget-container\">\n\t\t\t\t\t\t\t\t\t<h2>Prix d\u2019un traitement anti-rides<\/h2>\t\t\t\t\t\t\t\t<\/div>\n\t\t\t\t<\/div>\n\t\t\t\t<div class=\"elementor-element elementor-element-8aca394 elementor-widget-divider--view-line elementor-widget elementor-widget-divider\" data-id=\"8aca394\" data-element_type=\"widget\" data-e-type=\"widget\" data-widget_type=\"divider.default\">\n\t\t\t\t<div class=\"elementor-widget-container\">\n\t\t\t\t\t\t\t<div class=\"elementor-divider\">\n\t\t\t<span class=\"elementor-divider-separator\">\n\t\t\t\t\t\t<\/span>\n\t\t<\/div>\n\t\t\t\t\t\t<\/div>\n\t\t\t\t<\/div>\n\t\t\t\t<div class=\"elementor-element elementor-element-c5a5957 elementor-widget elementor-widget-text-editor\" data-id=\"c5a5957\" data-element_type=\"widget\" data-e-type=\"widget\" data-widget_type=\"text-editor.default\">\n\t\t\t\t<div class=\"elementor-widget-container\">\n\t\t\t\t\t\t\t\t\t<p>Le tarif d\u2019un traitement des rides du visage n\u2019est pas standardis\u00e9. Il d\u00e9pend de plusieurs facteurs.<\/p><ul><li>Type de rides : dynamiques, statiques, mixtes.<\/li><li>Zone \u00e0 traiter : front, patte d\u2019oie, sillons nasog\u00e9niens, plis d\u2019amertume, etc.<\/li><li>Produits utilis\u00e9s : <a href=\"https:\/\/drromanovaleria.ch\/solutions\/injections\/botox\/\">toxine botulique<\/a>, <a href=\"https:\/\/drromanovaleria.ch\/solutions\/injections\/acide-hayluronique\/\">acide hyaluronique<\/a>, <a href=\"https:\/\/drromanovaleria.ch\/solutions\/injections\/skinbooster\/\">Skinboosters<\/a>, <a href=\"https:\/\/drromanovaleria.ch\/solutions\/injections\/sculptra\/\">Sculptra<\/a>.<\/li><li>M\u00e9thode choisie : injection, peeling, <a href=\"https:\/\/drromanovaleria.ch\/solutions\/mesotherapie\/\">m\u00e9soth\u00e9rapie<\/a>, laser.<\/li><li>Le nombre de s\u00e9ances n\u00e9cessaires varie, m\u00eame si une seule s\u00e9ance suffit souvent \u00e0 obtenir un r\u00e9sultat satisfaisant.<\/li><li>Expertise du m\u00e9decin.<\/li><\/ul><p>\u00c0 Gen\u00e8ve, la m\u00e9decine \u00e0 vis\u00e9e esth\u00e9tique se distingue par son haut niveau d\u2019exigence. La priorit\u00e9 est donn\u00e9e \u00e0 la qualit\u00e9 des produits, \u00e0 la s\u00e9curit\u00e9 des techniques et \u00e0 la pr\u00e9cision des gestes. Le tarif refl\u00e8te \u00e9galement une approche globale du traitement, qui inclut un diagnostic personnalis\u00e9, un suivi attentif et, si n\u00e9cessaire, la combinaison de diff\u00e9rentes m\u00e9thodes.<\/p>\t\t\t\t\t\t\t\t<\/div>\n\t\t\t\t<\/div>\n\t\t\t\t\t<\/div>\n\t\t\t\t<\/div>\n\t\t<div class=\"elementor-element elementor-element-4e558f7 e-flex e-con-boxed e-con e-parent\" data-id=\"4e558f7\" data-element_type=\"container\" data-e-type=\"container\" data-settings=\"{&quot;jet_parallax_layout_list&quot;:[]}\">\n\t\t\t\t\t<div class=\"e-con-inner\">\n\t\t\t\t<div class=\"elementor-element elementor-element-e437513 elementor-widget elementor-widget-text-editor\" data-id=\"e437513\" data-element_type=\"widget\" data-e-type=\"widget\" data-widget_type=\"text-editor.default\">\n\t\t\t\t<div class=\"elementor-widget-container\">\n\t\t\t\t\t\t\t\t\t<h2>Traitement des rides dynamiques : prix et solutions<\/h2>\t\t\t\t\t\t\t\t<\/div>\n\t\t\t\t<\/div>\n\t\t\t\t<div class=\"elementor-element elementor-element-a676b21 elementor-widget-divider--view-line elementor-widget elementor-widget-divider\" data-id=\"a676b21\" data-element_type=\"widget\" data-e-type=\"widget\" data-widget_type=\"divider.default\">\n\t\t\t\t<div class=\"elementor-widget-container\">\n\t\t\t\t\t\t\t<div class=\"elementor-divider\">\n\t\t\t<span class=\"elementor-divider-separator\">\n\t\t\t\t\t\t<\/span>\n\t\t<\/div>\n\t\t\t\t\t\t<\/div>\n\t\t\t\t<\/div>\n\t\t\t\t<div class=\"elementor-element elementor-element-a8d377d elementor-widget elementor-widget-text-editor\" data-id=\"a8d377d\" data-element_type=\"widget\" data-e-type=\"widget\" data-widget_type=\"text-editor.default\">\n\t\t\t\t<div class=\"elementor-widget-container\">\n\t\t\t\t\t\t\t\t\t<p>Qu\u2019est-ce qu\u2019une ride dynamique ? Une ride dynamique est une ride qui se forme en r\u00e9ponse aux mouvements r\u00e9p\u00e9t\u00e9s des muscles du visage. Chaque sourire, chaque froncement de sourcils ou plissement des yeux sollicite des groupes musculaires pr\u00e9cis et imprime progressivement un sillon dans la peau. Avec le temps, ces marques, d\u2019abord visibles uniquement lors de l\u2019expression, finissent par persister m\u00eame au repos, donnant au visage un aspect plus marqu\u00e9 ou fatigu\u00e9.<br data-start=\"558\" data-end=\"561\" \/>En m\u00e9decine \u00e0 vis\u00e9e esth\u00e9tique, le traitement de r\u00e9f\u00e9rence de certaines rides dynamiques repose sur l\u2019utilisation de la toxine botulique. Cette technique permet de d\u00e9tendre les muscles responsables et de lisser la peau tout en conservant la mobilit\u00e9 et l\u2019expression naturelle du visage. Dans certaines situations, notamment pour des rides du lion tr\u00e8s prononc\u00e9es, des injections d\u2019acide hyaluronique peuvent \u00eatre associ\u00e9es afin d\u2019obtenir un r\u00e9sultat plus complet et harmonieux.<br \/>\u00c0 Gen\u00e8ve, ces techniques sont int\u00e9gr\u00e9es dans une approche personnalis\u00e9e, qui privil\u00e9gie des r\u00e9sultats subtils et naturels, dans le respect des traits et de l\u2019identit\u00e9 de chaque patient.<\/p><h3>Prix moyen \u00e0 Gen\u00e8ve\u00a0<\/h3><p>Le traitement des rides dynamiques, qui apparaissent avec les expressions du visage (sourcils, yeux, front), repose principalement sur l\u2019injection de toxine botulique. Une injection cibl\u00e9e sur une seule zone \u2013 comme le front ou la patte d\u2019oie \u2013 est propos\u00e9e \u00e0 un tarif compris entre 250 et 350 CHF. Pour deux zones, le co\u00fbt varie g\u00e9n\u00e9ralement entre 450 et 600 CHF, tandis qu\u2019un traitement complet des trois zones classiques (front, glabelle, contour des yeux) peut s\u2019\u00e9lever \u00e0 600\u2013750 CHF, selon la complexit\u00e9 du cas et la quantit\u00e9 de produit utilis\u00e9e. Dans certaines situations, notamment si une ride dynamique est d\u00e9j\u00e0 marqu\u00e9e au repos, on parle alors de rides statiques, une injection compl\u00e9mentaire d\u2019acide hyaluronique peut \u00eatre envisag\u00e9e ; dans ce cas, la seringue est factur\u00e9e entre 450 et 600 CHF, en fonction du type de produit utilis\u00e9 et de la zone inject\u00e9e.<br \/>Le tarif d\u00e9pend de la quantit\u00e9 inject\u00e9e, du produit utilis\u00e9 et du protocole personnalis\u00e9. La toxine botulique a une dur\u00e9e d\u2019action de 4 \u00e0 6 mois.<\/p>\t\t\t\t\t\t\t\t<\/div>\n\t\t\t\t<\/div>\n\t\t\t\t\t<\/div>\n\t\t\t\t<\/div>\n\t\t<div class=\"elementor-element elementor-element-6dfb220 e-flex e-con-boxed e-con e-parent\" data-id=\"6dfb220\" data-element_type=\"container\" data-e-type=\"container\" data-settings=\"{&quot;jet_parallax_layout_list&quot;:[]}\">\n\t\t\t\t\t<div class=\"e-con-inner\">\n\t\t\t\t<div class=\"elementor-element elementor-element-1317f97 elementor-widget elementor-widget-text-editor\" data-id=\"1317f97\" data-element_type=\"widget\" data-e-type=\"widget\" data-widget_type=\"text-editor.default\">\n\t\t\t\t<div class=\"elementor-widget-container\">\n\t\t\t\t\t\t\t\t\t<h2>Traitement des rides statiques : prix et protocoles<\/h2>\t\t\t\t\t\t\t\t<\/div>\n\t\t\t\t<\/div>\n\t\t\t\t<div class=\"elementor-element elementor-element-477e367 elementor-widget-divider--view-line elementor-widget elementor-widget-divider\" data-id=\"477e367\" data-element_type=\"widget\" data-e-type=\"widget\" data-widget_type=\"divider.default\">\n\t\t\t\t<div class=\"elementor-widget-container\">\n\t\t\t\t\t\t\t<div class=\"elementor-divider\">\n\t\t\t<span class=\"elementor-divider-separator\">\n\t\t\t\t\t\t<\/span>\n\t\t<\/div>\n\t\t\t\t\t\t<\/div>\n\t\t\t\t<\/div>\n\t\t\t\t<div class=\"elementor-element elementor-element-e1893b6 elementor-widget elementor-widget-text-editor\" data-id=\"e1893b6\" data-element_type=\"widget\" data-e-type=\"widget\" data-widget_type=\"text-editor.default\">\n\t\t\t\t<div class=\"elementor-widget-container\">\n\t\t\t\t\t\t\t\t\t<p>Qu\u2019est-ce qu\u2019une ride statique ? Une ride statique est une ride visible m\u00eame lorsque le visage est au repos, sans aucune contraction musculaire. Elle appara\u00eet progressivement sous l\u2019effet de la perte de collag\u00e8ne, d\u2019\u00e9lasticit\u00e9, d\u2019hydratation et des ph\u00e9nom\u00e8nes naturels li\u00e9s au vieillissement cutan\u00e9. Elles peuvent \u00eatre accentu\u00e9es par d\u2019autres facteurs comme la fonte des volumes cutan\u00e9s ou l\u2019exposition r\u00e9p\u00e9t\u00e9e aux agressions ext\u00e9rieures, notamment le soleil, le tabac et le stress oxydatif.<br data-start=\"592\" data-end=\"595\" \/>En m\u00e9decine \u00e0 vis\u00e9e esth\u00e9tique, plusieurs traitements permettent de corriger les rides statiques. Les injections d\u2019acide hyaluronique constituent la solution de r\u00e9f\u00e9rence pour combler ces rides et restaurer les volumes perdus, tout en respectant l\u2019harmonie du visage. <br \/>Les Skinboosters permettent d\u2019hydrater en profondeur le derme, redonnant \u00e0 la peau souplesse et luminosit\u00e9. Le Sculptra, quant \u00e0 lui, agit comme un biostimulant en r\u00e9activant la production naturelle de collag\u00e8ne, ce qui am\u00e9liore la fermet\u00e9 et la densit\u00e9 des zones rel\u00e2ch\u00e9es.<br data-start=\"1181\" data-end=\"1184\" data-is-only-node=\"\" \/>\u00c0 Gen\u00e8ve, ces protocoles sont int\u00e9gr\u00e9s dans une approche personnalis\u00e9e, progressive et naturelle, afin de pr\u00e9server l\u2019expression du visage tout en corrigeant efficacement les signes du temps.<\/p><h3>Prix indicatif \u00e0 Gen\u00e8ve\u00a0<\/h3><p>En ce qui concerne le traitement des rides statiques, plusieurs solutions sont disponibles. L\u2019acide hyaluronique, utilis\u00e9 pour combler les sillons et restaurer les volumes perdus, ou en technique de lifting m\u00e9dical, est g\u00e9n\u00e9ralement factur\u00e9 entre 600 et 700 CHF la seringue, le nombre de seringues n\u00e9cessaires varie selon la zone trait\u00e9e et la profondeur des rides.<br \/>Les Skinboosters, injections d\u2019acide hyaluronique peu r\u00e9ticul\u00e9 destin\u00e9es \u00e0 hydrater intens\u00e9ment et redensifier la peau, sont propos\u00e9s \u00e0 un tarif allant de 400 \u00e0 500 CHF la seringue. <br \/>Le Sculptra am\u00e9liore la densit\u00e9 cutan\u00e9e, son action progressive permet de restaurer les volumes perdus et de redonner au visage un aspect plus ferme et harmonieux, sans alt\u00e9rer son naturel. \u00c0 Gen\u00e8ve, le tarif d\u2019un traitement par Sculptra est de 900 CHF par flacon. Selon les besoins et la qualit\u00e9 de la peau, il faut en moyenne entre un et deux flacons pour obtenir un r\u00e9sultat visible, \u00e9volutif et durable, qui se consolide au fil des semaines et peut se maintenir plusieurs ann\u00e9es.<br \/>Le traitement des rides statiques peut, dans certains cas, n\u00e9cessiter plusieurs s\u00e9ances espac\u00e9es, mais le plus souvent une seule s\u00e9ance suffit \u00e0 obtenir un r\u00e9sultat satisfaisant et durable.<\/p>\t\t\t\t\t\t\t\t<\/div>\n\t\t\t\t<\/div>\n\t\t\t\t\t<\/div>\n\t\t\t\t<\/div>\n\t\t<div class=\"elementor-element elementor-element-d49336e e-flex e-con-boxed e-con e-parent\" data-id=\"d49336e\" data-element_type=\"container\" data-e-type=\"container\" data-settings=\"{&quot;jet_parallax_layout_list&quot;:[]}\">\n\t\t\t\t\t<div class=\"e-con-inner\">\n\t\t\t\t<div class=\"elementor-element elementor-element-6a9149f elementor-widget elementor-widget-text-editor\" data-id=\"6a9149f\" data-element_type=\"widget\" data-e-type=\"widget\" data-widget_type=\"text-editor.default\">\n\t\t\t\t<div class=\"elementor-widget-container\">\n\t\t\t\t\t\t\t\t\t<h2>Traitement combin\u00e9 des rides dynamiques et statiques<\/h2>\t\t\t\t\t\t\t\t<\/div>\n\t\t\t\t<\/div>\n\t\t\t\t<div class=\"elementor-element elementor-element-8b48e26 elementor-widget-divider--view-line elementor-widget elementor-widget-divider\" data-id=\"8b48e26\" data-element_type=\"widget\" data-e-type=\"widget\" data-widget_type=\"divider.default\">\n\t\t\t\t<div class=\"elementor-widget-container\">\n\t\t\t\t\t\t\t<div class=\"elementor-divider\">\n\t\t\t<span class=\"elementor-divider-separator\">\n\t\t\t\t\t\t<\/span>\n\t\t<\/div>\n\t\t\t\t\t\t<\/div>\n\t\t\t\t<\/div>\n\t\t\t\t<div class=\"elementor-element elementor-element-1ec245f elementor-widget elementor-widget-text-editor\" data-id=\"1ec245f\" data-element_type=\"widget\" data-e-type=\"widget\" data-widget_type=\"text-editor.default\">\n\t\t\t\t<div class=\"elementor-widget-container\">\n\t\t\t\t\t\t\t\t\t<p data-start=\"77\" data-end=\"323\">Chez de nombreux patients, les rides r\u00e9sultent \u00e0 la fois des contractions musculaires et du rel\u00e2chement des tissus. Une prise en charge esth\u00e9tique efficace repose donc sur une analyse pr\u00e9cise du visage et la combinaison de plusieurs techniques.<br \/>Les solutions les plus souvent propos\u00e9es sont :<\/p><ul><li>M\u00e9soth\u00e9rapie visage (m\u00e9solift) : pour revitaliser la peau.<\/li><li>Peelings m\u00e9dicaux (PRX-T33, peeling moyen) : pour stimuler le renouvellement cellulaire et am\u00e9liorer l\u2019\u00e9clat.<\/li><li>Laser ablatif fractionn\u00e9 : pour traiter les rides superficielles et r\u00e9aliser un rajeunissement cutan\u00e9.<\/li><\/ul><h3>Prix estim\u00e9s\u00a0<\/h3><p>Parmi les traitements combin\u00e9s visant \u00e0 att\u00e9nuer \u00e0 la fois les rides dynamiques et les rides statiques, plusieurs options non invasives sont propos\u00e9es apr\u00e8s analyse m\u00e9dicale. Le m\u00e9solift, traitement de m\u00e9soth\u00e9rapie du visage sp\u00e9cifiquement con\u00e7u pour revitaliser la peau et pr\u00e9venir le vieillissement cutan\u00e9, est g\u00e9n\u00e9ralement tarif\u00e9 entre 300 et 400 CHF par s\u00e9ance, en fonction de la surface trait\u00e9e et des actifs utilis\u00e9s. Le prix du peeling biorevitalisant PRX-T33, reconnu pour son action r\u00e9g\u00e9n\u00e9rante sans desquamation, se situe entre 250 et 350 CHF. Pour un effet plus intense, le peeling moyen au TCA, destin\u00e9 \u00e0 lisser les rides et \u00e0 redonner de l\u2019\u00e9clat au teint, est factur\u00e9 entre 300 \u00e0 400 CHF. Enfin, le laser fractionn\u00e9 CO2, utilis\u00e9 pour traiter les rides profondes et am\u00e9liorer la qualit\u00e9 de la peau du visage, co\u00fbte entre 800 et 1500 CHF par s\u00e9ance, selon le type de traitement et les zones trait\u00e9es.<br \/>\u00c0 Gen\u00e8ve,\u00a0le m\u00e9solift est particuli\u00e8rement appr\u00e9ci\u00e9 pour son action pr\u00e9ventive et correctrice, notamment chez les patients jeunes ou en entretien apr\u00e8s les injections. Il peut \u00eatre associ\u00e9 \u00e0 un traitement de rajeunissement du visage pour renforcer les r\u00e9sultats.<\/p>\t\t\t\t\t\t\t\t<\/div>\n\t\t\t\t<\/div>\n\t\t\t\t\t<\/div>\n\t\t\t\t<\/div>\n\t\t<div class=\"elementor-element elementor-element-6bcbc97 e-flex e-con-boxed e-con e-parent\" data-id=\"6bcbc97\" data-element_type=\"container\" data-e-type=\"container\" data-settings=\"{&quot;jet_parallax_layout_list&quot;:[]}\">\n\t\t\t\t\t<div class=\"e-con-inner\">\n\t\t\t\t<div class=\"elementor-element elementor-element-86338c4 elementor-widget elementor-widget-text-editor\" data-id=\"86338c4\" data-element_type=\"widget\" data-e-type=\"widget\" data-widget_type=\"text-editor.default\">\n\t\t\t\t<div class=\"elementor-widget-container\">\n\t\t\t\t\t\t\t\t\t<h2>Ce que comprend (ou pas) le prix d\u2019un traitement anti-ride<\/h2>\t\t\t\t\t\t\t\t<\/div>\n\t\t\t\t<\/div>\n\t\t\t\t<div class=\"elementor-element elementor-element-db77ca6 elementor-widget-divider--view-line elementor-widget elementor-widget-divider\" data-id=\"db77ca6\" data-element_type=\"widget\" data-e-type=\"widget\" data-widget_type=\"divider.default\">\n\t\t\t\t<div class=\"elementor-widget-container\">\n\t\t\t\t\t\t\t<div class=\"elementor-divider\">\n\t\t\t<span class=\"elementor-divider-separator\">\n\t\t\t\t\t\t<\/span>\n\t\t<\/div>\n\t\t\t\t\t\t<\/div>\n\t\t\t\t<\/div>\n\t\t\t\t<div class=\"elementor-element elementor-element-1808bc8 elementor-widget elementor-widget-text-editor\" data-id=\"1808bc8\" data-element_type=\"widget\" data-e-type=\"widget\" data-widget_type=\"text-editor.default\">\n\t\t\t\t<div class=\"elementor-widget-container\">\n\t\t\t\t\t\t\t\t\t<p>Les tarifs propos\u00e9s dans les cabinets de m\u00e9decine \u00e0 vis\u00e9e esth\u00e9tique haut de gamme \u00e0 Gen\u00e8ve refl\u00e8tent bien plus que le simple co\u00fbt d\u2019un acte. Ils incluent g\u00e9n\u00e9ralement une prise en charge compl\u00e8te et personnalis\u00e9e :<\/p><ul><li>Consultation initiale personnalis\u00e9e.<\/li><li>Analyse morphologique et plan de traitement.<\/li><li>Produits injectables de qualit\u00e9 certifi\u00e9e.<\/li><li>Acte m\u00e9dical r\u00e9alis\u00e9 par un m\u00e9decin exp\u00e9riment\u00e9.<\/li><li>Suivi post-traitement.<\/li><\/ul><p>Certains protocoles n\u00e9cessitent plusieurs s\u00e9ances (Sculptra, m\u00e9solift, peeling ), ce qui implique une strat\u00e9gie de soin sur le long terme.<\/p>\t\t\t\t\t\t\t\t<\/div>\n\t\t\t\t<\/div>\n\t\t\t\t\t<\/div>\n\t\t\t\t<\/div>\n\t\t<div class=\"elementor-element elementor-element-2fbc7b1 e-flex e-con-boxed e-con e-parent\" data-id=\"2fbc7b1\" data-element_type=\"container\" data-e-type=\"container\" data-settings=\"{&quot;jet_parallax_layout_list&quot;:[]}\">\n\t\t\t\t\t<div class=\"e-con-inner\">\n\t\t\t\t<div class=\"elementor-element elementor-element-fb2174d elementor-widget elementor-widget-text-editor\" data-id=\"fb2174d\" data-element_type=\"widget\" data-e-type=\"widget\" data-widget_type=\"text-editor.default\">\n\t\t\t\t<div class=\"elementor-widget-container\">\n\t\t\t\t\t\t\t\t\t<h2>Pourquoi investir dans un traitement anti-rides ?<\/h2>\t\t\t\t\t\t\t\t<\/div>\n\t\t\t\t<\/div>\n\t\t\t\t<div class=\"elementor-element elementor-element-56dcb50 elementor-widget-divider--view-line elementor-widget elementor-widget-divider\" data-id=\"56dcb50\" data-element_type=\"widget\" data-e-type=\"widget\" data-widget_type=\"divider.default\">\n\t\t\t\t<div class=\"elementor-widget-container\">\n\t\t\t\t\t\t\t<div class=\"elementor-divider\">\n\t\t\t<span class=\"elementor-divider-separator\">\n\t\t\t\t\t\t<\/span>\n\t\t<\/div>\n\t\t\t\t\t\t<\/div>\n\t\t\t\t<\/div>\n\t\t\t\t<div class=\"elementor-element elementor-element-959c627 elementor-widget elementor-widget-text-editor\" data-id=\"959c627\" data-element_type=\"widget\" data-e-type=\"widget\" data-widget_type=\"text-editor.default\">\n\t\t\t\t<div class=\"elementor-widget-container\">\n\t\t\t\t\t\t\t\t\t<p>Un traitement anti-rides de qualit\u00e9 ne se r\u00e9sume pas \u00e0 une injection rapide ou \u00e0 un soin isol\u00e9. Il repr\u00e9sente un v\u00e9ritable investissement dans l\u2019image de soi, la confiance personnelle et la pr\u00e9vention du vieillissement cutan\u00e9, tout en respectant l\u2019harmonie naturelle du visage. \u00c0 Gen\u00e8ve, les patientes et patients privil\u00e9gient des solutions discr\u00e8tes, \u00e9l\u00e9gantes et parfaitement ma\u00eetris\u00e9es, loin des exc\u00e8s ou des transformations artificielles.<br data-start=\"546\" data-end=\"549\" \/>La m\u00e9decine \u00e0 vis\u00e9e esth\u00e9tique moderne offre aujourd\u2019hui des techniques capables de rajeunir le visage de fa\u00e7on progressive et durable. Les r\u00e9sultats sont visibles mais subtils, le visage est repos\u00e9 et lumineux. Cette approche exige cependant la mise en place d\u2019un plan de traitement personnalis\u00e9, adapt\u00e9 \u00e0 l\u2019\u00e2ge biologique, au stade du vieillissement et aux attentes sp\u00e9cifiques de chaque patient. C\u2019est cette pr\u00e9cision qui garantit des r\u00e9sultats naturels, \u00e9quilibr\u00e9s et en parfaite ad\u00e9quation avec la personnalit\u00e9 de chaque patient.<\/p>\t\t\t\t\t\t\t\t<\/div>\n\t\t\t\t<\/div>\n\t\t\t\t\t<\/div>\n\t\t\t\t<\/div>\n\t\t<div class=\"elementor-element elementor-element-3804b7c e-flex e-con-boxed e-con e-parent\" data-id=\"3804b7c\" data-element_type=\"container\" data-e-type=\"container\" data-settings=\"{&quot;jet_parallax_layout_list&quot;:[]}\">\n\t\t\t\t\t<div class=\"e-con-inner\">\n\t\t\t\t<div class=\"elementor-element elementor-element-b7d5198 elementor-widget elementor-widget-text-editor\" data-id=\"b7d5198\" data-element_type=\"widget\" data-e-type=\"widget\" data-widget_type=\"text-editor.default\">\n\t\t\t\t<div class=\"elementor-widget-container\">\n\t\t\t\t\t\t\t\t\t<h2>Est-il plus \u00e9conomique pr\u00e9venir ou corriger les rides ?<\/h2>\t\t\t\t\t\t\t\t<\/div>\n\t\t\t\t<\/div>\n\t\t\t\t<div class=\"elementor-element elementor-element-74dbc7f elementor-widget-divider--view-line elementor-widget elementor-widget-divider\" data-id=\"74dbc7f\" data-element_type=\"widget\" data-e-type=\"widget\" data-widget_type=\"divider.default\">\n\t\t\t\t<div class=\"elementor-widget-container\">\n\t\t\t\t\t\t\t<div class=\"elementor-divider\">\n\t\t\t<span class=\"elementor-divider-separator\">\n\t\t\t\t\t\t<\/span>\n\t\t<\/div>\n\t\t\t\t\t\t<\/div>\n\t\t\t\t<\/div>\n\t\t\t\t<div class=\"elementor-element elementor-element-a2a724c elementor-widget elementor-widget-text-editor\" data-id=\"a2a724c\" data-element_type=\"widget\" data-e-type=\"widget\" data-widget_type=\"text-editor.default\">\n\t\t\t\t<div class=\"elementor-widget-container\">\n\t\t\t\t\t\t\t\t\t<p>La pr\u00e9vention est toujours plus \u00e9conomique \u00e0 long terme que la correction des rides d\u00e9j\u00e0 install\u00e9es. Ce principe est bien connu, car agir avant que les rides ne se creusent \u00e9vite des traitements plus lourds, plus co\u00fbteux et plus fr\u00e9quents.<br \/>Pourquoi la pr\u00e9vention co\u00fbte-t-elle moins cher ?<\/p><ul><li>Des traitements plus l\u00e9gers et espac\u00e9s : un protocole de pr\u00e9vention bas\u00e9 sur des soins comme le m\u00e9solift (\u00e0 partir de 300 CHF la s\u00e9ance), les Skinboosters (400 \u00e0 500 CHF) ou une injection de faibles doses de toxine botulique (d\u00e8s 250 CHF la zone) permet de pr\u00e9server la qualit\u00e9 de la peau et de retarder l\u2019apparition des rides profondes. Ces s\u00e9ances peuvent \u00eatre espac\u00e9es de 6 \u00e0 12 mois selon les cas.<\/li><li>Moins de produits inject\u00e9s : lorsqu\u2019on traite une ride \u00e0 son stade pr\u00e9coce, la quantit\u00e9 d\u2019acide hyaluronique n\u00e9cessaire est bien plus faible (souvent une seule seringue suffit), alors qu\u2019une ride profonde peut n\u00e9cessiter 2 \u00e0 3 seringues ou plus. Le co\u00fbt de chaque seringue est de 600 CHF.<\/li><li>Des r\u00e9sultats plus naturels signifient \u00e9galement moins de corrections \u00e0 envisager : la pr\u00e9vention permet en effet de pr\u00e9server l\u2019harmonie du visage. Une peau moins rel\u00e2ch\u00e9e n\u00e9cessitera, \u00e0 long terme, moins d\u2019actes m\u00e9dicaux.<\/li><li>Une meilleure gestion du vieillissement cutan\u00e9 global : pr\u00e9server la densit\u00e9 dermique d\u00e8s l\u2019\u00e2ge de 30\u201335 ans permet de limiter l\u2019affaissement de l\u2019ovale du visage. Cela r\u00e9duit notamment le nombre de s\u00e9ances n\u00e9cessaires pour des techniques comme le laser ablatif fractionn\u00e9, le lifting m\u00e9dical ou le Sculptra (900 CHF le flacon).<\/li><\/ul><p>\u00c0 Gen\u00e8ve, les patient(e)s les plus satisfaits sur le long terme sont ceux qui ont compris l\u2019importance de commencer t\u00f4t avec des traitements l\u00e9gers, bien dos\u00e9s et r\u00e9guliers, \u00e9vitant ainsi des proc\u00e9dures plus complexes et on\u00e9reuses apr\u00e8s 50 ans.<\/p>\t\t\t\t\t\t\t\t<\/div>\n\t\t\t\t<\/div>\n\t\t\t\t\t<\/div>\n\t\t\t\t<\/div>\n\t\t<div class=\"elementor-element elementor-element-6f205a2 e-flex e-con-boxed e-con e-parent\" data-id=\"6f205a2\" data-element_type=\"container\" data-e-type=\"container\" data-settings=\"{&quot;jet_parallax_layout_list&quot;:[]}\">\n\t\t\t\t\t<div class=\"e-con-inner\">\n\t\t\t\t<div class=\"elementor-element elementor-element-d7a80d9 elementor-widget elementor-widget-text-editor\" data-id=\"d7a80d9\" data-element_type=\"widget\" data-e-type=\"widget\" data-widget_type=\"text-editor.default\">\n\t\t\t\t<div class=\"elementor-widget-container\">\n\t\t\t\t\t\t\t\t\t<h2>Conclusion : quel budget pr\u00e9voir pour traiter les rides du visage \u00e0 Gen\u00e8ve ?<\/h2>\t\t\t\t\t\t\t\t<\/div>\n\t\t\t\t<\/div>\n\t\t\t\t<div class=\"elementor-element elementor-element-98b5544 elementor-widget-divider--view-line elementor-widget elementor-widget-divider\" data-id=\"98b5544\" data-element_type=\"widget\" data-e-type=\"widget\" data-widget_type=\"divider.default\">\n\t\t\t\t<div class=\"elementor-widget-container\">\n\t\t\t\t\t\t\t<div class=\"elementor-divider\">\n\t\t\t<span class=\"elementor-divider-separator\">\n\t\t\t\t\t\t<\/span>\n\t\t<\/div>\n\t\t\t\t\t\t<\/div>\n\t\t\t\t<\/div>\n\t\t\t\t<div class=\"elementor-element elementor-element-9e595da elementor-widget elementor-widget-text-editor\" data-id=\"9e595da\" data-element_type=\"widget\" data-e-type=\"widget\" data-widget_type=\"text-editor.default\">\n\t\t\t\t<div class=\"elementor-widget-container\">\n\t\t\t\t\t\t\t\t\t<p>Le prix d\u2019un traitement des rides du visage varie en fonction de plusieurs param\u00e8tres, \u00e0 commencer par le type de rides \u00e0 traiter, la technique utilis\u00e9e \u2014 toxine botulique, acide hyaluronique, Sculptra, m\u00e9solift, laser ou peeling m\u00e9dical \u2014 ainsi que la strat\u00e9gie esth\u00e9tique globale d\u00e9finie pour le patient. \u00c0 Gen\u00e8ve, les m\u00e9decins privil\u00e9gient des soins de qualit\u00e9, pr\u00e9cis et personnalis\u00e9s, dont les r\u00e9sultats sont naturels, durables et ne causent pas d&#8217;\u00e9viction sociale.<br data-start=\"594\" data-end=\"597\" \/>Qu\u2019il s\u2019agisse de pr\u00e9venir l\u2019apparition des premi\u00e8res ridules, de corriger des rides d\u00e9j\u00e0 marqu\u00e9es ou d\u2019am\u00e9liorer la qualit\u00e9 et l\u2019\u00e9clat de la peau, les traitements tels que le m\u00e9solift, les injections ou les peelings m\u00e9dicaux s\u2019int\u00e8grent dans une prise en charge compl\u00e8te et coh\u00e9rente. Chaque protocole est con\u00e7u pour respecter l\u2019harmonie du visage et accompagner le vieillissement avec subtilit\u00e9.<br data-start=\"994\" data-end=\"997\" data-is-only-node=\"\" \/>Un entretien pr\u00e9alable avec un m\u00e9decin exp\u00e9riment\u00e9 est essentiel afin d\u2019\u00e9valuer les besoins du patient, de d\u00e9terminer la m\u00e9thode la plus adapt\u00e9e et de proposer un plan de soins transparent, \u00e0 la fois sur les techniques utilis\u00e9es et sur les tarifs. Cette approche personnalis\u00e9e garantit une exp\u00e9rience s\u00e9curis\u00e9e et des r\u00e9sultats en ad\u00e9quation avec les attentes du patient.<\/p>\t\t\t\t\t\t\t\t<\/div>\n\t\t\t\t<\/div>\n\t\t\t\t\t<\/div>\n\t\t\t\t<\/div>\n\t\t<div class=\"elementor-element elementor-element-61b62d2 e-flex e-con-boxed e-con e-parent\" data-id=\"61b62d2\" data-element_type=\"container\" data-e-type=\"container\" data-settings=\"{&quot;jet_parallax_layout_list&quot;:[]}\">\n\t\t\t\t\t<div class=\"e-con-inner\">\n\t\t<div class=\"elementor-element elementor-element-3b25d01 e-con-full e-flex e-con e-child\" data-id=\"3b25d01\" data-element_type=\"container\" data-e-type=\"container\" data-settings=\"{&quot;jet_parallax_layout_list&quot;:[]}\">\n\t\t<div class=\"elementor-element elementor-element-4f94222 e-con-full e-flex e-con e-child\" data-id=\"4f94222\" data-element_type=\"container\" data-e-type=\"container\" data-settings=\"{&quot;jet_parallax_layout_list&quot;:[]}\">\n\t\t<div class=\"elementor-element elementor-element-b876179 e-con-full e-flex e-con e-child\" data-id=\"b876179\" data-element_type=\"container\" data-e-type=\"container\" data-settings=\"{&quot;jet_parallax_layout_list&quot;:[]}\">\n\t\t<div class=\"elementor-element elementor-element-f521fa0 e-con-full e-flex e-con e-child\" data-id=\"f521fa0\" data-element_type=\"container\" data-e-type=\"container\" data-settings=\"{&quot;jet_parallax_layout_list&quot;:[]}\">\n\t\t\t\t<div class=\"elementor-element elementor-element-6c586e0 elementor-widget elementor-widget-image\" data-id=\"6c586e0\" data-element_type=\"widget\" data-e-type=\"widget\" data-widget_type=\"image.default\">\n\t\t\t\t<div class=\"elementor-widget-container\">\n\t\t\t\t\t\t\t\t\t\t\t\t\t\t\t<img decoding=\"async\" width=\"150\" height=\"150\" src=\"https:\/\/drromanovaleria.ch\/wp-content\/uploads\/2024\/07\/photo-docteur-romano-valeria-150x150.webp\" class=\"attachment-thumbnail size-thumbnail wp-image-13266\" alt=\"Photo docteur Valeria Romano \u00e0 Gen\u00e8ve\" \/>\t\t\t\t\t\t\t\t\t\t\t\t\t\t\t<\/div>\n\t\t\t\t<\/div>\n\t\t\t\t<div class=\"elementor-element elementor-element-5851845 elementor-widget elementor-widget-text-editor\" data-id=\"5851845\" data-element_type=\"widget\" data-e-type=\"widget\" data-widget_type=\"text-editor.default\">\n\t\t\t\t<div class=\"elementor-widget-container\">\n\t\t\t\t\t\t\t\t\t<p>Article r\u00e9dig\u00e9 par le <a href=\"https:\/\/drromanovaleria.ch\/\">Dr Romano Valeria<\/a><\/p>\t\t\t\t\t\t\t\t<\/div>\n\t\t\t\t<\/div>\n\t\t\t\t<\/div>\n\t\t<div class=\"elementor-element elementor-element-646d8aa e-con-full e-flex e-con e-child\" data-id=\"646d8aa\" data-element_type=\"container\" data-e-type=\"container\" data-settings=\"{&quot;jet_parallax_layout_list&quot;:[]}\">\n\t\t\t\t<div class=\"elementor-element elementor-element-43d6ecf elementor-widget elementor-widget-text-editor\" data-id=\"43d6ecf\" data-element_type=\"widget\" data-e-type=\"widget\" data-widget_type=\"text-editor.default\">\n\t\t\t\t<div class=\"elementor-widget-container\">\n\t\t\t\t\t\t\t\t\t<p>PARTAGER CET ARTICLE SUR<\/p>\t\t\t\t\t\t\t\t<\/div>\n\t\t\t\t<\/div>\n\t\t\t\t<div class=\"elementor-element elementor-element-1b9f0a7 elementor-share-buttons--view-icon-text elementor-share-buttons--skin-gradient elementor-share-buttons--shape-square elementor-grid-0 elementor-share-buttons--color-official elementor-widget elementor-widget-share-buttons\" data-id=\"1b9f0a7\" data-element_type=\"widget\" data-e-type=\"widget\" data-widget_type=\"share-buttons.default\">\n\t\t\t\t<div class=\"elementor-widget-container\">\n\t\t\t\t\t\t\t<div class=\"elementor-grid\">\n\t\t\t\t\t\t\t\t<div class=\"elementor-grid-item\">\n\t\t\t\t\t\t<div class=\"elementor-share-btn elementor-share-btn_linkedin\" role=\"button\" tabindex=\"0\" aria-label=\"Partager sur linkedin\">\n\t\t\t\t\t\t\t\t\t\t\t\t\t\t\t<span class=\"elementor-share-btn__icon\">\n\t\t\t\t\t\t\t\t<svg aria-hidden=\"true\" class=\"e-font-icon-svg e-fab-linkedin\" viewBox=\"0 0 448 512\" xmlns=\"http:\/\/www.w3.org\/2000\/svg\"><path d=\"M416 32H31.9C14.3 32 0 46.5 0 64.3v383.4C0 465.5 14.3 480 31.9 480H416c17.6 0 32-14.5 32-32.3V64.3c0-17.8-14.4-32.3-32-32.3zM135.4 416H69V202.2h66.5V416zm-33.2-243c-21.3 0-38.5-17.3-38.5-38.5S80.9 96 102.2 96c21.2 0 38.5 17.3 38.5 38.5 0 21.3-17.2 38.5-38.5 38.5zm282.1 243h-66.4V312c0-24.8-.5-56.7-34.5-56.7-34.6 0-39.9 27-39.9 54.9V416h-66.4V202.2h63.7v29.2h.9c8.9-16.8 30.6-34.5 62.9-34.5 67.2 0 79.7 44.3 79.7 101.9V416z\"><\/path><\/svg>\t\t\t\t\t\t\t<\/span>\n\t\t\t\t\t\t\t\t\t\t\t\t\t\t\t\t\t\t\t\t\t\t<div class=\"elementor-share-btn__text\">\n\t\t\t\t\t\t\t\t\t\t\t\t\t\t\t\t\t\t\t<span class=\"elementor-share-btn__title\">\n\t\t\t\t\t\t\t\t\t\tLinkedIn\t\t\t\t\t\t\t\t\t<\/span>\n\t\t\t\t\t\t\t\t\t\t\t\t\t\t\t\t\t<\/div>\n\t\t\t\t\t\t\t\t\t\t\t\t\t<\/div>\n\t\t\t\t\t<\/div>\n\t\t\t\t\t\t<\/div>\n\t\t\t\t\t\t<\/div>\n\t\t\t\t<\/div>\n\t\t\t\t<\/div>\n\t\t\t\t<\/div>\n\t\t\t\t<div class=\"elementor-element elementor-element-eb03816 elementor-align-start elementor-mobile-align-start elementor-icon-list--layout-traditional elementor-list-item-link-full_width elementor-widget elementor-widget-icon-list\" data-id=\"eb03816\" data-element_type=\"widget\" data-e-type=\"widget\" data-widget_type=\"icon-list.default\">\n\t\t\t\t<div class=\"elementor-widget-container\">\n\t\t\t\t\t\t\t<ul class=\"elementor-icon-list-items\">\n\t\t\t\t\t\t\t<li class=\"elementor-icon-list-item\">\n\t\t\t\t\t\t\t\t\t\t\t<a href=\"mailto:dr.romano.valeria@gmail.com\">\n\n\t\t\t\t\t\t\t\t\t\t\t\t<span class=\"elementor-icon-list-icon\">\n\t\t\t\t\t\t\t<svg aria-hidden=\"true\" class=\"e-font-icon-svg e-fas-envelope\" viewBox=\"0 0 512 512\" xmlns=\"http:\/\/www.w3.org\/2000\/svg\"><path d=\"M502.3 190.8c3.9-3.1 9.7-.2 9.7 4.7V400c0 26.5-21.5 48-48 48H48c-26.5 0-48-21.5-48-48V195.6c0-5 5.7-7.8 9.7-4.7 22.4 17.4 52.1 39.5 154.1 113.6 21.1 15.4 56.7 47.8 92.2 47.6 35.7.3 72-32.8 92.3-47.6 102-74.1 131.6-96.3 154-113.7zM256 320c23.2.4 56.6-29.2 73.4-41.4 132.7-96.3 142.8-104.7 173.4-128.7 5.8-4.5 9.2-11.5 9.2-18.9v-19c0-26.5-21.5-48-48-48H48C21.5 64 0 85.5 0 112v19c0 7.4 3.4 14.3 9.2 18.9 30.6 23.9 40.7 32.4 173.4 128.7 16.8 12.2 50.2 41.8 73.4 41.4z\"><\/path><\/svg>\t\t\t\t\t\t<\/span>\n\t\t\t\t\t\t\t\t\t\t<span class=\"elementor-icon-list-text\">dr.romano.valeria@gmail.com<\/span>\n\t\t\t\t\t\t\t\t\t\t\t<\/a>\n\t\t\t\t\t\t\t\t\t<\/li>\n\t\t\t\t\t\t\t\t<li class=\"elementor-icon-list-item\">\n\t\t\t\t\t\t\t\t\t\t\t<a href=\"tel:+41%2078%20209%2002%2089\">\n\n\t\t\t\t\t\t\t\t\t\t\t\t<span class=\"elementor-icon-list-icon\">\n\t\t\t\t\t\t\t<svg aria-hidden=\"true\" class=\"e-font-icon-svg e-fas-phone-alt\" viewBox=\"0 0 512 512\" xmlns=\"http:\/\/www.w3.org\/2000\/svg\"><path d=\"M497.39 361.8l-112-48a24 24 0 0 0-28 6.9l-49.6 60.6A370.66 370.66 0 0 1 130.6 204.11l60.6-49.6a23.94 23.94 0 0 0 6.9-28l-48-112A24.16 24.16 0 0 0 122.6.61l-104 24A24 24 0 0 0 0 48c0 256.5 207.9 464 464 464a24 24 0 0 0 23.4-18.6l24-104a24.29 24.29 0 0 0-14.01-27.6z\"><\/path><\/svg>\t\t\t\t\t\t<\/span>\n\t\t\t\t\t\t\t\t\t\t<span class=\"elementor-icon-list-text\">+41 78 209 02 89<\/span>\n\t\t\t\t\t\t\t\t\t\t\t<\/a>\n\t\t\t\t\t\t\t\t\t<\/li>\n\t\t\t\t\t\t<\/ul>\n\t\t\t\t\t\t<\/div>\n\t\t\t\t<\/div>\n\t\t\t\t<\/div>\n\t\t\t\t<\/div>\n\t\t\t\t\t<\/div>\n\t\t\t\t<\/div>\n\t\t\t\t<\/div>\n\t\t","protected":false},"featured_media":0,"template":"elementor_header_footer","class_list":["post-25945","infographie","type-infographie","status-publish","hentry"],"yoast_head":"<!-- This site is optimized with the Yoast SEO plugin v27.5 - https:\/\/yoast.com\/product\/yoast-seo-wordpress\/ -->\n<title>Quel est le prix du traitement des rides ? - Dr Romano<\/title>\n<meta name=\"description\" content=\"Prix indicatifs des traitements des rides : injections, lasers, soins m\u00e9dicaux esth\u00e9tiques. Facteurs influen\u00e7ant le co\u00fbt selon la technique, la zone et la dur\u00e9e des effets.\" \/>\n<meta name=\"robots\" content=\"index, follow, max-snippet:-1, max-image-preview:large, max-video-preview:-1\" \/>\n<link rel=\"canonical\" href=\"https:\/\/drromanovaleria.ch\/it\/infografia\/prezzo-trattamento-rughe\/\" \/>\n<meta property=\"og:locale\" content=\"it_IT\" \/>\n<meta property=\"og:type\" content=\"article\" \/>\n<meta property=\"og:title\" content=\"Quel est le prix du traitement des rides ? - Dr Romano\" \/>\n<meta property=\"og:description\" content=\"Prix indicatifs des traitements des rides : injections, lasers, soins m\u00e9dicaux esth\u00e9tiques. Facteurs influen\u00e7ant le co\u00fbt selon la technique, la zone et la dur\u00e9e des effets.\" \/>\n<meta property=\"og:url\" content=\"https:\/\/drromanovaleria.ch\/it\/infografia\/prezzo-trattamento-rughe\/\" \/>\n<meta property=\"og:site_name\" content=\"Dr Romano\" \/>\n<meta property=\"article:modified_time\" content=\"2025-12-30T19:41:45+00:00\" \/>\n<meta property=\"og:image\" content=\"https:\/\/drromanovaleria.ch\/wp-content\/uploads\/2024\/05\/hydratation-peau.webp\" \/>\n\t<meta property=\"og:image:width\" content=\"300\" \/>\n\t<meta property=\"og:image:height\" content=\"220\" \/>\n\t<meta property=\"og:image:type\" content=\"image\/webp\" \/>\n<meta name=\"twitter:card\" content=\"summary_large_image\" \/>\n<meta name=\"twitter:label1\" content=\"Tempo di lettura stimato\" \/>\n\t<meta name=\"twitter:data1\" content=\"12 minuti\" \/>\n<script type=\"application\/ld+json\" class=\"yoast-schema-graph\">{\"@context\":\"https:\\\/\\\/schema.org\",\"@graph\":[{\"@type\":\"WebPage\",\"@id\":\"https:\\\/\\\/drromanovaleria.ch\\\/infographie\\\/prix-traitement-rides\\\/\",\"url\":\"https:\\\/\\\/drromanovaleria.ch\\\/infographie\\\/prix-traitement-rides\\\/\",\"name\":\"Quel est le prix du traitement des rides ? - Dr Romano\",\"isPartOf\":{\"@id\":\"https:\\\/\\\/drromanovaleria.ch\\\/#website\"},\"primaryImageOfPage\":{\"@id\":\"https:\\\/\\\/drromanovaleria.ch\\\/infographie\\\/prix-traitement-rides\\\/#primaryimage\"},\"image\":{\"@id\":\"https:\\\/\\\/drromanovaleria.ch\\\/infographie\\\/prix-traitement-rides\\\/#primaryimage\"},\"thumbnailUrl\":\"https:\\\/\\\/drromanovaleria.ch\\\/wp-content\\\/uploads\\\/2024\\\/05\\\/hydratation-peau.webp\",\"datePublished\":\"2025-05-08T10:43:31+00:00\",\"dateModified\":\"2025-12-30T19:41:45+00:00\",\"description\":\"Prix indicatifs des traitements des rides : injections, lasers, soins m\u00e9dicaux esth\u00e9tiques. Facteurs influen\u00e7ant le co\u00fbt selon la technique, la zone et la dur\u00e9e des effets.\",\"breadcrumb\":{\"@id\":\"https:\\\/\\\/drromanovaleria.ch\\\/infographie\\\/prix-traitement-rides\\\/#breadcrumb\"},\"inLanguage\":\"it-IT\",\"potentialAction\":[{\"@type\":\"ReadAction\",\"target\":[\"https:\\\/\\\/drromanovaleria.ch\\\/infographie\\\/prix-traitement-rides\\\/\"]}]},{\"@type\":\"ImageObject\",\"inLanguage\":\"it-IT\",\"@id\":\"https:\\\/\\\/drromanovaleria.ch\\\/infographie\\\/prix-traitement-rides\\\/#primaryimage\",\"url\":\"https:\\\/\\\/drromanovaleria.ch\\\/wp-content\\\/uploads\\\/2024\\\/05\\\/hydratation-peau.webp\",\"contentUrl\":\"https:\\\/\\\/drromanovaleria.ch\\\/wp-content\\\/uploads\\\/2024\\\/05\\\/hydratation-peau.webp\"},{\"@type\":\"BreadcrumbList\",\"@id\":\"https:\\\/\\\/drromanovaleria.ch\\\/infographie\\\/prix-traitement-rides\\\/#breadcrumb\",\"itemListElement\":[{\"@type\":\"ListItem\",\"position\":1,\"name\":\"Accueil\",\"item\":\"https:\\\/\\\/drromanovaleria.ch\\\/\"},{\"@type\":\"ListItem\",\"position\":2,\"name\":\"Infographie\",\"item\":\"https:\\\/\\\/drromanovaleria.ch\\\/infographie\\\/\"},{\"@type\":\"ListItem\",\"position\":3,\"name\":\"Quel est le prix du traitement des rides ?\"}]},{\"@type\":\"WebSite\",\"@id\":\"https:\\\/\\\/drromanovaleria.ch\\\/#website\",\"url\":\"https:\\\/\\\/drromanovaleria.ch\\\/\",\"name\":\"Dr Romano\",\"description\":\"M\u00e9decine morphologique et anti-\u00e2ge\",\"potentialAction\":[{\"@type\":\"SearchAction\",\"target\":{\"@type\":\"EntryPoint\",\"urlTemplate\":\"https:\\\/\\\/drromanovaleria.ch\\\/?s={search_term_string}\"},\"query-input\":{\"@type\":\"PropertyValueSpecification\",\"valueRequired\":true,\"valueName\":\"search_term_string\"}}],\"inLanguage\":\"it-IT\"}]}<\/script>\n<!-- \/ Yoast SEO plugin. -->","yoast_head_json":{"title":"Qual \u00e8 il prezzo del trattamento delle rughe ? - Dr Romano","description":"Prezzi indicativi dei trattamenti per le rughe : iniezioni, laser, trattamenti medico-estetici. Fattori che influenzano il costo in base alla tecnica, all\u2019area e alla durata degli effetti.","robots":{"index":"index","follow":"follow","max-snippet":"max-snippet:-1","max-image-preview":"max-image-preview:large","max-video-preview":"max-video-preview:-1"},"canonical":"https:\/\/drromanovaleria.ch\/it\/infografia\/prezzo-trattamento-rughe\/","og_locale":"it_IT","og_type":"article","og_title":"Quel est le prix du traitement des rides ? - Dr Romano","og_description":"Prix indicatifs des traitements des rides : injections, lasers, soins m\u00e9dicaux esth\u00e9tiques. Facteurs influen\u00e7ant le co\u00fbt selon la technique, la zone et la dur\u00e9e des effets.","og_url":"https:\/\/drromanovaleria.ch\/it\/infografia\/prezzo-trattamento-rughe\/","og_site_name":"Dr Romano","article_modified_time":"2025-12-30T19:41:45+00:00","og_image":[{"width":300,"height":220,"url":"https:\/\/drromanovaleria.ch\/wp-content\/uploads\/2024\/05\/hydratation-peau.webp","type":"image\/webp"}],"twitter_card":"summary_large_image","twitter_misc":{"Tempo di lettura stimato":"12 minuti"},"schema":{"@context":"https:\/\/schema.org","@graph":[{"@type":"WebPage","@id":"https:\/\/drromanovaleria.ch\/infographie\/prix-traitement-rides\/","url":"https:\/\/drromanovaleria.ch\/infographie\/prix-traitement-rides\/","name":"Qual \u00e8 il prezzo del trattamento delle rughe ? - Dr Romano","isPartOf":{"@id":"https:\/\/drromanovaleria.ch\/#website"},"primaryImageOfPage":{"@id":"https:\/\/drromanovaleria.ch\/infographie\/prix-traitement-rides\/#primaryimage"},"image":{"@id":"https:\/\/drromanovaleria.ch\/infographie\/prix-traitement-rides\/#primaryimage"},"thumbnailUrl":"https:\/\/drromanovaleria.ch\/wp-content\/uploads\/2024\/05\/hydratation-peau.webp","datePublished":"2025-05-08T10:43:31+00:00","dateModified":"2025-12-30T19:41:45+00:00","description":"Prezzi indicativi dei trattamenti per le rughe : iniezioni, laser, trattamenti medico-estetici. Fattori che influenzano il costo in base alla tecnica, all\u2019area e alla durata degli effetti.","breadcrumb":{"@id":"https:\/\/drromanovaleria.ch\/infographie\/prix-traitement-rides\/#breadcrumb"},"inLanguage":"it-IT","potentialAction":[{"@type":"ReadAction","target":["https:\/\/drromanovaleria.ch\/infographie\/prix-traitement-rides\/"]}]},{"@type":"ImageObject","inLanguage":"it-IT","@id":"https:\/\/drromanovaleria.ch\/infographie\/prix-traitement-rides\/#primaryimage","url":"https:\/\/drromanovaleria.ch\/wp-content\/uploads\/2024\/05\/hydratation-peau.webp","contentUrl":"https:\/\/drromanovaleria.ch\/wp-content\/uploads\/2024\/05\/hydratation-peau.webp"},{"@type":"BreadcrumbList","@id":"https:\/\/drromanovaleria.ch\/infographie\/prix-traitement-rides\/#breadcrumb","itemListElement":[{"@type":"ListItem","position":1,"name":"Accueil","item":"https:\/\/drromanovaleria.ch\/"},{"@type":"ListItem","position":2,"name":"Infographie","item":"https:\/\/drromanovaleria.ch\/infographie\/"},{"@type":"ListItem","position":3,"name":"Quel est le prix du traitement des rides ?"}]},{"@type":"WebSite","@id":"https:\/\/drromanovaleria.ch\/#website","url":"https:\/\/drromanovaleria.ch\/","name":"Dott. Romano","description":"Medicina morfologica e anti-invecchiamento","potentialAction":[{"@type":"SearchAction","target":{"@type":"EntryPoint","urlTemplate":"https:\/\/drromanovaleria.ch\/?s={search_term_string}"},"query-input":{"@type":"PropertyValueSpecification","valueRequired":true,"valueName":"search_term_string"}}],"inLanguage":"it-IT"}]}},"_links":{"self":[{"href":"https:\/\/drromanovaleria.ch\/it\/wp-json\/wp\/v2\/infographie\/25945","targetHints":{"allow":["GET"]}}],"collection":[{"href":"https:\/\/drromanovaleria.ch\/it\/wp-json\/wp\/v2\/infographie"}],"about":[{"href":"https:\/\/drromanovaleria.ch\/it\/wp-json\/wp\/v2\/types\/infographie"}],"version-history":[{"count":5,"href":"https:\/\/drromanovaleria.ch\/it\/wp-json\/wp\/v2\/infographie\/25945\/revisions"}],"predecessor-version":[{"id":55067,"href":"https:\/\/drromanovaleria.ch\/it\/wp-json\/wp\/v2\/infographie\/25945\/revisions\/55067"}],"wp:attachment":[{"href":"https:\/\/drromanovaleria.ch\/it\/wp-json\/wp\/v2\/media?parent=25945"}],"curies":[{"name":"wp","href":"https:\/\/api.w.org\/{rel}","templated":true}]}}