{"id":25941,"date":"2025-05-08T12:40:20","date_gmt":"2025-05-08T10:40:20","guid":{"rendered":"https:\/\/drromanovaleria.ch\/?post_type=infographie&#038;p=25941"},"modified":"2025-11-06T10:55:19","modified_gmt":"2025-11-06T09:55:19","slug":"fattori-acceleratori-rughe","status":"publish","type":"infographie","link":"https:\/\/drromanovaleria.ch\/it\/infographie\/facteurs-acceleration-rides\/","title":{"rendered":"Quels facteurs acc\u00e9l\u00e8rent l\u2019apparition des rides ?"},"content":{"rendered":"\t\t<div data-elementor-type=\"wp-post\" data-elementor-id=\"25941\" class=\"elementor elementor-25941\" data-elementor-post-type=\"infographie\">\n\t\t\t\t<div class=\"elementor-element elementor-element-de43d8e e-flex e-con-boxed e-con e-parent\" data-id=\"de43d8e\" data-element_type=\"container\" data-e-type=\"container\" data-settings=\"{&quot;background_background&quot;:&quot;classic&quot;,&quot;jet_parallax_layout_list&quot;:[]}\">\n\t\t\t\t\t<div class=\"e-con-inner\">\n\t\t<div class=\"elementor-element elementor-element-c9e3ed7 e-con-full e-flex e-con e-child\" data-id=\"c9e3ed7\" data-element_type=\"container\" data-e-type=\"container\" data-settings=\"{&quot;background_background&quot;:&quot;classic&quot;,&quot;jet_parallax_layout_list&quot;:[]}\">\n\t\t\t\t<div class=\"elementor-element elementor-element-bca33d5 elementor-widget__width-initial elementor-widget elementor-widget-heading\" data-id=\"bca33d5\" data-element_type=\"widget\" data-e-type=\"widget\" data-widget_type=\"heading.default\">\n\t\t\t\t<div class=\"elementor-widget-container\">\n\t\t\t\t\t<h1 class=\"elementor-heading-title elementor-size-default\">QUELS FACTEURS ACC\u00c9L\u00c8RENT L\u2019APPARITION DES RIDES ?<\/h1>\t\t\t\t<\/div>\n\t\t\t\t<\/div>\n\t\t\t\t<div class=\"elementor-element elementor-element-0c6060f elementor-align-center elementor-widget elementor-widget-breadcrumbs\" data-id=\"0c6060f\" data-element_type=\"widget\" data-e-type=\"widget\" data-widget_type=\"breadcrumbs.default\">\n\t\t\t\t<div class=\"elementor-widget-container\">\n\t\t\t\t\t<p id=\"breadcrumbs\"><span><span><a href=\"https:\/\/drromanovaleria.ch\/\">Accueil<\/a><\/span><\/span><\/p>\t\t\t\t<\/div>\n\t\t\t\t<\/div>\n\t\t\t\t<\/div>\n\t\t\t\t\t<\/div>\n\t\t\t\t<\/div>\n\t\t<div class=\"elementor-element elementor-element-710f188 e-flex e-con-boxed e-con e-parent\" data-id=\"710f188\" data-element_type=\"container\" data-e-type=\"container\" data-settings=\"{&quot;jet_parallax_layout_list&quot;:[]}\">\n\t\t\t\t\t<div class=\"e-con-inner\">\n\t\t<div class=\"elementor-element elementor-element-d269d53 e-flex e-con-boxed e-con e-child\" data-id=\"d269d53\" data-element_type=\"container\" data-e-type=\"container\" data-settings=\"{&quot;jet_parallax_layout_list&quot;:[]}\">\n\t\t\t\t\t<div class=\"e-con-inner\">\n\t\t<div class=\"elementor-element elementor-element-2554230 e-con-full e-flex e-con e-child\" data-id=\"2554230\" data-element_type=\"container\" data-e-type=\"container\" data-settings=\"{&quot;background_background&quot;:&quot;classic&quot;,&quot;jet_parallax_layout_list&quot;:[]}\">\n\t\t\t\t<div class=\"elementor-element elementor-element-36fd458 elementor-widget elementor-widget-text-editor\" data-id=\"36fd458\" data-element_type=\"widget\" data-e-type=\"widget\" data-widget_type=\"text-editor.default\">\n\t\t\t\t<div class=\"elementor-widget-container\">\n\t\t\t\t\t\t\t\t\t<h2>Comblement des rides \u00e0 Gen\u00e8ve<\/h2>\t\t\t\t\t\t\t\t<\/div>\n\t\t\t\t<\/div>\n\t\t\t\t<div class=\"elementor-element elementor-element-b10da54 elementor-widget elementor-widget-text-editor\" data-id=\"b10da54\" data-element_type=\"widget\" data-e-type=\"widget\" data-widget_type=\"text-editor.default\">\n\t\t\t\t<div class=\"elementor-widget-container\">\n\t\t\t\t\t\t\t\t\t<p>La peau, organe complexe et vivant, est le miroir fid\u00e8le de notre sant\u00e9 globale, mais \u00e9galement de notre hygi\u00e8ne de vie et de notre environnement. L\u2019apparition des <a href=\"https:\/\/drromanovaleria.ch\/besoins\/rides\/\">rides<\/a>, loin d\u2019\u00eatre uniquement dict\u00e9e par l\u2019\u00e2ge chronologique, d\u00e9pend de multiples facteurs internes et externes qui, combin\u00e9s, peuvent pr\u00e9cipiter le vieillissement cutan\u00e9. Il est fondamental d\u2019informer et de sensibiliser les patient(e)s \u00e0 ces \u00e9l\u00e9ments afin de proposer des solutions personnalis\u00e9es, douces, efficaces et non invasives comme le m\u00e9solift, une forme de m\u00e9soth\u00e9rapie du visage aux avantages d\u00e9sormais largement reconnus.<br \/>Dans cet article, nous allons analyser en d\u00e9tail les principaux facteurs qui acc\u00e9l\u00e8rent l\u2019apparition des rides, en distinguant les causes biologiques, comportementales et environnementales. Nous aborderons \u00e9galement les solutions actuelles disponibles, en particulier les traitements de rajeunissement non invasifs.<\/p>\t\t\t\t\t\t\t\t<\/div>\n\t\t\t\t<\/div>\n\t\t\t\t<\/div>\n\t\t\t\t\t<\/div>\n\t\t\t\t<\/div>\n\t\t<div class=\"elementor-element elementor-element-1ffe513 e-flex e-con-boxed e-con e-child\" data-id=\"1ffe513\" data-element_type=\"container\" data-e-type=\"container\" data-settings=\"{&quot;jet_parallax_layout_list&quot;:[]}\">\n\t\t\t\t\t<div class=\"e-con-inner\">\n\t\t\t\t<div class=\"elementor-element elementor-element-4fb213c elementor-widget elementor-widget-image\" data-id=\"4fb213c\" data-element_type=\"widget\" data-e-type=\"widget\" data-widget_type=\"image.default\">\n\t\t\t\t<div class=\"elementor-widget-container\">\n\t\t\t\t\t\t\t\t\t\t\t\t\t\t\t<img fetchpriority=\"high\" decoding=\"async\" width=\"300\" height=\"220\" src=\"https:\/\/drromanovaleria.ch\/wp-content\/uploads\/2024\/05\/hydratation-peau.webp\" class=\"attachment-medium size-medium wp-image-4852\" alt=\"image peau jeune hydrat\u00e9e\" srcset=\"https:\/\/drromanovaleria.ch\/wp-content\/uploads\/2024\/05\/hydratation-peau.webp 300w, https:\/\/drromanovaleria.ch\/wp-content\/uploads\/2024\/05\/hydratation-peau-16x12.webp 16w\" sizes=\"(max-width: 300px) 100vw, 300px\" \/>\t\t\t\t\t\t\t\t\t\t\t\t\t\t\t<\/div>\n\t\t\t\t<\/div>\n\t\t\t\t<div class=\"elementor-element elementor-element-92b49b8 elementor-align-center elementor-widget elementor-widget-button\" data-id=\"92b49b8\" data-element_type=\"widget\" data-e-type=\"widget\" data-widget_type=\"button.default\">\n\t\t\t\t<div class=\"elementor-widget-container\">\n\t\t\t\t\t\t\t\t\t<div class=\"elementor-button-wrapper\">\n\t\t\t\t\t<a class=\"elementor-button elementor-button-link elementor-size-sm\" href=\"https:\/\/drromanovaleria.ch\/contactez-le-dr-romano\/\">\n\t\t\t\t\t\t<span class=\"elementor-button-content-wrapper\">\n\t\t\t\t\t\t\t\t\t<span class=\"elementor-button-text\">Prendre rendez-vous<\/span>\n\t\t\t\t\t<\/span>\n\t\t\t\t\t<\/a>\n\t\t\t\t<\/div>\n\t\t\t\t\t\t\t\t<\/div>\n\t\t\t\t<\/div>\n\t\t\t\t\t<\/div>\n\t\t\t\t<\/div>\n\t\t\t\t\t<\/div>\n\t\t\t\t<\/div>\n\t\t<div class=\"elementor-element elementor-element-8328afa e-flex e-con-boxed e-con e-parent\" data-id=\"8328afa\" data-element_type=\"container\" data-e-type=\"container\" data-settings=\"{&quot;jet_parallax_layout_list&quot;:[]}\">\n\t\t\t\t\t<div class=\"e-con-inner\">\n\t\t\t\t<div class=\"elementor-element elementor-element-e229014 elementor-toc--content-ellipsis elementor-toc--minimized-on-desktop elementor-widget elementor-widget-table-of-contents\" data-id=\"e229014\" data-element_type=\"widget\" data-e-type=\"widget\" data-settings=\"{&quot;exclude_headings_by_selector&quot;:[],&quot;minimized_on&quot;:&quot;desktop&quot;,&quot;no_headings_message&quot;:&quot;Aucun titre n\\u2019a \\u00e9t\\u00e9 trouv\\u00e9 sur cette page.&quot;,&quot;headings_by_tags&quot;:[&quot;h2&quot;,&quot;h3&quot;,&quot;h4&quot;,&quot;h5&quot;,&quot;h6&quot;],&quot;marker_view&quot;:&quot;numbers&quot;,&quot;minimize_box&quot;:&quot;yes&quot;,&quot;hierarchical_view&quot;:&quot;yes&quot;,&quot;min_height&quot;:{&quot;unit&quot;:&quot;px&quot;,&quot;size&quot;:&quot;&quot;,&quot;sizes&quot;:[]},&quot;min_height_tablet&quot;:{&quot;unit&quot;:&quot;px&quot;,&quot;size&quot;:&quot;&quot;,&quot;sizes&quot;:[]},&quot;min_height_mobile&quot;:{&quot;unit&quot;:&quot;px&quot;,&quot;size&quot;:&quot;&quot;,&quot;sizes&quot;:[]}}\" data-widget_type=\"table-of-contents.default\">\n\t\t\t\t<div class=\"elementor-widget-container\">\n\t\t\t\t\t\t\t\t\t<div class=\"elementor-toc__header\">\n\t\t\t\t\t\t<h2 class=\"elementor-toc__header-title\">\n\t\t\t\tSommaire\t\t\t<\/h2>\n\t\t\t\t\t\t\t\t\t\t<div class=\"elementor-toc__toggle-button elementor-toc__toggle-button--expand\" role=\"button\" tabindex=\"0\" aria-controls=\"elementor-toc__e229014\" aria-expanded=\"true\" aria-label=\"Aprire l&#039;indice dei contenuti\"><svg aria-hidden=\"true\" class=\"e-font-icon-svg e-fas-chevron-down\" viewBox=\"0 0 448 512\" xmlns=\"http:\/\/www.w3.org\/2000\/svg\"><path d=\"M207.029 381.476L12.686 187.132c-9.373-9.373-9.373-24.569 0-33.941l22.667-22.667c9.357-9.357 24.522-9.375 33.901-.04L224 284.505l154.745-154.021c9.379-9.335 24.544-9.317 33.901.04l22.667 22.667c9.373 9.373 9.373 24.569 0 33.941L240.971 381.476c-9.373 9.372-24.569 9.372-33.942 0z\"><\/path><\/svg><\/div>\n\t\t\t\t<div class=\"elementor-toc__toggle-button elementor-toc__toggle-button--collapse\" role=\"button\" tabindex=\"0\" aria-controls=\"elementor-toc__e229014\" aria-expanded=\"true\" aria-label=\"Chiudere l&#039;indice\"><svg aria-hidden=\"true\" class=\"e-font-icon-svg e-fas-chevron-up\" viewBox=\"0 0 448 512\" xmlns=\"http:\/\/www.w3.org\/2000\/svg\"><path d=\"M240.971 130.524l194.343 194.343c9.373 9.373 9.373 24.569 0 33.941l-22.667 22.667c-9.357 9.357-24.522 9.375-33.901.04L224 227.495 69.255 381.516c-9.379 9.335-24.544 9.317-33.901-.04l-22.667-22.667c-9.373-9.373-9.373-24.569 0-33.941L207.03 130.525c9.372-9.373 24.568-9.373 33.941-.001z\"><\/path><\/svg><\/div>\n\t\t\t\t\t<\/div>\n\t\t\t\t<div id=\"elementor-toc__e229014\" class=\"elementor-toc__body\">\n\t\t\t<div class=\"elementor-toc__spinner-container\">\n\t\t\t\t<svg class=\"elementor-toc__spinner eicon-animation-spin e-font-icon-svg e-eicon-loading\" aria-hidden=\"true\" viewBox=\"0 0 1000 1000\" xmlns=\"http:\/\/www.w3.org\/2000\/svg\"><path d=\"M500 975V858C696 858 858 696 858 500S696 142 500 142 142 304 142 500H25C25 237 238 25 500 25S975 237 975 500 763 975 500 975Z\"><\/path><\/svg>\t\t\t<\/div>\n\t\t<\/div>\n\t\t\t\t\t\t<\/div>\n\t\t\t\t<\/div>\n\t\t\t\t\t<\/div>\n\t\t\t\t<\/div>\n\t\t<div class=\"elementor-element elementor-element-8922362 e-flex e-con-boxed e-con e-parent\" data-id=\"8922362\" data-element_type=\"container\" data-e-type=\"container\" data-settings=\"{&quot;jet_parallax_layout_list&quot;:[]}\">\n\t\t\t\t\t<div class=\"e-con-inner\">\n\t\t\t\t<div class=\"elementor-element elementor-element-52f7814 elementor-widget elementor-widget-text-editor\" data-id=\"52f7814\" data-element_type=\"widget\" data-e-type=\"widget\" data-widget_type=\"text-editor.default\">\n\t\t\t\t<div class=\"elementor-widget-container\">\n\t\t\t\t\t\t\t\t\t<h2>Le vieillissement cutan\u00e9<\/h2>\t\t\t\t\t\t\t\t<\/div>\n\t\t\t\t<\/div>\n\t\t\t\t<div class=\"elementor-element elementor-element-a11578f elementor-widget-divider--view-line elementor-widget elementor-widget-divider\" data-id=\"a11578f\" data-element_type=\"widget\" data-e-type=\"widget\" data-widget_type=\"divider.default\">\n\t\t\t\t<div class=\"elementor-widget-container\">\n\t\t\t\t\t\t\t<div class=\"elementor-divider\">\n\t\t\t<span class=\"elementor-divider-separator\">\n\t\t\t\t\t\t<\/span>\n\t\t<\/div>\n\t\t\t\t\t\t<\/div>\n\t\t\t\t<\/div>\n\t\t\t\t<div class=\"elementor-element elementor-element-e985223 elementor-widget elementor-widget-text-editor\" data-id=\"e985223\" data-element_type=\"widget\" data-e-type=\"widget\" data-widget_type=\"text-editor.default\">\n\t\t\t\t<div class=\"elementor-widget-container\">\n\t\t\t\t\t\t\t\t\t<p>Le vieillissement de la peau est un ph\u00e9nom\u00e8ne in\u00e9vitable. Il s\u2019agit d\u2019un processus physiologique complexe, caract\u00e9ris\u00e9 par une r\u00e9duction progressive de la production de collag\u00e8ne, d\u2019\u00e9lastine et d\u2019acide hyaluronique, associ\u00e9e \u00e0 une alt\u00e9ration de la microcirculation et du renouvellement cellulaire. Cette lente d\u00e9gradation des structures du derme et de l\u2019\u00e9piderme donne naissance aux premi\u00e8res rides, \u00e0 la perte de fermet\u00e9 de la peau, et \u00e0 l\u2019affaissement des volumes du visage.<br \/>Mais si l\u2019\u00e2ge biologique constitue une base incontournable, d\u2019autres \u00e9l\u00e9ments peuvent acc\u00e9l\u00e9rer de fa\u00e7on notable l\u2019apparition des rides, parfois d\u00e8s 25 ou 30 ans. Ces facteurs dits extrins\u00e8ques regroupent principalement l\u2019exposition solaire, la pollution, le tabac, le stress oxydatif ou encore certaines carences nutritionnelles. Contrairement au vieillissement intrins\u00e8que, ils peuvent \u00eatre anticip\u00e9s et en partie ma\u00eetris\u00e9s. Une hygi\u00e8ne de vie adapt\u00e9e et une pr\u00e9vention r\u00e9guli\u00e8re permettent d\u2019en limiter les effets. En compl\u00e9ment, la m\u00e9decine \u00e0 vis\u00e9e esth\u00e9tique propose des traitements cibl\u00e9s, comme le m\u00e9solift, qui am\u00e9liorent la qualit\u00e9 de la peau, hydratent en profondeur et retardent l\u2019installation des rides.<\/p>\t\t\t\t\t\t\t\t<\/div>\n\t\t\t\t<\/div>\n\t\t\t\t\t<\/div>\n\t\t\t\t<\/div>\n\t\t<div class=\"elementor-element elementor-element-2de36d1 e-flex e-con-boxed e-con e-parent\" data-id=\"2de36d1\" data-element_type=\"container\" data-e-type=\"container\" data-settings=\"{&quot;jet_parallax_layout_list&quot;:[]}\">\n\t\t\t\t\t<div class=\"e-con-inner\">\n\t\t\t\t<div class=\"elementor-element elementor-element-ee11f11 elementor-widget elementor-widget-text-editor\" data-id=\"ee11f11\" data-element_type=\"widget\" data-e-type=\"widget\" data-widget_type=\"text-editor.default\">\n\t\t\t\t<div class=\"elementor-widget-container\">\n\t\t\t\t\t\t\t\t\t<h2>Soleil et rides\u00a0: photo-vieillissement<\/h2>\t\t\t\t\t\t\t\t<\/div>\n\t\t\t\t<\/div>\n\t\t\t\t<div class=\"elementor-element elementor-element-0fdec19 elementor-widget-divider--view-line elementor-widget elementor-widget-divider\" data-id=\"0fdec19\" data-element_type=\"widget\" data-e-type=\"widget\" data-widget_type=\"divider.default\">\n\t\t\t\t<div class=\"elementor-widget-container\">\n\t\t\t\t\t\t\t<div class=\"elementor-divider\">\n\t\t\t<span class=\"elementor-divider-separator\">\n\t\t\t\t\t\t<\/span>\n\t\t<\/div>\n\t\t\t\t\t\t<\/div>\n\t\t\t\t<\/div>\n\t\t\t\t<div class=\"elementor-element elementor-element-e041a60 elementor-widget elementor-widget-text-editor\" data-id=\"e041a60\" data-element_type=\"widget\" data-e-type=\"widget\" data-widget_type=\"text-editor.default\">\n\t\t\t\t<div class=\"elementor-widget-container\">\n\t\t\t\t\t\t\t\t\t<p>L\u2019exposition solaire chronique est le premier facteur aggravant. Le <a href=\"https:\/\/drromanovaleria.ch\/conseils-exposition-solaire\/\">soleil<\/a> est l\u2019un des principaux responsables du vieillissement pr\u00e9matur\u00e9 de la peau. Les rayons ultraviolets (UV), en particulier les UVA, p\u00e9n\u00e8trent profond\u00e9ment dans le derme, d\u00e9gradant les fibres de collag\u00e8ne et d\u2019\u00e9lastine. Cela se traduit par l\u2019apparition pr\u00e9coce de rides, de taches pigmentaires (lentigos solaires), d\u2019un teint irr\u00e9gulier et d\u2019un rel\u00e2chement cutan\u00e9.<\/p><h3>Cons\u00e9quences du photo-vieillissement \u00a0<\/h3><p>Les cons\u00e9quences du photo-vieillissement sont multiples et touchent aussi bien la qualit\u00e9 que la couleur de la peau. L\u2019un des premiers signes visibles est l\u2019apparition de rides pr\u00e9matur\u00e9es, en particulier sur les zones fragiles et expos\u00e9es comme le front, le contour des yeux ou encore le d\u00e9collet\u00e9. Progressivement, la peau perd son \u00e9lasticit\u00e9 et sa souplesse, donnant au visage un aspect rel\u00e2ch\u00e9 et fatigu\u00e9. \u00c0 cela s\u2019ajoutent des troubles pigmentaires tels que des taches brunes localis\u00e9es ou une hyperpigmentation diffuse, qui alt\u00e8rent l\u2019uniformit\u00e9 du teint. Le r\u00e9sultat est une peau plus terne, irr\u00e9guli\u00e8re et visiblement vieillie. En m\u00e9decine, il existe aujourd\u2019hui des solutions adapt\u00e9es pour att\u00e9nuer les effets du photo-vieillissement permettant de redonner \u00e9clat et vitalit\u00e9 \u00e0 la peau tout en ralentissant les effets du soleil sur le vieillissement cutan\u00e9.<\/p><h3>Pr\u00e9vention et traitement\u00a0<\/h3><p>La pr\u00e9vention reste l\u2019arme la plus efficace contre le photo-vieillissement. Une photoprotection rigoureuse, appliqu\u00e9e quotidiennement et adapt\u00e9e \u00e0 chaque phototype, est essentielle pour limiter les effets nocifs du soleil et pr\u00e9server la qualit\u00e9 de la peau sur le long terme. Au-del\u00e0 de la protection solaire, certaines habitudes comme l\u2019\u00e9vitement des expositions prolong\u00e9es aux heures les plus intenses et l\u2019utilisation r\u00e9guli\u00e8re de soins topiques antioxydants renforcent la d\u00e9fense cutan\u00e9e face aux radicaux libres. Sur le plan curatif, la m\u00e9soth\u00e9rapie visage, le m\u00e9solift, apportant des antioxydants \u00e0 la peau permet de r\u00e9parer les dommages induits par les UV et de restaurer l\u2019\u00e9clat et l\u2019hydratation cutan\u00e9e.<\/p>\t\t\t\t\t\t\t\t<\/div>\n\t\t\t\t<\/div>\n\t\t\t\t\t<\/div>\n\t\t\t\t<\/div>\n\t\t<div class=\"elementor-element elementor-element-9d3d9c8 e-flex e-con-boxed e-con e-parent\" data-id=\"9d3d9c8\" data-element_type=\"container\" data-e-type=\"container\" data-settings=\"{&quot;jet_parallax_layout_list&quot;:[]}\">\n\t\t\t\t\t<div class=\"e-con-inner\">\n\t\t\t\t<div class=\"elementor-element elementor-element-11c24d6 elementor-widget elementor-widget-text-editor\" data-id=\"11c24d6\" data-element_type=\"widget\" data-e-type=\"widget\" data-widget_type=\"text-editor.default\">\n\t\t\t\t<div class=\"elementor-widget-container\">\n\t\t\t\t\t\t\t\t\t<h2>Tabac et vieillissement cutan\u00e9<\/h2>\t\t\t\t\t\t\t\t<\/div>\n\t\t\t\t<\/div>\n\t\t\t\t<div class=\"elementor-element elementor-element-7ed2ede elementor-widget-divider--view-line elementor-widget elementor-widget-divider\" data-id=\"7ed2ede\" data-element_type=\"widget\" data-e-type=\"widget\" data-widget_type=\"divider.default\">\n\t\t\t\t<div class=\"elementor-widget-container\">\n\t\t\t\t\t\t\t<div class=\"elementor-divider\">\n\t\t\t<span class=\"elementor-divider-separator\">\n\t\t\t\t\t\t<\/span>\n\t\t<\/div>\n\t\t\t\t\t\t<\/div>\n\t\t\t\t<\/div>\n\t\t\t\t<div class=\"elementor-element elementor-element-339b10b elementor-widget elementor-widget-text-editor\" data-id=\"339b10b\" data-element_type=\"widget\" data-e-type=\"widget\" data-widget_type=\"text-editor.default\">\n\t\t\t\t<div class=\"elementor-widget-container\">\n\t\t\t\t\t\t\t\t\t<p>La consommation de tabac acc\u00e9l\u00e8re dramatiquement le vieillissement de la peau. Le monoxyde de carbone diminue l\u2019oxyg\u00e9nation tissulaire, tandis que les substances toxiques contenues dans la fum\u00e9e d\u00e9gradent le collag\u00e8ne et freinent la r\u00e9g\u00e9n\u00e9ration cellulaire.<br \/>Les cons\u00e9quences sont l\u2019apparition pr\u00e9coce de rides p\u00e9ribuccales\u00a0; un teint gris\u00e2tre, terne, asphyxi\u00e9\u00a0; des rides profondes, m\u00eame sur des peaux jeunes\u00a0; la diminution de la tonicit\u00e9 globale du visage.<br \/>Pour att\u00e9nuer ces signes visibles du tabac, il existe plusieurs solutions m\u00e9dicales cibl\u00e9es, non invasives, et particuli\u00e8rement efficaces lorsqu\u2019elles sont combin\u00e9es dans une approche globale. Le <a href=\"https:\/\/drromanovaleria.ch\/solutions\/mesotherapie\/mesotherapie-visage\/\">m\u00e9solift<\/a>, pratiqu\u00e9 \u00e0 Gen\u00e8ve, constitue une premi\u00e8re r\u00e9ponse revitalisante : les injections au niveau du derme d\u2019<a href=\"https:\/\/drromanovaleria.ch\/solutions\/injections\/acide-hayluronique\/\">acide hyaluronique<\/a> non r\u00e9ticul\u00e9, de vitamines et d\u2019acides amin\u00e9s stimule la microcirculation, am\u00e9liore la qualit\u00e9 de la peau et illumine le teint. En compl\u00e9ment, les <a href=\"https:\/\/drromanovaleria.ch\/solutions\/injections\/skinbooster\/\">Skinboosters<\/a> permettent de r\u00e9hydrater intens\u00e9ment la peau, de restaurer la souplesse cutan\u00e9e et de lisser les ridules superficielles. Enfin, le <a href=\"https:\/\/drromanovaleria.ch\/solutions\/peeling\/peeling-prx-t33\/\">peeling biorevitalisant PRX-T33<\/a> agit en surface et en profondeur pour affiner le grain de peau, stimuler le renouvellement cellulaire et corriger les effets visibles de l\u2019oxydation cutan\u00e9e li\u00e9e au tabac. Ces traitements, lorsqu\u2019ils sont associ\u00e9s, sont une v\u00e9ritable cure de r\u00e9g\u00e9n\u00e9ration cutan\u00e9e et permettent de retrouver une peau plus saine, plus uniforme et visiblement plus jeune.<\/p>\t\t\t\t\t\t\t\t<\/div>\n\t\t\t\t<\/div>\n\t\t\t\t\t<\/div>\n\t\t\t\t<\/div>\n\t\t<div class=\"elementor-element elementor-element-f2cddc7 e-flex e-con-boxed e-con e-parent\" data-id=\"f2cddc7\" data-element_type=\"container\" data-e-type=\"container\" data-settings=\"{&quot;jet_parallax_layout_list&quot;:[]}\">\n\t\t\t\t\t<div class=\"e-con-inner\">\n\t\t\t\t<div class=\"elementor-element elementor-element-f5d423f elementor-widget elementor-widget-text-editor\" data-id=\"f5d423f\" data-element_type=\"widget\" data-e-type=\"widget\" data-widget_type=\"text-editor.default\">\n\t\t\t\t<div class=\"elementor-widget-container\">\n\t\t\t\t\t\t\t\t\t<h2>Pollution et rides<\/h2>\t\t\t\t\t\t\t\t<\/div>\n\t\t\t\t<\/div>\n\t\t\t\t<div class=\"elementor-element elementor-element-7175e4e elementor-widget-divider--view-line elementor-widget elementor-widget-divider\" data-id=\"7175e4e\" data-element_type=\"widget\" data-e-type=\"widget\" data-widget_type=\"divider.default\">\n\t\t\t\t<div class=\"elementor-widget-container\">\n\t\t\t\t\t\t\t<div class=\"elementor-divider\">\n\t\t\t<span class=\"elementor-divider-separator\">\n\t\t\t\t\t\t<\/span>\n\t\t<\/div>\n\t\t\t\t\t\t<\/div>\n\t\t\t\t<\/div>\n\t\t\t\t<div class=\"elementor-element elementor-element-1d1bb53 elementor-widget elementor-widget-text-editor\" data-id=\"1d1bb53\" data-element_type=\"widget\" data-e-type=\"widget\" data-widget_type=\"text-editor.default\">\n\t\t\t\t<div class=\"elementor-widget-container\">\n\t\t\t\t\t\t\t\t\t<p>Les particules fines, le dioxyde d\u2019azote, les m\u00e9taux lourds et les compos\u00e9s organiques volatils pr\u00e9sents dans l\u2019air pollu\u00e9 g\u00e9n\u00e8rent un stress oxydatif cutan\u00e9 qui fragilise la barri\u00e8re protectrice de la peau. Cela cause d\u00e9shydratation, inflammation chronique, perte d\u2019\u00e9clat et apparition de rides superficielles.<br \/>Le stress oxydatif endog\u00e8ne (li\u00e9 au stress \u00e9motionnel, au manque de sommeil ou \u00e0 une mauvaise alimentation) agit de mani\u00e8re similaire en produisant des radicaux libres qui attaquent les membranes cellulaires.<\/p>\t\t\t\t\t\t\t\t<\/div>\n\t\t\t\t<\/div>\n\t\t\t\t\t<\/div>\n\t\t\t\t<\/div>\n\t\t<div class=\"elementor-element elementor-element-67e7762 e-flex e-con-boxed e-con e-parent\" data-id=\"67e7762\" data-element_type=\"container\" data-e-type=\"container\" data-settings=\"{&quot;jet_parallax_layout_list&quot;:[]}\">\n\t\t\t\t\t<div class=\"e-con-inner\">\n\t\t\t\t<div class=\"elementor-element elementor-element-c5da979 elementor-widget elementor-widget-text-editor\" data-id=\"c5da979\" data-element_type=\"widget\" data-e-type=\"widget\" data-widget_type=\"text-editor.default\">\n\t\t\t\t<div class=\"elementor-widget-container\">\n\t\t\t\t\t\t\t\t\t<h2>Manque d\u2019hydratation et ridules<\/h2>\t\t\t\t\t\t\t\t<\/div>\n\t\t\t\t<\/div>\n\t\t\t\t<div class=\"elementor-element elementor-element-bb9b5a3 elementor-widget-divider--view-line elementor-widget elementor-widget-divider\" data-id=\"bb9b5a3\" data-element_type=\"widget\" data-e-type=\"widget\" data-widget_type=\"divider.default\">\n\t\t\t\t<div class=\"elementor-widget-container\">\n\t\t\t\t\t\t\t<div class=\"elementor-divider\">\n\t\t\t<span class=\"elementor-divider-separator\">\n\t\t\t\t\t\t<\/span>\n\t\t<\/div>\n\t\t\t\t\t\t<\/div>\n\t\t\t\t<\/div>\n\t\t\t\t<div class=\"elementor-element elementor-element-d3ed3d5 elementor-widget elementor-widget-text-editor\" data-id=\"d3ed3d5\" data-element_type=\"widget\" data-e-type=\"widget\" data-widget_type=\"text-editor.default\">\n\t\t\t\t<div class=\"elementor-widget-container\">\n\t\t\t\t\t\t\t\t\t<p>Une peau d\u00e9shydrat\u00e9e est une peau vuln\u00e9rable. Le film hydrolipidique qui prot\u00e8ge la surface cutan\u00e9e peut s\u2019alt\u00e9rer sous l\u2019effet de l\u2019\u00e2ge, du climat ou de soins inadapt\u00e9s. Lorsque l\u2019eau s\u2019\u00e9vapore plus vite que la peau ne peut la retenir, des ridules de d\u00e9shydratation apparaissent, souvent autour des yeux et sur les joues.<br \/>Pourquoi le m\u00e9solift est-il indiqu\u00e9 ? Le m\u00e9solift, par d\u00e9finition, est un traitement de m\u00e9soth\u00e9rapie visage visant \u00e0 r\u00e9hydrater intens\u00e9ment le derme. L\u2019acide hyaluronique non r\u00e9ticul\u00e9 qu\u2019il contient attire et retient l\u2019eau dans les tissus, repulpant les rides superficielles et am\u00e9liore le confort cutan\u00e9. Si les ridules sont plus profondes les injections de Skinboosters sont associ\u00e9es au m\u00e9solift.<\/p>\t\t\t\t\t\t\t\t<\/div>\n\t\t\t\t<\/div>\n\t\t\t\t\t<\/div>\n\t\t\t\t<\/div>\n\t\t<div class=\"elementor-element elementor-element-3492a17 e-flex e-con-boxed e-con e-parent\" data-id=\"3492a17\" data-element_type=\"container\" data-e-type=\"container\" data-settings=\"{&quot;jet_parallax_layout_list&quot;:[]}\">\n\t\t\t\t\t<div class=\"e-con-inner\">\n\t\t\t\t<div class=\"elementor-element elementor-element-b41d5db elementor-widget elementor-widget-text-editor\" data-id=\"b41d5db\" data-element_type=\"widget\" data-e-type=\"widget\" data-widget_type=\"text-editor.default\">\n\t\t\t\t<div class=\"elementor-widget-container\">\n\t\t\t\t\t\t\t\t\t<h2>Carences nutritionnelles, alimentation inflammatoire et rides<\/h2>\t\t\t\t\t\t\t\t<\/div>\n\t\t\t\t<\/div>\n\t\t\t\t<div class=\"elementor-element elementor-element-0f3bed1 elementor-widget-divider--view-line elementor-widget elementor-widget-divider\" data-id=\"0f3bed1\" data-element_type=\"widget\" data-e-type=\"widget\" data-widget_type=\"divider.default\">\n\t\t\t\t<div class=\"elementor-widget-container\">\n\t\t\t\t\t\t\t<div class=\"elementor-divider\">\n\t\t\t<span class=\"elementor-divider-separator\">\n\t\t\t\t\t\t<\/span>\n\t\t<\/div>\n\t\t\t\t\t\t<\/div>\n\t\t\t\t<\/div>\n\t\t\t\t<div class=\"elementor-element elementor-element-84c44c7 elementor-widget elementor-widget-text-editor\" data-id=\"84c44c7\" data-element_type=\"widget\" data-e-type=\"widget\" data-widget_type=\"text-editor.default\">\n\t\t\t\t<div class=\"elementor-widget-container\">\n\t\t\t\t\t\t\t\t\t<p>Une alimentation pauvre en nutriments, d\u00e9s\u00e9quilibr\u00e9e ou pro-inflammatoire (riche en sucres rapides, graisses satur\u00e9es et additifs) perturbe le m\u00e9tabolisme cutan\u00e9. Les carences en vitamines A, C, E, en zinc, en om\u00e9ga-3 ou en acides amin\u00e9s nuisent directement \u00e0 la synth\u00e8se de collag\u00e8ne et \u00e0 la r\u00e9paration tissulaire.<br \/>C\u2019est pourquoi une prise en charge globale du vieillissement cutan\u00e9 ne peut se limiter aux seuls soins esth\u00e9tiques. Elle passe aussi par une approche nutritionnelle adapt\u00e9e, visant \u00e0 renforcer l\u2019organisme de l\u2019int\u00e9rieur. En compl\u00e9ment, la m\u00e9soth\u00e9rapie visage agit comme une suppl\u00e9mentation locale et cibl\u00e9e : gr\u00e2ce \u00e0 l\u2019injection de cocktails polyrevitalisants, riches en acide hyaluronique, vitamines et antioxydants, elle r\u00e9pond aux besoins sp\u00e9cifiques de la peau. Ce traitement permet d\u2019am\u00e9liorer l\u2019hydratation, de stimuler la r\u00e9g\u00e9n\u00e9ration cellulaire et de restaurer l\u2019\u00e9clat, en synergie avec une hygi\u00e8ne de vie et une alimentation \u00e9quilibr\u00e9e.<\/p>\t\t\t\t\t\t\t\t<\/div>\n\t\t\t\t<\/div>\n\t\t\t\t\t<\/div>\n\t\t\t\t<\/div>\n\t\t<div class=\"elementor-element elementor-element-3ad44e3 e-flex e-con-boxed e-con e-parent\" data-id=\"3ad44e3\" data-element_type=\"container\" data-e-type=\"container\" data-settings=\"{&quot;jet_parallax_layout_list&quot;:[]}\">\n\t\t\t\t\t<div class=\"e-con-inner\">\n\t\t\t\t<div class=\"elementor-element elementor-element-ff162cc elementor-widget elementor-widget-text-editor\" data-id=\"ff162cc\" data-element_type=\"widget\" data-e-type=\"widget\" data-widget_type=\"text-editor.default\">\n\t\t\t\t<div class=\"elementor-widget-container\">\n\t\t\t\t\t\t\t\t\t<h2>Stress chronique, manque de sommeil et rides<\/h2>\t\t\t\t\t\t\t\t<\/div>\n\t\t\t\t<\/div>\n\t\t\t\t<div class=\"elementor-element elementor-element-f980b07 elementor-widget-divider--view-line elementor-widget elementor-widget-divider\" data-id=\"f980b07\" data-element_type=\"widget\" data-e-type=\"widget\" data-widget_type=\"divider.default\">\n\t\t\t\t<div class=\"elementor-widget-container\">\n\t\t\t\t\t\t\t<div class=\"elementor-divider\">\n\t\t\t<span class=\"elementor-divider-separator\">\n\t\t\t\t\t\t<\/span>\n\t\t<\/div>\n\t\t\t\t\t\t<\/div>\n\t\t\t\t<\/div>\n\t\t\t\t<div class=\"elementor-element elementor-element-ed52d5d elementor-widget elementor-widget-text-editor\" data-id=\"ed52d5d\" data-element_type=\"widget\" data-e-type=\"widget\" data-widget_type=\"text-editor.default\">\n\t\t\t\t<div class=\"elementor-widget-container\">\n\t\t\t\t\t\t\t\t\t<p>Le stress chronique entra\u00eene une lib\u00e9ration excessive de cortisol, une hormone qui perturbe la production de collag\u00e8ne et affaiblit les d\u00e9fenses naturelles de la peau. Lorsqu\u2019il s\u2019associe \u00e0 un sommeil insuffisant ou de mauvaise qualit\u00e9, il accentue les signes visibles du vieillissement : teint terne, perte d\u2019\u00e9clat, apparition de cernes marqu\u00e9s, formation de rides et diminution progressive de la fermet\u00e9 cutan\u00e9e.<br data-start=\"535\" data-end=\"538\" \/>Pour contrer ces effets, la m\u00e9decine \u00e0 vis\u00e9e esth\u00e9tique propose des solutions cibl\u00e9es comme le m\u00e9solift et le peeling biorevitalisant PRX-T33. Leur action compl\u00e9mentaire stimule la microcirculation, am\u00e9liore l\u2019oxyg\u00e9nation des tissus et optimise la nutrition cellulaire. R\u00e9sultat : une peau plus repos\u00e9e, lumineuse et visiblement d\u00e9tendue. Ces traitements constituent de v\u00e9ritables alli\u00e9s pour att\u00e9nuer les marques du stress et restaurer l\u2019harmonie du visage, en particulier lors de p\u00e9riodes de fatigue intense.<\/p>\t\t\t\t\t\t\t\t<\/div>\n\t\t\t\t<\/div>\n\t\t\t\t\t<\/div>\n\t\t\t\t<\/div>\n\t\t<div class=\"elementor-element elementor-element-5199af0 e-flex e-con-boxed e-con e-parent\" data-id=\"5199af0\" data-element_type=\"container\" data-e-type=\"container\" data-settings=\"{&quot;jet_parallax_layout_list&quot;:[]}\">\n\t\t\t\t\t<div class=\"e-con-inner\">\n\t\t\t\t<div class=\"elementor-element elementor-element-910deca elementor-widget elementor-widget-text-editor\" data-id=\"910deca\" data-element_type=\"widget\" data-e-type=\"widget\" data-widget_type=\"text-editor.default\">\n\t\t\t\t<div class=\"elementor-widget-container\">\n\t\t\t\t\t\t\t\t\t<h2>Conclusion : ralentir l\u2019apparition des rides \u00e0 Gen\u00e8ve<\/h2>\t\t\t\t\t\t\t\t<\/div>\n\t\t\t\t<\/div>\n\t\t\t\t<div class=\"elementor-element elementor-element-5c024d3 elementor-widget-divider--view-line elementor-widget elementor-widget-divider\" data-id=\"5c024d3\" data-element_type=\"widget\" data-e-type=\"widget\" data-widget_type=\"divider.default\">\n\t\t\t\t<div class=\"elementor-widget-container\">\n\t\t\t\t\t\t\t<div class=\"elementor-divider\">\n\t\t\t<span class=\"elementor-divider-separator\">\n\t\t\t\t\t\t<\/span>\n\t\t<\/div>\n\t\t\t\t\t\t<\/div>\n\t\t\t\t<\/div>\n\t\t\t\t<div class=\"elementor-element elementor-element-b09ab6f elementor-widget elementor-widget-text-editor\" data-id=\"b09ab6f\" data-element_type=\"widget\" data-e-type=\"widget\" data-widget_type=\"text-editor.default\">\n\t\t\t\t<div class=\"elementor-widget-container\">\n\t\t\t\t\t\t\t\t\t<p>L\u2019apparition des rides ne d\u00e9pend pas uniquement de l\u2019\u00e2ge ou de la g\u00e9n\u00e9tique. De nombreux facteurs acc\u00e9l\u00e8rent le vieillissement cutan\u00e9, parfois d\u00e8s la vingtaine : exposition solaire excessive, tabac, pollution urbaine, alimentation d\u00e9s\u00e9quilibr\u00e9e, stress chronique ou carences nutritionnelles. Ces agressions fragilisent le derme, perturbent la production de collag\u00e8ne et d\u2019\u00e9lastine et entra\u00eenent une perte progressive de fermet\u00e9 et d\u2019\u00e9clat. Comprendre ces m\u00e9canismes permet d\u2019agir en amont, en associant pr\u00e9vention et traitements de m\u00e9decine \u00e0 vis\u00e9e esth\u00e9tique non invasifs, adapt\u00e9s au profil de chaque patient.<br data-start=\"719\" data-end=\"722\" \/>Parmi les solutions les plus efficaces, le m\u00e9solift, les Skinboosters et le peeling PRX-T33 offrent une r\u00e9ponse globale et personnalis\u00e9e contre les effets du temps. Ces traitements agissent en profondeur pour restaurer l\u2019hydratation, stimuler la r\u00e9g\u00e9n\u00e9ration cellulaire et am\u00e9liorer la qualit\u00e9 cutan\u00e9e. En apportant \u00e0 la peau les nutriments, les antioxydants et les agents hydratants dont elle a besoin, ils permettent d\u2019att\u00e9nuer les rides existantes, de pr\u00e9venir l\u2019apparition de nouveaux signes du vieillissement et de redonner vitalit\u00e9 et \u00e9clat au visage. Leur atout majeur r\u00e9side dans la subtilit\u00e9 des r\u00e9sultats : pr\u00e9server les expressions naturelles et respecter les volumes.<\/p>\t\t\t\t\t\t\t\t<\/div>\n\t\t\t\t<\/div>\n\t\t\t\t\t<\/div>\n\t\t\t\t<\/div>\n\t\t<div class=\"elementor-element elementor-element-8aebe0b e-flex e-con-boxed e-con e-parent\" data-id=\"8aebe0b\" data-element_type=\"container\" data-e-type=\"container\" data-settings=\"{&quot;jet_parallax_layout_list&quot;:[]}\">\n\t\t\t\t\t<div class=\"e-con-inner\">\n\t\t<div class=\"elementor-element elementor-element-499657f e-con-full e-flex e-con e-child\" data-id=\"499657f\" data-element_type=\"container\" data-e-type=\"container\" data-settings=\"{&quot;jet_parallax_layout_list&quot;:[]}\">\n\t\t<div class=\"elementor-element elementor-element-8134148 e-con-full e-flex e-con e-child\" data-id=\"8134148\" data-element_type=\"container\" data-e-type=\"container\" data-settings=\"{&quot;jet_parallax_layout_list&quot;:[]}\">\n\t\t<div class=\"elementor-element elementor-element-74c4f97 e-con-full e-flex e-con e-child\" data-id=\"74c4f97\" data-element_type=\"container\" data-e-type=\"container\" data-settings=\"{&quot;jet_parallax_layout_list&quot;:[]}\">\n\t\t<div class=\"elementor-element elementor-element-c0b8926 e-con-full e-flex e-con e-child\" data-id=\"c0b8926\" data-element_type=\"container\" data-e-type=\"container\" data-settings=\"{&quot;jet_parallax_layout_list&quot;:[]}\">\n\t\t\t\t<div class=\"elementor-element elementor-element-caf721e elementor-widget elementor-widget-image\" data-id=\"caf721e\" data-element_type=\"widget\" data-e-type=\"widget\" data-widget_type=\"image.default\">\n\t\t\t\t<div class=\"elementor-widget-container\">\n\t\t\t\t\t\t\t\t\t\t\t\t\t\t\t<img decoding=\"async\" width=\"150\" height=\"150\" src=\"https:\/\/drromanovaleria.ch\/wp-content\/uploads\/2024\/07\/photo-docteur-romano-valeria-150x150.webp\" class=\"attachment-thumbnail size-thumbnail wp-image-13266\" alt=\"Photo docteur Valeria Romano \u00e0 Gen\u00e8ve\" \/>\t\t\t\t\t\t\t\t\t\t\t\t\t\t\t<\/div>\n\t\t\t\t<\/div>\n\t\t\t\t<div class=\"elementor-element elementor-element-a5c071d elementor-widget elementor-widget-text-editor\" data-id=\"a5c071d\" data-element_type=\"widget\" data-e-type=\"widget\" data-widget_type=\"text-editor.default\">\n\t\t\t\t<div class=\"elementor-widget-container\">\n\t\t\t\t\t\t\t\t\t<p>Article r\u00e9dig\u00e9 par le <a href=\"https:\/\/drromanovaleria.ch\/\">Dr Romano Valeria<\/a><\/p>\t\t\t\t\t\t\t\t<\/div>\n\t\t\t\t<\/div>\n\t\t\t\t<\/div>\n\t\t<div class=\"elementor-element elementor-element-0277d4d e-con-full e-flex e-con e-child\" data-id=\"0277d4d\" data-element_type=\"container\" data-e-type=\"container\" data-settings=\"{&quot;jet_parallax_layout_list&quot;:[]}\">\n\t\t\t\t<div class=\"elementor-element elementor-element-8ef15c5 elementor-widget elementor-widget-text-editor\" data-id=\"8ef15c5\" data-element_type=\"widget\" data-e-type=\"widget\" data-widget_type=\"text-editor.default\">\n\t\t\t\t<div class=\"elementor-widget-container\">\n\t\t\t\t\t\t\t\t\t<p>PARTAGER CET ARTICLE SUR<\/p>\t\t\t\t\t\t\t\t<\/div>\n\t\t\t\t<\/div>\n\t\t\t\t<div class=\"elementor-element elementor-element-cc4a868 elementor-share-buttons--view-icon-text elementor-share-buttons--skin-gradient elementor-share-buttons--shape-square elementor-grid-0 elementor-share-buttons--color-official elementor-widget elementor-widget-share-buttons\" data-id=\"cc4a868\" data-element_type=\"widget\" data-e-type=\"widget\" data-widget_type=\"share-buttons.default\">\n\t\t\t\t<div class=\"elementor-widget-container\">\n\t\t\t\t\t\t\t<div class=\"elementor-grid\">\n\t\t\t\t\t\t\t\t<div class=\"elementor-grid-item\">\n\t\t\t\t\t\t<div class=\"elementor-share-btn elementor-share-btn_linkedin\" role=\"button\" tabindex=\"0\" aria-label=\"Condividi su linkedin\">\n\t\t\t\t\t\t\t\t\t\t\t\t\t\t\t<span class=\"elementor-share-btn__icon\">\n\t\t\t\t\t\t\t\t<svg aria-hidden=\"true\" class=\"e-font-icon-svg e-fab-linkedin\" viewBox=\"0 0 448 512\" xmlns=\"http:\/\/www.w3.org\/2000\/svg\"><path d=\"M416 32H31.9C14.3 32 0 46.5 0 64.3v383.4C0 465.5 14.3 480 31.9 480H416c17.6 0 32-14.5 32-32.3V64.3c0-17.8-14.4-32.3-32-32.3zM135.4 416H69V202.2h66.5V416zm-33.2-243c-21.3 0-38.5-17.3-38.5-38.5S80.9 96 102.2 96c21.2 0 38.5 17.3 38.5 38.5 0 21.3-17.2 38.5-38.5 38.5zm282.1 243h-66.4V312c0-24.8-.5-56.7-34.5-56.7-34.6 0-39.9 27-39.9 54.9V416h-66.4V202.2h63.7v29.2h.9c8.9-16.8 30.6-34.5 62.9-34.5 67.2 0 79.7 44.3 79.7 101.9V416z\"><\/path><\/svg>\t\t\t\t\t\t\t<\/span>\n\t\t\t\t\t\t\t\t\t\t\t\t\t\t\t\t\t\t\t\t\t\t<div class=\"elementor-share-btn__text\">\n\t\t\t\t\t\t\t\t\t\t\t\t\t\t\t\t\t\t\t<span class=\"elementor-share-btn__title\">\n\t\t\t\t\t\t\t\t\t\tLinkedIn\t\t\t\t\t\t\t\t\t<\/span>\n\t\t\t\t\t\t\t\t\t\t\t\t\t\t\t\t\t<\/div>\n\t\t\t\t\t\t\t\t\t\t\t\t\t<\/div>\n\t\t\t\t\t<\/div>\n\t\t\t\t\t\t<\/div>\n\t\t\t\t\t\t<\/div>\n\t\t\t\t<\/div>\n\t\t\t\t<\/div>\n\t\t\t\t<\/div>\n\t\t\t\t<div class=\"elementor-element elementor-element-3b7ba6f elementor-align-start elementor-mobile-align-start elementor-icon-list--layout-traditional elementor-list-item-link-full_width elementor-widget elementor-widget-icon-list\" data-id=\"3b7ba6f\" data-element_type=\"widget\" data-e-type=\"widget\" data-widget_type=\"icon-list.default\">\n\t\t\t\t<div class=\"elementor-widget-container\">\n\t\t\t\t\t\t\t<ul class=\"elementor-icon-list-items\">\n\t\t\t\t\t\t\t<li class=\"elementor-icon-list-item\">\n\t\t\t\t\t\t\t\t\t\t\t<a href=\"mailto:dr.romano.valeria@gmail.com\">\n\n\t\t\t\t\t\t\t\t\t\t\t\t<span class=\"elementor-icon-list-icon\">\n\t\t\t\t\t\t\t<svg aria-hidden=\"true\" class=\"e-font-icon-svg e-fas-envelope\" viewBox=\"0 0 512 512\" xmlns=\"http:\/\/www.w3.org\/2000\/svg\"><path d=\"M502.3 190.8c3.9-3.1 9.7-.2 9.7 4.7V400c0 26.5-21.5 48-48 48H48c-26.5 0-48-21.5-48-48V195.6c0-5 5.7-7.8 9.7-4.7 22.4 17.4 52.1 39.5 154.1 113.6 21.1 15.4 56.7 47.8 92.2 47.6 35.7.3 72-32.8 92.3-47.6 102-74.1 131.6-96.3 154-113.7zM256 320c23.2.4 56.6-29.2 73.4-41.4 132.7-96.3 142.8-104.7 173.4-128.7 5.8-4.5 9.2-11.5 9.2-18.9v-19c0-26.5-21.5-48-48-48H48C21.5 64 0 85.5 0 112v19c0 7.4 3.4 14.3 9.2 18.9 30.6 23.9 40.7 32.4 173.4 128.7 16.8 12.2 50.2 41.8 73.4 41.4z\"><\/path><\/svg>\t\t\t\t\t\t<\/span>\n\t\t\t\t\t\t\t\t\t\t<span class=\"elementor-icon-list-text\">dr.romano.valeria@gmail.com<\/span>\n\t\t\t\t\t\t\t\t\t\t\t<\/a>\n\t\t\t\t\t\t\t\t\t<\/li>\n\t\t\t\t\t\t\t\t<li class=\"elementor-icon-list-item\">\n\t\t\t\t\t\t\t\t\t\t\t<a href=\"tel:+41%2078%20209%2002%2089\">\n\n\t\t\t\t\t\t\t\t\t\t\t\t<span class=\"elementor-icon-list-icon\">\n\t\t\t\t\t\t\t<svg aria-hidden=\"true\" class=\"e-font-icon-svg e-fas-phone-alt\" viewBox=\"0 0 512 512\" xmlns=\"http:\/\/www.w3.org\/2000\/svg\"><path d=\"M497.39 361.8l-112-48a24 24 0 0 0-28 6.9l-49.6 60.6A370.66 370.66 0 0 1 130.6 204.11l60.6-49.6a23.94 23.94 0 0 0 6.9-28l-48-112A24.16 24.16 0 0 0 122.6.61l-104 24A24 24 0 0 0 0 48c0 256.5 207.9 464 464 464a24 24 0 0 0 23.4-18.6l24-104a24.29 24.29 0 0 0-14.01-27.6z\"><\/path><\/svg>\t\t\t\t\t\t<\/span>\n\t\t\t\t\t\t\t\t\t\t<span class=\"elementor-icon-list-text\">+41 78 209 02 89<\/span>\n\t\t\t\t\t\t\t\t\t\t\t<\/a>\n\t\t\t\t\t\t\t\t\t<\/li>\n\t\t\t\t\t\t<\/ul>\n\t\t\t\t\t\t<\/div>\n\t\t\t\t<\/div>\n\t\t\t\t<\/div>\n\t\t\t\t<\/div>\n\t\t\t\t\t<\/div>\n\t\t\t\t<\/div>\n\t\t\t\t<\/div>\n\t\t","protected":false},"featured_media":0,"template":"elementor_header_footer","class_list":["post-25941","infographie","type-infographie","status-publish","hentry"],"yoast_head":"<!-- This site is optimized with the Yoast SEO plugin v27.5 - https:\/\/yoast.com\/product\/yoast-seo-wordpress\/ -->\n<title>Quels facteurs acc\u00e9l\u00e8rent l\u2019apparition des rides ? - Dr Romano<\/title>\n<meta name=\"description\" content=\"Facteurs favorisant l\u2019apparition pr\u00e9coce des rides : exposition solaire, tabac, stress, alimentation, pollution, g\u00e9n\u00e9tique et absence de soins adapt\u00e9s \u00e0 la peau.\" \/>\n<meta name=\"robots\" content=\"index, follow, max-snippet:-1, max-image-preview:large, max-video-preview:-1\" \/>\n<link rel=\"canonical\" href=\"https:\/\/drromanovaleria.ch\/it\/infografia\/fattori-acceleratori-rughe\/\" \/>\n<meta property=\"og:locale\" content=\"it_IT\" \/>\n<meta property=\"og:type\" content=\"article\" \/>\n<meta property=\"og:title\" content=\"Quels facteurs acc\u00e9l\u00e8rent l\u2019apparition des rides ? - Dr Romano\" \/>\n<meta property=\"og:description\" content=\"Facteurs favorisant l\u2019apparition pr\u00e9coce des rides : exposition solaire, tabac, stress, alimentation, pollution, g\u00e9n\u00e9tique et absence de soins adapt\u00e9s \u00e0 la peau.\" \/>\n<meta property=\"og:url\" content=\"https:\/\/drromanovaleria.ch\/it\/infografia\/fattori-acceleratori-rughe\/\" \/>\n<meta property=\"og:site_name\" content=\"Dr Romano\" \/>\n<meta property=\"article:modified_time\" content=\"2025-11-06T09:55:19+00:00\" \/>\n<meta property=\"og:image\" content=\"https:\/\/drromanovaleria.ch\/wp-content\/uploads\/2024\/05\/hydratation-peau.webp\" \/>\n\t<meta property=\"og:image:width\" content=\"300\" \/>\n\t<meta property=\"og:image:height\" content=\"220\" \/>\n\t<meta property=\"og:image:type\" content=\"image\/webp\" \/>\n<meta name=\"twitter:card\" content=\"summary_large_image\" \/>\n<meta name=\"twitter:label1\" content=\"Tempo di lettura stimato\" \/>\n\t<meta name=\"twitter:data1\" content=\"9 minuti\" \/>\n<script type=\"application\/ld+json\" class=\"yoast-schema-graph\">{\"@context\":\"https:\\\/\\\/schema.org\",\"@graph\":[{\"@type\":\"WebPage\",\"@id\":\"https:\\\/\\\/drromanovaleria.ch\\\/infographie\\\/facteurs-acceleration-rides\\\/\",\"url\":\"https:\\\/\\\/drromanovaleria.ch\\\/infographie\\\/facteurs-acceleration-rides\\\/\",\"name\":\"Quels facteurs acc\u00e9l\u00e8rent l\u2019apparition des rides ? - Dr Romano\",\"isPartOf\":{\"@id\":\"https:\\\/\\\/drromanovaleria.ch\\\/#website\"},\"primaryImageOfPage\":{\"@id\":\"https:\\\/\\\/drromanovaleria.ch\\\/infographie\\\/facteurs-acceleration-rides\\\/#primaryimage\"},\"image\":{\"@id\":\"https:\\\/\\\/drromanovaleria.ch\\\/infographie\\\/facteurs-acceleration-rides\\\/#primaryimage\"},\"thumbnailUrl\":\"https:\\\/\\\/drromanovaleria.ch\\\/wp-content\\\/uploads\\\/2024\\\/05\\\/hydratation-peau.webp\",\"datePublished\":\"2025-05-08T10:40:20+00:00\",\"dateModified\":\"2025-11-06T09:55:19+00:00\",\"description\":\"Facteurs favorisant l\u2019apparition pr\u00e9coce des rides : exposition solaire, tabac, stress, alimentation, pollution, g\u00e9n\u00e9tique et absence de soins adapt\u00e9s \u00e0 la peau.\",\"breadcrumb\":{\"@id\":\"https:\\\/\\\/drromanovaleria.ch\\\/infographie\\\/facteurs-acceleration-rides\\\/#breadcrumb\"},\"inLanguage\":\"it-IT\",\"potentialAction\":[{\"@type\":\"ReadAction\",\"target\":[\"https:\\\/\\\/drromanovaleria.ch\\\/infographie\\\/facteurs-acceleration-rides\\\/\"]}]},{\"@type\":\"ImageObject\",\"inLanguage\":\"it-IT\",\"@id\":\"https:\\\/\\\/drromanovaleria.ch\\\/infographie\\\/facteurs-acceleration-rides\\\/#primaryimage\",\"url\":\"https:\\\/\\\/drromanovaleria.ch\\\/wp-content\\\/uploads\\\/2024\\\/05\\\/hydratation-peau.webp\",\"contentUrl\":\"https:\\\/\\\/drromanovaleria.ch\\\/wp-content\\\/uploads\\\/2024\\\/05\\\/hydratation-peau.webp\"},{\"@type\":\"BreadcrumbList\",\"@id\":\"https:\\\/\\\/drromanovaleria.ch\\\/infographie\\\/facteurs-acceleration-rides\\\/#breadcrumb\",\"itemListElement\":[{\"@type\":\"ListItem\",\"position\":1,\"name\":\"Accueil\",\"item\":\"https:\\\/\\\/drromanovaleria.ch\\\/\"},{\"@type\":\"ListItem\",\"position\":2,\"name\":\"Infographie\",\"item\":\"https:\\\/\\\/drromanovaleria.ch\\\/infographie\\\/\"},{\"@type\":\"ListItem\",\"position\":3,\"name\":\"Quels facteurs acc\u00e9l\u00e8rent l\u2019apparition des rides ?\"}]},{\"@type\":\"WebSite\",\"@id\":\"https:\\\/\\\/drromanovaleria.ch\\\/#website\",\"url\":\"https:\\\/\\\/drromanovaleria.ch\\\/\",\"name\":\"Dr Romano\",\"description\":\"M\u00e9decine morphologique et anti-\u00e2ge\",\"potentialAction\":[{\"@type\":\"SearchAction\",\"target\":{\"@type\":\"EntryPoint\",\"urlTemplate\":\"https:\\\/\\\/drromanovaleria.ch\\\/?s={search_term_string}\"},\"query-input\":{\"@type\":\"PropertyValueSpecification\",\"valueRequired\":true,\"valueName\":\"search_term_string\"}}],\"inLanguage\":\"it-IT\"}]}<\/script>\n<!-- \/ Yoast SEO plugin. -->","yoast_head_json":{"title":"Quali fattori accelerano la comparsa delle rughe ? - Dr Romano","description":"Fattori che favoriscono la comparsa precoce delle rughe : esposizione solare, fumo, stress, alimentazione, inquinamento, genetica e assenza di cure adeguate per la pelle.","robots":{"index":"index","follow":"follow","max-snippet":"max-snippet:-1","max-image-preview":"max-image-preview:large","max-video-preview":"max-video-preview:-1"},"canonical":"https:\/\/drromanovaleria.ch\/it\/infografia\/fattori-acceleratori-rughe\/","og_locale":"it_IT","og_type":"article","og_title":"Quels facteurs acc\u00e9l\u00e8rent l\u2019apparition des rides ? - Dr Romano","og_description":"Facteurs favorisant l\u2019apparition pr\u00e9coce des rides : exposition solaire, tabac, stress, alimentation, pollution, g\u00e9n\u00e9tique et absence de soins adapt\u00e9s \u00e0 la peau.","og_url":"https:\/\/drromanovaleria.ch\/it\/infografia\/fattori-acceleratori-rughe\/","og_site_name":"Dr Romano","article_modified_time":"2025-11-06T09:55:19+00:00","og_image":[{"width":300,"height":220,"url":"https:\/\/drromanovaleria.ch\/wp-content\/uploads\/2024\/05\/hydratation-peau.webp","type":"image\/webp"}],"twitter_card":"summary_large_image","twitter_misc":{"Tempo di lettura stimato":"9 minuti"},"schema":{"@context":"https:\/\/schema.org","@graph":[{"@type":"WebPage","@id":"https:\/\/drromanovaleria.ch\/infographie\/facteurs-acceleration-rides\/","url":"https:\/\/drromanovaleria.ch\/infographie\/facteurs-acceleration-rides\/","name":"Quali fattori accelerano la comparsa delle rughe ? - Dr Romano","isPartOf":{"@id":"https:\/\/drromanovaleria.ch\/#website"},"primaryImageOfPage":{"@id":"https:\/\/drromanovaleria.ch\/infographie\/facteurs-acceleration-rides\/#primaryimage"},"image":{"@id":"https:\/\/drromanovaleria.ch\/infographie\/facteurs-acceleration-rides\/#primaryimage"},"thumbnailUrl":"https:\/\/drromanovaleria.ch\/wp-content\/uploads\/2024\/05\/hydratation-peau.webp","datePublished":"2025-05-08T10:40:20+00:00","dateModified":"2025-11-06T09:55:19+00:00","description":"Fattori che favoriscono la comparsa precoce delle rughe : esposizione solare, fumo, stress, alimentazione, inquinamento, genetica e assenza di cure adeguate per la pelle.","breadcrumb":{"@id":"https:\/\/drromanovaleria.ch\/infographie\/facteurs-acceleration-rides\/#breadcrumb"},"inLanguage":"it-IT","potentialAction":[{"@type":"ReadAction","target":["https:\/\/drromanovaleria.ch\/infographie\/facteurs-acceleration-rides\/"]}]},{"@type":"ImageObject","inLanguage":"it-IT","@id":"https:\/\/drromanovaleria.ch\/infographie\/facteurs-acceleration-rides\/#primaryimage","url":"https:\/\/drromanovaleria.ch\/wp-content\/uploads\/2024\/05\/hydratation-peau.webp","contentUrl":"https:\/\/drromanovaleria.ch\/wp-content\/uploads\/2024\/05\/hydratation-peau.webp"},{"@type":"BreadcrumbList","@id":"https:\/\/drromanovaleria.ch\/infographie\/facteurs-acceleration-rides\/#breadcrumb","itemListElement":[{"@type":"ListItem","position":1,"name":"Accueil","item":"https:\/\/drromanovaleria.ch\/"},{"@type":"ListItem","position":2,"name":"Infographie","item":"https:\/\/drromanovaleria.ch\/infographie\/"},{"@type":"ListItem","position":3,"name":"Quels facteurs acc\u00e9l\u00e8rent l\u2019apparition des rides ?"}]},{"@type":"WebSite","@id":"https:\/\/drromanovaleria.ch\/#website","url":"https:\/\/drromanovaleria.ch\/","name":"Dott. Romano","description":"Medicina morfologica e anti-invecchiamento","potentialAction":[{"@type":"SearchAction","target":{"@type":"EntryPoint","urlTemplate":"https:\/\/drromanovaleria.ch\/?s={search_term_string}"},"query-input":{"@type":"PropertyValueSpecification","valueRequired":true,"valueName":"search_term_string"}}],"inLanguage":"it-IT"}]}},"_links":{"self":[{"href":"https:\/\/drromanovaleria.ch\/it\/wp-json\/wp\/v2\/infographie\/25941","targetHints":{"allow":["GET"]}}],"collection":[{"href":"https:\/\/drromanovaleria.ch\/it\/wp-json\/wp\/v2\/infographie"}],"about":[{"href":"https:\/\/drromanovaleria.ch\/it\/wp-json\/wp\/v2\/types\/infographie"}],"version-history":[{"count":5,"href":"https:\/\/drromanovaleria.ch\/it\/wp-json\/wp\/v2\/infographie\/25941\/revisions"}],"predecessor-version":[{"id":43167,"href":"https:\/\/drromanovaleria.ch\/it\/wp-json\/wp\/v2\/infographie\/25941\/revisions\/43167"}],"wp:attachment":[{"href":"https:\/\/drromanovaleria.ch\/it\/wp-json\/wp\/v2\/media?parent=25941"}],"curies":[{"name":"wp","href":"https:\/\/api.w.org\/{rel}","templated":true}]}}