{"id":25937,"date":"2025-05-08T12:26:52","date_gmt":"2025-05-08T10:26:52","guid":{"rendered":"https:\/\/drromanovaleria.ch\/?post_type=infographie&#038;p=25937"},"modified":"2025-11-06T10:52:56","modified_gmt":"2025-11-06T09:52:56","slug":"eta-comparsa-rughe","status":"publish","type":"infographie","link":"https:\/\/drromanovaleria.ch\/it\/infographie\/age-apparition-rides\/","title":{"rendered":"\u00c0 quel \u00e2ge les premi\u00e8res rides apparaissent-elles ?"},"content":{"rendered":"\t\t<div data-elementor-type=\"wp-post\" data-elementor-id=\"25937\" class=\"elementor elementor-25937\" data-elementor-post-type=\"infographie\">\n\t\t\t\t<div class=\"elementor-element elementor-element-e91eff2 e-flex e-con-boxed e-con e-parent\" data-id=\"e91eff2\" data-element_type=\"container\" data-e-type=\"container\" data-settings=\"{&quot;background_background&quot;:&quot;classic&quot;,&quot;jet_parallax_layout_list&quot;:[]}\">\n\t\t\t\t\t<div class=\"e-con-inner\">\n\t\t<div class=\"elementor-element elementor-element-d79b116 e-con-full e-flex e-con e-child\" data-id=\"d79b116\" data-element_type=\"container\" data-e-type=\"container\" data-settings=\"{&quot;background_background&quot;:&quot;classic&quot;,&quot;jet_parallax_layout_list&quot;:[]}\">\n\t\t\t\t<div class=\"elementor-element elementor-element-00981c7 elementor-widget__width-initial elementor-widget elementor-widget-heading\" data-id=\"00981c7\" data-element_type=\"widget\" data-e-type=\"widget\" data-widget_type=\"heading.default\">\n\t\t\t\t<div class=\"elementor-widget-container\">\n\t\t\t\t\t<h1 class=\"elementor-heading-title elementor-size-default\">\u00c0 QUEL \u00c2GE LES PREMI\u00c8RES RIDES APPARAISSENT-ELLES ?<\/h1>\t\t\t\t<\/div>\n\t\t\t\t<\/div>\n\t\t\t\t<div class=\"elementor-element elementor-element-0b3113b elementor-align-center elementor-widget elementor-widget-breadcrumbs\" data-id=\"0b3113b\" data-element_type=\"widget\" data-e-type=\"widget\" data-widget_type=\"breadcrumbs.default\">\n\t\t\t\t<div class=\"elementor-widget-container\">\n\t\t\t\t\t<p id=\"breadcrumbs\"><span><span><a href=\"https:\/\/drromanovaleria.ch\/\">Accueil<\/a><\/span><\/span><\/p>\t\t\t\t<\/div>\n\t\t\t\t<\/div>\n\t\t\t\t<\/div>\n\t\t\t\t\t<\/div>\n\t\t\t\t<\/div>\n\t\t<div class=\"elementor-element elementor-element-79a4007 e-flex e-con-boxed e-con e-parent\" data-id=\"79a4007\" data-element_type=\"container\" data-e-type=\"container\" data-settings=\"{&quot;jet_parallax_layout_list&quot;:[]}\">\n\t\t\t\t\t<div class=\"e-con-inner\">\n\t\t<div class=\"elementor-element elementor-element-8ffaa57 e-flex e-con-boxed e-con e-child\" data-id=\"8ffaa57\" data-element_type=\"container\" data-e-type=\"container\" data-settings=\"{&quot;jet_parallax_layout_list&quot;:[]}\">\n\t\t\t\t\t<div class=\"e-con-inner\">\n\t\t<div class=\"elementor-element elementor-element-c326c46 e-con-full e-flex e-con e-child\" data-id=\"c326c46\" data-element_type=\"container\" data-e-type=\"container\" data-settings=\"{&quot;background_background&quot;:&quot;classic&quot;,&quot;jet_parallax_layout_list&quot;:[]}\">\n\t\t\t\t<div class=\"elementor-element elementor-element-2c60dec elementor-widget elementor-widget-text-editor\" data-id=\"2c60dec\" data-element_type=\"widget\" data-e-type=\"widget\" data-widget_type=\"text-editor.default\">\n\t\t\t\t<div class=\"elementor-widget-container\">\n\t\t\t\t\t\t\t\t\t<h2>Les premi\u00e8res rides<\/h2>\t\t\t\t\t\t\t\t<\/div>\n\t\t\t\t<\/div>\n\t\t\t\t<div class=\"elementor-element elementor-element-0494b5d elementor-widget elementor-widget-text-editor\" data-id=\"0494b5d\" data-element_type=\"widget\" data-e-type=\"widget\" data-widget_type=\"text-editor.default\">\n\t\t\t\t<div class=\"elementor-widget-container\">\n\t\t\t\t\t\t\t\t\t<p>Le vieillissement cutan\u00e9 est une r\u00e9alit\u00e9 biologique universelle. D\u00e8s l\u2019\u00e2ge de 25 ans, la peau commence \u00e0 pr\u00e9senter les premiers signes du temps. Si ces changements peuvent sembler imperceptibles au d\u00e9but, ils s\u2019inscrivent dans un processus progressif, influenc\u00e9 par de nombreux facteurs, tant endog\u00e8nes qu\u2019exog\u00e8nes. La question souvent pos\u00e9e par les patients en consultation de m\u00e9decine \u00e0 vis\u00e9e esth\u00e9tique \u00e0 Gen\u00e8ve est la suivante : \u00e0 quel \u00e2ge apparaissent les premi\u00e8res<a href=\"https:\/\/drromanovaleria.ch\/besoins\/rides\/\"> rides<\/a>, et peut-on agir efficacement pour les pr\u00e9venir ou les att\u00e9nuer sans chirurgie ?<br \/>Loin d\u2019\u00eatre purement g\u00e9n\u00e9tique, le vieillissement cutan\u00e9 est modul\u00e9 par notre hygi\u00e8ne de vie, notre exposition solaire, nos habitudes alimentaires et notre niveau de stress oxydatif. Gr\u00e2ce aux progr\u00e8s des techniques de rajeunissement du visage non invasif, il est aujourd\u2019hui possible de prendre soin de sa peau d\u00e8s l\u2019apparition des premiers signes de l\u2019\u00e2ge, notamment gr\u00e2ce \u00e0 des traitements comme le m\u00e9solift, <a href=\"https:\/\/drromanovaleria.ch\/solutions\/mesotherapie\/mesotherapie-visage\/\">m\u00e9soth\u00e9rapie du visage<\/a> pl\u00e9biscit\u00e9e \u00e0 Gen\u00e8ve pour son efficacit\u00e9.<\/p>\t\t\t\t\t\t\t\t<\/div>\n\t\t\t\t<\/div>\n\t\t\t\t<\/div>\n\t\t\t\t\t<\/div>\n\t\t\t\t<\/div>\n\t\t<div class=\"elementor-element elementor-element-d4b4f3f e-flex e-con-boxed e-con e-child\" data-id=\"d4b4f3f\" data-element_type=\"container\" data-e-type=\"container\" data-settings=\"{&quot;jet_parallax_layout_list&quot;:[]}\">\n\t\t\t\t\t<div class=\"e-con-inner\">\n\t\t\t\t<div class=\"elementor-element elementor-element-89d7e6b elementor-widget elementor-widget-image\" data-id=\"89d7e6b\" data-element_type=\"widget\" data-e-type=\"widget\" data-widget_type=\"image.default\">\n\t\t\t\t<div class=\"elementor-widget-container\">\n\t\t\t\t\t\t\t\t\t\t\t\t\t\t\t<img fetchpriority=\"high\" decoding=\"async\" width=\"300\" height=\"220\" src=\"https:\/\/drromanovaleria.ch\/wp-content\/uploads\/2024\/05\/hydratation-peau.webp\" class=\"attachment-medium size-medium wp-image-4852\" alt=\"image peau jeune hydrat\u00e9e\" srcset=\"https:\/\/drromanovaleria.ch\/wp-content\/uploads\/2024\/05\/hydratation-peau.webp 300w, https:\/\/drromanovaleria.ch\/wp-content\/uploads\/2024\/05\/hydratation-peau-16x12.webp 16w\" sizes=\"(max-width: 300px) 100vw, 300px\" \/>\t\t\t\t\t\t\t\t\t\t\t\t\t\t\t<\/div>\n\t\t\t\t<\/div>\n\t\t\t\t<div class=\"elementor-element elementor-element-dc96350 elementor-align-center elementor-widget elementor-widget-button\" data-id=\"dc96350\" data-element_type=\"widget\" data-e-type=\"widget\" data-widget_type=\"button.default\">\n\t\t\t\t<div class=\"elementor-widget-container\">\n\t\t\t\t\t\t\t\t\t<div class=\"elementor-button-wrapper\">\n\t\t\t\t\t<a class=\"elementor-button elementor-button-link elementor-size-sm\" href=\"https:\/\/drromanovaleria.ch\/contactez-le-dr-romano\/\">\n\t\t\t\t\t\t<span class=\"elementor-button-content-wrapper\">\n\t\t\t\t\t\t\t\t\t<span class=\"elementor-button-text\">Prendre rendez-vous<\/span>\n\t\t\t\t\t<\/span>\n\t\t\t\t\t<\/a>\n\t\t\t\t<\/div>\n\t\t\t\t\t\t\t\t<\/div>\n\t\t\t\t<\/div>\n\t\t\t\t\t<\/div>\n\t\t\t\t<\/div>\n\t\t\t\t\t<\/div>\n\t\t\t\t<\/div>\n\t\t<div class=\"elementor-element elementor-element-a3456e4 e-flex e-con-boxed e-con e-parent\" data-id=\"a3456e4\" data-element_type=\"container\" data-e-type=\"container\" data-settings=\"{&quot;jet_parallax_layout_list&quot;:[]}\">\n\t\t\t\t\t<div class=\"e-con-inner\">\n\t\t\t\t<div class=\"elementor-element elementor-element-dfd8104 elementor-toc--content-ellipsis elementor-toc--minimized-on-desktop elementor-widget elementor-widget-table-of-contents\" data-id=\"dfd8104\" data-element_type=\"widget\" data-e-type=\"widget\" data-settings=\"{&quot;exclude_headings_by_selector&quot;:[],&quot;minimized_on&quot;:&quot;desktop&quot;,&quot;no_headings_message&quot;:&quot;Aucun titre n\\u2019a \\u00e9t\\u00e9 trouv\\u00e9 sur cette page.&quot;,&quot;headings_by_tags&quot;:[&quot;h2&quot;,&quot;h3&quot;,&quot;h4&quot;,&quot;h5&quot;,&quot;h6&quot;],&quot;marker_view&quot;:&quot;numbers&quot;,&quot;minimize_box&quot;:&quot;yes&quot;,&quot;hierarchical_view&quot;:&quot;yes&quot;,&quot;min_height&quot;:{&quot;unit&quot;:&quot;px&quot;,&quot;size&quot;:&quot;&quot;,&quot;sizes&quot;:[]},&quot;min_height_tablet&quot;:{&quot;unit&quot;:&quot;px&quot;,&quot;size&quot;:&quot;&quot;,&quot;sizes&quot;:[]},&quot;min_height_mobile&quot;:{&quot;unit&quot;:&quot;px&quot;,&quot;size&quot;:&quot;&quot;,&quot;sizes&quot;:[]}}\" data-widget_type=\"table-of-contents.default\">\n\t\t\t\t<div class=\"elementor-widget-container\">\n\t\t\t\t\t\t\t\t\t<div class=\"elementor-toc__header\">\n\t\t\t\t\t\t<h2 class=\"elementor-toc__header-title\">\n\t\t\t\tSommaire\t\t\t<\/h2>\n\t\t\t\t\t\t\t\t\t\t<div class=\"elementor-toc__toggle-button elementor-toc__toggle-button--expand\" role=\"button\" tabindex=\"0\" aria-controls=\"elementor-toc__dfd8104\" aria-expanded=\"true\" aria-label=\"Ouvrir la table des mati\u00e8res\"><svg aria-hidden=\"true\" class=\"e-font-icon-svg e-fas-chevron-down\" viewBox=\"0 0 448 512\" xmlns=\"http:\/\/www.w3.org\/2000\/svg\"><path d=\"M207.029 381.476L12.686 187.132c-9.373-9.373-9.373-24.569 0-33.941l22.667-22.667c9.357-9.357 24.522-9.375 33.901-.04L224 284.505l154.745-154.021c9.379-9.335 24.544-9.317 33.901.04l22.667 22.667c9.373 9.373 9.373 24.569 0 33.941L240.971 381.476c-9.373 9.372-24.569 9.372-33.942 0z\"><\/path><\/svg><\/div>\n\t\t\t\t<div class=\"elementor-toc__toggle-button elementor-toc__toggle-button--collapse\" role=\"button\" tabindex=\"0\" aria-controls=\"elementor-toc__dfd8104\" aria-expanded=\"true\" aria-label=\"Fermer la table des mati\u00e8res\"><svg aria-hidden=\"true\" class=\"e-font-icon-svg e-fas-chevron-up\" viewBox=\"0 0 448 512\" xmlns=\"http:\/\/www.w3.org\/2000\/svg\"><path d=\"M240.971 130.524l194.343 194.343c9.373 9.373 9.373 24.569 0 33.941l-22.667 22.667c-9.357 9.357-24.522 9.375-33.901.04L224 227.495 69.255 381.516c-9.379 9.335-24.544 9.317-33.901-.04l-22.667-22.667c-9.373-9.373-9.373-24.569 0-33.941L207.03 130.525c9.372-9.373 24.568-9.373 33.941-.001z\"><\/path><\/svg><\/div>\n\t\t\t\t\t<\/div>\n\t\t\t\t<div id=\"elementor-toc__dfd8104\" class=\"elementor-toc__body\">\n\t\t\t<div class=\"elementor-toc__spinner-container\">\n\t\t\t\t<svg class=\"elementor-toc__spinner eicon-animation-spin e-font-icon-svg e-eicon-loading\" aria-hidden=\"true\" viewBox=\"0 0 1000 1000\" xmlns=\"http:\/\/www.w3.org\/2000\/svg\"><path d=\"M500 975V858C696 858 858 696 858 500S696 142 500 142 142 304 142 500H25C25 237 238 25 500 25S975 237 975 500 763 975 500 975Z\"><\/path><\/svg>\t\t\t<\/div>\n\t\t<\/div>\n\t\t\t\t\t\t<\/div>\n\t\t\t\t<\/div>\n\t\t\t\t\t<\/div>\n\t\t\t\t<\/div>\n\t\t<div class=\"elementor-element elementor-element-a3e6531 e-flex e-con-boxed e-con e-parent\" data-id=\"a3e6531\" data-element_type=\"container\" data-e-type=\"container\" data-settings=\"{&quot;jet_parallax_layout_list&quot;:[]}\">\n\t\t\t\t\t<div class=\"e-con-inner\">\n\t\t\t\t<div class=\"elementor-element elementor-element-4421922 elementor-widget elementor-widget-text-editor\" data-id=\"4421922\" data-element_type=\"widget\" data-e-type=\"widget\" data-widget_type=\"text-editor.default\">\n\t\t\t\t<div class=\"elementor-widget-container\">\n\t\t\t\t\t\t\t\t\t<h2>Vers 25-30 ans : l\u2019\u00e2ge des premi\u00e8res ridules<\/h2>\t\t\t\t\t\t\t\t<\/div>\n\t\t\t\t<\/div>\n\t\t\t\t<div class=\"elementor-element elementor-element-352b4da elementor-widget-divider--view-line elementor-widget elementor-widget-divider\" data-id=\"352b4da\" data-element_type=\"widget\" data-e-type=\"widget\" data-widget_type=\"divider.default\">\n\t\t\t\t<div class=\"elementor-widget-container\">\n\t\t\t\t\t\t\t<div class=\"elementor-divider\">\n\t\t\t<span class=\"elementor-divider-separator\">\n\t\t\t\t\t\t<\/span>\n\t\t<\/div>\n\t\t\t\t\t\t<\/div>\n\t\t\t\t<\/div>\n\t\t\t\t<div class=\"elementor-element elementor-element-2d749eb elementor-widget elementor-widget-text-editor\" data-id=\"2d749eb\" data-element_type=\"widget\" data-e-type=\"widget\" data-widget_type=\"text-editor.default\">\n\t\t\t\t<div class=\"elementor-widget-container\">\n\t\t\t\t\t\t\t\t\t<p>D\u00e8s 25 ans, la production de collag\u00e8ne, d\u2019\u00e9lastine et d\u2019acide hyaluronique commence lentement \u00e0 d\u00e9cliner. Ce ph\u00e9nom\u00e8ne se traduit souvent par l\u2019apparition de ridules d\u2019expression, notamment au niveau du front, du contour des yeux (rides de la patte d\u2019oie) et des sillons nasog\u00e9niens. Ces premiers signes sont accentu\u00e9s par des mouvements musculaires r\u00e9p\u00e9titifs, un manque d\u2019hydratation cutan\u00e9e ou une exposition au soleil sans protection ad\u00e9quate.<br \/>Il est essentiel de comprendre que ces premiers signes du vieillissement cutan\u00e9 ne correspondent pas encore \u00e0 des rides install\u00e9es. Ils traduisent plut\u00f4t un ralentissement de la r\u00e9g\u00e9n\u00e9ration cellulaire et une alt\u00e9ration de la microcirculation, entra\u00eenant un teint terne, une peau moins souple et une perte d\u2019\u00e9clat. C\u2019est pr\u00e9cis\u00e9ment \u00e0 ce stade qu\u2019un traitement de m\u00e9soth\u00e9rapie du visage, aussi appel\u00e9 m\u00e9solift, trouve tout son int\u00e9r\u00eat. En apportant directement \u00e0 la peau un cocktail de vitamines, d\u2019acide hyaluronique et d\u2019antioxydants, il agit comme une v\u00e9ritable cure de revitalisation, stimule les cellules et am\u00e9liore l\u2019hydratation en profondeur. Le m\u00e9solift permet ainsi de pr\u00e9venir l\u2019apparition des rides, de redonner de la luminosit\u00e9 au teint et de pr\u00e9server la qualit\u00e9 cutan\u00e9e sur le long terme.<\/p>\t\t\t\t\t\t\t\t<\/div>\n\t\t\t\t<\/div>\n\t\t\t\t\t<\/div>\n\t\t\t\t<\/div>\n\t\t<div class=\"elementor-element elementor-element-884d5d2 e-flex e-con-boxed e-con e-parent\" data-id=\"884d5d2\" data-element_type=\"container\" data-e-type=\"container\" data-settings=\"{&quot;jet_parallax_layout_list&quot;:[]}\">\n\t\t\t\t\t<div class=\"e-con-inner\">\n\t\t\t\t<div class=\"elementor-element elementor-element-60f3bfb elementor-widget elementor-widget-text-editor\" data-id=\"60f3bfb\" data-element_type=\"widget\" data-e-type=\"widget\" data-widget_type=\"text-editor.default\">\n\t\t\t\t<div class=\"elementor-widget-container\">\n\t\t\t\t\t\t\t\t\t<h2>Facteurs influen\u00e7ant l\u2019apparition des rides\u00a0<\/h2>\t\t\t\t\t\t\t\t<\/div>\n\t\t\t\t<\/div>\n\t\t\t\t<div class=\"elementor-element elementor-element-2bf3258 elementor-widget-divider--view-line elementor-widget elementor-widget-divider\" data-id=\"2bf3258\" data-element_type=\"widget\" data-e-type=\"widget\" data-widget_type=\"divider.default\">\n\t\t\t\t<div class=\"elementor-widget-container\">\n\t\t\t\t\t\t\t<div class=\"elementor-divider\">\n\t\t\t<span class=\"elementor-divider-separator\">\n\t\t\t\t\t\t<\/span>\n\t\t<\/div>\n\t\t\t\t\t\t<\/div>\n\t\t\t\t<\/div>\n\t\t\t\t<div class=\"elementor-element elementor-element-af8afdc elementor-widget elementor-widget-text-editor\" data-id=\"af8afdc\" data-element_type=\"widget\" data-e-type=\"widget\" data-widget_type=\"text-editor.default\">\n\t\t\t\t<div class=\"elementor-widget-container\">\n\t\t\t\t\t\t\t\t\t<p>L\u2019\u00e2ge biologique de la peau ne correspond pas toujours \u00e0 l\u2019\u00e2ge civil. Ainsi, une personne de 35 ans peut parfois pr\u00e9senter une peau plus marqu\u00e9e qu\u2019une autre de 45 ans. Cette diff\u00e9rence s\u2019explique par plusieurs facteurs : l\u2019h\u00e9r\u00e9dit\u00e9, l\u2019exposition solaire, le tabac, le stress, la qualit\u00e9 du sommeil, mais aussi l\u2019hygi\u00e8ne de vie et les habitudes de soins. Tous ces \u00e9l\u00e9ments influencent directement la r\u00e9g\u00e9n\u00e9ration cellulaire, la fermet\u00e9 et l\u2019\u00e9clat du teint.<\/p><ul><li>Photovieillissement : l\u2019exposition chronique aux UV est l\u2019un des premiers facteurs acc\u00e9l\u00e9rant l\u2019apparition des rides. La peau s\u2019\u00e9paissit, se tache et perd en \u00e9lasticit\u00e9.<\/li><li>Tabac et pollution : ils d\u00e9gradent les fibres de collag\u00e8ne et accentuent le teint terne et la formation de rides pr\u00e9coces.<\/li><li>Stress oxydatif : g\u00e9n\u00e9r\u00e9 par une alimentation d\u00e9s\u00e9quilibr\u00e9e, le stress chronique et le manque de sommeil, il contribue \u00e0 la s\u00e9nescence cellulaire.<\/li><li>G\u00e9n\u00e9tique : la densit\u00e9 du derme, le phototype et le m\u00e9tabolisme cutan\u00e9 varient selon l\u2019h\u00e9r\u00e9dit\u00e9.<\/li><\/ul><p data-start=\"81\" data-end=\"581\">C\u2019est dans cette approche personnalis\u00e9e que la m\u00e9decine esth\u00e9tique prend toute sa dimension. \u00c0 Gen\u00e8ve, le m\u00e9solift du visage s\u2019impose comme l\u2019un des traitements les plus demand\u00e9s. Cette m\u00e9thode douce et non invasive nourrit la peau en profondeur et lui redonne \u00e9clat et vitalit\u00e9.<\/p>\t\t\t\t\t\t\t\t<\/div>\n\t\t\t\t<\/div>\n\t\t\t\t\t<\/div>\n\t\t\t\t<\/div>\n\t\t<div class=\"elementor-element elementor-element-f30e195 e-flex e-con-boxed e-con e-parent\" data-id=\"f30e195\" data-element_type=\"container\" data-e-type=\"container\" data-settings=\"{&quot;jet_parallax_layout_list&quot;:[]}\">\n\t\t\t\t\t<div class=\"e-con-inner\">\n\t\t\t\t<div class=\"elementor-element elementor-element-cff20b9 elementor-widget elementor-widget-text-editor\" data-id=\"cff20b9\" data-element_type=\"widget\" data-e-type=\"widget\" data-widget_type=\"text-editor.default\">\n\t\t\t\t<div class=\"elementor-widget-container\">\n\t\t\t\t\t\t\t\t\t<h2>M\u00e9solift : un soin pour pr\u00e9venir les premi\u00e8res rides<\/h2>\t\t\t\t\t\t\t\t<\/div>\n\t\t\t\t<\/div>\n\t\t\t\t<div class=\"elementor-element elementor-element-68a5b6a elementor-widget-divider--view-line elementor-widget elementor-widget-divider\" data-id=\"68a5b6a\" data-element_type=\"widget\" data-e-type=\"widget\" data-widget_type=\"divider.default\">\n\t\t\t\t<div class=\"elementor-widget-container\">\n\t\t\t\t\t\t\t<div class=\"elementor-divider\">\n\t\t\t<span class=\"elementor-divider-separator\">\n\t\t\t\t\t\t<\/span>\n\t\t<\/div>\n\t\t\t\t\t\t<\/div>\n\t\t\t\t<\/div>\n\t\t\t\t<div class=\"elementor-element elementor-element-440373c elementor-widget elementor-widget-text-editor\" data-id=\"440373c\" data-element_type=\"widget\" data-e-type=\"widget\" data-widget_type=\"text-editor.default\">\n\t\t\t\t<div class=\"elementor-widget-container\">\n\t\t\t\t\t\t\t\t\t<p>Le m\u00e9solift repose sur la technique de m\u00e9soth\u00e9rapie du visage, consistant \u00e0 injecter, \u00e0 l\u2019aide d\u2019aguilles fines, un cocktail revitalisant dans le derme superficiel. Compos\u00e9 d\u2019acide hyaluronique non r\u00e9ticul\u00e9, de vitamines, d\u2019antioxydants et de min\u00e9raux, ce m\u00e9lange a pour objectif de relancer la microcirculation cutan\u00e9e, d\u2019hydrater intens\u00e9ment la peau et de stimuler la production de collag\u00e8ne.<br \/>Le m\u00e9solift est particuli\u00e8rement efficace d\u00e8s l\u2019apparition des premi\u00e8res rides, g\u00e9n\u00e9ralement entre 30 et 40 ans. Son action est double : pr\u00e9ventive et corrective. En am\u00e9liorant la tonicit\u00e9 et l\u2019\u00e9clat du visage, il agit comme un traitement de rajeunissement non invasif, adapt\u00e9 aux patients ne souhaitant pas recourir \u00e0 des techniques plus invasives.<\/p>\t\t\t\t\t\t\t\t<\/div>\n\t\t\t\t<\/div>\n\t\t\t\t\t<\/div>\n\t\t\t\t<\/div>\n\t\t<div class=\"elementor-element elementor-element-c5c7127 e-flex e-con-boxed e-con e-parent\" data-id=\"c5c7127\" data-element_type=\"container\" data-e-type=\"container\" data-settings=\"{&quot;jet_parallax_layout_list&quot;:[]}\">\n\t\t\t\t\t<div class=\"e-con-inner\">\n\t\t\t\t<div class=\"elementor-element elementor-element-34c57a9 elementor-widget elementor-widget-text-editor\" data-id=\"34c57a9\" data-element_type=\"widget\" data-e-type=\"widget\" data-widget_type=\"text-editor.default\">\n\t\t\t\t<div class=\"elementor-widget-container\">\n\t\t\t\t\t\t\t\t\t<h2>Avantages du m\u00e9solift pour le traitement des premi\u00e8res rides\u00a0<\/h2>\t\t\t\t\t\t\t\t<\/div>\n\t\t\t\t<\/div>\n\t\t\t\t<div class=\"elementor-element elementor-element-0efeedf elementor-widget-divider--view-line elementor-widget elementor-widget-divider\" data-id=\"0efeedf\" data-element_type=\"widget\" data-e-type=\"widget\" data-widget_type=\"divider.default\">\n\t\t\t\t<div class=\"elementor-widget-container\">\n\t\t\t\t\t\t\t<div class=\"elementor-divider\">\n\t\t\t<span class=\"elementor-divider-separator\">\n\t\t\t\t\t\t<\/span>\n\t\t<\/div>\n\t\t\t\t\t\t<\/div>\n\t\t\t\t<\/div>\n\t\t\t\t<div class=\"elementor-element elementor-element-e8c871a elementor-widget elementor-widget-text-editor\" data-id=\"e8c871a\" data-element_type=\"widget\" data-e-type=\"widget\" data-widget_type=\"text-editor.default\">\n\t\t\t\t<div class=\"elementor-widget-container\">\n\t\t\t\t\t\t\t\t\t<p>Subtil alli\u00e9 contre les premiers signes du temps, le m\u00e9solift offre \u00e0 la peau une cure de vitalit\u00e9. Gr\u00e2ce \u00e0 son action cibl\u00e9e, il hydrate intens\u00e9ment, ravive l\u2019\u00e9clat naturel du teint et aide \u00e0 freiner l\u2019installation des premi\u00e8res rides. Ses avantages sont :<\/p><ul><li>Hydratation profonde et durable.<\/li><li>Am\u00e9lioration visible de la qualit\u00e9 cutan\u00e9e.<\/li><li>Att\u00e9nuation des ridules et regain d\u2019\u00e9clat.<\/li><li>Proc\u00e9dure rapide, sans \u00e9viction sociale.<\/li><li>Convient \u00e0 tous les types de peaux.<\/li><\/ul><p>Les s\u00e9ances de m\u00e9soth\u00e9rapie sont g\u00e9n\u00e9ralement espac\u00e9es de deux \u00e0 trois semaines au d\u00e9part, puis entretenues tous les trois \u00e0 quatre mois. L\u2019effet \u00ab coup d\u2019\u00e9clat \u00bb est visible d\u00e8s les premi\u00e8res s\u00e9ances, tandis que les b\u00e9n\u00e9fices structurels s\u2019installent sur le long terme.<\/p>\t\t\t\t\t\t\t\t<\/div>\n\t\t\t\t<\/div>\n\t\t\t\t\t<\/div>\n\t\t\t\t<\/div>\n\t\t<div class=\"elementor-element elementor-element-b7d8baa e-flex e-con-boxed e-con e-parent\" data-id=\"b7d8baa\" data-element_type=\"container\" data-e-type=\"container\" data-settings=\"{&quot;jet_parallax_layout_list&quot;:[]}\">\n\t\t\t\t\t<div class=\"e-con-inner\">\n\t\t\t\t<div class=\"elementor-element elementor-element-a51c6c3 elementor-widget elementor-widget-text-editor\" data-id=\"a51c6c3\" data-element_type=\"widget\" data-e-type=\"widget\" data-widget_type=\"text-editor.default\">\n\t\t\t\t<div class=\"elementor-widget-container\">\n\t\t\t\t\t\t\t\t\t<h2>Quel suivi esth\u00e9tique adopter \u00e0 chaque \u00e2ge ?<\/h2>\t\t\t\t\t\t\t\t<\/div>\n\t\t\t\t<\/div>\n\t\t\t\t<div class=\"elementor-element elementor-element-30c2144 elementor-widget-divider--view-line elementor-widget elementor-widget-divider\" data-id=\"30c2144\" data-element_type=\"widget\" data-e-type=\"widget\" data-widget_type=\"divider.default\">\n\t\t\t\t<div class=\"elementor-widget-container\">\n\t\t\t\t\t\t\t<div class=\"elementor-divider\">\n\t\t\t<span class=\"elementor-divider-separator\">\n\t\t\t\t\t\t<\/span>\n\t\t<\/div>\n\t\t\t\t\t\t<\/div>\n\t\t\t\t<\/div>\n\t\t\t\t<div class=\"elementor-element elementor-element-44072fa elementor-widget elementor-widget-text-editor\" data-id=\"44072fa\" data-element_type=\"widget\" data-e-type=\"widget\" data-widget_type=\"text-editor.default\">\n\t\t\t\t<div class=\"elementor-widget-container\">\n\t\t\t\t\t\t\t\t\t<p data-start=\"133\" data-end=\"307\">L\u2019apparition des rides suit un rythme propre \u00e0 chaque individu. N\u00e9anmoins, certains rep\u00e8res permettent d\u2019envisager une prise en charge esth\u00e9tique progressive et raisonn\u00e9e :<\/p><ul><li data-start=\"133\" data-end=\"307\">Avant 30 ans : mise en place de soins topiques antioxydants, photoprotection stricte et premi\u00e8res s\u00e9ances de m\u00e9solift \u00e0 vis\u00e9e pr\u00e9ventive.<\/li><li data-start=\"133\" data-end=\"307\">Entre 30 et 40 ans : d\u00e9but des traitements de m\u00e9soth\u00e9rapie du visage en mode curatif, introduction de <a href=\"https:\/\/drromanovaleria.ch\/solutions\/peeling\/peeling-prx-t33\/\">peelings PRX-T33<\/a> et de <a href=\"https:\/\/drromanovaleria.ch\/solutions\/injections\/skinbooster\/\">Skinboosters<\/a>.<\/li><li data-start=\"133\" data-end=\"307\">Entre 40 et 50 ans : association du m\u00e9solift \u00e0 d\u2019autres techniques non invasives telles que la radiofr\u00e9quence, les ultrasons focalis\u00e9s ou des injections de comblement l\u00e9g\u00e8res et cibl\u00e9es.<\/li><li data-start=\"133\" data-end=\"307\">Apr\u00e8s 50 ans : entretien global de la qualit\u00e9 cutan\u00e9e avec des s\u00e9ances r\u00e9guli\u00e8res de m\u00e9soth\u00e9rapie et de Skinboosters, dans une logique de maintien plus que de transformation. Un flacon de <a href=\"https:\/\/drromanovaleria.ch\/solutions\/injections\/sculptra\/\">Sculptra<\/a> peut \u00eatre r\u00e9alis\u00e9 tous les deux ans.<\/li><\/ul><p data-start=\"1050\" data-end=\"1285\">La m\u00e9decine \u00e0 vis\u00e9e esth\u00e9tique moderne, notamment \u00e0 Gen\u00e8ve, privil\u00e9gie une approche douce, progressive et naturelle. Le m\u00e9solift y occupe une place centrale, en contribuant \u00e0 pr\u00e9server la jeunesse et la fra\u00eecheur du visage sur le long terme.<\/p>\t\t\t\t\t\t\t\t<\/div>\n\t\t\t\t<\/div>\n\t\t\t\t\t<\/div>\n\t\t\t\t<\/div>\n\t\t<div class=\"elementor-element elementor-element-d7e3e00 e-flex e-con-boxed e-con e-parent\" data-id=\"d7e3e00\" data-element_type=\"container\" data-e-type=\"container\" data-settings=\"{&quot;jet_parallax_layout_list&quot;:[]}\">\n\t\t\t\t\t<div class=\"e-con-inner\">\n\t\t\t\t<div class=\"elementor-element elementor-element-476f2e0 elementor-widget elementor-widget-text-editor\" data-id=\"476f2e0\" data-element_type=\"widget\" data-e-type=\"widget\" data-widget_type=\"text-editor.default\">\n\t\t\t\t<div class=\"elementor-widget-container\">\n\t\t\t\t\t\t\t\t\t<h2>Conclusion : comblement des rides \u00e0 Gen\u00e8ve<\/h2>\t\t\t\t\t\t\t\t<\/div>\n\t\t\t\t<\/div>\n\t\t\t\t<div class=\"elementor-element elementor-element-52bb3f8 elementor-widget-divider--view-line elementor-widget elementor-widget-divider\" data-id=\"52bb3f8\" data-element_type=\"widget\" data-e-type=\"widget\" data-widget_type=\"divider.default\">\n\t\t\t\t<div class=\"elementor-widget-container\">\n\t\t\t\t\t\t\t<div class=\"elementor-divider\">\n\t\t\t<span class=\"elementor-divider-separator\">\n\t\t\t\t\t\t<\/span>\n\t\t<\/div>\n\t\t\t\t\t\t<\/div>\n\t\t\t\t<\/div>\n\t\t\t\t<div class=\"elementor-element elementor-element-c5f161a elementor-widget elementor-widget-text-editor\" data-id=\"c5f161a\" data-element_type=\"widget\" data-e-type=\"widget\" data-widget_type=\"text-editor.default\">\n\t\t\t\t<div class=\"elementor-widget-container\">\n\t\t\t\t\t\t\t\t\t<p>Les premi\u00e8res rides, souvent visibles d\u00e8s la fin de la vingtaine, ne doivent pas \u00eatre consid\u00e9r\u00e9es comme une fatalit\u00e9, mais comme le signe d\u2019un changement physiologique qu\u2019il est possible d\u2019accompagner intelligemment. Gr\u00e2ce aux techniques actuelles de rajeunissement facial non invasif, et en particulier \u00e0 la m\u00e9soth\u00e9rapie du visage et les Skinboosters, il est possible aujourd\u2019hui hydrater, revitaliser et prot\u00e9ger la peau contre les effets du temps.<br \/>Agir t\u00f4t, en pr\u00e9vention, permet de retarder l\u2019installation des rides profondes et de conserver un teint \u00e9clatant et une peau tonique, sans recourir \u00e0 des proc\u00e9dures invasives. Que ce soit \u00e0 titre curatif ou pr\u00e9ventif, le m\u00e9solift s\u2019inscrit pleinement dans une strat\u00e9gie esth\u00e9tique respectueuse de l\u2019harmonie du visage et de l\u2019identit\u00e9 de chaque patient.<\/p>\t\t\t\t\t\t\t\t<\/div>\n\t\t\t\t<\/div>\n\t\t\t\t\t<\/div>\n\t\t\t\t<\/div>\n\t\t<div class=\"elementor-element elementor-element-c46baae e-flex e-con-boxed e-con e-parent\" data-id=\"c46baae\" data-element_type=\"container\" data-e-type=\"container\" data-settings=\"{&quot;jet_parallax_layout_list&quot;:[]}\">\n\t\t\t\t\t<div class=\"e-con-inner\">\n\t\t<div class=\"elementor-element elementor-element-2c2d501 e-con-full e-flex e-con e-child\" data-id=\"2c2d501\" data-element_type=\"container\" data-e-type=\"container\" data-settings=\"{&quot;jet_parallax_layout_list&quot;:[]}\">\n\t\t<div class=\"elementor-element elementor-element-5b21cf6 e-con-full e-flex e-con e-child\" data-id=\"5b21cf6\" data-element_type=\"container\" data-e-type=\"container\" data-settings=\"{&quot;jet_parallax_layout_list&quot;:[]}\">\n\t\t<div class=\"elementor-element elementor-element-88e353f e-con-full e-flex e-con e-child\" data-id=\"88e353f\" data-element_type=\"container\" data-e-type=\"container\" data-settings=\"{&quot;jet_parallax_layout_list&quot;:[]}\">\n\t\t<div class=\"elementor-element elementor-element-5d0bff1 e-con-full e-flex e-con e-child\" data-id=\"5d0bff1\" data-element_type=\"container\" data-e-type=\"container\" data-settings=\"{&quot;jet_parallax_layout_list&quot;:[]}\">\n\t\t\t\t<div class=\"elementor-element elementor-element-a127c4e elementor-widget elementor-widget-image\" data-id=\"a127c4e\" data-element_type=\"widget\" data-e-type=\"widget\" data-widget_type=\"image.default\">\n\t\t\t\t<div class=\"elementor-widget-container\">\n\t\t\t\t\t\t\t\t\t\t\t\t\t\t\t<img decoding=\"async\" width=\"150\" height=\"150\" src=\"https:\/\/drromanovaleria.ch\/wp-content\/uploads\/2024\/07\/photo-docteur-romano-valeria-150x150.webp\" class=\"attachment-thumbnail size-thumbnail wp-image-13266\" alt=\"Photo docteur Valeria Romano \u00e0 Gen\u00e8ve\" \/>\t\t\t\t\t\t\t\t\t\t\t\t\t\t\t<\/div>\n\t\t\t\t<\/div>\n\t\t\t\t<div class=\"elementor-element elementor-element-836e991 elementor-widget elementor-widget-text-editor\" data-id=\"836e991\" data-element_type=\"widget\" data-e-type=\"widget\" data-widget_type=\"text-editor.default\">\n\t\t\t\t<div class=\"elementor-widget-container\">\n\t\t\t\t\t\t\t\t\t<p>Article r\u00e9dig\u00e9 par le <a href=\"https:\/\/drromanovaleria.ch\/\">Dr Romano Valeria<\/a><\/p>\t\t\t\t\t\t\t\t<\/div>\n\t\t\t\t<\/div>\n\t\t\t\t<\/div>\n\t\t<div class=\"elementor-element elementor-element-5ea5166 e-con-full e-flex e-con e-child\" data-id=\"5ea5166\" data-element_type=\"container\" data-e-type=\"container\" data-settings=\"{&quot;jet_parallax_layout_list&quot;:[]}\">\n\t\t\t\t<div class=\"elementor-element elementor-element-98688c8 elementor-widget elementor-widget-text-editor\" data-id=\"98688c8\" data-element_type=\"widget\" data-e-type=\"widget\" data-widget_type=\"text-editor.default\">\n\t\t\t\t<div class=\"elementor-widget-container\">\n\t\t\t\t\t\t\t\t\t<p>PARTAGER CET ARTICLE SUR<\/p>\t\t\t\t\t\t\t\t<\/div>\n\t\t\t\t<\/div>\n\t\t\t\t<div class=\"elementor-element elementor-element-6f717f5 elementor-share-buttons--view-icon-text elementor-share-buttons--skin-gradient elementor-share-buttons--shape-square elementor-grid-0 elementor-share-buttons--color-official elementor-widget elementor-widget-share-buttons\" data-id=\"6f717f5\" data-element_type=\"widget\" data-e-type=\"widget\" data-widget_type=\"share-buttons.default\">\n\t\t\t\t<div class=\"elementor-widget-container\">\n\t\t\t\t\t\t\t<div class=\"elementor-grid\">\n\t\t\t\t\t\t\t\t<div class=\"elementor-grid-item\">\n\t\t\t\t\t\t<div class=\"elementor-share-btn elementor-share-btn_linkedin\" role=\"button\" tabindex=\"0\" aria-label=\"Partager sur linkedin\">\n\t\t\t\t\t\t\t\t\t\t\t\t\t\t\t<span class=\"elementor-share-btn__icon\">\n\t\t\t\t\t\t\t\t<svg aria-hidden=\"true\" class=\"e-font-icon-svg e-fab-linkedin\" viewBox=\"0 0 448 512\" xmlns=\"http:\/\/www.w3.org\/2000\/svg\"><path d=\"M416 32H31.9C14.3 32 0 46.5 0 64.3v383.4C0 465.5 14.3 480 31.9 480H416c17.6 0 32-14.5 32-32.3V64.3c0-17.8-14.4-32.3-32-32.3zM135.4 416H69V202.2h66.5V416zm-33.2-243c-21.3 0-38.5-17.3-38.5-38.5S80.9 96 102.2 96c21.2 0 38.5 17.3 38.5 38.5 0 21.3-17.2 38.5-38.5 38.5zm282.1 243h-66.4V312c0-24.8-.5-56.7-34.5-56.7-34.6 0-39.9 27-39.9 54.9V416h-66.4V202.2h63.7v29.2h.9c8.9-16.8 30.6-34.5 62.9-34.5 67.2 0 79.7 44.3 79.7 101.9V416z\"><\/path><\/svg>\t\t\t\t\t\t\t<\/span>\n\t\t\t\t\t\t\t\t\t\t\t\t\t\t\t\t\t\t\t\t\t\t<div class=\"elementor-share-btn__text\">\n\t\t\t\t\t\t\t\t\t\t\t\t\t\t\t\t\t\t\t<span class=\"elementor-share-btn__title\">\n\t\t\t\t\t\t\t\t\t\tLinkedIn\t\t\t\t\t\t\t\t\t<\/span>\n\t\t\t\t\t\t\t\t\t\t\t\t\t\t\t\t\t<\/div>\n\t\t\t\t\t\t\t\t\t\t\t\t\t<\/div>\n\t\t\t\t\t<\/div>\n\t\t\t\t\t\t<\/div>\n\t\t\t\t\t\t<\/div>\n\t\t\t\t<\/div>\n\t\t\t\t<\/div>\n\t\t\t\t<\/div>\n\t\t\t\t<div class=\"elementor-element elementor-element-3cd71f9 elementor-align-start elementor-mobile-align-start elementor-icon-list--layout-traditional elementor-list-item-link-full_width elementor-widget elementor-widget-icon-list\" data-id=\"3cd71f9\" data-element_type=\"widget\" data-e-type=\"widget\" data-widget_type=\"icon-list.default\">\n\t\t\t\t<div class=\"elementor-widget-container\">\n\t\t\t\t\t\t\t<ul class=\"elementor-icon-list-items\">\n\t\t\t\t\t\t\t<li class=\"elementor-icon-list-item\">\n\t\t\t\t\t\t\t\t\t\t\t<a href=\"mailto:dr.romano.valeria@gmail.com\">\n\n\t\t\t\t\t\t\t\t\t\t\t\t<span class=\"elementor-icon-list-icon\">\n\t\t\t\t\t\t\t<svg aria-hidden=\"true\" class=\"e-font-icon-svg e-fas-envelope\" viewBox=\"0 0 512 512\" xmlns=\"http:\/\/www.w3.org\/2000\/svg\"><path d=\"M502.3 190.8c3.9-3.1 9.7-.2 9.7 4.7V400c0 26.5-21.5 48-48 48H48c-26.5 0-48-21.5-48-48V195.6c0-5 5.7-7.8 9.7-4.7 22.4 17.4 52.1 39.5 154.1 113.6 21.1 15.4 56.7 47.8 92.2 47.6 35.7.3 72-32.8 92.3-47.6 102-74.1 131.6-96.3 154-113.7zM256 320c23.2.4 56.6-29.2 73.4-41.4 132.7-96.3 142.8-104.7 173.4-128.7 5.8-4.5 9.2-11.5 9.2-18.9v-19c0-26.5-21.5-48-48-48H48C21.5 64 0 85.5 0 112v19c0 7.4 3.4 14.3 9.2 18.9 30.6 23.9 40.7 32.4 173.4 128.7 16.8 12.2 50.2 41.8 73.4 41.4z\"><\/path><\/svg>\t\t\t\t\t\t<\/span>\n\t\t\t\t\t\t\t\t\t\t<span class=\"elementor-icon-list-text\">dr.romano.valeria@gmail.com<\/span>\n\t\t\t\t\t\t\t\t\t\t\t<\/a>\n\t\t\t\t\t\t\t\t\t<\/li>\n\t\t\t\t\t\t\t\t<li class=\"elementor-icon-list-item\">\n\t\t\t\t\t\t\t\t\t\t\t<a href=\"tel:+41%2078%20209%2002%2089\">\n\n\t\t\t\t\t\t\t\t\t\t\t\t<span class=\"elementor-icon-list-icon\">\n\t\t\t\t\t\t\t<svg aria-hidden=\"true\" class=\"e-font-icon-svg e-fas-phone-alt\" viewBox=\"0 0 512 512\" xmlns=\"http:\/\/www.w3.org\/2000\/svg\"><path d=\"M497.39 361.8l-112-48a24 24 0 0 0-28 6.9l-49.6 60.6A370.66 370.66 0 0 1 130.6 204.11l60.6-49.6a23.94 23.94 0 0 0 6.9-28l-48-112A24.16 24.16 0 0 0 122.6.61l-104 24A24 24 0 0 0 0 48c0 256.5 207.9 464 464 464a24 24 0 0 0 23.4-18.6l24-104a24.29 24.29 0 0 0-14.01-27.6z\"><\/path><\/svg>\t\t\t\t\t\t<\/span>\n\t\t\t\t\t\t\t\t\t\t<span class=\"elementor-icon-list-text\">+41 78 209 02 89<\/span>\n\t\t\t\t\t\t\t\t\t\t\t<\/a>\n\t\t\t\t\t\t\t\t\t<\/li>\n\t\t\t\t\t\t<\/ul>\n\t\t\t\t\t\t<\/div>\n\t\t\t\t<\/div>\n\t\t\t\t<\/div>\n\t\t\t\t<\/div>\n\t\t\t\t\t<\/div>\n\t\t\t\t<\/div>\n\t\t\t\t<\/div>\n\t\t","protected":false},"featured_media":0,"template":"elementor_header_footer","class_list":["post-25937","infographie","type-infographie","status-publish","hentry"],"yoast_head":"<!-- This site is optimized with the Yoast SEO plugin v27.5 - https:\/\/yoast.com\/product\/yoast-seo-wordpress\/ -->\n<title>\u00c0 quel \u00e2ge les premi\u00e8res rides apparaissent-elles ? - Dr Romano<\/title>\n<meta name=\"description\" content=\"\u00c2ge moyen d\u2019apparition des premi\u00e8res rides : influence de la g\u00e9n\u00e9tique, du mode de vie, de l\u2019exposition solaire et des zones du visage les plus concern\u00e9es en premier\" \/>\n<meta name=\"robots\" content=\"index, follow, max-snippet:-1, max-image-preview:large, max-video-preview:-1\" \/>\n<link rel=\"canonical\" href=\"https:\/\/drromanovaleria.ch\/it\/infografia\/eta-comparsa-rughe\/\" \/>\n<meta property=\"og:locale\" content=\"it_IT\" \/>\n<meta property=\"og:type\" content=\"article\" \/>\n<meta property=\"og:title\" content=\"\u00c0 quel \u00e2ge les premi\u00e8res rides apparaissent-elles ? - Dr Romano\" \/>\n<meta property=\"og:description\" content=\"\u00c2ge moyen d\u2019apparition des premi\u00e8res rides : influence de la g\u00e9n\u00e9tique, du mode de vie, de l\u2019exposition solaire et des zones du visage les plus concern\u00e9es en premier\" \/>\n<meta property=\"og:url\" content=\"https:\/\/drromanovaleria.ch\/it\/infografia\/eta-comparsa-rughe\/\" \/>\n<meta property=\"og:site_name\" content=\"Dr Romano\" \/>\n<meta property=\"article:modified_time\" content=\"2025-11-06T09:52:56+00:00\" \/>\n<meta property=\"og:image\" content=\"https:\/\/drromanovaleria.ch\/wp-content\/uploads\/2024\/05\/hydratation-peau.webp\" \/>\n\t<meta property=\"og:image:width\" content=\"300\" \/>\n\t<meta property=\"og:image:height\" content=\"220\" \/>\n\t<meta property=\"og:image:type\" content=\"image\/webp\" \/>\n<meta name=\"twitter:card\" content=\"summary_large_image\" \/>\n<meta name=\"twitter:label1\" content=\"Tempo di lettura stimato\" \/>\n\t<meta name=\"twitter:data1\" content=\"7 minuti\" \/>\n<script type=\"application\/ld+json\" class=\"yoast-schema-graph\">{\"@context\":\"https:\\\/\\\/schema.org\",\"@graph\":[{\"@type\":\"WebPage\",\"@id\":\"https:\\\/\\\/drromanovaleria.ch\\\/infographie\\\/age-apparition-rides\\\/\",\"url\":\"https:\\\/\\\/drromanovaleria.ch\\\/infographie\\\/age-apparition-rides\\\/\",\"name\":\"\u00c0 quel \u00e2ge les premi\u00e8res rides apparaissent-elles ? - Dr Romano\",\"isPartOf\":{\"@id\":\"https:\\\/\\\/drromanovaleria.ch\\\/#website\"},\"primaryImageOfPage\":{\"@id\":\"https:\\\/\\\/drromanovaleria.ch\\\/infographie\\\/age-apparition-rides\\\/#primaryimage\"},\"image\":{\"@id\":\"https:\\\/\\\/drromanovaleria.ch\\\/infographie\\\/age-apparition-rides\\\/#primaryimage\"},\"thumbnailUrl\":\"https:\\\/\\\/drromanovaleria.ch\\\/wp-content\\\/uploads\\\/2024\\\/05\\\/hydratation-peau.webp\",\"datePublished\":\"2025-05-08T10:26:52+00:00\",\"dateModified\":\"2025-11-06T09:52:56+00:00\",\"description\":\"\u00c2ge moyen d\u2019apparition des premi\u00e8res rides : influence de la g\u00e9n\u00e9tique, du mode de vie, de l\u2019exposition solaire et des zones du visage les plus concern\u00e9es en premier\",\"breadcrumb\":{\"@id\":\"https:\\\/\\\/drromanovaleria.ch\\\/infographie\\\/age-apparition-rides\\\/#breadcrumb\"},\"inLanguage\":\"it-IT\",\"potentialAction\":[{\"@type\":\"ReadAction\",\"target\":[\"https:\\\/\\\/drromanovaleria.ch\\\/infographie\\\/age-apparition-rides\\\/\"]}]},{\"@type\":\"ImageObject\",\"inLanguage\":\"it-IT\",\"@id\":\"https:\\\/\\\/drromanovaleria.ch\\\/infographie\\\/age-apparition-rides\\\/#primaryimage\",\"url\":\"https:\\\/\\\/drromanovaleria.ch\\\/wp-content\\\/uploads\\\/2024\\\/05\\\/hydratation-peau.webp\",\"contentUrl\":\"https:\\\/\\\/drromanovaleria.ch\\\/wp-content\\\/uploads\\\/2024\\\/05\\\/hydratation-peau.webp\"},{\"@type\":\"BreadcrumbList\",\"@id\":\"https:\\\/\\\/drromanovaleria.ch\\\/infographie\\\/age-apparition-rides\\\/#breadcrumb\",\"itemListElement\":[{\"@type\":\"ListItem\",\"position\":1,\"name\":\"Accueil\",\"item\":\"https:\\\/\\\/drromanovaleria.ch\\\/\"},{\"@type\":\"ListItem\",\"position\":2,\"name\":\"Infographie\",\"item\":\"https:\\\/\\\/drromanovaleria.ch\\\/infographie\\\/\"},{\"@type\":\"ListItem\",\"position\":3,\"name\":\"\u00c0 quel \u00e2ge les premi\u00e8res rides apparaissent-elles ?\"}]},{\"@type\":\"WebSite\",\"@id\":\"https:\\\/\\\/drromanovaleria.ch\\\/#website\",\"url\":\"https:\\\/\\\/drromanovaleria.ch\\\/\",\"name\":\"Dr Romano\",\"description\":\"M\u00e9decine morphologique et anti-\u00e2ge\",\"potentialAction\":[{\"@type\":\"SearchAction\",\"target\":{\"@type\":\"EntryPoint\",\"urlTemplate\":\"https:\\\/\\\/drromanovaleria.ch\\\/?s={search_term_string}\"},\"query-input\":{\"@type\":\"PropertyValueSpecification\",\"valueRequired\":true,\"valueName\":\"search_term_string\"}}],\"inLanguage\":\"it-IT\"}]}<\/script>\n<!-- \/ Yoast SEO plugin. -->","yoast_head_json":{"title":"A che et\u00e0 compaiono le prime rughe ? - Dr Romano","description":"Et\u00e0 media di comparsa delle prime rughe : influenza della genetica, dello stile di vita, dell\u2019esposizione solare e delle zone del viso pi\u00f9 interessate per prime","robots":{"index":"index","follow":"follow","max-snippet":"max-snippet:-1","max-image-preview":"max-image-preview:large","max-video-preview":"max-video-preview:-1"},"canonical":"https:\/\/drromanovaleria.ch\/it\/infografia\/eta-comparsa-rughe\/","og_locale":"it_IT","og_type":"article","og_title":"\u00c0 quel \u00e2ge les premi\u00e8res rides apparaissent-elles ? - Dr Romano","og_description":"\u00c2ge moyen d\u2019apparition des premi\u00e8res rides : influence de la g\u00e9n\u00e9tique, du mode de vie, de l\u2019exposition solaire et des zones du visage les plus concern\u00e9es en premier","og_url":"https:\/\/drromanovaleria.ch\/it\/infografia\/eta-comparsa-rughe\/","og_site_name":"Dr Romano","article_modified_time":"2025-11-06T09:52:56+00:00","og_image":[{"width":300,"height":220,"url":"https:\/\/drromanovaleria.ch\/wp-content\/uploads\/2024\/05\/hydratation-peau.webp","type":"image\/webp"}],"twitter_card":"summary_large_image","twitter_misc":{"Tempo di lettura stimato":"7 minuti"},"schema":{"@context":"https:\/\/schema.org","@graph":[{"@type":"WebPage","@id":"https:\/\/drromanovaleria.ch\/infographie\/age-apparition-rides\/","url":"https:\/\/drromanovaleria.ch\/infographie\/age-apparition-rides\/","name":"A che et\u00e0 compaiono le prime rughe ? - Dr Romano","isPartOf":{"@id":"https:\/\/drromanovaleria.ch\/#website"},"primaryImageOfPage":{"@id":"https:\/\/drromanovaleria.ch\/infographie\/age-apparition-rides\/#primaryimage"},"image":{"@id":"https:\/\/drromanovaleria.ch\/infographie\/age-apparition-rides\/#primaryimage"},"thumbnailUrl":"https:\/\/drromanovaleria.ch\/wp-content\/uploads\/2024\/05\/hydratation-peau.webp","datePublished":"2025-05-08T10:26:52+00:00","dateModified":"2025-11-06T09:52:56+00:00","description":"Et\u00e0 media di comparsa delle prime rughe : influenza della genetica, dello stile di vita, dell\u2019esposizione solare e delle zone del viso pi\u00f9 interessate per prime","breadcrumb":{"@id":"https:\/\/drromanovaleria.ch\/infographie\/age-apparition-rides\/#breadcrumb"},"inLanguage":"it-IT","potentialAction":[{"@type":"ReadAction","target":["https:\/\/drromanovaleria.ch\/infographie\/age-apparition-rides\/"]}]},{"@type":"ImageObject","inLanguage":"it-IT","@id":"https:\/\/drromanovaleria.ch\/infographie\/age-apparition-rides\/#primaryimage","url":"https:\/\/drromanovaleria.ch\/wp-content\/uploads\/2024\/05\/hydratation-peau.webp","contentUrl":"https:\/\/drromanovaleria.ch\/wp-content\/uploads\/2024\/05\/hydratation-peau.webp"},{"@type":"BreadcrumbList","@id":"https:\/\/drromanovaleria.ch\/infographie\/age-apparition-rides\/#breadcrumb","itemListElement":[{"@type":"ListItem","position":1,"name":"Accueil","item":"https:\/\/drromanovaleria.ch\/"},{"@type":"ListItem","position":2,"name":"Infographie","item":"https:\/\/drromanovaleria.ch\/infographie\/"},{"@type":"ListItem","position":3,"name":"\u00c0 quel \u00e2ge les premi\u00e8res rides apparaissent-elles ?"}]},{"@type":"WebSite","@id":"https:\/\/drromanovaleria.ch\/#website","url":"https:\/\/drromanovaleria.ch\/","name":"Dott. Romano","description":"Medicina morfologica e anti-invecchiamento","potentialAction":[{"@type":"SearchAction","target":{"@type":"EntryPoint","urlTemplate":"https:\/\/drromanovaleria.ch\/?s={search_term_string}"},"query-input":{"@type":"PropertyValueSpecification","valueRequired":true,"valueName":"search_term_string"}}],"inLanguage":"it-IT"}]}},"_links":{"self":[{"href":"https:\/\/drromanovaleria.ch\/it\/wp-json\/wp\/v2\/infographie\/25937","targetHints":{"allow":["GET"]}}],"collection":[{"href":"https:\/\/drromanovaleria.ch\/it\/wp-json\/wp\/v2\/infographie"}],"about":[{"href":"https:\/\/drromanovaleria.ch\/it\/wp-json\/wp\/v2\/types\/infographie"}],"version-history":[{"count":5,"href":"https:\/\/drromanovaleria.ch\/it\/wp-json\/wp\/v2\/infographie\/25937\/revisions"}],"predecessor-version":[{"id":43161,"href":"https:\/\/drromanovaleria.ch\/it\/wp-json\/wp\/v2\/infographie\/25937\/revisions\/43161"}],"wp:attachment":[{"href":"https:\/\/drromanovaleria.ch\/it\/wp-json\/wp\/v2\/media?parent=25937"}],"curies":[{"name":"wp","href":"https:\/\/api.w.org\/{rel}","templated":true}]}}