{"id":64876,"date":"2026-04-29T14:31:23","date_gmt":"2026-04-29T12:31:23","guid":{"rendered":"https:\/\/drromanovaleria.ch\/?page_id=64876"},"modified":"2026-04-29T17:26:29","modified_gmt":"2026-04-29T15:26:29","slug":"cernes-homme","status":"publish","type":"page","link":"https:\/\/drromanovaleria.ch\/en\/esthetique-hommes\/cernes-homme\/","title":{"rendered":"Men's dark circles"},"content":{"rendered":"\t\t<div data-elementor-type=\"wp-page\" data-elementor-id=\"64876\" class=\"elementor elementor-64876\" data-elementor-post-type=\"page\">\n\t\t\t\t<div class=\"elementor-element elementor-element-04929fe e-flex e-con-boxed e-con e-parent\" data-id=\"04929fe\" data-element_type=\"container\" data-e-type=\"container\" data-settings=\"{&quot;background_background&quot;:&quot;classic&quot;,&quot;jet_parallax_layout_list&quot;:[]}\">\n\t\t\t\t\t<div class=\"e-con-inner\">\n\t\t<div class=\"elementor-element elementor-element-136fe9d e-con-full e-flex e-con e-child\" data-id=\"136fe9d\" data-element_type=\"container\" data-e-type=\"container\" data-settings=\"{&quot;background_background&quot;:&quot;classic&quot;,&quot;jet_parallax_layout_list&quot;:[]}\">\n\t\t\t\t<div class=\"elementor-element elementor-element-c081806 elementor-widget__width-initial elementor-widget elementor-widget-heading\" data-id=\"c081806\" data-element_type=\"widget\" data-e-type=\"widget\" data-widget_type=\"heading.default\">\n\t\t\t\t<div class=\"elementor-widget-container\">\n\t\t\t\t\t<h1 class=\"elementor-heading-title elementor-size-default\">ACIDE HYALURONIQUE CERNES HOMME<\/h1>\t\t\t\t<\/div>\n\t\t\t\t<\/div>\n\t\t\t\t<div class=\"elementor-element elementor-element-4f3e55b elementor-align-center elementor-widget elementor-widget-breadcrumbs\" data-id=\"4f3e55b\" data-element_type=\"widget\" data-e-type=\"widget\" data-widget_type=\"breadcrumbs.default\">\n\t\t\t\t<div class=\"elementor-widget-container\">\n\t\t\t\t\t<p id=\"breadcrumbs\"><span><span><a href=\"https:\/\/drromanovaleria.ch\/\">Accueil<\/a><\/span><\/span><\/p>\t\t\t\t<\/div>\n\t\t\t\t<\/div>\n\t\t\t\t<\/div>\n\t\t\t\t\t<\/div>\n\t\t\t\t<\/div>\n\t\t<div class=\"elementor-element elementor-element-c51a0ff e-flex e-con-boxed e-con e-parent\" data-id=\"c51a0ff\" data-element_type=\"container\" data-e-type=\"container\" data-settings=\"{&quot;jet_parallax_layout_list&quot;:[]}\">\n\t\t\t\t\t<div class=\"e-con-inner\">\n\t\t<div class=\"elementor-element elementor-element-81d67a6 e-flex e-con-boxed e-con e-child\" data-id=\"81d67a6\" data-element_type=\"container\" data-e-type=\"container\" data-settings=\"{&quot;jet_parallax_layout_list&quot;:[]}\">\n\t\t\t\t\t<div class=\"e-con-inner\">\n\t\t<div class=\"elementor-element elementor-element-ef6731a e-con-full e-flex e-con e-child\" data-id=\"ef6731a\" data-element_type=\"container\" data-e-type=\"container\" data-settings=\"{&quot;background_background&quot;:&quot;classic&quot;,&quot;jet_parallax_layout_list&quot;:[]}\">\n\t\t\t\t<div class=\"elementor-element elementor-element-c55eab9 elementor-widget elementor-widget-text-editor\" data-id=\"c55eab9\" data-element_type=\"widget\" data-e-type=\"widget\" data-widget_type=\"text-editor.default\">\n\t\t\t\t<div class=\"elementor-widget-container\">\n\t\t\t\t\t\t\t\t\t<p>Si les cernes sont souvent associ\u00e9s \u00e0 la fatigue ou au stress, ils constituent \u00e9galement une pr\u00e9occupation esth\u00e9tique fr\u00e9quente chez les hommes. Le regard masculin, lorsqu\u2019il est marqu\u00e9 par des cernes creux ou pigmentaires, donne souvent une impression de fatigue permanente, voire de vieillissement pr\u00e9matur\u00e9. Face \u00e0 cette probl\u00e9matique, de plus en plus d\u2019hommes, soucieux de leur image professionnelle et personnelle, se tournent vers des traitements de rajeunissement du visage non invasifs.<br \/>Mais quelles sont les options r\u00e9ellement efficaces et adapt\u00e9es \u00e0 la sp\u00e9cificit\u00e9 du visage masculin ? D\u00e9cryptage des meilleures solutions esth\u00e9tiques pour retrouver un regard frais et dynamique.<\/p>\t\t\t\t\t\t\t\t<\/div>\n\t\t\t\t<\/div>\n\t\t\t\t<\/div>\n\t\t\t\t\t<\/div>\n\t\t\t\t<\/div>\n\t\t<div class=\"elementor-element elementor-element-b1c4d63 e-flex e-con-boxed e-con e-child\" data-id=\"b1c4d63\" data-element_type=\"container\" data-e-type=\"container\" data-settings=\"{&quot;jet_parallax_layout_list&quot;:[]}\">\n\t\t\t\t\t<div class=\"e-con-inner\">\n\t\t\t\t<div class=\"elementor-element elementor-element-1893826 elementor-widget elementor-widget-image\" data-id=\"1893826\" data-element_type=\"widget\" data-e-type=\"widget\" data-widget_type=\"image.default\">\n\t\t\t\t<div class=\"elementor-widget-container\">\n\t\t\t\t\t\t\t\t\t\t\t\t\t\t\t<img fetchpriority=\"high\" decoding=\"async\" width=\"300\" height=\"277\" src=\"https:\/\/drromanovaleria.ch\/wp-content\/uploads\/2024\/05\/mandibula-de-diamante-homme.webp\" class=\"attachment-medium size-medium wp-image-4719\" alt=\"photo visage homme masculin\" srcset=\"https:\/\/drromanovaleria.ch\/wp-content\/uploads\/2024\/05\/mandibula-de-diamante-homme.webp 300w, https:\/\/drromanovaleria.ch\/wp-content\/uploads\/2024\/05\/mandibula-de-diamante-homme-13x12.webp 13w\" sizes=\"(max-width: 300px) 100vw, 300px\" \/>\t\t\t\t\t\t\t\t\t\t\t\t\t\t\t<\/div>\n\t\t\t\t<\/div>\n\t\t\t\t<div class=\"elementor-element elementor-element-e48aeaa elementor-align-center elementor-widget elementor-widget-button\" data-id=\"e48aeaa\" data-element_type=\"widget\" data-e-type=\"widget\" data-widget_type=\"button.default\">\n\t\t\t\t<div class=\"elementor-widget-container\">\n\t\t\t\t\t\t\t\t\t<div class=\"elementor-button-wrapper\">\n\t\t\t\t\t<a class=\"elementor-button elementor-button-link elementor-size-sm\" href=\"https:\/\/drromanovaleria.ch\/contactez-le-dr-romano\/\">\n\t\t\t\t\t\t<span class=\"elementor-button-content-wrapper\">\n\t\t\t\t\t\t\t\t\t<span class=\"elementor-button-text\">Prendre rendez-vous<\/span>\n\t\t\t\t\t<\/span>\n\t\t\t\t\t<\/a>\n\t\t\t\t<\/div>\n\t\t\t\t\t\t\t\t<\/div>\n\t\t\t\t<\/div>\n\t\t\t\t\t<\/div>\n\t\t\t\t<\/div>\n\t\t\t\t\t<\/div>\n\t\t\t\t<\/div>\n\t\t<div class=\"elementor-element elementor-element-9632dbb e-flex e-con-boxed e-con e-parent\" data-id=\"9632dbb\" data-element_type=\"container\" data-e-type=\"container\" data-settings=\"{&quot;jet_parallax_layout_list&quot;:[]}\">\n\t\t\t\t\t<div class=\"e-con-inner\">\n\t\t\t\t<div class=\"elementor-element elementor-element-995b2ea elementor-toc--content-ellipsis elementor-toc--minimized-on-desktop elementor-widget elementor-widget-table-of-contents\" data-id=\"995b2ea\" data-element_type=\"widget\" data-e-type=\"widget\" data-settings=\"{&quot;exclude_headings_by_selector&quot;:[],&quot;minimized_on&quot;:&quot;desktop&quot;,&quot;no_headings_message&quot;:&quot;Aucun titre n\\u2019a \\u00e9t\\u00e9 trouv\\u00e9 sur cette page.&quot;,&quot;headings_by_tags&quot;:[&quot;h2&quot;,&quot;h3&quot;,&quot;h4&quot;,&quot;h5&quot;,&quot;h6&quot;],&quot;marker_view&quot;:&quot;numbers&quot;,&quot;minimize_box&quot;:&quot;yes&quot;,&quot;hierarchical_view&quot;:&quot;yes&quot;,&quot;min_height&quot;:{&quot;unit&quot;:&quot;px&quot;,&quot;size&quot;:&quot;&quot;,&quot;sizes&quot;:[]},&quot;min_height_tablet&quot;:{&quot;unit&quot;:&quot;px&quot;,&quot;size&quot;:&quot;&quot;,&quot;sizes&quot;:[]},&quot;min_height_mobile&quot;:{&quot;unit&quot;:&quot;px&quot;,&quot;size&quot;:&quot;&quot;,&quot;sizes&quot;:[]}}\" data-widget_type=\"table-of-contents.default\">\n\t\t\t\t<div class=\"elementor-widget-container\">\n\t\t\t\t\t\t\t\t\t<div class=\"elementor-toc__header\">\n\t\t\t\t\t\t<h2 class=\"elementor-toc__header-title\">\n\t\t\t\tSommaire\t\t\t<\/h2>\n\t\t\t\t\t\t\t\t\t\t<div class=\"elementor-toc__toggle-button elementor-toc__toggle-button--expand\" role=\"button\" tabindex=\"0\" aria-controls=\"elementor-toc__995b2ea\" aria-expanded=\"true\" aria-label=\"Ouvrir la table des mati\u00e8res\"><svg aria-hidden=\"true\" class=\"e-font-icon-svg e-fas-chevron-down\" viewBox=\"0 0 448 512\" xmlns=\"http:\/\/www.w3.org\/2000\/svg\"><path d=\"M207.029 381.476L12.686 187.132c-9.373-9.373-9.373-24.569 0-33.941l22.667-22.667c9.357-9.357 24.522-9.375 33.901-.04L224 284.505l154.745-154.021c9.379-9.335 24.544-9.317 33.901.04l22.667 22.667c9.373 9.373 9.373 24.569 0 33.941L240.971 381.476c-9.373 9.372-24.569 9.372-33.942 0z\"><\/path><\/svg><\/div>\n\t\t\t\t<div class=\"elementor-toc__toggle-button elementor-toc__toggle-button--collapse\" role=\"button\" tabindex=\"0\" aria-controls=\"elementor-toc__995b2ea\" aria-expanded=\"true\" aria-label=\"Fermer la table des mati\u00e8res\"><svg aria-hidden=\"true\" class=\"e-font-icon-svg e-fas-chevron-up\" viewBox=\"0 0 448 512\" xmlns=\"http:\/\/www.w3.org\/2000\/svg\"><path d=\"M240.971 130.524l194.343 194.343c9.373 9.373 9.373 24.569 0 33.941l-22.667 22.667c-9.357 9.357-24.522 9.375-33.901.04L224 227.495 69.255 381.516c-9.379 9.335-24.544 9.317-33.901-.04l-22.667-22.667c-9.373-9.373-9.373-24.569 0-33.941L207.03 130.525c9.372-9.373 24.568-9.373 33.941-.001z\"><\/path><\/svg><\/div>\n\t\t\t\t\t<\/div>\n\t\t\t\t<div id=\"elementor-toc__995b2ea\" class=\"elementor-toc__body\">\n\t\t\t<div class=\"elementor-toc__spinner-container\">\n\t\t\t\t<svg class=\"elementor-toc__spinner eicon-animation-spin e-font-icon-svg e-eicon-loading\" aria-hidden=\"true\" viewBox=\"0 0 1000 1000\" xmlns=\"http:\/\/www.w3.org\/2000\/svg\"><path d=\"M500 975V858C696 858 858 696 858 500S696 142 500 142 142 304 142 500H25C25 237 238 25 500 25S975 237 975 500 763 975 500 975Z\"><\/path><\/svg>\t\t\t<\/div>\n\t\t<\/div>\n\t\t\t\t\t\t<\/div>\n\t\t\t\t<\/div>\n\t\t\t\t\t<\/div>\n\t\t\t\t<\/div>\n\t\t<div class=\"elementor-element elementor-element-ae6ea00 e-flex e-con-boxed e-con e-parent\" data-id=\"ae6ea00\" data-element_type=\"container\" data-e-type=\"container\" data-settings=\"{&quot;jet_parallax_layout_list&quot;:[]}\">\n\t\t\t\t\t<div class=\"e-con-inner\">\n\t\t\t\t<div class=\"elementor-element elementor-element-52a89aa elementor-widget elementor-widget-heading\" data-id=\"52a89aa\" data-element_type=\"widget\" data-e-type=\"widget\" data-widget_type=\"heading.default\">\n\t\t\t\t<div class=\"elementor-widget-container\">\n\t\t\t\t\t<h2 class=\"elementor-heading-title elementor-size-default\">Pourquoi les cernes sont-ils si marqu\u00e9s chez les hommes ?<\/h2>\t\t\t\t<\/div>\n\t\t\t\t<\/div>\n\t\t\t\t<div class=\"elementor-element elementor-element-f3dc4e9 elementor-widget-divider--view-line elementor-widget elementor-widget-divider\" data-id=\"f3dc4e9\" data-element_type=\"widget\" data-e-type=\"widget\" data-widget_type=\"divider.default\">\n\t\t\t\t<div class=\"elementor-widget-container\">\n\t\t\t\t\t\t\t<div class=\"elementor-divider\">\n\t\t\t<span class=\"elementor-divider-separator\">\n\t\t\t\t\t\t<\/span>\n\t\t<\/div>\n\t\t\t\t\t\t<\/div>\n\t\t\t\t<\/div>\n\t\t\t\t<div class=\"elementor-element elementor-element-7ea176b elementor-widget elementor-widget-text-editor\" data-id=\"7ea176b\" data-element_type=\"widget\" data-e-type=\"widget\" data-widget_type=\"text-editor.default\">\n\t\t\t\t<div class=\"elementor-widget-container\">\n\t\t\t\t\t\t\t\t\t<p>Plusieurs facteurs expliquent la fr\u00e9quence et la visibilit\u00e9 des <a href=\"https:\/\/drromanovaleria.ch\/besoins\/regard\/cernes\/\">cernes<\/a> chez les hommes.<\/p><ul><li>Une peau naturellement plus \u00e9paisse mais moins hydrat\u00e9e : bien que la peau des hommes soit plus \u00e9paisse, elle est souvent n\u00e9glig\u00e9e en mati\u00e8re de soins, ce qui explique le vieillissement pr\u00e9matur\u00e9 de la zone orbitaire.<\/li><li>Une pr\u00e9disposition g\u00e9n\u00e9tique : les cernes creux ou pigmentaires sont fr\u00e9quemment h\u00e9r\u00e9ditaires et apparaissent d\u00e8s le plus jeune \u00e2ge.<\/li><li>Le stress et l\u2019hygi\u00e8ne de vie : un rythme de vie intense, le manque de sommeil, la consommation de tabac et d\u2019alcool accentuent l\u2019aspect fatigu\u00e9 du regard.<\/li><li>La fonte de la graisse sous-orbitaires li\u00e9e \u00e0 l\u2019\u00e2ge : apr\u00e8s 35 ans, la perte de la graisse sous-cutan\u00e9e accentue le creusement des cernes, donnant au regard un aspect fatigu\u00e9 et vieilli.<\/li><\/ul>\t\t\t\t\t\t\t\t<\/div>\n\t\t\t\t<\/div>\n\t\t\t\t\t<\/div>\n\t\t\t\t<\/div>\n\t\t<div class=\"elementor-element elementor-element-03105fb e-flex e-con-boxed e-con e-parent\" data-id=\"03105fb\" data-element_type=\"container\" data-e-type=\"container\" data-settings=\"{&quot;jet_parallax_layout_list&quot;:[]}\">\n\t\t\t\t\t<div class=\"e-con-inner\">\n\t\t<div class=\"elementor-element elementor-element-b1ead75 e-con-full e-flex e-con e-child\" data-id=\"b1ead75\" data-element_type=\"container\" data-e-type=\"container\" data-settings=\"{&quot;jet_parallax_layout_list&quot;:[]}\">\n\t\t\t\t<div class=\"elementor-element elementor-element-359b22e elementor-widget elementor-widget-image\" data-id=\"359b22e\" data-element_type=\"widget\" data-e-type=\"widget\" data-widget_type=\"image.default\">\n\t\t\t\t<div class=\"elementor-widget-container\">\n\t\t\t\t\t\t\t\t\t\t\t\t\t\t\t<img decoding=\"async\" width=\"768\" height=\"512\" src=\"https:\/\/drromanovaleria.ch\/wp-content\/uploads\/2024\/06\/injections-homme-768x512.webp\" class=\"attachment-medium_large size-medium_large wp-image-7244\" alt=\"photo injections visage homme Gen\u00e8ve\" srcset=\"https:\/\/drromanovaleria.ch\/wp-content\/uploads\/2024\/06\/injections-homme-768x512.webp 768w, https:\/\/drromanovaleria.ch\/wp-content\/uploads\/2024\/06\/injections-homme-300x200.webp 300w, https:\/\/drromanovaleria.ch\/wp-content\/uploads\/2024\/06\/injections-homme-1024x683.webp 1024w, https:\/\/drromanovaleria.ch\/wp-content\/uploads\/2024\/06\/injections-homme-1536x1024.webp 1536w, https:\/\/drromanovaleria.ch\/wp-content\/uploads\/2024\/06\/injections-homme-2048x1365.webp 2048w, https:\/\/drromanovaleria.ch\/wp-content\/uploads\/2024\/06\/injections-homme-18x12.webp 18w\" sizes=\"(max-width: 768px) 100vw, 768px\" \/>\t\t\t\t\t\t\t\t\t\t\t\t\t\t\t<\/div>\n\t\t\t\t<\/div>\n\t\t\t\t<\/div>\n\t\t<div class=\"elementor-element elementor-element-812badf e-con-full e-flex e-con e-child\" data-id=\"812badf\" data-element_type=\"container\" data-e-type=\"container\" data-settings=\"{&quot;jet_parallax_layout_list&quot;:[]}\">\n\t\t\t\t<div class=\"elementor-element elementor-element-b121673 elementor-widget elementor-widget-heading\" data-id=\"b121673\" data-element_type=\"widget\" data-e-type=\"widget\" data-widget_type=\"heading.default\">\n\t\t\t\t<div class=\"elementor-widget-container\">\n\t\t\t\t\t<h2 class=\"elementor-heading-title elementor-size-default\">Solutions pour les cernes chez les hommes<\/h2>\t\t\t\t<\/div>\n\t\t\t\t<\/div>\n\t\t\t\t<div class=\"elementor-element elementor-element-fda6f9a elementor-widget-divider--view-line elementor-widget elementor-widget-divider\" data-id=\"fda6f9a\" data-element_type=\"widget\" data-e-type=\"widget\" data-widget_type=\"divider.default\">\n\t\t\t\t<div class=\"elementor-widget-container\">\n\t\t\t\t\t\t\t<div class=\"elementor-divider\">\n\t\t\t<span class=\"elementor-divider-separator\">\n\t\t\t\t\t\t<\/span>\n\t\t<\/div>\n\t\t\t\t\t\t<\/div>\n\t\t\t\t<\/div>\n\t\t\t\t<div class=\"elementor-element elementor-element-71b8efc elementor-widget elementor-widget-text-editor\" data-id=\"71b8efc\" data-element_type=\"widget\" data-e-type=\"widget\" data-widget_type=\"text-editor.default\">\n\t\t\t\t<div class=\"elementor-widget-container\">\n\t\t\t\t\t\t\t\t\t<div class=\"et_pb_row et_pb_row_4 et_pb_gutters2\"><div class=\"et_pb_column et_pb_column_1_2 et_pb_column_7 et_pb_css_mix_blend_mode_passthrough et-last-child\"><div class=\"et_pb_module et_pb_text et_pb_text_7 et_pb_text_align_left et_pb_bg_layout_light\"><div class=\"et_pb_text_inner\"><div class=\"et_pb_column et_pb_column_1_2 et_pb_column_13 et_pb_css_mix_blend_mode_passthrough\"><div class=\"et_pb_module et_pb_text et_pb_text_15 et_pb_text_align_left et_pb_bg_layout_light\"><div class=\"et_pb_text_inner\"><p>Les traitements non invasifs de rajeunissement du regard chez l\u2019homme, tels que les injections d\u2019acide hyaluronique ou la m\u00e9soth\u00e9rapie, permettent de corriger efficacement les cernes. Un regard repos\u00e9 et visiblement rajeuni contribue directement \u00e0 renforcer l\u2019assurance et le charisme masculin.<br \/>Dans un contexte o\u00f9 l\u2019apparence occupe une place croissante, en particulier dans les environnements \u00e0 haute responsabilit\u00e9, un regard marqu\u00e9 par des cernes creux ou pigmentaires est fr\u00e9quemment per\u00e7u comme le reflet d\u2019une fatigue chronique, d\u2019un stress important ou d\u2019une diminution du dynamisme.<\/p><\/div><\/div><\/div><\/div><\/div><\/div><\/div>\t\t\t\t\t\t\t\t<\/div>\n\t\t\t\t<\/div>\n\t\t\t\t<\/div>\n\t\t\t\t\t<\/div>\n\t\t\t\t<\/div>\n\t\t<div class=\"elementor-element elementor-element-ef4d98a e-flex e-con-boxed e-con e-parent\" data-id=\"ef4d98a\" data-element_type=\"container\" data-e-type=\"container\" data-settings=\"{&quot;jet_parallax_layout_list&quot;:[]}\">\n\t\t\t\t\t<div class=\"e-con-inner\">\n\t\t<div class=\"elementor-element elementor-element-35b108a e-flex e-con-boxed e-con e-child\" data-id=\"35b108a\" data-element_type=\"container\" data-e-type=\"container\" data-settings=\"{&quot;jet_parallax_layout_list&quot;:[]}\">\n\t\t\t\t\t<div class=\"e-con-inner\">\n\t\t<div class=\"elementor-element elementor-element-1dabd45 e-flex e-con-boxed e-con e-child\" data-id=\"1dabd45\" data-element_type=\"container\" data-e-type=\"container\" data-settings=\"{&quot;jet_parallax_layout_list&quot;:[]}\">\n\t\t\t\t\t<div class=\"e-con-inner\">\n\t\t\t\t<div class=\"elementor-element elementor-element-7248751 elementor-widget elementor-widget-heading\" data-id=\"7248751\" data-element_type=\"widget\" data-e-type=\"widget\" data-widget_type=\"heading.default\">\n\t\t\t\t<div class=\"elementor-widget-container\">\n\t\t\t\t\t<h3 class=\"elementor-heading-title elementor-size-default\">Injections d\u2019acide hyaluronique pour les cernes creux\u00a0<\/h3>\t\t\t\t<\/div>\n\t\t\t\t<\/div>\n\t\t\t\t<div class=\"elementor-element elementor-element-be2b40f elementor-widget-divider--view-line elementor-widget elementor-widget-divider\" data-id=\"be2b40f\" data-element_type=\"widget\" data-e-type=\"widget\" data-widget_type=\"divider.default\">\n\t\t\t\t<div class=\"elementor-widget-container\">\n\t\t\t\t\t\t\t<div class=\"elementor-divider\">\n\t\t\t<span class=\"elementor-divider-separator\">\n\t\t\t\t\t\t<\/span>\n\t\t<\/div>\n\t\t\t\t\t\t<\/div>\n\t\t\t\t<\/div>\n\t\t\t\t<div class=\"elementor-element elementor-element-2100e16 elementor-widget elementor-widget-text-editor\" data-id=\"2100e16\" data-element_type=\"widget\" data-e-type=\"widget\" data-widget_type=\"text-editor.default\">\n\t\t\t\t<div class=\"elementor-widget-container\">\n\t\t\t\t\t\t\t\t\t<p>Les cernes creux sont particuli\u00e8rement fr\u00e9quents chez l\u2019homme. L\u2019injection d\u2019<a href=\"https:\/\/drromanovaleria.ch\/solutions\/injections\/acide-hayluronique\/\">acide hyaluronique<\/a> permet de corriger avec finesse le creusement sous-orbitaire et de restaurer les volumes perdus, sans alourdir le regard ni modifier l\u2019expression du visage.<br \/>La s\u00e9ance dure g\u00e9n\u00e9ralement entre vingt et trente minutes. Le r\u00e9sultat est visible imm\u00e9diatement, puis s\u2019am\u00e9liore progressivement dans les jours suivants, \u00e0 mesure que le produit s\u2019int\u00e8gre harmonieusement aux tissus. Selon le m\u00e9tabolisme du patient et son hygi\u00e8ne de vie, les effets se maintiennent en moyenne entre dix et douze mois.<br \/>L\u2019utilisation d\u2019un acide hyaluronique faiblement hydrophile, sp\u00e9cifiquement adapt\u00e9 \u00e0 cette zone d\u00e9licate, est essentielle pour limiter le risque d\u2019\u0153d\u00e8me et assurer une int\u00e9gration optimale dans les tissus masculins, habituellement plus \u00e9pais et plus denses.<\/p>\t\t\t\t\t\t\t\t<\/div>\n\t\t\t\t<\/div>\n\t\t\t\t\t<\/div>\n\t\t\t\t<\/div>\n\t\t<div class=\"elementor-element elementor-element-f571cee e-flex e-con-boxed e-con e-child\" data-id=\"f571cee\" data-element_type=\"container\" data-e-type=\"container\" data-settings=\"{&quot;jet_parallax_layout_list&quot;:[]}\">\n\t\t\t\t\t<div class=\"e-con-inner\">\n\t\t\t\t<div class=\"elementor-element elementor-element-815bb75 elementor-widget elementor-widget-heading\" data-id=\"815bb75\" data-element_type=\"widget\" data-e-type=\"widget\" data-widget_type=\"heading.default\">\n\t\t\t\t<div class=\"elementor-widget-container\">\n\t\t\t\t\t<h3 class=\"elementor-heading-title elementor-size-default\">M\u00e9soth\u00e9rapie : hydrater le contour des yeux<\/h3>\t\t\t\t<\/div>\n\t\t\t\t<\/div>\n\t\t\t\t<div class=\"elementor-element elementor-element-1ed2a4d elementor-widget-divider--view-line elementor-widget elementor-widget-divider\" data-id=\"1ed2a4d\" data-element_type=\"widget\" data-e-type=\"widget\" data-widget_type=\"divider.default\">\n\t\t\t\t<div class=\"elementor-widget-container\">\n\t\t\t\t\t\t\t<div class=\"elementor-divider\">\n\t\t\t<span class=\"elementor-divider-separator\">\n\t\t\t\t\t\t<\/span>\n\t\t<\/div>\n\t\t\t\t\t\t<\/div>\n\t\t\t\t<\/div>\n\t\t\t\t<div class=\"elementor-element elementor-element-0517f0a elementor-widget elementor-widget-text-editor\" data-id=\"0517f0a\" data-element_type=\"widget\" data-e-type=\"widget\" data-widget_type=\"text-editor.default\">\n\t\t\t\t<div class=\"elementor-widget-container\">\n\t\t\t\t\t\t\t\t\t<div class=\"et_pb_row et_pb_row_4 et_pb_gutters2\"><div class=\"et_pb_column et_pb_column_1_2 et_pb_column_7 et_pb_css_mix_blend_mode_passthrough et-last-child\"><div class=\"et_pb_module et_pb_text et_pb_text_7 et_pb_text_align_left et_pb_bg_layout_light\"><div class=\"et_pb_text_inner\"><div class=\"et_pb_column et_pb_column_1_2 et_pb_column_13 et_pb_css_mix_blend_mode_passthrough\"><div class=\"et_pb_module et_pb_text et_pb_text_15 et_pb_text_align_left et_pb_bg_layout_light\"><div class=\"et_pb_text_inner\"><p>Indiqu\u00e9e pour les hommes pr\u00e9sentant des cernes pigmentaires associ\u00e9s \u00e0 un rel\u00e2chement cutan\u00e9 l\u00e9ger, la <a href=\"https:\/\/drromanovaleria.ch\/solutions\/mesotherapie\/\">m\u00e9soth\u00e9rapie<\/a> consiste en des injections d\u2019actifs revitalisants\u00a0: vitamines, acides amin\u00e9s et acide hyaluronique non r\u00e9ticul\u00e9.<br \/>L\u2019objectif de ce traitement est de r\u00e9hydrater la peau, de stimuler la microcirculation et de raviver l\u2019\u00e9clat du regard. La s\u00e9ance est rapide et pratiquement indolore. Un protocole initial de 3 \u00e0 5 s\u00e9ances est g\u00e9n\u00e9ralement recommand\u00e9, suivi de s\u00e9ances d\u2019entretien espac\u00e9es de 3 \u00e0 6 mois pour maintenir les r\u00e9sultats dans le temps.<br \/>Le <a href=\"https:\/\/drromanovaleria.ch\/solutions\/mesotherapie\/mesotherapie-visage\/\">m\u00e9solift<\/a> donne des r\u00e9sultats visibles d\u00e8s les premi\u00e8res s\u00e9ances, avec une am\u00e9lioration progressive de la qualit\u00e9 de la peau.<\/p><\/div><\/div><\/div><\/div><\/div><\/div><\/div>\t\t\t\t\t\t\t\t<\/div>\n\t\t\t\t<\/div>\n\t\t\t\t\t<\/div>\n\t\t\t\t<\/div>\n\t\t\t\t\t<\/div>\n\t\t\t\t<\/div>\n\t\t\t\t\t<\/div>\n\t\t\t\t<\/div>\n\t\t<div class=\"elementor-element elementor-element-747dcda e-flex e-con-boxed e-con e-parent\" data-id=\"747dcda\" data-element_type=\"container\" data-e-type=\"container\" data-settings=\"{&quot;jet_parallax_layout_list&quot;:[]}\">\n\t\t\t\t\t<div class=\"e-con-inner\">\n\t\t<div class=\"elementor-element elementor-element-a492f4c e-flex e-con-boxed e-con e-child\" data-id=\"a492f4c\" data-element_type=\"container\" data-e-type=\"container\" data-settings=\"{&quot;jet_parallax_layout_list&quot;:[]}\">\n\t\t\t\t\t<div class=\"e-con-inner\">\n\t\t<div class=\"elementor-element elementor-element-099e14c e-flex e-con-boxed e-con e-child\" data-id=\"099e14c\" data-element_type=\"container\" data-e-type=\"container\" data-settings=\"{&quot;jet_parallax_layout_list&quot;:[]}\">\n\t\t\t\t\t<div class=\"e-con-inner\">\n\t\t\t\t<div class=\"elementor-element elementor-element-2dd81e7 elementor-widget elementor-widget-heading\" data-id=\"2dd81e7\" data-element_type=\"widget\" data-e-type=\"widget\" data-widget_type=\"heading.default\">\n\t\t\t\t<div class=\"elementor-widget-container\">\n\t\t\t\t\t<h3 class=\"elementor-heading-title elementor-size-default\">Traitement des cernes pigmentaires : peeling et laser<\/h3>\t\t\t\t<\/div>\n\t\t\t\t<\/div>\n\t\t\t\t<div class=\"elementor-element elementor-element-2473900 elementor-widget-divider--view-line elementor-widget elementor-widget-divider\" data-id=\"2473900\" data-element_type=\"widget\" data-e-type=\"widget\" data-widget_type=\"divider.default\">\n\t\t\t\t<div class=\"elementor-widget-container\">\n\t\t\t\t\t\t\t<div class=\"elementor-divider\">\n\t\t\t<span class=\"elementor-divider-separator\">\n\t\t\t\t\t\t<\/span>\n\t\t<\/div>\n\t\t\t\t\t\t<\/div>\n\t\t\t\t<\/div>\n\t\t\t\t<div class=\"elementor-element elementor-element-153b204 elementor-widget elementor-widget-text-editor\" data-id=\"153b204\" data-element_type=\"widget\" data-e-type=\"widget\" data-widget_type=\"text-editor.default\">\n\t\t\t\t<div class=\"elementor-widget-container\">\n\t\t\t\t\t\t\t\t\t<p>Chez certains hommes, les cernes sont marqu\u00e9s par une pigmentation brun\u00e2tre, difficile \u00e0 corriger par les seules injections de vitamines.<br \/>Le peeling d\u00e9pigmentant, \u00e0 base d\u2019acides doux, permet d\u2019att\u00e9nuer cette pigmentation excessive en exfoliant les couches superficielles de l\u2019\u00e9piderme.<br \/>Le <a href=\"https:\/\/drromanovaleria.ch\/solutions\/lasers\/laser-co2-fraxel\/\">laser ablatif fractionn\u00e9<\/a> ou le laser Q-switched r\u00e9duisent la concentration de m\u00e9lanine, responsable de la coloration fonc\u00e9e des cernes, pour un \u00e9claircissement progressif et<\/p>\t\t\t\t\t\t\t\t<\/div>\n\t\t\t\t<\/div>\n\t\t\t\t\t<\/div>\n\t\t\t\t<\/div>\n\t\t\t\t\t<\/div>\n\t\t\t\t<\/div>\n\t\t\t\t\t<\/div>\n\t\t\t\t<\/div>\n\t\t<div class=\"elementor-element elementor-element-b8a9a2e e-flex e-con-boxed e-con e-parent\" data-id=\"b8a9a2e\" data-element_type=\"container\" data-e-type=\"container\" data-settings=\"{&quot;jet_parallax_layout_list&quot;:[]}\">\n\t\t\t\t\t<div class=\"e-con-inner\">\n\t\t\t\t<div class=\"elementor-element elementor-element-9740cf7 elementor-widget elementor-widget-heading\" data-id=\"9740cf7\" data-element_type=\"widget\" data-e-type=\"widget\" data-widget_type=\"heading.default\">\n\t\t\t\t<div class=\"elementor-widget-container\">\n\t\t\t\t\t<h2 class=\"elementor-heading-title elementor-size-default\">Quels r\u00e9sultats attendre du comblement des cernes chez l\u2019homme ?<\/h2>\t\t\t\t<\/div>\n\t\t\t\t<\/div>\n\t\t\t\t<div class=\"elementor-element elementor-element-af74796 elementor-widget-divider--view-line elementor-widget elementor-widget-divider\" data-id=\"af74796\" data-element_type=\"widget\" data-e-type=\"widget\" data-widget_type=\"divider.default\">\n\t\t\t\t<div class=\"elementor-widget-container\">\n\t\t\t\t\t\t\t<div class=\"elementor-divider\">\n\t\t\t<span class=\"elementor-divider-separator\">\n\t\t\t\t\t\t<\/span>\n\t\t<\/div>\n\t\t\t\t\t\t<\/div>\n\t\t\t\t<\/div>\n\t\t\t\t<div class=\"elementor-element elementor-element-a8695f2 elementor-widget elementor-widget-text-editor\" data-id=\"a8695f2\" data-element_type=\"widget\" data-e-type=\"widget\" data-widget_type=\"text-editor.default\">\n\t\t\t\t<div class=\"elementor-widget-container\">\n\t\t\t\t\t\t\t\t\t<p>Chez l\u2019homme, la demande porte le plus souvent sur un r\u00e9sultat discret, naturel et imm\u00e9diat. L\u2019objectif n\u2019est pas de transformer le regard, mais d\u2019effacer les signes de fatigue tout en pr\u00e9servant l\u2019expression du visage.<br \/>Gr\u00e2ce aux injections d\u2019acide hyaluronique, le regard para\u00eet rapidement plus repos\u00e9, plus frais et visiblement rajeuni. <br \/>La m\u00e9soth\u00e9rapie et les traitements laser agissent de mani\u00e8re compl\u00e9mentaire sur la qualit\u00e9 de la peau. Le teint devient plus lumineux, les cernes pigmentaires s\u2019att\u00e9nuent progressivement, et la peau retrouve davantage de fermet\u00e9, de tonicit\u00e9 et d\u2019\u00e9clat.<br \/>Seule une prise en charge v\u00e9ritablement personnalis\u00e9e, fond\u00e9e sur une analyse m\u00e9dicale rigoureuse, permet toutefois d\u2019obtenir un r\u00e9sultat adapt\u00e9 aux attentes masculines. <br \/>Chez l\u2019homme, la r\u00e9ussite repose avant tout sur la discr\u00e9tion du geste, la pr\u00e9cision de l\u2019indication et le respect absolu du naturel.<\/p>\t\t\t\t\t\t\t\t<\/div>\n\t\t\t\t<\/div>\n\t\t\t\t\t<\/div>\n\t\t\t\t<\/div>\n\t\t<div class=\"elementor-element elementor-element-22bcf32 e-flex e-con-boxed e-con e-parent\" data-id=\"22bcf32\" data-element_type=\"container\" data-e-type=\"container\" data-settings=\"{&quot;jet_parallax_layout_list&quot;:[]}\">\n\t\t\t\t\t<div class=\"e-con-inner\">\n\t\t<div class=\"elementor-element elementor-element-5d022ed e-con-full e-flex e-con e-child\" data-id=\"5d022ed\" data-element_type=\"container\" data-e-type=\"container\" data-settings=\"{&quot;jet_parallax_layout_list&quot;:[]}\">\n\t\t\t\t<div class=\"elementor-element elementor-element-8843fb9 elementor-widget elementor-widget-image\" data-id=\"8843fb9\" data-element_type=\"widget\" data-e-type=\"widget\" data-widget_type=\"image.default\">\n\t\t\t\t<div class=\"elementor-widget-container\">\n\t\t\t\t\t\t\t\t\t\t\t\t\t\t\t<img decoding=\"async\" width=\"768\" height=\"512\" src=\"https:\/\/drromanovaleria.ch\/wp-content\/uploads\/2024\/06\/peeling-homme-768x512.webp\" class=\"attachment-medium_large size-medium_large wp-image-9047\" alt=\"photo peeling homme\" srcset=\"https:\/\/drromanovaleria.ch\/wp-content\/uploads\/2024\/06\/peeling-homme-768x512.webp 768w, https:\/\/drromanovaleria.ch\/wp-content\/uploads\/2024\/06\/peeling-homme-300x200.webp 300w, https:\/\/drromanovaleria.ch\/wp-content\/uploads\/2024\/06\/peeling-homme-1024x683.webp 1024w, https:\/\/drromanovaleria.ch\/wp-content\/uploads\/2024\/06\/peeling-homme-18x12.webp 18w\" sizes=\"(max-width: 768px) 100vw, 768px\" \/>\t\t\t\t\t\t\t\t\t\t\t\t\t\t\t<\/div>\n\t\t\t\t<\/div>\n\t\t\t\t<\/div>\n\t\t<div class=\"elementor-element elementor-element-6a292b8 e-con-full e-flex e-con e-child\" data-id=\"6a292b8\" data-element_type=\"container\" data-e-type=\"container\" data-settings=\"{&quot;jet_parallax_layout_list&quot;:[]}\">\n\t\t\t\t<div class=\"elementor-element elementor-element-e7dbde0 elementor-widget elementor-widget-heading\" data-id=\"e7dbde0\" data-element_type=\"widget\" data-e-type=\"widget\" data-widget_type=\"heading.default\">\n\t\t\t\t<div class=\"elementor-widget-container\">\n\t\t\t\t\t<h2 class=\"elementor-heading-title elementor-size-default\">Diff\u00e9rences cernes hommes et cernes femmes <\/h2>\t\t\t\t<\/div>\n\t\t\t\t<\/div>\n\t\t\t\t<div class=\"elementor-element elementor-element-480df3a elementor-widget-divider--view-line elementor-widget elementor-widget-divider\" data-id=\"480df3a\" data-element_type=\"widget\" data-e-type=\"widget\" data-widget_type=\"divider.default\">\n\t\t\t\t<div class=\"elementor-widget-container\">\n\t\t\t\t\t\t\t<div class=\"elementor-divider\">\n\t\t\t<span class=\"elementor-divider-separator\">\n\t\t\t\t\t\t<\/span>\n\t\t<\/div>\n\t\t\t\t\t\t<\/div>\n\t\t\t\t<\/div>\n\t\t\t\t<div class=\"elementor-element elementor-element-7086a41 elementor-widget elementor-widget-text-editor\" data-id=\"7086a41\" data-element_type=\"widget\" data-e-type=\"widget\" data-widget_type=\"text-editor.default\">\n\t\t\t\t<div class=\"elementor-widget-container\">\n\t\t\t\t\t\t\t\t\t<div class=\"et_pb_row et_pb_row_4 et_pb_gutters2\"><div class=\"et_pb_column et_pb_column_1_2 et_pb_column_7 et_pb_css_mix_blend_mode_passthrough et-last-child\"><div class=\"et_pb_module et_pb_text et_pb_text_7 et_pb_text_align_left et_pb_bg_layout_light\"><div class=\"et_pb_text_inner\"><div class=\"et_pb_column et_pb_column_1_2 et_pb_column_13 et_pb_css_mix_blend_mode_passthrough\"><div class=\"et_pb_module et_pb_text et_pb_text_15 et_pb_text_align_left et_pb_bg_layout_light\"><div class=\"et_pb_text_inner\"><p>Bien que les cernes concernent aussi bien les hommes que les femmes, leur prise en charge diff\u00e8re sensiblement, en raison des particularit\u00e9s anatomiques et des attentes esth\u00e9tiques diff\u00e9rentes.<br \/>Chez l\u2019homme, la peau est g\u00e9n\u00e9ralement plus \u00e9paisse, ce qui impose le recours \u00e0 des produits plus coh\u00e9sifs et structurants, afin d\u2019assurer une bonne tenue sans risque de migration. La structure osseuse, souvent plus marqu\u00e9e, conf\u00e8re au visage des lignes plus anguleuses : il est donc essentiel de respecter cette architecture en \u00e9vitant toute correction excessive, au risque d\u2019adoucir les traits de mani\u00e8re inappropri\u00e9e. Enfin, les attentes esth\u00e9tiques divergent : l\u00e0 o\u00f9 les femmes recherchent volontiers un regard plus ouvert et lumineux, les hommes privil\u00e9gient des r\u00e9sultats subtils, pr\u00e9servant le caract\u00e8re naturel et la dimension virile du visage.<\/p><\/div><\/div><\/div><\/div><\/div><\/div><\/div>\t\t\t\t\t\t\t\t<\/div>\n\t\t\t\t<\/div>\n\t\t\t\t<\/div>\n\t\t\t\t\t<\/div>\n\t\t\t\t<\/div>\n\t\t<div class=\"elementor-element elementor-element-55694bc e-flex e-con-boxed e-con e-parent\" data-id=\"55694bc\" data-element_type=\"container\" data-e-type=\"container\" data-settings=\"{&quot;jet_parallax_layout_list&quot;:[]}\">\n\t\t\t\t\t<div class=\"e-con-inner\">\n\t\t\t\t<div class=\"elementor-element elementor-element-35ec728 elementor-widget elementor-widget-heading\" data-id=\"35ec728\" data-element_type=\"widget\" data-e-type=\"widget\" data-widget_type=\"heading.default\">\n\t\t\t\t<div class=\"elementor-widget-container\">\n\t\t\t\t\t<h2 class=\"elementor-heading-title elementor-size-default\">Erreurs \u00e0 \u00e9viter dans le traitement des cernes chez les hommes<\/h2>\t\t\t\t<\/div>\n\t\t\t\t<\/div>\n\t\t\t\t<div class=\"elementor-element elementor-element-cc1d2dd elementor-widget-divider--view-line elementor-widget elementor-widget-divider\" data-id=\"cc1d2dd\" data-element_type=\"widget\" data-e-type=\"widget\" data-widget_type=\"divider.default\">\n\t\t\t\t<div class=\"elementor-widget-container\">\n\t\t\t\t\t\t\t<div class=\"elementor-divider\">\n\t\t\t<span class=\"elementor-divider-separator\">\n\t\t\t\t\t\t<\/span>\n\t\t<\/div>\n\t\t\t\t\t\t<\/div>\n\t\t\t\t<\/div>\n\t\t\t\t<div class=\"elementor-element elementor-element-c5d8246 elementor-widget elementor-widget-text-editor\" data-id=\"c5d8246\" data-element_type=\"widget\" data-e-type=\"widget\" data-widget_type=\"text-editor.default\">\n\t\t\t\t<div class=\"elementor-widget-container\">\n\t\t\t\t\t\t\t\t\t<p>M\u00eame si les techniques de correction des cernes sont aujourd\u2019hui ma\u00eetris\u00e9es, certaines erreurs peuvent compromettre la qualit\u00e9 du r\u00e9sultat, en particulier chez les hommes, o\u00f9 l\u2019exigence de discr\u00e9tion et de naturel est primordiale.<\/p><ul><li>Choix d\u2019un produit inadapt\u00e9 : l\u2019utilisation d\u2019acides hyaluroniques trop hydrophiles favorise la r\u00e9tention d\u2019eau et la survenue d\u2019\u0153d\u00e8mes, donnant un aspect gonfl\u00e9 et peu naturel au regard. Il est indispensable d\u2019opter pour des produits adapt\u00e9s \u00e0 la peau masculine, \u00e0 faible hydrophilie et assez fermes.<\/li><li>Correction excessive : l\u2019objectif est de corriger le creux sous-orbitaire sans effacer compl\u00e8tement les volumes naturels du visage. Une peau trop lisse ou un remplissage excessif peuvent aboutir \u00e0 un r\u00e9sultat artificiel et contraire aux attentes masculines.<\/li><li>Correction isol\u00e9e des cernes : le regard ne doit pas \u00eatre trait\u00e9 ind\u00e9pendamment des autres zones du visage. Une approche globale, int\u00e9grant l\u2019harmonisation des pommettes et du front, garantit des r\u00e9sultats plus coh\u00e9rents et esth\u00e9tiques.<\/li><li>\u00a0Non respect des conseils post-traitement : une mauvaise gestion de l\u2019apr\u00e8s-s\u00e9ance (exposition solaire, activit\u00e9 physique intense, consommation de tabac ou d\u2019alcool) peut entra\u00eener des effets secondaires \u00e9vitables.<\/li><\/ul><p>En confiant ces soins \u00e0 un m\u00e9decin exp\u00e9riment\u00e9, form\u00e9 \u00e0 l\u2019anatomie masculine, il est possible d\u2019obtenir des r\u00e9sultats discrets, \u00e9l\u00e9gants et durables, parfaitement adapt\u00e9s aux attentes des hommes modernes.<\/p>\t\t\t\t\t\t\t\t<\/div>\n\t\t\t\t<\/div>\n\t\t\t\t\t<\/div>\n\t\t\t\t<\/div>\n\t\t<div class=\"elementor-element elementor-element-1033605 e-flex e-con-boxed e-con e-parent\" data-id=\"1033605\" data-element_type=\"container\" data-e-type=\"container\" data-settings=\"{&quot;jet_parallax_layout_list&quot;:[]}\">\n\t\t\t\t\t<div class=\"e-con-inner\">\n\t\t\t\t<div class=\"elementor-element elementor-element-509737e elementor-widget elementor-widget-heading\" data-id=\"509737e\" data-element_type=\"widget\" data-e-type=\"widget\" data-widget_type=\"heading.default\">\n\t\t\t\t<div class=\"elementor-widget-container\">\n\t\t\t\t\t<h2 class=\"elementor-heading-title elementor-size-default\">Conclusion : un regard repos\u00e9 chez l\u2019homme<\/h2>\t\t\t\t<\/div>\n\t\t\t\t<\/div>\n\t\t\t\t<div class=\"elementor-element elementor-element-168963d elementor-widget-divider--view-line elementor-widget elementor-widget-divider\" data-id=\"168963d\" data-element_type=\"widget\" data-e-type=\"widget\" data-widget_type=\"divider.default\">\n\t\t\t\t<div class=\"elementor-widget-container\">\n\t\t\t\t\t\t\t<div class=\"elementor-divider\">\n\t\t\t<span class=\"elementor-divider-separator\">\n\t\t\t\t\t\t<\/span>\n\t\t<\/div>\n\t\t\t\t\t\t<\/div>\n\t\t\t\t<\/div>\n\t\t\t\t<div class=\"elementor-element elementor-element-7608fba elementor-widget elementor-widget-text-editor\" data-id=\"7608fba\" data-element_type=\"widget\" data-e-type=\"widget\" data-widget_type=\"text-editor.default\">\n\t\t\t\t<div class=\"elementor-widget-container\">\n\t\t\t\t\t\t\t\t\t<p>Les cernes, qu\u2019ils soient creux ou pigmentaires, sont une demande fr\u00e9quente de consultation chez les hommes. Gr\u00e2ce \u00e0 l\u2019\u00e9volution des traitements de rajeunissement du visage non invasifs, il est aujourd\u2019hui possible de corriger efficacement ces marques de fatigue tout en pr\u00e9servant l\u2019identit\u00e9 et la virilit\u00e9 du visage.<br \/>Que ce soit par injection d\u2019acide hyaluronique, m\u00e9soth\u00e9rapie visage ou traitements laser, chaque solution peut \u00eatre parfaitement adapt\u00e9e \u00e0 la morphologie masculine et aux attentes sp\u00e9cifiques d\u2019un regard plus frais et dynamique.<br \/>Faire appel \u00e0 un m\u00e9decin exp\u00e9riment\u00e9 \u00e0 Gen\u00e8ve garantit des r\u00e9sultats naturels et durables. Un regard repos\u00e9 et confiant demeure, apr\u00e8s tout, l\u2019un des meilleurs atouts dans la vie personnelle comme professionnelle.<\/p>\t\t\t\t\t\t\t\t<\/div>\n\t\t\t\t<\/div>\n\t\t\t\t\t<\/div>\n\t\t\t\t<\/div>\n\t\t<div class=\"elementor-element elementor-element-ce834c0 e-flex e-con-boxed e-con e-parent\" data-id=\"ce834c0\" data-element_type=\"container\" data-e-type=\"container\" data-settings=\"{&quot;jet_parallax_layout_list&quot;:[]}\">\n\t\t\t\t\t<div class=\"e-con-inner\">\n\t\t\t\t<div class=\"elementor-element elementor-element-0f23c2a elementor-widget elementor-widget-heading\" data-id=\"0f23c2a\" data-element_type=\"widget\" data-e-type=\"widget\" data-widget_type=\"heading.default\">\n\t\t\t\t<div class=\"elementor-widget-container\">\n\t\t\t\t\t<h2 class=\"elementor-heading-title elementor-size-default\">Questions fr\u00e9quentes sur le traitement des cernes chez l'homme<\/h2>\t\t\t\t<\/div>\n\t\t\t\t<\/div>\n\t\t\t\t<div class=\"elementor-element elementor-element-8b015fa elementor-widget-divider--view-line elementor-widget elementor-widget-divider\" data-id=\"8b015fa\" data-element_type=\"widget\" data-e-type=\"widget\" data-widget_type=\"divider.default\">\n\t\t\t\t<div class=\"elementor-widget-container\">\n\t\t\t\t\t\t\t<div class=\"elementor-divider\">\n\t\t\t<span class=\"elementor-divider-separator\">\n\t\t\t\t\t\t<\/span>\n\t\t<\/div>\n\t\t\t\t\t\t<\/div>\n\t\t\t\t<\/div>\n\t\t\t\t<div class=\"elementor-element elementor-element-31ee408 elementor-widget elementor-widget-n-accordion\" data-id=\"31ee408\" data-element_type=\"widget\" data-e-type=\"widget\" data-settings=\"{&quot;default_state&quot;:&quot;expanded&quot;,&quot;max_items_expended&quot;:&quot;one&quot;,&quot;n_accordion_animation_duration&quot;:{&quot;unit&quot;:&quot;ms&quot;,&quot;size&quot;:400,&quot;sizes&quot;:[]}}\" data-widget_type=\"nested-accordion.default\">\n\t\t\t\t<div class=\"elementor-widget-container\">\n\t\t\t\t\t\t\t<div class=\"e-n-accordion\" aria-label=\"Accordion. Open links with Enter or Space, close with Escape, and navigate with Arrow Keys\">\n\t\t\t\t\t\t<details id=\"e-n-accordion-item-5230\" class=\"e-n-accordion-item\" open>\n\t\t\t\t<summary class=\"e-n-accordion-item-title\" data-accordion-index=\"1\" tabindex=\"0\" aria-expanded=\"true\" aria-controls=\"e-n-accordion-item-5230\" >\n\t\t\t\t\t<span class='e-n-accordion-item-title-header'><div class=\"e-n-accordion-item-title-text\"> L\u2019acide hyaluronique est-il efficace pour les cernes chez l\u2019homme ? <\/div><\/span>\n\t\t\t\t\t\t\t<span class='e-n-accordion-item-title-icon'>\n\t\t\t<span class='e-opened' ><svg aria-hidden=\"true\" class=\"e-font-icon-svg e-fas-minus\" viewBox=\"0 0 448 512\" xmlns=\"http:\/\/www.w3.org\/2000\/svg\"><path d=\"M416 208H32c-17.67 0-32 14.33-32 32v32c0 17.67 14.33 32 32 32h384c17.67 0 32-14.33 32-32v-32c0-17.67-14.33-32-32-32z\"><\/path><\/svg><\/span>\n\t\t\t<span class='e-closed'><svg aria-hidden=\"true\" class=\"e-font-icon-svg e-fas-plus\" viewBox=\"0 0 448 512\" xmlns=\"http:\/\/www.w3.org\/2000\/svg\"><path d=\"M416 208H272V64c0-17.67-14.33-32-32-32h-32c-17.67 0-32 14.33-32 32v144H32c-17.67 0-32 14.33-32 32v32c0 17.67 14.33 32 32 32h144v144c0 17.67 14.33 32 32 32h32c17.67 0 32-14.33 32-32V304h144c17.67 0 32-14.33 32-32v-32c0-17.67-14.33-32-32-32z\"><\/path><\/svg><\/span>\n\t\t<\/span>\n\n\t\t\t\t\t\t<\/summary>\n\t\t\t\t<div role=\"region\" aria-labelledby=\"e-n-accordion-item-5230\" class=\"elementor-element elementor-element-3771f6d e-con-full e-flex e-con e-child\" data-id=\"3771f6d\" data-element_type=\"container\" data-e-type=\"container\" data-settings=\"{&quot;jet_parallax_layout_list&quot;:[]}\">\n\t\t\t\t<div class=\"elementor-element elementor-element-7ce4c6e elementor-widget elementor-widget-text-editor\" data-id=\"7ce4c6e\" data-element_type=\"widget\" data-e-type=\"widget\" data-widget_type=\"text-editor.default\">\n\t\t\t\t<div class=\"elementor-widget-container\">\n\t\t\t\t\t\t\t\t\t<p>Oui, l\u2019acide hyaluronique est particuli\u00e8rement efficace pour traiter les cernes creux chez l\u2019homme. Lorsqu\u2019il est correctement inject\u00e9, le r\u00e9sultat reste naturel et discret.<\/p>\t\t\t\t\t\t\t\t<\/div>\n\t\t\t\t<\/div>\n\t\t\t\t<\/div>\n\t\t\t\t\t<\/details>\n\t\t\t\t\t\t<details id=\"e-n-accordion-item-5231\" class=\"e-n-accordion-item\" >\n\t\t\t\t<summary class=\"e-n-accordion-item-title\" data-accordion-index=\"2\" tabindex=\"-1\" aria-expanded=\"false\" aria-controls=\"e-n-accordion-item-5231\" >\n\t\t\t\t\t<span class='e-n-accordion-item-title-header'><div class=\"e-n-accordion-item-title-text\"> Quel type de cernes peut-on traiter avec l\u2019acide hyaluronique ? <\/div><\/span>\n\t\t\t\t\t\t\t<span class='e-n-accordion-item-title-icon'>\n\t\t\t<span class='e-opened' ><svg aria-hidden=\"true\" class=\"e-font-icon-svg e-fas-minus\" viewBox=\"0 0 448 512\" xmlns=\"http:\/\/www.w3.org\/2000\/svg\"><path d=\"M416 208H32c-17.67 0-32 14.33-32 32v32c0 17.67 14.33 32 32 32h384c17.67 0 32-14.33 32-32v-32c0-17.67-14.33-32-32-32z\"><\/path><\/svg><\/span>\n\t\t\t<span class='e-closed'><svg aria-hidden=\"true\" class=\"e-font-icon-svg e-fas-plus\" viewBox=\"0 0 448 512\" xmlns=\"http:\/\/www.w3.org\/2000\/svg\"><path d=\"M416 208H272V64c0-17.67-14.33-32-32-32h-32c-17.67 0-32 14.33-32 32v144H32c-17.67 0-32 14.33-32 32v32c0 17.67 14.33 32 32 32h144v144c0 17.67 14.33 32 32 32h32c17.67 0 32-14.33 32-32V304h144c17.67 0 32-14.33 32-32v-32c0-17.67-14.33-32-32-32z\"><\/path><\/svg><\/span>\n\t\t<\/span>\n\n\t\t\t\t\t\t<\/summary>\n\t\t\t\t<div role=\"region\" aria-labelledby=\"e-n-accordion-item-5231\" class=\"elementor-element elementor-element-1bb7a42 e-con-full e-flex e-con e-child\" data-id=\"1bb7a42\" data-element_type=\"container\" data-e-type=\"container\" data-settings=\"{&quot;jet_parallax_layout_list&quot;:[]}\">\n\t\t\t\t<div class=\"elementor-element elementor-element-d8a41d6 elementor-widget elementor-widget-text-editor\" data-id=\"d8a41d6\" data-element_type=\"widget\" data-e-type=\"widget\" data-widget_type=\"text-editor.default\">\n\t\t\t\t<div class=\"elementor-widget-container\">\n\t\t\t\t\t\t\t\t\t<p>L\u2019acide hyaluronique traite principalement les cernes creux, li\u00e9s \u00e0 une perte de volume sous-orbitaire. En revanche, les cernes pigmentaires ou vasculaires rel\u00e8vent davantage d\u2019autres approches, comme la m\u00e9soth\u00e9rapie, certains peelings ou des traitements laser selon les cas.<\/p>\t\t\t\t\t\t\t\t<\/div>\n\t\t\t\t<\/div>\n\t\t\t\t<\/div>\n\t\t\t\t\t<\/details>\n\t\t\t\t\t\t<details id=\"e-n-accordion-item-5232\" class=\"e-n-accordion-item\" >\n\t\t\t\t<summary class=\"e-n-accordion-item-title\" data-accordion-index=\"3\" tabindex=\"-1\" aria-expanded=\"false\" aria-controls=\"e-n-accordion-item-5232\" >\n\t\t\t\t\t<span class='e-n-accordion-item-title-header'><div class=\"e-n-accordion-item-title-text\"> Le traitement des cernes chez l\u2019homme est-il diff\u00e9rent de celui chez la femme ? <\/div><\/span>\n\t\t\t\t\t\t\t<span class='e-n-accordion-item-title-icon'>\n\t\t\t<span class='e-opened' ><svg aria-hidden=\"true\" class=\"e-font-icon-svg e-fas-minus\" viewBox=\"0 0 448 512\" xmlns=\"http:\/\/www.w3.org\/2000\/svg\"><path d=\"M416 208H32c-17.67 0-32 14.33-32 32v32c0 17.67 14.33 32 32 32h384c17.67 0 32-14.33 32-32v-32c0-17.67-14.33-32-32-32z\"><\/path><\/svg><\/span>\n\t\t\t<span class='e-closed'><svg aria-hidden=\"true\" class=\"e-font-icon-svg e-fas-plus\" viewBox=\"0 0 448 512\" xmlns=\"http:\/\/www.w3.org\/2000\/svg\"><path d=\"M416 208H272V64c0-17.67-14.33-32-32-32h-32c-17.67 0-32 14.33-32 32v144H32c-17.67 0-32 14.33-32 32v32c0 17.67 14.33 32 32 32h144v144c0 17.67 14.33 32 32 32h32c17.67 0 32-14.33 32-32V304h144c17.67 0 32-14.33 32-32v-32c0-17.67-14.33-32-32-32z\"><\/path><\/svg><\/span>\n\t\t<\/span>\n\n\t\t\t\t\t\t<\/summary>\n\t\t\t\t<div role=\"region\" aria-labelledby=\"e-n-accordion-item-5232\" class=\"elementor-element elementor-element-02c0487 e-con-full e-flex e-con e-child\" data-id=\"02c0487\" data-element_type=\"container\" data-e-type=\"container\" data-settings=\"{&quot;jet_parallax_layout_list&quot;:[]}\">\n\t\t\t\t<div class=\"elementor-element elementor-element-a5d1e10 elementor-widget elementor-widget-text-editor\" data-id=\"a5d1e10\" data-element_type=\"widget\" data-e-type=\"widget\" data-widget_type=\"text-editor.default\">\n\t\t\t\t<div class=\"elementor-widget-container\">\n\t\t\t\t\t\t\t\t\t<p>Oui. Chez l\u2019homme, la peau est souvent plus \u00e9paisse, la structure osseuse plus d\u00e9velopp\u00e9e et les attentes esth\u00e9tiques diff\u00e9rentes. Le traitement doit pr\u00e9server la masculinit\u00e9 du visage. L\u2019objectif recherch\u00e9 est g\u00e9n\u00e9ralement un regard moins fatigu\u00e9, sans transformation visible.<\/p>\t\t\t\t\t\t\t\t<\/div>\n\t\t\t\t<\/div>\n\t\t\t\t<\/div>\n\t\t\t\t\t<\/details>\n\t\t\t\t\t\t<details id=\"e-n-accordion-item-5233\" class=\"e-n-accordion-item\" >\n\t\t\t\t<summary class=\"e-n-accordion-item-title\" data-accordion-index=\"4\" tabindex=\"-1\" aria-expanded=\"false\" aria-controls=\"e-n-accordion-item-5233\" >\n\t\t\t\t\t<span class='e-n-accordion-item-title-header'><div class=\"e-n-accordion-item-title-text\"> Combien de temps dure l\u2019acide hyaluronique sous les yeux ? <\/div><\/span>\n\t\t\t\t\t\t\t<span class='e-n-accordion-item-title-icon'>\n\t\t\t<span class='e-opened' ><svg aria-hidden=\"true\" class=\"e-font-icon-svg e-fas-minus\" viewBox=\"0 0 448 512\" xmlns=\"http:\/\/www.w3.org\/2000\/svg\"><path d=\"M416 208H32c-17.67 0-32 14.33-32 32v32c0 17.67 14.33 32 32 32h384c17.67 0 32-14.33 32-32v-32c0-17.67-14.33-32-32-32z\"><\/path><\/svg><\/span>\n\t\t\t<span class='e-closed'><svg aria-hidden=\"true\" class=\"e-font-icon-svg e-fas-plus\" viewBox=\"0 0 448 512\" xmlns=\"http:\/\/www.w3.org\/2000\/svg\"><path d=\"M416 208H272V64c0-17.67-14.33-32-32-32h-32c-17.67 0-32 14.33-32 32v144H32c-17.67 0-32 14.33-32 32v32c0 17.67 14.33 32 32 32h144v144c0 17.67 14.33 32 32 32h32c17.67 0 32-14.33 32-32V304h144c17.67 0 32-14.33 32-32v-32c0-17.67-14.33-32-32-32z\"><\/path><\/svg><\/span>\n\t\t<\/span>\n\n\t\t\t\t\t\t<\/summary>\n\t\t\t\t<div role=\"region\" aria-labelledby=\"e-n-accordion-item-5233\" class=\"elementor-element elementor-element-833001c e-con-full e-flex e-con e-child\" data-id=\"833001c\" data-element_type=\"container\" data-e-type=\"container\" data-settings=\"{&quot;jet_parallax_layout_list&quot;:[]}\">\n\t\t\t\t<div class=\"elementor-element elementor-element-01397bc elementor-widget elementor-widget-text-editor\" data-id=\"01397bc\" data-element_type=\"widget\" data-e-type=\"widget\" data-widget_type=\"text-editor.default\">\n\t\t\t\t<div class=\"elementor-widget-container\">\n\t\t\t\t\t\t\t\t\t<p>Chez la majorit\u00e9 des patients, les effets durent entre dix et douze mois. Cette dur\u00e9e varie selon le m\u00e9tabolisme, l\u2019hygi\u00e8ne de vie, la qualit\u00e9 de peau et le produit utilis\u00e9.<\/p>\t\t\t\t\t\t\t\t<\/div>\n\t\t\t\t<\/div>\n\t\t\t\t<\/div>\n\t\t\t\t\t<\/details>\n\t\t\t\t\t\t<details id=\"e-n-accordion-item-5234\" class=\"e-n-accordion-item\" >\n\t\t\t\t<summary class=\"e-n-accordion-item-title\" data-accordion-index=\"5\" tabindex=\"-1\" aria-expanded=\"false\" aria-controls=\"e-n-accordion-item-5234\" >\n\t\t\t\t\t<span class='e-n-accordion-item-title-header'><div class=\"e-n-accordion-item-title-text\"> Le traitement des cernes chez l\u2019homme est-il douloureux ? <\/div><\/span>\n\t\t\t\t\t\t\t<span class='e-n-accordion-item-title-icon'>\n\t\t\t<span class='e-opened' ><svg aria-hidden=\"true\" class=\"e-font-icon-svg e-fas-minus\" viewBox=\"0 0 448 512\" xmlns=\"http:\/\/www.w3.org\/2000\/svg\"><path d=\"M416 208H32c-17.67 0-32 14.33-32 32v32c0 17.67 14.33 32 32 32h384c17.67 0 32-14.33 32-32v-32c0-17.67-14.33-32-32-32z\"><\/path><\/svg><\/span>\n\t\t\t<span class='e-closed'><svg aria-hidden=\"true\" class=\"e-font-icon-svg e-fas-plus\" viewBox=\"0 0 448 512\" xmlns=\"http:\/\/www.w3.org\/2000\/svg\"><path d=\"M416 208H272V64c0-17.67-14.33-32-32-32h-32c-17.67 0-32 14.33-32 32v144H32c-17.67 0-32 14.33-32 32v32c0 17.67 14.33 32 32 32h144v144c0 17.67 14.33 32 32 32h32c17.67 0 32-14.33 32-32V304h144c17.67 0 32-14.33 32-32v-32c0-17.67-14.33-32-32-32z\"><\/path><\/svg><\/span>\n\t\t<\/span>\n\n\t\t\t\t\t\t<\/summary>\n\t\t\t\t<div role=\"region\" aria-labelledby=\"e-n-accordion-item-5234\" class=\"elementor-element elementor-element-888fb5f e-con-full e-flex e-con e-child\" data-id=\"888fb5f\" data-element_type=\"container\" data-e-type=\"container\" data-settings=\"{&quot;jet_parallax_layout_list&quot;:[]}\">\n\t\t\t\t<div class=\"elementor-element elementor-element-1aa1ad2 elementor-widget elementor-widget-text-editor\" data-id=\"1aa1ad2\" data-element_type=\"widget\" data-e-type=\"widget\" data-widget_type=\"text-editor.default\">\n\t\t\t\t<div class=\"elementor-widget-container\">\n\t\t\t\t\t\t\t\t\t<p>Le traitement est g\u00e9n\u00e9ralement tr\u00e8s bien tol\u00e9r\u00e9. Les injections sont r\u00e9alis\u00e9es avec des canules fines. Une cr\u00e8me anesth\u00e9siante peut \u00eatre propos\u00e9e si n\u00e9cessaire.<\/p>\t\t\t\t\t\t\t\t<\/div>\n\t\t\t\t<\/div>\n\t\t\t\t<\/div>\n\t\t\t\t\t<\/details>\n\t\t\t\t\t\t<details id=\"e-n-accordion-item-5235\" class=\"e-n-accordion-item\" >\n\t\t\t\t<summary class=\"e-n-accordion-item-title\" data-accordion-index=\"6\" tabindex=\"-1\" aria-expanded=\"false\" aria-controls=\"e-n-accordion-item-5235\" >\n\t\t\t\t\t<span class='e-n-accordion-item-title-header'><div class=\"e-n-accordion-item-title-text\"> Peut-on reprendre le travail apr\u00e8s des injections des cernes ? <\/div><\/span>\n\t\t\t\t\t\t\t<span class='e-n-accordion-item-title-icon'>\n\t\t\t<span class='e-opened' ><svg aria-hidden=\"true\" class=\"e-font-icon-svg e-fas-minus\" viewBox=\"0 0 448 512\" xmlns=\"http:\/\/www.w3.org\/2000\/svg\"><path d=\"M416 208H32c-17.67 0-32 14.33-32 32v32c0 17.67 14.33 32 32 32h384c17.67 0 32-14.33 32-32v-32c0-17.67-14.33-32-32-32z\"><\/path><\/svg><\/span>\n\t\t\t<span class='e-closed'><svg aria-hidden=\"true\" class=\"e-font-icon-svg e-fas-plus\" viewBox=\"0 0 448 512\" xmlns=\"http:\/\/www.w3.org\/2000\/svg\"><path d=\"M416 208H272V64c0-17.67-14.33-32-32-32h-32c-17.67 0-32 14.33-32 32v144H32c-17.67 0-32 14.33-32 32v32c0 17.67 14.33 32 32 32h144v144c0 17.67 14.33 32 32 32h32c17.67 0 32-14.33 32-32V304h144c17.67 0 32-14.33 32-32v-32c0-17.67-14.33-32-32-32z\"><\/path><\/svg><\/span>\n\t\t<\/span>\n\n\t\t\t\t\t\t<\/summary>\n\t\t\t\t<div role=\"region\" aria-labelledby=\"e-n-accordion-item-5235\" class=\"elementor-element elementor-element-b13642f e-con-full e-flex e-con e-child\" data-id=\"b13642f\" data-element_type=\"container\" data-e-type=\"container\" data-settings=\"{&quot;jet_parallax_layout_list&quot;:[]}\">\n\t\t\t\t<div class=\"elementor-element elementor-element-8f105ad elementor-widget elementor-widget-text-editor\" data-id=\"8f105ad\" data-element_type=\"widget\" data-e-type=\"widget\" data-widget_type=\"text-editor.default\">\n\t\t\t\t<div class=\"elementor-widget-container\">\n\t\t\t\t\t\t\t\t\t<p>Oui. Dans la plupart des cas, il n\u2019y a pas d\u2019\u00e9viction sociale. Une l\u00e9g\u00e8re rougeur, un discret \u0153d\u00e8me ou un petit bleu peuvent parfois survenir, mais ces effets restent transitoires et mod\u00e9r\u00e9s.<\/p>\t\t\t\t\t\t\t\t<\/div>\n\t\t\t\t<\/div>\n\t\t\t\t<\/div>\n\t\t\t\t\t<\/details>\n\t\t\t\t\t\t<details id=\"e-n-accordion-item-5236\" class=\"e-n-accordion-item\" >\n\t\t\t\t<summary class=\"e-n-accordion-item-title\" data-accordion-index=\"7\" tabindex=\"-1\" aria-expanded=\"false\" aria-controls=\"e-n-accordion-item-5236\" >\n\t\t\t\t\t<span class='e-n-accordion-item-title-header'><div class=\"e-n-accordion-item-title-text\"> Quels sont les risques d\u2019un mauvais traitement des cernes ? <\/div><\/span>\n\t\t\t\t\t\t\t<span class='e-n-accordion-item-title-icon'>\n\t\t\t<span class='e-opened' ><svg aria-hidden=\"true\" class=\"e-font-icon-svg e-fas-minus\" viewBox=\"0 0 448 512\" xmlns=\"http:\/\/www.w3.org\/2000\/svg\"><path d=\"M416 208H32c-17.67 0-32 14.33-32 32v32c0 17.67 14.33 32 32 32h384c17.67 0 32-14.33 32-32v-32c0-17.67-14.33-32-32-32z\"><\/path><\/svg><\/span>\n\t\t\t<span class='e-closed'><svg aria-hidden=\"true\" class=\"e-font-icon-svg e-fas-plus\" viewBox=\"0 0 448 512\" xmlns=\"http:\/\/www.w3.org\/2000\/svg\"><path d=\"M416 208H272V64c0-17.67-14.33-32-32-32h-32c-17.67 0-32 14.33-32 32v144H32c-17.67 0-32 14.33-32 32v32c0 17.67 14.33 32 32 32h144v144c0 17.67 14.33 32 32 32h32c17.67 0 32-14.33 32-32V304h144c17.67 0 32-14.33 32-32v-32c0-17.67-14.33-32-32-32z\"><\/path><\/svg><\/span>\n\t\t<\/span>\n\n\t\t\t\t\t\t<\/summary>\n\t\t\t\t<div role=\"region\" aria-labelledby=\"e-n-accordion-item-5236\" class=\"elementor-element elementor-element-eccb858 e-con-full e-flex e-con e-child\" data-id=\"eccb858\" data-element_type=\"container\" data-e-type=\"container\" data-settings=\"{&quot;jet_parallax_layout_list&quot;:[]}\">\n\t\t\t\t<div class=\"elementor-element elementor-element-3cf2d34 elementor-widget elementor-widget-text-editor\" data-id=\"3cf2d34\" data-element_type=\"widget\" data-e-type=\"widget\" data-widget_type=\"text-editor.default\">\n\t\t\t\t<div class=\"elementor-widget-container\">\n\t\t\t\t\t\t\t\t\t<p>Un produit inadapt\u00e9, trop hydrophile ou mal inject\u00e9, peut entra\u00eener gonflement, irr\u00e9gularit\u00e9s ou r\u00e9sultat peu naturel.<\/p>\t\t\t\t\t\t\t\t<\/div>\n\t\t\t\t<\/div>\n\t\t\t\t<\/div>\n\t\t\t\t\t<\/details>\n\t\t\t\t\t\t<details id=\"e-n-accordion-item-5237\" class=\"e-n-accordion-item\" >\n\t\t\t\t<summary class=\"e-n-accordion-item-title\" data-accordion-index=\"8\" tabindex=\"-1\" aria-expanded=\"false\" aria-controls=\"e-n-accordion-item-5237\" >\n\t\t\t\t\t<span class='e-n-accordion-item-title-header'><div class=\"e-n-accordion-item-title-text\"> Pourquoi les hommes consultent-ils de plus en plus pour les cernes ? <\/div><\/span>\n\t\t\t\t\t\t\t<span class='e-n-accordion-item-title-icon'>\n\t\t\t<span class='e-opened' ><svg aria-hidden=\"true\" class=\"e-font-icon-svg e-fas-minus\" viewBox=\"0 0 448 512\" xmlns=\"http:\/\/www.w3.org\/2000\/svg\"><path d=\"M416 208H32c-17.67 0-32 14.33-32 32v32c0 17.67 14.33 32 32 32h384c17.67 0 32-14.33 32-32v-32c0-17.67-14.33-32-32-32z\"><\/path><\/svg><\/span>\n\t\t\t<span class='e-closed'><svg aria-hidden=\"true\" class=\"e-font-icon-svg e-fas-plus\" viewBox=\"0 0 448 512\" xmlns=\"http:\/\/www.w3.org\/2000\/svg\"><path d=\"M416 208H272V64c0-17.67-14.33-32-32-32h-32c-17.67 0-32 14.33-32 32v144H32c-17.67 0-32 14.33-32 32v32c0 17.67 14.33 32 32 32h144v144c0 17.67 14.33 32 32 32h32c17.67 0 32-14.33 32-32V304h144c17.67 0 32-14.33 32-32v-32c0-17.67-14.33-32-32-32z\"><\/path><\/svg><\/span>\n\t\t<\/span>\n\n\t\t\t\t\t\t<\/summary>\n\t\t\t\t<div role=\"region\" aria-labelledby=\"e-n-accordion-item-5237\" class=\"elementor-element elementor-element-cecb7f5 e-con-full e-flex e-con e-child\" data-id=\"cecb7f5\" data-element_type=\"container\" data-e-type=\"container\" data-settings=\"{&quot;jet_parallax_layout_list&quot;:[]}\">\n\t\t\t\t<div class=\"elementor-element elementor-element-c49973f elementor-widget elementor-widget-text-editor\" data-id=\"c49973f\" data-element_type=\"widget\" data-e-type=\"widget\" data-widget_type=\"text-editor.default\">\n\t\t\t\t<div class=\"elementor-widget-container\">\n\t\t\t\t\t\t\t\t\t<p>Les hommes souhaitent aujourd\u2019hui corriger les signes de fatigue tout en conservant leur identit\u00e9 faciale. Dans les environnements professionnels exigeants, un regard fatigu\u00e9 peut renvoyer une image erron\u00e9e de stress ou de manque d\u2019\u00e9nergie.<\/p>\t\t\t\t\t\t\t\t<\/div>\n\t\t\t\t<\/div>\n\t\t\t\t<\/div>\n\t\t\t\t\t<\/details>\n\t\t\t\t\t\t<details id=\"e-n-accordion-item-5238\" class=\"e-n-accordion-item\" >\n\t\t\t\t<summary class=\"e-n-accordion-item-title\" data-accordion-index=\"9\" tabindex=\"-1\" aria-expanded=\"false\" aria-controls=\"e-n-accordion-item-5238\" >\n\t\t\t\t\t<span class='e-n-accordion-item-title-header'><div class=\"e-n-accordion-item-title-text\"> O\u00f9 faire un traitement des cernes homme \u00e0 Gen\u00e8ve ? <\/div><\/span>\n\t\t\t\t\t\t\t<span class='e-n-accordion-item-title-icon'>\n\t\t\t<span class='e-opened' ><svg aria-hidden=\"true\" class=\"e-font-icon-svg e-fas-minus\" viewBox=\"0 0 448 512\" xmlns=\"http:\/\/www.w3.org\/2000\/svg\"><path d=\"M416 208H32c-17.67 0-32 14.33-32 32v32c0 17.67 14.33 32 32 32h384c17.67 0 32-14.33 32-32v-32c0-17.67-14.33-32-32-32z\"><\/path><\/svg><\/span>\n\t\t\t<span class='e-closed'><svg aria-hidden=\"true\" class=\"e-font-icon-svg e-fas-plus\" viewBox=\"0 0 448 512\" xmlns=\"http:\/\/www.w3.org\/2000\/svg\"><path d=\"M416 208H272V64c0-17.67-14.33-32-32-32h-32c-17.67 0-32 14.33-32 32v144H32c-17.67 0-32 14.33-32 32v32c0 17.67 14.33 32 32 32h144v144c0 17.67 14.33 32 32 32h32c17.67 0 32-14.33 32-32V304h144c17.67 0 32-14.33 32-32v-32c0-17.67-14.33-32-32-32z\"><\/path><\/svg><\/span>\n\t\t<\/span>\n\n\t\t\t\t\t\t<\/summary>\n\t\t\t\t<div role=\"region\" aria-labelledby=\"e-n-accordion-item-5238\" class=\"elementor-element elementor-element-0da22bd e-con-full e-flex e-con e-child\" data-id=\"0da22bd\" data-element_type=\"container\" data-e-type=\"container\" data-settings=\"{&quot;jet_parallax_layout_list&quot;:[]}\">\n\t\t\t\t<div class=\"elementor-element elementor-element-dd03b2b elementor-widget elementor-widget-text-editor\" data-id=\"dd03b2b\" data-element_type=\"widget\" data-e-type=\"widget\" data-widget_type=\"text-editor.default\">\n\t\t\t\t<div class=\"elementor-widget-container\">\n\t\t\t\t\t\t\t\t\t<p>Le traitement des cernes chez l\u2019homme doit \u00eatre r\u00e9alis\u00e9 dans un cadre m\u00e9dical rigoureux, apr\u00e8s analyse de la morphologie du regard, de la qualit\u00e9 cutan\u00e9e et des attentes esth\u00e9tiques. \u00c0 Gen\u00e8ve, une prise en charge personnalis\u00e9e permet d\u2019obtenir un r\u00e9sultat naturel, \u00e9l\u00e9gant et durable.<\/p>\t\t\t\t\t\t\t\t<\/div>\n\t\t\t\t<\/div>\n\t\t\t\t<\/div>\n\t\t\t\t\t<\/details>\n\t\t\t\t\t<\/div>\n\t\t\t\t\t<script type=\"application\/ld+json\">{\"@context\":\"https:\\\/\\\/schema.org\",\"@type\":\"FAQPage\",\"mainEntity\":[{\"@type\":\"Question\",\"name\":\"L\\u2019acide hyaluronique est-il efficace pour les cernes chez l\\u2019homme ?\",\"acceptedAnswer\":{\"@type\":\"Answer\",\"text\":\"Oui, l\\u2019acide hyaluronique est particuli\\u00e8rement efficace pour traiter les cernes creux chez l\\u2019homme. Lorsqu\\u2019il est correctement inject\\u00e9, le r\\u00e9sultat reste naturel et discret.\"}},{\"@type\":\"Question\",\"name\":\"Quel type de cernes peut-on traiter avec l\\u2019acide hyaluronique ?\",\"acceptedAnswer\":{\"@type\":\"Answer\",\"text\":\"L\\u2019acide hyaluronique traite principalement les cernes creux, li\\u00e9s \\u00e0 une perte de volume sous-orbitaire. En revanche, les cernes pigmentaires ou vasculaires rel\\u00e8vent davantage d\\u2019autres approches, comme la m\\u00e9soth\\u00e9rapie, certains peelings ou des traitements laser selon les cas.\"}},{\"@type\":\"Question\",\"name\":\"Le traitement des cernes chez l\\u2019homme est-il diff\\u00e9rent de celui chez la femme ?\",\"acceptedAnswer\":{\"@type\":\"Answer\",\"text\":\"Oui. Chez l\\u2019homme, la peau est souvent plus \\u00e9paisse, la structure osseuse plus d\\u00e9velopp\\u00e9e et les attentes esth\\u00e9tiques diff\\u00e9rentes. Le traitement doit pr\\u00e9server la masculinit\\u00e9 du visage. L\\u2019objectif recherch\\u00e9 est g\\u00e9n\\u00e9ralement un regard moins fatigu\\u00e9, sans transformation visible.\"}},{\"@type\":\"Question\",\"name\":\"Combien de temps dure l\\u2019acide hyaluronique sous les yeux ?\",\"acceptedAnswer\":{\"@type\":\"Answer\",\"text\":\"Chez la majorit\\u00e9 des patients, les effets durent entre dix et douze mois. Cette dur\\u00e9e varie selon le m\\u00e9tabolisme, l\\u2019hygi\\u00e8ne de vie, la qualit\\u00e9 de peau et le produit utilis\\u00e9.\"}},{\"@type\":\"Question\",\"name\":\"Le traitement des cernes chez l\\u2019homme est-il douloureux ?\",\"acceptedAnswer\":{\"@type\":\"Answer\",\"text\":\"Le traitement est g\\u00e9n\\u00e9ralement tr\\u00e8s bien tol\\u00e9r\\u00e9. Les injections sont r\\u00e9alis\\u00e9es avec des canules fines. Une cr\\u00e8me anesth\\u00e9siante peut \\u00eatre propos\\u00e9e si n\\u00e9cessaire.\"}},{\"@type\":\"Question\",\"name\":\"Peut-on reprendre le travail apr\\u00e8s des injections des cernes ?\",\"acceptedAnswer\":{\"@type\":\"Answer\",\"text\":\"Oui. Dans la plupart des cas, il n\\u2019y a pas d\\u2019\\u00e9viction sociale. Une l\\u00e9g\\u00e8re rougeur, un discret \\u0153d\\u00e8me ou un petit bleu peuvent parfois survenir, mais ces effets restent transitoires et mod\\u00e9r\\u00e9s.\"}},{\"@type\":\"Question\",\"name\":\"Quels sont les risques d\\u2019un mauvais traitement des cernes ?\",\"acceptedAnswer\":{\"@type\":\"Answer\",\"text\":\"Un produit inadapt\\u00e9, trop hydrophile ou mal inject\\u00e9, peut entra\\u00eener gonflement, irr\\u00e9gularit\\u00e9s ou r\\u00e9sultat peu naturel.\"}},{\"@type\":\"Question\",\"name\":\"Pourquoi les hommes consultent-ils de plus en plus pour les cernes ?\",\"acceptedAnswer\":{\"@type\":\"Answer\",\"text\":\"Les hommes souhaitent aujourd\\u2019hui corriger les signes de fatigue tout en conservant leur identit\\u00e9 faciale. Dans les environnements professionnels exigeants, un regard fatigu\\u00e9 peut renvoyer une image erron\\u00e9e de stress ou de manque d\\u2019\\u00e9nergie.\"}},{\"@type\":\"Question\",\"name\":\"O\\u00f9 faire un traitement des cernes homme \\u00e0 Gen\\u00e8ve ?\",\"acceptedAnswer\":{\"@type\":\"Answer\",\"text\":\"Le traitement des cernes chez l\\u2019homme doit \\u00eatre r\\u00e9alis\\u00e9 dans un cadre m\\u00e9dical rigoureux, apr\\u00e8s analyse de la morphologie du regard, de la qualit\\u00e9 cutan\\u00e9e et des attentes esth\\u00e9tiques. \\u00c0 Gen\\u00e8ve, une prise en charge personnalis\\u00e9e permet d\\u2019obtenir un r\\u00e9sultat naturel, \\u00e9l\\u00e9gant et durable.\"}}]}<\/script>\n\t\t\t\t\t\t\t<\/div>\n\t\t\t\t<\/div>\n\t\t\t\t\t<\/div>\n\t\t\t\t<\/div>\n\t\t<div class=\"elementor-element elementor-element-b73f54b e-con-full e-flex e-con e-parent\" data-id=\"b73f54b\" data-element_type=\"container\" data-e-type=\"container\" data-settings=\"{&quot;jet_parallax_layout_list&quot;:[]}\">\n\t\t\t\t<div class=\"elementor-element elementor-element-f62a767 elementor-widget-divider--view-line elementor-widget elementor-widget-divider\" data-id=\"f62a767\" data-element_type=\"widget\" data-e-type=\"widget\" data-widget_type=\"divider.default\">\n\t\t\t\t<div class=\"elementor-widget-container\">\n\t\t\t\t\t\t\t<div class=\"elementor-divider\">\n\t\t\t<span class=\"elementor-divider-separator\">\n\t\t\t\t\t\t<\/span>\n\t\t<\/div>\n\t\t\t\t\t\t<\/div>\n\t\t\t\t<\/div>\n\t\t\t\t<div class=\"elementor-element elementor-element-ea257ed elementor-widget elementor-widget-heading\" data-id=\"ea257ed\" data-element_type=\"widget\" data-e-type=\"widget\" data-widget_type=\"heading.default\">\n\t\t\t\t<div class=\"elementor-widget-container\">\n\t\t\t\t\t<h2 class=\"elementor-heading-title elementor-size-default\">Autres Zones \u00c0  Traiter<\/h2>\t\t\t\t<\/div>\n\t\t\t\t<\/div>\n\t\t\t\t<div class=\"elementor-element elementor-element-ab4605b elementor-widget-divider--view-line elementor-widget elementor-widget-divider\" data-id=\"ab4605b\" data-element_type=\"widget\" data-e-type=\"widget\" data-widget_type=\"divider.default\">\n\t\t\t\t<div class=\"elementor-widget-container\">\n\t\t\t\t\t\t\t<div class=\"elementor-divider\">\n\t\t\t<span class=\"elementor-divider-separator\">\n\t\t\t\t\t\t<\/span>\n\t\t<\/div>\n\t\t\t\t\t\t<\/div>\n\t\t\t\t<\/div>\n\t\t<div class=\"elementor-element elementor-element-486b1f1 e-con-full e-flex e-con e-child\" data-id=\"486b1f1\" data-element_type=\"container\" data-e-type=\"container\" data-settings=\"{&quot;jet_parallax_layout_list&quot;:[]}\">\n\t\t<div class=\"elementor-element elementor-element-86e8055 e-flex e-con-boxed e-con e-child\" data-id=\"86e8055\" data-element_type=\"container\" data-e-type=\"container\" data-settings=\"{&quot;background_background&quot;:&quot;classic&quot;,&quot;jet_parallax_layout_list&quot;:[]}\">\n\t\t\t\t\t<div class=\"e-con-inner\">\n\t\t\t\t<div class=\"elementor-element elementor-element-f8b566a elementor-widget elementor-widget-heading\" data-id=\"f8b566a\" data-element_type=\"widget\" data-e-type=\"widget\" data-widget_type=\"heading.default\">\n\t\t\t\t<div class=\"elementor-widget-container\">\n\t\t\t\t\t<h2 class=\"elementor-heading-title elementor-size-default\"><a href=\"https:\/\/drromanovaleria.ch\/esthetique-hommes\/machoire-homme\/\">Mandibula de diamante<\/a><\/h2>\t\t\t\t<\/div>\n\t\t\t\t<\/div>\n\t\t\t\t\t<\/div>\n\t\t\t\t<\/div>\n\t\t\t\t<\/div>\n\t\t\t\t<\/div>\n\t\t\t\t<\/div>\n\t\t","protected":false},"excerpt":{"rendered":"<p>ACIDE HYALURONIQUE CERNES HOMME Si les cernes sont souvent associ\u00e9s \u00e0 la fatigue ou au stress, ils constituent \u00e9galement une pr\u00e9occupation esth\u00e9tique fr\u00e9quente chez les hommes. Le regard masculin, lorsqu\u2019il est marqu\u00e9 par des cernes creux ou pigmentaires, donne souvent une impression de fatigue permanente, voire de vieillissement pr\u00e9matur\u00e9. Face \u00e0 cette probl\u00e9matique, de plus [&hellip;]<\/p>\n","protected":false},"author":2,"featured_media":0,"parent":39,"menu_order":0,"comment_status":"closed","ping_status":"closed","template":"elementor_header_footer","meta":{"footnotes":""},"class_list":["post-64876","page","type-page","status-publish","hentry"],"yoast_head":"<!-- This site is optimized with the Yoast SEO plugin v27.5 - https:\/\/yoast.com\/product\/yoast-seo-wordpress\/ -->\n<title>Traitement cernes hommes par acide hyaluronique \u2013 Gen\u00e8ve - Dr Romano<\/title>\n<meta name=\"description\" content=\"Traitement des cernes chez l\u2019homme \u00e0 Gen\u00e8ve par acide hyaluronique : correction naturelle des creux sous les yeux, regard moins fatigu\u00e9, r\u00e9sultats harmonieux et personnalis\u00e9s. Consultation \u00e0 Gen\u00e8ve pour retrouver un regard repos\u00e9, structur\u00e9 et plus dynamique durablement.\" \/>\n<meta name=\"robots\" content=\"index, follow, max-snippet:-1, max-image-preview:large, max-video-preview:-1\" \/>\n<link rel=\"canonical\" href=\"https:\/\/drromanovaleria.ch\/en\/aesthetics-for-men\/cernes-homme\/\" \/>\n<meta property=\"og:locale\" content=\"en_GB\" \/>\n<meta property=\"og:type\" content=\"article\" \/>\n<meta property=\"og:title\" content=\"Traitement cernes hommes par acide hyaluronique \u2013 Gen\u00e8ve - Dr Romano\" \/>\n<meta property=\"og:description\" content=\"Traitement des cernes chez l\u2019homme \u00e0 Gen\u00e8ve par acide hyaluronique : correction naturelle des creux sous les yeux, regard moins fatigu\u00e9, r\u00e9sultats harmonieux et personnalis\u00e9s. Consultation \u00e0 Gen\u00e8ve pour retrouver un regard repos\u00e9, structur\u00e9 et plus dynamique durablement.\" \/>\n<meta property=\"og:url\" content=\"https:\/\/drromanovaleria.ch\/en\/aesthetics-for-men\/cernes-homme\/\" \/>\n<meta property=\"og:site_name\" content=\"Dr Romano\" \/>\n<meta property=\"article:modified_time\" content=\"2026-04-29T15:26:29+00:00\" \/>\n<meta property=\"og:image\" content=\"https:\/\/drromanovaleria.ch\/wp-content\/uploads\/2024\/05\/mandibula-de-diamante-homme.webp\" \/>\n\t<meta property=\"og:image:width\" content=\"300\" \/>\n\t<meta property=\"og:image:height\" content=\"277\" \/>\n\t<meta property=\"og:image:type\" content=\"image\/webp\" \/>\n<meta name=\"twitter:card\" content=\"summary_large_image\" \/>\n<meta name=\"twitter:label1\" content=\"Estimated reading time\" \/>\n\t<meta name=\"twitter:data1\" content=\"11 minutes\" \/>\n<script type=\"application\/ld+json\" class=\"yoast-schema-graph\">{\"@context\":\"https:\\\/\\\/schema.org\",\"@graph\":[{\"@type\":\"WebPage\",\"@id\":\"https:\\\/\\\/drromanovaleria.ch\\\/esthetique-hommes\\\/cernes-homme\\\/\",\"url\":\"https:\\\/\\\/drromanovaleria.ch\\\/esthetique-hommes\\\/cernes-homme\\\/\",\"name\":\"Traitement cernes hommes par acide hyaluronique \u2013 Gen\u00e8ve - Dr Romano\",\"isPartOf\":{\"@id\":\"https:\\\/\\\/drromanovaleria.ch\\\/#website\"},\"primaryImageOfPage\":{\"@id\":\"https:\\\/\\\/drromanovaleria.ch\\\/esthetique-hommes\\\/cernes-homme\\\/#primaryimage\"},\"image\":{\"@id\":\"https:\\\/\\\/drromanovaleria.ch\\\/esthetique-hommes\\\/cernes-homme\\\/#primaryimage\"},\"thumbnailUrl\":\"https:\\\/\\\/drromanovaleria.ch\\\/wp-content\\\/uploads\\\/2024\\\/05\\\/mandibula-de-diamante-homme.webp\",\"datePublished\":\"2026-04-29T12:31:23+00:00\",\"dateModified\":\"2026-04-29T15:26:29+00:00\",\"description\":\"Traitement des cernes chez l\u2019homme \u00e0 Gen\u00e8ve par acide hyaluronique : correction naturelle des creux sous les yeux, regard moins fatigu\u00e9, r\u00e9sultats harmonieux et personnalis\u00e9s. Consultation \u00e0 Gen\u00e8ve pour retrouver un regard repos\u00e9, structur\u00e9 et plus dynamique durablement.\",\"breadcrumb\":{\"@id\":\"https:\\\/\\\/drromanovaleria.ch\\\/esthetique-hommes\\\/cernes-homme\\\/#breadcrumb\"},\"inLanguage\":\"en-GB\",\"potentialAction\":[{\"@type\":\"ReadAction\",\"target\":[\"https:\\\/\\\/drromanovaleria.ch\\\/esthetique-hommes\\\/cernes-homme\\\/\"]}]},{\"@type\":\"ImageObject\",\"inLanguage\":\"en-GB\",\"@id\":\"https:\\\/\\\/drromanovaleria.ch\\\/esthetique-hommes\\\/cernes-homme\\\/#primaryimage\",\"url\":\"https:\\\/\\\/drromanovaleria.ch\\\/wp-content\\\/uploads\\\/2024\\\/05\\\/mandibula-de-diamante-homme.webp\",\"contentUrl\":\"https:\\\/\\\/drromanovaleria.ch\\\/wp-content\\\/uploads\\\/2024\\\/05\\\/mandibula-de-diamante-homme.webp\"},{\"@type\":\"BreadcrumbList\",\"@id\":\"https:\\\/\\\/drromanovaleria.ch\\\/esthetique-hommes\\\/cernes-homme\\\/#breadcrumb\",\"itemListElement\":[{\"@type\":\"ListItem\",\"position\":1,\"name\":\"Accueil\",\"item\":\"https:\\\/\\\/drromanovaleria.ch\\\/\"},{\"@type\":\"ListItem\",\"position\":2,\"name\":\"Homme\",\"item\":\"https:\\\/\\\/drromanovaleria.ch\\\/esthetique-hommes\\\/\"},{\"@type\":\"ListItem\",\"position\":3,\"name\":\"Cernes homme\"}]},{\"@type\":\"WebSite\",\"@id\":\"https:\\\/\\\/drromanovaleria.ch\\\/#website\",\"url\":\"https:\\\/\\\/drromanovaleria.ch\\\/\",\"name\":\"Dr Romano\",\"description\":\"M\u00e9decine morphologique et anti-\u00e2ge\",\"potentialAction\":[{\"@type\":\"SearchAction\",\"target\":{\"@type\":\"EntryPoint\",\"urlTemplate\":\"https:\\\/\\\/drromanovaleria.ch\\\/?s={search_term_string}\"},\"query-input\":{\"@type\":\"PropertyValueSpecification\",\"valueRequired\":true,\"valueName\":\"search_term_string\"}}],\"inLanguage\":\"en-GB\"}]}<\/script>\n<!-- \/ Yoast SEO plugin. -->","yoast_head_json":{"title":"Traitement cernes hommes par acide hyaluronique \u2013 Gen\u00e8ve - Dr Romano","description":"Traitement des cernes chez l\u2019homme \u00e0 Gen\u00e8ve par acide hyaluronique : correction naturelle des creux sous les yeux, regard moins fatigu\u00e9, r\u00e9sultats harmonieux et personnalis\u00e9s. Consultation \u00e0 Gen\u00e8ve pour retrouver un regard repos\u00e9, structur\u00e9 et plus dynamique durablement.","robots":{"index":"index","follow":"follow","max-snippet":"max-snippet:-1","max-image-preview":"max-image-preview:large","max-video-preview":"max-video-preview:-1"},"canonical":"https:\/\/drromanovaleria.ch\/en\/aesthetics-for-men\/cernes-homme\/","og_locale":"en_GB","og_type":"article","og_title":"Traitement cernes hommes par acide hyaluronique \u2013 Gen\u00e8ve - Dr Romano","og_description":"Traitement des cernes chez l\u2019homme \u00e0 Gen\u00e8ve par acide hyaluronique : correction naturelle des creux sous les yeux, regard moins fatigu\u00e9, r\u00e9sultats harmonieux et personnalis\u00e9s. Consultation \u00e0 Gen\u00e8ve pour retrouver un regard repos\u00e9, structur\u00e9 et plus dynamique durablement.","og_url":"https:\/\/drromanovaleria.ch\/en\/aesthetics-for-men\/cernes-homme\/","og_site_name":"Dr Romano","article_modified_time":"2026-04-29T15:26:29+00:00","og_image":[{"width":300,"height":277,"url":"https:\/\/drromanovaleria.ch\/wp-content\/uploads\/2024\/05\/mandibula-de-diamante-homme.webp","type":"image\/webp"}],"twitter_card":"summary_large_image","twitter_misc":{"Estimated reading time":"11 minutes"},"schema":{"@context":"https:\/\/schema.org","@graph":[{"@type":"WebPage","@id":"https:\/\/drromanovaleria.ch\/esthetique-hommes\/cernes-homme\/","url":"https:\/\/drromanovaleria.ch\/esthetique-hommes\/cernes-homme\/","name":"Traitement cernes hommes par acide hyaluronique \u2013 Gen\u00e8ve - Dr Romano","isPartOf":{"@id":"https:\/\/drromanovaleria.ch\/#website"},"primaryImageOfPage":{"@id":"https:\/\/drromanovaleria.ch\/esthetique-hommes\/cernes-homme\/#primaryimage"},"image":{"@id":"https:\/\/drromanovaleria.ch\/esthetique-hommes\/cernes-homme\/#primaryimage"},"thumbnailUrl":"https:\/\/drromanovaleria.ch\/wp-content\/uploads\/2024\/05\/mandibula-de-diamante-homme.webp","datePublished":"2026-04-29T12:31:23+00:00","dateModified":"2026-04-29T15:26:29+00:00","description":"Traitement des cernes chez l\u2019homme \u00e0 Gen\u00e8ve par acide hyaluronique : correction naturelle des creux sous les yeux, regard moins fatigu\u00e9, r\u00e9sultats harmonieux et personnalis\u00e9s. Consultation \u00e0 Gen\u00e8ve pour retrouver un regard repos\u00e9, structur\u00e9 et plus dynamique durablement.","breadcrumb":{"@id":"https:\/\/drromanovaleria.ch\/esthetique-hommes\/cernes-homme\/#breadcrumb"},"inLanguage":"en-GB","potentialAction":[{"@type":"ReadAction","target":["https:\/\/drromanovaleria.ch\/esthetique-hommes\/cernes-homme\/"]}]},{"@type":"ImageObject","inLanguage":"en-GB","@id":"https:\/\/drromanovaleria.ch\/esthetique-hommes\/cernes-homme\/#primaryimage","url":"https:\/\/drromanovaleria.ch\/wp-content\/uploads\/2024\/05\/mandibula-de-diamante-homme.webp","contentUrl":"https:\/\/drromanovaleria.ch\/wp-content\/uploads\/2024\/05\/mandibula-de-diamante-homme.webp"},{"@type":"BreadcrumbList","@id":"https:\/\/drromanovaleria.ch\/esthetique-hommes\/cernes-homme\/#breadcrumb","itemListElement":[{"@type":"ListItem","position":1,"name":"Accueil","item":"https:\/\/drromanovaleria.ch\/"},{"@type":"ListItem","position":2,"name":"Homme","item":"https:\/\/drromanovaleria.ch\/esthetique-hommes\/"},{"@type":"ListItem","position":3,"name":"Cernes homme"}]},{"@type":"WebSite","@id":"https:\/\/drromanovaleria.ch\/#website","url":"https:\/\/drromanovaleria.ch\/","name":"Dr Romano","description":"Morphological and anti-ageing medicine","potentialAction":[{"@type":"SearchAction","target":{"@type":"EntryPoint","urlTemplate":"https:\/\/drromanovaleria.ch\/?s={search_term_string}"},"query-input":{"@type":"PropertyValueSpecification","valueRequired":true,"valueName":"search_term_string"}}],"inLanguage":"en-GB"}]}},"amp_enabled":false,"_links":{"self":[{"href":"https:\/\/drromanovaleria.ch\/en\/wp-json\/wp\/v2\/pages\/64876","targetHints":{"allow":["GET"]}}],"collection":[{"href":"https:\/\/drromanovaleria.ch\/en\/wp-json\/wp\/v2\/pages"}],"about":[{"href":"https:\/\/drromanovaleria.ch\/en\/wp-json\/wp\/v2\/types\/page"}],"author":[{"embeddable":true,"href":"https:\/\/drromanovaleria.ch\/en\/wp-json\/wp\/v2\/users\/2"}],"replies":[{"embeddable":true,"href":"https:\/\/drromanovaleria.ch\/en\/wp-json\/wp\/v2\/comments?post=64876"}],"version-history":[{"count":5,"href":"https:\/\/drromanovaleria.ch\/en\/wp-json\/wp\/v2\/pages\/64876\/revisions"}],"predecessor-version":[{"id":64916,"href":"https:\/\/drromanovaleria.ch\/en\/wp-json\/wp\/v2\/pages\/64876\/revisions\/64916"}],"up":[{"embeddable":true,"href":"https:\/\/drromanovaleria.ch\/en\/wp-json\/wp\/v2\/pages\/39"}],"wp:attachment":[{"href":"https:\/\/drromanovaleria.ch\/en\/wp-json\/wp\/v2\/media?parent=64876"}],"curies":[{"name":"wp","href":"https:\/\/api.w.org\/{rel}","templated":true}]}}