{"id":62537,"date":"2026-04-02T11:46:17","date_gmt":"2026-04-02T09:46:17","guid":{"rendered":"https:\/\/drromanovaleria.ch\/?post_type=infographie&#038;p=62537"},"modified":"2026-04-14T22:16:39","modified_gmt":"2026-04-14T20:16:39","slug":"photorejuvenation-laser-before-after","status":"publish","type":"infographie","link":"https:\/\/drromanovaleria.ch\/en\/infographie\/photorajeunissement-laser-avant-apres\/","title":{"rendered":"Photorajeunissement laser avant apr\u00e8s : quels r\u00e9sultats attendre ?"},"content":{"rendered":"\t\t<div data-elementor-type=\"wp-post\" data-elementor-id=\"62537\" class=\"elementor elementor-62537\" data-elementor-post-type=\"infographie\">\n\t\t\t\t<div class=\"elementor-element elementor-element-eba0e56 e-flex e-con-boxed e-con e-parent\" data-id=\"eba0e56\" data-element_type=\"container\" data-e-type=\"container\" data-settings=\"{&quot;background_background&quot;:&quot;classic&quot;,&quot;jet_parallax_layout_list&quot;:[]}\">\n\t\t\t\t\t<div class=\"e-con-inner\">\n\t\t<div class=\"elementor-element elementor-element-ae6ecdc e-con-full e-flex e-con e-child\" data-id=\"ae6ecdc\" data-element_type=\"container\" data-e-type=\"container\" data-settings=\"{&quot;background_background&quot;:&quot;classic&quot;,&quot;jet_parallax_layout_list&quot;:[]}\">\n\t\t\t\t<div class=\"elementor-element elementor-element-ff3071c elementor-widget__width-initial elementor-widget elementor-widget-heading\" data-id=\"ff3071c\" data-element_type=\"widget\" data-e-type=\"widget\" data-widget_type=\"heading.default\">\n\t\t\t\t<div class=\"elementor-widget-container\">\n\t\t\t\t\t<h1 class=\"elementor-heading-title elementor-size-default\">PHOTORAJUNISSEMENT LASER AVANT APR\u00c8S : QUELS R\u00c9SULTATS ATTENDRE ?\n<\/h1>\t\t\t\t<\/div>\n\t\t\t\t<\/div>\n\t\t\t\t<div class=\"elementor-element elementor-element-8c48a58 elementor-align-center elementor-widget elementor-widget-breadcrumbs\" data-id=\"8c48a58\" data-element_type=\"widget\" data-e-type=\"widget\" data-widget_type=\"breadcrumbs.default\">\n\t\t\t\t<div class=\"elementor-widget-container\">\n\t\t\t\t\t<p id=\"breadcrumbs\"><span><span><a href=\"https:\/\/drromanovaleria.ch\/\">Accueil<\/a><\/span><\/span><\/p>\t\t\t\t<\/div>\n\t\t\t\t<\/div>\n\t\t\t\t<\/div>\n\t\t\t\t\t<\/div>\n\t\t\t\t<\/div>\n\t\t<div class=\"elementor-element elementor-element-51cfa2c e-flex e-con-boxed e-con e-parent\" data-id=\"51cfa2c\" data-element_type=\"container\" data-e-type=\"container\" data-settings=\"{&quot;jet_parallax_layout_list&quot;:[]}\">\n\t\t\t\t\t<div class=\"e-con-inner\">\n\t\t<div class=\"elementor-element elementor-element-90ec3ee e-flex e-con-boxed e-con e-child\" data-id=\"90ec3ee\" data-element_type=\"container\" data-e-type=\"container\" data-settings=\"{&quot;jet_parallax_layout_list&quot;:[]}\">\n\t\t\t\t\t<div class=\"e-con-inner\">\n\t\t<div class=\"elementor-element elementor-element-aaa628d e-con-full e-flex e-con e-child\" data-id=\"aaa628d\" data-element_type=\"container\" data-e-type=\"container\" data-settings=\"{&quot;background_background&quot;:&quot;classic&quot;,&quot;jet_parallax_layout_list&quot;:[]}\">\n\t\t\t\t<div class=\"elementor-element elementor-element-4cbd0a4 elementor-widget elementor-widget-text-editor\" data-id=\"4cbd0a4\" data-element_type=\"widget\" data-e-type=\"widget\" data-widget_type=\"text-editor.default\">\n\t\t\t\t<div class=\"elementor-widget-container\">\n\t\t\t\t\t\t\t\t\t<h2>R\u00e9sultats du photorajeunissement laser<\/h2>\t\t\t\t\t\t\t\t<\/div>\n\t\t\t\t<\/div>\n\t\t\t\t<div class=\"elementor-element elementor-element-bddf063 elementor-widget elementor-widget-text-editor\" data-id=\"bddf063\" data-element_type=\"widget\" data-e-type=\"widget\" data-widget_type=\"text-editor.default\">\n\t\t\t\t<div class=\"elementor-widget-container\">\n\t\t\t\t\t\t\t\t\t<p>Le <a href=\"https:\/\/drromanovaleria.ch\/solutions\/lasers\/photorajeunissement\/\">photorajeunissement laser<\/a> fait aujourd\u2019hui partie des traitements de r\u00e9f\u00e9rence pour am\u00e9liorer la qualit\u00e9 de la peau sans passer par des techniques invasives. Mais au-del\u00e0 de la th\u00e9orie, une question revient presque toujours en consultation : \u00e0 quoi ressemblent vraiment les r\u00e9sultats avant\/apr\u00e8s ?<br \/>Contrairement \u00e0 des interventions plus spectaculaires, ici, il n\u2019y a pas de transformation radicale du visage. Le photorajeunissement agit en douceur, en am\u00e9liorant progressivement la peau de l\u2019int\u00e9rieur.<br \/>Les changements sont donc subtils, naturels et \u00e9voluent avec le temps \u2014 et c\u2019est justement ce qui fait toute sa force.<\/p>\t\t\t\t\t\t\t\t<\/div>\n\t\t\t\t<\/div>\n\t\t\t\t<\/div>\n\t\t\t\t\t<\/div>\n\t\t\t\t<\/div>\n\t\t<div class=\"elementor-element elementor-element-9db5be9 e-flex e-con-boxed e-con e-child\" data-id=\"9db5be9\" data-element_type=\"container\" data-e-type=\"container\" data-settings=\"{&quot;jet_parallax_layout_list&quot;:[]}\">\n\t\t\t\t\t<div class=\"e-con-inner\">\n\t\t\t\t<div class=\"elementor-element elementor-element-e184e20 elementor-widget elementor-widget-image\" data-id=\"e184e20\" data-element_type=\"widget\" data-e-type=\"widget\" data-widget_type=\"image.default\">\n\t\t\t\t<div class=\"elementor-widget-container\">\n\t\t\t\t\t\t\t\t\t\t\t\t\t\t\t<img fetchpriority=\"high\" decoding=\"async\" width=\"300\" height=\"220\" src=\"https:\/\/drromanovaleria.ch\/wp-content\/uploads\/2024\/05\/hydratation-peau.webp\" class=\"attachment-medium size-medium wp-image-4852\" alt=\"image peau jeune hydrat\u00e9e\" srcset=\"https:\/\/drromanovaleria.ch\/wp-content\/uploads\/2024\/05\/hydratation-peau.webp 300w, https:\/\/drromanovaleria.ch\/wp-content\/uploads\/2024\/05\/hydratation-peau-16x12.webp 16w\" sizes=\"(max-width: 300px) 100vw, 300px\" \/>\t\t\t\t\t\t\t\t\t\t\t\t\t\t\t<\/div>\n\t\t\t\t<\/div>\n\t\t\t\t<div class=\"elementor-element elementor-element-84174c7 elementor-align-center elementor-widget elementor-widget-button\" data-id=\"84174c7\" data-element_type=\"widget\" data-e-type=\"widget\" data-widget_type=\"button.default\">\n\t\t\t\t<div class=\"elementor-widget-container\">\n\t\t\t\t\t\t\t\t\t<div class=\"elementor-button-wrapper\">\n\t\t\t\t\t<a class=\"elementor-button elementor-button-link elementor-size-sm\" href=\"https:\/\/drromanovaleria.ch\/contactez-le-dr-romano\/\">\n\t\t\t\t\t\t<span class=\"elementor-button-content-wrapper\">\n\t\t\t\t\t\t\t\t\t<span class=\"elementor-button-text\">Prendre rendez-vous<\/span>\n\t\t\t\t\t<\/span>\n\t\t\t\t\t<\/a>\n\t\t\t\t<\/div>\n\t\t\t\t\t\t\t\t<\/div>\n\t\t\t\t<\/div>\n\t\t\t\t\t<\/div>\n\t\t\t\t<\/div>\n\t\t\t\t\t<\/div>\n\t\t\t\t<\/div>\n\t\t<div class=\"elementor-element elementor-element-e93eda5 e-flex e-con-boxed e-con e-parent\" data-id=\"e93eda5\" data-element_type=\"container\" data-e-type=\"container\" data-settings=\"{&quot;jet_parallax_layout_list&quot;:[]}\">\n\t\t\t\t\t<div class=\"e-con-inner\">\n\t\t\t\t<div class=\"elementor-element elementor-element-93c60a4 elementor-toc--content-ellipsis elementor-toc--minimized-on-desktop elementor-widget elementor-widget-table-of-contents\" data-id=\"93c60a4\" data-element_type=\"widget\" data-e-type=\"widget\" data-settings=\"{&quot;exclude_headings_by_selector&quot;:[],&quot;minimized_on&quot;:&quot;desktop&quot;,&quot;no_headings_message&quot;:&quot;Aucun titre n\\u2019a \\u00e9t\\u00e9 trouv\\u00e9 sur cette page.&quot;,&quot;headings_by_tags&quot;:[&quot;h2&quot;,&quot;h3&quot;,&quot;h4&quot;,&quot;h5&quot;,&quot;h6&quot;],&quot;marker_view&quot;:&quot;numbers&quot;,&quot;minimize_box&quot;:&quot;yes&quot;,&quot;hierarchical_view&quot;:&quot;yes&quot;,&quot;min_height&quot;:{&quot;unit&quot;:&quot;px&quot;,&quot;size&quot;:&quot;&quot;,&quot;sizes&quot;:[]},&quot;min_height_tablet&quot;:{&quot;unit&quot;:&quot;px&quot;,&quot;size&quot;:&quot;&quot;,&quot;sizes&quot;:[]},&quot;min_height_mobile&quot;:{&quot;unit&quot;:&quot;px&quot;,&quot;size&quot;:&quot;&quot;,&quot;sizes&quot;:[]}}\" data-widget_type=\"table-of-contents.default\">\n\t\t\t\t<div class=\"elementor-widget-container\">\n\t\t\t\t\t\t\t\t\t<div class=\"elementor-toc__header\">\n\t\t\t\t\t\t<h2 class=\"elementor-toc__header-title\">\n\t\t\t\tSommaire\t\t\t<\/h2>\n\t\t\t\t\t\t\t\t\t\t<div class=\"elementor-toc__toggle-button elementor-toc__toggle-button--expand\" role=\"button\" tabindex=\"0\" aria-controls=\"elementor-toc__93c60a4\" aria-expanded=\"true\" aria-label=\"Ouvrir la table des mati\u00e8res\"><svg aria-hidden=\"true\" class=\"e-font-icon-svg e-fas-chevron-down\" viewBox=\"0 0 448 512\" xmlns=\"http:\/\/www.w3.org\/2000\/svg\"><path d=\"M207.029 381.476L12.686 187.132c-9.373-9.373-9.373-24.569 0-33.941l22.667-22.667c9.357-9.357 24.522-9.375 33.901-.04L224 284.505l154.745-154.021c9.379-9.335 24.544-9.317 33.901.04l22.667 22.667c9.373 9.373 9.373 24.569 0 33.941L240.971 381.476c-9.373 9.372-24.569 9.372-33.942 0z\"><\/path><\/svg><\/div>\n\t\t\t\t<div class=\"elementor-toc__toggle-button elementor-toc__toggle-button--collapse\" role=\"button\" tabindex=\"0\" aria-controls=\"elementor-toc__93c60a4\" aria-expanded=\"true\" aria-label=\"Fermer la table des mati\u00e8res\"><svg aria-hidden=\"true\" class=\"e-font-icon-svg e-fas-chevron-up\" viewBox=\"0 0 448 512\" xmlns=\"http:\/\/www.w3.org\/2000\/svg\"><path d=\"M240.971 130.524l194.343 194.343c9.373 9.373 9.373 24.569 0 33.941l-22.667 22.667c-9.357 9.357-24.522 9.375-33.901.04L224 227.495 69.255 381.516c-9.379 9.335-24.544 9.317-33.901-.04l-22.667-22.667c-9.373-9.373-9.373-24.569 0-33.941L207.03 130.525c9.372-9.373 24.568-9.373 33.941-.001z\"><\/path><\/svg><\/div>\n\t\t\t\t\t<\/div>\n\t\t\t\t<div id=\"elementor-toc__93c60a4\" class=\"elementor-toc__body\">\n\t\t\t<div class=\"elementor-toc__spinner-container\">\n\t\t\t\t<svg class=\"elementor-toc__spinner eicon-animation-spin e-font-icon-svg e-eicon-loading\" aria-hidden=\"true\" viewBox=\"0 0 1000 1000\" xmlns=\"http:\/\/www.w3.org\/2000\/svg\"><path d=\"M500 975V858C696 858 858 696 858 500S696 142 500 142 142 304 142 500H25C25 237 238 25 500 25S975 237 975 500 763 975 500 975Z\"><\/path><\/svg>\t\t\t<\/div>\n\t\t<\/div>\n\t\t\t\t\t\t<\/div>\n\t\t\t\t<\/div>\n\t\t\t\t\t<\/div>\n\t\t\t\t<\/div>\n\t\t<div class=\"elementor-element elementor-element-d2f8441 e-flex e-con-boxed e-con e-parent\" data-id=\"d2f8441\" data-element_type=\"container\" data-e-type=\"container\" data-settings=\"{&quot;jet_parallax_layout_list&quot;:[]}\">\n\t\t\t\t\t<div class=\"e-con-inner\">\n\t\t\t\t<div class=\"elementor-element elementor-element-3ade078 elementor-widget elementor-widget-text-editor\" data-id=\"3ade078\" data-element_type=\"widget\" data-e-type=\"widget\" data-widget_type=\"text-editor.default\">\n\t\t\t\t<div class=\"elementor-widget-container\">\n\t\t\t\t\t\t\t\t\t<h2>Avant le photorajeunissement : une peau marqu\u00e9e par le temps et l\u2019environnement<\/h2>\t\t\t\t\t\t\t\t<\/div>\n\t\t\t\t<\/div>\n\t\t\t\t<div class=\"elementor-element elementor-element-52ebf55 elementor-widget-divider--view-line elementor-widget elementor-widget-divider\" data-id=\"52ebf55\" data-element_type=\"widget\" data-e-type=\"widget\" data-widget_type=\"divider.default\">\n\t\t\t\t<div class=\"elementor-widget-container\">\n\t\t\t\t\t\t\t<div class=\"elementor-divider\">\n\t\t\t<span class=\"elementor-divider-separator\">\n\t\t\t\t\t\t<\/span>\n\t\t<\/div>\n\t\t\t\t\t\t<\/div>\n\t\t\t\t<\/div>\n\t\t\t\t<div class=\"elementor-element elementor-element-ae68011 elementor-widget elementor-widget-text-editor\" data-id=\"ae68011\" data-element_type=\"widget\" data-e-type=\"widget\" data-widget_type=\"text-editor.default\">\n\t\t\t\t<div class=\"elementor-widget-container\">\n\t\t\t\t\t\t\t\t\t<p>Avant le traitement, la peau pr\u00e9sente souvent des signes de vieillissement li\u00e9s \u00e0 plusieurs facteurs : le temps, l\u2019exposition solaire, le stress oxydatif ou encore les variations hormonales.<br \/>Cliniquement, cela se traduit par une alt\u00e9ration progressive de la qualit\u00e9 cutan\u00e9e. Le teint devient plus terne, moins homog\u00e8ne. La peau perd en luminosit\u00e9 et en densit\u00e9. Les premi\u00e8res ridules apparaissent, accompagn\u00e9es parfois d\u2019une perte de fermet\u00e9 discr\u00e8te.<br \/>Les irr\u00e9gularit\u00e9s de texture deviennent plus visibles, avec des pores dilat\u00e9s et une surface cutan\u00e9e moins lisse. Des rougeurs diffuses ou des taches pigmentaires l\u00e9g\u00e8res peuvent \u00e9galement s\u2019installer, contribuant \u00e0 un aspect globalement fatigu\u00e9.<br \/>Sur le plan biologique, ces manifestations sont li\u00e9es \u00e0 une diminution de la production de collag\u00e8ne et d\u2019\u00e9lastine, ainsi qu\u2019\u00e0 une d\u00e9sorganisation des fibres dermiques. La microcirculation cutan\u00e9e est \u00e9galement moins efficace, ce qui impacte directement l\u2019\u00e9clat du teint.<\/p>\t\t\t\t\t\t\t\t<\/div>\n\t\t\t\t<\/div>\n\t\t\t\t\t<\/div>\n\t\t\t\t<\/div>\n\t\t<div class=\"elementor-element elementor-element-a4eb7ad e-flex e-con-boxed e-con e-parent\" data-id=\"a4eb7ad\" data-element_type=\"container\" data-e-type=\"container\" data-settings=\"{&quot;jet_parallax_layout_list&quot;:[]}\">\n\t\t\t\t\t<div class=\"e-con-inner\">\n\t\t\t\t<div class=\"elementor-element elementor-element-ab93875 elementor-widget elementor-widget-text-editor\" data-id=\"ab93875\" data-element_type=\"widget\" data-e-type=\"widget\" data-widget_type=\"text-editor.default\">\n\t\t\t\t<div class=\"elementor-widget-container\">\n\t\t\t\t\t\t\t\t\t<h2>Apr\u00e8s le photorajeunissement : une am\u00e9lioration progressive et naturelle<\/h2>\t\t\t\t\t\t\t\t<\/div>\n\t\t\t\t<\/div>\n\t\t\t\t<div class=\"elementor-element elementor-element-960112d elementor-widget-divider--view-line elementor-widget elementor-widget-divider\" data-id=\"960112d\" data-element_type=\"widget\" data-e-type=\"widget\" data-widget_type=\"divider.default\">\n\t\t\t\t<div class=\"elementor-widget-container\">\n\t\t\t\t\t\t\t<div class=\"elementor-divider\">\n\t\t\t<span class=\"elementor-divider-separator\">\n\t\t\t\t\t\t<\/span>\n\t\t<\/div>\n\t\t\t\t\t\t<\/div>\n\t\t\t\t<\/div>\n\t\t\t\t<div class=\"elementor-element elementor-element-0581dda elementor-widget elementor-widget-text-editor\" data-id=\"0581dda\" data-element_type=\"widget\" data-e-type=\"widget\" data-widget_type=\"text-editor.default\">\n\t\t\t\t<div class=\"elementor-widget-container\">\n\t\t\t\t\t\t\t\t\t<p>Apr\u00e8s un photorajeunissement laser, les r\u00e9sultats ne sont pas imm\u00e9diats \u2014 et c\u2019est tout \u00e0 fait normal. Ils reposent sur un processus biologique de r\u00e9g\u00e9n\u00e9ration : la chaleur diffus\u00e9e dans le derme stimule les fibroblastes, ce qui d\u00e9clenche progressivement la production de nouveau collag\u00e8ne.<br \/>Au fil des semaines, la peau \u00e9volue de mani\u00e8re visible, mais toujours en douceur. Le teint devient plus lumineux, la texture s\u2019affine, la peau gagne en fermet\u00e9 et les petites irr\u00e9gularit\u00e9s s\u2019estompent peu \u00e0 peu.<br \/>Le rendu reste tr\u00e8s naturel. Les traits ne changent pas, mais la peau para\u00eet plus saine, plus uniforme, comme revitalis\u00e9e. Beaucoup d\u00e9crivent cet effet comme un v\u00e9ritable \u201c<a href=\"https:\/\/drromanovaleria.ch\/besoins\/peau-et-cheveux\/coup-eclat-visage\/\">coup d\u2019\u00e9clat<\/a>\u201d durable, sans transformation artificielle.<br \/>En g\u00e9n\u00e9ral, une am\u00e9lioration se per\u00e7oit d\u00e8s les premi\u00e8res semaines. Mais le r\u00e9sultat optimal s\u2019installe avec le temps, apr\u00e8s plusieurs s\u00e9ances, lorsque la production de collag\u00e8ne atteint son plein potentiel.<\/p>\t\t\t\t\t\t\t\t<\/div>\n\t\t\t\t<\/div>\n\t\t\t\t\t<\/div>\n\t\t\t\t<\/div>\n\t\t<div class=\"elementor-element elementor-element-a4cd906 e-flex e-con-boxed e-con e-parent\" data-id=\"a4cd906\" data-element_type=\"container\" data-e-type=\"container\" data-settings=\"{&quot;jet_parallax_layout_list&quot;:[]}\">\n\t\t\t\t\t<div class=\"e-con-inner\">\n\t\t\t\t<div class=\"elementor-element elementor-element-47f0f3d elementor-widget elementor-widget-text-editor\" data-id=\"47f0f3d\" data-element_type=\"widget\" data-e-type=\"widget\" data-widget_type=\"text-editor.default\">\n\t\t\t\t<div class=\"elementor-widget-container\">\n\t\t\t\t\t\t\t\t\t<h2>Avant apr\u00e8s : am\u00e9lioration de la qualit\u00e9 de peau<\/h2>\t\t\t\t\t\t\t\t<\/div>\n\t\t\t\t<\/div>\n\t\t\t\t<div class=\"elementor-element elementor-element-d2c282a elementor-widget-divider--view-line elementor-widget elementor-widget-divider\" data-id=\"d2c282a\" data-element_type=\"widget\" data-e-type=\"widget\" data-widget_type=\"divider.default\">\n\t\t\t\t<div class=\"elementor-widget-container\">\n\t\t\t\t\t\t\t<div class=\"elementor-divider\">\n\t\t\t<span class=\"elementor-divider-separator\">\n\t\t\t\t\t\t<\/span>\n\t\t<\/div>\n\t\t\t\t\t\t<\/div>\n\t\t\t\t<\/div>\n\t\t\t\t<div class=\"elementor-element elementor-element-8ddefbf elementor-widget elementor-widget-text-editor\" data-id=\"8ddefbf\" data-element_type=\"widget\" data-e-type=\"widget\" data-widget_type=\"text-editor.default\">\n\t\t\t\t<div class=\"elementor-widget-container\">\n\t\t\t\t\t\t\t\t\t<p>Le photorajeunissement laser n\u2019est pas un traitement de transformation, mais d\u2019am\u00e9lioration qualitative. Les photos avant apr\u00e8s montrent une peau plus , plus lisse, plus lumineuse, mais toujours fid\u00e8le \u00e0 elle-m\u00eame.<br \/>Les changements les plus visibles concernent la texture et l\u2019homog\u00e9n\u00e9it\u00e9 du teint. Les pores sont l\u00e9g\u00e8rement resserr\u00e9s, les <a href=\"https:\/\/drromanovaleria.ch\/besoins\/rides\/ridules\/\">ridules<\/a> superficielles sont att\u00e9nu\u00e9es, et la peau retrouve une certaine densit\u00e9.<br \/>Cette approche est particuli\u00e8rement adapt\u00e9e aux patients qui souhaitent un r\u00e9sultat discret. Elle s\u2019inscrit dans une logique de pr\u00e9vention et d\u2019entretien du vieillissement cutan\u00e9.<\/p>\t\t\t\t\t\t\t\t<\/div>\n\t\t\t\t<\/div>\n\t\t\t\t\t<\/div>\n\t\t\t\t<\/div>\n\t\t<div class=\"elementor-element elementor-element-1dba3c5 e-flex e-con-boxed e-con e-parent\" data-id=\"1dba3c5\" data-element_type=\"container\" data-e-type=\"container\" data-settings=\"{&quot;jet_parallax_layout_list&quot;:[]}\">\n\t\t\t\t\t<div class=\"e-con-inner\">\n\t\t\t\t<div class=\"elementor-element elementor-element-1babe57 elementor-widget elementor-widget-text-editor\" data-id=\"1babe57\" data-element_type=\"widget\" data-e-type=\"widget\" data-widget_type=\"text-editor.default\">\n\t\t\t\t<div class=\"elementor-widget-container\">\n\t\t\t\t\t\t\t\t\t<h2>R\u00e9sultats selon les indications : ce que l\u2019on peut r\u00e9ellement corriger<\/h2>\t\t\t\t\t\t\t\t<\/div>\n\t\t\t\t<\/div>\n\t\t\t\t<div class=\"elementor-element elementor-element-9a6e3b4 elementor-widget-divider--view-line elementor-widget elementor-widget-divider\" data-id=\"9a6e3b4\" data-element_type=\"widget\" data-e-type=\"widget\" data-widget_type=\"divider.default\">\n\t\t\t\t<div class=\"elementor-widget-container\">\n\t\t\t\t\t\t\t<div class=\"elementor-divider\">\n\t\t\t<span class=\"elementor-divider-separator\">\n\t\t\t\t\t\t<\/span>\n\t\t<\/div>\n\t\t\t\t\t\t<\/div>\n\t\t\t\t<\/div>\n\t\t\t\t<div class=\"elementor-element elementor-element-9ef5194 elementor-widget elementor-widget-text-editor\" data-id=\"9ef5194\" data-element_type=\"widget\" data-e-type=\"widget\" data-widget_type=\"text-editor.default\">\n\t\t\t\t<div class=\"elementor-widget-container\">\n\t\t\t\t\t\t\t\t\t<p>Les r\u00e9sultats du photorajeunissement d\u00e9pendent beaucoup de l\u2019\u00e9tat initial de la peau, mais certaines indications r\u00e9pondent particuli\u00e8rement bien au traitement.<br \/>La perte d\u2019\u00e9clat, par exemple, est souvent la premi\u00e8re \u00e0 s\u2019am\u00e9liorer. D\u00e8s les premi\u00e8res s\u00e9ances, la peau para\u00eet plus lumineuse, plus fra\u00eeche, comme revitalis\u00e9e. La texture s\u2019am\u00e9liore aussi progressivement : la peau devient plus lisse, plus r\u00e9guli\u00e8re, avec un grain de peau visiblement am\u00e9lior\u00e9.<br \/>Les ridules superficielles peuvent s\u2019att\u00e9nuer, notamment gr\u00e2ce \u00e0 la stimulation de la synth\u00e8se de collag\u00e8ne. Les rougeurs diffuses et certaines petites taches pigmentaires ont tendance \u00e0 s\u2019estomper, ce qui rend le teint plus homog\u00e8ne.<br \/>En revanche, il est important de rester r\u00e9aliste : les rides profondes et le rel\u00e2chement cutan\u00e9 marqu\u00e9 ne sont pas r\u00e9ellement corrig\u00e9s par le photorajeunissement seul. Dans ces situations, une approche combin\u00e9e est souvent plus adapt\u00e9e, en associant par exemple des <a href=\"https:\/\/drromanovaleria.ch\/solutions\/injections\/skinbooster\/\">Skinboosters<\/a>, des<a href=\"https:\/\/drromanovaleria.ch\/solutions\/injections\/inducteurs-collagene\/\"> inducteurs de collag\u00e8ne<\/a> ou des injections d\u2019<a href=\"https:\/\/drromanovaleria.ch\/solutions\/injections\/acide-hayluronique\/\">acide hyaluronique<\/a> dans une logique de lifting m\u00e9dical.<\/p>\t\t\t\t\t\t\t\t<\/div>\n\t\t\t\t<\/div>\n\t\t\t\t\t<\/div>\n\t\t\t\t<\/div>\n\t\t<div class=\"elementor-element elementor-element-15bf364 e-flex e-con-boxed e-con e-parent\" data-id=\"15bf364\" data-element_type=\"container\" data-e-type=\"container\" data-settings=\"{&quot;jet_parallax_layout_list&quot;:[]}\">\n\t\t\t\t\t<div class=\"e-con-inner\">\n\t\t\t\t<div class=\"elementor-element elementor-element-b4fadf7 elementor-widget elementor-widget-text-editor\" data-id=\"b4fadf7\" data-element_type=\"widget\" data-e-type=\"widget\" data-widget_type=\"text-editor.default\">\n\t\t\t\t<div class=\"elementor-widget-container\">\n\t\t\t\t\t\t\t\t\t<h2>Combien de s\u00e9ances pour un r\u00e9sultat visible ?<\/h2>\t\t\t\t\t\t\t\t<\/div>\n\t\t\t\t<\/div>\n\t\t\t\t<div class=\"elementor-element elementor-element-2d4e30d elementor-widget-divider--view-line elementor-widget elementor-widget-divider\" data-id=\"2d4e30d\" data-element_type=\"widget\" data-e-type=\"widget\" data-widget_type=\"divider.default\">\n\t\t\t\t<div class=\"elementor-widget-container\">\n\t\t\t\t\t\t\t<div class=\"elementor-divider\">\n\t\t\t<span class=\"elementor-divider-separator\">\n\t\t\t\t\t\t<\/span>\n\t\t<\/div>\n\t\t\t\t\t\t<\/div>\n\t\t\t\t<\/div>\n\t\t\t\t<div class=\"elementor-element elementor-element-b8ab7c8 elementor-widget elementor-widget-text-editor\" data-id=\"b8ab7c8\" data-element_type=\"widget\" data-e-type=\"widget\" data-widget_type=\"text-editor.default\">\n\t\t\t\t<div class=\"elementor-widget-container\">\n\t\t\t\t\t\t\t\t\t<p>Les r\u00e9sultats du photorajeunissement laser d\u00e9pendent en grande partie du nombre de s\u00e9ances r\u00e9alis\u00e9es. En pratique, on recommande presque toujours un protocole sur plusieurs s\u00e9ances plut\u00f4t qu\u2019une intervention unique.<br \/>La plupart des patients suivent un programme de 3 \u00e0 5 s\u00e9ances, espac\u00e9es de quelques semaines. Ce rythme permet de stimuler efficacement la production de collag\u00e8ne et d\u2019obtenir un r\u00e9sultat plus homog\u00e8ne.<br \/>Chaque s\u00e9ance vient renforcer la pr\u00e9c\u00e9dente : les effets s\u2019additionnent progressivement, ce qui participe au rendu naturel du traitement.<br \/>Par la suite, des s\u00e9ances d\u2019entretien peuvent \u00eatre propos\u00e9es pour prolonger les b\u00e9n\u00e9fices et maintenir la qualit\u00e9 de la peau dans le temps.<\/p>\t\t\t\t\t\t\t\t<\/div>\n\t\t\t\t<\/div>\n\t\t\t\t\t<\/div>\n\t\t\t\t<\/div>\n\t\t<div class=\"elementor-element elementor-element-daca643 e-flex e-con-boxed e-con e-parent\" data-id=\"daca643\" data-element_type=\"container\" data-e-type=\"container\" data-settings=\"{&quot;jet_parallax_layout_list&quot;:[]}\">\n\t\t\t\t\t<div class=\"e-con-inner\">\n\t\t\t\t<div class=\"elementor-element elementor-element-2f17179 elementor-widget elementor-widget-text-editor\" data-id=\"2f17179\" data-element_type=\"widget\" data-e-type=\"widget\" data-widget_type=\"text-editor.default\">\n\t\t\t\t<div class=\"elementor-widget-container\">\n\t\t\t\t\t\t\t\t\t<h2>D\u00e9lai des r\u00e9sultats : une \u00e9volution sur plusieurs semaines<\/h2>\t\t\t\t\t\t\t\t<\/div>\n\t\t\t\t<\/div>\n\t\t\t\t<div class=\"elementor-element elementor-element-d8ba34f elementor-widget-divider--view-line elementor-widget elementor-widget-divider\" data-id=\"d8ba34f\" data-element_type=\"widget\" data-e-type=\"widget\" data-widget_type=\"divider.default\">\n\t\t\t\t<div class=\"elementor-widget-container\">\n\t\t\t\t\t\t\t<div class=\"elementor-divider\">\n\t\t\t<span class=\"elementor-divider-separator\">\n\t\t\t\t\t\t<\/span>\n\t\t<\/div>\n\t\t\t\t\t\t<\/div>\n\t\t\t\t<\/div>\n\t\t\t\t<div class=\"elementor-element elementor-element-d40fe24 elementor-widget elementor-widget-text-editor\" data-id=\"d40fe24\" data-element_type=\"widget\" data-e-type=\"widget\" data-widget_type=\"text-editor.default\">\n\t\t\t\t<div class=\"elementor-widget-container\">\n\t\t\t\t\t\t\t\t\t<p>Contrairement \u00e0 ce que l\u2019on imagine parfois, le photorajeunissement laser ne produit pas de r\u00e9sultat imm\u00e9diat. Le processus de r\u00e9g\u00e9n\u00e9ration, bas\u00e9 sur la n\u00e9ocollag\u00e9n\u00e8se, prend naturellement du temps.<br \/>On peut toutefois percevoir un premier effet assez rapidement, souvent apr\u00e8s quelques jours, avec une peau un peu plus lumineuse. Mais l\u2019am\u00e9lioration la plus visible appara\u00eet g\u00e9n\u00e9ralement entre 3 et 6 semaines apr\u00e8s la s\u00e9ance.<br \/>Ensuite, le r\u00e9sultat continue d\u2019\u00e9voluer progressivement, au rythme de la restructuration du collag\u00e8ne. Cette \u00e9volution dans le temps est essentielle \u00e0 comprendre \u2014 et \u00e0 expliquer \u2014 pour que les attentes restent r\u00e9alistes.<\/p>\t\t\t\t\t\t\t\t<\/div>\n\t\t\t\t<\/div>\n\t\t\t\t\t<\/div>\n\t\t\t\t<\/div>\n\t\t<div class=\"elementor-element elementor-element-323102f e-flex e-con-boxed e-con e-parent\" data-id=\"323102f\" data-element_type=\"container\" data-e-type=\"container\" data-settings=\"{&quot;jet_parallax_layout_list&quot;:[]}\">\n\t\t\t\t\t<div class=\"e-con-inner\">\n\t\t\t\t<div class=\"elementor-element elementor-element-d0705eb elementor-widget elementor-widget-text-editor\" data-id=\"d0705eb\" data-element_type=\"widget\" data-e-type=\"widget\" data-widget_type=\"text-editor.default\">\n\t\t\t\t<div class=\"elementor-widget-container\">\n\t\t\t\t\t\t\t\t\t<h2>Les avant\/apr\u00e8s du photorajeunissement : perception des patients<\/h2>\t\t\t\t\t\t\t\t<\/div>\n\t\t\t\t<\/div>\n\t\t\t\t<div class=\"elementor-element elementor-element-df51b78 elementor-widget-divider--view-line elementor-widget elementor-widget-divider\" data-id=\"df51b78\" data-element_type=\"widget\" data-e-type=\"widget\" data-widget_type=\"divider.default\">\n\t\t\t\t<div class=\"elementor-widget-container\">\n\t\t\t\t\t\t\t<div class=\"elementor-divider\">\n\t\t\t<span class=\"elementor-divider-separator\">\n\t\t\t\t\t\t<\/span>\n\t\t<\/div>\n\t\t\t\t\t\t<\/div>\n\t\t\t\t<\/div>\n\t\t\t\t<div class=\"elementor-element elementor-element-6dd73cc elementor-widget elementor-widget-text-editor\" data-id=\"6dd73cc\" data-element_type=\"widget\" data-e-type=\"widget\" data-widget_type=\"text-editor.default\">\n\t\t\t\t<div class=\"elementor-widget-container\">\n\t\t\t\t\t\t\t\t\t<p>Un aspect int\u00e9ressant des r\u00e9sultats du photorajeunissement est la mani\u00e8re dont ils sont per\u00e7us. Les patients ne parlent pas de transformation, mais de \u201cmeilleure version\u201d d\u2019eux-m\u00eames.<br \/>L\u2019entourage remarque souvent un changement sans pouvoir l\u2019identifier pr\u00e9cis\u00e9ment. Le visage para\u00eet repos\u00e9, plus lumineux, sans qu\u2019il soit \u00e9vident qu\u2019un traitement a \u00e9t\u00e9 r\u00e9alis\u00e9.<br \/>Cette discr\u00e9tion constitue l\u2019un des principaux avantages du photorajeunissement, notamment dans un contexte professionnel ou social exigeant.<\/p>\t\t\t\t\t\t\t\t<\/div>\n\t\t\t\t<\/div>\n\t\t\t\t\t<\/div>\n\t\t\t\t<\/div>\n\t\t<div class=\"elementor-element elementor-element-3e55b3e e-flex e-con-boxed e-con e-parent\" data-id=\"3e55b3e\" data-element_type=\"container\" data-e-type=\"container\" data-settings=\"{&quot;jet_parallax_layout_list&quot;:[]}\">\n\t\t\t\t\t<div class=\"e-con-inner\">\n\t\t\t\t<div class=\"elementor-element elementor-element-d7c1fa9 elementor-widget elementor-widget-text-editor\" data-id=\"d7c1fa9\" data-element_type=\"widget\" data-e-type=\"widget\" data-widget_type=\"text-editor.default\">\n\t\t\t\t<div class=\"elementor-widget-container\">\n\t\t\t\t\t\t\t\t\t<h2>Combien de temps durent les r\u00e9sultats ?<\/h2>\t\t\t\t\t\t\t\t<\/div>\n\t\t\t\t<\/div>\n\t\t\t\t<div class=\"elementor-element elementor-element-ad486c9 elementor-widget-divider--view-line elementor-widget elementor-widget-divider\" data-id=\"ad486c9\" data-element_type=\"widget\" data-e-type=\"widget\" data-widget_type=\"divider.default\">\n\t\t\t\t<div class=\"elementor-widget-container\">\n\t\t\t\t\t\t\t<div class=\"elementor-divider\">\n\t\t\t<span class=\"elementor-divider-separator\">\n\t\t\t\t\t\t<\/span>\n\t\t<\/div>\n\t\t\t\t\t\t<\/div>\n\t\t\t\t<\/div>\n\t\t\t\t<div class=\"elementor-element elementor-element-0e06d03 elementor-widget elementor-widget-text-editor\" data-id=\"0e06d03\" data-element_type=\"widget\" data-e-type=\"widget\" data-widget_type=\"text-editor.default\">\n\t\t\t\t<div class=\"elementor-widget-container\">\n\t\t\t\t\t\t\t\t\t<p>Les r\u00e9sultats du photorajeunissement laser ne sont pas d\u00e9finitifs, car le vieillissement cutan\u00e9 se poursuit naturellement. Cependant, ils peuvent \u00eatre durables si le traitement est bien conduit.<br \/>En moyenne, les effets durent un an, voire plus longtemps si une bonne hygi\u00e8ne de vie est respect\u00e9e. L\u2019application de la protection solaire joue un r\u00f4le essentiel dans la pr\u00e9servation des r\u00e9sultats.<br \/>Des s\u00e9ances d\u2019entretien, r\u00e9alis\u00e9es une \u00e0 deux fois par an, permettent de maintenir une bonne qualit\u00e9 de peau sur le long terme.<\/p>\t\t\t\t\t\t\t\t<\/div>\n\t\t\t\t<\/div>\n\t\t\t\t\t<\/div>\n\t\t\t\t<\/div>\n\t\t<div class=\"elementor-element elementor-element-5388c35 e-flex e-con-boxed e-con e-parent\" data-id=\"5388c35\" data-element_type=\"container\" data-e-type=\"container\" data-settings=\"{&quot;jet_parallax_layout_list&quot;:[]}\">\n\t\t\t\t\t<div class=\"e-con-inner\">\n\t\t\t\t<div class=\"elementor-element elementor-element-8012d65 elementor-widget elementor-widget-text-editor\" data-id=\"8012d65\" data-element_type=\"widget\" data-e-type=\"widget\" data-widget_type=\"text-editor.default\">\n\t\t\t\t<div class=\"elementor-widget-container\">\n\t\t\t\t\t\t\t\t\t<h2>Photographies avant apr\u00e8s photorajeunissement laser<\/h2>\t\t\t\t\t\t\t\t<\/div>\n\t\t\t\t<\/div>\n\t\t\t\t<div class=\"elementor-element elementor-element-502d4bb elementor-widget-divider--view-line elementor-widget elementor-widget-divider\" data-id=\"502d4bb\" data-element_type=\"widget\" data-e-type=\"widget\" data-widget_type=\"divider.default\">\n\t\t\t\t<div class=\"elementor-widget-container\">\n\t\t\t\t\t\t\t<div class=\"elementor-divider\">\n\t\t\t<span class=\"elementor-divider-separator\">\n\t\t\t\t\t\t<\/span>\n\t\t<\/div>\n\t\t\t\t\t\t<\/div>\n\t\t\t\t<\/div>\n\t\t\t\t<div class=\"elementor-element elementor-element-021a5a5 elementor-widget elementor-widget-text-editor\" data-id=\"021a5a5\" data-element_type=\"widget\" data-e-type=\"widget\" data-widget_type=\"text-editor.default\">\n\t\t\t\t<div class=\"elementor-widget-container\">\n\t\t\t\t\t\t\t\t\t<p>Les photos avant apr\u00e8s sont souvent utilis\u00e9es pour illustrer les r\u00e9sultats du photorajeunissement. Toutefois, leur interpr\u00e9tation doit rester m\u00e9dicale.<br \/>Les conditions de prise de vue, l\u2019\u00e9clairage et les expressions peuvent influencer la perception des r\u00e9sultats. Il est donc important de se baser sur une analyse clinique globale plut\u00f4t que sur des images isol\u00e9es.<br \/>En consultation, le r\u00f4le du m\u00e9decin est d\u2019expliquer de mani\u00e8re objective ce que le traitement peut apporter, en fonction du type de peau et des attentes du patient.<\/p>\t\t\t\t\t\t\t\t<\/div>\n\t\t\t\t<\/div>\n\t\t\t\t\t<\/div>\n\t\t\t\t<\/div>\n\t\t<div class=\"elementor-element elementor-element-c603d85 e-flex e-con-boxed e-con e-parent\" data-id=\"c603d85\" data-element_type=\"container\" data-e-type=\"container\" data-settings=\"{&quot;jet_parallax_layout_list&quot;:[]}\">\n\t\t\t\t\t<div class=\"e-con-inner\">\n\t\t\t\t<div class=\"elementor-element elementor-element-7033c36 elementor-widget elementor-widget-text-editor\" data-id=\"7033c36\" data-element_type=\"widget\" data-e-type=\"widget\" data-widget_type=\"text-editor.default\">\n\t\t\t\t<div class=\"elementor-widget-container\">\n\t\t\t\t\t\t\t\t\t<h2>Conclusion : photorajeunissement laser, des r\u00e9sultats subtils mais r\u00e9els<\/h2>\t\t\t\t\t\t\t\t<\/div>\n\t\t\t\t<\/div>\n\t\t\t\t<div class=\"elementor-element elementor-element-b4aa042 elementor-widget-divider--view-line elementor-widget elementor-widget-divider\" data-id=\"b4aa042\" data-element_type=\"widget\" data-e-type=\"widget\" data-widget_type=\"divider.default\">\n\t\t\t\t<div class=\"elementor-widget-container\">\n\t\t\t\t\t\t\t<div class=\"elementor-divider\">\n\t\t\t<span class=\"elementor-divider-separator\">\n\t\t\t\t\t\t<\/span>\n\t\t<\/div>\n\t\t\t\t\t\t<\/div>\n\t\t\t\t<\/div>\n\t\t\t\t<div class=\"elementor-element elementor-element-5859dee elementor-widget elementor-widget-text-editor\" data-id=\"5859dee\" data-element_type=\"widget\" data-e-type=\"widget\" data-widget_type=\"text-editor.default\">\n\t\t\t\t<div class=\"elementor-widget-container\">\n\t\t\t\t\t\t\t\t\t<p>Le photorajeunissement laser offre des r\u00e9sultats en parfaite coh\u00e9rence avec son mode d\u2019action. Il ne transforme pas le visage, mais am\u00e9liore progressivement la qualit\u00e9 de la peau, de mani\u00e8re naturelle et discr\u00e8te.<br \/>Ses b\u00e9n\u00e9fices se voient surtout sur l\u2019\u00e9clat du teint, son homog\u00e9n\u00e9it\u00e9, mais aussi sur la texture et la fermet\u00e9 de la peau. Une approche qui correspond pleinement aux attentes actuelles : un rajeunissement subtil, sans effet artificiel.<br \/>En pratique, le r\u00f4le du m\u00e9decin est essentiel. Il s\u2019agit d\u2019adopter une approche personnalis\u00e9e, de poser des objectifs r\u00e9alistes et d\u2019accompagner le patient \u00e0 chaque \u00e9tape. C\u2019est cette exigence qui permet d\u2019obtenir des r\u00e9sultats \u00e0 la fois harmonieux, naturels et durables.<\/p>\t\t\t\t\t\t\t\t<\/div>\n\t\t\t\t<\/div>\n\t\t\t\t\t<\/div>\n\t\t\t\t<\/div>\n\t\t<div class=\"elementor-element elementor-element-d94e577 e-flex e-con-boxed e-con e-parent\" data-id=\"d94e577\" data-element_type=\"container\" data-e-type=\"container\" data-settings=\"{&quot;jet_parallax_layout_list&quot;:[]}\">\n\t\t\t\t\t<div class=\"e-con-inner\">\n\t\t<div class=\"elementor-element elementor-element-bb47a56 e-con-full e-flex e-con e-child\" data-id=\"bb47a56\" data-element_type=\"container\" data-e-type=\"container\" data-settings=\"{&quot;jet_parallax_layout_list&quot;:[]}\">\n\t\t<div class=\"elementor-element elementor-element-15864a6 e-con-full e-flex e-con e-child\" data-id=\"15864a6\" data-element_type=\"container\" data-e-type=\"container\" data-settings=\"{&quot;jet_parallax_layout_list&quot;:[]}\">\n\t\t<div class=\"elementor-element elementor-element-75c6291 e-con-full e-flex e-con e-child\" data-id=\"75c6291\" data-element_type=\"container\" data-e-type=\"container\" data-settings=\"{&quot;jet_parallax_layout_list&quot;:[]}\">\n\t\t<div class=\"elementor-element elementor-element-22a9e68 e-con-full e-flex e-con e-child\" data-id=\"22a9e68\" data-element_type=\"container\" data-e-type=\"container\" data-settings=\"{&quot;jet_parallax_layout_list&quot;:[]}\">\n\t\t\t\t<div class=\"elementor-element elementor-element-201f9b2 elementor-widget elementor-widget-image\" data-id=\"201f9b2\" data-element_type=\"widget\" data-e-type=\"widget\" data-widget_type=\"image.default\">\n\t\t\t\t<div class=\"elementor-widget-container\">\n\t\t\t\t\t\t\t\t\t\t\t\t\t\t\t<img decoding=\"async\" width=\"150\" height=\"150\" src=\"https:\/\/drromanovaleria.ch\/wp-content\/uploads\/2024\/07\/photo-docteur-romano-valeria-150x150.webp\" class=\"attachment-thumbnail size-thumbnail wp-image-13266\" alt=\"Photo docteur Valeria Romano \u00e0 Gen\u00e8ve\" \/>\t\t\t\t\t\t\t\t\t\t\t\t\t\t\t<\/div>\n\t\t\t\t<\/div>\n\t\t\t\t<div class=\"elementor-element elementor-element-7491a31 elementor-widget elementor-widget-text-editor\" data-id=\"7491a31\" data-element_type=\"widget\" data-e-type=\"widget\" data-widget_type=\"text-editor.default\">\n\t\t\t\t<div class=\"elementor-widget-container\">\n\t\t\t\t\t\t\t\t\t<p>Article r\u00e9dig\u00e9 par le <a href=\"https:\/\/drromanovaleria.ch\/\">Dr Romano Valeria<\/a><\/p>\t\t\t\t\t\t\t\t<\/div>\n\t\t\t\t<\/div>\n\t\t\t\t<\/div>\n\t\t<div class=\"elementor-element elementor-element-1484748 e-con-full e-flex e-con e-child\" data-id=\"1484748\" data-element_type=\"container\" data-e-type=\"container\" data-settings=\"{&quot;jet_parallax_layout_list&quot;:[]}\">\n\t\t\t\t<div class=\"elementor-element elementor-element-0084e2c elementor-widget elementor-widget-text-editor\" data-id=\"0084e2c\" data-element_type=\"widget\" data-e-type=\"widget\" data-widget_type=\"text-editor.default\">\n\t\t\t\t<div class=\"elementor-widget-container\">\n\t\t\t\t\t\t\t\t\t<p>PARTAGER CET ARTICLE SUR<\/p>\t\t\t\t\t\t\t\t<\/div>\n\t\t\t\t<\/div>\n\t\t\t\t<div class=\"elementor-element elementor-element-d6ac5a2 elementor-share-buttons--view-icon-text elementor-share-buttons--skin-gradient elementor-share-buttons--shape-square elementor-grid-0 elementor-share-buttons--color-official elementor-widget elementor-widget-share-buttons\" data-id=\"d6ac5a2\" data-element_type=\"widget\" data-e-type=\"widget\" data-widget_type=\"share-buttons.default\">\n\t\t\t\t<div class=\"elementor-widget-container\">\n\t\t\t\t\t\t\t<div class=\"elementor-grid\">\n\t\t\t\t\t\t\t\t<div class=\"elementor-grid-item\">\n\t\t\t\t\t\t<div class=\"elementor-share-btn elementor-share-btn_linkedin\" role=\"button\" tabindex=\"0\" aria-label=\"Partager sur linkedin\">\n\t\t\t\t\t\t\t\t\t\t\t\t\t\t\t<span class=\"elementor-share-btn__icon\">\n\t\t\t\t\t\t\t\t<svg aria-hidden=\"true\" class=\"e-font-icon-svg e-fab-linkedin\" viewBox=\"0 0 448 512\" xmlns=\"http:\/\/www.w3.org\/2000\/svg\"><path d=\"M416 32H31.9C14.3 32 0 46.5 0 64.3v383.4C0 465.5 14.3 480 31.9 480H416c17.6 0 32-14.5 32-32.3V64.3c0-17.8-14.4-32.3-32-32.3zM135.4 416H69V202.2h66.5V416zm-33.2-243c-21.3 0-38.5-17.3-38.5-38.5S80.9 96 102.2 96c21.2 0 38.5 17.3 38.5 38.5 0 21.3-17.2 38.5-38.5 38.5zm282.1 243h-66.4V312c0-24.8-.5-56.7-34.5-56.7-34.6 0-39.9 27-39.9 54.9V416h-66.4V202.2h63.7v29.2h.9c8.9-16.8 30.6-34.5 62.9-34.5 67.2 0 79.7 44.3 79.7 101.9V416z\"><\/path><\/svg>\t\t\t\t\t\t\t<\/span>\n\t\t\t\t\t\t\t\t\t\t\t\t\t\t\t\t\t\t\t\t\t\t<div class=\"elementor-share-btn__text\">\n\t\t\t\t\t\t\t\t\t\t\t\t\t\t\t\t\t\t\t<span class=\"elementor-share-btn__title\">\n\t\t\t\t\t\t\t\t\t\tLinkedIn\t\t\t\t\t\t\t\t\t<\/span>\n\t\t\t\t\t\t\t\t\t\t\t\t\t\t\t\t\t<\/div>\n\t\t\t\t\t\t\t\t\t\t\t\t\t<\/div>\n\t\t\t\t\t<\/div>\n\t\t\t\t\t\t<\/div>\n\t\t\t\t\t\t<\/div>\n\t\t\t\t<\/div>\n\t\t\t\t<\/div>\n\t\t\t\t<\/div>\n\t\t\t\t<div class=\"elementor-element elementor-element-6b45377 elementor-align-start elementor-mobile-align-start elementor-icon-list--layout-traditional elementor-list-item-link-full_width elementor-widget elementor-widget-icon-list\" data-id=\"6b45377\" data-element_type=\"widget\" data-e-type=\"widget\" data-widget_type=\"icon-list.default\">\n\t\t\t\t<div class=\"elementor-widget-container\">\n\t\t\t\t\t\t\t<ul class=\"elementor-icon-list-items\">\n\t\t\t\t\t\t\t<li class=\"elementor-icon-list-item\">\n\t\t\t\t\t\t\t\t\t\t\t<a href=\"mailto:dr.romano.valeria@gmail.com\">\n\n\t\t\t\t\t\t\t\t\t\t\t\t<span class=\"elementor-icon-list-icon\">\n\t\t\t\t\t\t\t<svg aria-hidden=\"true\" class=\"e-font-icon-svg e-fas-envelope\" viewBox=\"0 0 512 512\" xmlns=\"http:\/\/www.w3.org\/2000\/svg\"><path d=\"M502.3 190.8c3.9-3.1 9.7-.2 9.7 4.7V400c0 26.5-21.5 48-48 48H48c-26.5 0-48-21.5-48-48V195.6c0-5 5.7-7.8 9.7-4.7 22.4 17.4 52.1 39.5 154.1 113.6 21.1 15.4 56.7 47.8 92.2 47.6 35.7.3 72-32.8 92.3-47.6 102-74.1 131.6-96.3 154-113.7zM256 320c23.2.4 56.6-29.2 73.4-41.4 132.7-96.3 142.8-104.7 173.4-128.7 5.8-4.5 9.2-11.5 9.2-18.9v-19c0-26.5-21.5-48-48-48H48C21.5 64 0 85.5 0 112v19c0 7.4 3.4 14.3 9.2 18.9 30.6 23.9 40.7 32.4 173.4 128.7 16.8 12.2 50.2 41.8 73.4 41.4z\"><\/path><\/svg>\t\t\t\t\t\t<\/span>\n\t\t\t\t\t\t\t\t\t\t<span class=\"elementor-icon-list-text\">dr.romano.valeria@gmail.com<\/span>\n\t\t\t\t\t\t\t\t\t\t\t<\/a>\n\t\t\t\t\t\t\t\t\t<\/li>\n\t\t\t\t\t\t\t\t<li class=\"elementor-icon-list-item\">\n\t\t\t\t\t\t\t\t\t\t\t<a href=\"tel:+41%2078%20209%2002%2089\">\n\n\t\t\t\t\t\t\t\t\t\t\t\t<span class=\"elementor-icon-list-icon\">\n\t\t\t\t\t\t\t<svg aria-hidden=\"true\" class=\"e-font-icon-svg e-fas-phone-alt\" viewBox=\"0 0 512 512\" xmlns=\"http:\/\/www.w3.org\/2000\/svg\"><path d=\"M497.39 361.8l-112-48a24 24 0 0 0-28 6.9l-49.6 60.6A370.66 370.66 0 0 1 130.6 204.11l60.6-49.6a23.94 23.94 0 0 0 6.9-28l-48-112A24.16 24.16 0 0 0 122.6.61l-104 24A24 24 0 0 0 0 48c0 256.5 207.9 464 464 464a24 24 0 0 0 23.4-18.6l24-104a24.29 24.29 0 0 0-14.01-27.6z\"><\/path><\/svg>\t\t\t\t\t\t<\/span>\n\t\t\t\t\t\t\t\t\t\t<span class=\"elementor-icon-list-text\">+41 78 209 02 89<\/span>\n\t\t\t\t\t\t\t\t\t\t\t<\/a>\n\t\t\t\t\t\t\t\t\t<\/li>\n\t\t\t\t\t\t<\/ul>\n\t\t\t\t\t\t<\/div>\n\t\t\t\t<\/div>\n\t\t\t\t<\/div>\n\t\t\t\t<\/div>\n\t\t\t\t\t<\/div>\n\t\t\t\t<\/div>\n\t\t\t\t<\/div>\n\t\t","protected":false},"featured_media":0,"template":"elementor_header_footer","class_list":["post-62537","infographie","type-infographie","status-publish","hentry"],"yoast_head":"<!-- This site is optimized with the Yoast SEO plugin v27.4 - https:\/\/yoast.com\/product\/yoast-seo-wordpress\/ -->\n<title>Photorajeunissement laser avant apr\u00e8s : quels r\u00e9sultats attendre ? \u2013 Dr Romano<\/title>\n<meta name=\"description\" content=\"Photorajeunissement laser \u00e0 Gen\u00e8ve : d\u00e9couvrez les r\u00e9sultats avant apr\u00e8s, am\u00e9lioration de l\u2019\u00e9clat, des ridules et de la texture de peau. Explications m\u00e9dicales, d\u00e9lais, nombre de s\u00e9ances et r\u00e9sultats naturels attendus.\" \/>\n<meta name=\"robots\" content=\"index, follow, max-snippet:-1, max-image-preview:large, max-video-preview:-1\" \/>\n<link rel=\"canonical\" href=\"https:\/\/drromanovaleria.ch\/en\/infographic\/photorejuvenation-laser-before-after\/\" \/>\n<meta property=\"og:locale\" content=\"en_GB\" \/>\n<meta property=\"og:type\" content=\"article\" \/>\n<meta property=\"og:title\" content=\"Photorajeunissement laser avant apr\u00e8s : quels r\u00e9sultats attendre ? \u2013 Dr Romano\" \/>\n<meta property=\"og:description\" content=\"Photorajeunissement laser \u00e0 Gen\u00e8ve : d\u00e9couvrez les r\u00e9sultats avant apr\u00e8s, am\u00e9lioration de l\u2019\u00e9clat, des ridules et de la texture de peau. Explications m\u00e9dicales, d\u00e9lais, nombre de s\u00e9ances et r\u00e9sultats naturels attendus.\" \/>\n<meta property=\"og:url\" content=\"https:\/\/drromanovaleria.ch\/en\/infographic\/photorejuvenation-laser-before-after\/\" \/>\n<meta property=\"og:site_name\" content=\"Dr Romano\" \/>\n<meta property=\"article:modified_time\" content=\"2026-04-14T20:16:39+00:00\" \/>\n<meta property=\"og:image\" content=\"https:\/\/drromanovaleria.ch\/wp-content\/uploads\/2024\/05\/hydratation-peau.webp\" \/>\n\t<meta property=\"og:image:width\" content=\"300\" \/>\n\t<meta property=\"og:image:height\" content=\"220\" \/>\n\t<meta property=\"og:image:type\" content=\"image\/webp\" \/>\n<meta name=\"twitter:card\" content=\"summary_large_image\" \/>\n<meta name=\"twitter:label1\" content=\"Estimated reading time\" \/>\n\t<meta name=\"twitter:data1\" content=\"8 minutes\" \/>\n<script type=\"application\/ld+json\" class=\"yoast-schema-graph\">{\"@context\":\"https:\\\/\\\/schema.org\",\"@graph\":[{\"@type\":\"WebPage\",\"@id\":\"https:\\\/\\\/drromanovaleria.ch\\\/infographie\\\/photorajeunissement-laser-avant-apres\\\/\",\"url\":\"https:\\\/\\\/drromanovaleria.ch\\\/infographie\\\/photorajeunissement-laser-avant-apres\\\/\",\"name\":\"Photorajeunissement laser avant apr\u00e8s : quels r\u00e9sultats attendre ? \u2013 Dr Romano\",\"isPartOf\":{\"@id\":\"https:\\\/\\\/drromanovaleria.ch\\\/#website\"},\"primaryImageOfPage\":{\"@id\":\"https:\\\/\\\/drromanovaleria.ch\\\/infographie\\\/photorajeunissement-laser-avant-apres\\\/#primaryimage\"},\"image\":{\"@id\":\"https:\\\/\\\/drromanovaleria.ch\\\/infographie\\\/photorajeunissement-laser-avant-apres\\\/#primaryimage\"},\"thumbnailUrl\":\"https:\\\/\\\/drromanovaleria.ch\\\/wp-content\\\/uploads\\\/2024\\\/05\\\/hydratation-peau.webp\",\"datePublished\":\"2026-04-02T09:46:17+00:00\",\"dateModified\":\"2026-04-14T20:16:39+00:00\",\"description\":\"Photorajeunissement laser \u00e0 Gen\u00e8ve : d\u00e9couvrez les r\u00e9sultats avant apr\u00e8s, am\u00e9lioration de l\u2019\u00e9clat, des ridules et de la texture de peau. Explications m\u00e9dicales, d\u00e9lais, nombre de s\u00e9ances et r\u00e9sultats naturels attendus.\",\"breadcrumb\":{\"@id\":\"https:\\\/\\\/drromanovaleria.ch\\\/infographie\\\/photorajeunissement-laser-avant-apres\\\/#breadcrumb\"},\"inLanguage\":\"en-GB\",\"potentialAction\":[{\"@type\":\"ReadAction\",\"target\":[\"https:\\\/\\\/drromanovaleria.ch\\\/infographie\\\/photorajeunissement-laser-avant-apres\\\/\"]}]},{\"@type\":\"ImageObject\",\"inLanguage\":\"en-GB\",\"@id\":\"https:\\\/\\\/drromanovaleria.ch\\\/infographie\\\/photorajeunissement-laser-avant-apres\\\/#primaryimage\",\"url\":\"https:\\\/\\\/drromanovaleria.ch\\\/wp-content\\\/uploads\\\/2024\\\/05\\\/hydratation-peau.webp\",\"contentUrl\":\"https:\\\/\\\/drromanovaleria.ch\\\/wp-content\\\/uploads\\\/2024\\\/05\\\/hydratation-peau.webp\"},{\"@type\":\"BreadcrumbList\",\"@id\":\"https:\\\/\\\/drromanovaleria.ch\\\/infographie\\\/photorajeunissement-laser-avant-apres\\\/#breadcrumb\",\"itemListElement\":[{\"@type\":\"ListItem\",\"position\":1,\"name\":\"Accueil\",\"item\":\"https:\\\/\\\/drromanovaleria.ch\\\/\"},{\"@type\":\"ListItem\",\"position\":2,\"name\":\"Infographie\",\"item\":\"https:\\\/\\\/drromanovaleria.ch\\\/infographie\\\/\"},{\"@type\":\"ListItem\",\"position\":3,\"name\":\"Photorajeunissement laser avant apr\u00e8s : quels r\u00e9sultats attendre ?\"}]},{\"@type\":\"WebSite\",\"@id\":\"https:\\\/\\\/drromanovaleria.ch\\\/#website\",\"url\":\"https:\\\/\\\/drromanovaleria.ch\\\/\",\"name\":\"Dr Romano\",\"description\":\"M\u00e9decine morphologique et anti-\u00e2ge\",\"potentialAction\":[{\"@type\":\"SearchAction\",\"target\":{\"@type\":\"EntryPoint\",\"urlTemplate\":\"https:\\\/\\\/drromanovaleria.ch\\\/?s={search_term_string}\"},\"query-input\":{\"@type\":\"PropertyValueSpecification\",\"valueRequired\":true,\"valueName\":\"search_term_string\"}}],\"inLanguage\":\"en-GB\"}]}<\/script>\n<!-- \/ Yoast SEO plugin. -->","yoast_head_json":{"title":"Laser photorejuvenation before after : what results to expect ? \u2013 Dr Romano","description":"Laser photorejuvenation in Geneva : discover before after results, improvement of radiance, fine lines and skin texture. Medical explanations, timelines, number of sessions and expected natural results.","robots":{"index":"index","follow":"follow","max-snippet":"max-snippet:-1","max-image-preview":"max-image-preview:large","max-video-preview":"max-video-preview:-1"},"canonical":"https:\/\/drromanovaleria.ch\/en\/infographic\/photorejuvenation-laser-before-after\/","og_locale":"en_GB","og_type":"article","og_title":"Photorajeunissement laser avant apr\u00e8s : quels r\u00e9sultats attendre ? \u2013 Dr Romano","og_description":"Photorajeunissement laser \u00e0 Gen\u00e8ve : d\u00e9couvrez les r\u00e9sultats avant apr\u00e8s, am\u00e9lioration de l\u2019\u00e9clat, des ridules et de la texture de peau. Explications m\u00e9dicales, d\u00e9lais, nombre de s\u00e9ances et r\u00e9sultats naturels attendus.","og_url":"https:\/\/drromanovaleria.ch\/en\/infographic\/photorejuvenation-laser-before-after\/","og_site_name":"Dr Romano","article_modified_time":"2026-04-14T20:16:39+00:00","og_image":[{"width":300,"height":220,"url":"https:\/\/drromanovaleria.ch\/wp-content\/uploads\/2024\/05\/hydratation-peau.webp","type":"image\/webp"}],"twitter_card":"summary_large_image","twitter_misc":{"Estimated reading time":"8 minutes"},"schema":{"@context":"https:\/\/schema.org","@graph":[{"@type":"WebPage","@id":"https:\/\/drromanovaleria.ch\/infographie\/photorajeunissement-laser-avant-apres\/","url":"https:\/\/drromanovaleria.ch\/infographie\/photorajeunissement-laser-avant-apres\/","name":"Laser photorejuvenation before after : what results to expect ? \u2013 Dr Romano","isPartOf":{"@id":"https:\/\/drromanovaleria.ch\/#website"},"primaryImageOfPage":{"@id":"https:\/\/drromanovaleria.ch\/infographie\/photorajeunissement-laser-avant-apres\/#primaryimage"},"image":{"@id":"https:\/\/drromanovaleria.ch\/infographie\/photorajeunissement-laser-avant-apres\/#primaryimage"},"thumbnailUrl":"https:\/\/drromanovaleria.ch\/wp-content\/uploads\/2024\/05\/hydratation-peau.webp","datePublished":"2026-04-02T09:46:17+00:00","dateModified":"2026-04-14T20:16:39+00:00","description":"Laser photorejuvenation in Geneva : discover before after results, improvement of radiance, fine lines and skin texture. Medical explanations, timelines, number of sessions and expected natural results.","breadcrumb":{"@id":"https:\/\/drromanovaleria.ch\/infographie\/photorajeunissement-laser-avant-apres\/#breadcrumb"},"inLanguage":"en-GB","potentialAction":[{"@type":"ReadAction","target":["https:\/\/drromanovaleria.ch\/infographie\/photorajeunissement-laser-avant-apres\/"]}]},{"@type":"ImageObject","inLanguage":"en-GB","@id":"https:\/\/drromanovaleria.ch\/infographie\/photorajeunissement-laser-avant-apres\/#primaryimage","url":"https:\/\/drromanovaleria.ch\/wp-content\/uploads\/2024\/05\/hydratation-peau.webp","contentUrl":"https:\/\/drromanovaleria.ch\/wp-content\/uploads\/2024\/05\/hydratation-peau.webp"},{"@type":"BreadcrumbList","@id":"https:\/\/drromanovaleria.ch\/infographie\/photorajeunissement-laser-avant-apres\/#breadcrumb","itemListElement":[{"@type":"ListItem","position":1,"name":"Accueil","item":"https:\/\/drromanovaleria.ch\/"},{"@type":"ListItem","position":2,"name":"Infographie","item":"https:\/\/drromanovaleria.ch\/infographie\/"},{"@type":"ListItem","position":3,"name":"Photorajeunissement laser avant apr\u00e8s : quels r\u00e9sultats attendre ?"}]},{"@type":"WebSite","@id":"https:\/\/drromanovaleria.ch\/#website","url":"https:\/\/drromanovaleria.ch\/","name":"Dr Romano","description":"Morphological and anti-ageing medicine","potentialAction":[{"@type":"SearchAction","target":{"@type":"EntryPoint","urlTemplate":"https:\/\/drromanovaleria.ch\/?s={search_term_string}"},"query-input":{"@type":"PropertyValueSpecification","valueRequired":true,"valueName":"search_term_string"}}],"inLanguage":"en-GB"}]}},"_links":{"self":[{"href":"https:\/\/drromanovaleria.ch\/en\/wp-json\/wp\/v2\/infographie\/62537","targetHints":{"allow":["GET"]}}],"collection":[{"href":"https:\/\/drromanovaleria.ch\/en\/wp-json\/wp\/v2\/infographie"}],"about":[{"href":"https:\/\/drromanovaleria.ch\/en\/wp-json\/wp\/v2\/types\/infographie"}],"version-history":[{"count":5,"href":"https:\/\/drromanovaleria.ch\/en\/wp-json\/wp\/v2\/infographie\/62537\/revisions"}],"predecessor-version":[{"id":63525,"href":"https:\/\/drromanovaleria.ch\/en\/wp-json\/wp\/v2\/infographie\/62537\/revisions\/63525"}],"wp:attachment":[{"href":"https:\/\/drromanovaleria.ch\/en\/wp-json\/wp\/v2\/media?parent=62537"}],"curies":[{"name":"wp","href":"https:\/\/api.w.org\/{rel}","templated":true}]}}