{"id":27893,"date":"2025-06-18T13:09:34","date_gmt":"2025-06-18T11:09:34","guid":{"rendered":"https:\/\/drromanovaleria.ch\/?post_type=infographie&#038;p=27893"},"modified":"2025-09-02T18:57:25","modified_gmt":"2025-09-02T16:57:25","slug":"skin-types-hand-rejuvenation","status":"publish","type":"infographie","link":"https:\/\/drromanovaleria.ch\/en\/infographie\/types-peau-rajeunissement-mains\/","title":{"rendered":"Les traitements anti-\u00e2ge pour les mains sont-ils adapt\u00e9s \u00e0 tous types de peau ?"},"content":{"rendered":"\t\t<div data-elementor-type=\"wp-post\" data-elementor-id=\"27893\" class=\"elementor elementor-27893\" data-elementor-post-type=\"infographie\">\n\t\t\t\t<div class=\"elementor-element elementor-element-5374257 e-flex e-con-boxed e-con e-parent\" data-id=\"5374257\" data-element_type=\"container\" data-e-type=\"container\" data-settings=\"{&quot;background_background&quot;:&quot;classic&quot;,&quot;jet_parallax_layout_list&quot;:[]}\">\n\t\t\t\t\t<div class=\"e-con-inner\">\n\t\t<div class=\"elementor-element elementor-element-1bae56b e-con-full e-flex e-con e-child\" data-id=\"1bae56b\" data-element_type=\"container\" data-e-type=\"container\" data-settings=\"{&quot;background_background&quot;:&quot;classic&quot;,&quot;jet_parallax_layout_list&quot;:[]}\">\n\t\t\t\t<div class=\"elementor-element elementor-element-c717a71 elementor-widget__width-initial elementor-widget elementor-widget-heading\" data-id=\"c717a71\" data-element_type=\"widget\" data-e-type=\"widget\" data-widget_type=\"heading.default\">\n\t\t\t\t<div class=\"elementor-widget-container\">\n\t\t\t\t\t<h1 class=\"elementor-heading-title elementor-size-default\">LES TRAITEMENTS ANTI-\u00c2GE POUR LES MAINS SONT-ILS ADAPT\u00c9S \u00c0 TOUS TYPES DE PEAU ?<\/h1>\t\t\t\t<\/div>\n\t\t\t\t<\/div>\n\t\t\t\t<div class=\"elementor-element elementor-element-5f3dd50 elementor-align-center elementor-widget elementor-widget-breadcrumbs\" data-id=\"5f3dd50\" data-element_type=\"widget\" data-e-type=\"widget\" data-widget_type=\"breadcrumbs.default\">\n\t\t\t\t<div class=\"elementor-widget-container\">\n\t\t\t\t\t<p id=\"breadcrumbs\"><span><span><a href=\"https:\/\/drromanovaleria.ch\/\">Accueil<\/a><\/span><\/span><\/p>\t\t\t\t<\/div>\n\t\t\t\t<\/div>\n\t\t\t\t<\/div>\n\t\t\t\t\t<\/div>\n\t\t\t\t<\/div>\n\t\t<div class=\"elementor-element elementor-element-d168147 e-flex e-con-boxed e-con e-parent\" data-id=\"d168147\" data-element_type=\"container\" data-e-type=\"container\" data-settings=\"{&quot;jet_parallax_layout_list&quot;:[]}\">\n\t\t\t\t\t<div class=\"e-con-inner\">\n\t\t<div class=\"elementor-element elementor-element-ac16c19 e-flex e-con-boxed e-con e-child\" data-id=\"ac16c19\" data-element_type=\"container\" data-e-type=\"container\" data-settings=\"{&quot;jet_parallax_layout_list&quot;:[]}\">\n\t\t\t\t\t<div class=\"e-con-inner\">\n\t\t<div class=\"elementor-element elementor-element-4d43bc6 e-con-full e-flex e-con e-child\" data-id=\"4d43bc6\" data-element_type=\"container\" data-e-type=\"container\" data-settings=\"{&quot;background_background&quot;:&quot;classic&quot;,&quot;jet_parallax_layout_list&quot;:[]}\">\n\t\t\t\t<div class=\"elementor-element elementor-element-fed4603 elementor-widget elementor-widget-text-editor\" data-id=\"fed4603\" data-element_type=\"widget\" data-e-type=\"widget\" data-widget_type=\"text-editor.default\">\n\t\t\t\t<div class=\"elementor-widget-container\">\n\t\t\t\t\t\t\t\t\t<h2>Rajeunissement des mains \u00e0 Gen\u00e8ve<\/h2>\t\t\t\t\t\t\t\t<\/div>\n\t\t\t\t<\/div>\n\t\t\t\t<div class=\"elementor-element elementor-element-30f2990 elementor-widget elementor-widget-text-editor\" data-id=\"30f2990\" data-element_type=\"widget\" data-e-type=\"widget\" data-widget_type=\"text-editor.default\">\n\t\t\t\t<div class=\"elementor-widget-container\">\n\t\t\t\t\t\t\t\t\t<p>La peau des <a href=\"https:\/\/drromanovaleria.ch\/besoins\/corps\/mains\/\">mains<\/a>, encore plus que celle du visage, refl\u00e8te tr\u00e8s t\u00f4t les effets du temps. Elle laisse appara\u00eetre les signes de l\u2019\u00e2ge parfois bien avant les autres zones du corps : perte de volume, taches pigmentaires, rel\u00e2chement, aspect frip\u00e9. Les signes du vieillissement deviennent ici rapidement visibles. C\u2019est pourquoi les demandes de rajeunissement des mains sont aujourd\u2019hui de plus en plus fr\u00e9quentes en consultation esth\u00e9tique.<br \/>Une question revient souvent, aussi bien chez les femmes que chez les hommes : ces traitements sont-ils adapt\u00e9s \u00e0 tous les types de peau ? En d\u2019autres termes, peut-on envisager des injections d\u2019<a href=\"https:\/\/drromanovaleria.ch\/solutions\/injections\/acide-hayluronique\/\">acide hyaluronique<\/a> et de <a href=\"https:\/\/drromanovaleria.ch\/solutions\/injections\/skinbooster\/\">Skinboosters<\/a>, des lasers, des <a href=\"https:\/\/drromanovaleria.ch\/solutions\/peeling\/\">peelings<\/a> ou des techniques de biostimulation, quelle que soit la couleur, l\u2019\u00e9paisseur ou la sensibilit\u00e9 de la peau ?<br \/>Cette question est tout \u00e0 fait justifi\u00e9e. Les diff\u00e9rences entre les phototypes, la r\u00e9activit\u00e9 cutan\u00e9e ou encore la tol\u00e9rance aux soins esth\u00e9tiques ont un impact direct sur le choix des protocoles, les r\u00e9sultats attendus et les pr\u00e9cautions \u00e0 prendre.<\/p>\t\t\t\t\t\t\t\t<\/div>\n\t\t\t\t<\/div>\n\t\t\t\t<\/div>\n\t\t\t\t\t<\/div>\n\t\t\t\t<\/div>\n\t\t<div class=\"elementor-element elementor-element-7154757 e-flex e-con-boxed e-con e-child\" data-id=\"7154757\" data-element_type=\"container\" data-e-type=\"container\" data-settings=\"{&quot;jet_parallax_layout_list&quot;:[]}\">\n\t\t\t\t\t<div class=\"e-con-inner\">\n\t\t\t\t<div class=\"elementor-element elementor-element-549e582 elementor-widget elementor-widget-image\" data-id=\"549e582\" data-element_type=\"widget\" data-e-type=\"widget\" data-widget_type=\"image.default\">\n\t\t\t\t<div class=\"elementor-widget-container\">\n\t\t\t\t\t\t\t\t\t\t\t\t\t\t\t<img fetchpriority=\"high\" decoding=\"async\" width=\"300\" height=\"220\" src=\"https:\/\/drromanovaleria.ch\/wp-content\/uploads\/2024\/05\/hydratation-peau.webp\" class=\"attachment-medium size-medium wp-image-4852\" alt=\"image peau jeune hydrat\u00e9e\" srcset=\"https:\/\/drromanovaleria.ch\/wp-content\/uploads\/2024\/05\/hydratation-peau.webp 300w, https:\/\/drromanovaleria.ch\/wp-content\/uploads\/2024\/05\/hydratation-peau-16x12.webp 16w\" sizes=\"(max-width: 300px) 100vw, 300px\" \/>\t\t\t\t\t\t\t\t\t\t\t\t\t\t\t<\/div>\n\t\t\t\t<\/div>\n\t\t\t\t<div class=\"elementor-element elementor-element-0235a24 elementor-align-center elementor-widget elementor-widget-button\" data-id=\"0235a24\" data-element_type=\"widget\" data-e-type=\"widget\" data-widget_type=\"button.default\">\n\t\t\t\t<div class=\"elementor-widget-container\">\n\t\t\t\t\t\t\t\t\t<div class=\"elementor-button-wrapper\">\n\t\t\t\t\t<a class=\"elementor-button elementor-button-link elementor-size-sm\" href=\"https:\/\/drromanovaleria.ch\/contactez-le-dr-romano\/\">\n\t\t\t\t\t\t<span class=\"elementor-button-content-wrapper\">\n\t\t\t\t\t\t\t\t\t<span class=\"elementor-button-text\">Prendre rendez-vous<\/span>\n\t\t\t\t\t<\/span>\n\t\t\t\t\t<\/a>\n\t\t\t\t<\/div>\n\t\t\t\t\t\t\t\t<\/div>\n\t\t\t\t<\/div>\n\t\t\t\t\t<\/div>\n\t\t\t\t<\/div>\n\t\t\t\t\t<\/div>\n\t\t\t\t<\/div>\n\t\t<div class=\"elementor-element elementor-element-c6b3891 e-flex e-con-boxed e-con e-parent\" data-id=\"c6b3891\" data-element_type=\"container\" data-e-type=\"container\" data-settings=\"{&quot;jet_parallax_layout_list&quot;:[]}\">\n\t\t\t\t\t<div class=\"e-con-inner\">\n\t\t\t\t<div class=\"elementor-element elementor-element-266b5b5 elementor-toc--content-ellipsis elementor-toc--minimized-on-desktop elementor-widget elementor-widget-table-of-contents\" data-id=\"266b5b5\" data-element_type=\"widget\" data-e-type=\"widget\" data-settings=\"{&quot;exclude_headings_by_selector&quot;:[],&quot;minimized_on&quot;:&quot;desktop&quot;,&quot;no_headings_message&quot;:&quot;Aucun titre n\\u2019a \\u00e9t\\u00e9 trouv\\u00e9 sur cette page.&quot;,&quot;headings_by_tags&quot;:[&quot;h2&quot;,&quot;h3&quot;,&quot;h4&quot;,&quot;h5&quot;,&quot;h6&quot;],&quot;marker_view&quot;:&quot;numbers&quot;,&quot;minimize_box&quot;:&quot;yes&quot;,&quot;hierarchical_view&quot;:&quot;yes&quot;,&quot;min_height&quot;:{&quot;unit&quot;:&quot;px&quot;,&quot;size&quot;:&quot;&quot;,&quot;sizes&quot;:[]},&quot;min_height_tablet&quot;:{&quot;unit&quot;:&quot;px&quot;,&quot;size&quot;:&quot;&quot;,&quot;sizes&quot;:[]},&quot;min_height_mobile&quot;:{&quot;unit&quot;:&quot;px&quot;,&quot;size&quot;:&quot;&quot;,&quot;sizes&quot;:[]}}\" data-widget_type=\"table-of-contents.default\">\n\t\t\t\t<div class=\"elementor-widget-container\">\n\t\t\t\t\t\t\t\t\t<div class=\"elementor-toc__header\">\n\t\t\t\t\t\t<h2 class=\"elementor-toc__header-title\">\n\t\t\t\tSommaire\t\t\t<\/h2>\n\t\t\t\t\t\t\t\t\t\t<div class=\"elementor-toc__toggle-button elementor-toc__toggle-button--expand\" role=\"button\" tabindex=\"0\" aria-controls=\"elementor-toc__266b5b5\" aria-expanded=\"true\" aria-label=\"Ouvrir la table des mati\u00e8res\"><svg aria-hidden=\"true\" class=\"e-font-icon-svg e-fas-chevron-down\" viewBox=\"0 0 448 512\" xmlns=\"http:\/\/www.w3.org\/2000\/svg\"><path d=\"M207.029 381.476L12.686 187.132c-9.373-9.373-9.373-24.569 0-33.941l22.667-22.667c9.357-9.357 24.522-9.375 33.901-.04L224 284.505l154.745-154.021c9.379-9.335 24.544-9.317 33.901.04l22.667 22.667c9.373 9.373 9.373 24.569 0 33.941L240.971 381.476c-9.373 9.372-24.569 9.372-33.942 0z\"><\/path><\/svg><\/div>\n\t\t\t\t<div class=\"elementor-toc__toggle-button elementor-toc__toggle-button--collapse\" role=\"button\" tabindex=\"0\" aria-controls=\"elementor-toc__266b5b5\" aria-expanded=\"true\" aria-label=\"Fermer la table des mati\u00e8res\"><svg aria-hidden=\"true\" class=\"e-font-icon-svg e-fas-chevron-up\" viewBox=\"0 0 448 512\" xmlns=\"http:\/\/www.w3.org\/2000\/svg\"><path d=\"M240.971 130.524l194.343 194.343c9.373 9.373 9.373 24.569 0 33.941l-22.667 22.667c-9.357 9.357-24.522 9.375-33.901.04L224 227.495 69.255 381.516c-9.379 9.335-24.544 9.317-33.901-.04l-22.667-22.667c-9.373-9.373-9.373-24.569 0-33.941L207.03 130.525c9.372-9.373 24.568-9.373 33.941-.001z\"><\/path><\/svg><\/div>\n\t\t\t\t\t<\/div>\n\t\t\t\t<div id=\"elementor-toc__266b5b5\" class=\"elementor-toc__body\">\n\t\t\t<div class=\"elementor-toc__spinner-container\">\n\t\t\t\t<svg class=\"elementor-toc__spinner eicon-animation-spin e-font-icon-svg e-eicon-loading\" aria-hidden=\"true\" viewBox=\"0 0 1000 1000\" xmlns=\"http:\/\/www.w3.org\/2000\/svg\"><path d=\"M500 975V858C696 858 858 696 858 500S696 142 500 142 142 304 142 500H25C25 237 238 25 500 25S975 237 975 500 763 975 500 975Z\"><\/path><\/svg>\t\t\t<\/div>\n\t\t<\/div>\n\t\t\t\t\t\t<\/div>\n\t\t\t\t<\/div>\n\t\t\t\t\t<\/div>\n\t\t\t\t<\/div>\n\t\t<div class=\"elementor-element elementor-element-3d08109 e-flex e-con-boxed e-con e-parent\" data-id=\"3d08109\" data-element_type=\"container\" data-e-type=\"container\" data-settings=\"{&quot;jet_parallax_layout_list&quot;:[]}\">\n\t\t\t\t\t<div class=\"e-con-inner\">\n\t\t\t\t<div class=\"elementor-element elementor-element-469a205 elementor-widget elementor-widget-text-editor\" data-id=\"469a205\" data-element_type=\"widget\" data-e-type=\"widget\" data-widget_type=\"text-editor.default\">\n\t\t\t\t<div class=\"elementor-widget-container\">\n\t\t\t\t\t\t\t\t\t<h2>Types de peau et vieillissement des mains<\/h2>\t\t\t\t\t\t\t\t<\/div>\n\t\t\t\t<\/div>\n\t\t\t\t<div class=\"elementor-element elementor-element-8ee339e elementor-widget-divider--view-line elementor-widget elementor-widget-divider\" data-id=\"8ee339e\" data-element_type=\"widget\" data-e-type=\"widget\" data-widget_type=\"divider.default\">\n\t\t\t\t<div class=\"elementor-widget-container\">\n\t\t\t\t\t\t\t<div class=\"elementor-divider\">\n\t\t\t<span class=\"elementor-divider-separator\">\n\t\t\t\t\t\t<\/span>\n\t\t<\/div>\n\t\t\t\t\t\t<\/div>\n\t\t\t\t<\/div>\n\t\t\t\t<div class=\"elementor-element elementor-element-33e9d9f elementor-widget elementor-widget-text-editor\" data-id=\"33e9d9f\" data-element_type=\"widget\" data-e-type=\"widget\" data-widget_type=\"text-editor.default\">\n\t\t\t\t<div class=\"elementor-widget-container\">\n\t\t\t\t\t\t\t\t\t<p>On regroupe classiquement les types de peau en fonction de leur phototype, c\u2019est-\u00e0-dire de leur capacit\u00e9 \u00e0 bronzer et \u00e0 r\u00e9agir au soleil. Cette classification de Fitzpatrick, bien connue en dermatologie, va du phototype I (peau tr\u00e8s claire, qui br\u00fble toujours) au phototype VI (peau noire, qui ne br\u00fble jamais). Chaque phototype poss\u00e8de ses propres caract\u00e9ristiques physiologiques, notamment en termes de production de m\u00e9lanine, d\u2019\u00e9paisseur de la couche corn\u00e9e, de vascularisation et de sensibilit\u00e9 aux agents ext\u00e9rieurs.<br \/>Sur les mains, ces caract\u00e9ristiques influencent profond\u00e9ment la mani\u00e8re dont la peau vieillit. Les peaux claires ont tendance \u00e0 pr\u00e9senter plus pr\u00e9cocement des taches pigmentaires (lentigos), des rides fines et une perte de volume. Les peaux mates \u00e0 fonc\u00e9es, en revanche, sont plus sujettes \u00e0 des troubles pigmentaires post-inflammatoires, mais b\u00e9n\u00e9ficient d\u2019un vieillissement structurel g\u00e9n\u00e9ralement plus lent.<br \/>En mati\u00e8re de traitement anti-\u00e2ge, il est donc fondamental de tenir compte de ces diff\u00e9rences, non seulement pour optimiser les r\u00e9sultats, mais aussi pour pr\u00e9venir les effets ind\u00e9sirables potentiels, tels que l\u2019hyperpigmentation, la d\u00e9pigmentation ou l\u2019inflammation prolong\u00e9e.<\/p>\t\t\t\t\t\t\t\t<\/div>\n\t\t\t\t<\/div>\n\t\t\t\t\t<\/div>\n\t\t\t\t<\/div>\n\t\t<div class=\"elementor-element elementor-element-b3a2046 e-flex e-con-boxed e-con e-parent\" data-id=\"b3a2046\" data-element_type=\"container\" data-e-type=\"container\" data-settings=\"{&quot;jet_parallax_layout_list&quot;:[]}\">\n\t\t\t\t\t<div class=\"e-con-inner\">\n\t\t\t\t<div class=\"elementor-element elementor-element-f198d3e elementor-widget elementor-widget-text-editor\" data-id=\"f198d3e\" data-element_type=\"widget\" data-e-type=\"widget\" data-widget_type=\"text-editor.default\">\n\t\t\t\t<div class=\"elementor-widget-container\">\n\t\t\t\t\t\t\t\t\t<h2>Les peelings conviennent-ils \u00e0 tous les types de peau des mains ?<\/h2>\t\t\t\t\t\t\t\t<\/div>\n\t\t\t\t<\/div>\n\t\t\t\t<div class=\"elementor-element elementor-element-8b6a0f9 elementor-widget-divider--view-line elementor-widget elementor-widget-divider\" data-id=\"8b6a0f9\" data-element_type=\"widget\" data-e-type=\"widget\" data-widget_type=\"divider.default\">\n\t\t\t\t<div class=\"elementor-widget-container\">\n\t\t\t\t\t\t\t<div class=\"elementor-divider\">\n\t\t\t<span class=\"elementor-divider-separator\">\n\t\t\t\t\t\t<\/span>\n\t\t<\/div>\n\t\t\t\t\t\t<\/div>\n\t\t\t\t<\/div>\n\t\t\t\t<div class=\"elementor-element elementor-element-108f74d elementor-widget elementor-widget-text-editor\" data-id=\"108f74d\" data-element_type=\"widget\" data-e-type=\"widget\" data-widget_type=\"text-editor.default\">\n\t\t\t\t<div class=\"elementor-widget-container\">\n\t\t\t\t\t\t\t\t\t<p>Les peelings chimiques superficiels sont fr\u00e9quemment utilis\u00e9s pour am\u00e9liorer l\u2019\u00e9clat de la peau des mains, lisser les ridules fines et att\u00e9nuer certaines taches pigmentaires. Leur efficacit\u00e9 repose sur l\u2019exfoliation contr\u00f4l\u00e9e des couches superficielles de l\u2019\u00e9piderme, favorisant ainsi le renouvellement cellulaire.<br \/>Cependant, leur utilisation doit \u00eatre ajust\u00e9e selon le phototype. Sur les peaux tr\u00e8s claires (phototypes I \u00e0 III), les peelings aux acides de fruits, \u00e0 l\u2019acide glycolique ou mand\u00e9lique donnent d\u2019excellents r\u00e9sultats, avec un faible risque de rebond pigmentaire. Sur les peaux plus fonc\u00e9es (phototypes IV \u00e0 VI), en revanche, une prudence accrue s\u2019impose. La moindre irritation, m\u00eame superficielle, peut d\u00e9clencher une hyperpigmentation post-inflammatoire difficile \u00e0 corriger.<br \/>C\u2019est la raison pour laquelle certains peelings comme le PRX-T33, qui n\u2019entra\u00eene pas de desquamation visible, sont particuli\u00e8rement adapt\u00e9s aux peaux pigment\u00e9es. Gr\u00e2ce \u00e0 sa formulation sp\u00e9cifique, il stimule les cellules du derme sans agresser l\u2019\u00e9piderme, ce qui permet d\u2019uniformiser le teint et d\u2019am\u00e9liorer la qualit\u00e9 cutan\u00e9e, m\u00eame sur les peaux les plus r\u00e9actives, sans risque de pigmentations secondaires.<\/p>\t\t\t\t\t\t\t\t<\/div>\n\t\t\t\t<\/div>\n\t\t\t\t\t<\/div>\n\t\t\t\t<\/div>\n\t\t<div class=\"elementor-element elementor-element-865e38c e-flex e-con-boxed e-con e-parent\" data-id=\"865e38c\" data-element_type=\"container\" data-e-type=\"container\" data-settings=\"{&quot;jet_parallax_layout_list&quot;:[]}\">\n\t\t\t\t\t<div class=\"e-con-inner\">\n\t\t\t\t<div class=\"elementor-element elementor-element-ab8389b elementor-widget elementor-widget-text-editor\" data-id=\"ab8389b\" data-element_type=\"widget\" data-e-type=\"widget\" data-widget_type=\"text-editor.default\">\n\t\t\t\t<div class=\"elementor-widget-container\">\n\t\t\t\t\t\t\t\t\t<h2>Les injections d\u2019acide hyaluronique des mains conviennent-elles \u00e0 toutes les peaux ?<\/h2>\t\t\t\t\t\t\t\t<\/div>\n\t\t\t\t<\/div>\n\t\t\t\t<div class=\"elementor-element elementor-element-23c10c1 elementor-widget-divider--view-line elementor-widget elementor-widget-divider\" data-id=\"23c10c1\" data-element_type=\"widget\" data-e-type=\"widget\" data-widget_type=\"divider.default\">\n\t\t\t\t<div class=\"elementor-widget-container\">\n\t\t\t\t\t\t\t<div class=\"elementor-divider\">\n\t\t\t<span class=\"elementor-divider-separator\">\n\t\t\t\t\t\t<\/span>\n\t\t<\/div>\n\t\t\t\t\t\t<\/div>\n\t\t\t\t<\/div>\n\t\t\t\t<div class=\"elementor-element elementor-element-cc7b7a8 elementor-widget elementor-widget-text-editor\" data-id=\"cc7b7a8\" data-element_type=\"widget\" data-e-type=\"widget\" data-widget_type=\"text-editor.default\">\n\t\t\t\t<div class=\"elementor-widget-container\">\n\t\t\t\t\t\t\t\t\t<p>L\u2019injection d\u2019acide hyaluronique est une technique incontournable du rajeunissement des mains. Elle permet de restaurer les volumes perdus, d\u2019att\u00e9nuer la visibilit\u00e9 des veines et des tendons, et d\u2019am\u00e9liorer l\u2019hydratation en profondeur. Contrairement \u00e0 certaines id\u00e9es re\u00e7ues, cette technique est parfaitement adapt\u00e9e \u00e0 tous les types de peau.<br \/>La r\u00e9ponse biologique au produit injectable (acide hyaluronique ou <a href=\"https:\/\/drromanovaleria.ch\/solutions\/injections\/inducteurs-collagene\/\">inducteur de collag\u00e8ne<\/a>) ne d\u00e9pend pas du phototype, mais plut\u00f4t de l\u2019\u00e9tat initial du tissu cutan\u00e9 et du m\u00e9tabolisme du patient. Les peaux fonc\u00e9es, souvent plus denses et plus r\u00e9sistantes \u00e0 l\u2019atrophie, b\u00e9n\u00e9ficient \u00e9galement de ce traitement, m\u00eame si la perte de volume y est parfois moins marqu\u00e9e.<br \/>En revanche, le m\u00e9decin doit porter une attention particuli\u00e8re \u00e0 la pr\u00e9paration cutan\u00e9e et au respect de l\u2019int\u00e9grit\u00e9 des tissus, notamment sur les peaux sujettes aux troubles pigmentaires. L\u2019association des injections avec une bonne hydratation, une photoprotection stricte, et des soins post-acte adapt\u00e9s contribue \u00e0 s\u00e9curiser l\u2019ensemble du protocole, quel que soit le type de peau trait\u00e9.<\/p>\t\t\t\t\t\t\t\t<\/div>\n\t\t\t\t<\/div>\n\t\t\t\t\t<\/div>\n\t\t\t\t<\/div>\n\t\t<div class=\"elementor-element elementor-element-4a5160c e-flex e-con-boxed e-con e-parent\" data-id=\"4a5160c\" data-element_type=\"container\" data-e-type=\"container\" data-settings=\"{&quot;jet_parallax_layout_list&quot;:[]}\">\n\t\t\t\t\t<div class=\"e-con-inner\">\n\t\t\t\t<div class=\"elementor-element elementor-element-a434c01 elementor-widget elementor-widget-text-editor\" data-id=\"a434c01\" data-element_type=\"widget\" data-e-type=\"widget\" data-widget_type=\"text-editor.default\">\n\t\t\t\t<div class=\"elementor-widget-container\">\n\t\t\t\t\t\t\t\t\t<h2>Le traitement laser des taches des mains selon les phototypes<\/h2>\t\t\t\t\t\t\t\t<\/div>\n\t\t\t\t<\/div>\n\t\t\t\t<div class=\"elementor-element elementor-element-b0c5c4b elementor-widget-divider--view-line elementor-widget elementor-widget-divider\" data-id=\"b0c5c4b\" data-element_type=\"widget\" data-e-type=\"widget\" data-widget_type=\"divider.default\">\n\t\t\t\t<div class=\"elementor-widget-container\">\n\t\t\t\t\t\t\t<div class=\"elementor-divider\">\n\t\t\t<span class=\"elementor-divider-separator\">\n\t\t\t\t\t\t<\/span>\n\t\t<\/div>\n\t\t\t\t\t\t<\/div>\n\t\t\t\t<\/div>\n\t\t\t\t<div class=\"elementor-element elementor-element-c3ed0da elementor-widget elementor-widget-text-editor\" data-id=\"c3ed0da\" data-element_type=\"widget\" data-e-type=\"widget\" data-widget_type=\"text-editor.default\">\n\t\t\t\t<div class=\"elementor-widget-container\">\n\t\t\t\t\t\t\t\t\t<p>Le laser pigmentaire est l\u2019un des traitements les plus performants pour effacer les taches solaires sur le dos des mains. Il fonctionne en ciblant s\u00e9lectivement la m\u00e9lanine pr\u00e9sente dans les lentigos, que l\u2019organisme \u00e9limine naturellement par la suite.<br \/>Cependant, tous les types de peau ne r\u00e9agissent pas de la m\u00eame mani\u00e8re \u00e0 cette technologie. Sur les phototypes clairs, le laser Q-switched ou le laser Alexandrite pr\u00e9sente une excellente s\u00e9curit\u00e9 d\u2019utilisation. En revanche, sur les peaux mates \u00e0 fonc\u00e9es, le laser doit \u00eatre utilis\u00e9 avec une grande prudence, car le risque d\u2019hyperpigmentation post-traitement est plus \u00e9lev\u00e9. Certaines longueurs d\u2019onde, comme celles du Nd:YAG 1064 nm ou des lasers picoseconde, peuvent \u00eatre employ\u00e9es, mais toujours avec des param\u00e8tres adapt\u00e9s et une pr\u00e9paration cutan\u00e9e soigneusement men\u00e9e. C\u2019est pourquoi un diagnostic pr\u00e9alable est essentiel. Le type de tache, sa profondeur, sa densit\u00e9 pigmentaire et le phototype du patient doivent \u00eatre pris en compte pour d\u00e9terminer si le laser constitue la meilleure option.<\/p>\t\t\t\t\t\t\t\t<\/div>\n\t\t\t\t<\/div>\n\t\t\t\t\t<\/div>\n\t\t\t\t<\/div>\n\t\t<div class=\"elementor-element elementor-element-7c4e6b4 e-flex e-con-boxed e-con e-parent\" data-id=\"7c4e6b4\" data-element_type=\"container\" data-e-type=\"container\" data-settings=\"{&quot;jet_parallax_layout_list&quot;:[]}\">\n\t\t\t\t\t<div class=\"e-con-inner\">\n\t\t\t\t<div class=\"elementor-element elementor-element-40fedc4 elementor-widget elementor-widget-text-editor\" data-id=\"40fedc4\" data-element_type=\"widget\" data-e-type=\"widget\" data-widget_type=\"text-editor.default\">\n\t\t\t\t<div class=\"elementor-widget-container\">\n\t\t\t\t\t\t\t\t\t<h2>Existe-t-il des contre-indications au rajeunissement des mains ?<\/h2>\t\t\t\t\t\t\t\t<\/div>\n\t\t\t\t<\/div>\n\t\t\t\t<div class=\"elementor-element elementor-element-82d16f7 elementor-widget-divider--view-line elementor-widget elementor-widget-divider\" data-id=\"82d16f7\" data-element_type=\"widget\" data-e-type=\"widget\" data-widget_type=\"divider.default\">\n\t\t\t\t<div class=\"elementor-widget-container\">\n\t\t\t\t\t\t\t<div class=\"elementor-divider\">\n\t\t\t<span class=\"elementor-divider-separator\">\n\t\t\t\t\t\t<\/span>\n\t\t<\/div>\n\t\t\t\t\t\t<\/div>\n\t\t\t\t<\/div>\n\t\t\t\t<div class=\"elementor-element elementor-element-8604d08 elementor-widget elementor-widget-text-editor\" data-id=\"8604d08\" data-element_type=\"widget\" data-e-type=\"widget\" data-widget_type=\"text-editor.default\">\n\t\t\t\t<div class=\"elementor-widget-container\">\n\t\t\t\t\t\t\t\t\t<p>Si la majorit\u00e9 des traitements anti-\u00e2ge peuvent \u00eatre adapt\u00e9s \u00e0 tous les types de peau, certaines situations doivent \u00eatre identifi\u00e9es comme des contre-indications temporaires ou relatives. Une peau bronz\u00e9e, m\u00eame si elle est de phototype clair, pr\u00e9sente un risque plus \u00e9lev\u00e9 de r\u00e9action inflammatoire apr\u00e8s un traitement esth\u00e9tique. De la m\u00eame fa\u00e7on, une peau tr\u00e8s s\u00e8che ou sujette \u00e0 l\u2019ecz\u00e9ma doit \u00eatre apais\u00e9e avant toute intervention.<br \/>Chez les patients qui pr\u00e9sentent des troubles pigmentaires, comme le m\u00e9lasma, ou qui ont d\u00e9j\u00e0 eu des taches apr\u00e8s une inflammation, il est essentiel d\u2019adopter une approche douce et progressive. Dans certains cas, une pr\u00e9paration est recommand\u00e9 : l\u2019application de soins cosm\u00e9ceutiques \u00e9claircissants, de cr\u00e8mes \u00e0 base d\u2019acide az\u00e9la\u00efque ou de r\u00e9tino\u00efdes topiques permet de r\u00e9duire la sensibilit\u00e9 de la peau et de mieux la pr\u00e9parer \u00e0 l\u2019acte m\u00e9dical.<br \/>Chaque peau est unique. Elle n\u00e9cessite une prise en charge adapt\u00e9e, qui prend en compte ses caract\u00e9ristiques naturelles, ses ant\u00e9c\u00e9dents m\u00e9dicaux et sa capacit\u00e9 \u00e0 bien r\u00e9agir aux traitements esth\u00e9tiques.<\/p>\t\t\t\t\t\t\t\t<\/div>\n\t\t\t\t<\/div>\n\t\t\t\t\t<\/div>\n\t\t\t\t<\/div>\n\t\t<div class=\"elementor-element elementor-element-acb858b e-flex e-con-boxed e-con e-parent\" data-id=\"acb858b\" data-element_type=\"container\" data-e-type=\"container\" data-settings=\"{&quot;jet_parallax_layout_list&quot;:[]}\">\n\t\t\t\t\t<div class=\"e-con-inner\">\n\t\t\t\t<div class=\"elementor-element elementor-element-6c5d9f6 elementor-widget elementor-widget-text-editor\" data-id=\"6c5d9f6\" data-element_type=\"widget\" data-e-type=\"widget\" data-widget_type=\"text-editor.default\">\n\t\t\t\t<div class=\"elementor-widget-container\">\n\t\t\t\t\t\t\t\t\t<h2>La cl\u00e9 d\u2019un traitement anti-\u00e2ge r\u00e9ussi pour les mains<\/h2>\t\t\t\t\t\t\t\t<\/div>\n\t\t\t\t<\/div>\n\t\t\t\t<div class=\"elementor-element elementor-element-03aca18 elementor-widget-divider--view-line elementor-widget elementor-widget-divider\" data-id=\"03aca18\" data-element_type=\"widget\" data-e-type=\"widget\" data-widget_type=\"divider.default\">\n\t\t\t\t<div class=\"elementor-widget-container\">\n\t\t\t\t\t\t\t<div class=\"elementor-divider\">\n\t\t\t<span class=\"elementor-divider-separator\">\n\t\t\t\t\t\t<\/span>\n\t\t<\/div>\n\t\t\t\t\t\t<\/div>\n\t\t\t\t<\/div>\n\t\t\t\t<div class=\"elementor-element elementor-element-a638b99 elementor-widget elementor-widget-text-editor\" data-id=\"a638b99\" data-element_type=\"widget\" data-e-type=\"widget\" data-widget_type=\"text-editor.default\">\n\t\t\t\t<div class=\"elementor-widget-container\">\n\t\t\t\t\t\t\t\t\t<p>Plut\u00f4t que de limiter certains traitements en fonction du type de peau, la m\u00e9decine \u00e0 vis\u00e9e esth\u00e9tique moderne mise sur une approche personnalis\u00e9e. C\u2019est cette adaptation fine qui permet d\u2019obtenir des r\u00e9sultats naturels, durables et s\u00fbrs, quel que soit le phototype du patient.<br \/>Lors de la consultation, une analyse clinique d\u00e9taill\u00e9e est r\u00e9alis\u00e9e. Elle permet de dresser un \u00e9tat pr\u00e9cis du vieillissement des mains en prenant en compte plusieurs \u00e9l\u00e9ments : la densit\u00e9 de la peau, le rel\u00e2chement, les taches pigmentaires, la visibilit\u00e9 des vaisseaux, et bien s\u00fbr, le type de peau. Sur cette base, un plan de traitement sur mesure est \u00e9tabli. Il peut associer diff\u00e9rentes techniques, choisies en fonction des besoins sp\u00e9cifiques, toujours dans un esprit de coh\u00e9rence, de s\u00e9curit\u00e9 et d\u2019efficacit\u00e9.<\/p>\t\t\t\t\t\t\t\t<\/div>\n\t\t\t\t<\/div>\n\t\t\t\t\t<\/div>\n\t\t\t\t<\/div>\n\t\t<div class=\"elementor-element elementor-element-79d06e2 e-flex e-con-boxed e-con e-parent\" data-id=\"79d06e2\" data-element_type=\"container\" data-e-type=\"container\" data-settings=\"{&quot;jet_parallax_layout_list&quot;:[]}\">\n\t\t\t\t\t<div class=\"e-con-inner\">\n\t\t\t\t<div class=\"elementor-element elementor-element-d7bacec elementor-widget elementor-widget-text-editor\" data-id=\"d7bacec\" data-element_type=\"widget\" data-e-type=\"widget\" data-widget_type=\"text-editor.default\">\n\t\t\t\t<div class=\"elementor-widget-container\">\n\t\t\t\t\t\t\t\t\t<h2>L\u2019entretien cosm\u00e9tique post-traitement\u202f<\/h2>\t\t\t\t\t\t\t\t<\/div>\n\t\t\t\t<\/div>\n\t\t\t\t<div class=\"elementor-element elementor-element-86b84e5 elementor-widget-divider--view-line elementor-widget elementor-widget-divider\" data-id=\"86b84e5\" data-element_type=\"widget\" data-e-type=\"widget\" data-widget_type=\"divider.default\">\n\t\t\t\t<div class=\"elementor-widget-container\">\n\t\t\t\t\t\t\t<div class=\"elementor-divider\">\n\t\t\t<span class=\"elementor-divider-separator\">\n\t\t\t\t\t\t<\/span>\n\t\t<\/div>\n\t\t\t\t\t\t<\/div>\n\t\t\t\t<\/div>\n\t\t\t\t<div class=\"elementor-element elementor-element-a5b739e elementor-widget elementor-widget-text-editor\" data-id=\"a5b739e\" data-element_type=\"widget\" data-e-type=\"widget\" data-widget_type=\"text-editor.default\">\n\t\t\t\t<div class=\"elementor-widget-container\">\n\t\t\t\t\t\t\t\t\t<p>Une fois le traitement anti-\u00e2ge r\u00e9alis\u00e9, l\u2019entretien des r\u00e9sultats repose en grande partie sur l\u2019usage de produits cosm\u00e9ceutiques adapt\u00e9s. Et ici encore, le type de peau joue un r\u00f4le fondamental dans le choix des formulations \u00e0 privil\u00e9gier. Il ne s\u2019agit pas d\u2019appliquer les m\u00eames cr\u00e8mes pour tous, mais d&#8217;\u00e9tablir une routine de soin personnalis\u00e9e, tenant compte des propri\u00e9t\u00e9s biologiques sp\u00e9cifiques \u00e0 chaque phototype.<br \/>Pour les peaux claires, souvent fines et sujettes \u00e0 la d\u00e9shydratation, il est essentiel de renforcer la barri\u00e8re cutan\u00e9e. L\u2019utilisation r\u00e9guli\u00e8re de cr\u00e8mes contenant de l\u2019acide hyaluronique, des c\u00e9ramides et des antioxydants comme la vitamine C ou E permet de maintenir une hydratation optimale et de lutter contre l\u2019oxydation cellulaire. Ces types de peau tirent \u00e9galement un r\u00e9el b\u00e9n\u00e9fice de l\u2019utilisation de r\u00e9tinol faiblement dos\u00e9, qui stimule la r\u00e9g\u00e9n\u00e9ration cutan\u00e9e et affine le grain de peau. Ce soin, utilis\u00e9 avec pr\u00e9caution et r\u00e9gularit\u00e9, permet d\u2019am\u00e9liorer visiblement la qualit\u00e9 et l\u2019\u00e9clat, sans agresser la surface cutan\u00e9e.<br \/>En revanche, pour les peaux mates \u00e0 fonc\u00e9es, une vigilance particuli\u00e8re est n\u00e9cessaire face aux actifs potentiellement irritants. Il est pr\u00e9f\u00e9rable d\u2019\u00e9viter les formules trop exfoliantes ou sensibilisantes, car elles peuvent provoquer une inflammation suivie d\u2019une hyperpigmentation, souvent difficile \u00e0 corriger. Le choix des soins doit donc se faire avec prudence, en tenant compte de la r\u00e9activit\u00e9 pigmentaire propre \u00e0 ces phototypes. Les soins post-acte doivent inclure des actifs \u00e9claircissants bien tol\u00e9r\u00e9s, tels que l\u2019acide az\u00e9la\u00efque, l\u2019arbutine, ou encore la niacinamide, connus pour leur action sur les d\u00e9sordres pigmentaires. Un photoprotecteur \u00e0 large spectre, riche en filtres anti-UVA et UVB, est essentiel, quel que soit le phototype.<br \/>Enfin, la r\u00e9gularit\u00e9 est capitale. Un protocole cosm\u00e9tique bien men\u00e9 ne remplace pas le traitement m\u00e9dical, mais il prolonge son efficacit\u00e9 et prot\u00e8ge la peau contre les agressions futures. Le suivi m\u00e9dical permet d\u2019ajuster les soins en fonction de la r\u00e9action individuelle de la peau et de l\u2019\u00e9volution des r\u00e9sultats.<\/p>\t\t\t\t\t\t\t\t<\/div>\n\t\t\t\t<\/div>\n\t\t\t\t\t<\/div>\n\t\t\t\t<\/div>\n\t\t<div class=\"elementor-element elementor-element-61e47df e-flex e-con-boxed e-con e-parent\" data-id=\"61e47df\" data-element_type=\"container\" data-e-type=\"container\" data-settings=\"{&quot;jet_parallax_layout_list&quot;:[]}\">\n\t\t\t\t\t<div class=\"e-con-inner\">\n\t\t\t\t<div class=\"elementor-element elementor-element-32e7eef elementor-widget elementor-widget-text-editor\" data-id=\"32e7eef\" data-element_type=\"widget\" data-e-type=\"widget\" data-widget_type=\"text-editor.default\">\n\t\t\t\t<div class=\"elementor-widget-container\">\n\t\t\t\t\t\t\t\t\t<h2>R\u00e9cup\u00e9ration\u202fapr\u00e8s les traitements de rajeunissement des mains selon les types de peau<\/h2>\t\t\t\t\t\t\t\t<\/div>\n\t\t\t\t<\/div>\n\t\t\t\t<div class=\"elementor-element elementor-element-cd7bcd3 elementor-widget-divider--view-line elementor-widget elementor-widget-divider\" data-id=\"cd7bcd3\" data-element_type=\"widget\" data-e-type=\"widget\" data-widget_type=\"divider.default\">\n\t\t\t\t<div class=\"elementor-widget-container\">\n\t\t\t\t\t\t\t<div class=\"elementor-divider\">\n\t\t\t<span class=\"elementor-divider-separator\">\n\t\t\t\t\t\t<\/span>\n\t\t<\/div>\n\t\t\t\t\t\t<\/div>\n\t\t\t\t<\/div>\n\t\t\t\t<div class=\"elementor-element elementor-element-388d138 elementor-widget elementor-widget-text-editor\" data-id=\"388d138\" data-element_type=\"widget\" data-e-type=\"widget\" data-widget_type=\"text-editor.default\">\n\t\t\t\t<div class=\"elementor-widget-container\">\n\t\t\t\t\t\t\t\t\t<p>Tous les traitements esth\u00e9tiques, m\u00eame les non invasifs, induisent une r\u00e9action tissulaire contr\u00f4l\u00e9e. Cette r\u00e9ponse de la peau \u2014 rougeur, inflammation, remodelage \u2014 d\u00e9pend largement du phototype et du type de peau.<br \/>Les peaux claires, g\u00e9n\u00e9ralement plus fines, pr\u00e9sentent une r\u00e9cup\u00e9ration rapide sur le plan pigmentaire, mais peuvent \u00eatre plus sensibles aux rougeurs persistantes, notamment apr\u00e8s un peeling ou un traitement par laser. Cette r\u00e9activit\u00e9 vasculaire impose parfois de diff\u00e9rer certains traitements ou de les espacer davantage, afin d\u2019\u00e9viter les r\u00e9actions inflammatoires prolong\u00e9es.<br \/>Les peaux plus fonc\u00e9es (phototypes IV \u00e0 VI), en revanche, ont une capacit\u00e9 de cicatrisation plus robuste sur le plan m\u00e9canique, mais elles sont plus sujettes \u00e0 l\u2019hyperpigmentation post-inflammatoire. Un simple \u00e9ryth\u00e8me ou une petite cro\u00fbte peut suffire \u00e0 d\u00e9clencher une r\u00e9ponse pigmentaire excessive, qui met plusieurs semaines \u00e0 s\u2019att\u00e9nuer. Cette sp\u00e9cificit\u00e9 impose au m\u00e9decin une grande prudence dans le choix des param\u00e8tres d\u2019\u00e9nergie (en laser, notamment) et dans le rythme des s\u00e9ances.<br \/>Dans certains cas, une pr\u00e9paration cutan\u00e9e pr\u00e9alable est recommand\u00e9e\u202f: application de cosm\u00e9ceutiques r\u00e9gulateurs de la pigmentation ou de soins \u00e0 base de r\u00e9tino\u00efdes doux pendant quelques semaines avant l\u2019acte. De m\u00eame, un protocole post-traitement sur mesure (photoprotection stricte, agents anti-inflammatoires, \u00e9mollients) est souvent n\u00e9cessaire pour optimiser la r\u00e9cup\u00e9ration et garantir un r\u00e9sultat sans effet secondaire.<br \/>La prise en compte de ces diff\u00e9rences biologiques n\u2019est pas anecdotique. Elle conditionne non seulement la s\u00e9curit\u00e9 du traitement, mais aussi la satisfaction esth\u00e9tique du patient ou de la patiente, qui attend un r\u00e9sultat homog\u00e8ne, harmonieux et sans impr\u00e9vus.<\/p>\t\t\t\t\t\t\t\t<\/div>\n\t\t\t\t<\/div>\n\t\t\t\t\t<\/div>\n\t\t\t\t<\/div>\n\t\t<div class=\"elementor-element elementor-element-a3c3448 e-flex e-con-boxed e-con e-parent\" data-id=\"a3c3448\" data-element_type=\"container\" data-e-type=\"container\" data-settings=\"{&quot;jet_parallax_layout_list&quot;:[]}\">\n\t\t\t\t\t<div class=\"e-con-inner\">\n\t\t<div class=\"elementor-element elementor-element-bf9dccb e-con-full e-flex e-con e-child\" data-id=\"bf9dccb\" data-element_type=\"container\" data-e-type=\"container\" data-settings=\"{&quot;jet_parallax_layout_list&quot;:[]}\">\n\t\t<div class=\"elementor-element elementor-element-79b604c e-con-full e-flex e-con e-child\" data-id=\"79b604c\" data-element_type=\"container\" data-e-type=\"container\" data-settings=\"{&quot;jet_parallax_layout_list&quot;:[]}\">\n\t\t<div class=\"elementor-element elementor-element-ce65221 e-con-full e-flex e-con e-child\" data-id=\"ce65221\" data-element_type=\"container\" data-e-type=\"container\" data-settings=\"{&quot;jet_parallax_layout_list&quot;:[]}\">\n\t\t<div class=\"elementor-element elementor-element-f307928 e-con-full e-flex e-con e-child\" data-id=\"f307928\" data-element_type=\"container\" data-e-type=\"container\" data-settings=\"{&quot;jet_parallax_layout_list&quot;:[]}\">\n\t\t\t\t<div class=\"elementor-element elementor-element-f80f3f8 elementor-widget elementor-widget-image\" data-id=\"f80f3f8\" data-element_type=\"widget\" data-e-type=\"widget\" data-widget_type=\"image.default\">\n\t\t\t\t<div class=\"elementor-widget-container\">\n\t\t\t\t\t\t\t\t\t\t\t\t\t\t\t<img decoding=\"async\" width=\"150\" height=\"150\" src=\"https:\/\/drromanovaleria.ch\/wp-content\/uploads\/2024\/07\/photo-docteur-romano-valeria-150x150.webp\" class=\"attachment-thumbnail size-thumbnail wp-image-13266\" alt=\"Photo docteur Valeria Romano \u00e0 Gen\u00e8ve\" \/>\t\t\t\t\t\t\t\t\t\t\t\t\t\t\t<\/div>\n\t\t\t\t<\/div>\n\t\t\t\t<div class=\"elementor-element elementor-element-310f98c elementor-widget elementor-widget-text-editor\" data-id=\"310f98c\" data-element_type=\"widget\" data-e-type=\"widget\" data-widget_type=\"text-editor.default\">\n\t\t\t\t<div class=\"elementor-widget-container\">\n\t\t\t\t\t\t\t\t\t<p>Article r\u00e9dig\u00e9 par le <a href=\"https:\/\/drromanovaleria.ch\/\">Dr Romano Valeria<\/a><\/p>\t\t\t\t\t\t\t\t<\/div>\n\t\t\t\t<\/div>\n\t\t\t\t<\/div>\n\t\t<div class=\"elementor-element elementor-element-c603d83 e-con-full e-flex e-con e-child\" data-id=\"c603d83\" data-element_type=\"container\" data-e-type=\"container\" data-settings=\"{&quot;jet_parallax_layout_list&quot;:[]}\">\n\t\t\t\t<div class=\"elementor-element elementor-element-5844eb5 elementor-widget elementor-widget-text-editor\" data-id=\"5844eb5\" data-element_type=\"widget\" data-e-type=\"widget\" data-widget_type=\"text-editor.default\">\n\t\t\t\t<div class=\"elementor-widget-container\">\n\t\t\t\t\t\t\t\t\t<p>PARTAGER CET ARTICLE SUR<\/p>\t\t\t\t\t\t\t\t<\/div>\n\t\t\t\t<\/div>\n\t\t\t\t<div class=\"elementor-element elementor-element-42b79bb elementor-share-buttons--view-icon-text elementor-share-buttons--skin-gradient elementor-share-buttons--shape-square elementor-grid-0 elementor-share-buttons--color-official elementor-widget elementor-widget-share-buttons\" data-id=\"42b79bb\" data-element_type=\"widget\" data-e-type=\"widget\" data-widget_type=\"share-buttons.default\">\n\t\t\t\t<div class=\"elementor-widget-container\">\n\t\t\t\t\t\t\t<div class=\"elementor-grid\">\n\t\t\t\t\t\t\t\t<div class=\"elementor-grid-item\">\n\t\t\t\t\t\t<div class=\"elementor-share-btn elementor-share-btn_linkedin\" role=\"button\" tabindex=\"0\" aria-label=\"Partager sur linkedin\">\n\t\t\t\t\t\t\t\t\t\t\t\t\t\t\t<span class=\"elementor-share-btn__icon\">\n\t\t\t\t\t\t\t\t<svg aria-hidden=\"true\" class=\"e-font-icon-svg e-fab-linkedin\" viewBox=\"0 0 448 512\" xmlns=\"http:\/\/www.w3.org\/2000\/svg\"><path d=\"M416 32H31.9C14.3 32 0 46.5 0 64.3v383.4C0 465.5 14.3 480 31.9 480H416c17.6 0 32-14.5 32-32.3V64.3c0-17.8-14.4-32.3-32-32.3zM135.4 416H69V202.2h66.5V416zm-33.2-243c-21.3 0-38.5-17.3-38.5-38.5S80.9 96 102.2 96c21.2 0 38.5 17.3 38.5 38.5 0 21.3-17.2 38.5-38.5 38.5zm282.1 243h-66.4V312c0-24.8-.5-56.7-34.5-56.7-34.6 0-39.9 27-39.9 54.9V416h-66.4V202.2h63.7v29.2h.9c8.9-16.8 30.6-34.5 62.9-34.5 67.2 0 79.7 44.3 79.7 101.9V416z\"><\/path><\/svg>\t\t\t\t\t\t\t<\/span>\n\t\t\t\t\t\t\t\t\t\t\t\t\t\t\t\t\t\t\t\t\t\t<div class=\"elementor-share-btn__text\">\n\t\t\t\t\t\t\t\t\t\t\t\t\t\t\t\t\t\t\t<span class=\"elementor-share-btn__title\">\n\t\t\t\t\t\t\t\t\t\tLinkedIn\t\t\t\t\t\t\t\t\t<\/span>\n\t\t\t\t\t\t\t\t\t\t\t\t\t\t\t\t\t<\/div>\n\t\t\t\t\t\t\t\t\t\t\t\t\t<\/div>\n\t\t\t\t\t<\/div>\n\t\t\t\t\t\t<\/div>\n\t\t\t\t\t\t<\/div>\n\t\t\t\t<\/div>\n\t\t\t\t<\/div>\n\t\t\t\t<\/div>\n\t\t\t\t<div class=\"elementor-element elementor-element-52bb5a9 elementor-align-start elementor-mobile-align-start elementor-icon-list--layout-traditional elementor-list-item-link-full_width elementor-widget elementor-widget-icon-list\" data-id=\"52bb5a9\" data-element_type=\"widget\" data-e-type=\"widget\" data-widget_type=\"icon-list.default\">\n\t\t\t\t<div class=\"elementor-widget-container\">\n\t\t\t\t\t\t\t<ul class=\"elementor-icon-list-items\">\n\t\t\t\t\t\t\t<li class=\"elementor-icon-list-item\">\n\t\t\t\t\t\t\t\t\t\t\t<a href=\"mailto:dr.romano.valeria@gmail.com\">\n\n\t\t\t\t\t\t\t\t\t\t\t\t<span class=\"elementor-icon-list-icon\">\n\t\t\t\t\t\t\t<svg aria-hidden=\"true\" class=\"e-font-icon-svg e-fas-envelope\" viewBox=\"0 0 512 512\" xmlns=\"http:\/\/www.w3.org\/2000\/svg\"><path d=\"M502.3 190.8c3.9-3.1 9.7-.2 9.7 4.7V400c0 26.5-21.5 48-48 48H48c-26.5 0-48-21.5-48-48V195.6c0-5 5.7-7.8 9.7-4.7 22.4 17.4 52.1 39.5 154.1 113.6 21.1 15.4 56.7 47.8 92.2 47.6 35.7.3 72-32.8 92.3-47.6 102-74.1 131.6-96.3 154-113.7zM256 320c23.2.4 56.6-29.2 73.4-41.4 132.7-96.3 142.8-104.7 173.4-128.7 5.8-4.5 9.2-11.5 9.2-18.9v-19c0-26.5-21.5-48-48-48H48C21.5 64 0 85.5 0 112v19c0 7.4 3.4 14.3 9.2 18.9 30.6 23.9 40.7 32.4 173.4 128.7 16.8 12.2 50.2 41.8 73.4 41.4z\"><\/path><\/svg>\t\t\t\t\t\t<\/span>\n\t\t\t\t\t\t\t\t\t\t<span class=\"elementor-icon-list-text\">dr.romano.valeria@gmail.com<\/span>\n\t\t\t\t\t\t\t\t\t\t\t<\/a>\n\t\t\t\t\t\t\t\t\t<\/li>\n\t\t\t\t\t\t\t\t<li class=\"elementor-icon-list-item\">\n\t\t\t\t\t\t\t\t\t\t\t<a href=\"tel:+41%2078%20209%2002%2089\">\n\n\t\t\t\t\t\t\t\t\t\t\t\t<span class=\"elementor-icon-list-icon\">\n\t\t\t\t\t\t\t<svg aria-hidden=\"true\" class=\"e-font-icon-svg e-fas-phone-alt\" viewBox=\"0 0 512 512\" xmlns=\"http:\/\/www.w3.org\/2000\/svg\"><path d=\"M497.39 361.8l-112-48a24 24 0 0 0-28 6.9l-49.6 60.6A370.66 370.66 0 0 1 130.6 204.11l60.6-49.6a23.94 23.94 0 0 0 6.9-28l-48-112A24.16 24.16 0 0 0 122.6.61l-104 24A24 24 0 0 0 0 48c0 256.5 207.9 464 464 464a24 24 0 0 0 23.4-18.6l24-104a24.29 24.29 0 0 0-14.01-27.6z\"><\/path><\/svg>\t\t\t\t\t\t<\/span>\n\t\t\t\t\t\t\t\t\t\t<span class=\"elementor-icon-list-text\">+41 78 209 02 89<\/span>\n\t\t\t\t\t\t\t\t\t\t\t<\/a>\n\t\t\t\t\t\t\t\t\t<\/li>\n\t\t\t\t\t\t<\/ul>\n\t\t\t\t\t\t<\/div>\n\t\t\t\t<\/div>\n\t\t\t\t<\/div>\n\t\t\t\t<\/div>\n\t\t\t\t\t<\/div>\n\t\t\t\t<\/div>\n\t\t\t\t<\/div>\n\t\t","protected":false},"featured_media":0,"template":"elementor_header_footer","class_list":["post-27893","infographie","type-infographie","status-publish","hentry"],"yoast_head":"<!-- This site is optimized with the Yoast SEO plugin v27.5 - https:\/\/yoast.com\/product\/yoast-seo-wordpress\/ -->\n<title>Les traitements anti-\u00e2ge pour les mains sont-ils adapt\u00e9s \u00e0 tous types de peau ? - Dr Romano<\/title>\n<meta name=\"description\" content=\"Les traitements anti-\u00e2ge pour les mains, comme les injections ou les peelings, sont g\u00e9n\u00e9ralement adapt\u00e9s \u00e0 tous types de peau. \u00c0 Gen\u00e8ve, une \u00e9valuation m\u00e9dicale permet de choisir la m\u00e9thode la plus s\u00fbre et efficace.\" \/>\n<meta name=\"robots\" content=\"index, follow, max-snippet:-1, max-image-preview:large, max-video-preview:-1\" \/>\n<link rel=\"canonical\" href=\"https:\/\/drromanovaleria.ch\/en\/infographic\/skin-types-hand-rejuvenation\/\" \/>\n<meta property=\"og:locale\" content=\"en_GB\" \/>\n<meta property=\"og:type\" content=\"article\" \/>\n<meta property=\"og:title\" content=\"Les traitements anti-\u00e2ge pour les mains sont-ils adapt\u00e9s \u00e0 tous types de peau ? - Dr Romano\" \/>\n<meta property=\"og:description\" content=\"Les traitements anti-\u00e2ge pour les mains, comme les injections ou les peelings, sont g\u00e9n\u00e9ralement adapt\u00e9s \u00e0 tous types de peau. \u00c0 Gen\u00e8ve, une \u00e9valuation m\u00e9dicale permet de choisir la m\u00e9thode la plus s\u00fbre et efficace.\" \/>\n<meta property=\"og:url\" content=\"https:\/\/drromanovaleria.ch\/en\/infographic\/skin-types-hand-rejuvenation\/\" \/>\n<meta property=\"og:site_name\" content=\"Dr Romano\" \/>\n<meta property=\"article:modified_time\" content=\"2025-09-02T16:57:25+00:00\" \/>\n<meta property=\"og:image\" content=\"https:\/\/drromanovaleria.ch\/wp-content\/uploads\/2024\/05\/hydratation-peau.webp\" \/>\n\t<meta property=\"og:image:width\" content=\"300\" \/>\n\t<meta property=\"og:image:height\" content=\"220\" \/>\n\t<meta property=\"og:image:type\" content=\"image\/webp\" \/>\n<meta name=\"twitter:card\" content=\"summary_large_image\" \/>\n<meta name=\"twitter:label1\" content=\"Estimated reading time\" \/>\n\t<meta name=\"twitter:data1\" content=\"10 minutes\" \/>\n<script type=\"application\/ld+json\" class=\"yoast-schema-graph\">{\"@context\":\"https:\\\/\\\/schema.org\",\"@graph\":[{\"@type\":\"WebPage\",\"@id\":\"https:\\\/\\\/drromanovaleria.ch\\\/infographie\\\/types-peau-rajeunissement-mains\\\/\",\"url\":\"https:\\\/\\\/drromanovaleria.ch\\\/infographie\\\/types-peau-rajeunissement-mains\\\/\",\"name\":\"Les traitements anti-\u00e2ge pour les mains sont-ils adapt\u00e9s \u00e0 tous types de peau ? - Dr Romano\",\"isPartOf\":{\"@id\":\"https:\\\/\\\/drromanovaleria.ch\\\/#website\"},\"primaryImageOfPage\":{\"@id\":\"https:\\\/\\\/drromanovaleria.ch\\\/infographie\\\/types-peau-rajeunissement-mains\\\/#primaryimage\"},\"image\":{\"@id\":\"https:\\\/\\\/drromanovaleria.ch\\\/infographie\\\/types-peau-rajeunissement-mains\\\/#primaryimage\"},\"thumbnailUrl\":\"https:\\\/\\\/drromanovaleria.ch\\\/wp-content\\\/uploads\\\/2024\\\/05\\\/hydratation-peau.webp\",\"datePublished\":\"2025-06-18T11:09:34+00:00\",\"dateModified\":\"2025-09-02T16:57:25+00:00\",\"description\":\"Les traitements anti-\u00e2ge pour les mains, comme les injections ou les peelings, sont g\u00e9n\u00e9ralement adapt\u00e9s \u00e0 tous types de peau. \u00c0 Gen\u00e8ve, une \u00e9valuation m\u00e9dicale permet de choisir la m\u00e9thode la plus s\u00fbre et efficace.\",\"breadcrumb\":{\"@id\":\"https:\\\/\\\/drromanovaleria.ch\\\/infographie\\\/types-peau-rajeunissement-mains\\\/#breadcrumb\"},\"inLanguage\":\"en-GB\",\"potentialAction\":[{\"@type\":\"ReadAction\",\"target\":[\"https:\\\/\\\/drromanovaleria.ch\\\/infographie\\\/types-peau-rajeunissement-mains\\\/\"]}]},{\"@type\":\"ImageObject\",\"inLanguage\":\"en-GB\",\"@id\":\"https:\\\/\\\/drromanovaleria.ch\\\/infographie\\\/types-peau-rajeunissement-mains\\\/#primaryimage\",\"url\":\"https:\\\/\\\/drromanovaleria.ch\\\/wp-content\\\/uploads\\\/2024\\\/05\\\/hydratation-peau.webp\",\"contentUrl\":\"https:\\\/\\\/drromanovaleria.ch\\\/wp-content\\\/uploads\\\/2024\\\/05\\\/hydratation-peau.webp\"},{\"@type\":\"BreadcrumbList\",\"@id\":\"https:\\\/\\\/drromanovaleria.ch\\\/infographie\\\/types-peau-rajeunissement-mains\\\/#breadcrumb\",\"itemListElement\":[{\"@type\":\"ListItem\",\"position\":1,\"name\":\"Accueil\",\"item\":\"https:\\\/\\\/drromanovaleria.ch\\\/\"},{\"@type\":\"ListItem\",\"position\":2,\"name\":\"Infographie\",\"item\":\"https:\\\/\\\/drromanovaleria.ch\\\/infographie\\\/\"},{\"@type\":\"ListItem\",\"position\":3,\"name\":\"Les traitements anti-\u00e2ge pour les mains sont-ils adapt\u00e9s \u00e0 tous types de peau ?\"}]},{\"@type\":\"WebSite\",\"@id\":\"https:\\\/\\\/drromanovaleria.ch\\\/#website\",\"url\":\"https:\\\/\\\/drromanovaleria.ch\\\/\",\"name\":\"Dr Romano\",\"description\":\"M\u00e9decine morphologique et anti-\u00e2ge\",\"potentialAction\":[{\"@type\":\"SearchAction\",\"target\":{\"@type\":\"EntryPoint\",\"urlTemplate\":\"https:\\\/\\\/drromanovaleria.ch\\\/?s={search_term_string}\"},\"query-input\":{\"@type\":\"PropertyValueSpecification\",\"valueRequired\":true,\"valueName\":\"search_term_string\"}}],\"inLanguage\":\"en-GB\"}]}<\/script>\n<!-- \/ Yoast SEO plugin. -->","yoast_head_json":{"title":"Are anti-aging treatments for the hands suitable for all skin types ? - Dr Romano","description":"Anti-aging hand treatments, such as injections or peels, are generally suitable for all skin types. In Geneva, a medical evaluation helps select the safest and most effective method.","robots":{"index":"index","follow":"follow","max-snippet":"max-snippet:-1","max-image-preview":"max-image-preview:large","max-video-preview":"max-video-preview:-1"},"canonical":"https:\/\/drromanovaleria.ch\/en\/infographic\/skin-types-hand-rejuvenation\/","og_locale":"en_GB","og_type":"article","og_title":"Les traitements anti-\u00e2ge pour les mains sont-ils adapt\u00e9s \u00e0 tous types de peau ? - Dr Romano","og_description":"Les traitements anti-\u00e2ge pour les mains, comme les injections ou les peelings, sont g\u00e9n\u00e9ralement adapt\u00e9s \u00e0 tous types de peau. \u00c0 Gen\u00e8ve, une \u00e9valuation m\u00e9dicale permet de choisir la m\u00e9thode la plus s\u00fbre et efficace.","og_url":"https:\/\/drromanovaleria.ch\/en\/infographic\/skin-types-hand-rejuvenation\/","og_site_name":"Dr Romano","article_modified_time":"2025-09-02T16:57:25+00:00","og_image":[{"width":300,"height":220,"url":"https:\/\/drromanovaleria.ch\/wp-content\/uploads\/2024\/05\/hydratation-peau.webp","type":"image\/webp"}],"twitter_card":"summary_large_image","twitter_misc":{"Estimated reading time":"10 minutes"},"schema":{"@context":"https:\/\/schema.org","@graph":[{"@type":"WebPage","@id":"https:\/\/drromanovaleria.ch\/infographie\/types-peau-rajeunissement-mains\/","url":"https:\/\/drromanovaleria.ch\/infographie\/types-peau-rajeunissement-mains\/","name":"Are anti-aging treatments for the hands suitable for all skin types ? - Dr Romano","isPartOf":{"@id":"https:\/\/drromanovaleria.ch\/#website"},"primaryImageOfPage":{"@id":"https:\/\/drromanovaleria.ch\/infographie\/types-peau-rajeunissement-mains\/#primaryimage"},"image":{"@id":"https:\/\/drromanovaleria.ch\/infographie\/types-peau-rajeunissement-mains\/#primaryimage"},"thumbnailUrl":"https:\/\/drromanovaleria.ch\/wp-content\/uploads\/2024\/05\/hydratation-peau.webp","datePublished":"2025-06-18T11:09:34+00:00","dateModified":"2025-09-02T16:57:25+00:00","description":"Anti-aging hand treatments, such as injections or peels, are generally suitable for all skin types. In Geneva, a medical evaluation helps select the safest and most effective method.","breadcrumb":{"@id":"https:\/\/drromanovaleria.ch\/infographie\/types-peau-rajeunissement-mains\/#breadcrumb"},"inLanguage":"en-GB","potentialAction":[{"@type":"ReadAction","target":["https:\/\/drromanovaleria.ch\/infographie\/types-peau-rajeunissement-mains\/"]}]},{"@type":"ImageObject","inLanguage":"en-GB","@id":"https:\/\/drromanovaleria.ch\/infographie\/types-peau-rajeunissement-mains\/#primaryimage","url":"https:\/\/drromanovaleria.ch\/wp-content\/uploads\/2024\/05\/hydratation-peau.webp","contentUrl":"https:\/\/drromanovaleria.ch\/wp-content\/uploads\/2024\/05\/hydratation-peau.webp"},{"@type":"BreadcrumbList","@id":"https:\/\/drromanovaleria.ch\/infographie\/types-peau-rajeunissement-mains\/#breadcrumb","itemListElement":[{"@type":"ListItem","position":1,"name":"Accueil","item":"https:\/\/drromanovaleria.ch\/"},{"@type":"ListItem","position":2,"name":"Infographie","item":"https:\/\/drromanovaleria.ch\/infographie\/"},{"@type":"ListItem","position":3,"name":"Les traitements anti-\u00e2ge pour les mains sont-ils adapt\u00e9s \u00e0 tous types de peau ?"}]},{"@type":"WebSite","@id":"https:\/\/drromanovaleria.ch\/#website","url":"https:\/\/drromanovaleria.ch\/","name":"Dr Romano","description":"Morphological and anti-ageing medicine","potentialAction":[{"@type":"SearchAction","target":{"@type":"EntryPoint","urlTemplate":"https:\/\/drromanovaleria.ch\/?s={search_term_string}"},"query-input":{"@type":"PropertyValueSpecification","valueRequired":true,"valueName":"search_term_string"}}],"inLanguage":"en-GB"}]}},"_links":{"self":[{"href":"https:\/\/drromanovaleria.ch\/en\/wp-json\/wp\/v2\/infographie\/27893","targetHints":{"allow":["GET"]}}],"collection":[{"href":"https:\/\/drromanovaleria.ch\/en\/wp-json\/wp\/v2\/infographie"}],"about":[{"href":"https:\/\/drromanovaleria.ch\/en\/wp-json\/wp\/v2\/types\/infographie"}],"version-history":[{"count":0,"href":"https:\/\/drromanovaleria.ch\/en\/wp-json\/wp\/v2\/infographie\/27893\/revisions"}],"wp:attachment":[{"href":"https:\/\/drromanovaleria.ch\/en\/wp-json\/wp\/v2\/media?parent=27893"}],"curies":[{"name":"wp","href":"https:\/\/api.w.org\/{rel}","templated":true}]}}