{"id":27813,"date":"2025-06-17T20:30:54","date_gmt":"2025-06-17T18:30:54","guid":{"rendered":"https:\/\/drromanovaleria.ch\/?post_type=infographie&#038;p=27813"},"modified":"2025-08-31T07:45:32","modified_gmt":"2025-08-31T05:45:32","slug":"hand-rejuvenation-price","status":"publish","type":"infographie","link":"https:\/\/drromanovaleria.ch\/en\/infographie\/prix-rajeunissement-mains\/","title":{"rendered":"Quels sont les tarifs d\u2019un rajeunissement des mains \u00e0 Gen\u00e8ve ?"},"content":{"rendered":"\t\t<div data-elementor-type=\"wp-post\" data-elementor-id=\"27813\" class=\"elementor elementor-27813\" data-elementor-post-type=\"infographie\">\n\t\t\t\t<div class=\"elementor-element elementor-element-4db08ae e-flex e-con-boxed e-con e-parent\" data-id=\"4db08ae\" data-element_type=\"container\" data-e-type=\"container\" data-settings=\"{&quot;background_background&quot;:&quot;classic&quot;,&quot;jet_parallax_layout_list&quot;:[]}\">\n\t\t\t\t\t<div class=\"e-con-inner\">\n\t\t<div class=\"elementor-element elementor-element-c067549 e-con-full e-flex e-con e-child\" data-id=\"c067549\" data-element_type=\"container\" data-e-type=\"container\" data-settings=\"{&quot;background_background&quot;:&quot;classic&quot;,&quot;jet_parallax_layout_list&quot;:[]}\">\n\t\t\t\t<div class=\"elementor-element elementor-element-24c0f15 elementor-widget__width-initial elementor-widget elementor-widget-heading\" data-id=\"24c0f15\" data-element_type=\"widget\" data-e-type=\"widget\" data-widget_type=\"heading.default\">\n\t\t\t\t<div class=\"elementor-widget-container\">\n\t\t\t\t\t<h1 class=\"elementor-heading-title elementor-size-default\">QUELS SONT LES TARIFS D\u2019UN RAJEUNISSEMENT DES MAINS \u00c0 GEN\u00c8VE ?<\/h1>\t\t\t\t<\/div>\n\t\t\t\t<\/div>\n\t\t\t\t<div class=\"elementor-element elementor-element-0c1f69d elementor-align-center elementor-widget elementor-widget-breadcrumbs\" data-id=\"0c1f69d\" data-element_type=\"widget\" data-e-type=\"widget\" data-widget_type=\"breadcrumbs.default\">\n\t\t\t\t<div class=\"elementor-widget-container\">\n\t\t\t\t\t<p id=\"breadcrumbs\"><span><span><a href=\"https:\/\/drromanovaleria.ch\/\">Accueil<\/a><\/span><\/span><\/p>\t\t\t\t<\/div>\n\t\t\t\t<\/div>\n\t\t\t\t<\/div>\n\t\t\t\t\t<\/div>\n\t\t\t\t<\/div>\n\t\t<div class=\"elementor-element elementor-element-4e7a695 e-flex e-con-boxed e-con e-parent\" data-id=\"4e7a695\" data-element_type=\"container\" data-e-type=\"container\" data-settings=\"{&quot;jet_parallax_layout_list&quot;:[]}\">\n\t\t\t\t\t<div class=\"e-con-inner\">\n\t\t<div class=\"elementor-element elementor-element-f31abaa e-flex e-con-boxed e-con e-child\" data-id=\"f31abaa\" data-element_type=\"container\" data-e-type=\"container\" data-settings=\"{&quot;jet_parallax_layout_list&quot;:[]}\">\n\t\t\t\t\t<div class=\"e-con-inner\">\n\t\t<div class=\"elementor-element elementor-element-cdaef4e e-con-full e-flex e-con e-child\" data-id=\"cdaef4e\" data-element_type=\"container\" data-e-type=\"container\" data-settings=\"{&quot;background_background&quot;:&quot;classic&quot;,&quot;jet_parallax_layout_list&quot;:[]}\">\n\t\t\t\t<div class=\"elementor-element elementor-element-c36973f elementor-widget elementor-widget-text-editor\" data-id=\"c36973f\" data-element_type=\"widget\" data-e-type=\"widget\" data-widget_type=\"text-editor.default\">\n\t\t\t\t<div class=\"elementor-widget-container\">\n\t\t\t\t\t\t\t\t\t<h2>Rajeunissement des mains \u00e0 Gen\u00e8ve<\/h2>\t\t\t\t\t\t\t\t<\/div>\n\t\t\t\t<\/div>\n\t\t\t\t<div class=\"elementor-element elementor-element-9524a73 elementor-widget elementor-widget-text-editor\" data-id=\"9524a73\" data-element_type=\"widget\" data-e-type=\"widget\" data-widget_type=\"text-editor.default\">\n\t\t\t\t<div class=\"elementor-widget-container\">\n\t\t\t\t\t\t\t\t\t<p>Le rajeunissement des <a href=\"https:\/\/drromanovaleria.ch\/besoins\/corps\/mains\/\">mains<\/a> est aujourd\u2019hui un acte tr\u00e8s demand\u00e9 en m\u00e9decine \u00e0 vis\u00e9e esth\u00e9tique, en particulier chez une patient\u00e8le soucieuse d\u2019harmoniser le visage avec des mains visiblement marqu\u00e9es par le temps. \u00c0 Gen\u00e8ve, cette demande croissante s\u2019accompagne d\u2019un besoin accru de transparence : combien co\u00fbte r\u00e9ellement un rajeunissement des mains en cabinet m\u00e9dical ? Quels \u00e9l\u00e9ments influencent le tarif ? Existe-t-il des \u00e9carts significatifs selon les techniques utilis\u00e9es ?<br \/>Cette page a pour objectif de r\u00e9pondre de mani\u00e8re claire, objective et d\u00e9taill\u00e9e \u00e0 la question que se posent tous les patients avant de prendre rendez-vous : quel est le prix d\u2019un rajeunissement des mains en m\u00e9decine \u00e0 vis\u00e9e esth\u00e9tique \u00e0 Gen\u00e8ve?<br \/>Le prix du rajeunissement des mains varie selon les techniques utilis\u00e9es, les quantit\u00e9s de produits inject\u00e9s, et le plan de traitement personnalis\u00e9 propos\u00e9 par le m\u00e9decin. \u00c0 Gen\u00e8ve, les honoraires tiennent compte de la qualit\u00e9 des dispositifs m\u00e9dicaux employ\u00e9s (produits injectables certifi\u00e9s, lasers de derni\u00e8re g\u00e9n\u00e9ration), ainsi que de l\u2019expertise du m\u00e9decin.<br \/>\u00c0 titre indicatif, les tarifs observ\u00e9s sont les suivants :<\/p><ul><li>Injections d\u2019<a href=\"https:\/\/drromanovaleria.ch\/solutions\/injections\/acide-hayluronique\/\">acide hyaluronique<\/a> : \u00e0 partir de 600 CHF par seringue., selon la quantit\u00e9 utilis\u00e9e.<\/li><li><a href=\"https:\/\/drromanovaleria.ch\/solutions\/lasers\/laser-co2-fraxel\/\">Laser ablatif<\/a> : entre 250 et 400 CHF la s\u00e9ance, selon l\u2019\u00e9tendue des pigmentations.<\/li><li><a href=\"https:\/\/drromanovaleria.ch\/solutions\/peeling\/\">Peelings<\/a> : \u00e0 partir de 250 CHF, selon le type de peeling et de protocole.<\/li><li><a href=\"https:\/\/drromanovaleria.ch\/solutions\/mesotherapie\/\">M\u00e9soth\u00e9rapie<\/a> : entre 200 et 300 CHF par s\u00e9ance, souvent propos\u00e9e en cure de 3 \u00e0 5 s\u00e9ances<\/li><\/ul><p>Ces estimations sont donn\u00e9es \u00e0 titre purement informatif. Un devis pr\u00e9cis est toujours \u00e9tabli lors de la premi\u00e8re consultation m\u00e9dicale, apr\u00e8s un examen clinique approfondi.<\/p>\t\t\t\t\t\t\t\t<\/div>\n\t\t\t\t<\/div>\n\t\t\t\t<\/div>\n\t\t\t\t\t<\/div>\n\t\t\t\t<\/div>\n\t\t<div class=\"elementor-element elementor-element-ea259d7 e-flex e-con-boxed e-con e-child\" data-id=\"ea259d7\" data-element_type=\"container\" data-e-type=\"container\" data-settings=\"{&quot;jet_parallax_layout_list&quot;:[]}\">\n\t\t\t\t\t<div class=\"e-con-inner\">\n\t\t\t\t<div class=\"elementor-element elementor-element-15500ed elementor-widget elementor-widget-image\" data-id=\"15500ed\" data-element_type=\"widget\" data-e-type=\"widget\" data-widget_type=\"image.default\">\n\t\t\t\t<div class=\"elementor-widget-container\">\n\t\t\t\t\t\t\t\t\t\t\t\t\t\t\t<img fetchpriority=\"high\" decoding=\"async\" width=\"300\" height=\"220\" src=\"https:\/\/drromanovaleria.ch\/wp-content\/uploads\/2024\/05\/hydratation-peau.webp\" class=\"attachment-medium size-medium wp-image-4852\" alt=\"image peau jeune hydrat\u00e9e\" srcset=\"https:\/\/drromanovaleria.ch\/wp-content\/uploads\/2024\/05\/hydratation-peau.webp 300w, https:\/\/drromanovaleria.ch\/wp-content\/uploads\/2024\/05\/hydratation-peau-16x12.webp 16w\" sizes=\"(max-width: 300px) 100vw, 300px\" \/>\t\t\t\t\t\t\t\t\t\t\t\t\t\t\t<\/div>\n\t\t\t\t<\/div>\n\t\t\t\t<div class=\"elementor-element elementor-element-aa9e00a elementor-align-center elementor-widget elementor-widget-button\" data-id=\"aa9e00a\" data-element_type=\"widget\" data-e-type=\"widget\" data-widget_type=\"button.default\">\n\t\t\t\t<div class=\"elementor-widget-container\">\n\t\t\t\t\t\t\t\t\t<div class=\"elementor-button-wrapper\">\n\t\t\t\t\t<a class=\"elementor-button elementor-button-link elementor-size-sm\" href=\"https:\/\/drromanovaleria.ch\/contactez-le-dr-romano\/\">\n\t\t\t\t\t\t<span class=\"elementor-button-content-wrapper\">\n\t\t\t\t\t\t\t\t\t<span class=\"elementor-button-text\">Prendre rendez-vous<\/span>\n\t\t\t\t\t<\/span>\n\t\t\t\t\t<\/a>\n\t\t\t\t<\/div>\n\t\t\t\t\t\t\t\t<\/div>\n\t\t\t\t<\/div>\n\t\t\t\t\t<\/div>\n\t\t\t\t<\/div>\n\t\t\t\t\t<\/div>\n\t\t\t\t<\/div>\n\t\t<div class=\"elementor-element elementor-element-0b9ae2b e-flex e-con-boxed e-con e-parent\" data-id=\"0b9ae2b\" data-element_type=\"container\" data-e-type=\"container\" data-settings=\"{&quot;jet_parallax_layout_list&quot;:[]}\">\n\t\t\t\t\t<div class=\"e-con-inner\">\n\t\t\t\t<div class=\"elementor-element elementor-element-02ef4be elementor-toc--content-ellipsis elementor-toc--minimized-on-desktop elementor-widget elementor-widget-table-of-contents\" data-id=\"02ef4be\" data-element_type=\"widget\" data-e-type=\"widget\" data-settings=\"{&quot;exclude_headings_by_selector&quot;:[],&quot;minimized_on&quot;:&quot;desktop&quot;,&quot;no_headings_message&quot;:&quot;Aucun titre n\\u2019a \\u00e9t\\u00e9 trouv\\u00e9 sur cette page.&quot;,&quot;headings_by_tags&quot;:[&quot;h2&quot;,&quot;h3&quot;,&quot;h4&quot;,&quot;h5&quot;,&quot;h6&quot;],&quot;marker_view&quot;:&quot;numbers&quot;,&quot;minimize_box&quot;:&quot;yes&quot;,&quot;hierarchical_view&quot;:&quot;yes&quot;,&quot;min_height&quot;:{&quot;unit&quot;:&quot;px&quot;,&quot;size&quot;:&quot;&quot;,&quot;sizes&quot;:[]},&quot;min_height_tablet&quot;:{&quot;unit&quot;:&quot;px&quot;,&quot;size&quot;:&quot;&quot;,&quot;sizes&quot;:[]},&quot;min_height_mobile&quot;:{&quot;unit&quot;:&quot;px&quot;,&quot;size&quot;:&quot;&quot;,&quot;sizes&quot;:[]}}\" data-widget_type=\"table-of-contents.default\">\n\t\t\t\t<div class=\"elementor-widget-container\">\n\t\t\t\t\t\t\t\t\t<div class=\"elementor-toc__header\">\n\t\t\t\t\t\t<h2 class=\"elementor-toc__header-title\">\n\t\t\t\tSommaire\t\t\t<\/h2>\n\t\t\t\t\t\t\t\t\t\t<div class=\"elementor-toc__toggle-button elementor-toc__toggle-button--expand\" role=\"button\" tabindex=\"0\" aria-controls=\"elementor-toc__02ef4be\" aria-expanded=\"true\" aria-label=\"Ouvrir la table des mati\u00e8res\"><svg aria-hidden=\"true\" class=\"e-font-icon-svg e-fas-chevron-down\" viewBox=\"0 0 448 512\" xmlns=\"http:\/\/www.w3.org\/2000\/svg\"><path d=\"M207.029 381.476L12.686 187.132c-9.373-9.373-9.373-24.569 0-33.941l22.667-22.667c9.357-9.357 24.522-9.375 33.901-.04L224 284.505l154.745-154.021c9.379-9.335 24.544-9.317 33.901.04l22.667 22.667c9.373 9.373 9.373 24.569 0 33.941L240.971 381.476c-9.373 9.372-24.569 9.372-33.942 0z\"><\/path><\/svg><\/div>\n\t\t\t\t<div class=\"elementor-toc__toggle-button elementor-toc__toggle-button--collapse\" role=\"button\" tabindex=\"0\" aria-controls=\"elementor-toc__02ef4be\" aria-expanded=\"true\" aria-label=\"Fermer la table des mati\u00e8res\"><svg aria-hidden=\"true\" class=\"e-font-icon-svg e-fas-chevron-up\" viewBox=\"0 0 448 512\" xmlns=\"http:\/\/www.w3.org\/2000\/svg\"><path d=\"M240.971 130.524l194.343 194.343c9.373 9.373 9.373 24.569 0 33.941l-22.667 22.667c-9.357 9.357-24.522 9.375-33.901.04L224 227.495 69.255 381.516c-9.379 9.335-24.544 9.317-33.901-.04l-22.667-22.667c-9.373-9.373-9.373-24.569 0-33.941L207.03 130.525c9.372-9.373 24.568-9.373 33.941-.001z\"><\/path><\/svg><\/div>\n\t\t\t\t\t<\/div>\n\t\t\t\t<div id=\"elementor-toc__02ef4be\" class=\"elementor-toc__body\">\n\t\t\t<div class=\"elementor-toc__spinner-container\">\n\t\t\t\t<svg class=\"elementor-toc__spinner eicon-animation-spin e-font-icon-svg e-eicon-loading\" aria-hidden=\"true\" viewBox=\"0 0 1000 1000\" xmlns=\"http:\/\/www.w3.org\/2000\/svg\"><path d=\"M500 975V858C696 858 858 696 858 500S696 142 500 142 142 304 142 500H25C25 237 238 25 500 25S975 237 975 500 763 975 500 975Z\"><\/path><\/svg>\t\t\t<\/div>\n\t\t<\/div>\n\t\t\t\t\t\t<\/div>\n\t\t\t\t<\/div>\n\t\t\t\t\t<\/div>\n\t\t\t\t<\/div>\n\t\t<div class=\"elementor-element elementor-element-6b82c90 e-flex e-con-boxed e-con e-parent\" data-id=\"6b82c90\" data-element_type=\"container\" data-e-type=\"container\" data-settings=\"{&quot;jet_parallax_layout_list&quot;:[]}\">\n\t\t\t\t\t<div class=\"e-con-inner\">\n\t\t\t\t<div class=\"elementor-element elementor-element-3699df6 elementor-widget elementor-widget-text-editor\" data-id=\"3699df6\" data-element_type=\"widget\" data-e-type=\"widget\" data-widget_type=\"text-editor.default\">\n\t\t\t\t<div class=\"elementor-widget-container\">\n\t\t\t\t\t\t\t\t\t<h2>De quoi d\u00e9pend le prix d\u2019un rajeunissement des mains ?<\/h2>\t\t\t\t\t\t\t\t<\/div>\n\t\t\t\t<\/div>\n\t\t\t\t<div class=\"elementor-element elementor-element-ca77992 elementor-widget-divider--view-line elementor-widget elementor-widget-divider\" data-id=\"ca77992\" data-element_type=\"widget\" data-e-type=\"widget\" data-widget_type=\"divider.default\">\n\t\t\t\t<div class=\"elementor-widget-container\">\n\t\t\t\t\t\t\t<div class=\"elementor-divider\">\n\t\t\t<span class=\"elementor-divider-separator\">\n\t\t\t\t\t\t<\/span>\n\t\t<\/div>\n\t\t\t\t\t\t<\/div>\n\t\t\t\t<\/div>\n\t\t\t\t<div class=\"elementor-element elementor-element-98a358c elementor-widget elementor-widget-text-editor\" data-id=\"98a358c\" data-element_type=\"widget\" data-e-type=\"widget\" data-widget_type=\"text-editor.default\">\n\t\t\t\t<div class=\"elementor-widget-container\">\n\t\t\t\t\t\t\t\t\t<p>Contrairement aux id\u00e9es re\u00e7ues, il n\u2019existe pas un prix standard pour le rajeunissement des mains. Le tarif d\u00e9pend de plusieurs variables que le m\u00e9decin \u00e9value lors de la consultation initiale.<\/p><ul><li>Le choix de la technique utilis\u00e9e : le rajeunissement des mains peut reposer sur diff\u00e9rentes approches, souvent compl\u00e9mentaires. Chacune de ces techniques a un co\u00fbt sp\u00e9cifique : injections d\u2019acide hyaluronique pour restaurer les volumes, laser pigmentaire ou ablatif pour traiter les taches solaires, peelings d\u00e9pigmentants pour am\u00e9liorer le teint et la qualit\u00e9 de la peau, m\u00e9soth\u00e9rapie pour hydrater et revitaliser la peau. Le prix varie donc en fonction de la ou des techniques retenues. Un traitement global, combinant plusieurs approches, sera naturellement plus co\u00fbteux qu\u2019une seule intervention.<\/li><li>La quantit\u00e9 de produit ou le nombre de s\u00e9ances n\u00e9cessaires : dans le cas des injections, le prix d\u00e9pendra directement du nombre de seringues utilis\u00e9es, g\u00e9n\u00e9ralement entre 1 et 3 par main. Pour le laser ou le peeling, le nombre de s\u00e9ances n\u00e9cessaires influence \u00e9galement le co\u00fbt global.<\/li><li>Le type de produit ou de technologie utilis\u00e9e : tous les dispositifs m\u00e9dicaux ne se valent pas. Certains produits injectables sont plus on\u00e9reux, mais offrent une meilleure tenue dans le temps. De m\u00eame, les m\u00e9decins utilisant des lasers de derni\u00e8re g\u00e9n\u00e9ration ou des peelings m\u00e9dicaux \u00e0 concentration \u00e9lev\u00e9e proposeront des actes plus efficaces, mais aussi plus chers.<\/li><li>L\u2019expertise du m\u00e9decin : \u00e0 Gen\u00e8ve, le tarif d\u2019un acte de m\u00e9decine \u00e0 vis\u00e9e esth\u00e9tique refl\u00e8te aussi l\u2019exp\u00e9rience du m\u00e9decin et sa renomm\u00e9e. Un m\u00e9decin exp\u00e9riment\u00e9, form\u00e9 sp\u00e9cifiquement aux derni\u00e8res techniques de rajeunissement, peut pratiquer des tarifs plus \u00e9lev\u00e9s que la moyenne \u2014 ce qui est l\u00e9gitime si cela garantit s\u00e9curit\u00e9, finesse et r\u00e9sultats.<\/li><\/ul>\t\t\t\t\t\t\t\t<\/div>\n\t\t\t\t<\/div>\n\t\t\t\t\t<\/div>\n\t\t\t\t<\/div>\n\t\t<div class=\"elementor-element elementor-element-f4af844 e-flex e-con-boxed e-con e-parent\" data-id=\"f4af844\" data-element_type=\"container\" data-e-type=\"container\" data-settings=\"{&quot;jet_parallax_layout_list&quot;:[]}\">\n\t\t\t\t\t<div class=\"e-con-inner\">\n\t\t\t\t<div class=\"elementor-element elementor-element-2f5ac52 elementor-widget elementor-widget-text-editor\" data-id=\"2f5ac52\" data-element_type=\"widget\" data-e-type=\"widget\" data-widget_type=\"text-editor.default\">\n\t\t\t\t<div class=\"elementor-widget-container\">\n\t\t\t\t\t\t\t\t\t<h2>Prix moyen des techniques de rajeunissement des mains \u00e0 Gen\u00e8ve<\/h2>\t\t\t\t\t\t\t\t<\/div>\n\t\t\t\t<\/div>\n\t\t\t\t<div class=\"elementor-element elementor-element-f340385 elementor-widget-divider--view-line elementor-widget elementor-widget-divider\" data-id=\"f340385\" data-element_type=\"widget\" data-e-type=\"widget\" data-widget_type=\"divider.default\">\n\t\t\t\t<div class=\"elementor-widget-container\">\n\t\t\t\t\t\t\t<div class=\"elementor-divider\">\n\t\t\t<span class=\"elementor-divider-separator\">\n\t\t\t\t\t\t<\/span>\n\t\t<\/div>\n\t\t\t\t\t\t<\/div>\n\t\t\t\t<\/div>\n\t\t\t\t<div class=\"elementor-element elementor-element-e615667 elementor-widget elementor-widget-text-editor\" data-id=\"e615667\" data-element_type=\"widget\" data-e-type=\"widget\" data-widget_type=\"text-editor.default\">\n\t\t\t\t<div class=\"elementor-widget-container\">\n\t\t\t\t\t\t\t\t\t<p>Il est important de noter que les tarifs varient d\u2019un patient \u00e0 l\u2019autre, selon les besoins, la complexit\u00e9 du traitement et les produits s\u00e9lectionn\u00e9s. Toutefois, les fourchettes moyennes observ\u00e9es \u00e0 Gen\u00e8ve en 2025 sont les suivantes :<\/p><h3>Prix des injections d\u2019acide hyaluronique pour les mains\u00a0<\/h3><ul><li>Prix par s\u00e9ance : environ 600 CHF la seringue.<\/li><li>Ce tarif inclut g\u00e9n\u00e9ralement une seringue, les honoraires du m\u00e9decin, le mat\u00e9riel st\u00e9rile et le suivi post-injection. Si deux seringues sont n\u00e9cessaires, le tarif peut d\u00e9passer 1000 CHF.<\/li><\/ul><h3>Prix du laser pigmentaire pour les mains\u00a0<\/h3><ul><li>Prix par s\u00e9ance : entre 250 CHF et 400 CHF.<\/li><li>Une \u00e0 trois s\u00e9ances sont souvent n\u00e9cessaires pour un r\u00e9sultat satisfaisant. Certains cabinets proposent des forfaits d\u00e9gressifs.<\/li><\/ul><h3>Prix des peelings pour les mains\u00a0<\/h3><ul><li>Prix par s\u00e9ance : de 200 CHF \u00e0 300 CHF.<\/li><li>Le nombre de s\u00e9ances d\u00e9pend du degr\u00e9 de pigmentation et de l\u2019\u00e9paisseur cutan\u00e9e. Les peelings sont souvent associ\u00e9s \u00e0 d\u2019autres traitements.<\/li><\/ul><h3>Prix m\u00e9soth\u00e9rapie des mains\u00a0<\/h3><ul><li>Prix par s\u00e9ance : entre 200 CHF et 280 CHF.<\/li><li>En g\u00e9n\u00e9ral, un protocole de 3 \u00e0 5 s\u00e9ances est propos\u00e9.<\/li><\/ul>\t\t\t\t\t\t\t\t<\/div>\n\t\t\t\t<\/div>\n\t\t\t\t\t<\/div>\n\t\t\t\t<\/div>\n\t\t<div class=\"elementor-element elementor-element-42fc717 e-flex e-con-boxed e-con e-parent\" data-id=\"42fc717\" data-element_type=\"container\" data-e-type=\"container\" data-settings=\"{&quot;jet_parallax_layout_list&quot;:[]}\">\n\t\t\t\t\t<div class=\"e-con-inner\">\n\t\t\t\t<div class=\"elementor-element elementor-element-4a53462 elementor-widget elementor-widget-text-editor\" data-id=\"4a53462\" data-element_type=\"widget\" data-e-type=\"widget\" data-widget_type=\"text-editor.default\">\n\t\t\t\t<div class=\"elementor-widget-container\">\n\t\t\t\t\t\t\t\t\t<h2>Pourquoi ces tarifs varient-ils autant d\u2019un cabinet \u00e0 l\u2019autre ?<\/h2>\t\t\t\t\t\t\t\t<\/div>\n\t\t\t\t<\/div>\n\t\t\t\t<div class=\"elementor-element elementor-element-4b1d2e8 elementor-widget-divider--view-line elementor-widget elementor-widget-divider\" data-id=\"4b1d2e8\" data-element_type=\"widget\" data-e-type=\"widget\" data-widget_type=\"divider.default\">\n\t\t\t\t<div class=\"elementor-widget-container\">\n\t\t\t\t\t\t\t<div class=\"elementor-divider\">\n\t\t\t<span class=\"elementor-divider-separator\">\n\t\t\t\t\t\t<\/span>\n\t\t<\/div>\n\t\t\t\t\t\t<\/div>\n\t\t\t\t<\/div>\n\t\t\t\t<div class=\"elementor-element elementor-element-42dcfa8 elementor-widget elementor-widget-text-editor\" data-id=\"42dcfa8\" data-element_type=\"widget\" data-e-type=\"widget\" data-widget_type=\"text-editor.default\">\n\t\t\t\t<div class=\"elementor-widget-container\">\n\t\t\t\t\t\t\t\t\t<p>Plusieurs \u00e9l\u00e9ments justifient les diff\u00e9rences tarifaires observ\u00e9es entre les \u00e9tablissements, m\u00eame pour une technique identique :<\/p><ul><li>Type de produit inject\u00e9 : l&#8217;emploi d&#8217;un acide hyaluronique de tr\u00e8s haute qualit\u00e9 (produit CE\/FDA de derni\u00e8re g\u00e9n\u00e9ration) sera plus co\u00fbteux, mais aussi plus durable et plus s\u00fbr.<\/li><li>Qualification du m\u00e9decin : un m\u00e9decin qui r\u00e9alise exclusivement des actes esth\u00e9tiques et dot\u00e9 d\u2019une exp\u00e9rience reconnue peut pratiquer des honoraires sup\u00e9rieurs \u00e0 ceux d\u2019un m\u00e9decin d\u00e9butant.<\/li><li>Qualit\u00e9 du plateau technique : les \u00e9quipements m\u00e9dicaux modernes (lasers, dispositifs de refroidissement, luminoth\u00e9rapie compl\u00e9mentaire, etc.) ont un co\u00fbt \u00e9lev\u00e9, qui impacte le tarif final mais contribue \u00e0 la s\u00e9curit\u00e9 et au confort du patient.<\/li><li>Degr\u00e9 de personnalisation du traitement : un protocole standardis\u00e9 co\u00fbtera moins cher, mais sera moins pr\u00e9cis. Un traitement sur-mesure, parfaitement adapt\u00e9 \u00e0 la morphologie et \u00e0 l\u2019\u00e2ge cutan\u00e9 du patient, n\u00e9cessite plus de temps et d\u2019expertise.<\/li><\/ul>\t\t\t\t\t\t\t\t<\/div>\n\t\t\t\t<\/div>\n\t\t\t\t\t<\/div>\n\t\t\t\t<\/div>\n\t\t<div class=\"elementor-element elementor-element-5c41348 e-flex e-con-boxed e-con e-parent\" data-id=\"5c41348\" data-element_type=\"container\" data-e-type=\"container\" data-settings=\"{&quot;jet_parallax_layout_list&quot;:[]}\">\n\t\t\t\t\t<div class=\"e-con-inner\">\n\t\t\t\t<div class=\"elementor-element elementor-element-749608e elementor-widget elementor-widget-text-editor\" data-id=\"749608e\" data-element_type=\"widget\" data-e-type=\"widget\" data-widget_type=\"text-editor.default\">\n\t\t\t\t<div class=\"elementor-widget-container\">\n\t\t\t\t\t\t\t\t\t<h2>Peut-on obtenir un devis exact avant le traitement ?<\/h2>\t\t\t\t\t\t\t\t<\/div>\n\t\t\t\t<\/div>\n\t\t\t\t<div class=\"elementor-element elementor-element-7a6192a elementor-widget-divider--view-line elementor-widget elementor-widget-divider\" data-id=\"7a6192a\" data-element_type=\"widget\" data-e-type=\"widget\" data-widget_type=\"divider.default\">\n\t\t\t\t<div class=\"elementor-widget-container\">\n\t\t\t\t\t\t\t<div class=\"elementor-divider\">\n\t\t\t<span class=\"elementor-divider-separator\">\n\t\t\t\t\t\t<\/span>\n\t\t<\/div>\n\t\t\t\t\t\t<\/div>\n\t\t\t\t<\/div>\n\t\t\t\t<div class=\"elementor-element elementor-element-a53e1f5 elementor-widget elementor-widget-text-editor\" data-id=\"a53e1f5\" data-element_type=\"widget\" data-e-type=\"widget\" data-widget_type=\"text-editor.default\">\n\t\t\t\t<div class=\"elementor-widget-container\">\n\t\t\t\t\t\t\t\t\t<p>Toute prise en charge s\u00e9rieuse commence par une consultation m\u00e9dicale pr\u00e9alable, au cours de laquelle le m\u00e9decin proc\u00e8de \u00e0 un examen clinique minutieux des mains et discute des attentes esth\u00e9tiques du patient. C\u2019est \u00e0 cette occasion qu\u2019un devis personnalis\u00e9 est \u00e9tabli.<br \/>Ce devis pr\u00e9cisera le type de traitement propos\u00e9, le nombre de s\u00e9ances recommand\u00e9es, le co\u00fbt total, les modalit\u00e9s de paiement ou \u00e9ventuels forfaits.<br \/>Le devis est toujours remis par \u00e9crit et n&#8217;engage pas le patient tant qu\u2019aucune proc\u00e9dure n\u2019est programm\u00e9e.<\/p>\t\t\t\t\t\t\t\t<\/div>\n\t\t\t\t<\/div>\n\t\t\t\t\t<\/div>\n\t\t\t\t<\/div>\n\t\t<div class=\"elementor-element elementor-element-944fe19 e-flex e-con-boxed e-con e-parent\" data-id=\"944fe19\" data-element_type=\"container\" data-e-type=\"container\" data-settings=\"{&quot;jet_parallax_layout_list&quot;:[]}\">\n\t\t\t\t\t<div class=\"e-con-inner\">\n\t\t\t\t<div class=\"elementor-element elementor-element-1ac0cce elementor-widget elementor-widget-text-editor\" data-id=\"1ac0cce\" data-element_type=\"widget\" data-e-type=\"widget\" data-widget_type=\"text-editor.default\">\n\t\t\t\t<div class=\"elementor-widget-container\">\n\t\t\t\t\t\t\t\t\t<h2>Rajeunissement des mains : est-ce un acte rembours\u00e9 ?<\/h2>\t\t\t\t\t\t\t\t<\/div>\n\t\t\t\t<\/div>\n\t\t\t\t<div class=\"elementor-element elementor-element-09b6b70 elementor-widget-divider--view-line elementor-widget elementor-widget-divider\" data-id=\"09b6b70\" data-element_type=\"widget\" data-e-type=\"widget\" data-widget_type=\"divider.default\">\n\t\t\t\t<div class=\"elementor-widget-container\">\n\t\t\t\t\t\t\t<div class=\"elementor-divider\">\n\t\t\t<span class=\"elementor-divider-separator\">\n\t\t\t\t\t\t<\/span>\n\t\t<\/div>\n\t\t\t\t\t\t<\/div>\n\t\t\t\t<\/div>\n\t\t\t\t<div class=\"elementor-element elementor-element-0834703 elementor-widget elementor-widget-text-editor\" data-id=\"0834703\" data-element_type=\"widget\" data-e-type=\"widget\" data-widget_type=\"text-editor.default\">\n\t\t\t\t<div class=\"elementor-widget-container\">\n\t\t\t\t\t\t\t\t\t<p>Le rajeunissement des mains, comme l\u2019ensemble des actes de m\u00e9decine \u00e0 vis\u00e9e esth\u00e9tique non th\u00e9rapeutiques, n\u2019est pas pris en charge par l\u2019assurance maladie, qu\u2019elle soit publique ou priv\u00e9e. Il s\u2019agit d\u2019un acte \u00e0 vis\u00e9e exclusivement esth\u00e9tique, r\u00e9alis\u00e9 dans un cadre volontaire.<br \/>Le patient prend donc \u00e0 sa charge l\u2019int\u00e9gralit\u00e9 des frais.<\/p>\t\t\t\t\t\t\t\t<\/div>\n\t\t\t\t<\/div>\n\t\t\t\t\t<\/div>\n\t\t\t\t<\/div>\n\t\t<div class=\"elementor-element elementor-element-8a0cb94 e-flex e-con-boxed e-con e-parent\" data-id=\"8a0cb94\" data-element_type=\"container\" data-e-type=\"container\" data-settings=\"{&quot;jet_parallax_layout_list&quot;:[]}\">\n\t\t\t\t\t<div class=\"e-con-inner\">\n\t\t\t\t<div class=\"elementor-element elementor-element-20bca51 elementor-widget elementor-widget-text-editor\" data-id=\"20bca51\" data-element_type=\"widget\" data-e-type=\"widget\" data-widget_type=\"text-editor.default\">\n\t\t\t\t<div class=\"elementor-widget-container\">\n\t\t\t\t\t\t\t\t\t<h2>Pourquoi parle-t-on du prix du rajeunissement des mains ?<\/h2>\t\t\t\t\t\t\t\t<\/div>\n\t\t\t\t<\/div>\n\t\t\t\t<div class=\"elementor-element elementor-element-5589c9f elementor-widget-divider--view-line elementor-widget elementor-widget-divider\" data-id=\"5589c9f\" data-element_type=\"widget\" data-e-type=\"widget\" data-widget_type=\"divider.default\">\n\t\t\t\t<div class=\"elementor-widget-container\">\n\t\t\t\t\t\t\t<div class=\"elementor-divider\">\n\t\t\t<span class=\"elementor-divider-separator\">\n\t\t\t\t\t\t<\/span>\n\t\t<\/div>\n\t\t\t\t\t\t<\/div>\n\t\t\t\t<\/div>\n\t\t\t\t<div class=\"elementor-element elementor-element-a72197a elementor-widget elementor-widget-text-editor\" data-id=\"a72197a\" data-element_type=\"widget\" data-e-type=\"widget\" data-widget_type=\"text-editor.default\">\n\t\t\t\t<div class=\"elementor-widget-container\">\n\t\t\t\t\t\t\t\t\t<p>Au fil des derni\u00e8res ann\u00e9es, la demande de rajeunissement des mains a connu une nette augmentation dans les cabinets de m\u00e9decine \u00e0 vis\u00e9e esth\u00e9tique, notamment en Suisse romande. Longtemps consid\u00e9r\u00e9e comme secondaire, cette zone est aujourd\u2019hui trait\u00e9e avec le m\u00eame soin que le visage, le cou ou le d\u00e9collet\u00e9. Pourtant, contrairement \u00e0 d\u2019autres actes esth\u00e9tiques plus largement m\u00e9diatis\u00e9s, le co\u00fbt du rajeunissement des mains reste flou pour une grande majorit\u00e9 de patients.<br \/>Cette incertitude tarifaire s\u2019explique par plusieurs raisons : la diversit\u00e9 des techniques disponibles, la personnalisation des protocoles, l\u2019absence de nomenclature standardis\u00e9e, mais aussi la discr\u00e9tion habituelle du secteur sur les prix pratiqu\u00e9s en m\u00e9decine \u00e0 vis\u00e9e esth\u00e9tique haut de gamme.<br \/>Dans ce contexte, les patients sont en droit de s\u2019interroger. Quel budget faut-il pr\u00e9voir ? Pourquoi certains traitements co\u00fbtent deux fois plus que d\u2019autres ? Comment s\u2019assurer que le tarif propos\u00e9 est justifi\u00e9 par la qualit\u00e9 du soin ?<br \/>Aborder la question du prix de mani\u00e8re transparente est donc essentiel. Cela permet non seulement d\u2019anticiper sereinement l\u2019investissement, mais aussi de faire des choix \u00e9clair\u00e9s, en pleine connaissance de la valeur r\u00e9elle des traitements propos\u00e9s.<\/p>\t\t\t\t\t\t\t\t<\/div>\n\t\t\t\t<\/div>\n\t\t\t\t\t<\/div>\n\t\t\t\t<\/div>\n\t\t<div class=\"elementor-element elementor-element-660d376 e-flex e-con-boxed e-con e-parent\" data-id=\"660d376\" data-element_type=\"container\" data-e-type=\"container\" data-settings=\"{&quot;jet_parallax_layout_list&quot;:[]}\">\n\t\t\t\t\t<div class=\"e-con-inner\">\n\t\t\t\t<div class=\"elementor-element elementor-element-45ff48a elementor-widget elementor-widget-text-editor\" data-id=\"45ff48a\" data-element_type=\"widget\" data-e-type=\"widget\" data-widget_type=\"text-editor.default\">\n\t\t\t\t<div class=\"elementor-widget-container\">\n\t\t\t\t\t\t\t\t\t<h2>Pourquoi certains cabinets proposent-ils des prix tr\u00e8s bas ?<\/h2>\t\t\t\t\t\t\t\t<\/div>\n\t\t\t\t<\/div>\n\t\t\t\t<div class=\"elementor-element elementor-element-ca3c73d elementor-widget-divider--view-line elementor-widget elementor-widget-divider\" data-id=\"ca3c73d\" data-element_type=\"widget\" data-e-type=\"widget\" data-widget_type=\"divider.default\">\n\t\t\t\t<div class=\"elementor-widget-container\">\n\t\t\t\t\t\t\t<div class=\"elementor-divider\">\n\t\t\t<span class=\"elementor-divider-separator\">\n\t\t\t\t\t\t<\/span>\n\t\t<\/div>\n\t\t\t\t\t\t<\/div>\n\t\t\t\t<\/div>\n\t\t\t\t<div class=\"elementor-element elementor-element-18a16f2 elementor-widget elementor-widget-text-editor\" data-id=\"18a16f2\" data-element_type=\"widget\" data-e-type=\"widget\" data-widget_type=\"text-editor.default\">\n\t\t\t\t<div class=\"elementor-widget-container\">\n\t\t\t\t\t\t\t\t\t<p>Sur certains sites internet ou r\u00e9seaux sociaux, il n\u2019est pas rare de voir affich\u00e9s des prix sensiblement inf\u00e9rieurs \u00e0 la moyenne locale pour des actes de rajeunissement des mains. Cette disparit\u00e9 tarifaire interroge \u2014 \u00e0 juste titre \u2014 les patients. Pourquoi un traitement est-il propos\u00e9 \u00e0 650 CHF dans une clinique, et \u00e0 350 CHF ailleurs pour un acte pr\u00e9tendument identique ?<br \/>Plusieurs facteurs peuvent expliquer cette diff\u00e9rence. Tous ne sont pas probl\u00e9matiques, mais certains soul\u00e8vent de r\u00e9elles questions de qualit\u00e9 ou de s\u00e9curit\u00e9.<\/p><ul><li>Produits injectables de moindre qualit\u00e9 ou de marques alternatives\u00a0: les acides hyaluroniques ne sont pas \u00e9quivalents. Certains fabricants, peu connus ou non agr\u00e9\u00e9s par les autorit\u00e9s sanitaires europ\u00e9ennes ou suisses, proposent des injectables \u00e0 bas co\u00fbt. Ces produits peuvent \u00eatre moins stables, moins durables, ou moins bien tol\u00e9r\u00e9s. Leur usage permet certes de baisser les prix, mais il s\u2019accompagne d\u2019un risque accru d\u2019imperfections, de migration ou de dur\u00e9e limit\u00e9e.<\/li><li>Techniques standardis\u00e9es, sans adaptation morphologique\u00a0: dans une logique de volume, certains centres esth\u00e9tiques privil\u00e9gient une approche rapide et identique pour tous les patients, avec peu de temps consacr\u00e9 \u00e0 la personnalisation. Cela permet de proposer des prix attractifs, mais au d\u00e9triment d\u2019un r\u00e9sultat naturel et de qualit\u00e9.<\/li><li>Suivi insuffisant et absence de qualit\u00e9 du cadre m\u00e9dical : un tarif plus bas peut \u00e9galement signifier un suivi limit\u00e9, une absence de consultation de contr\u00f4le. L\u2019environnement dans lequel est r\u00e9alis\u00e9 l\u2019acte (cabinet m\u00e9dical agr\u00e9\u00e9 vs centre non m\u00e9dicalis\u00e9) peut aussi influencer les co\u00fbts.<\/li><li>Communication volontairement opaque\u00a0: enfin, certains tarifs tr\u00e8s attractifs ne comprennent qu\u2019une partie du traitement (par exemple une seringue, sans consultation initiale). Le co\u00fbt final peut ainsi s\u2019av\u00e9rer bien sup\u00e9rieur \u00e0 celui annonc\u00e9, ce qui engendre une incompr\u00e9hension, voire une perte de confiance du patient.<\/li><\/ul><p><br \/>Un prix bas n\u2019est donc pas toujours un bon indicateur de valeur. En m\u00e9decine \u00e0 vis\u00e9e esth\u00e9tique, la s\u00e9curit\u00e9, la durabilit\u00e9 des r\u00e9sultats et la qualit\u00e9 de l\u2019ex\u00e9cution justifient un investissement proportionn\u00e9. Il est pr\u00e9f\u00e9rable de choisir un m\u00e9decin pour son expertise et son \u00e9thique, plut\u00f4t que pour une promesse tarifaire s\u00e9duisante mais peu r\u00e9aliste.<\/p>\t\t\t\t\t\t\t\t<\/div>\n\t\t\t\t<\/div>\n\t\t\t\t\t<\/div>\n\t\t\t\t<\/div>\n\t\t<div class=\"elementor-element elementor-element-fbe4d28 e-flex e-con-boxed e-con e-parent\" data-id=\"fbe4d28\" data-element_type=\"container\" data-e-type=\"container\" data-settings=\"{&quot;jet_parallax_layout_list&quot;:[]}\">\n\t\t\t\t\t<div class=\"e-con-inner\">\n\t\t\t\t<div class=\"elementor-element elementor-element-17e3a37 elementor-widget elementor-widget-text-editor\" data-id=\"17e3a37\" data-element_type=\"widget\" data-e-type=\"widget\" data-widget_type=\"text-editor.default\">\n\t\t\t\t<div class=\"elementor-widget-container\">\n\t\t\t\t\t\t\t\t\t<h2>Faut-il privil\u00e9gier le prix ou la qualit\u00e9 ?<\/h2>\t\t\t\t\t\t\t\t<\/div>\n\t\t\t\t<\/div>\n\t\t\t\t<div class=\"elementor-element elementor-element-b53d86b elementor-widget-divider--view-line elementor-widget elementor-widget-divider\" data-id=\"b53d86b\" data-element_type=\"widget\" data-e-type=\"widget\" data-widget_type=\"divider.default\">\n\t\t\t\t<div class=\"elementor-widget-container\">\n\t\t\t\t\t\t\t<div class=\"elementor-divider\">\n\t\t\t<span class=\"elementor-divider-separator\">\n\t\t\t\t\t\t<\/span>\n\t\t<\/div>\n\t\t\t\t\t\t<\/div>\n\t\t\t\t<\/div>\n\t\t\t\t<div class=\"elementor-element elementor-element-1063556 elementor-widget elementor-widget-text-editor\" data-id=\"1063556\" data-element_type=\"widget\" data-e-type=\"widget\" data-widget_type=\"text-editor.default\">\n\t\t\t\t<div class=\"elementor-widget-container\">\n\t\t\t\t\t\t\t\t\t<p>Le rajeunissement des mains, comme tout acte esth\u00e9tique, repr\u00e9sente un investissement. Mais au-del\u00e0 du co\u00fbt imm\u00e9diat, c\u2019est la valeur per\u00e7ue et r\u00e9elle de l\u2019acte qui doit guider le choix du patient.<br \/>Le prix seul ne garantit ni comp\u00e9tence ni r\u00e9sultat. Un tarif \u00e9lev\u00e9 ne suffit pas \u00e0 prouver la qualit\u00e9 d\u2019un traitement, mais un prix anormalement bas doit, \u00e0 l\u2019inverse, alerter. Dans le domaine m\u00e9dical, il n\u2019existe pas de \u00ab miracle \u00e9conomique \u00bb : une seringue d\u2019acide hyaluronique certifi\u00e9e co\u00fbte un certain prix ; une s\u00e9ance de laser n\u00e9cessite un appareil haut de gamme, entretenu et utilis\u00e9 par un m\u00e9decin form\u00e9.<br \/>Ce que le patient paie, ce sont des r\u00e9sultats \u2014 pas une seringue. Ce que le patient r\u00e9mun\u00e8re, ce n\u2019est pas uniquement une injection ou un \u00ab\u00a0passage sous laser\u00a0\u00bb. C\u2019est une expertise : celle d\u2019un m\u00e9decin capable d\u2019\u00e9valuer correctement l\u2019anatomie, de choisir le bon produit, de doser avec justesse, d\u2019agir avec finesse, de pr\u00e9voir le r\u00e9sultat, de suivre le patient et d\u2019intervenir en cas de correction.<br \/>La diff\u00e9rence entre une main subtilement rajeunie et une main d\u00e9natur\u00e9e, r\u00e9side pr\u00e9cis\u00e9ment dans cette comp\u00e9tence.<br \/>Investir dans un r\u00e9sultat, pas dans un geste. En m\u00e9decine \u00e0 vis\u00e9e esth\u00e9tique, un acte mal r\u00e9alis\u00e9 revient souvent plus cher \u00e0 corriger que s\u2019il avait \u00e9t\u00e9 bien fait d\u00e8s la premi\u00e8re fois. Une main mal inject\u00e9e, une pigmentation br\u00fbl\u00e9e au laser, ou un r\u00e9sultat artificiel sont des erreurs qui peuvent laisser des s\u00e9quelles durables, tant esth\u00e9tiques que psychologiques.<br \/>Ainsi, plut\u00f4t que de chercher le tarif le plus bas, il est pr\u00e9f\u00e9rable de rechercher un rapport qualit\u00e9\/prix \u00e9quilibr\u00e9, fond\u00e9 sur la comp\u00e9tence du m\u00e9decin, la qualit\u00e9 des produits, la personnalisation du protocole, la durabilit\u00e9 des effets.<\/p>\t\t\t\t\t\t\t\t<\/div>\n\t\t\t\t<\/div>\n\t\t\t\t\t<\/div>\n\t\t\t\t<\/div>\n\t\t<div class=\"elementor-element elementor-element-3caca8b e-flex e-con-boxed e-con e-parent\" data-id=\"3caca8b\" data-element_type=\"container\" data-e-type=\"container\" data-settings=\"{&quot;jet_parallax_layout_list&quot;:[]}\">\n\t\t\t\t\t<div class=\"e-con-inner\">\n\t\t<div class=\"elementor-element elementor-element-5997f03 e-con-full e-flex e-con e-child\" data-id=\"5997f03\" data-element_type=\"container\" data-e-type=\"container\" data-settings=\"{&quot;jet_parallax_layout_list&quot;:[]}\">\n\t\t<div class=\"elementor-element elementor-element-d7981b6 e-con-full e-flex e-con e-child\" data-id=\"d7981b6\" data-element_type=\"container\" data-e-type=\"container\" data-settings=\"{&quot;jet_parallax_layout_list&quot;:[]}\">\n\t\t<div class=\"elementor-element elementor-element-dfbe04a e-con-full e-flex e-con e-child\" data-id=\"dfbe04a\" data-element_type=\"container\" data-e-type=\"container\" data-settings=\"{&quot;jet_parallax_layout_list&quot;:[]}\">\n\t\t<div class=\"elementor-element elementor-element-3918ba6 e-con-full e-flex e-con e-child\" data-id=\"3918ba6\" data-element_type=\"container\" data-e-type=\"container\" data-settings=\"{&quot;jet_parallax_layout_list&quot;:[]}\">\n\t\t\t\t<div class=\"elementor-element elementor-element-adf3f49 elementor-widget elementor-widget-image\" data-id=\"adf3f49\" data-element_type=\"widget\" data-e-type=\"widget\" data-widget_type=\"image.default\">\n\t\t\t\t<div class=\"elementor-widget-container\">\n\t\t\t\t\t\t\t\t\t\t\t\t\t\t\t<img decoding=\"async\" width=\"150\" height=\"150\" src=\"https:\/\/drromanovaleria.ch\/wp-content\/uploads\/2024\/07\/photo-docteur-romano-valeria-150x150.webp\" class=\"attachment-thumbnail size-thumbnail wp-image-13266\" alt=\"Photo docteur Valeria Romano \u00e0 Gen\u00e8ve\" \/>\t\t\t\t\t\t\t\t\t\t\t\t\t\t\t<\/div>\n\t\t\t\t<\/div>\n\t\t\t\t<div class=\"elementor-element elementor-element-2ccc195 elementor-widget elementor-widget-text-editor\" data-id=\"2ccc195\" data-element_type=\"widget\" data-e-type=\"widget\" data-widget_type=\"text-editor.default\">\n\t\t\t\t<div class=\"elementor-widget-container\">\n\t\t\t\t\t\t\t\t\t<p>Article r\u00e9dig\u00e9 par le <a href=\"https:\/\/drromanovaleria.ch\/\">Dr Romano Valeria<\/a><\/p>\t\t\t\t\t\t\t\t<\/div>\n\t\t\t\t<\/div>\n\t\t\t\t<\/div>\n\t\t<div class=\"elementor-element elementor-element-7ef8100 e-con-full e-flex e-con e-child\" data-id=\"7ef8100\" data-element_type=\"container\" data-e-type=\"container\" data-settings=\"{&quot;jet_parallax_layout_list&quot;:[]}\">\n\t\t\t\t<div class=\"elementor-element elementor-element-a7948fe elementor-widget elementor-widget-text-editor\" data-id=\"a7948fe\" data-element_type=\"widget\" data-e-type=\"widget\" data-widget_type=\"text-editor.default\">\n\t\t\t\t<div class=\"elementor-widget-container\">\n\t\t\t\t\t\t\t\t\t<p>PARTAGER CET ARTICLE SUR<\/p>\t\t\t\t\t\t\t\t<\/div>\n\t\t\t\t<\/div>\n\t\t\t\t<div class=\"elementor-element elementor-element-b7cebad elementor-share-buttons--view-icon-text elementor-share-buttons--skin-gradient elementor-share-buttons--shape-square elementor-grid-0 elementor-share-buttons--color-official elementor-widget elementor-widget-share-buttons\" data-id=\"b7cebad\" data-element_type=\"widget\" data-e-type=\"widget\" data-widget_type=\"share-buttons.default\">\n\t\t\t\t<div class=\"elementor-widget-container\">\n\t\t\t\t\t\t\t<div class=\"elementor-grid\">\n\t\t\t\t\t\t\t\t<div class=\"elementor-grid-item\">\n\t\t\t\t\t\t<div class=\"elementor-share-btn elementor-share-btn_linkedin\" role=\"button\" tabindex=\"0\" aria-label=\"Partager sur linkedin\">\n\t\t\t\t\t\t\t\t\t\t\t\t\t\t\t<span class=\"elementor-share-btn__icon\">\n\t\t\t\t\t\t\t\t<svg aria-hidden=\"true\" class=\"e-font-icon-svg e-fab-linkedin\" viewBox=\"0 0 448 512\" xmlns=\"http:\/\/www.w3.org\/2000\/svg\"><path d=\"M416 32H31.9C14.3 32 0 46.5 0 64.3v383.4C0 465.5 14.3 480 31.9 480H416c17.6 0 32-14.5 32-32.3V64.3c0-17.8-14.4-32.3-32-32.3zM135.4 416H69V202.2h66.5V416zm-33.2-243c-21.3 0-38.5-17.3-38.5-38.5S80.9 96 102.2 96c21.2 0 38.5 17.3 38.5 38.5 0 21.3-17.2 38.5-38.5 38.5zm282.1 243h-66.4V312c0-24.8-.5-56.7-34.5-56.7-34.6 0-39.9 27-39.9 54.9V416h-66.4V202.2h63.7v29.2h.9c8.9-16.8 30.6-34.5 62.9-34.5 67.2 0 79.7 44.3 79.7 101.9V416z\"><\/path><\/svg>\t\t\t\t\t\t\t<\/span>\n\t\t\t\t\t\t\t\t\t\t\t\t\t\t\t\t\t\t\t\t\t\t<div class=\"elementor-share-btn__text\">\n\t\t\t\t\t\t\t\t\t\t\t\t\t\t\t\t\t\t\t<span class=\"elementor-share-btn__title\">\n\t\t\t\t\t\t\t\t\t\tLinkedIn\t\t\t\t\t\t\t\t\t<\/span>\n\t\t\t\t\t\t\t\t\t\t\t\t\t\t\t\t\t<\/div>\n\t\t\t\t\t\t\t\t\t\t\t\t\t<\/div>\n\t\t\t\t\t<\/div>\n\t\t\t\t\t\t<\/div>\n\t\t\t\t\t\t<\/div>\n\t\t\t\t<\/div>\n\t\t\t\t<\/div>\n\t\t\t\t<\/div>\n\t\t\t\t<div class=\"elementor-element elementor-element-f3d2c1c elementor-align-start elementor-mobile-align-start elementor-icon-list--layout-traditional elementor-list-item-link-full_width elementor-widget elementor-widget-icon-list\" data-id=\"f3d2c1c\" data-element_type=\"widget\" data-e-type=\"widget\" data-widget_type=\"icon-list.default\">\n\t\t\t\t<div class=\"elementor-widget-container\">\n\t\t\t\t\t\t\t<ul class=\"elementor-icon-list-items\">\n\t\t\t\t\t\t\t<li class=\"elementor-icon-list-item\">\n\t\t\t\t\t\t\t\t\t\t\t<a href=\"mailto:dr.romano.valeria@gmail.com\">\n\n\t\t\t\t\t\t\t\t\t\t\t\t<span class=\"elementor-icon-list-icon\">\n\t\t\t\t\t\t\t<svg aria-hidden=\"true\" class=\"e-font-icon-svg e-fas-envelope\" viewBox=\"0 0 512 512\" xmlns=\"http:\/\/www.w3.org\/2000\/svg\"><path d=\"M502.3 190.8c3.9-3.1 9.7-.2 9.7 4.7V400c0 26.5-21.5 48-48 48H48c-26.5 0-48-21.5-48-48V195.6c0-5 5.7-7.8 9.7-4.7 22.4 17.4 52.1 39.5 154.1 113.6 21.1 15.4 56.7 47.8 92.2 47.6 35.7.3 72-32.8 92.3-47.6 102-74.1 131.6-96.3 154-113.7zM256 320c23.2.4 56.6-29.2 73.4-41.4 132.7-96.3 142.8-104.7 173.4-128.7 5.8-4.5 9.2-11.5 9.2-18.9v-19c0-26.5-21.5-48-48-48H48C21.5 64 0 85.5 0 112v19c0 7.4 3.4 14.3 9.2 18.9 30.6 23.9 40.7 32.4 173.4 128.7 16.8 12.2 50.2 41.8 73.4 41.4z\"><\/path><\/svg>\t\t\t\t\t\t<\/span>\n\t\t\t\t\t\t\t\t\t\t<span class=\"elementor-icon-list-text\">dr.romano.valeria@gmail.com<\/span>\n\t\t\t\t\t\t\t\t\t\t\t<\/a>\n\t\t\t\t\t\t\t\t\t<\/li>\n\t\t\t\t\t\t\t\t<li class=\"elementor-icon-list-item\">\n\t\t\t\t\t\t\t\t\t\t\t<a href=\"tel:+41%2078%20209%2002%2089\">\n\n\t\t\t\t\t\t\t\t\t\t\t\t<span class=\"elementor-icon-list-icon\">\n\t\t\t\t\t\t\t<svg aria-hidden=\"true\" class=\"e-font-icon-svg e-fas-phone-alt\" viewBox=\"0 0 512 512\" xmlns=\"http:\/\/www.w3.org\/2000\/svg\"><path d=\"M497.39 361.8l-112-48a24 24 0 0 0-28 6.9l-49.6 60.6A370.66 370.66 0 0 1 130.6 204.11l60.6-49.6a23.94 23.94 0 0 0 6.9-28l-48-112A24.16 24.16 0 0 0 122.6.61l-104 24A24 24 0 0 0 0 48c0 256.5 207.9 464 464 464a24 24 0 0 0 23.4-18.6l24-104a24.29 24.29 0 0 0-14.01-27.6z\"><\/path><\/svg>\t\t\t\t\t\t<\/span>\n\t\t\t\t\t\t\t\t\t\t<span class=\"elementor-icon-list-text\">+41 78 209 02 89<\/span>\n\t\t\t\t\t\t\t\t\t\t\t<\/a>\n\t\t\t\t\t\t\t\t\t<\/li>\n\t\t\t\t\t\t<\/ul>\n\t\t\t\t\t\t<\/div>\n\t\t\t\t<\/div>\n\t\t\t\t<\/div>\n\t\t\t\t<\/div>\n\t\t\t\t\t<\/div>\n\t\t\t\t<\/div>\n\t\t\t\t<\/div>\n\t\t","protected":false},"featured_media":0,"template":"elementor_header_footer","class_list":["post-27813","infographie","type-infographie","status-publish","hentry"],"yoast_head":"<!-- This site is optimized with the Yoast SEO plugin v27.5 - https:\/\/yoast.com\/product\/yoast-seo-wordpress\/ -->\n<title>Quels sont les tarifs d\u2019un rajeunissement des mains \u00e0 Gen\u00e8ve ? - Dr Romano<\/title>\n<meta name=\"description\" content=\"Les tarifs du rajeunissement des mains \u00e0 Gen\u00e8ve varient selon le traitement choisi : injections, laser ou peeling. Une consultation m\u00e9dicale permet d\u2019\u00e9tablir un devis adapt\u00e9 au besoin et \u00e0 l\u2019\u00e9tat de la peau.\" \/>\n<meta name=\"robots\" content=\"index, follow, max-snippet:-1, max-image-preview:large, max-video-preview:-1\" \/>\n<link rel=\"canonical\" href=\"https:\/\/drromanovaleria.ch\/en\/infographic\/hand-rejuvenation-price\/\" \/>\n<meta property=\"og:locale\" content=\"en_GB\" \/>\n<meta property=\"og:type\" content=\"article\" \/>\n<meta property=\"og:title\" content=\"Quels sont les tarifs d\u2019un rajeunissement des mains \u00e0 Gen\u00e8ve ? - Dr Romano\" \/>\n<meta property=\"og:description\" content=\"Les tarifs du rajeunissement des mains \u00e0 Gen\u00e8ve varient selon le traitement choisi : injections, laser ou peeling. Une consultation m\u00e9dicale permet d\u2019\u00e9tablir un devis adapt\u00e9 au besoin et \u00e0 l\u2019\u00e9tat de la peau.\" \/>\n<meta property=\"og:url\" content=\"https:\/\/drromanovaleria.ch\/en\/infographic\/hand-rejuvenation-price\/\" \/>\n<meta property=\"og:site_name\" content=\"Dr Romano\" \/>\n<meta property=\"article:modified_time\" content=\"2025-08-31T05:45:32+00:00\" \/>\n<meta property=\"og:image\" content=\"https:\/\/drromanovaleria.ch\/wp-content\/uploads\/2024\/05\/hydratation-peau.webp\" \/>\n<meta name=\"twitter:card\" content=\"summary_large_image\" \/>\n<meta name=\"twitter:label1\" content=\"Estimated reading time\" \/>\n\t<meta name=\"twitter:data1\" content=\"11 minutes\" \/>\n<script type=\"application\/ld+json\" class=\"yoast-schema-graph\">{\"@context\":\"https:\\\/\\\/schema.org\",\"@graph\":[{\"@type\":\"WebPage\",\"@id\":\"https:\\\/\\\/drromanovaleria.ch\\\/infographie\\\/prix-rajeunissement-mains\\\/\",\"url\":\"https:\\\/\\\/drromanovaleria.ch\\\/infographie\\\/prix-rajeunissement-mains\\\/\",\"name\":\"Quels sont les tarifs d\u2019un rajeunissement des mains \u00e0 Gen\u00e8ve ? - Dr Romano\",\"isPartOf\":{\"@id\":\"https:\\\/\\\/drromanovaleria.ch\\\/#website\"},\"primaryImageOfPage\":{\"@id\":\"https:\\\/\\\/drromanovaleria.ch\\\/infographie\\\/prix-rajeunissement-mains\\\/#primaryimage\"},\"image\":{\"@id\":\"https:\\\/\\\/drromanovaleria.ch\\\/infographie\\\/prix-rajeunissement-mains\\\/#primaryimage\"},\"thumbnailUrl\":\"https:\\\/\\\/drromanovaleria.ch\\\/wp-content\\\/uploads\\\/2024\\\/05\\\/hydratation-peau.webp\",\"datePublished\":\"2025-06-17T18:30:54+00:00\",\"dateModified\":\"2025-08-31T05:45:32+00:00\",\"description\":\"Les tarifs du rajeunissement des mains \u00e0 Gen\u00e8ve varient selon le traitement choisi : injections, laser ou peeling. Une consultation m\u00e9dicale permet d\u2019\u00e9tablir un devis adapt\u00e9 au besoin et \u00e0 l\u2019\u00e9tat de la peau.\",\"breadcrumb\":{\"@id\":\"https:\\\/\\\/drromanovaleria.ch\\\/infographie\\\/prix-rajeunissement-mains\\\/#breadcrumb\"},\"inLanguage\":\"en-GB\",\"potentialAction\":[{\"@type\":\"ReadAction\",\"target\":[\"https:\\\/\\\/drromanovaleria.ch\\\/infographie\\\/prix-rajeunissement-mains\\\/\"]}]},{\"@type\":\"ImageObject\",\"inLanguage\":\"en-GB\",\"@id\":\"https:\\\/\\\/drromanovaleria.ch\\\/infographie\\\/prix-rajeunissement-mains\\\/#primaryimage\",\"url\":\"https:\\\/\\\/drromanovaleria.ch\\\/wp-content\\\/uploads\\\/2024\\\/05\\\/hydratation-peau.webp\",\"contentUrl\":\"https:\\\/\\\/drromanovaleria.ch\\\/wp-content\\\/uploads\\\/2024\\\/05\\\/hydratation-peau.webp\"},{\"@type\":\"BreadcrumbList\",\"@id\":\"https:\\\/\\\/drromanovaleria.ch\\\/infographie\\\/prix-rajeunissement-mains\\\/#breadcrumb\",\"itemListElement\":[{\"@type\":\"ListItem\",\"position\":1,\"name\":\"Accueil\",\"item\":\"https:\\\/\\\/drromanovaleria.ch\\\/\"},{\"@type\":\"ListItem\",\"position\":2,\"name\":\"Infographie\",\"item\":\"https:\\\/\\\/drromanovaleria.ch\\\/infographie\\\/\"},{\"@type\":\"ListItem\",\"position\":3,\"name\":\"Quels sont les tarifs d\u2019un rajeunissement des mains \u00e0 Gen\u00e8ve ?\"}]},{\"@type\":\"WebSite\",\"@id\":\"https:\\\/\\\/drromanovaleria.ch\\\/#website\",\"url\":\"https:\\\/\\\/drromanovaleria.ch\\\/\",\"name\":\"Dr Romano\",\"description\":\"M\u00e9decine morphologique et anti-\u00e2ge\",\"potentialAction\":[{\"@type\":\"SearchAction\",\"target\":{\"@type\":\"EntryPoint\",\"urlTemplate\":\"https:\\\/\\\/drromanovaleria.ch\\\/?s={search_term_string}\"},\"query-input\":{\"@type\":\"PropertyValueSpecification\",\"valueRequired\":true,\"valueName\":\"search_term_string\"}}],\"inLanguage\":\"en-GB\"}]}<\/script>\n<!-- \/ Yoast SEO plugin. -->","yoast_head_json":{"title":"What are the prices for hand rejuvenation in Geneva ? - Dr Romano","description":"Hand rejuvenation prices in Geneva vary depending on the chosen treatment: injections, laser, or peeling. A medical consultation helps establish a quote tailored to the needs and skin condition.","robots":{"index":"index","follow":"follow","max-snippet":"max-snippet:-1","max-image-preview":"max-image-preview:large","max-video-preview":"max-video-preview:-1"},"canonical":"https:\/\/drromanovaleria.ch\/en\/infographic\/hand-rejuvenation-price\/","og_locale":"en_GB","og_type":"article","og_title":"Quels sont les tarifs d\u2019un rajeunissement des mains \u00e0 Gen\u00e8ve ? - Dr Romano","og_description":"Les tarifs du rajeunissement des mains \u00e0 Gen\u00e8ve varient selon le traitement choisi : injections, laser ou peeling. Une consultation m\u00e9dicale permet d\u2019\u00e9tablir un devis adapt\u00e9 au besoin et \u00e0 l\u2019\u00e9tat de la peau.","og_url":"https:\/\/drromanovaleria.ch\/en\/infographic\/hand-rejuvenation-price\/","og_site_name":"Dr Romano","article_modified_time":"2025-08-31T05:45:32+00:00","og_image":[{"url":"https:\/\/drromanovaleria.ch\/wp-content\/uploads\/2024\/05\/hydratation-peau.webp","type":"","width":"","height":""}],"twitter_card":"summary_large_image","twitter_misc":{"Estimated reading time":"11 minutes"},"schema":{"@context":"https:\/\/schema.org","@graph":[{"@type":"WebPage","@id":"https:\/\/drromanovaleria.ch\/infographie\/prix-rajeunissement-mains\/","url":"https:\/\/drromanovaleria.ch\/infographie\/prix-rajeunissement-mains\/","name":"What are the prices for hand rejuvenation in Geneva ? - Dr Romano","isPartOf":{"@id":"https:\/\/drromanovaleria.ch\/#website"},"primaryImageOfPage":{"@id":"https:\/\/drromanovaleria.ch\/infographie\/prix-rajeunissement-mains\/#primaryimage"},"image":{"@id":"https:\/\/drromanovaleria.ch\/infographie\/prix-rajeunissement-mains\/#primaryimage"},"thumbnailUrl":"https:\/\/drromanovaleria.ch\/wp-content\/uploads\/2024\/05\/hydratation-peau.webp","datePublished":"2025-06-17T18:30:54+00:00","dateModified":"2025-08-31T05:45:32+00:00","description":"Hand rejuvenation prices in Geneva vary depending on the chosen treatment: injections, laser, or peeling. A medical consultation helps establish a quote tailored to the needs and skin condition.","breadcrumb":{"@id":"https:\/\/drromanovaleria.ch\/infographie\/prix-rajeunissement-mains\/#breadcrumb"},"inLanguage":"en-GB","potentialAction":[{"@type":"ReadAction","target":["https:\/\/drromanovaleria.ch\/infographie\/prix-rajeunissement-mains\/"]}]},{"@type":"ImageObject","inLanguage":"en-GB","@id":"https:\/\/drromanovaleria.ch\/infographie\/prix-rajeunissement-mains\/#primaryimage","url":"https:\/\/drromanovaleria.ch\/wp-content\/uploads\/2024\/05\/hydratation-peau.webp","contentUrl":"https:\/\/drromanovaleria.ch\/wp-content\/uploads\/2024\/05\/hydratation-peau.webp"},{"@type":"BreadcrumbList","@id":"https:\/\/drromanovaleria.ch\/infographie\/prix-rajeunissement-mains\/#breadcrumb","itemListElement":[{"@type":"ListItem","position":1,"name":"Accueil","item":"https:\/\/drromanovaleria.ch\/"},{"@type":"ListItem","position":2,"name":"Infographie","item":"https:\/\/drromanovaleria.ch\/infographie\/"},{"@type":"ListItem","position":3,"name":"Quels sont les tarifs d\u2019un rajeunissement des mains \u00e0 Gen\u00e8ve ?"}]},{"@type":"WebSite","@id":"https:\/\/drromanovaleria.ch\/#website","url":"https:\/\/drromanovaleria.ch\/","name":"Dr Romano","description":"Morphological and anti-ageing medicine","potentialAction":[{"@type":"SearchAction","target":{"@type":"EntryPoint","urlTemplate":"https:\/\/drromanovaleria.ch\/?s={search_term_string}"},"query-input":{"@type":"PropertyValueSpecification","valueRequired":true,"valueName":"search_term_string"}}],"inLanguage":"en-GB"}]}},"_links":{"self":[{"href":"https:\/\/drromanovaleria.ch\/en\/wp-json\/wp\/v2\/infographie\/27813","targetHints":{"allow":["GET"]}}],"collection":[{"href":"https:\/\/drromanovaleria.ch\/en\/wp-json\/wp\/v2\/infographie"}],"about":[{"href":"https:\/\/drromanovaleria.ch\/en\/wp-json\/wp\/v2\/types\/infographie"}],"version-history":[{"count":0,"href":"https:\/\/drromanovaleria.ch\/en\/wp-json\/wp\/v2\/infographie\/27813\/revisions"}],"wp:attachment":[{"href":"https:\/\/drromanovaleria.ch\/en\/wp-json\/wp\/v2\/media?parent=27813"}],"curies":[{"name":"wp","href":"https:\/\/api.w.org\/{rel}","templated":true}]}}