{"id":25995,"date":"2025-05-08T13:13:07","date_gmt":"2025-05-08T11:13:07","guid":{"rendered":"https:\/\/drromanovaleria.ch\/?post_type=infographie&#038;p=25995"},"modified":"2025-11-06T12:28:32","modified_gmt":"2025-11-06T11:28:32","slug":"slowing-down-facial-aging","status":"publish","type":"infographie","link":"https:\/\/drromanovaleria.ch\/en\/infographie\/ralentissement-vieillissement-visage\/","title":{"rendered":"How can I slow down the ageing of my face ?"},"content":{"rendered":"\t\t<div data-elementor-type=\"wp-post\" data-elementor-id=\"25995\" class=\"elementor elementor-25995\" data-elementor-post-type=\"infographie\">\n\t\t\t\t<div class=\"elementor-element elementor-element-9ccd5f2 e-flex e-con-boxed e-con e-parent\" data-id=\"9ccd5f2\" data-element_type=\"container\" data-e-type=\"container\" data-settings=\"{&quot;background_background&quot;:&quot;classic&quot;,&quot;jet_parallax_layout_list&quot;:[]}\">\n\t\t\t\t\t<div class=\"e-con-inner\">\n\t\t<div class=\"elementor-element elementor-element-3fa33f9 e-con-full e-flex e-con e-child\" data-id=\"3fa33f9\" data-element_type=\"container\" data-e-type=\"container\" data-settings=\"{&quot;background_background&quot;:&quot;classic&quot;,&quot;jet_parallax_layout_list&quot;:[]}\">\n\t\t\t\t<div class=\"elementor-element elementor-element-6fb5939 elementor-widget__width-initial elementor-widget elementor-widget-heading\" data-id=\"6fb5939\" data-element_type=\"widget\" data-e-type=\"widget\" data-widget_type=\"heading.default\">\n\t\t\t\t<div class=\"elementor-widget-container\">\n\t\t\t\t\t<h1 class=\"elementor-heading-title elementor-size-default\">COMMENT RALENTIR LE VIEILLISSEMENT DU VISAGE ?<\/h1>\t\t\t\t<\/div>\n\t\t\t\t<\/div>\n\t\t\t\t<div class=\"elementor-element elementor-element-dea9811 elementor-align-center elementor-widget elementor-widget-breadcrumbs\" data-id=\"dea9811\" data-element_type=\"widget\" data-e-type=\"widget\" data-widget_type=\"breadcrumbs.default\">\n\t\t\t\t<div class=\"elementor-widget-container\">\n\t\t\t\t\t<p id=\"breadcrumbs\"><span><span><a href=\"https:\/\/drromanovaleria.ch\/\">Accueil<\/a><\/span><\/span><\/p>\t\t\t\t<\/div>\n\t\t\t\t<\/div>\n\t\t\t\t<\/div>\n\t\t\t\t\t<\/div>\n\t\t\t\t<\/div>\n\t\t<div class=\"elementor-element elementor-element-6149acc e-flex e-con-boxed e-con e-parent\" data-id=\"6149acc\" data-element_type=\"container\" data-e-type=\"container\" data-settings=\"{&quot;jet_parallax_layout_list&quot;:[]}\">\n\t\t\t\t\t<div class=\"e-con-inner\">\n\t\t<div class=\"elementor-element elementor-element-38d4f30 e-flex e-con-boxed e-con e-child\" data-id=\"38d4f30\" data-element_type=\"container\" data-e-type=\"container\" data-settings=\"{&quot;jet_parallax_layout_list&quot;:[]}\">\n\t\t\t\t\t<div class=\"e-con-inner\">\n\t\t<div class=\"elementor-element elementor-element-841903b e-con-full e-flex e-con e-child\" data-id=\"841903b\" data-element_type=\"container\" data-e-type=\"container\" data-settings=\"{&quot;background_background&quot;:&quot;classic&quot;,&quot;jet_parallax_layout_list&quot;:[]}\">\n\t\t\t\t<div class=\"elementor-element elementor-element-8e7c106 elementor-widget elementor-widget-text-editor\" data-id=\"8e7c106\" data-element_type=\"widget\" data-e-type=\"widget\" data-widget_type=\"text-editor.default\">\n\t\t\t\t<div class=\"elementor-widget-container\">\n\t\t\t\t\t\t\t\t\t<h2>Comblement des rides \u00e0 Gen\u00e8ve<\/h2>\t\t\t\t\t\t\t\t<\/div>\n\t\t\t\t<\/div>\n\t\t\t\t<div class=\"elementor-element elementor-element-97cb693 elementor-widget elementor-widget-text-editor\" data-id=\"97cb693\" data-element_type=\"widget\" data-e-type=\"widget\" data-widget_type=\"text-editor.default\">\n\t\t\t\t<div class=\"elementor-widget-container\">\n\t\t\t\t\t\t\t\t\t<p>Le vieillissement du visage est un ph\u00e9nom\u00e8ne physiologique in\u00e9vitable, mais son rythme et son expression clinique varient consid\u00e9rablement d\u2019une personne \u00e0 l\u2019autre. Sous l\u2019effet du temps, des facteurs environnementaux et de la g\u00e9n\u00e9tique, la peau perd progressivement sa tonicit\u00e9, son \u00e9clat et ses volumes.<br \/>Toutefois, le vieillissement n\u2019est pas un processus uniforme ni passif. Il peut \u00eatre ralenti, modul\u00e9 et pris en charge gr\u00e2ce \u00e0 une approche m\u00e9dicale rigoureuse et personnalis\u00e9e. La pr\u00e9vention du vieillissement du visage repose sur une strat\u00e9gie globale, alliant hygi\u00e8ne de vie, soins adapt\u00e9s et techniques esth\u00e9tiques non invasives.<\/p>\t\t\t\t\t\t\t\t<\/div>\n\t\t\t\t<\/div>\n\t\t\t\t<\/div>\n\t\t\t\t\t<\/div>\n\t\t\t\t<\/div>\n\t\t<div class=\"elementor-element elementor-element-e6deb1f e-flex e-con-boxed e-con e-child\" data-id=\"e6deb1f\" data-element_type=\"container\" data-e-type=\"container\" data-settings=\"{&quot;jet_parallax_layout_list&quot;:[]}\">\n\t\t\t\t\t<div class=\"e-con-inner\">\n\t\t\t\t<div class=\"elementor-element elementor-element-59c3105 elementor-widget elementor-widget-image\" data-id=\"59c3105\" data-element_type=\"widget\" data-e-type=\"widget\" data-widget_type=\"image.default\">\n\t\t\t\t<div class=\"elementor-widget-container\">\n\t\t\t\t\t\t\t\t\t\t\t\t\t\t\t<img fetchpriority=\"high\" decoding=\"async\" width=\"300\" height=\"220\" src=\"https:\/\/drromanovaleria.ch\/wp-content\/uploads\/2024\/05\/hydratation-peau.webp\" class=\"attachment-medium size-medium wp-image-4852\" alt=\"image peau jeune hydrat\u00e9e\" srcset=\"https:\/\/drromanovaleria.ch\/wp-content\/uploads\/2024\/05\/hydratation-peau.webp 300w, https:\/\/drromanovaleria.ch\/wp-content\/uploads\/2024\/05\/hydratation-peau-16x12.webp 16w\" sizes=\"(max-width: 300px) 100vw, 300px\" \/>\t\t\t\t\t\t\t\t\t\t\t\t\t\t\t<\/div>\n\t\t\t\t<\/div>\n\t\t\t\t<div class=\"elementor-element elementor-element-6329a5b elementor-align-center elementor-widget elementor-widget-button\" data-id=\"6329a5b\" data-element_type=\"widget\" data-e-type=\"widget\" data-widget_type=\"button.default\">\n\t\t\t\t<div class=\"elementor-widget-container\">\n\t\t\t\t\t\t\t\t\t<div class=\"elementor-button-wrapper\">\n\t\t\t\t\t<a class=\"elementor-button elementor-button-link elementor-size-sm\" href=\"https:\/\/drromanovaleria.ch\/contactez-le-dr-romano\/\">\n\t\t\t\t\t\t<span class=\"elementor-button-content-wrapper\">\n\t\t\t\t\t\t\t\t\t<span class=\"elementor-button-text\">Prendre rendez-vous<\/span>\n\t\t\t\t\t<\/span>\n\t\t\t\t\t<\/a>\n\t\t\t\t<\/div>\n\t\t\t\t\t\t\t\t<\/div>\n\t\t\t\t<\/div>\n\t\t\t\t\t<\/div>\n\t\t\t\t<\/div>\n\t\t\t\t\t<\/div>\n\t\t\t\t<\/div>\n\t\t<div class=\"elementor-element elementor-element-256e3e7 e-flex e-con-boxed e-con e-parent\" data-id=\"256e3e7\" data-element_type=\"container\" data-e-type=\"container\" data-settings=\"{&quot;jet_parallax_layout_list&quot;:[]}\">\n\t\t\t\t\t<div class=\"e-con-inner\">\n\t\t\t\t<div class=\"elementor-element elementor-element-1c6e648 elementor-toc--content-ellipsis elementor-toc--minimized-on-desktop elementor-widget elementor-widget-table-of-contents\" data-id=\"1c6e648\" data-element_type=\"widget\" data-e-type=\"widget\" data-settings=\"{&quot;exclude_headings_by_selector&quot;:[],&quot;minimized_on&quot;:&quot;desktop&quot;,&quot;no_headings_message&quot;:&quot;Aucun titre n\\u2019a \\u00e9t\\u00e9 trouv\\u00e9 sur cette page.&quot;,&quot;headings_by_tags&quot;:[&quot;h2&quot;,&quot;h3&quot;,&quot;h4&quot;,&quot;h5&quot;,&quot;h6&quot;],&quot;marker_view&quot;:&quot;numbers&quot;,&quot;minimize_box&quot;:&quot;yes&quot;,&quot;hierarchical_view&quot;:&quot;yes&quot;,&quot;min_height&quot;:{&quot;unit&quot;:&quot;px&quot;,&quot;size&quot;:&quot;&quot;,&quot;sizes&quot;:[]},&quot;min_height_tablet&quot;:{&quot;unit&quot;:&quot;px&quot;,&quot;size&quot;:&quot;&quot;,&quot;sizes&quot;:[]},&quot;min_height_mobile&quot;:{&quot;unit&quot;:&quot;px&quot;,&quot;size&quot;:&quot;&quot;,&quot;sizes&quot;:[]}}\" data-widget_type=\"table-of-contents.default\">\n\t\t\t\t<div class=\"elementor-widget-container\">\n\t\t\t\t\t\t\t\t\t<div class=\"elementor-toc__header\">\n\t\t\t\t\t\t<h2 class=\"elementor-toc__header-title\">\n\t\t\t\tSommaire\t\t\t<\/h2>\n\t\t\t\t\t\t\t\t\t\t<div class=\"elementor-toc__toggle-button elementor-toc__toggle-button--expand\" role=\"button\" tabindex=\"0\" aria-controls=\"elementor-toc__1c6e648\" aria-expanded=\"true\" aria-label=\"Ouvrir la table des mati\u00e8res\"><svg aria-hidden=\"true\" class=\"e-font-icon-svg e-fas-chevron-down\" viewBox=\"0 0 448 512\" xmlns=\"http:\/\/www.w3.org\/2000\/svg\"><path d=\"M207.029 381.476L12.686 187.132c-9.373-9.373-9.373-24.569 0-33.941l22.667-22.667c9.357-9.357 24.522-9.375 33.901-.04L224 284.505l154.745-154.021c9.379-9.335 24.544-9.317 33.901.04l22.667 22.667c9.373 9.373 9.373 24.569 0 33.941L240.971 381.476c-9.373 9.372-24.569 9.372-33.942 0z\"><\/path><\/svg><\/div>\n\t\t\t\t<div class=\"elementor-toc__toggle-button elementor-toc__toggle-button--collapse\" role=\"button\" tabindex=\"0\" aria-controls=\"elementor-toc__1c6e648\" aria-expanded=\"true\" aria-label=\"Fermer la table des mati\u00e8res\"><svg aria-hidden=\"true\" class=\"e-font-icon-svg e-fas-chevron-up\" viewBox=\"0 0 448 512\" xmlns=\"http:\/\/www.w3.org\/2000\/svg\"><path d=\"M240.971 130.524l194.343 194.343c9.373 9.373 9.373 24.569 0 33.941l-22.667 22.667c-9.357 9.357-24.522 9.375-33.901.04L224 227.495 69.255 381.516c-9.379 9.335-24.544 9.317-33.901-.04l-22.667-22.667c-9.373-9.373-9.373-24.569 0-33.941L207.03 130.525c9.372-9.373 24.568-9.373 33.941-.001z\"><\/path><\/svg><\/div>\n\t\t\t\t\t<\/div>\n\t\t\t\t<div id=\"elementor-toc__1c6e648\" class=\"elementor-toc__body\">\n\t\t\t<div class=\"elementor-toc__spinner-container\">\n\t\t\t\t<svg class=\"elementor-toc__spinner eicon-animation-spin e-font-icon-svg e-eicon-loading\" aria-hidden=\"true\" viewBox=\"0 0 1000 1000\" xmlns=\"http:\/\/www.w3.org\/2000\/svg\"><path d=\"M500 975V858C696 858 858 696 858 500S696 142 500 142 142 304 142 500H25C25 237 238 25 500 25S975 237 975 500 763 975 500 975Z\"><\/path><\/svg>\t\t\t<\/div>\n\t\t<\/div>\n\t\t\t\t\t\t<\/div>\n\t\t\t\t<\/div>\n\t\t\t\t\t<\/div>\n\t\t\t\t<\/div>\n\t\t<div class=\"elementor-element elementor-element-203a388 e-flex e-con-boxed e-con e-parent\" data-id=\"203a388\" data-element_type=\"container\" data-e-type=\"container\" data-settings=\"{&quot;jet_parallax_layout_list&quot;:[]}\">\n\t\t\t\t\t<div class=\"e-con-inner\">\n\t\t\t\t<div class=\"elementor-element elementor-element-00d74cb elementor-widget elementor-widget-text-editor\" data-id=\"00d74cb\" data-element_type=\"widget\" data-e-type=\"widget\" data-widget_type=\"text-editor.default\">\n\t\t\t\t<div class=\"elementor-widget-container\">\n\t\t\t\t\t\t\t\t\t<h2>M\u00e9canismes du vieillissement du visage<\/h2>\t\t\t\t\t\t\t\t<\/div>\n\t\t\t\t<\/div>\n\t\t\t\t<div class=\"elementor-element elementor-element-3123e82 elementor-widget-divider--view-line elementor-widget elementor-widget-divider\" data-id=\"3123e82\" data-element_type=\"widget\" data-e-type=\"widget\" data-widget_type=\"divider.default\">\n\t\t\t\t<div class=\"elementor-widget-container\">\n\t\t\t\t\t\t\t<div class=\"elementor-divider\">\n\t\t\t<span class=\"elementor-divider-separator\">\n\t\t\t\t\t\t<\/span>\n\t\t<\/div>\n\t\t\t\t\t\t<\/div>\n\t\t\t\t<\/div>\n\t\t\t\t<div class=\"elementor-element elementor-element-6ac6bab elementor-widget elementor-widget-text-editor\" data-id=\"6ac6bab\" data-element_type=\"widget\" data-e-type=\"widget\" data-widget_type=\"text-editor.default\">\n\t\t\t\t<div class=\"elementor-widget-container\">\n\t\t\t\t\t\t\t\t\t<p>Avant de penser \u00e0 le ralentir, il est fondamental de comprendre comment le visage vieillit. Il s\u2019agit d\u2019un processus multifactoriel qui affecte successivement ou simultan\u00e9ment les diff\u00e9rentes structures anatomiques.<\/p><ul><li>Vieillissement cutan\u00e9\u00a0: la peau subit une alt\u00e9ration progressive de ses composants structurels: diminution de la synth\u00e8se de collag\u00e8ne et d\u2019\u00e9lastine, perte d\u2019acide hyaluronique, ralentissement du renouvellement cellulaire, perturbation de la fonction barri\u00e8re. Elle devient plus fine, plus s\u00e8che, moins \u00e9lastique, et donc plus sujette aux <a href=\"https:\/\/drromanovaleria.ch\/besoins\/rides\/\">rides<\/a>, au rel\u00e2chement et le teint devient terne.<\/li><li>Modifications des volumes sous-cutan\u00e9s\u00a0: le vieillissement s\u2019accompagne \u00e9galement d\u2019une fonte progressive des compartiments graisseux, d\u2019une r\u00e9sorption osseuse (surtout au niveau des pommettes et de la mandibule), et d\u2019un rel\u00e2chement musculaire. Ces ph\u00e9nom\u00e8nes contribuent \u00e0 l\u2019affaissement du visage, \u00e0 la perte de d\u00e9finition de l\u2019ovale et \u00e0 l\u2019apparition des sillons.<\/li><li>Vieillissement extrins\u00e8que\u00a0: les agressions ext\u00e9rieures (rayons UV, pollution, tabac, stress oxydatif, inflammation silencieuse) acc\u00e9l\u00e8rent consid\u00e9rablement le processus de d\u00e9gradation cutan\u00e9e. Elles entra\u00eenent une perte de densit\u00e9, de vitalit\u00e9 et de capacit\u00e9 r\u00e9g\u00e9n\u00e9rative.<\/li><\/ul>\t\t\t\t\t\t\t\t<\/div>\n\t\t\t\t<\/div>\n\t\t\t\t\t<\/div>\n\t\t\t\t<\/div>\n\t\t<div class=\"elementor-element elementor-element-78dd4b7 e-flex e-con-boxed e-con e-parent\" data-id=\"78dd4b7\" data-element_type=\"container\" data-e-type=\"container\" data-settings=\"{&quot;jet_parallax_layout_list&quot;:[]}\">\n\t\t\t\t\t<div class=\"e-con-inner\">\n\t\t\t\t<div class=\"elementor-element elementor-element-e9d4507 elementor-widget elementor-widget-text-editor\" data-id=\"e9d4507\" data-element_type=\"widget\" data-e-type=\"widget\" data-widget_type=\"text-editor.default\">\n\t\t\t\t<div class=\"elementor-widget-container\">\n\t\t\t\t\t\t\t\t\t<h2>Quels gestes ralentissent le vieillissement du visage ?<\/h2>\t\t\t\t\t\t\t\t<\/div>\n\t\t\t\t<\/div>\n\t\t\t\t<div class=\"elementor-element elementor-element-ac2d147 elementor-widget-divider--view-line elementor-widget elementor-widget-divider\" data-id=\"ac2d147\" data-element_type=\"widget\" data-e-type=\"widget\" data-widget_type=\"divider.default\">\n\t\t\t\t<div class=\"elementor-widget-container\">\n\t\t\t\t\t\t\t<div class=\"elementor-divider\">\n\t\t\t<span class=\"elementor-divider-separator\">\n\t\t\t\t\t\t<\/span>\n\t\t<\/div>\n\t\t\t\t\t\t<\/div>\n\t\t\t\t<\/div>\n\t\t\t\t<div class=\"elementor-element elementor-element-38187af elementor-widget elementor-widget-text-editor\" data-id=\"38187af\" data-element_type=\"widget\" data-e-type=\"widget\" data-widget_type=\"text-editor.default\">\n\t\t\t\t<div class=\"elementor-widget-container\">\n\t\t\t\t\t\t\t\t\t<p>La prise en charge du vieillissement du visage repose sur une combinaison de pr\u00e9vention active, de soins dermatologiques adapt\u00e9s et de gestes m\u00e9dicaux cibl\u00e9s.<\/p><h3>Prot\u00e9ger la peau des agressions ext\u00e9rieures\u00a0<\/h3><p>La photoprotection est le fondement principal de la pr\u00e9vention du vieillissement cutan\u00e9 : application quotidienne d\u2019un \u00e9cran solaire \u00e0 large spectre (UVA\/UVB) dont le renouvellement doit \u00eatre r\u00e9gulier en cas d\u2019exposition prolong\u00e9e et associ\u00e9e au port de lunettes et de chapeaux pour prot\u00e9ger les zones les plus sensibles.<br \/>La protection contre la pollution, en particulier dans les environnements urbains, est \u00e9galement indispensable. <br \/>Des soins antioxydants topiques (vitamine C, niacinamide, polyph\u00e9nols) permettent de neutraliser les radicaux libres responsables du stress oxydatif.<\/p><h3>Optimiser l\u2019hygi\u00e8ne de vie\u00a0<\/h3><p data-start=\"96\" data-end=\"302\">Un sommeil r\u00e9parateur favorise la r\u00e9g\u00e9n\u00e9ration nocturne de la peau.<br data-start=\"163\" data-end=\"166\" \/>Une alimentation riche en antioxydants, en acides gras essentiels et en micronutriments contribue \u00e0 renforcer ses d\u00e9fenses naturelles.<br \/>La gestion du stress chronique aide \u00e0 limiter les exc\u00e8s de cortisol, une hormone nocive pour le derme.<br data-start=\"406\" data-end=\"409\" \/>Enfin, le tabac demeure un facteur d\u2019acc\u00e9l\u00e9ration majeur du vieillissement cutan\u00e9 et doit \u00eatre \u00e9vit\u00e9 strictement.<\/p><h3>Adopter une routine de soins adapt\u00e9e\u00a0<\/h3><p>Un protocole dermocosm\u00e9tique intelligent doit inclure : un nettoyage doux sans alt\u00e9ration du film hydrolipidique ; une hydratation adapt\u00e9e au type de peau ; des actifs anti-\u00e2ge valid\u00e9s (r\u00e9tino\u00efdes, acide hyaluronique, peptides, antioxydants) ; un soin sp\u00e9cifique nocturne qui accompagne la chronobiologie cutan\u00e9e.<\/p>\t\t\t\t\t\t\t\t<\/div>\n\t\t\t\t<\/div>\n\t\t\t\t\t<\/div>\n\t\t\t\t<\/div>\n\t\t<div class=\"elementor-element elementor-element-ebc8abe e-flex e-con-boxed e-con e-parent\" data-id=\"ebc8abe\" data-element_type=\"container\" data-e-type=\"container\" data-settings=\"{&quot;jet_parallax_layout_list&quot;:[]}\">\n\t\t\t\t\t<div class=\"e-con-inner\">\n\t\t\t\t<div class=\"elementor-element elementor-element-7100e17 elementor-widget elementor-widget-text-editor\" data-id=\"7100e17\" data-element_type=\"widget\" data-e-type=\"widget\" data-widget_type=\"text-editor.default\">\n\t\t\t\t<div class=\"elementor-widget-container\">\n\t\t\t\t\t\t\t\t\t<h2>Traitements m\u00e9dicaux pour ralentir le vieillissement du visage<\/h2>\t\t\t\t\t\t\t\t<\/div>\n\t\t\t\t<\/div>\n\t\t\t\t<div class=\"elementor-element elementor-element-1a87130 elementor-widget-divider--view-line elementor-widget elementor-widget-divider\" data-id=\"1a87130\" data-element_type=\"widget\" data-e-type=\"widget\" data-widget_type=\"divider.default\">\n\t\t\t\t<div class=\"elementor-widget-container\">\n\t\t\t\t\t\t\t<div class=\"elementor-divider\">\n\t\t\t<span class=\"elementor-divider-separator\">\n\t\t\t\t\t\t<\/span>\n\t\t<\/div>\n\t\t\t\t\t\t<\/div>\n\t\t\t\t<\/div>\n\t\t\t\t<div class=\"elementor-element elementor-element-ed34e70 elementor-widget elementor-widget-text-editor\" data-id=\"ed34e70\" data-element_type=\"widget\" data-e-type=\"widget\" data-widget_type=\"text-editor.default\">\n\t\t\t\t<div class=\"elementor-widget-container\">\n\t\t\t\t\t\t\t\t\t<p>Aujourd\u2019hui il est possible d\u2019intervenir pr\u00e9cocement, sans figer ni transformer, mais en accompagnant le vieillissement avec pr\u00e9cision et mesure.<br \/>Les injections de <a href=\"https:\/\/drromanovaleria.ch\/solutions\/injections\/botox\/\">toxine botulique<\/a> att\u00e9nuent certaines rides d\u2019expression en r\u00e9duisant l\u2019hyperactivit\u00e9 musculaire. Utilis\u00e9es en pr\u00e9vention des rides statiques, d\u00e8s 30\u201335 ans (<a href=\"https:\/\/drromanovaleria.ch\/solutions\/injections\/baby-botox\/\">Baby toxine botulique<\/a>), elles permettent de retarder la stabilisation des rides dynamiques du front, de la glabelle ou des pattes-d\u2019oie.<br \/>L\u2019<a href=\"https:\/\/drromanovaleria.ch\/solutions\/injections\/acide-hayluronique\/\">acide hyaluronique<\/a>, inject\u00e9 en profondeur ou en surface selon la densit\u00e9 du produit, permet de restaurer les volumes perdus, combler les rides structurelles, densifier l\u2019ovale du visage et r\u00e9aliser des techniques de lifting m\u00e9dical.<br \/>L\u2019acide hyaluronique permet un rajeunissement naturel et discret si utilis\u00e9 dans le respect de l\u2019anatomie et de la mobilit\u00e9 du visage .<br \/>Les <a href=\"https:\/\/drromanovaleria.ch\/solutions\/injections\/skinbooster\/\">Skinboosters<\/a>, acide hyaluronique faiblement r\u00e9ticul\u00e9, am\u00e9liorent l\u2019hydratation cutan\u00e9e profonde, la qualit\u00e9 et l\u2019\u00e9clat de la peau. Elles sont particuli\u00e8rement efficaces en pr\u00e9vention, notamment sur les peaux fines, d\u00e9shydrat\u00e9es ou expos\u00e9es au soleil.<br \/>Les <a href=\"https:\/\/drromanovaleria.ch\/solutions\/peeling\/peeling-moyen\/\">peelings moyens<\/a> et le <a href=\"https:\/\/drromanovaleria.ch\/solutions\/peeling\/peeling-prx-t33\/\">peeling PRX-T33<\/a> permettent une exfoliation contr\u00f4l\u00e9e, qui stimule le renouvellement cellulaire et corrige les irr\u00e9gularit\u00e9s pigmentaires et de densit\u00e9..<br \/>Le laser fractionn\u00e9, ablatif ou non, agit sur les couches profondes du derme, en stimulant la production de collag\u00e8ne et en raffermissant la peau.<\/p>\t\t\t\t\t\t\t\t<\/div>\n\t\t\t\t<\/div>\n\t\t\t\t\t<\/div>\n\t\t\t\t<\/div>\n\t\t<div class=\"elementor-element elementor-element-869d6fb e-flex e-con-boxed e-con e-parent\" data-id=\"869d6fb\" data-element_type=\"container\" data-e-type=\"container\" data-settings=\"{&quot;jet_parallax_layout_list&quot;:[]}\">\n\t\t\t\t\t<div class=\"e-con-inner\">\n\t\t\t\t<div class=\"elementor-element elementor-element-0712966 elementor-widget elementor-widget-text-editor\" data-id=\"0712966\" data-element_type=\"widget\" data-e-type=\"widget\" data-widget_type=\"text-editor.default\">\n\t\t\t\t<div class=\"elementor-widget-container\">\n\t\t\t\t\t\t\t\t\t<h2>\u00c0 quel \u00e2ge faut-il commencer \u00e0 ralentir le vieillissement du visage ?<\/h2>\t\t\t\t\t\t\t\t<\/div>\n\t\t\t\t<\/div>\n\t\t\t\t<div class=\"elementor-element elementor-element-7cffebf elementor-widget-divider--view-line elementor-widget elementor-widget-divider\" data-id=\"7cffebf\" data-element_type=\"widget\" data-e-type=\"widget\" data-widget_type=\"divider.default\">\n\t\t\t\t<div class=\"elementor-widget-container\">\n\t\t\t\t\t\t\t<div class=\"elementor-divider\">\n\t\t\t<span class=\"elementor-divider-separator\">\n\t\t\t\t\t\t<\/span>\n\t\t<\/div>\n\t\t\t\t\t\t<\/div>\n\t\t\t\t<\/div>\n\t\t\t\t<div class=\"elementor-element elementor-element-9e264dc elementor-widget elementor-widget-text-editor\" data-id=\"9e264dc\" data-element_type=\"widget\" data-e-type=\"widget\" data-widget_type=\"text-editor.default\">\n\t\t\t\t<div class=\"elementor-widget-container\">\n\t\t\t\t\t\t\t\t\t<p>Il n\u2019existe pas d\u2019\u00e2ge standard \u00e0 partir duquel il faudrait \u00ab commencer \u00bb \u00e0 ralentir le vieillissement du visage. En r\u00e9alit\u00e9, cette d\u00e9marche devrait s\u2019amorcer d\u00e8s l\u2019apparition des premiers signes visibles, qui varient selon les patients. Chez certains patients, ces manifestations surviennent autour de 30 ans (perte d\u2019\u00e9clat, ridules d\u2019expression, teint irr\u00e9gulier) ; chez d\u2019autres, elles ne se manifestent que bien plus tard.<br \/>Sur le plan biologique, la production de collag\u00e8ne et d\u2019\u00e9lastine commence \u00e0 ralentir d\u00e8s la fin de la vingtaine, et l\u2019acide hyaluronique endog\u00e8ne diminue progressivement. Ce ph\u00e9nom\u00e8ne, bien que souvent imperceptible en surface, affaiblit progressivement les structures profondes de la peau, compromettant la stabilit\u00e9 et la r\u00e9sistance du tissu cutan\u00e9. Il est donc pertinent d\u2019intervenir pr\u00e9ventivement entre 30 et 40 ans, en instaurant une strat\u00e9gie douce et progressive : photoprotection rigoureuse, soins dermocosm\u00e9tiques cibl\u00e9s, \u00e9ventuellement injections de toxine botulique ou de Skinboosters.<br \/>L\u2019objectif n\u2019est pas de \u00ab traiter \u00bb un vieillissement inexistant, mais d\u2019anticiper son \u00e9volution, pour pr\u00e9server l\u2019\u00e9lasticit\u00e9, la densit\u00e9 et l\u2019harmonie du visage dans le temps. Une approche m\u00e9dicale pr\u00e9coce, mesur\u00e9e et bien conduite, permet souvent de retarder significativement l\u2019apparition des signes du vieillissement, notamment des rides, tout en maintenant l\u2019authenticit\u00e9 du visage.<\/p>\t\t\t\t\t\t\t\t<\/div>\n\t\t\t\t<\/div>\n\t\t\t\t\t<\/div>\n\t\t\t\t<\/div>\n\t\t<div class=\"elementor-element elementor-element-959726c e-flex e-con-boxed e-con e-parent\" data-id=\"959726c\" data-element_type=\"container\" data-e-type=\"container\" data-settings=\"{&quot;jet_parallax_layout_list&quot;:[]}\">\n\t\t\t\t\t<div class=\"e-con-inner\">\n\t\t\t\t<div class=\"elementor-element elementor-element-5ef2cf4 elementor-widget elementor-widget-text-editor\" data-id=\"5ef2cf4\" data-element_type=\"widget\" data-e-type=\"widget\" data-widget_type=\"text-editor.default\">\n\t\t\t\t<div class=\"elementor-widget-container\">\n\t\t\t\t\t\t\t\t\t<h2>Conclusion : ralentir le vieillissement du visage<\/h2>\t\t\t\t\t\t\t\t<\/div>\n\t\t\t\t<\/div>\n\t\t\t\t<div class=\"elementor-element elementor-element-01741b9 elementor-widget-divider--view-line elementor-widget elementor-widget-divider\" data-id=\"01741b9\" data-element_type=\"widget\" data-e-type=\"widget\" data-widget_type=\"divider.default\">\n\t\t\t\t<div class=\"elementor-widget-container\">\n\t\t\t\t\t\t\t<div class=\"elementor-divider\">\n\t\t\t<span class=\"elementor-divider-separator\">\n\t\t\t\t\t\t<\/span>\n\t\t<\/div>\n\t\t\t\t\t\t<\/div>\n\t\t\t\t<\/div>\n\t\t\t\t<div class=\"elementor-element elementor-element-b220e3d elementor-widget elementor-widget-text-editor\" data-id=\"b220e3d\" data-element_type=\"widget\" data-e-type=\"widget\" data-widget_type=\"text-editor.default\">\n\t\t\t\t<div class=\"elementor-widget-container\">\n\t\t\t\t\t\t\t\t\t<p>Le vieillissement du visage ne se combat pas : il se comprend, il s\u2019accompagne, il se r\u00e9gule. En associant une hygi\u00e8ne de vie rigoureuse, des soins dermocosm\u00e9tiques intelligents et des gestes m\u00e9dicaux mesur\u00e9s, il est possible de ralentir significativement l\u2019apparition des signes du temps, tout en respectant l\u2019identit\u00e9 du visage.<br \/>\u00c0 Gen\u00e8ve, les patients recherchent des r\u00e9sultats subtils et durables. C\u2019est pourquoi une approche globale, pr\u00e9ventive et personnalis\u00e9e constitue la base d\u2019une m\u00e9decine \u00e0 vis\u00e9e esth\u00e9tique de pr\u00e9cision. L\u2019objectif n\u2019est pas de \u00ab rester jeune \u00bb, mais de vieillir harmonieusement, en respectant l\u2019expression et les \u00e9quilibres naturels du visage.<\/p>\t\t\t\t\t\t\t\t<\/div>\n\t\t\t\t<\/div>\n\t\t\t\t\t<\/div>\n\t\t\t\t<\/div>\n\t\t<div class=\"elementor-element elementor-element-7bb528d e-flex e-con-boxed e-con e-parent\" data-id=\"7bb528d\" data-element_type=\"container\" data-e-type=\"container\" data-settings=\"{&quot;jet_parallax_layout_list&quot;:[]}\">\n\t\t\t\t\t<div class=\"e-con-inner\">\n\t\t<div class=\"elementor-element elementor-element-ccaf233 e-con-full e-flex e-con e-child\" data-id=\"ccaf233\" data-element_type=\"container\" data-e-type=\"container\" data-settings=\"{&quot;jet_parallax_layout_list&quot;:[]}\">\n\t\t<div class=\"elementor-element elementor-element-f8dfd89 e-con-full e-flex e-con e-child\" data-id=\"f8dfd89\" data-element_type=\"container\" data-e-type=\"container\" data-settings=\"{&quot;jet_parallax_layout_list&quot;:[]}\">\n\t\t<div class=\"elementor-element elementor-element-53f79ec e-con-full e-flex e-con e-child\" data-id=\"53f79ec\" data-element_type=\"container\" data-e-type=\"container\" data-settings=\"{&quot;jet_parallax_layout_list&quot;:[]}\">\n\t\t<div class=\"elementor-element elementor-element-74e2e3b e-con-full e-flex e-con e-child\" data-id=\"74e2e3b\" data-element_type=\"container\" data-e-type=\"container\" data-settings=\"{&quot;jet_parallax_layout_list&quot;:[]}\">\n\t\t\t\t<div class=\"elementor-element elementor-element-ba08b8d elementor-widget elementor-widget-image\" data-id=\"ba08b8d\" data-element_type=\"widget\" data-e-type=\"widget\" data-widget_type=\"image.default\">\n\t\t\t\t<div class=\"elementor-widget-container\">\n\t\t\t\t\t\t\t\t\t\t\t\t\t\t\t<img decoding=\"async\" width=\"150\" height=\"150\" src=\"https:\/\/drromanovaleria.ch\/wp-content\/uploads\/2024\/07\/photo-docteur-romano-valeria-150x150.webp\" class=\"attachment-thumbnail size-thumbnail wp-image-13266\" alt=\"Photo docteur Valeria Romano \u00e0 Gen\u00e8ve\" \/>\t\t\t\t\t\t\t\t\t\t\t\t\t\t\t<\/div>\n\t\t\t\t<\/div>\n\t\t\t\t<div class=\"elementor-element elementor-element-d62dbd7 elementor-widget elementor-widget-text-editor\" data-id=\"d62dbd7\" data-element_type=\"widget\" data-e-type=\"widget\" data-widget_type=\"text-editor.default\">\n\t\t\t\t<div class=\"elementor-widget-container\">\n\t\t\t\t\t\t\t\t\t<p>Article r\u00e9dig\u00e9 par le <a href=\"https:\/\/drromanovaleria.ch\/\">Dr Romano Valeria<\/a><\/p>\t\t\t\t\t\t\t\t<\/div>\n\t\t\t\t<\/div>\n\t\t\t\t<\/div>\n\t\t<div class=\"elementor-element elementor-element-6380061 e-con-full e-flex e-con e-child\" data-id=\"6380061\" data-element_type=\"container\" data-e-type=\"container\" data-settings=\"{&quot;jet_parallax_layout_list&quot;:[]}\">\n\t\t\t\t<div class=\"elementor-element elementor-element-ab759c3 elementor-widget elementor-widget-text-editor\" data-id=\"ab759c3\" data-element_type=\"widget\" data-e-type=\"widget\" data-widget_type=\"text-editor.default\">\n\t\t\t\t<div class=\"elementor-widget-container\">\n\t\t\t\t\t\t\t\t\t<p>PARTAGER CET ARTICLE SUR<\/p>\t\t\t\t\t\t\t\t<\/div>\n\t\t\t\t<\/div>\n\t\t\t\t<div class=\"elementor-element elementor-element-68a1194 elementor-share-buttons--view-icon-text elementor-share-buttons--skin-gradient elementor-share-buttons--shape-square elementor-grid-0 elementor-share-buttons--color-official elementor-widget elementor-widget-share-buttons\" data-id=\"68a1194\" data-element_type=\"widget\" data-e-type=\"widget\" data-widget_type=\"share-buttons.default\">\n\t\t\t\t<div class=\"elementor-widget-container\">\n\t\t\t\t\t\t\t<div class=\"elementor-grid\">\n\t\t\t\t\t\t\t\t<div class=\"elementor-grid-item\">\n\t\t\t\t\t\t<div class=\"elementor-share-btn elementor-share-btn_linkedin\" role=\"button\" tabindex=\"0\" aria-label=\"Partager sur linkedin\">\n\t\t\t\t\t\t\t\t\t\t\t\t\t\t\t<span class=\"elementor-share-btn__icon\">\n\t\t\t\t\t\t\t\t<svg aria-hidden=\"true\" class=\"e-font-icon-svg e-fab-linkedin\" viewBox=\"0 0 448 512\" xmlns=\"http:\/\/www.w3.org\/2000\/svg\"><path d=\"M416 32H31.9C14.3 32 0 46.5 0 64.3v383.4C0 465.5 14.3 480 31.9 480H416c17.6 0 32-14.5 32-32.3V64.3c0-17.8-14.4-32.3-32-32.3zM135.4 416H69V202.2h66.5V416zm-33.2-243c-21.3 0-38.5-17.3-38.5-38.5S80.9 96 102.2 96c21.2 0 38.5 17.3 38.5 38.5 0 21.3-17.2 38.5-38.5 38.5zm282.1 243h-66.4V312c0-24.8-.5-56.7-34.5-56.7-34.6 0-39.9 27-39.9 54.9V416h-66.4V202.2h63.7v29.2h.9c8.9-16.8 30.6-34.5 62.9-34.5 67.2 0 79.7 44.3 79.7 101.9V416z\"><\/path><\/svg>\t\t\t\t\t\t\t<\/span>\n\t\t\t\t\t\t\t\t\t\t\t\t\t\t\t\t\t\t\t\t\t\t<div class=\"elementor-share-btn__text\">\n\t\t\t\t\t\t\t\t\t\t\t\t\t\t\t\t\t\t\t<span class=\"elementor-share-btn__title\">\n\t\t\t\t\t\t\t\t\t\tLinkedIn\t\t\t\t\t\t\t\t\t<\/span>\n\t\t\t\t\t\t\t\t\t\t\t\t\t\t\t\t\t<\/div>\n\t\t\t\t\t\t\t\t\t\t\t\t\t<\/div>\n\t\t\t\t\t<\/div>\n\t\t\t\t\t\t<\/div>\n\t\t\t\t\t\t<\/div>\n\t\t\t\t<\/div>\n\t\t\t\t<\/div>\n\t\t\t\t<\/div>\n\t\t\t\t<div class=\"elementor-element elementor-element-ef90be5 elementor-align-start elementor-mobile-align-start elementor-icon-list--layout-traditional elementor-list-item-link-full_width elementor-widget elementor-widget-icon-list\" data-id=\"ef90be5\" data-element_type=\"widget\" data-e-type=\"widget\" data-widget_type=\"icon-list.default\">\n\t\t\t\t<div class=\"elementor-widget-container\">\n\t\t\t\t\t\t\t<ul class=\"elementor-icon-list-items\">\n\t\t\t\t\t\t\t<li class=\"elementor-icon-list-item\">\n\t\t\t\t\t\t\t\t\t\t\t<a href=\"mailto:dr.romano.valeria@gmail.com\">\n\n\t\t\t\t\t\t\t\t\t\t\t\t<span class=\"elementor-icon-list-icon\">\n\t\t\t\t\t\t\t<svg aria-hidden=\"true\" class=\"e-font-icon-svg e-fas-envelope\" viewBox=\"0 0 512 512\" xmlns=\"http:\/\/www.w3.org\/2000\/svg\"><path d=\"M502.3 190.8c3.9-3.1 9.7-.2 9.7 4.7V400c0 26.5-21.5 48-48 48H48c-26.5 0-48-21.5-48-48V195.6c0-5 5.7-7.8 9.7-4.7 22.4 17.4 52.1 39.5 154.1 113.6 21.1 15.4 56.7 47.8 92.2 47.6 35.7.3 72-32.8 92.3-47.6 102-74.1 131.6-96.3 154-113.7zM256 320c23.2.4 56.6-29.2 73.4-41.4 132.7-96.3 142.8-104.7 173.4-128.7 5.8-4.5 9.2-11.5 9.2-18.9v-19c0-26.5-21.5-48-48-48H48C21.5 64 0 85.5 0 112v19c0 7.4 3.4 14.3 9.2 18.9 30.6 23.9 40.7 32.4 173.4 128.7 16.8 12.2 50.2 41.8 73.4 41.4z\"><\/path><\/svg>\t\t\t\t\t\t<\/span>\n\t\t\t\t\t\t\t\t\t\t<span class=\"elementor-icon-list-text\">dr.romano.valeria@gmail.com<\/span>\n\t\t\t\t\t\t\t\t\t\t\t<\/a>\n\t\t\t\t\t\t\t\t\t<\/li>\n\t\t\t\t\t\t\t\t<li class=\"elementor-icon-list-item\">\n\t\t\t\t\t\t\t\t\t\t\t<a href=\"tel:+41%2078%20209%2002%2089\">\n\n\t\t\t\t\t\t\t\t\t\t\t\t<span class=\"elementor-icon-list-icon\">\n\t\t\t\t\t\t\t<svg aria-hidden=\"true\" class=\"e-font-icon-svg e-fas-phone-alt\" viewBox=\"0 0 512 512\" xmlns=\"http:\/\/www.w3.org\/2000\/svg\"><path d=\"M497.39 361.8l-112-48a24 24 0 0 0-28 6.9l-49.6 60.6A370.66 370.66 0 0 1 130.6 204.11l60.6-49.6a23.94 23.94 0 0 0 6.9-28l-48-112A24.16 24.16 0 0 0 122.6.61l-104 24A24 24 0 0 0 0 48c0 256.5 207.9 464 464 464a24 24 0 0 0 23.4-18.6l24-104a24.29 24.29 0 0 0-14.01-27.6z\"><\/path><\/svg>\t\t\t\t\t\t<\/span>\n\t\t\t\t\t\t\t\t\t\t<span class=\"elementor-icon-list-text\">+41 78 209 02 89<\/span>\n\t\t\t\t\t\t\t\t\t\t\t<\/a>\n\t\t\t\t\t\t\t\t\t<\/li>\n\t\t\t\t\t\t<\/ul>\n\t\t\t\t\t\t<\/div>\n\t\t\t\t<\/div>\n\t\t\t\t<\/div>\n\t\t\t\t<\/div>\n\t\t\t\t\t<\/div>\n\t\t\t\t<\/div>\n\t\t\t\t<\/div>\n\t\t","protected":false},"featured_media":0,"template":"elementor_header_footer","class_list":["post-25995","infographie","type-infographie","status-publish","hentry"],"yoast_head":"<!-- This site is optimized with the Yoast SEO plugin v27.5 - https:\/\/yoast.com\/product\/yoast-seo-wordpress\/ -->\n<title>Comment ralentir le vieillissement du visage ? - Dr Romano<\/title>\n<meta name=\"description\" content=\"Mesures pr\u00e9ventives pour ralentir le vieillissement du visage : soins adapt\u00e9s, hygi\u00e8ne de vie, protection solaire, nutrition et options esth\u00e9tiques non invasives.\" \/>\n<meta name=\"robots\" content=\"index, follow, max-snippet:-1, max-image-preview:large, max-video-preview:-1\" \/>\n<link rel=\"canonical\" href=\"https:\/\/drromanovaleria.ch\/en\/infographic\/slowing-down-facial-aging\/\" \/>\n<meta property=\"og:locale\" content=\"en_GB\" \/>\n<meta property=\"og:type\" content=\"article\" \/>\n<meta property=\"og:title\" content=\"Comment ralentir le vieillissement du visage ? - Dr Romano\" \/>\n<meta property=\"og:description\" content=\"Mesures pr\u00e9ventives pour ralentir le vieillissement du visage : soins adapt\u00e9s, hygi\u00e8ne de vie, protection solaire, nutrition et options esth\u00e9tiques non invasives.\" \/>\n<meta property=\"og:url\" content=\"https:\/\/drromanovaleria.ch\/en\/infographic\/slowing-down-facial-aging\/\" \/>\n<meta property=\"og:site_name\" content=\"Dr Romano\" \/>\n<meta property=\"article:modified_time\" content=\"2025-11-06T11:28:32+00:00\" \/>\n<meta property=\"og:image\" content=\"https:\/\/drromanovaleria.ch\/wp-content\/uploads\/2024\/05\/hydratation-peau.webp\" \/>\n\t<meta property=\"og:image:width\" content=\"300\" \/>\n\t<meta property=\"og:image:height\" content=\"220\" \/>\n\t<meta property=\"og:image:type\" content=\"image\/webp\" \/>\n<meta name=\"twitter:card\" content=\"summary_large_image\" \/>\n<meta name=\"twitter:label1\" content=\"Estimated reading time\" \/>\n\t<meta name=\"twitter:data1\" content=\"6 minutes\" \/>\n<script type=\"application\/ld+json\" class=\"yoast-schema-graph\">{\"@context\":\"https:\\\/\\\/schema.org\",\"@graph\":[{\"@type\":\"WebPage\",\"@id\":\"https:\\\/\\\/drromanovaleria.ch\\\/infographie\\\/ralentissement-vieillissement-visage\\\/\",\"url\":\"https:\\\/\\\/drromanovaleria.ch\\\/infographie\\\/ralentissement-vieillissement-visage\\\/\",\"name\":\"Comment ralentir le vieillissement du visage ? - Dr Romano\",\"isPartOf\":{\"@id\":\"https:\\\/\\\/drromanovaleria.ch\\\/#website\"},\"primaryImageOfPage\":{\"@id\":\"https:\\\/\\\/drromanovaleria.ch\\\/infographie\\\/ralentissement-vieillissement-visage\\\/#primaryimage\"},\"image\":{\"@id\":\"https:\\\/\\\/drromanovaleria.ch\\\/infographie\\\/ralentissement-vieillissement-visage\\\/#primaryimage\"},\"thumbnailUrl\":\"https:\\\/\\\/drromanovaleria.ch\\\/wp-content\\\/uploads\\\/2024\\\/05\\\/hydratation-peau.webp\",\"datePublished\":\"2025-05-08T11:13:07+00:00\",\"dateModified\":\"2025-11-06T11:28:32+00:00\",\"description\":\"Mesures pr\u00e9ventives pour ralentir le vieillissement du visage : soins adapt\u00e9s, hygi\u00e8ne de vie, protection solaire, nutrition et options esth\u00e9tiques non invasives.\",\"breadcrumb\":{\"@id\":\"https:\\\/\\\/drromanovaleria.ch\\\/infographie\\\/ralentissement-vieillissement-visage\\\/#breadcrumb\"},\"inLanguage\":\"en-GB\",\"potentialAction\":[{\"@type\":\"ReadAction\",\"target\":[\"https:\\\/\\\/drromanovaleria.ch\\\/infographie\\\/ralentissement-vieillissement-visage\\\/\"]}]},{\"@type\":\"ImageObject\",\"inLanguage\":\"en-GB\",\"@id\":\"https:\\\/\\\/drromanovaleria.ch\\\/infographie\\\/ralentissement-vieillissement-visage\\\/#primaryimage\",\"url\":\"https:\\\/\\\/drromanovaleria.ch\\\/wp-content\\\/uploads\\\/2024\\\/05\\\/hydratation-peau.webp\",\"contentUrl\":\"https:\\\/\\\/drromanovaleria.ch\\\/wp-content\\\/uploads\\\/2024\\\/05\\\/hydratation-peau.webp\"},{\"@type\":\"BreadcrumbList\",\"@id\":\"https:\\\/\\\/drromanovaleria.ch\\\/infographie\\\/ralentissement-vieillissement-visage\\\/#breadcrumb\",\"itemListElement\":[{\"@type\":\"ListItem\",\"position\":1,\"name\":\"Accueil\",\"item\":\"https:\\\/\\\/drromanovaleria.ch\\\/\"},{\"@type\":\"ListItem\",\"position\":2,\"name\":\"Infographie\",\"item\":\"https:\\\/\\\/drromanovaleria.ch\\\/infographie\\\/\"},{\"@type\":\"ListItem\",\"position\":3,\"name\":\"Comment ralentir le vieillissement du visage ?\"}]},{\"@type\":\"WebSite\",\"@id\":\"https:\\\/\\\/drromanovaleria.ch\\\/#website\",\"url\":\"https:\\\/\\\/drromanovaleria.ch\\\/\",\"name\":\"Dr Romano\",\"description\":\"M\u00e9decine morphologique et anti-\u00e2ge\",\"potentialAction\":[{\"@type\":\"SearchAction\",\"target\":{\"@type\":\"EntryPoint\",\"urlTemplate\":\"https:\\\/\\\/drromanovaleria.ch\\\/?s={search_term_string}\"},\"query-input\":{\"@type\":\"PropertyValueSpecification\",\"valueRequired\":true,\"valueName\":\"search_term_string\"}}],\"inLanguage\":\"en-GB\"}]}<\/script>\n<!-- \/ Yoast SEO plugin. -->","yoast_head_json":{"title":"How to slow down facial aging ? - Dr Romano","description":"Preventive measures to slow down facial aging : appropriate skincare, healthy lifestyle, sun protection, nutrition and non-invasive aesthetic options.","robots":{"index":"index","follow":"follow","max-snippet":"max-snippet:-1","max-image-preview":"max-image-preview:large","max-video-preview":"max-video-preview:-1"},"canonical":"https:\/\/drromanovaleria.ch\/en\/infographic\/slowing-down-facial-aging\/","og_locale":"en_GB","og_type":"article","og_title":"Comment ralentir le vieillissement du visage ? - Dr Romano","og_description":"Mesures pr\u00e9ventives pour ralentir le vieillissement du visage : soins adapt\u00e9s, hygi\u00e8ne de vie, protection solaire, nutrition et options esth\u00e9tiques non invasives.","og_url":"https:\/\/drromanovaleria.ch\/en\/infographic\/slowing-down-facial-aging\/","og_site_name":"Dr Romano","article_modified_time":"2025-11-06T11:28:32+00:00","og_image":[{"width":300,"height":220,"url":"https:\/\/drromanovaleria.ch\/wp-content\/uploads\/2024\/05\/hydratation-peau.webp","type":"image\/webp"}],"twitter_card":"summary_large_image","twitter_misc":{"Estimated reading time":"6 minutes"},"schema":{"@context":"https:\/\/schema.org","@graph":[{"@type":"WebPage","@id":"https:\/\/drromanovaleria.ch\/infographie\/ralentissement-vieillissement-visage\/","url":"https:\/\/drromanovaleria.ch\/infographie\/ralentissement-vieillissement-visage\/","name":"How to slow down facial aging ? - Dr Romano","isPartOf":{"@id":"https:\/\/drromanovaleria.ch\/#website"},"primaryImageOfPage":{"@id":"https:\/\/drromanovaleria.ch\/infographie\/ralentissement-vieillissement-visage\/#primaryimage"},"image":{"@id":"https:\/\/drromanovaleria.ch\/infographie\/ralentissement-vieillissement-visage\/#primaryimage"},"thumbnailUrl":"https:\/\/drromanovaleria.ch\/wp-content\/uploads\/2024\/05\/hydratation-peau.webp","datePublished":"2025-05-08T11:13:07+00:00","dateModified":"2025-11-06T11:28:32+00:00","description":"Preventive measures to slow down facial aging : appropriate skincare, healthy lifestyle, sun protection, nutrition and non-invasive aesthetic options.","breadcrumb":{"@id":"https:\/\/drromanovaleria.ch\/infographie\/ralentissement-vieillissement-visage\/#breadcrumb"},"inLanguage":"en-GB","potentialAction":[{"@type":"ReadAction","target":["https:\/\/drromanovaleria.ch\/infographie\/ralentissement-vieillissement-visage\/"]}]},{"@type":"ImageObject","inLanguage":"en-GB","@id":"https:\/\/drromanovaleria.ch\/infographie\/ralentissement-vieillissement-visage\/#primaryimage","url":"https:\/\/drromanovaleria.ch\/wp-content\/uploads\/2024\/05\/hydratation-peau.webp","contentUrl":"https:\/\/drromanovaleria.ch\/wp-content\/uploads\/2024\/05\/hydratation-peau.webp"},{"@type":"BreadcrumbList","@id":"https:\/\/drromanovaleria.ch\/infographie\/ralentissement-vieillissement-visage\/#breadcrumb","itemListElement":[{"@type":"ListItem","position":1,"name":"Accueil","item":"https:\/\/drromanovaleria.ch\/"},{"@type":"ListItem","position":2,"name":"Infographie","item":"https:\/\/drromanovaleria.ch\/infographie\/"},{"@type":"ListItem","position":3,"name":"Comment ralentir le vieillissement du visage ?"}]},{"@type":"WebSite","@id":"https:\/\/drromanovaleria.ch\/#website","url":"https:\/\/drromanovaleria.ch\/","name":"Dr Romano","description":"Morphological and anti-ageing medicine","potentialAction":[{"@type":"SearchAction","target":{"@type":"EntryPoint","urlTemplate":"https:\/\/drromanovaleria.ch\/?s={search_term_string}"},"query-input":{"@type":"PropertyValueSpecification","valueRequired":true,"valueName":"search_term_string"}}],"inLanguage":"en-GB"}]}},"_links":{"self":[{"href":"https:\/\/drromanovaleria.ch\/en\/wp-json\/wp\/v2\/infographie\/25995","targetHints":{"allow":["GET"]}}],"collection":[{"href":"https:\/\/drromanovaleria.ch\/en\/wp-json\/wp\/v2\/infographie"}],"about":[{"href":"https:\/\/drromanovaleria.ch\/en\/wp-json\/wp\/v2\/types\/infographie"}],"version-history":[{"count":5,"href":"https:\/\/drromanovaleria.ch\/en\/wp-json\/wp\/v2\/infographie\/25995\/revisions"}],"predecessor-version":[{"id":43219,"href":"https:\/\/drromanovaleria.ch\/en\/wp-json\/wp\/v2\/infographie\/25995\/revisions\/43219"}],"wp:attachment":[{"href":"https:\/\/drromanovaleria.ch\/en\/wp-json\/wp\/v2\/media?parent=25995"}],"curies":[{"name":"wp","href":"https:\/\/api.w.org\/{rel}","templated":true}]}}