{"id":25989,"date":"2025-05-08T13:10:46","date_gmt":"2025-05-08T11:10:46","guid":{"rendered":"https:\/\/drromanovaleria.ch\/?post_type=infographie&#038;p=25989"},"modified":"2025-11-06T12:45:28","modified_gmt":"2025-11-06T11:45:28","slug":"facial-expressions-wrinkle-formation","status":"publish","type":"infographie","link":"https:\/\/drromanovaleria.ch\/en\/infographie\/expressions-faciales-apparition-rides\/","title":{"rendered":"Les expressions faciales contribuent-elles \u00e0 la formation des rides ?"},"content":{"rendered":"\t\t<div data-elementor-type=\"wp-post\" data-elementor-id=\"25989\" class=\"elementor elementor-25989\" data-elementor-post-type=\"infographie\">\n\t\t\t\t<div class=\"elementor-element elementor-element-93333a4 e-flex e-con-boxed e-con e-parent\" data-id=\"93333a4\" data-element_type=\"container\" data-e-type=\"container\" data-settings=\"{&quot;background_background&quot;:&quot;classic&quot;,&quot;jet_parallax_layout_list&quot;:[]}\">\n\t\t\t\t\t<div class=\"e-con-inner\">\n\t\t<div class=\"elementor-element elementor-element-69a533b e-con-full e-flex e-con e-child\" data-id=\"69a533b\" data-element_type=\"container\" data-e-type=\"container\" data-settings=\"{&quot;background_background&quot;:&quot;classic&quot;,&quot;jet_parallax_layout_list&quot;:[]}\">\n\t\t\t\t<div class=\"elementor-element elementor-element-a6be36b elementor-widget__width-initial elementor-widget elementor-widget-heading\" data-id=\"a6be36b\" data-element_type=\"widget\" data-e-type=\"widget\" data-widget_type=\"heading.default\">\n\t\t\t\t<div class=\"elementor-widget-container\">\n\t\t\t\t\t<h1 class=\"elementor-heading-title elementor-size-default\">LES EXPRESSIONS DU VISAGE CONTRIBUENT-ELLES \u00c0 LA FORMATION DES RIDES ?<\/h1>\t\t\t\t<\/div>\n\t\t\t\t<\/div>\n\t\t\t\t<div class=\"elementor-element elementor-element-c8a3820 elementor-align-center elementor-widget elementor-widget-breadcrumbs\" data-id=\"c8a3820\" data-element_type=\"widget\" data-e-type=\"widget\" data-widget_type=\"breadcrumbs.default\">\n\t\t\t\t<div class=\"elementor-widget-container\">\n\t\t\t\t\t<p id=\"breadcrumbs\"><span><span><a href=\"https:\/\/drromanovaleria.ch\/\">Accueil<\/a><\/span><\/span><\/p>\t\t\t\t<\/div>\n\t\t\t\t<\/div>\n\t\t\t\t<\/div>\n\t\t\t\t\t<\/div>\n\t\t\t\t<\/div>\n\t\t<div class=\"elementor-element elementor-element-d4e73f6 e-flex e-con-boxed e-con e-parent\" data-id=\"d4e73f6\" data-element_type=\"container\" data-e-type=\"container\" data-settings=\"{&quot;jet_parallax_layout_list&quot;:[]}\">\n\t\t\t\t\t<div class=\"e-con-inner\">\n\t\t<div class=\"elementor-element elementor-element-cae7956 e-flex e-con-boxed e-con e-child\" data-id=\"cae7956\" data-element_type=\"container\" data-e-type=\"container\" data-settings=\"{&quot;jet_parallax_layout_list&quot;:[]}\">\n\t\t\t\t\t<div class=\"e-con-inner\">\n\t\t<div class=\"elementor-element elementor-element-b5a1435 e-con-full e-flex e-con e-child\" data-id=\"b5a1435\" data-element_type=\"container\" data-e-type=\"container\" data-settings=\"{&quot;background_background&quot;:&quot;classic&quot;,&quot;jet_parallax_layout_list&quot;:[]}\">\n\t\t\t\t<div class=\"elementor-element elementor-element-ecc5ed2 elementor-widget elementor-widget-text-editor\" data-id=\"ecc5ed2\" data-element_type=\"widget\" data-e-type=\"widget\" data-widget_type=\"text-editor.default\">\n\t\t\t\t<div class=\"elementor-widget-container\">\n\t\t\t\t\t\t\t\t\t<h2>Comblement des rides \u00e0 Gen\u00e8ve<\/h2>\t\t\t\t\t\t\t\t<\/div>\n\t\t\t\t<\/div>\n\t\t\t\t<div class=\"elementor-element elementor-element-adbba3e elementor-widget elementor-widget-text-editor\" data-id=\"adbba3e\" data-element_type=\"widget\" data-e-type=\"widget\" data-widget_type=\"text-editor.default\">\n\t\t\t\t<div class=\"elementor-widget-container\">\n\t\t\t\t\t\t\t\t\t<p>Les <a href=\"https:\/\/drromanovaleria.ch\/besoins\/rides\/\">rides<\/a> sont l\u2019une des cons\u00e9quences les plus visibles du vieillissement cutan\u00e9. Si les facteurs g\u00e9n\u00e9tiques, l\u2019exposition solaire, les changements hormonaux ou le stress oxydatif sont bien connus du grand public, le r\u00f4le des expressions faciales dans l\u2019apparition des rides l\u2019est souvent moins. Pourtant, la r\u00e9p\u00e9tition des mouvements musculaires du visage constitue l\u2019un des premiers m\u00e9canismes impliqu\u00e9s dans la formation des rides dites \u201cd\u2019expression\u201d.<br \/>Comprendre l\u2019interaction entre activit\u00e9 musculaire et vieillissement cutan\u00e9 permet de proposer des traitements cibl\u00e9s, pr\u00e9ventifs et naturels, adapt\u00e9s \u00e0 chaque morphologie. \u00c0 Gen\u00e8ve, o\u00f9 la demande de r\u00e9sultats subtils et personnalis\u00e9s est particuli\u00e8rement marqu\u00e9e, cette compr\u00e9hension fine du vieillissement dynamique du visage constitue la base d\u2019une prise en charge esth\u00e9tique r\u00e9ussie.<\/p>\t\t\t\t\t\t\t\t<\/div>\n\t\t\t\t<\/div>\n\t\t\t\t<\/div>\n\t\t\t\t\t<\/div>\n\t\t\t\t<\/div>\n\t\t<div class=\"elementor-element elementor-element-cafce91 e-flex e-con-boxed e-con e-child\" data-id=\"cafce91\" data-element_type=\"container\" data-e-type=\"container\" data-settings=\"{&quot;jet_parallax_layout_list&quot;:[]}\">\n\t\t\t\t\t<div class=\"e-con-inner\">\n\t\t\t\t<div class=\"elementor-element elementor-element-9844d9f elementor-widget elementor-widget-image\" data-id=\"9844d9f\" data-element_type=\"widget\" data-e-type=\"widget\" data-widget_type=\"image.default\">\n\t\t\t\t<div class=\"elementor-widget-container\">\n\t\t\t\t\t\t\t\t\t\t\t\t\t\t\t<img fetchpriority=\"high\" decoding=\"async\" width=\"300\" height=\"220\" src=\"https:\/\/drromanovaleria.ch\/wp-content\/uploads\/2024\/05\/hydratation-peau.webp\" class=\"attachment-medium size-medium wp-image-4852\" alt=\"image peau jeune hydrat\u00e9e\" srcset=\"https:\/\/drromanovaleria.ch\/wp-content\/uploads\/2024\/05\/hydratation-peau.webp 300w, https:\/\/drromanovaleria.ch\/wp-content\/uploads\/2024\/05\/hydratation-peau-16x12.webp 16w\" sizes=\"(max-width: 300px) 100vw, 300px\" \/>\t\t\t\t\t\t\t\t\t\t\t\t\t\t\t<\/div>\n\t\t\t\t<\/div>\n\t\t\t\t<div class=\"elementor-element elementor-element-890c01b elementor-align-center elementor-widget elementor-widget-button\" data-id=\"890c01b\" data-element_type=\"widget\" data-e-type=\"widget\" data-widget_type=\"button.default\">\n\t\t\t\t<div class=\"elementor-widget-container\">\n\t\t\t\t\t\t\t\t\t<div class=\"elementor-button-wrapper\">\n\t\t\t\t\t<a class=\"elementor-button elementor-button-link elementor-size-sm\" href=\"https:\/\/drromanovaleria.ch\/contactez-le-dr-romano\/\">\n\t\t\t\t\t\t<span class=\"elementor-button-content-wrapper\">\n\t\t\t\t\t\t\t\t\t<span class=\"elementor-button-text\">Prendre rendez-vous<\/span>\n\t\t\t\t\t<\/span>\n\t\t\t\t\t<\/a>\n\t\t\t\t<\/div>\n\t\t\t\t\t\t\t\t<\/div>\n\t\t\t\t<\/div>\n\t\t\t\t\t<\/div>\n\t\t\t\t<\/div>\n\t\t\t\t\t<\/div>\n\t\t\t\t<\/div>\n\t\t<div class=\"elementor-element elementor-element-320868c e-flex e-con-boxed e-con e-parent\" data-id=\"320868c\" data-element_type=\"container\" data-e-type=\"container\" data-settings=\"{&quot;jet_parallax_layout_list&quot;:[]}\">\n\t\t\t\t\t<div class=\"e-con-inner\">\n\t\t\t\t<div class=\"elementor-element elementor-element-e447b21 elementor-toc--content-ellipsis elementor-toc--minimized-on-desktop elementor-widget elementor-widget-table-of-contents\" data-id=\"e447b21\" data-element_type=\"widget\" data-e-type=\"widget\" data-settings=\"{&quot;exclude_headings_by_selector&quot;:[],&quot;minimized_on&quot;:&quot;desktop&quot;,&quot;no_headings_message&quot;:&quot;Aucun titre n\\u2019a \\u00e9t\\u00e9 trouv\\u00e9 sur cette page.&quot;,&quot;headings_by_tags&quot;:[&quot;h2&quot;,&quot;h3&quot;,&quot;h4&quot;,&quot;h5&quot;,&quot;h6&quot;],&quot;marker_view&quot;:&quot;numbers&quot;,&quot;minimize_box&quot;:&quot;yes&quot;,&quot;hierarchical_view&quot;:&quot;yes&quot;,&quot;min_height&quot;:{&quot;unit&quot;:&quot;px&quot;,&quot;size&quot;:&quot;&quot;,&quot;sizes&quot;:[]},&quot;min_height_tablet&quot;:{&quot;unit&quot;:&quot;px&quot;,&quot;size&quot;:&quot;&quot;,&quot;sizes&quot;:[]},&quot;min_height_mobile&quot;:{&quot;unit&quot;:&quot;px&quot;,&quot;size&quot;:&quot;&quot;,&quot;sizes&quot;:[]}}\" data-widget_type=\"table-of-contents.default\">\n\t\t\t\t<div class=\"elementor-widget-container\">\n\t\t\t\t\t\t\t\t\t<div class=\"elementor-toc__header\">\n\t\t\t\t\t\t<h2 class=\"elementor-toc__header-title\">\n\t\t\t\tSommaire\t\t\t<\/h2>\n\t\t\t\t\t\t\t\t\t\t<div class=\"elementor-toc__toggle-button elementor-toc__toggle-button--expand\" role=\"button\" tabindex=\"0\" aria-controls=\"elementor-toc__e447b21\" aria-expanded=\"true\" aria-label=\"Ouvrir la table des mati\u00e8res\"><svg aria-hidden=\"true\" class=\"e-font-icon-svg e-fas-chevron-down\" viewBox=\"0 0 448 512\" xmlns=\"http:\/\/www.w3.org\/2000\/svg\"><path d=\"M207.029 381.476L12.686 187.132c-9.373-9.373-9.373-24.569 0-33.941l22.667-22.667c9.357-9.357 24.522-9.375 33.901-.04L224 284.505l154.745-154.021c9.379-9.335 24.544-9.317 33.901.04l22.667 22.667c9.373 9.373 9.373 24.569 0 33.941L240.971 381.476c-9.373 9.372-24.569 9.372-33.942 0z\"><\/path><\/svg><\/div>\n\t\t\t\t<div class=\"elementor-toc__toggle-button elementor-toc__toggle-button--collapse\" role=\"button\" tabindex=\"0\" aria-controls=\"elementor-toc__e447b21\" aria-expanded=\"true\" aria-label=\"Fermer la table des mati\u00e8res\"><svg aria-hidden=\"true\" class=\"e-font-icon-svg e-fas-chevron-up\" viewBox=\"0 0 448 512\" xmlns=\"http:\/\/www.w3.org\/2000\/svg\"><path d=\"M240.971 130.524l194.343 194.343c9.373 9.373 9.373 24.569 0 33.941l-22.667 22.667c-9.357 9.357-24.522 9.375-33.901.04L224 227.495 69.255 381.516c-9.379 9.335-24.544 9.317-33.901-.04l-22.667-22.667c-9.373-9.373-9.373-24.569 0-33.941L207.03 130.525c9.372-9.373 24.568-9.373 33.941-.001z\"><\/path><\/svg><\/div>\n\t\t\t\t\t<\/div>\n\t\t\t\t<div id=\"elementor-toc__e447b21\" class=\"elementor-toc__body\">\n\t\t\t<div class=\"elementor-toc__spinner-container\">\n\t\t\t\t<svg class=\"elementor-toc__spinner eicon-animation-spin e-font-icon-svg e-eicon-loading\" aria-hidden=\"true\" viewBox=\"0 0 1000 1000\" xmlns=\"http:\/\/www.w3.org\/2000\/svg\"><path d=\"M500 975V858C696 858 858 696 858 500S696 142 500 142 142 304 142 500H25C25 237 238 25 500 25S975 237 975 500 763 975 500 975Z\"><\/path><\/svg>\t\t\t<\/div>\n\t\t<\/div>\n\t\t\t\t\t\t<\/div>\n\t\t\t\t<\/div>\n\t\t\t\t\t<\/div>\n\t\t\t\t<\/div>\n\t\t<div class=\"elementor-element elementor-element-2f8aa4b e-flex e-con-boxed e-con e-parent\" data-id=\"2f8aa4b\" data-element_type=\"container\" data-e-type=\"container\" data-settings=\"{&quot;jet_parallax_layout_list&quot;:[]}\">\n\t\t\t\t\t<div class=\"e-con-inner\">\n\t\t\t\t<div class=\"elementor-element elementor-element-eb47d0a elementor-widget elementor-widget-text-editor\" data-id=\"eb47d0a\" data-element_type=\"widget\" data-e-type=\"widget\" data-widget_type=\"text-editor.default\">\n\t\t\t\t<div class=\"elementor-widget-container\">\n\t\t\t\t\t\t\t\t\t<h2>Le r\u00f4le des expressions faciales dans le vieillissement cutan\u00e9<\/h2>\t\t\t\t\t\t\t\t<\/div>\n\t\t\t\t<\/div>\n\t\t\t\t<div class=\"elementor-element elementor-element-1dc97bb elementor-widget-divider--view-line elementor-widget elementor-widget-divider\" data-id=\"1dc97bb\" data-element_type=\"widget\" data-e-type=\"widget\" data-widget_type=\"divider.default\">\n\t\t\t\t<div class=\"elementor-widget-container\">\n\t\t\t\t\t\t\t<div class=\"elementor-divider\">\n\t\t\t<span class=\"elementor-divider-separator\">\n\t\t\t\t\t\t<\/span>\n\t\t<\/div>\n\t\t\t\t\t\t<\/div>\n\t\t\t\t<\/div>\n\t\t\t\t<div class=\"elementor-element elementor-element-475cf76 elementor-widget elementor-widget-text-editor\" data-id=\"475cf76\" data-element_type=\"widget\" data-e-type=\"widget\" data-widget_type=\"text-editor.default\">\n\t\t\t\t<div class=\"elementor-widget-container\">\n\t\t\t\t\t\t\t\t\t<p>Les expressions faciales sont produites par la contraction des muscles peauciers, sp\u00e9cifiques au visage. Contrairement aux muscles du reste du corps, ces muscles ne s\u2019ins\u00e8rent pas entre deux os mais entre un os et la peau, ce qui permet de mobiliser directement la surface cutan\u00e9e pour cr\u00e9er des expressions \u2014 sourire, froncement, \u00e9tonnement, plissement des yeux, etc.<br \/>Avec le temps, cette contraction r\u00e9p\u00e9t\u00e9e \u2014 parfois plusieurs milliers de fois par jour \u2014 entra\u00eene une alt\u00e9ration progressive de la surface de la peau, d\u2019autant plus si celle-ci a perdu de son \u00e9lasticit\u00e9, de son hydratation ou de sa densit\u00e9 dermique. La formation de rides est donc m\u00e9canique dans un premier temps, puis structurale lorsque la peau n\u2019est plus capable de revenir \u00e0 sa position initiale.<br \/>Les zones les plus expos\u00e9es \u00e0 ce vieillissement dynamique sont le front, avec les rides horizontales caus\u00e9es par le muscle frontal ; la glabelle, avec la ride du lion (muscles corrugateurs) ; le contour des yeux, avec les pattes-d\u2019oie (muscle orbiculaire) ; la zone p\u00e9ribuccale, notamment chez les fumeurs.<br \/>On parle alors de rides d\u2019expression, qui apparaissent d\u2019abord en mouvement, puis finissent par s\u2019installer au repos.<\/p>\t\t\t\t\t\t\t\t<\/div>\n\t\t\t\t<\/div>\n\t\t\t\t\t<\/div>\n\t\t\t\t<\/div>\n\t\t<div class=\"elementor-element elementor-element-78b509c e-flex e-con-boxed e-con e-parent\" data-id=\"78b509c\" data-element_type=\"container\" data-e-type=\"container\" data-settings=\"{&quot;jet_parallax_layout_list&quot;:[]}\">\n\t\t\t\t\t<div class=\"e-con-inner\">\n\t\t\t\t<div class=\"elementor-element elementor-element-86748e4 elementor-widget elementor-widget-text-editor\" data-id=\"86748e4\" data-element_type=\"widget\" data-e-type=\"widget\" data-widget_type=\"text-editor.default\">\n\t\t\t\t<div class=\"elementor-widget-container\">\n\t\t\t\t\t\t\t\t\t<h2>M\u00e9canisme physiologique des rides d\u2019expression<\/h2>\t\t\t\t\t\t\t\t<\/div>\n\t\t\t\t<\/div>\n\t\t\t\t<div class=\"elementor-element elementor-element-645b3f3 elementor-widget-divider--view-line elementor-widget elementor-widget-divider\" data-id=\"645b3f3\" data-element_type=\"widget\" data-e-type=\"widget\" data-widget_type=\"divider.default\">\n\t\t\t\t<div class=\"elementor-widget-container\">\n\t\t\t\t\t\t\t<div class=\"elementor-divider\">\n\t\t\t<span class=\"elementor-divider-separator\">\n\t\t\t\t\t\t<\/span>\n\t\t<\/div>\n\t\t\t\t\t\t<\/div>\n\t\t\t\t<\/div>\n\t\t\t\t<div class=\"elementor-element elementor-element-78b97d3 elementor-widget elementor-widget-text-editor\" data-id=\"78b97d3\" data-element_type=\"widget\" data-e-type=\"widget\" data-widget_type=\"text-editor.default\">\n\t\t\t\t<div class=\"elementor-widget-container\">\n\t\t\t\t\t\t\t\t\t<p>Tout commence par la contraction r\u00e9p\u00e9t\u00e9e d\u2019un muscle du visage, qui exerce une traction sur la peau situ\u00e9e au-dessus. Chez les sujets jeunes, cette peau, riche en collag\u00e8ne et en acide hyaluronique, retrouve imm\u00e9diatement sa forme initiale une fois le muscle rel\u00e2ch\u00e9. Mais au fil des ann\u00e9es, le derme s\u2019appauvrit en fibres de soutien, la matrice extracellulaire est moins dense, et la peau devient plus fine, plus fragile, moins \u00e9lastique. Elle peine alors \u00e0 se lisser compl\u00e8tement apr\u00e8s chaque mouvement.<br data-start=\"833\" data-end=\"836\" \/>Cette fragilit\u00e9 progressive entra\u00eene une s\u00e9rie de transformations. Le pli cutan\u00e9 se fixe d\u2019abord, puis s\u2019accentue jusqu\u2019\u00e0 former un sillon, qui peut, dans certains cas, modifier durablement l\u2019expression et les contours du visage. C\u2019est ainsi que les rides d\u2019expression, visibles uniquement lors des mimiques, \u00e9voluent peu \u00e0 peu vers des rides statiques, pr\u00e9sentes m\u00eame au repos.<br data-start=\"1214\" data-end=\"1217\" \/>L\u2019importance de ce ph\u00e9nom\u00e8ne varie selon plusieurs param\u00e8tres. La force musculaire joue un r\u00f4le cl\u00e9 : certaines personnes, par la puissance de leurs mimiques, exercent une pression plus marqu\u00e9e sur la peau. La fr\u00e9quence des expressions accentue \u00e9galement ce processus, qu\u2019il s\u2019agisse de gestes conscients ou de contractions r\u00e9flexes li\u00e9es \u00e0 la concentration, \u00e0 l\u2019anxi\u00e9t\u00e9 ou \u00e0 certaines habitudes. La qualit\u00e9 intrins\u00e8que de la peau intervient tout autant : une peau fine, d\u00e9shydrat\u00e9e ou fragilis\u00e9e par une exposition excessive au soleil sera plus vuln\u00e9rable. Enfin, le stress chronique entretient des crispations involontaires, maintenant parfois le visage dans une tension continue, propice \u00e0 l\u2019apparition pr\u00e9coce des rides.<\/p>\t\t\t\t\t\t\t\t<\/div>\n\t\t\t\t<\/div>\n\t\t\t\t\t<\/div>\n\t\t\t\t<\/div>\n\t\t<div class=\"elementor-element elementor-element-a600c93 e-flex e-con-boxed e-con e-parent\" data-id=\"a600c93\" data-element_type=\"container\" data-e-type=\"container\" data-settings=\"{&quot;jet_parallax_layout_list&quot;:[]}\">\n\t\t\t\t\t<div class=\"e-con-inner\">\n\t\t\t\t<div class=\"elementor-element elementor-element-0fe82fd elementor-widget elementor-widget-text-editor\" data-id=\"0fe82fd\" data-element_type=\"widget\" data-e-type=\"widget\" data-widget_type=\"text-editor.default\">\n\t\t\t\t<div class=\"elementor-widget-container\">\n\t\t\t\t\t\t\t\t\t<h2>Peut-on pr\u00e9venir les rides d\u2019expression ?<\/h2>\t\t\t\t\t\t\t\t<\/div>\n\t\t\t\t<\/div>\n\t\t\t\t<div class=\"elementor-element elementor-element-b9bb0c2 elementor-widget-divider--view-line elementor-widget elementor-widget-divider\" data-id=\"b9bb0c2\" data-element_type=\"widget\" data-e-type=\"widget\" data-widget_type=\"divider.default\">\n\t\t\t\t<div class=\"elementor-widget-container\">\n\t\t\t\t\t\t\t<div class=\"elementor-divider\">\n\t\t\t<span class=\"elementor-divider-separator\">\n\t\t\t\t\t\t<\/span>\n\t\t<\/div>\n\t\t\t\t\t\t<\/div>\n\t\t\t\t<\/div>\n\t\t\t\t<div class=\"elementor-element elementor-element-39184d1 elementor-widget elementor-widget-text-editor\" data-id=\"39184d1\" data-element_type=\"widget\" data-e-type=\"widget\" data-widget_type=\"text-editor.default\">\n\t\t\t\t<div class=\"elementor-widget-container\">\n\t\t\t\t\t\t\t\t\t<p>La pr\u00e9vention des rides d\u2019expression constitue l\u2019un des piliers de la m\u00e9decine \u00e0 vis\u00e9e esth\u00e9tique contemporaine. Elle repose sur la modulation des contractions musculaires, afin de r\u00e9duire leur impact sur la peau sans figer le visage ni alt\u00e9rer son expressivit\u00e9.<br data-start=\"388\" data-end=\"391\" \/>Le traitement de r\u00e9f\u00e9rence est la <a href=\"https:\/\/drromanovaleria.ch\/solutions\/injections\/botox\/\">toxine botulique<\/a>. Inject\u00e9e de mani\u00e8re cibl\u00e9e, elle agit sur les muscles hyperactifs en diminuant leur capacit\u00e9 de contraction. Le muscle n\u2019est pas paralys\u00e9, mais plac\u00e9 au repos partiel, ce qui permet \u00e0 la peau de se d\u00e9tendre progressivement et de limiter la formation de plis.<br data-start=\"710\" data-end=\"713\" \/>En pr\u00e9vention de l&#8217;apparition des rides statiques, la toxine est administr\u00e9e \u00e0 faible dose d\u00e8s la trentaine pour traiter certaines rides d&#8217;expression, selon une technique connue sous le nom de <a href=\"https:\/\/drromanovaleria.ch\/solutions\/injections\/baby-botox\/\">Baby toxine botulique<\/a>. Elle retarde ainsi la fixation des rides dynamiques. En traitement curatif, elle att\u00e9nue les rides d\u00e9j\u00e0 visibles et emp\u00eache leur aggravation. Les r\u00e9sultats apparaissent en quelques jours et, lorsque l&#8217;injection est bien r\u00e9alis\u00e9e, le r\u00e9sultat est naturel et harmonieux.<br data-start=\"1098\" data-end=\"1101\" \/>La toxine botulique est un acte m\u00e9dical qui doit \u00eatre pratiqu\u00e9 exclusivement en cabinet par un m\u00e9decin exp\u00e9riment\u00e9. Celui-ci \u00e9value la force des muscles, la sym\u00e9trie du visage et les attentes esth\u00e9tiques de chaque patient afin d\u2019\u00e9laborer un protocole personnalis\u00e9, pr\u00e9cis et s\u00fbr.<\/p>\t\t\t\t\t\t\t\t<\/div>\n\t\t\t\t<\/div>\n\t\t\t\t\t<\/div>\n\t\t\t\t<\/div>\n\t\t<div class=\"elementor-element elementor-element-b80c916 e-flex e-con-boxed e-con e-parent\" data-id=\"b80c916\" data-element_type=\"container\" data-e-type=\"container\" data-settings=\"{&quot;jet_parallax_layout_list&quot;:[]}\">\n\t\t\t\t\t<div class=\"e-con-inner\">\n\t\t\t\t<div class=\"elementor-element elementor-element-645f9fd elementor-widget elementor-widget-text-editor\" data-id=\"645f9fd\" data-element_type=\"widget\" data-e-type=\"widget\" data-widget_type=\"text-editor.default\">\n\t\t\t\t<div class=\"elementor-widget-container\">\n\t\t\t\t\t\t\t\t\t<h2>Rides d\u2019expression et autres types de rides\u00a0<\/h2>\t\t\t\t\t\t\t\t<\/div>\n\t\t\t\t<\/div>\n\t\t\t\t<div class=\"elementor-element elementor-element-1067639 elementor-widget-divider--view-line elementor-widget elementor-widget-divider\" data-id=\"1067639\" data-element_type=\"widget\" data-e-type=\"widget\" data-widget_type=\"divider.default\">\n\t\t\t\t<div class=\"elementor-widget-container\">\n\t\t\t\t\t\t\t<div class=\"elementor-divider\">\n\t\t\t<span class=\"elementor-divider-separator\">\n\t\t\t\t\t\t<\/span>\n\t\t<\/div>\n\t\t\t\t\t\t<\/div>\n\t\t\t\t<\/div>\n\t\t\t\t<div class=\"elementor-element elementor-element-07986ee elementor-widget elementor-widget-text-editor\" data-id=\"07986ee\" data-element_type=\"widget\" data-e-type=\"widget\" data-widget_type=\"text-editor.default\">\n\t\t\t\t<div class=\"elementor-widget-container\">\n\t\t\t\t\t\t\t\t\t<p>Il est important de distinguer les rides d\u2019expression des rides structurelles. Les premi\u00e8res sont li\u00e9es \u00e0 la contraction r\u00e9p\u00e9t\u00e9e des muscles, tandis que les secondes apparaissent \u00e0 la suite d\u2019une alt\u00e9ration profonde du derme, provoqu\u00e9e par l\u2019\u00e2ge, la gravit\u00e9 ou certains facteurs environnementaux.<br data-start=\"527\" data-end=\"530\" \/>Une ride du lion chez une personne jeune est un exemple typique de ride d\u2019expression : la toxine botulique permet alors de d\u00e9tendre le muscle concern\u00e9 et d\u2019att\u00e9nuer efficacement le pli cutan\u00e9. En revanche, un sillon nasog\u00e9nien marqu\u00e9 chez une personne de soixante ans refl\u00e8te un affaissement des tissus : il s\u2019agit d\u2019une ride gravitationnelle, que l\u2019on corrige par une restauration des volumes avec de l\u2019<a href=\"https:\/\/drromanovaleria.ch\/solutions\/injections\/acide-hayluronique\/\">acide hyaluronique<\/a>. De m\u00eame, de fines ridules sur les joues traduisent souvent une d\u00e9shydratation et une perte de densit\u00e9 cutan\u00e9e. Dans ce cas, les <a href=\"https:\/\/drromanovaleria.ch\/solutions\/injections\/skinbooster\/\">Skinboosters<\/a> ou un peeling moyen redonnent \u00e0 la peau hydratation, \u00e9lasticit\u00e9 et \u00e9clat.<br data-start=\"1307\" data-end=\"1310\" \/>Ces exemples soulignent le r\u00f4le central du diagnostic. C\u2019est lui qui d\u00e9termine le choix des techniques, permet d\u2019\u00e9viter les corrections inadapt\u00e9es et assure un r\u00e9sultat naturel, coh\u00e9rent avec la morphologie et l\u2019\u00e2ge de chaque patient.<\/p>\t\t\t\t\t\t\t\t<\/div>\n\t\t\t\t<\/div>\n\t\t\t\t\t<\/div>\n\t\t\t\t<\/div>\n\t\t<div class=\"elementor-element elementor-element-7959d07 e-flex e-con-boxed e-con e-parent\" data-id=\"7959d07\" data-element_type=\"container\" data-e-type=\"container\" data-settings=\"{&quot;jet_parallax_layout_list&quot;:[]}\">\n\t\t\t\t\t<div class=\"e-con-inner\">\n\t\t\t\t<div class=\"elementor-element elementor-element-d09aebd elementor-widget elementor-widget-text-editor\" data-id=\"d09aebd\" data-element_type=\"widget\" data-e-type=\"widget\" data-widget_type=\"text-editor.default\">\n\t\t\t\t<div class=\"elementor-widget-container\">\n\t\t\t\t\t\t\t\t\t<h2>Pourquoi certaines personnes d\u00e9veloppent-elles plus de rides d\u2019expression que d\u2019autres ?<\/h2>\t\t\t\t\t\t\t\t<\/div>\n\t\t\t\t<\/div>\n\t\t\t\t<div class=\"elementor-element elementor-element-f665d6b elementor-widget-divider--view-line elementor-widget elementor-widget-divider\" data-id=\"f665d6b\" data-element_type=\"widget\" data-e-type=\"widget\" data-widget_type=\"divider.default\">\n\t\t\t\t<div class=\"elementor-widget-container\">\n\t\t\t\t\t\t\t<div class=\"elementor-divider\">\n\t\t\t<span class=\"elementor-divider-separator\">\n\t\t\t\t\t\t<\/span>\n\t\t<\/div>\n\t\t\t\t\t\t<\/div>\n\t\t\t\t<\/div>\n\t\t\t\t<div class=\"elementor-element elementor-element-b90b813 elementor-widget elementor-widget-text-editor\" data-id=\"b90b813\" data-element_type=\"widget\" data-e-type=\"widget\" data-widget_type=\"text-editor.default\">\n\t\t\t\t<div class=\"elementor-widget-container\">\n\t\t\t\t\t\t\t\t\t<p data-start=\"103\" data-end=\"196\">La formation des rides d\u2019expression d\u00e9pend de plusieurs facteurs propres \u00e0 chaque individu.<\/p><ul><li data-start=\"103\" data-end=\"196\">L\u2019h\u00e9r\u00e9dit\u00e9 musculaire : certaines personnes pr\u00e9sentent naturellement des muscles plus puissants ou plus toniques.<\/li><li data-start=\"103\" data-end=\"196\">L\u2019hyperactivit\u00e9 faciale : les visages tr\u00e8s expressifs ont tendance \u00e0 marquer plus vite.<\/li><li data-start=\"103\" data-end=\"196\">Les habitudes posturales et comportementales : froncer les sourcils en lisant, contracter les l\u00e8vres durant le sommeil ou encore serrer les m\u00e2choires favorisent l\u2019apparition pr\u00e9coce des rides.<\/li><li data-start=\"103\" data-end=\"196\">Le stress \u00e9motionnel ou professionnel : il entretient des crispations involontaires chroniques, notamment au niveau de la glabelle, de l\u2019orbiculaire ou des mass\u00e9ters.<\/li><li data-start=\"103\" data-end=\"196\">L\u2019absence de pr\u00e9vention : sans prise en charge pr\u00e9coce, les rides se fixent et s\u2019accentuent plus rapidement.<\/li><\/ul><p data-start=\"890\" data-end=\"1079\">Ces facteurs ne rel\u00e8vent pas d\u2019un \u00ab d\u00e9faut \u00bb, mais traduisent un terrain fonctionnel particulier, qu\u2019il est possible de moduler avec pr\u00e9cision gr\u00e2ce \u00e0 des traitements esth\u00e9tiques adapt\u00e9s.<\/p>\t\t\t\t\t\t\t\t<\/div>\n\t\t\t\t<\/div>\n\t\t\t\t\t<\/div>\n\t\t\t\t<\/div>\n\t\t<div class=\"elementor-element elementor-element-8bd3d46 e-flex e-con-boxed e-con e-parent\" data-id=\"8bd3d46\" data-element_type=\"container\" data-e-type=\"container\" data-settings=\"{&quot;jet_parallax_layout_list&quot;:[]}\">\n\t\t\t\t\t<div class=\"e-con-inner\">\n\t\t\t\t<div class=\"elementor-element elementor-element-498afb8 elementor-widget elementor-widget-text-editor\" data-id=\"498afb8\" data-element_type=\"widget\" data-e-type=\"widget\" data-widget_type=\"text-editor.default\">\n\t\t\t\t<div class=\"elementor-widget-container\">\n\t\t\t\t\t\t\t\t\t<h2>Les rides d\u2019expression chez l\u2019homme<\/h2>\t\t\t\t\t\t\t\t<\/div>\n\t\t\t\t<\/div>\n\t\t\t\t<div class=\"elementor-element elementor-element-1678c5a elementor-widget-divider--view-line elementor-widget elementor-widget-divider\" data-id=\"1678c5a\" data-element_type=\"widget\" data-e-type=\"widget\" data-widget_type=\"divider.default\">\n\t\t\t\t<div class=\"elementor-widget-container\">\n\t\t\t\t\t\t\t<div class=\"elementor-divider\">\n\t\t\t<span class=\"elementor-divider-separator\">\n\t\t\t\t\t\t<\/span>\n\t\t<\/div>\n\t\t\t\t\t\t<\/div>\n\t\t\t\t<\/div>\n\t\t\t\t<div class=\"elementor-element elementor-element-0015ccb elementor-widget elementor-widget-text-editor\" data-id=\"0015ccb\" data-element_type=\"widget\" data-e-type=\"widget\" data-widget_type=\"text-editor.default\">\n\t\t\t\t<div class=\"elementor-widget-container\">\n\t\t\t\t\t\t\t\t\t<p>Les rides d\u2019expression n\u2019\u00e9pargnent pas les hommes, mais leur mode d\u2019apparition et leur pr\u00e9sentation clinique diff\u00e8rent sensiblement de celles observ\u00e9es chez les femmes. Comprendre ces sp\u00e9cificit\u00e9s est essentiel pour proposer des traitements adapt\u00e9s, respectueux de la morphologie masculine et des attentes propres \u00e0 cette patient\u00e8le.<br \/>Sur le plan anatomique, la peau des hommes est en moyenne 25 % plus \u00e9paisse que celle des femmes, et elle contient davantage de collag\u00e8ne. Cette densit\u00e9 tissulaire retarde l\u2019apparition des ridules superficielles, mais rend en revanche les rides d\u2019expression plus profondes une fois install\u00e9es, notamment au niveau du front et de la glabelle.<br \/>Les hommes pr\u00e9sentent g\u00e9n\u00e9ralement une puissance musculaire plus \u00e9lev\u00e9e, notamment au niveau des muscles frontaux, corrugateurs (glabelle) et orbiculaires des yeux. Cette tonicit\u00e9 accrue induit, \u00e0 chaque expression du visage, une contraction plus intense, ce qui favorise l&#8217;apparition rapide des rides dynamiques et leur transformation en sillons permanents.<br \/>En pratique clinique, les rides d\u2019expression chez l\u2019homme sont souvent plus profondes et plus nombreuses.<br \/>Chez l\u2019homme, le protocole d\u2019injections doit \u00eatre pens\u00e9 de mani\u00e8re sp\u00e9cifique. Les doses sont adapt\u00e9es et r\u00e9parties avec pr\u00e9cision, afin de tenir compte d\u2019une masse musculaire souvent plus d\u00e9velopp\u00e9e que chez la femme. L\u2019objectif n\u2019est pas de figer, mais de moduler : pr\u00e9server la mobilit\u00e9 naturelle et \u00e9viter toute f\u00e9minisation des traits. Cette exigence est d\u2019autant plus importante que beaucoup d\u2019hommes supportent mal l\u2019id\u00e9e d\u2019un visage \u00ab bloqu\u00e9 \u00bb, craignant de perdre une part de leur expressivit\u00e9 sociale.<br data-start=\"843\" data-end=\"846\" \/>Le traitement des rides d\u2019expression masculines repose donc sur une approche subtile, centr\u00e9e sur les zones o\u00f9 l\u2019activit\u00e9 musculaire est excessive. Cette modulation fine permet de rel\u00e2cher la tension sans alt\u00e9rer l\u2019identit\u00e9 ni la vitalit\u00e9 du visage, garantissant un r\u00e9sultat naturel et coh\u00e9rent avec les attentes esth\u00e9tiques propres aux hommes.<\/p>\t\t\t\t\t\t\t\t<\/div>\n\t\t\t\t<\/div>\n\t\t\t\t\t<\/div>\n\t\t\t\t<\/div>\n\t\t<div class=\"elementor-element elementor-element-3d9da1b e-flex e-con-boxed e-con e-parent\" data-id=\"3d9da1b\" data-element_type=\"container\" data-e-type=\"container\" data-settings=\"{&quot;jet_parallax_layout_list&quot;:[]}\">\n\t\t\t\t\t<div class=\"e-con-inner\">\n\t\t\t\t<div class=\"elementor-element elementor-element-9983128 elementor-widget elementor-widget-text-editor\" data-id=\"9983128\" data-element_type=\"widget\" data-e-type=\"widget\" data-widget_type=\"text-editor.default\">\n\t\t\t\t<div class=\"elementor-widget-container\">\n\t\t\t\t\t\t\t\t\t<h2>Analyse musculaire avant injection<\/h2>\t\t\t\t\t\t\t\t<\/div>\n\t\t\t\t<\/div>\n\t\t\t\t<div class=\"elementor-element elementor-element-25d9c50 elementor-widget-divider--view-line elementor-widget elementor-widget-divider\" data-id=\"25d9c50\" data-element_type=\"widget\" data-e-type=\"widget\" data-widget_type=\"divider.default\">\n\t\t\t\t<div class=\"elementor-widget-container\">\n\t\t\t\t\t\t\t<div class=\"elementor-divider\">\n\t\t\t<span class=\"elementor-divider-separator\">\n\t\t\t\t\t\t<\/span>\n\t\t<\/div>\n\t\t\t\t\t\t<\/div>\n\t\t\t\t<\/div>\n\t\t\t\t<div class=\"elementor-element elementor-element-c86a06e elementor-widget elementor-widget-text-editor\" data-id=\"c86a06e\" data-element_type=\"widget\" data-e-type=\"widget\" data-widget_type=\"text-editor.default\">\n\t\t\t\t<div class=\"elementor-widget-container\">\n\t\t\t\t\t\t\t\t\t<p>Avant toute injection de toxine botulique, l\u2019analyse du visage en mouvement constitue une \u00e9tape clinique essentielle. Contrairement \u00e0 une approche statique, le traitement des rides d\u2019expression repose sur la compr\u00e9hension fine de la dynamique musculaire, propre \u00e0 chaque patient.<br data-start=\"492\" data-end=\"495\" \/>Lors de la consultation, le m\u00e9decin observe les expressions spontan\u00e9es et provoqu\u00e9es \u2014 sourire, froncement, clignement des yeux, \u00e9l\u00e9vation des sourcils \u2014 puis analyse visuellement et par palpation les zones de contraction : leur intensit\u00e9, leur localisation et leur \u00e9ventuelle asym\u00e9trie. Un examen photographique est souvent r\u00e9alis\u00e9, \u00e0 la fois au repos et en mouvement, afin de comparer la sym\u00e9trie et d\u2019anticiper les points de tension.<br data-start=\"931\" data-end=\"934\" \/>Ce travail clinique permet d\u2019identifier les zones de contraction excessive, parfois inconscientes, d\u2019\u00e9valuer la force musculaire \u00e0 moduler et de d\u00e9finir avec pr\u00e9cision la r\u00e9partition des unit\u00e9s de toxine \u00e0 injecter.<br data-start=\"1149\" data-end=\"1152\" \/>L\u2019objectif n\u2019est pas de supprimer toute mobilit\u00e9, mais de r\u00e9duire l\u2019activit\u00e9 musculaire excessive qui favorise la fixation pr\u00e9matur\u00e9e des rides.<br data-start=\"1296\" data-end=\"1299\" \/>Cette analyse approfondie fait toute la diff\u00e9rence entre une pratique standardis\u00e9e et une approche personnalis\u00e9e, experte et respectueuse de l\u2019expression.<\/p>\t\t\t\t\t\t\t\t<\/div>\n\t\t\t\t<\/div>\n\t\t\t\t\t<\/div>\n\t\t\t\t<\/div>\n\t\t<div class=\"elementor-element elementor-element-205f078 e-flex e-con-boxed e-con e-parent\" data-id=\"205f078\" data-element_type=\"container\" data-e-type=\"container\" data-settings=\"{&quot;jet_parallax_layout_list&quot;:[]}\">\n\t\t\t\t\t<div class=\"e-con-inner\">\n\t\t\t\t<div class=\"elementor-element elementor-element-c3ecc3e elementor-widget elementor-widget-text-editor\" data-id=\"c3ecc3e\" data-element_type=\"widget\" data-e-type=\"widget\" data-widget_type=\"text-editor.default\">\n\t\t\t\t<div class=\"elementor-widget-container\">\n\t\t\t\t\t\t\t\t\t<h2>Expressions asym\u00e9triques et rides in\u00e9gales\u00a0<\/h2>\t\t\t\t\t\t\t\t<\/div>\n\t\t\t\t<\/div>\n\t\t\t\t<div class=\"elementor-element elementor-element-6875471 elementor-widget-divider--view-line elementor-widget elementor-widget-divider\" data-id=\"6875471\" data-element_type=\"widget\" data-e-type=\"widget\" data-widget_type=\"divider.default\">\n\t\t\t\t<div class=\"elementor-widget-container\">\n\t\t\t\t\t\t\t<div class=\"elementor-divider\">\n\t\t\t<span class=\"elementor-divider-separator\">\n\t\t\t\t\t\t<\/span>\n\t\t<\/div>\n\t\t\t\t\t\t<\/div>\n\t\t\t\t<\/div>\n\t\t\t\t<div class=\"elementor-element elementor-element-5e075fe elementor-widget elementor-widget-text-editor\" data-id=\"5e075fe\" data-element_type=\"widget\" data-e-type=\"widget\" data-widget_type=\"text-editor.default\">\n\t\t\t\t<div class=\"elementor-widget-container\">\n\t\t\t\t\t\t\t\t\t<p data-start=\"160\" data-end=\"1573\">Le visage humain n\u2019est jamais parfaitement sym\u00e9trique. Cela vaut tout particuli\u00e8rement pour la musculature faciale. Beaucoup de patients pr\u00e9sentent des expressions plus marqu\u00e9es d\u2019un c\u00f4t\u00e9 que de l\u2019autre, ce qui entra\u00eene, avec le temps, une formation asym\u00e9trique des rides. Ainsi, un sourcil plus mobile que l\u2019autre peut g\u00e9n\u00e9rer une ride du lion plus profonde d\u2019un seul c\u00f4t\u00e9. De m\u00eame, une mimique dominante \u2014 comme un sourire en biais ou plus large \u00e0 droite \u2014 accentue unilat\u00e9ralement la patte-d\u2019oie ou les sillons nasog\u00e9niens. Certains gestes inconscients, tels que la mastication pr\u00e9f\u00e9rentielle, le clignement r\u00e9p\u00e9t\u00e9 ou les crispations temporales, renforcent encore ces d\u00e9s\u00e9quilibres.<br data-start=\"845\" data-end=\"848\" \/>Ignorer ces asym\u00e9tries expose \u00e0 des r\u00e9sultats artificiels : des injections parfaitement sym\u00e9triques risquent en r\u00e9alit\u00e9 d\u2019accentuer l&#8217;asym\u00e9trie initiale. C\u2019est pourquoi le m\u00e9decin adapte son geste \u00e0 chaque c\u00f4t\u00e9 du visage, en modulant le nombre d\u2019unit\u00e9s de toxine botulique, la profondeur ou encore l\u2019intensit\u00e9 recherch\u00e9e.<br data-start=\"1172\" data-end=\"1175\" \/>Cette pr\u00e9cision technique garantit un r\u00e9sultat plus naturel et pr\u00e9serve l\u2019\u00e9quilibre expressif du visage, ce qui correspond aux attentes des patients les plus exigeants, soucieux de rester eux-m\u00eames tout en ma\u00eetrisant les effets visibles du temps.<br data-start=\"1421\" data-end=\"1424\" \/>Dans cette approche, le but n\u2019est pas d\u2019obtenir une sym\u00e9trie parfaite, mais de r\u00e9tablir une coh\u00e9rence globale, aussi bien au repos qu\u2019en mouvement.<\/p>\t\t\t\t\t\t\t\t<\/div>\n\t\t\t\t<\/div>\n\t\t\t\t\t<\/div>\n\t\t\t\t<\/div>\n\t\t<div class=\"elementor-element elementor-element-158ed2e e-flex e-con-boxed e-con e-parent\" data-id=\"158ed2e\" data-element_type=\"container\" data-e-type=\"container\" data-settings=\"{&quot;jet_parallax_layout_list&quot;:[]}\">\n\t\t\t\t\t<div class=\"e-con-inner\">\n\t\t<div class=\"elementor-element elementor-element-58b3bbc e-con-full e-flex e-con e-child\" data-id=\"58b3bbc\" data-element_type=\"container\" data-e-type=\"container\" data-settings=\"{&quot;jet_parallax_layout_list&quot;:[]}\">\n\t\t<div class=\"elementor-element elementor-element-fdd3816 e-con-full e-flex e-con e-child\" data-id=\"fdd3816\" data-element_type=\"container\" data-e-type=\"container\" data-settings=\"{&quot;jet_parallax_layout_list&quot;:[]}\">\n\t\t<div class=\"elementor-element elementor-element-ede4369 e-con-full e-flex e-con e-child\" data-id=\"ede4369\" data-element_type=\"container\" data-e-type=\"container\" data-settings=\"{&quot;jet_parallax_layout_list&quot;:[]}\">\n\t\t<div class=\"elementor-element elementor-element-a1b75d6 e-con-full e-flex e-con e-child\" data-id=\"a1b75d6\" data-element_type=\"container\" data-e-type=\"container\" data-settings=\"{&quot;jet_parallax_layout_list&quot;:[]}\">\n\t\t\t\t<div class=\"elementor-element elementor-element-46b3abd elementor-widget elementor-widget-image\" data-id=\"46b3abd\" data-element_type=\"widget\" data-e-type=\"widget\" data-widget_type=\"image.default\">\n\t\t\t\t<div class=\"elementor-widget-container\">\n\t\t\t\t\t\t\t\t\t\t\t\t\t\t\t<img decoding=\"async\" width=\"150\" height=\"150\" src=\"https:\/\/drromanovaleria.ch\/wp-content\/uploads\/2024\/07\/photo-docteur-romano-valeria-150x150.webp\" class=\"attachment-thumbnail size-thumbnail wp-image-13266\" alt=\"Photo docteur Valeria Romano \u00e0 Gen\u00e8ve\" \/>\t\t\t\t\t\t\t\t\t\t\t\t\t\t\t<\/div>\n\t\t\t\t<\/div>\n\t\t\t\t<div class=\"elementor-element elementor-element-c03c3e6 elementor-widget elementor-widget-text-editor\" data-id=\"c03c3e6\" data-element_type=\"widget\" data-e-type=\"widget\" data-widget_type=\"text-editor.default\">\n\t\t\t\t<div class=\"elementor-widget-container\">\n\t\t\t\t\t\t\t\t\t<p>Article r\u00e9dig\u00e9 par le <a href=\"https:\/\/drromanovaleria.ch\/\">Dr Romano Valeria<\/a><\/p>\t\t\t\t\t\t\t\t<\/div>\n\t\t\t\t<\/div>\n\t\t\t\t<\/div>\n\t\t<div class=\"elementor-element elementor-element-3b8a177 e-con-full e-flex e-con e-child\" data-id=\"3b8a177\" data-element_type=\"container\" data-e-type=\"container\" data-settings=\"{&quot;jet_parallax_layout_list&quot;:[]}\">\n\t\t\t\t<div class=\"elementor-element elementor-element-b54d549 elementor-widget elementor-widget-text-editor\" data-id=\"b54d549\" data-element_type=\"widget\" data-e-type=\"widget\" data-widget_type=\"text-editor.default\">\n\t\t\t\t<div class=\"elementor-widget-container\">\n\t\t\t\t\t\t\t\t\t<p>PARTAGER CET ARTICLE SUR<\/p>\t\t\t\t\t\t\t\t<\/div>\n\t\t\t\t<\/div>\n\t\t\t\t<div class=\"elementor-element elementor-element-405f459 elementor-share-buttons--view-icon-text elementor-share-buttons--skin-gradient elementor-share-buttons--shape-square elementor-grid-0 elementor-share-buttons--color-official elementor-widget elementor-widget-share-buttons\" data-id=\"405f459\" data-element_type=\"widget\" data-e-type=\"widget\" data-widget_type=\"share-buttons.default\">\n\t\t\t\t<div class=\"elementor-widget-container\">\n\t\t\t\t\t\t\t<div class=\"elementor-grid\">\n\t\t\t\t\t\t\t\t<div class=\"elementor-grid-item\">\n\t\t\t\t\t\t<div class=\"elementor-share-btn elementor-share-btn_linkedin\" role=\"button\" tabindex=\"0\" aria-label=\"Partager sur linkedin\">\n\t\t\t\t\t\t\t\t\t\t\t\t\t\t\t<span class=\"elementor-share-btn__icon\">\n\t\t\t\t\t\t\t\t<svg aria-hidden=\"true\" class=\"e-font-icon-svg e-fab-linkedin\" viewBox=\"0 0 448 512\" xmlns=\"http:\/\/www.w3.org\/2000\/svg\"><path d=\"M416 32H31.9C14.3 32 0 46.5 0 64.3v383.4C0 465.5 14.3 480 31.9 480H416c17.6 0 32-14.5 32-32.3V64.3c0-17.8-14.4-32.3-32-32.3zM135.4 416H69V202.2h66.5V416zm-33.2-243c-21.3 0-38.5-17.3-38.5-38.5S80.9 96 102.2 96c21.2 0 38.5 17.3 38.5 38.5 0 21.3-17.2 38.5-38.5 38.5zm282.1 243h-66.4V312c0-24.8-.5-56.7-34.5-56.7-34.6 0-39.9 27-39.9 54.9V416h-66.4V202.2h63.7v29.2h.9c8.9-16.8 30.6-34.5 62.9-34.5 67.2 0 79.7 44.3 79.7 101.9V416z\"><\/path><\/svg>\t\t\t\t\t\t\t<\/span>\n\t\t\t\t\t\t\t\t\t\t\t\t\t\t\t\t\t\t\t\t\t\t<div class=\"elementor-share-btn__text\">\n\t\t\t\t\t\t\t\t\t\t\t\t\t\t\t\t\t\t\t<span class=\"elementor-share-btn__title\">\n\t\t\t\t\t\t\t\t\t\tLinkedIn\t\t\t\t\t\t\t\t\t<\/span>\n\t\t\t\t\t\t\t\t\t\t\t\t\t\t\t\t\t<\/div>\n\t\t\t\t\t\t\t\t\t\t\t\t\t<\/div>\n\t\t\t\t\t<\/div>\n\t\t\t\t\t\t<\/div>\n\t\t\t\t\t\t<\/div>\n\t\t\t\t<\/div>\n\t\t\t\t<\/div>\n\t\t\t\t<\/div>\n\t\t\t\t<div class=\"elementor-element elementor-element-e9d4e43 elementor-align-start elementor-mobile-align-start elementor-icon-list--layout-traditional elementor-list-item-link-full_width elementor-widget elementor-widget-icon-list\" data-id=\"e9d4e43\" data-element_type=\"widget\" data-e-type=\"widget\" data-widget_type=\"icon-list.default\">\n\t\t\t\t<div class=\"elementor-widget-container\">\n\t\t\t\t\t\t\t<ul class=\"elementor-icon-list-items\">\n\t\t\t\t\t\t\t<li class=\"elementor-icon-list-item\">\n\t\t\t\t\t\t\t\t\t\t\t<a href=\"mailto:dr.romano.valeria@gmail.com\">\n\n\t\t\t\t\t\t\t\t\t\t\t\t<span class=\"elementor-icon-list-icon\">\n\t\t\t\t\t\t\t<svg aria-hidden=\"true\" class=\"e-font-icon-svg e-fas-envelope\" viewBox=\"0 0 512 512\" xmlns=\"http:\/\/www.w3.org\/2000\/svg\"><path d=\"M502.3 190.8c3.9-3.1 9.7-.2 9.7 4.7V400c0 26.5-21.5 48-48 48H48c-26.5 0-48-21.5-48-48V195.6c0-5 5.7-7.8 9.7-4.7 22.4 17.4 52.1 39.5 154.1 113.6 21.1 15.4 56.7 47.8 92.2 47.6 35.7.3 72-32.8 92.3-47.6 102-74.1 131.6-96.3 154-113.7zM256 320c23.2.4 56.6-29.2 73.4-41.4 132.7-96.3 142.8-104.7 173.4-128.7 5.8-4.5 9.2-11.5 9.2-18.9v-19c0-26.5-21.5-48-48-48H48C21.5 64 0 85.5 0 112v19c0 7.4 3.4 14.3 9.2 18.9 30.6 23.9 40.7 32.4 173.4 128.7 16.8 12.2 50.2 41.8 73.4 41.4z\"><\/path><\/svg>\t\t\t\t\t\t<\/span>\n\t\t\t\t\t\t\t\t\t\t<span class=\"elementor-icon-list-text\">dr.romano.valeria@gmail.com<\/span>\n\t\t\t\t\t\t\t\t\t\t\t<\/a>\n\t\t\t\t\t\t\t\t\t<\/li>\n\t\t\t\t\t\t\t\t<li class=\"elementor-icon-list-item\">\n\t\t\t\t\t\t\t\t\t\t\t<a href=\"tel:+41%2078%20209%2002%2089\">\n\n\t\t\t\t\t\t\t\t\t\t\t\t<span class=\"elementor-icon-list-icon\">\n\t\t\t\t\t\t\t<svg aria-hidden=\"true\" class=\"e-font-icon-svg e-fas-phone-alt\" viewBox=\"0 0 512 512\" xmlns=\"http:\/\/www.w3.org\/2000\/svg\"><path d=\"M497.39 361.8l-112-48a24 24 0 0 0-28 6.9l-49.6 60.6A370.66 370.66 0 0 1 130.6 204.11l60.6-49.6a23.94 23.94 0 0 0 6.9-28l-48-112A24.16 24.16 0 0 0 122.6.61l-104 24A24 24 0 0 0 0 48c0 256.5 207.9 464 464 464a24 24 0 0 0 23.4-18.6l24-104a24.29 24.29 0 0 0-14.01-27.6z\"><\/path><\/svg>\t\t\t\t\t\t<\/span>\n\t\t\t\t\t\t\t\t\t\t<span class=\"elementor-icon-list-text\">+41 78 209 02 89<\/span>\n\t\t\t\t\t\t\t\t\t\t\t<\/a>\n\t\t\t\t\t\t\t\t\t<\/li>\n\t\t\t\t\t\t<\/ul>\n\t\t\t\t\t\t<\/div>\n\t\t\t\t<\/div>\n\t\t\t\t<\/div>\n\t\t\t\t<\/div>\n\t\t\t\t\t<\/div>\n\t\t\t\t<\/div>\n\t\t\t\t<\/div>\n\t\t","protected":false},"featured_media":0,"template":"elementor_header_footer","class_list":["post-25989","infographie","type-infographie","status-publish","hentry"],"yoast_head":"<!-- This site is optimized with the Yoast SEO plugin v27.5 - https:\/\/yoast.com\/product\/yoast-seo-wordpress\/ -->\n<title>Les expressions faciales contribuent-elles \u00e0 la formation des rides ? - Dr Romano<\/title>\n<meta name=\"description\" content=\"R\u00f4le des expressions faciales dans la formation des rides d\u2019expression : m\u00e9canismes musculaires, zones concern\u00e9es, fr\u00e9quence des mouvements et vieillissement cutan\u00e9.\" \/>\n<meta name=\"robots\" content=\"index, follow, max-snippet:-1, max-image-preview:large, max-video-preview:-1\" \/>\n<link rel=\"canonical\" href=\"https:\/\/drromanovaleria.ch\/en\/infographic\/facial-expressions-wrinkle-formation\/\" \/>\n<meta property=\"og:locale\" content=\"en_GB\" \/>\n<meta property=\"og:type\" content=\"article\" \/>\n<meta property=\"og:title\" content=\"Les expressions faciales contribuent-elles \u00e0 la formation des rides ? - Dr Romano\" \/>\n<meta property=\"og:description\" content=\"R\u00f4le des expressions faciales dans la formation des rides d\u2019expression : m\u00e9canismes musculaires, zones concern\u00e9es, fr\u00e9quence des mouvements et vieillissement cutan\u00e9.\" \/>\n<meta property=\"og:url\" content=\"https:\/\/drromanovaleria.ch\/en\/infographic\/facial-expressions-wrinkle-formation\/\" \/>\n<meta property=\"og:site_name\" content=\"Dr Romano\" \/>\n<meta property=\"article:modified_time\" content=\"2025-11-06T11:45:28+00:00\" \/>\n<meta property=\"og:image\" content=\"https:\/\/drromanovaleria.ch\/wp-content\/uploads\/2024\/05\/hydratation-peau.webp\" \/>\n\t<meta property=\"og:image:width\" content=\"300\" \/>\n\t<meta property=\"og:image:height\" content=\"220\" \/>\n\t<meta property=\"og:image:type\" content=\"image\/webp\" \/>\n<meta name=\"twitter:card\" content=\"summary_large_image\" \/>\n<meta name=\"twitter:label1\" content=\"Estimated reading time\" \/>\n\t<meta name=\"twitter:data1\" content=\"10 minutes\" \/>\n<script type=\"application\/ld+json\" class=\"yoast-schema-graph\">{\"@context\":\"https:\\\/\\\/schema.org\",\"@graph\":[{\"@type\":\"WebPage\",\"@id\":\"https:\\\/\\\/drromanovaleria.ch\\\/infographie\\\/expressions-faciales-apparition-rides\\\/\",\"url\":\"https:\\\/\\\/drromanovaleria.ch\\\/infographie\\\/expressions-faciales-apparition-rides\\\/\",\"name\":\"Les expressions faciales contribuent-elles \u00e0 la formation des rides ? - Dr Romano\",\"isPartOf\":{\"@id\":\"https:\\\/\\\/drromanovaleria.ch\\\/#website\"},\"primaryImageOfPage\":{\"@id\":\"https:\\\/\\\/drromanovaleria.ch\\\/infographie\\\/expressions-faciales-apparition-rides\\\/#primaryimage\"},\"image\":{\"@id\":\"https:\\\/\\\/drromanovaleria.ch\\\/infographie\\\/expressions-faciales-apparition-rides\\\/#primaryimage\"},\"thumbnailUrl\":\"https:\\\/\\\/drromanovaleria.ch\\\/wp-content\\\/uploads\\\/2024\\\/05\\\/hydratation-peau.webp\",\"datePublished\":\"2025-05-08T11:10:46+00:00\",\"dateModified\":\"2025-11-06T11:45:28+00:00\",\"description\":\"R\u00f4le des expressions faciales dans la formation des rides d\u2019expression : m\u00e9canismes musculaires, zones concern\u00e9es, fr\u00e9quence des mouvements et vieillissement cutan\u00e9.\",\"breadcrumb\":{\"@id\":\"https:\\\/\\\/drromanovaleria.ch\\\/infographie\\\/expressions-faciales-apparition-rides\\\/#breadcrumb\"},\"inLanguage\":\"en-GB\",\"potentialAction\":[{\"@type\":\"ReadAction\",\"target\":[\"https:\\\/\\\/drromanovaleria.ch\\\/infographie\\\/expressions-faciales-apparition-rides\\\/\"]}]},{\"@type\":\"ImageObject\",\"inLanguage\":\"en-GB\",\"@id\":\"https:\\\/\\\/drromanovaleria.ch\\\/infographie\\\/expressions-faciales-apparition-rides\\\/#primaryimage\",\"url\":\"https:\\\/\\\/drromanovaleria.ch\\\/wp-content\\\/uploads\\\/2024\\\/05\\\/hydratation-peau.webp\",\"contentUrl\":\"https:\\\/\\\/drromanovaleria.ch\\\/wp-content\\\/uploads\\\/2024\\\/05\\\/hydratation-peau.webp\"},{\"@type\":\"BreadcrumbList\",\"@id\":\"https:\\\/\\\/drromanovaleria.ch\\\/infographie\\\/expressions-faciales-apparition-rides\\\/#breadcrumb\",\"itemListElement\":[{\"@type\":\"ListItem\",\"position\":1,\"name\":\"Accueil\",\"item\":\"https:\\\/\\\/drromanovaleria.ch\\\/\"},{\"@type\":\"ListItem\",\"position\":2,\"name\":\"Infographie\",\"item\":\"https:\\\/\\\/drromanovaleria.ch\\\/infographie\\\/\"},{\"@type\":\"ListItem\",\"position\":3,\"name\":\"Les expressions faciales contribuent-elles \u00e0 la formation des rides ?\"}]},{\"@type\":\"WebSite\",\"@id\":\"https:\\\/\\\/drromanovaleria.ch\\\/#website\",\"url\":\"https:\\\/\\\/drromanovaleria.ch\\\/\",\"name\":\"Dr Romano\",\"description\":\"M\u00e9decine morphologique et anti-\u00e2ge\",\"potentialAction\":[{\"@type\":\"SearchAction\",\"target\":{\"@type\":\"EntryPoint\",\"urlTemplate\":\"https:\\\/\\\/drromanovaleria.ch\\\/?s={search_term_string}\"},\"query-input\":{\"@type\":\"PropertyValueSpecification\",\"valueRequired\":true,\"valueName\":\"search_term_string\"}}],\"inLanguage\":\"en-GB\"}]}<\/script>\n<!-- \/ Yoast SEO plugin. -->","yoast_head_json":{"title":"Do facial expressions contribute to the formation of wrinkles ? - Dr Romano","description":"Role of facial expressions in the formation of expression lines : muscular mechanisms, affected areas, frequency of movements and skin aging.","robots":{"index":"index","follow":"follow","max-snippet":"max-snippet:-1","max-image-preview":"max-image-preview:large","max-video-preview":"max-video-preview:-1"},"canonical":"https:\/\/drromanovaleria.ch\/en\/infographic\/facial-expressions-wrinkle-formation\/","og_locale":"en_GB","og_type":"article","og_title":"Les expressions faciales contribuent-elles \u00e0 la formation des rides ? - Dr Romano","og_description":"R\u00f4le des expressions faciales dans la formation des rides d\u2019expression : m\u00e9canismes musculaires, zones concern\u00e9es, fr\u00e9quence des mouvements et vieillissement cutan\u00e9.","og_url":"https:\/\/drromanovaleria.ch\/en\/infographic\/facial-expressions-wrinkle-formation\/","og_site_name":"Dr Romano","article_modified_time":"2025-11-06T11:45:28+00:00","og_image":[{"width":300,"height":220,"url":"https:\/\/drromanovaleria.ch\/wp-content\/uploads\/2024\/05\/hydratation-peau.webp","type":"image\/webp"}],"twitter_card":"summary_large_image","twitter_misc":{"Estimated reading time":"10 minutes"},"schema":{"@context":"https:\/\/schema.org","@graph":[{"@type":"WebPage","@id":"https:\/\/drromanovaleria.ch\/infographie\/expressions-faciales-apparition-rides\/","url":"https:\/\/drromanovaleria.ch\/infographie\/expressions-faciales-apparition-rides\/","name":"Do facial expressions contribute to the formation of wrinkles ? - Dr Romano","isPartOf":{"@id":"https:\/\/drromanovaleria.ch\/#website"},"primaryImageOfPage":{"@id":"https:\/\/drromanovaleria.ch\/infographie\/expressions-faciales-apparition-rides\/#primaryimage"},"image":{"@id":"https:\/\/drromanovaleria.ch\/infographie\/expressions-faciales-apparition-rides\/#primaryimage"},"thumbnailUrl":"https:\/\/drromanovaleria.ch\/wp-content\/uploads\/2024\/05\/hydratation-peau.webp","datePublished":"2025-05-08T11:10:46+00:00","dateModified":"2025-11-06T11:45:28+00:00","description":"Role of facial expressions in the formation of expression lines : muscular mechanisms, affected areas, frequency of movements and skin aging.","breadcrumb":{"@id":"https:\/\/drromanovaleria.ch\/infographie\/expressions-faciales-apparition-rides\/#breadcrumb"},"inLanguage":"en-GB","potentialAction":[{"@type":"ReadAction","target":["https:\/\/drromanovaleria.ch\/infographie\/expressions-faciales-apparition-rides\/"]}]},{"@type":"ImageObject","inLanguage":"en-GB","@id":"https:\/\/drromanovaleria.ch\/infographie\/expressions-faciales-apparition-rides\/#primaryimage","url":"https:\/\/drromanovaleria.ch\/wp-content\/uploads\/2024\/05\/hydratation-peau.webp","contentUrl":"https:\/\/drromanovaleria.ch\/wp-content\/uploads\/2024\/05\/hydratation-peau.webp"},{"@type":"BreadcrumbList","@id":"https:\/\/drromanovaleria.ch\/infographie\/expressions-faciales-apparition-rides\/#breadcrumb","itemListElement":[{"@type":"ListItem","position":1,"name":"Accueil","item":"https:\/\/drromanovaleria.ch\/"},{"@type":"ListItem","position":2,"name":"Infographie","item":"https:\/\/drromanovaleria.ch\/infographie\/"},{"@type":"ListItem","position":3,"name":"Les expressions faciales contribuent-elles \u00e0 la formation des rides ?"}]},{"@type":"WebSite","@id":"https:\/\/drromanovaleria.ch\/#website","url":"https:\/\/drromanovaleria.ch\/","name":"Dr Romano","description":"Morphological and anti-ageing medicine","potentialAction":[{"@type":"SearchAction","target":{"@type":"EntryPoint","urlTemplate":"https:\/\/drromanovaleria.ch\/?s={search_term_string}"},"query-input":{"@type":"PropertyValueSpecification","valueRequired":true,"valueName":"search_term_string"}}],"inLanguage":"en-GB"}]}},"_links":{"self":[{"href":"https:\/\/drromanovaleria.ch\/en\/wp-json\/wp\/v2\/infographie\/25989","targetHints":{"allow":["GET"]}}],"collection":[{"href":"https:\/\/drromanovaleria.ch\/en\/wp-json\/wp\/v2\/infographie"}],"about":[{"href":"https:\/\/drromanovaleria.ch\/en\/wp-json\/wp\/v2\/types\/infographie"}],"version-history":[{"count":5,"href":"https:\/\/drromanovaleria.ch\/en\/wp-json\/wp\/v2\/infographie\/25989\/revisions"}],"predecessor-version":[{"id":43228,"href":"https:\/\/drromanovaleria.ch\/en\/wp-json\/wp\/v2\/infographie\/25989\/revisions\/43228"}],"wp:attachment":[{"href":"https:\/\/drromanovaleria.ch\/en\/wp-json\/wp\/v2\/media?parent=25989"}],"curies":[{"name":"wp","href":"https:\/\/api.w.org\/{rel}","templated":true}]}}