{"id":25983,"date":"2025-05-08T13:07:29","date_gmt":"2025-05-08T11:07:29","guid":{"rendered":"https:\/\/drromanovaleria.ch\/?post_type=infographie&#038;p=25983"},"modified":"2025-11-06T13:42:13","modified_gmt":"2025-11-06T12:42:13","slug":"static-wrinkles-treatment","status":"publish","type":"infographie","link":"https:\/\/drromanovaleria.ch\/en\/infographie\/traitement-rides-statiques\/","title":{"rendered":"How do you combat static wrinkles ?"},"content":{"rendered":"\t\t<div data-elementor-type=\"wp-post\" data-elementor-id=\"25983\" class=\"elementor elementor-25983\" data-elementor-post-type=\"infographie\">\n\t\t\t\t<div class=\"elementor-element elementor-element-a3c5e32 e-flex e-con-boxed e-con e-parent\" data-id=\"a3c5e32\" data-element_type=\"container\" data-e-type=\"container\" data-settings=\"{&quot;background_background&quot;:&quot;classic&quot;,&quot;jet_parallax_layout_list&quot;:[]}\">\n\t\t\t\t\t<div class=\"e-con-inner\">\n\t\t<div class=\"elementor-element elementor-element-66d6a92 e-con-full e-flex e-con e-child\" data-id=\"66d6a92\" data-element_type=\"container\" data-e-type=\"container\" data-settings=\"{&quot;background_background&quot;:&quot;classic&quot;,&quot;jet_parallax_layout_list&quot;:[]}\">\n\t\t\t\t<div class=\"elementor-element elementor-element-99a998b elementor-widget__width-initial elementor-widget elementor-widget-heading\" data-id=\"99a998b\" data-element_type=\"widget\" data-e-type=\"widget\" data-widget_type=\"heading.default\">\n\t\t\t\t<div class=\"elementor-widget-container\">\n\t\t\t\t\t<h1 class=\"elementor-heading-title elementor-size-default\">COMMENT COMBATTRE LES RIDES STATIQUES ?<\/h1>\t\t\t\t<\/div>\n\t\t\t\t<\/div>\n\t\t\t\t<div class=\"elementor-element elementor-element-4de26b6 elementor-align-center elementor-widget elementor-widget-breadcrumbs\" data-id=\"4de26b6\" data-element_type=\"widget\" data-e-type=\"widget\" data-widget_type=\"breadcrumbs.default\">\n\t\t\t\t<div class=\"elementor-widget-container\">\n\t\t\t\t\t<p id=\"breadcrumbs\"><span><span><a href=\"https:\/\/drromanovaleria.ch\/\">Accueil<\/a><\/span><\/span><\/p>\t\t\t\t<\/div>\n\t\t\t\t<\/div>\n\t\t\t\t<\/div>\n\t\t\t\t\t<\/div>\n\t\t\t\t<\/div>\n\t\t<div class=\"elementor-element elementor-element-9bb2f17 e-flex e-con-boxed e-con e-parent\" data-id=\"9bb2f17\" data-element_type=\"container\" data-e-type=\"container\" data-settings=\"{&quot;jet_parallax_layout_list&quot;:[]}\">\n\t\t\t\t\t<div class=\"e-con-inner\">\n\t\t<div class=\"elementor-element elementor-element-b5fe6c8 e-flex e-con-boxed e-con e-child\" data-id=\"b5fe6c8\" data-element_type=\"container\" data-e-type=\"container\" data-settings=\"{&quot;jet_parallax_layout_list&quot;:[]}\">\n\t\t\t\t\t<div class=\"e-con-inner\">\n\t\t<div class=\"elementor-element elementor-element-84ad155 e-con-full e-flex e-con e-child\" data-id=\"84ad155\" data-element_type=\"container\" data-e-type=\"container\" data-settings=\"{&quot;background_background&quot;:&quot;classic&quot;,&quot;jet_parallax_layout_list&quot;:[]}\">\n\t\t\t\t<div class=\"elementor-element elementor-element-982f975 elementor-widget elementor-widget-text-editor\" data-id=\"982f975\" data-element_type=\"widget\" data-e-type=\"widget\" data-widget_type=\"text-editor.default\">\n\t\t\t\t<div class=\"elementor-widget-container\">\n\t\t\t\t\t\t\t\t\t<h2>Comblement des rides \u00e0 Gen\u00e8ve<\/h2>\t\t\t\t\t\t\t\t<\/div>\n\t\t\t\t<\/div>\n\t\t\t\t<div class=\"elementor-element elementor-element-80ff8f3 elementor-widget elementor-widget-text-editor\" data-id=\"80ff8f3\" data-element_type=\"widget\" data-e-type=\"widget\" data-widget_type=\"text-editor.default\">\n\t\t\t\t<div class=\"elementor-widget-container\">\n\t\t\t\t\t\t\t\t\t<p>Avec le temps, les <a href=\"https:\/\/drromanovaleria.ch\/besoins\/rides\/\">rides<\/a> d\u2019expression c\u00e8dent la place aux rides statiques, visibles m\u00eame lorsque le visage est au repos. Contrairement aux ridules li\u00e9es \u00e0 la d\u00e9shydratation ou aux plis dynamiques provoqu\u00e9s par les mimiques, les rides statiques traduisent une alt\u00e9ration profonde de la structure dermique : perte de collag\u00e8ne, fonte des volumes, rel\u00e2chement tissulaire.<br \/>Ces rides sont plus difficiles \u00e0 traiter, car elles sont le reflet d\u2019un vieillissement dermique install\u00e9. Toutefois, il existe des solutions efficaces pour en att\u00e9nuer la profondeur, restaurer les volumes perdus et pr\u00e9venir leur progression. Ces traitements doivent \u00eatre personnalis\u00e9s et fond\u00e9s sur une analyse morphologique pr\u00e9cise.<\/p>\t\t\t\t\t\t\t\t<\/div>\n\t\t\t\t<\/div>\n\t\t\t\t<\/div>\n\t\t\t\t\t<\/div>\n\t\t\t\t<\/div>\n\t\t<div class=\"elementor-element elementor-element-1028581 e-flex e-con-boxed e-con e-child\" data-id=\"1028581\" data-element_type=\"container\" data-e-type=\"container\" data-settings=\"{&quot;jet_parallax_layout_list&quot;:[]}\">\n\t\t\t\t\t<div class=\"e-con-inner\">\n\t\t\t\t<div class=\"elementor-element elementor-element-deef8a9 elementor-widget elementor-widget-image\" data-id=\"deef8a9\" data-element_type=\"widget\" data-e-type=\"widget\" data-widget_type=\"image.default\">\n\t\t\t\t<div class=\"elementor-widget-container\">\n\t\t\t\t\t\t\t\t\t\t\t\t\t\t\t<img fetchpriority=\"high\" decoding=\"async\" width=\"300\" height=\"220\" src=\"https:\/\/drromanovaleria.ch\/wp-content\/uploads\/2024\/05\/hydratation-peau.webp\" class=\"attachment-medium size-medium wp-image-4852\" alt=\"image peau jeune hydrat\u00e9e\" srcset=\"https:\/\/drromanovaleria.ch\/wp-content\/uploads\/2024\/05\/hydratation-peau.webp 300w, https:\/\/drromanovaleria.ch\/wp-content\/uploads\/2024\/05\/hydratation-peau-16x12.webp 16w\" sizes=\"(max-width: 300px) 100vw, 300px\" \/>\t\t\t\t\t\t\t\t\t\t\t\t\t\t\t<\/div>\n\t\t\t\t<\/div>\n\t\t\t\t<div class=\"elementor-element elementor-element-437b2b1 elementor-align-center elementor-widget elementor-widget-button\" data-id=\"437b2b1\" data-element_type=\"widget\" data-e-type=\"widget\" data-widget_type=\"button.default\">\n\t\t\t\t<div class=\"elementor-widget-container\">\n\t\t\t\t\t\t\t\t\t<div class=\"elementor-button-wrapper\">\n\t\t\t\t\t<a class=\"elementor-button elementor-button-link elementor-size-sm\" href=\"https:\/\/drromanovaleria.ch\/contactez-le-dr-romano\/\">\n\t\t\t\t\t\t<span class=\"elementor-button-content-wrapper\">\n\t\t\t\t\t\t\t\t\t<span class=\"elementor-button-text\">Prendre rendez-vous<\/span>\n\t\t\t\t\t<\/span>\n\t\t\t\t\t<\/a>\n\t\t\t\t<\/div>\n\t\t\t\t\t\t\t\t<\/div>\n\t\t\t\t<\/div>\n\t\t\t\t\t<\/div>\n\t\t\t\t<\/div>\n\t\t\t\t\t<\/div>\n\t\t\t\t<\/div>\n\t\t<div class=\"elementor-element elementor-element-93a3d0d e-flex e-con-boxed e-con e-parent\" data-id=\"93a3d0d\" data-element_type=\"container\" data-e-type=\"container\" data-settings=\"{&quot;jet_parallax_layout_list&quot;:[]}\">\n\t\t\t\t\t<div class=\"e-con-inner\">\n\t\t\t\t<div class=\"elementor-element elementor-element-0c35064 elementor-toc--content-ellipsis elementor-toc--minimized-on-desktop elementor-widget elementor-widget-table-of-contents\" data-id=\"0c35064\" data-element_type=\"widget\" data-e-type=\"widget\" data-settings=\"{&quot;exclude_headings_by_selector&quot;:[],&quot;minimized_on&quot;:&quot;desktop&quot;,&quot;no_headings_message&quot;:&quot;Aucun titre n\\u2019a \\u00e9t\\u00e9 trouv\\u00e9 sur cette page.&quot;,&quot;headings_by_tags&quot;:[&quot;h2&quot;,&quot;h3&quot;,&quot;h4&quot;,&quot;h5&quot;,&quot;h6&quot;],&quot;marker_view&quot;:&quot;numbers&quot;,&quot;minimize_box&quot;:&quot;yes&quot;,&quot;hierarchical_view&quot;:&quot;yes&quot;,&quot;min_height&quot;:{&quot;unit&quot;:&quot;px&quot;,&quot;size&quot;:&quot;&quot;,&quot;sizes&quot;:[]},&quot;min_height_tablet&quot;:{&quot;unit&quot;:&quot;px&quot;,&quot;size&quot;:&quot;&quot;,&quot;sizes&quot;:[]},&quot;min_height_mobile&quot;:{&quot;unit&quot;:&quot;px&quot;,&quot;size&quot;:&quot;&quot;,&quot;sizes&quot;:[]}}\" data-widget_type=\"table-of-contents.default\">\n\t\t\t\t<div class=\"elementor-widget-container\">\n\t\t\t\t\t\t\t\t\t<div class=\"elementor-toc__header\">\n\t\t\t\t\t\t<h2 class=\"elementor-toc__header-title\">\n\t\t\t\tSommaire\t\t\t<\/h2>\n\t\t\t\t\t\t\t\t\t\t<div class=\"elementor-toc__toggle-button elementor-toc__toggle-button--expand\" role=\"button\" tabindex=\"0\" aria-controls=\"elementor-toc__0c35064\" aria-expanded=\"true\" aria-label=\"Open table of contents\"><svg aria-hidden=\"true\" class=\"e-font-icon-svg e-fas-chevron-down\" viewBox=\"0 0 448 512\" xmlns=\"http:\/\/www.w3.org\/2000\/svg\"><path d=\"M207.029 381.476L12.686 187.132c-9.373-9.373-9.373-24.569 0-33.941l22.667-22.667c9.357-9.357 24.522-9.375 33.901-.04L224 284.505l154.745-154.021c9.379-9.335 24.544-9.317 33.901.04l22.667 22.667c9.373 9.373 9.373 24.569 0 33.941L240.971 381.476c-9.373 9.372-24.569 9.372-33.942 0z\"><\/path><\/svg><\/div>\n\t\t\t\t<div class=\"elementor-toc__toggle-button elementor-toc__toggle-button--collapse\" role=\"button\" tabindex=\"0\" aria-controls=\"elementor-toc__0c35064\" aria-expanded=\"true\" aria-label=\"Close table of contents\"><svg aria-hidden=\"true\" class=\"e-font-icon-svg e-fas-chevron-up\" viewBox=\"0 0 448 512\" xmlns=\"http:\/\/www.w3.org\/2000\/svg\"><path d=\"M240.971 130.524l194.343 194.343c9.373 9.373 9.373 24.569 0 33.941l-22.667 22.667c-9.357 9.357-24.522 9.375-33.901.04L224 227.495 69.255 381.516c-9.379 9.335-24.544 9.317-33.901-.04l-22.667-22.667c-9.373-9.373-9.373-24.569 0-33.941L207.03 130.525c9.372-9.373 24.568-9.373 33.941-.001z\"><\/path><\/svg><\/div>\n\t\t\t\t\t<\/div>\n\t\t\t\t<div id=\"elementor-toc__0c35064\" class=\"elementor-toc__body\">\n\t\t\t<div class=\"elementor-toc__spinner-container\">\n\t\t\t\t<svg class=\"elementor-toc__spinner eicon-animation-spin e-font-icon-svg e-eicon-loading\" aria-hidden=\"true\" viewBox=\"0 0 1000 1000\" xmlns=\"http:\/\/www.w3.org\/2000\/svg\"><path d=\"M500 975V858C696 858 858 696 858 500S696 142 500 142 142 304 142 500H25C25 237 238 25 500 25S975 237 975 500 763 975 500 975Z\"><\/path><\/svg>\t\t\t<\/div>\n\t\t<\/div>\n\t\t\t\t\t\t<\/div>\n\t\t\t\t<\/div>\n\t\t\t\t\t<\/div>\n\t\t\t\t<\/div>\n\t\t<div class=\"elementor-element elementor-element-61840cf e-flex e-con-boxed e-con e-parent\" data-id=\"61840cf\" data-element_type=\"container\" data-e-type=\"container\" data-settings=\"{&quot;jet_parallax_layout_list&quot;:[]}\">\n\t\t\t\t\t<div class=\"e-con-inner\">\n\t\t\t\t<div class=\"elementor-element elementor-element-35d8c88 elementor-widget elementor-widget-text-editor\" data-id=\"35d8c88\" data-element_type=\"widget\" data-e-type=\"widget\" data-widget_type=\"text-editor.default\">\n\t\t\t\t<div class=\"elementor-widget-container\">\n\t\t\t\t\t\t\t\t\t<h2>Qu\u2019est-ce qu\u2019une ride statique ?<\/h2>\t\t\t\t\t\t\t\t<\/div>\n\t\t\t\t<\/div>\n\t\t\t\t<div class=\"elementor-element elementor-element-ec8edb7 elementor-widget-divider--view-line elementor-widget elementor-widget-divider\" data-id=\"ec8edb7\" data-element_type=\"widget\" data-e-type=\"widget\" data-widget_type=\"divider.default\">\n\t\t\t\t<div class=\"elementor-widget-container\">\n\t\t\t\t\t\t\t<div class=\"elementor-divider\">\n\t\t\t<span class=\"elementor-divider-separator\">\n\t\t\t\t\t\t<\/span>\n\t\t<\/div>\n\t\t\t\t\t\t<\/div>\n\t\t\t\t<\/div>\n\t\t\t\t<div class=\"elementor-element elementor-element-b1075ed elementor-widget elementor-widget-text-editor\" data-id=\"b1075ed\" data-element_type=\"widget\" data-e-type=\"widget\" data-widget_type=\"text-editor.default\">\n\t\t\t\t<div class=\"elementor-widget-container\">\n\t\t\t\t\t\t\t\t\t<p>Les rides statiques sont des plis cutan\u00e9s pr\u00e9sents au repos, c\u2019est-\u00e0-dire ind\u00e9pendants de l\u2019activit\u00e9 musculaire. Elles r\u00e9sultent d\u2019une modification de la structure du derme profond, survenue au fil du temps sous l\u2019effet de facteurs intrins\u00e8ques (vieillissement naturel) et extrins\u00e8ques (UV, pollution, tabac, stress oxydatif, nutrition).<br \/>Avec l\u2019\u00e2ge, la production de collag\u00e8ne (types I et III) et d\u2019\u00e9lastine diminue, tandis que leur d\u00e9gradation s\u2019acc\u00e9l\u00e8re. Les fibres restantes deviennent fragment\u00e9es, d\u00e9sorganis\u00e9es et moins fonctionnelles, ce qui entra\u00eene une perte de fermet\u00e9 et une incapacit\u00e9 du derme \u00e0 r\u00e9sister \u00e0 la gravit\u00e9.<br \/>La r\u00e9sorption osseuse, la fonte graisseuse sous-cutan\u00e9e et le rel\u00e2chement des muscles du visage modifient les rapports de tension du visage. La peau, priv\u00e9e de soutien profond, se plisse et se d\u00e9tend, m\u00eame en l\u2019absence de contraction musculaire.<br \/>Selon une \u00e9tude publi\u00e9e dans <em>Dermatologic Surgery<\/em> (2018), le collag\u00e8ne dermique diminue de 1 % par an d\u00e8s 25 ans, et l\u2019\u00e9lasticit\u00e9 cutan\u00e9e est r\u00e9duite de 15 \u00e0 20 % entre 40 et 50 ans. Les rides statiques commencent g\u00e9n\u00e9ralement \u00e0 appara\u00eetre autour de 45 ans, mais peuvent se manifester plus t\u00f4t.<\/p>\t\t\t\t\t\t\t\t<\/div>\n\t\t\t\t<\/div>\n\t\t\t\t\t<\/div>\n\t\t\t\t<\/div>\n\t\t<div class=\"elementor-element elementor-element-6ec24b6 e-flex e-con-boxed e-con e-parent\" data-id=\"6ec24b6\" data-element_type=\"container\" data-e-type=\"container\" data-settings=\"{&quot;jet_parallax_layout_list&quot;:[]}\">\n\t\t\t\t\t<div class=\"e-con-inner\">\n\t\t\t\t<div class=\"elementor-element elementor-element-a17e014 elementor-widget elementor-widget-text-editor\" data-id=\"a17e014\" data-element_type=\"widget\" data-e-type=\"widget\" data-widget_type=\"text-editor.default\">\n\t\t\t\t<div class=\"elementor-widget-container\">\n\t\t\t\t\t\t\t\t\t<h2>Quelles zones sont le plus concern\u00e9es par les rides statiques ?<\/h2>\t\t\t\t\t\t\t\t<\/div>\n\t\t\t\t<\/div>\n\t\t\t\t<div class=\"elementor-element elementor-element-db41682 elementor-widget-divider--view-line elementor-widget elementor-widget-divider\" data-id=\"db41682\" data-element_type=\"widget\" data-e-type=\"widget\" data-widget_type=\"divider.default\">\n\t\t\t\t<div class=\"elementor-widget-container\">\n\t\t\t\t\t\t\t<div class=\"elementor-divider\">\n\t\t\t<span class=\"elementor-divider-separator\">\n\t\t\t\t\t\t<\/span>\n\t\t<\/div>\n\t\t\t\t\t\t<\/div>\n\t\t\t\t<\/div>\n\t\t\t\t<div class=\"elementor-element elementor-element-474a207 elementor-widget elementor-widget-text-editor\" data-id=\"474a207\" data-element_type=\"widget\" data-e-type=\"widget\" data-widget_type=\"text-editor.default\">\n\t\t\t\t<div class=\"elementor-widget-container\">\n\t\t\t\t\t\t\t\t\t<p>Les rides statiques suivent une topographie pr\u00e9visible, li\u00e9e \u00e0 la morphologie du visage et aux zones de faiblesse structurelle.<\/p><ul><li><a href=\"https:\/\/drromanovaleria.ch\/besoins\/rides\/sillon-nasogenien\/\">Sillons nasog\u00e9niens<\/a> (entre l\u2019aile du nez et la commissure labiale) : il s\u2019agit d\u2019un creusement progressif li\u00e9 \u00e0 la fonte des pommettes.<\/li><li><a href=\"https:\/\/drromanovaleria.ch\/besoins\/rides\/plis-amertume\/\">Plis d\u2019amertume<\/a> : rides obliques sous les coins de la bouche, marquant une perte de soutien du tiers inf\u00e9rieur du visage.<\/li><li>Rides p\u00e9ribuccales : verticales autour de la bouche, parfois accentu\u00e9es par la gestuelle (parole, tabac), mais souvent pr\u00e9sentes au repos.<\/li><li>Rides jugales : sur les joues, notamment en cas de peau fine ou d\u00e9shydrat\u00e9e.<\/li><li>Rides du cou et plis cervico-mentonniers, li\u00e9s au rel\u00e2chement cutan\u00e9 global.<\/li><\/ul>\t\t\t\t\t\t\t\t<\/div>\n\t\t\t\t<\/div>\n\t\t\t\t\t<\/div>\n\t\t\t\t<\/div>\n\t\t<div class=\"elementor-element elementor-element-d16ba64 e-flex e-con-boxed e-con e-parent\" data-id=\"d16ba64\" data-element_type=\"container\" data-e-type=\"container\" data-settings=\"{&quot;jet_parallax_layout_list&quot;:[]}\">\n\t\t\t\t\t<div class=\"e-con-inner\">\n\t\t\t\t<div class=\"elementor-element elementor-element-8dbf37d elementor-widget elementor-widget-text-editor\" data-id=\"8dbf37d\" data-element_type=\"widget\" data-e-type=\"widget\" data-widget_type=\"text-editor.default\">\n\t\t\t\t<div class=\"elementor-widget-container\">\n\t\t\t\t\t\t\t\t\t<h2>Quels traitements pour att\u00e9nuer les rides statiques ?<\/h2>\t\t\t\t\t\t\t\t<\/div>\n\t\t\t\t<\/div>\n\t\t\t\t<div class=\"elementor-element elementor-element-06c7b2b elementor-widget-divider--view-line elementor-widget elementor-widget-divider\" data-id=\"06c7b2b\" data-element_type=\"widget\" data-e-type=\"widget\" data-widget_type=\"divider.default\">\n\t\t\t\t<div class=\"elementor-widget-container\">\n\t\t\t\t\t\t\t<div class=\"elementor-divider\">\n\t\t\t<span class=\"elementor-divider-separator\">\n\t\t\t\t\t\t<\/span>\n\t\t<\/div>\n\t\t\t\t\t\t<\/div>\n\t\t\t\t<\/div>\n\t\t\t\t<div class=\"elementor-element elementor-element-d1864cb elementor-widget elementor-widget-text-editor\" data-id=\"d1864cb\" data-element_type=\"widget\" data-e-type=\"widget\" data-widget_type=\"text-editor.default\">\n\t\t\t\t<div class=\"elementor-widget-container\">\n\t\t\t\t\t\t\t\t\t<p>La prise en charge des rides statiques repose sur une combinaison th\u00e9rapeutique adapt\u00e9e \u00e0 la profondeur de la ride, \u00e0 la qualit\u00e9 de la peau et \u00e0 la dynamique du visage.<\/p><h3>Acide hyaluronique : comblement des rides\u00a0<\/h3><p>L\u2019<a href=\"https:\/\/drromanovaleria.ch\/solutions\/injections\/acide-hayluronique\/\">acide hyaluronique<\/a> est le traitement de premi\u00e8re intention pour les rides statiques. Il permet de les combler directement, de restaurer les volumes (pommettes, vall\u00e9e des larmes, menton), de r\u00e9hydrater la peau, de lifter les tissus (technique de <a href=\"https:\/\/drromanovaleria.ch\/lifting-medical\/\">lifting m\u00e9dical<\/a>).<br \/>Le choix du produit d\u00e9pend de sa densit\u00e9, de la zone \u00e0 traiter et du degr\u00e9 de correction souhait\u00e9.<\/p><h3>Skinboosters : am\u00e9lioration de la qualit\u00e9 de la peau\u00a0<\/h3><p>Pour les peaux marqu\u00e9es, fines ou d\u00e9vitalis\u00e9es, les <a href=\"https:\/\/drromanovaleria.ch\/solutions\/injections\/skinbooster\/\">Skinboosters<\/a> (acide hyaluronique faiblement r\u00e9ticul\u00e9) sont particuli\u00e8rement efficaces. Ils restructurent le derme, am\u00e9liorent la qualit\u00e9 de la peau et att\u00e9nuent les ridules statiques superficielles.<br \/>Le protocole pr\u00e9voit 2 s\u00e9ances espac\u00e9es de 3 semaines, puis un entretien annuel.<\/p><h3>Peelings moyens pour les rides\u00a0<\/h3><p>Les <a href=\"https:\/\/drromanovaleria.ch\/solutions\/peeling\/peeling-moyen\/\">peelings moyens<\/a> permettent d&#8217;acc\u00e9l\u00e9rer la r\u00e9g\u00e9n\u00e9ration cutan\u00e9e, d\u2019exfolier les couches \u00e9pidermiques ab\u00eem\u00e9es et de stimuler la production de collag\u00e8ne. Ils sont particuli\u00e8rement indiqu\u00e9s pour les rides p\u00e9ribuccales, jugales et des paupi\u00e8res.<br \/>Le choix du protocole d\u00e9pend du phototype, de l\u2019\u00e9tat de la peau et du temps de r\u00e9cup\u00e9ration accept\u00e9 par le patient.<\/p><h3>Laser fractionn\u00e9 ablatif\u00a0<\/h3><p>Les <a href=\"https:\/\/drromanovaleria.ch\/solutions\/lasers\/laser-co2-fraxel\/\">lasers fractionn\u00e9s<\/a> (erbium, CO\u2082) sont des outils puissants pour traiter les rides statiques. Ils cr\u00e9ent des microperforations contr\u00f4l\u00e9es dans le derme, ce qui stimule la synth\u00e8se de collag\u00e8ne sans agresser l\u2019ensemble de la surface cutan\u00e9e.<br \/>Les r\u00e9sultats sont progressifs mais durables, avec un net raffermissement de la peau et une r\u00e9duction des rides fines \u00e0 mod\u00e9r\u00e9es.<\/p>\t\t\t\t\t\t\t\t<\/div>\n\t\t\t\t<\/div>\n\t\t\t\t\t<\/div>\n\t\t\t\t<\/div>\n\t\t<div class=\"elementor-element elementor-element-19f7326 e-flex e-con-boxed e-con e-parent\" data-id=\"19f7326\" data-element_type=\"container\" data-e-type=\"container\" data-settings=\"{&quot;jet_parallax_layout_list&quot;:[]}\">\n\t\t\t\t\t<div class=\"e-con-inner\">\n\t\t\t\t<div class=\"elementor-element elementor-element-a0a63a8 elementor-widget elementor-widget-text-editor\" data-id=\"a0a63a8\" data-element_type=\"widget\" data-e-type=\"widget\" data-widget_type=\"text-editor.default\">\n\t\t\t\t<div class=\"elementor-widget-container\">\n\t\t\t\t\t\t\t\t\t<h2>La toxine botulique fonctionne-t-elle sur les rides statiques ?<\/h2>\t\t\t\t\t\t\t\t<\/div>\n\t\t\t\t<\/div>\n\t\t\t\t<div class=\"elementor-element elementor-element-62f499b elementor-widget-divider--view-line elementor-widget elementor-widget-divider\" data-id=\"62f499b\" data-element_type=\"widget\" data-e-type=\"widget\" data-widget_type=\"divider.default\">\n\t\t\t\t<div class=\"elementor-widget-container\">\n\t\t\t\t\t\t\t<div class=\"elementor-divider\">\n\t\t\t<span class=\"elementor-divider-separator\">\n\t\t\t\t\t\t<\/span>\n\t\t<\/div>\n\t\t\t\t\t\t<\/div>\n\t\t\t\t<\/div>\n\t\t\t\t<div class=\"elementor-element elementor-element-17dedda elementor-widget elementor-widget-text-editor\" data-id=\"17dedda\" data-element_type=\"widget\" data-e-type=\"widget\" data-widget_type=\"text-editor.default\">\n\t\t\t\t<div class=\"elementor-widget-container\">\n\t\t\t\t\t\t\t\t\t<p>La <a href=\"https:\/\/drromanovaleria.ch\/solutions\/injections\/botox\/\">toxine botulique<\/a>\u00a0 est le traitement de r\u00e9f\u00e9rence pour certaines rides d\u2019expression, c\u2019est-\u00e0-dire les rides dites dynamiques, provoqu\u00e9es par la contraction r\u00e9p\u00e9t\u00e9e de certains muscles du visage (front, glabelle, pattes-d\u2019oie). En revanche, lorsqu\u2019une ride est statique, c\u2019est-\u00e0-dire visible m\u00eame sans contraction musculaire, l\u2019efficacit\u00e9 de la toxine botulique est faible, voire nulle, si le muscle n\u2019intervient pas dans sa formation.<br data-start=\"805\" data-end=\"808\" \/>Il existe toutefois des situations mixtes. Une ride d\u2019abord dynamique peut, avec le temps et sans traitement, s\u2019imprimer dans le derme et devenir partiellement statique. Dans ce cas, la toxine botulique permet de limiter le r\u00f4le du muscle et d\u2019emp\u00eacher l\u2019aggravation, mais il ne suffit pas \u00e0 corriger la profondeur de la ride. Pour obtenir un r\u00e9sultat satisfaisant, il doit \u00eatre associ\u00e9 \u00e0 d\u2019autres techniques, comme un comblement \u00e0 l\u2019acide hyaluronique ou un traitement de stimulation dermique, qui vont agir directement sur la structure de la peau.<br data-start=\"1346\" data-end=\"1349\" \/>C\u2019est pourquoi, lorsqu\u2019une ride statique est install\u00e9e, la toxine botulique seule ne peut pas combler, r\u00e9hydrater ou stimuler la production de collag\u00e8ne. Son r\u00f4le reste toutefois important dans un protocole global, o\u00f9 il agit de fa\u00e7on cibl\u00e9e et compl\u00e9mentaire pour un r\u00e9sultat naturel et durable.<\/p>\t\t\t\t\t\t\t\t<\/div>\n\t\t\t\t<\/div>\n\t\t\t\t\t<\/div>\n\t\t\t\t<\/div>\n\t\t<div class=\"elementor-element elementor-element-17d55e8 e-flex e-con-boxed e-con e-parent\" data-id=\"17d55e8\" data-element_type=\"container\" data-e-type=\"container\" data-settings=\"{&quot;jet_parallax_layout_list&quot;:[]}\">\n\t\t\t\t\t<div class=\"e-con-inner\">\n\t\t\t\t<div class=\"elementor-element elementor-element-f9df495 elementor-widget elementor-widget-text-editor\" data-id=\"f9df495\" data-element_type=\"widget\" data-e-type=\"widget\" data-widget_type=\"text-editor.default\">\n\t\t\t\t<div class=\"elementor-widget-container\">\n\t\t\t\t\t\t\t\t\t<h2>Comment ralentir la progression des rides statiques ?<\/h2>\t\t\t\t\t\t\t\t<\/div>\n\t\t\t\t<\/div>\n\t\t\t\t<div class=\"elementor-element elementor-element-95c0a4f elementor-widget-divider--view-line elementor-widget elementor-widget-divider\" data-id=\"95c0a4f\" data-element_type=\"widget\" data-e-type=\"widget\" data-widget_type=\"divider.default\">\n\t\t\t\t<div class=\"elementor-widget-container\">\n\t\t\t\t\t\t\t<div class=\"elementor-divider\">\n\t\t\t<span class=\"elementor-divider-separator\">\n\t\t\t\t\t\t<\/span>\n\t\t<\/div>\n\t\t\t\t\t\t<\/div>\n\t\t\t\t<\/div>\n\t\t\t\t<div class=\"elementor-element elementor-element-e48fc31 elementor-widget elementor-widget-text-editor\" data-id=\"e48fc31\" data-element_type=\"widget\" data-e-type=\"widget\" data-widget_type=\"text-editor.default\">\n\t\t\t\t<div class=\"elementor-widget-container\">\n\t\t\t\t\t\t\t\t\t<p data-start=\"173\" data-end=\"567\">Corriger une ride d\u00e9j\u00e0 install\u00e9e est une premi\u00e8re \u00e9tape importante. Mais en m\u00e9decine \u00e0 vis\u00e9e esth\u00e9tique on ne se limite pas \u00e0 effacer : on mise surtout sur la pr\u00e9vention, car il est toujours plus simple de ralentir l\u2019\u00e9volution d\u2019une ride que de la corriger une fois qu&#8217;elle est profond\u00e9ment marqu\u00e9e. L\u2019objectif est double : freiner l\u2019aggravation des rides existantes et retarder l\u2019apparition de nouvelles.<br \/>Cette d\u00e9marche repose avant tout sur des gestes simples mais essentiels. Une photoprotection quotidienne rigoureuse, avec une cr\u00e8me solaire \u00e0 SPF 50, reste la premi\u00e8re d\u00e9fense contre le vieillissement pr\u00e9matur\u00e9 li\u00e9 aux UV. \u00c0 cela s\u2019ajoute une routine dermocosm\u00e9tique adapt\u00e9e, int\u00e9grant des actifs cl\u00e9s comme les r\u00e9tino\u00efdes pour stimuler le renouvellement cellulaire, les antioxydants pour lutter contre le stress oxydatif et les peptides pour renforcer la structure cutan\u00e9e.<br \/>L\u2019hygi\u00e8ne de vie joue \u00e9galement un r\u00f4le d\u00e9terminant. Un sommeil r\u00e9parateur, une alimentation \u00e9quilibr\u00e9e, une bonne hydratation et l\u2019arr\u00eat du tabac sont autant de leviers qui pr\u00e9servent la jeunesse de la peau. Ces mesures quotidiennes s\u2019accompagnent id\u00e9alement d\u2019un suivi m\u00e9dical r\u00e9gulier. Des traitements comme les Skinboosters, qui apportent une hydratation profonde et durable, ou la m\u00e9soth\u00e9rapie, qui nourrit et revitalise la peau, permettent de maintenir une qualit\u00e9 de peau optimale au fil des ann\u00e9es.<br \/>En associant pr\u00e9vention active et entretien m\u00e9dical cibl\u00e9, il est possible non seulement de corriger les rides d\u00e9j\u00e0 pr\u00e9sentes, mais surtout de pr\u00e9server l\u2019\u00e9clat et la fermet\u00e9 du visage dans le temps.\u00a0<\/p>\t\t\t\t\t\t\t\t<\/div>\n\t\t\t\t<\/div>\n\t\t\t\t\t<\/div>\n\t\t\t\t<\/div>\n\t\t<div class=\"elementor-element elementor-element-f8dd014 e-flex e-con-boxed e-con e-parent\" data-id=\"f8dd014\" data-element_type=\"container\" data-e-type=\"container\" data-settings=\"{&quot;jet_parallax_layout_list&quot;:[]}\">\n\t\t\t\t\t<div class=\"e-con-inner\">\n\t\t\t\t<div class=\"elementor-element elementor-element-34ddc0e elementor-widget elementor-widget-text-editor\" data-id=\"34ddc0e\" data-element_type=\"widget\" data-e-type=\"widget\" data-widget_type=\"text-editor.default\">\n\t\t\t\t<div class=\"elementor-widget-container\">\n\t\t\t\t\t\t\t\t\t<h2>La qualit\u00e9 de peau et la formation des rides statiques<\/h2>\t\t\t\t\t\t\t\t<\/div>\n\t\t\t\t<\/div>\n\t\t\t\t<div class=\"elementor-element elementor-element-49e2390 elementor-widget-divider--view-line elementor-widget elementor-widget-divider\" data-id=\"49e2390\" data-element_type=\"widget\" data-e-type=\"widget\" data-widget_type=\"divider.default\">\n\t\t\t\t<div class=\"elementor-widget-container\">\n\t\t\t\t\t\t\t<div class=\"elementor-divider\">\n\t\t\t<span class=\"elementor-divider-separator\">\n\t\t\t\t\t\t<\/span>\n\t\t<\/div>\n\t\t\t\t\t\t<\/div>\n\t\t\t\t<\/div>\n\t\t\t\t<div class=\"elementor-element elementor-element-f318411 elementor-widget elementor-widget-text-editor\" data-id=\"f318411\" data-element_type=\"widget\" data-e-type=\"widget\" data-widget_type=\"text-editor.default\">\n\t\t\t\t<div class=\"elementor-widget-container\">\n\t\t\t\t\t\t\t\t\t<p>La qualit\u00e9 de la peau constitue un d\u00e9terminant essentiel dans la gen\u00e8se et l\u2019\u00e9volution des rides statiques. Une peau fine, s\u00e8che, d\u00e9shydrat\u00e9e ou mal vascularis\u00e9e sera plus vuln\u00e9rable au vieillissement structurel, et d\u00e9veloppera plus t\u00f4t des rides au repos.<br \/>Sur le plan histologique, une peau saine pr\u00e9sente une architecture dermique dense, compos\u00e9e de fibres de collag\u00e8ne organis\u00e9es, d\u2019\u00e9lastine fonctionnelle, et d\u2019un r\u00e9seau capillaire actif. Lorsque cette structure s\u2019alt\u00e8re \u2014 sous l\u2019effet de l\u2019\u00e2ge, du stress oxydatif, des agressions environnementales ou du tabac \u2014 le derme perd sa capacit\u00e9 \u00e0 r\u00e9sister aux contraintes m\u00e9caniques et gravitationnelles.<br \/>\u00c0 l\u2019inverse, une peau bien entretenue conserve plus longtemps son \u00e9lasticit\u00e9, r\u00e9agit mieux aux traitements esth\u00e9tiques, et d\u00e9veloppe moins rapidement de rides statiques.<br \/>Dans cette perspective, les soins cosm\u00e9tiques ne sont pas accessoires. L\u2019hydratation cutan\u00e9e quotidienne, les antioxydants topiques (vitamine C, E, niacinamide), les stimulateurs de collag\u00e8ne l\u00e9gers (r\u00e9tino\u00efdes, peptides), ou encore les injections de Skinboosters contribuent \u00e0 maintenir un \u201cterrain\u201d cutan\u00e9 favorable. En consultation, l\u2019analyse de la qualit\u00e9 de peau guide le choix du traitement, mais aussi le rythme de suivi et de pr\u00e9vention.<\/p>\t\t\t\t\t\t\t\t<\/div>\n\t\t\t\t<\/div>\n\t\t\t\t\t<\/div>\n\t\t\t\t<\/div>\n\t\t<div class=\"elementor-element elementor-element-7b6fc85 e-flex e-con-boxed e-con e-parent\" data-id=\"7b6fc85\" data-element_type=\"container\" data-e-type=\"container\" data-settings=\"{&quot;jet_parallax_layout_list&quot;:[]}\">\n\t\t\t\t\t<div class=\"e-con-inner\">\n\t\t\t\t<div class=\"elementor-element elementor-element-936d469 elementor-widget elementor-widget-text-editor\" data-id=\"936d469\" data-element_type=\"widget\" data-e-type=\"widget\" data-widget_type=\"text-editor.default\">\n\t\t\t\t<div class=\"elementor-widget-container\">\n\t\t\t\t\t\t\t\t\t<h2>Imagerie cutan\u00e9e et diagnostic des rides statiques<\/h2>\t\t\t\t\t\t\t\t<\/div>\n\t\t\t\t<\/div>\n\t\t\t\t<div class=\"elementor-element elementor-element-9eece8e elementor-widget-divider--view-line elementor-widget elementor-widget-divider\" data-id=\"9eece8e\" data-element_type=\"widget\" data-e-type=\"widget\" data-widget_type=\"divider.default\">\n\t\t\t\t<div class=\"elementor-widget-container\">\n\t\t\t\t\t\t\t<div class=\"elementor-divider\">\n\t\t\t<span class=\"elementor-divider-separator\">\n\t\t\t\t\t\t<\/span>\n\t\t<\/div>\n\t\t\t\t\t\t<\/div>\n\t\t\t\t<\/div>\n\t\t\t\t<div class=\"elementor-element elementor-element-3296827 elementor-widget elementor-widget-text-editor\" data-id=\"3296827\" data-element_type=\"widget\" data-e-type=\"widget\" data-widget_type=\"text-editor.default\">\n\t\t\t\t<div class=\"elementor-widget-container\">\n\t\t\t\t\t\t\t\t\t<p>L\u2019\u00e9valuation des rides statiques repose aujourd\u2019hui sur des outils bien plus pr\u00e9cis que l\u2019examen visuel seul. L\u2019imagerie cutan\u00e9e permet d\u2019objectiver la profondeur, la localisation, et l\u2019\u00e9volution des rides structurelles, ce qui optimise la planification des traitements.<br \/>Les outils disponibles sont :<\/p><ul><li>Les syst\u00e8mes de photographie en lumi\u00e8re rasante ou polaris\u00e9e, qui r\u00e9v\u00e8lent les reliefs cutan\u00e9s invisibles \u00e0 l\u2019\u0153il nu.<\/li><li>L\u2019imagerie 3D du visage, qui mesure les volumes, les pertes de densit\u00e9 et les zones d\u2019affaissement avec une pr\u00e9cision millim\u00e9trique.<\/li><li>Les analyses dermoscopiques num\u00e9riques, qui permettent de suivre l\u2019\u00e9volution des ridules, de la qualit\u00e9 et de l\u2019\u00e9lasticit\u00e9 de la peau dans le temps.<\/li><\/ul><p><br \/>Ces technologies permettent de d\u00e9terminer le degr\u00e9 exact de vieillissement structurel, adapter le choix du traitement (comblement, stimulation, resurfacing), documenter les r\u00e9sultats avant\/apr\u00e8s, avec une objectivit\u00e9 rassurante pour le patient.<br \/>Cette approche instrumentale conf\u00e8re une valeur clinique et p\u00e9dagogique suppl\u00e9mentaire.<\/p>\t\t\t\t\t\t\t\t<\/div>\n\t\t\t\t<\/div>\n\t\t\t\t\t<\/div>\n\t\t\t\t<\/div>\n\t\t<div class=\"elementor-element elementor-element-f61c8a4 e-flex e-con-boxed e-con e-parent\" data-id=\"f61c8a4\" data-element_type=\"container\" data-e-type=\"container\" data-settings=\"{&quot;jet_parallax_layout_list&quot;:[]}\">\n\t\t\t\t\t<div class=\"e-con-inner\">\n\t\t<div class=\"elementor-element elementor-element-03bf742 e-con-full e-flex e-con e-child\" data-id=\"03bf742\" data-element_type=\"container\" data-e-type=\"container\" data-settings=\"{&quot;jet_parallax_layout_list&quot;:[]}\">\n\t\t<div class=\"elementor-element elementor-element-8a7f92f e-con-full e-flex e-con e-child\" data-id=\"8a7f92f\" data-element_type=\"container\" data-e-type=\"container\" data-settings=\"{&quot;jet_parallax_layout_list&quot;:[]}\">\n\t\t<div class=\"elementor-element elementor-element-a9d58a4 e-con-full e-flex e-con e-child\" data-id=\"a9d58a4\" data-element_type=\"container\" data-e-type=\"container\" data-settings=\"{&quot;jet_parallax_layout_list&quot;:[]}\">\n\t\t<div class=\"elementor-element elementor-element-372f162 e-con-full e-flex e-con e-child\" data-id=\"372f162\" data-element_type=\"container\" data-e-type=\"container\" data-settings=\"{&quot;jet_parallax_layout_list&quot;:[]}\">\n\t\t\t\t<div class=\"elementor-element elementor-element-bbf9342 elementor-widget elementor-widget-image\" data-id=\"bbf9342\" data-element_type=\"widget\" data-e-type=\"widget\" data-widget_type=\"image.default\">\n\t\t\t\t<div class=\"elementor-widget-container\">\n\t\t\t\t\t\t\t\t\t\t\t\t\t\t\t<img decoding=\"async\" width=\"150\" height=\"150\" src=\"https:\/\/drromanovaleria.ch\/wp-content\/uploads\/2024\/07\/photo-docteur-romano-valeria-150x150.webp\" class=\"attachment-thumbnail size-thumbnail wp-image-13266\" alt=\"Photo docteur Valeria Romano \u00e0 Gen\u00e8ve\" \/>\t\t\t\t\t\t\t\t\t\t\t\t\t\t\t<\/div>\n\t\t\t\t<\/div>\n\t\t\t\t<div class=\"elementor-element elementor-element-534a348 elementor-widget elementor-widget-text-editor\" data-id=\"534a348\" data-element_type=\"widget\" data-e-type=\"widget\" data-widget_type=\"text-editor.default\">\n\t\t\t\t<div class=\"elementor-widget-container\">\n\t\t\t\t\t\t\t\t\t<p>Article r\u00e9dig\u00e9 par le <a href=\"https:\/\/drromanovaleria.ch\/\">Dr Romano Valeria<\/a><\/p>\t\t\t\t\t\t\t\t<\/div>\n\t\t\t\t<\/div>\n\t\t\t\t<\/div>\n\t\t<div class=\"elementor-element elementor-element-af79c28 e-con-full e-flex e-con e-child\" data-id=\"af79c28\" data-element_type=\"container\" data-e-type=\"container\" data-settings=\"{&quot;jet_parallax_layout_list&quot;:[]}\">\n\t\t\t\t<div class=\"elementor-element elementor-element-749a1f1 elementor-widget elementor-widget-text-editor\" data-id=\"749a1f1\" data-element_type=\"widget\" data-e-type=\"widget\" data-widget_type=\"text-editor.default\">\n\t\t\t\t<div class=\"elementor-widget-container\">\n\t\t\t\t\t\t\t\t\t<p>PARTAGER CET ARTICLE SUR<\/p>\t\t\t\t\t\t\t\t<\/div>\n\t\t\t\t<\/div>\n\t\t\t\t<div class=\"elementor-element elementor-element-f53ece5 elementor-share-buttons--view-icon-text elementor-share-buttons--skin-gradient elementor-share-buttons--shape-square elementor-grid-0 elementor-share-buttons--color-official elementor-widget elementor-widget-share-buttons\" data-id=\"f53ece5\" data-element_type=\"widget\" data-e-type=\"widget\" data-widget_type=\"share-buttons.default\">\n\t\t\t\t<div class=\"elementor-widget-container\">\n\t\t\t\t\t\t\t<div class=\"elementor-grid\">\n\t\t\t\t\t\t\t\t<div class=\"elementor-grid-item\">\n\t\t\t\t\t\t<div class=\"elementor-share-btn elementor-share-btn_linkedin\" role=\"button\" tabindex=\"0\" aria-label=\"Share on linkedin\">\n\t\t\t\t\t\t\t\t\t\t\t\t\t\t\t<span class=\"elementor-share-btn__icon\">\n\t\t\t\t\t\t\t\t<svg aria-hidden=\"true\" class=\"e-font-icon-svg e-fab-linkedin\" viewBox=\"0 0 448 512\" xmlns=\"http:\/\/www.w3.org\/2000\/svg\"><path d=\"M416 32H31.9C14.3 32 0 46.5 0 64.3v383.4C0 465.5 14.3 480 31.9 480H416c17.6 0 32-14.5 32-32.3V64.3c0-17.8-14.4-32.3-32-32.3zM135.4 416H69V202.2h66.5V416zm-33.2-243c-21.3 0-38.5-17.3-38.5-38.5S80.9 96 102.2 96c21.2 0 38.5 17.3 38.5 38.5 0 21.3-17.2 38.5-38.5 38.5zm282.1 243h-66.4V312c0-24.8-.5-56.7-34.5-56.7-34.6 0-39.9 27-39.9 54.9V416h-66.4V202.2h63.7v29.2h.9c8.9-16.8 30.6-34.5 62.9-34.5 67.2 0 79.7 44.3 79.7 101.9V416z\"><\/path><\/svg>\t\t\t\t\t\t\t<\/span>\n\t\t\t\t\t\t\t\t\t\t\t\t\t\t\t\t\t\t\t\t\t\t<div class=\"elementor-share-btn__text\">\n\t\t\t\t\t\t\t\t\t\t\t\t\t\t\t\t\t\t\t<span class=\"elementor-share-btn__title\">\n\t\t\t\t\t\t\t\t\t\tLinkedIn\t\t\t\t\t\t\t\t\t<\/span>\n\t\t\t\t\t\t\t\t\t\t\t\t\t\t\t\t\t<\/div>\n\t\t\t\t\t\t\t\t\t\t\t\t\t<\/div>\n\t\t\t\t\t<\/div>\n\t\t\t\t\t\t<\/div>\n\t\t\t\t\t\t<\/div>\n\t\t\t\t<\/div>\n\t\t\t\t<\/div>\n\t\t\t\t<\/div>\n\t\t\t\t<div class=\"elementor-element elementor-element-4fc5499 elementor-align-start elementor-mobile-align-start elementor-icon-list--layout-traditional elementor-list-item-link-full_width elementor-widget elementor-widget-icon-list\" data-id=\"4fc5499\" data-element_type=\"widget\" data-e-type=\"widget\" data-widget_type=\"icon-list.default\">\n\t\t\t\t<div class=\"elementor-widget-container\">\n\t\t\t\t\t\t\t<ul class=\"elementor-icon-list-items\">\n\t\t\t\t\t\t\t<li class=\"elementor-icon-list-item\">\n\t\t\t\t\t\t\t\t\t\t\t<a href=\"mailto:dr.romano.valeria@gmail.com\">\n\n\t\t\t\t\t\t\t\t\t\t\t\t<span class=\"elementor-icon-list-icon\">\n\t\t\t\t\t\t\t<svg aria-hidden=\"true\" class=\"e-font-icon-svg e-fas-envelope\" viewBox=\"0 0 512 512\" xmlns=\"http:\/\/www.w3.org\/2000\/svg\"><path d=\"M502.3 190.8c3.9-3.1 9.7-.2 9.7 4.7V400c0 26.5-21.5 48-48 48H48c-26.5 0-48-21.5-48-48V195.6c0-5 5.7-7.8 9.7-4.7 22.4 17.4 52.1 39.5 154.1 113.6 21.1 15.4 56.7 47.8 92.2 47.6 35.7.3 72-32.8 92.3-47.6 102-74.1 131.6-96.3 154-113.7zM256 320c23.2.4 56.6-29.2 73.4-41.4 132.7-96.3 142.8-104.7 173.4-128.7 5.8-4.5 9.2-11.5 9.2-18.9v-19c0-26.5-21.5-48-48-48H48C21.5 64 0 85.5 0 112v19c0 7.4 3.4 14.3 9.2 18.9 30.6 23.9 40.7 32.4 173.4 128.7 16.8 12.2 50.2 41.8 73.4 41.4z\"><\/path><\/svg>\t\t\t\t\t\t<\/span>\n\t\t\t\t\t\t\t\t\t\t<span class=\"elementor-icon-list-text\">dr.romano.valeria@gmail.com<\/span>\n\t\t\t\t\t\t\t\t\t\t\t<\/a>\n\t\t\t\t\t\t\t\t\t<\/li>\n\t\t\t\t\t\t\t\t<li class=\"elementor-icon-list-item\">\n\t\t\t\t\t\t\t\t\t\t\t<a href=\"tel:+41%2078%20209%2002%2089\">\n\n\t\t\t\t\t\t\t\t\t\t\t\t<span class=\"elementor-icon-list-icon\">\n\t\t\t\t\t\t\t<svg aria-hidden=\"true\" class=\"e-font-icon-svg e-fas-phone-alt\" viewBox=\"0 0 512 512\" xmlns=\"http:\/\/www.w3.org\/2000\/svg\"><path d=\"M497.39 361.8l-112-48a24 24 0 0 0-28 6.9l-49.6 60.6A370.66 370.66 0 0 1 130.6 204.11l60.6-49.6a23.94 23.94 0 0 0 6.9-28l-48-112A24.16 24.16 0 0 0 122.6.61l-104 24A24 24 0 0 0 0 48c0 256.5 207.9 464 464 464a24 24 0 0 0 23.4-18.6l24-104a24.29 24.29 0 0 0-14.01-27.6z\"><\/path><\/svg>\t\t\t\t\t\t<\/span>\n\t\t\t\t\t\t\t\t\t\t<span class=\"elementor-icon-list-text\">+41 78 209 02 89<\/span>\n\t\t\t\t\t\t\t\t\t\t\t<\/a>\n\t\t\t\t\t\t\t\t\t<\/li>\n\t\t\t\t\t\t<\/ul>\n\t\t\t\t\t\t<\/div>\n\t\t\t\t<\/div>\n\t\t\t\t<\/div>\n\t\t\t\t<\/div>\n\t\t\t\t\t<\/div>\n\t\t\t\t<\/div>\n\t\t\t\t<\/div>\n\t\t","protected":false},"featured_media":0,"template":"elementor_header_footer","class_list":["post-25983","infographie","type-infographie","status-publish","hentry"],"yoast_head":"<!-- This site is optimized with the Yoast SEO plugin v27.5 - https:\/\/yoast.com\/product\/yoast-seo-wordpress\/ -->\n<title>Comment combattre les rides statiques ? - Dr Romano<\/title>\n<meta name=\"description\" content=\"Options pour traiter les rides statiques : comblement par acide hyaluronique, techniques de r\u00e9g\u00e9n\u00e9ration cutan\u00e9e, soins dermocosm\u00e9tiques et pr\u00e9vention du creusement.\" \/>\n<meta name=\"robots\" content=\"index, follow, max-snippet:-1, max-image-preview:large, max-video-preview:-1\" \/>\n<link rel=\"canonical\" href=\"https:\/\/drromanovaleria.ch\/en\/infographic\/static-wrinkles-treatment\/\" \/>\n<meta property=\"og:locale\" content=\"en_GB\" \/>\n<meta property=\"og:type\" content=\"article\" \/>\n<meta property=\"og:title\" content=\"Comment combattre les rides statiques ? - Dr Romano\" \/>\n<meta property=\"og:description\" content=\"Options pour traiter les rides statiques : comblement par acide hyaluronique, techniques de r\u00e9g\u00e9n\u00e9ration cutan\u00e9e, soins dermocosm\u00e9tiques et pr\u00e9vention du creusement.\" \/>\n<meta property=\"og:url\" content=\"https:\/\/drromanovaleria.ch\/en\/infographic\/static-wrinkles-treatment\/\" \/>\n<meta property=\"og:site_name\" content=\"Dr Romano\" \/>\n<meta property=\"article:modified_time\" content=\"2025-11-06T12:42:13+00:00\" \/>\n<meta property=\"og:image\" content=\"https:\/\/drromanovaleria.ch\/wp-content\/uploads\/2024\/05\/hydratation-peau.webp\" \/>\n\t<meta property=\"og:image:width\" content=\"300\" \/>\n\t<meta property=\"og:image:height\" content=\"220\" \/>\n\t<meta property=\"og:image:type\" content=\"image\/webp\" \/>\n<meta name=\"twitter:card\" content=\"summary_large_image\" \/>\n<meta name=\"twitter:label1\" content=\"Estimated reading time\" \/>\n\t<meta name=\"twitter:data1\" content=\"9 minutes\" \/>\n<script type=\"application\/ld+json\" class=\"yoast-schema-graph\">{\"@context\":\"https:\\\/\\\/schema.org\",\"@graph\":[{\"@type\":\"WebPage\",\"@id\":\"https:\\\/\\\/drromanovaleria.ch\\\/infographie\\\/traitement-rides-statiques\\\/\",\"url\":\"https:\\\/\\\/drromanovaleria.ch\\\/infographie\\\/traitement-rides-statiques\\\/\",\"name\":\"Comment combattre les rides statiques ? - Dr Romano\",\"isPartOf\":{\"@id\":\"https:\\\/\\\/drromanovaleria.ch\\\/#website\"},\"primaryImageOfPage\":{\"@id\":\"https:\\\/\\\/drromanovaleria.ch\\\/infographie\\\/traitement-rides-statiques\\\/#primaryimage\"},\"image\":{\"@id\":\"https:\\\/\\\/drromanovaleria.ch\\\/infographie\\\/traitement-rides-statiques\\\/#primaryimage\"},\"thumbnailUrl\":\"https:\\\/\\\/drromanovaleria.ch\\\/wp-content\\\/uploads\\\/2024\\\/05\\\/hydratation-peau.webp\",\"datePublished\":\"2025-05-08T11:07:29+00:00\",\"dateModified\":\"2025-11-06T12:42:13+00:00\",\"description\":\"Options pour traiter les rides statiques : comblement par acide hyaluronique, techniques de r\u00e9g\u00e9n\u00e9ration cutan\u00e9e, soins dermocosm\u00e9tiques et pr\u00e9vention du creusement.\",\"breadcrumb\":{\"@id\":\"https:\\\/\\\/drromanovaleria.ch\\\/infographie\\\/traitement-rides-statiques\\\/#breadcrumb\"},\"inLanguage\":\"en-GB\",\"potentialAction\":[{\"@type\":\"ReadAction\",\"target\":[\"https:\\\/\\\/drromanovaleria.ch\\\/infographie\\\/traitement-rides-statiques\\\/\"]}]},{\"@type\":\"ImageObject\",\"inLanguage\":\"en-GB\",\"@id\":\"https:\\\/\\\/drromanovaleria.ch\\\/infographie\\\/traitement-rides-statiques\\\/#primaryimage\",\"url\":\"https:\\\/\\\/drromanovaleria.ch\\\/wp-content\\\/uploads\\\/2024\\\/05\\\/hydratation-peau.webp\",\"contentUrl\":\"https:\\\/\\\/drromanovaleria.ch\\\/wp-content\\\/uploads\\\/2024\\\/05\\\/hydratation-peau.webp\"},{\"@type\":\"BreadcrumbList\",\"@id\":\"https:\\\/\\\/drromanovaleria.ch\\\/infographie\\\/traitement-rides-statiques\\\/#breadcrumb\",\"itemListElement\":[{\"@type\":\"ListItem\",\"position\":1,\"name\":\"Accueil\",\"item\":\"https:\\\/\\\/drromanovaleria.ch\\\/\"},{\"@type\":\"ListItem\",\"position\":2,\"name\":\"Infographie\",\"item\":\"https:\\\/\\\/drromanovaleria.ch\\\/infographie\\\/\"},{\"@type\":\"ListItem\",\"position\":3,\"name\":\"Comment combattre les rides statiques ?\"}]},{\"@type\":\"WebSite\",\"@id\":\"https:\\\/\\\/drromanovaleria.ch\\\/#website\",\"url\":\"https:\\\/\\\/drromanovaleria.ch\\\/\",\"name\":\"Dr Romano\",\"description\":\"M\u00e9decine morphologique et anti-\u00e2ge\",\"potentialAction\":[{\"@type\":\"SearchAction\",\"target\":{\"@type\":\"EntryPoint\",\"urlTemplate\":\"https:\\\/\\\/drromanovaleria.ch\\\/?s={search_term_string}\"},\"query-input\":{\"@type\":\"PropertyValueSpecification\",\"valueRequired\":true,\"valueName\":\"search_term_string\"}}],\"inLanguage\":\"en-GB\"}]}<\/script>\n<!-- \/ Yoast SEO plugin. -->","yoast_head_json":{"title":"How to fight static wrinkles ? - Dr Romano","description":"Options for treating static wrinkles : hyaluronic acid fillers, skin regeneration techniques, dermocosmetic treatments, and prevention of further deepening.","robots":{"index":"index","follow":"follow","max-snippet":"max-snippet:-1","max-image-preview":"max-image-preview:large","max-video-preview":"max-video-preview:-1"},"canonical":"https:\/\/drromanovaleria.ch\/en\/infographic\/static-wrinkles-treatment\/","og_locale":"en_GB","og_type":"article","og_title":"Comment combattre les rides statiques ? - Dr Romano","og_description":"Options pour traiter les rides statiques : comblement par acide hyaluronique, techniques de r\u00e9g\u00e9n\u00e9ration cutan\u00e9e, soins dermocosm\u00e9tiques et pr\u00e9vention du creusement.","og_url":"https:\/\/drromanovaleria.ch\/en\/infographic\/static-wrinkles-treatment\/","og_site_name":"Dr Romano","article_modified_time":"2025-11-06T12:42:13+00:00","og_image":[{"width":300,"height":220,"url":"https:\/\/drromanovaleria.ch\/wp-content\/uploads\/2024\/05\/hydratation-peau.webp","type":"image\/webp"}],"twitter_card":"summary_large_image","twitter_misc":{"Estimated reading time":"9 minutes"},"schema":{"@context":"https:\/\/schema.org","@graph":[{"@type":"WebPage","@id":"https:\/\/drromanovaleria.ch\/infographie\/traitement-rides-statiques\/","url":"https:\/\/drromanovaleria.ch\/infographie\/traitement-rides-statiques\/","name":"How to fight static wrinkles ? - Dr Romano","isPartOf":{"@id":"https:\/\/drromanovaleria.ch\/#website"},"primaryImageOfPage":{"@id":"https:\/\/drromanovaleria.ch\/infographie\/traitement-rides-statiques\/#primaryimage"},"image":{"@id":"https:\/\/drromanovaleria.ch\/infographie\/traitement-rides-statiques\/#primaryimage"},"thumbnailUrl":"https:\/\/drromanovaleria.ch\/wp-content\/uploads\/2024\/05\/hydratation-peau.webp","datePublished":"2025-05-08T11:07:29+00:00","dateModified":"2025-11-06T12:42:13+00:00","description":"Options for treating static wrinkles : hyaluronic acid fillers, skin regeneration techniques, dermocosmetic treatments, and prevention of further deepening.","breadcrumb":{"@id":"https:\/\/drromanovaleria.ch\/infographie\/traitement-rides-statiques\/#breadcrumb"},"inLanguage":"en-GB","potentialAction":[{"@type":"ReadAction","target":["https:\/\/drromanovaleria.ch\/infographie\/traitement-rides-statiques\/"]}]},{"@type":"ImageObject","inLanguage":"en-GB","@id":"https:\/\/drromanovaleria.ch\/infographie\/traitement-rides-statiques\/#primaryimage","url":"https:\/\/drromanovaleria.ch\/wp-content\/uploads\/2024\/05\/hydratation-peau.webp","contentUrl":"https:\/\/drromanovaleria.ch\/wp-content\/uploads\/2024\/05\/hydratation-peau.webp"},{"@type":"BreadcrumbList","@id":"https:\/\/drromanovaleria.ch\/infographie\/traitement-rides-statiques\/#breadcrumb","itemListElement":[{"@type":"ListItem","position":1,"name":"Accueil","item":"https:\/\/drromanovaleria.ch\/"},{"@type":"ListItem","position":2,"name":"Infographie","item":"https:\/\/drromanovaleria.ch\/infographie\/"},{"@type":"ListItem","position":3,"name":"Comment combattre les rides statiques ?"}]},{"@type":"WebSite","@id":"https:\/\/drromanovaleria.ch\/#website","url":"https:\/\/drromanovaleria.ch\/","name":"Dr Romano","description":"Morphological and anti-ageing medicine","potentialAction":[{"@type":"SearchAction","target":{"@type":"EntryPoint","urlTemplate":"https:\/\/drromanovaleria.ch\/?s={search_term_string}"},"query-input":{"@type":"PropertyValueSpecification","valueRequired":true,"valueName":"search_term_string"}}],"inLanguage":"en-GB"}]}},"_links":{"self":[{"href":"https:\/\/drromanovaleria.ch\/en\/wp-json\/wp\/v2\/infographie\/25983","targetHints":{"allow":["GET"]}}],"collection":[{"href":"https:\/\/drromanovaleria.ch\/en\/wp-json\/wp\/v2\/infographie"}],"about":[{"href":"https:\/\/drromanovaleria.ch\/en\/wp-json\/wp\/v2\/types\/infographie"}],"version-history":[{"count":5,"href":"https:\/\/drromanovaleria.ch\/en\/wp-json\/wp\/v2\/infographie\/25983\/revisions"}],"predecessor-version":[{"id":43273,"href":"https:\/\/drromanovaleria.ch\/en\/wp-json\/wp\/v2\/infographie\/25983\/revisions\/43273"}],"wp:attachment":[{"href":"https:\/\/drromanovaleria.ch\/en\/wp-json\/wp\/v2\/media?parent=25983"}],"curies":[{"name":"wp","href":"https:\/\/api.w.org\/{rel}","templated":true}]}}