{"id":25951,"date":"2025-05-08T12:50:56","date_gmt":"2025-05-08T10:50:56","guid":{"rendered":"https:\/\/drromanovaleria.ch\/?post_type=infographie&#038;p=25951"},"modified":"2025-11-06T13:08:51","modified_gmt":"2025-11-06T12:08:51","slug":"wrinkle-removal","status":"publish","type":"infographie","link":"https:\/\/drromanovaleria.ch\/en\/infographie\/elimination-rides\/","title":{"rendered":"Les rides peuvent-elles \u00eatre compl\u00e8tement \u00e9limin\u00e9es ?"},"content":{"rendered":"\t\t<div data-elementor-type=\"wp-post\" data-elementor-id=\"25951\" class=\"elementor elementor-25951\" data-elementor-post-type=\"infographie\">\n\t\t\t\t<div class=\"elementor-element elementor-element-d8a9e6e e-flex e-con-boxed e-con e-parent\" data-id=\"d8a9e6e\" data-element_type=\"container\" data-e-type=\"container\" data-settings=\"{&quot;background_background&quot;:&quot;classic&quot;,&quot;jet_parallax_layout_list&quot;:[]}\">\n\t\t\t\t\t<div class=\"e-con-inner\">\n\t\t<div class=\"elementor-element elementor-element-ef30e2d e-con-full e-flex e-con e-child\" data-id=\"ef30e2d\" data-element_type=\"container\" data-e-type=\"container\" data-settings=\"{&quot;background_background&quot;:&quot;classic&quot;,&quot;jet_parallax_layout_list&quot;:[]}\">\n\t\t\t\t<div class=\"elementor-element elementor-element-99bd0f5 elementor-widget__width-initial elementor-widget elementor-widget-heading\" data-id=\"99bd0f5\" data-element_type=\"widget\" data-e-type=\"widget\" data-widget_type=\"heading.default\">\n\t\t\t\t<div class=\"elementor-widget-container\">\n\t\t\t\t\t<h1 class=\"elementor-heading-title elementor-size-default\">LES RIDES PEUVENT-ELLES \u00caTRE COMPL\u00c8TEMENT \u00c9LIMIN\u00c9ES ?<\/h1>\t\t\t\t<\/div>\n\t\t\t\t<\/div>\n\t\t\t\t<div class=\"elementor-element elementor-element-29fdd6b elementor-align-center elementor-widget elementor-widget-breadcrumbs\" data-id=\"29fdd6b\" data-element_type=\"widget\" data-e-type=\"widget\" data-widget_type=\"breadcrumbs.default\">\n\t\t\t\t<div class=\"elementor-widget-container\">\n\t\t\t\t\t<p id=\"breadcrumbs\"><span><span><a href=\"https:\/\/drromanovaleria.ch\/\">Accueil<\/a><\/span><\/span><\/p>\t\t\t\t<\/div>\n\t\t\t\t<\/div>\n\t\t\t\t<\/div>\n\t\t\t\t\t<\/div>\n\t\t\t\t<\/div>\n\t\t<div class=\"elementor-element elementor-element-1b5514f e-flex e-con-boxed e-con e-parent\" data-id=\"1b5514f\" data-element_type=\"container\" data-e-type=\"container\" data-settings=\"{&quot;jet_parallax_layout_list&quot;:[]}\">\n\t\t\t\t\t<div class=\"e-con-inner\">\n\t\t<div class=\"elementor-element elementor-element-b5f377c e-flex e-con-boxed e-con e-child\" data-id=\"b5f377c\" data-element_type=\"container\" data-e-type=\"container\" data-settings=\"{&quot;jet_parallax_layout_list&quot;:[]}\">\n\t\t\t\t\t<div class=\"e-con-inner\">\n\t\t<div class=\"elementor-element elementor-element-22f3731 e-con-full e-flex e-con e-child\" data-id=\"22f3731\" data-element_type=\"container\" data-e-type=\"container\" data-settings=\"{&quot;background_background&quot;:&quot;classic&quot;,&quot;jet_parallax_layout_list&quot;:[]}\">\n\t\t\t\t<div class=\"elementor-element elementor-element-ba9aa25 elementor-widget elementor-widget-text-editor\" data-id=\"ba9aa25\" data-element_type=\"widget\" data-e-type=\"widget\" data-widget_type=\"text-editor.default\">\n\t\t\t\t<div class=\"elementor-widget-container\">\n\t\t\t\t\t\t\t\t\t<h2>Effacer les rides \u00e0 Gen\u00e8ve<\/h2>\t\t\t\t\t\t\t\t<\/div>\n\t\t\t\t<\/div>\n\t\t\t\t<div class=\"elementor-element elementor-element-06c0353 elementor-widget elementor-widget-text-editor\" data-id=\"06c0353\" data-element_type=\"widget\" data-e-type=\"widget\" data-widget_type=\"text-editor.default\">\n\t\t\t\t<div class=\"elementor-widget-container\">\n\t\t\t\t\t\t\t\t\t<p>La peau, organe vivant et complexe, subit in\u00e9vitablement les effets du temps. Les <a href=\"https:\/\/drromanovaleria.ch\/besoins\/rides\/\">rides<\/a> du visage sont la manifestation visible de multiples processus biologiques : ralentissement de la production de collag\u00e8ne, perte d\u2019\u00e9lasticit\u00e9, d\u00e9shydratation profonde, contractions musculaires r\u00e9p\u00e9t\u00e9es, ou encore rel\u00e2chement des structures dermiques. D\u00e8s lors, une question revient souvent en consultation de m\u00e9decine \u00e0 vis\u00e9e esth\u00e9tique \u00e0 Gen\u00e8ve : peut-on r\u00e9ellement \u00e9liminer les rides du visage de mani\u00e8re d\u00e9finitive ?<br \/>La r\u00e9ponse doit \u00eatre nuanc\u00e9e. Les avanc\u00e9es de la m\u00e9decine \u00e0 vis\u00e9e esth\u00e9tique permettent aujourd\u2019hui d\u2019obtenir des r\u00e9sultats spectaculaires : att\u00e9nuation des rides, restauration des volumes, am\u00e9lioration de la qualit\u00e9 de la peau. En revanche, elles ne garantissent pas, dans la majorit\u00e9 des cas, une disparition totale et d\u00e9finitive des rides, contrairement \u00e0 ce que certains discours commerciaux laissent parfois entendre. Il est toutefois possible de rajeunir de fa\u00e7on durable, naturelle et sans avoir recours \u00e0 la chirurgie, gr\u00e2ce \u00e0 diff\u00e9rentes techniques comme les injections d\u2019acide hyaluronique ou de toxine botulique, le Sculptra, les Skinboosters, les peelings, le laser fractionn\u00e9 ou encore la m\u00e9soth\u00e9rapie du visage (m\u00e9solift).<\/p>\t\t\t\t\t\t\t\t<\/div>\n\t\t\t\t<\/div>\n\t\t\t\t<\/div>\n\t\t\t\t\t<\/div>\n\t\t\t\t<\/div>\n\t\t<div class=\"elementor-element elementor-element-a8a3582 e-flex e-con-boxed e-con e-child\" data-id=\"a8a3582\" data-element_type=\"container\" data-e-type=\"container\" data-settings=\"{&quot;jet_parallax_layout_list&quot;:[]}\">\n\t\t\t\t\t<div class=\"e-con-inner\">\n\t\t\t\t<div class=\"elementor-element elementor-element-4a302bc elementor-widget elementor-widget-image\" data-id=\"4a302bc\" data-element_type=\"widget\" data-e-type=\"widget\" data-widget_type=\"image.default\">\n\t\t\t\t<div class=\"elementor-widget-container\">\n\t\t\t\t\t\t\t\t\t\t\t\t\t\t\t<img fetchpriority=\"high\" decoding=\"async\" width=\"300\" height=\"220\" src=\"https:\/\/drromanovaleria.ch\/wp-content\/uploads\/2024\/05\/hydratation-peau.webp\" class=\"attachment-medium size-medium wp-image-4852\" alt=\"image peau jeune hydrat\u00e9e\" srcset=\"https:\/\/drromanovaleria.ch\/wp-content\/uploads\/2024\/05\/hydratation-peau.webp 300w, https:\/\/drromanovaleria.ch\/wp-content\/uploads\/2024\/05\/hydratation-peau-16x12.webp 16w\" sizes=\"(max-width: 300px) 100vw, 300px\" \/>\t\t\t\t\t\t\t\t\t\t\t\t\t\t\t<\/div>\n\t\t\t\t<\/div>\n\t\t\t\t<div class=\"elementor-element elementor-element-1a46e9f elementor-align-center elementor-widget elementor-widget-button\" data-id=\"1a46e9f\" data-element_type=\"widget\" data-e-type=\"widget\" data-widget_type=\"button.default\">\n\t\t\t\t<div class=\"elementor-widget-container\">\n\t\t\t\t\t\t\t\t\t<div class=\"elementor-button-wrapper\">\n\t\t\t\t\t<a class=\"elementor-button elementor-button-link elementor-size-sm\" href=\"https:\/\/drromanovaleria.ch\/contactez-le-dr-romano\/\">\n\t\t\t\t\t\t<span class=\"elementor-button-content-wrapper\">\n\t\t\t\t\t\t\t\t\t<span class=\"elementor-button-text\">Prendre rendez-vous<\/span>\n\t\t\t\t\t<\/span>\n\t\t\t\t\t<\/a>\n\t\t\t\t<\/div>\n\t\t\t\t\t\t\t\t<\/div>\n\t\t\t\t<\/div>\n\t\t\t\t\t<\/div>\n\t\t\t\t<\/div>\n\t\t\t\t\t<\/div>\n\t\t\t\t<\/div>\n\t\t<div class=\"elementor-element elementor-element-eac513c e-flex e-con-boxed e-con e-parent\" data-id=\"eac513c\" data-element_type=\"container\" data-e-type=\"container\" data-settings=\"{&quot;jet_parallax_layout_list&quot;:[]}\">\n\t\t\t\t\t<div class=\"e-con-inner\">\n\t\t\t\t<div class=\"elementor-element elementor-element-6ac6912 elementor-toc--content-ellipsis elementor-toc--minimized-on-desktop elementor-widget elementor-widget-table-of-contents\" data-id=\"6ac6912\" data-element_type=\"widget\" data-e-type=\"widget\" data-settings=\"{&quot;exclude_headings_by_selector&quot;:[],&quot;minimized_on&quot;:&quot;desktop&quot;,&quot;no_headings_message&quot;:&quot;Aucun titre n\\u2019a \\u00e9t\\u00e9 trouv\\u00e9 sur cette page.&quot;,&quot;headings_by_tags&quot;:[&quot;h2&quot;,&quot;h3&quot;,&quot;h4&quot;,&quot;h5&quot;,&quot;h6&quot;],&quot;marker_view&quot;:&quot;numbers&quot;,&quot;minimize_box&quot;:&quot;yes&quot;,&quot;hierarchical_view&quot;:&quot;yes&quot;,&quot;min_height&quot;:{&quot;unit&quot;:&quot;px&quot;,&quot;size&quot;:&quot;&quot;,&quot;sizes&quot;:[]},&quot;min_height_tablet&quot;:{&quot;unit&quot;:&quot;px&quot;,&quot;size&quot;:&quot;&quot;,&quot;sizes&quot;:[]},&quot;min_height_mobile&quot;:{&quot;unit&quot;:&quot;px&quot;,&quot;size&quot;:&quot;&quot;,&quot;sizes&quot;:[]}}\" data-widget_type=\"table-of-contents.default\">\n\t\t\t\t<div class=\"elementor-widget-container\">\n\t\t\t\t\t\t\t\t\t<div class=\"elementor-toc__header\">\n\t\t\t\t\t\t<h2 class=\"elementor-toc__header-title\">\n\t\t\t\tSommaire\t\t\t<\/h2>\n\t\t\t\t\t\t\t\t\t\t<div class=\"elementor-toc__toggle-button elementor-toc__toggle-button--expand\" role=\"button\" tabindex=\"0\" aria-controls=\"elementor-toc__6ac6912\" aria-expanded=\"true\" aria-label=\"Ouvrir la table des mati\u00e8res\"><svg aria-hidden=\"true\" class=\"e-font-icon-svg e-fas-chevron-down\" viewBox=\"0 0 448 512\" xmlns=\"http:\/\/www.w3.org\/2000\/svg\"><path d=\"M207.029 381.476L12.686 187.132c-9.373-9.373-9.373-24.569 0-33.941l22.667-22.667c9.357-9.357 24.522-9.375 33.901-.04L224 284.505l154.745-154.021c9.379-9.335 24.544-9.317 33.901.04l22.667 22.667c9.373 9.373 9.373 24.569 0 33.941L240.971 381.476c-9.373 9.372-24.569 9.372-33.942 0z\"><\/path><\/svg><\/div>\n\t\t\t\t<div class=\"elementor-toc__toggle-button elementor-toc__toggle-button--collapse\" role=\"button\" tabindex=\"0\" aria-controls=\"elementor-toc__6ac6912\" aria-expanded=\"true\" aria-label=\"Fermer la table des mati\u00e8res\"><svg aria-hidden=\"true\" class=\"e-font-icon-svg e-fas-chevron-up\" viewBox=\"0 0 448 512\" xmlns=\"http:\/\/www.w3.org\/2000\/svg\"><path d=\"M240.971 130.524l194.343 194.343c9.373 9.373 9.373 24.569 0 33.941l-22.667 22.667c-9.357 9.357-24.522 9.375-33.901.04L224 227.495 69.255 381.516c-9.379 9.335-24.544 9.317-33.901-.04l-22.667-22.667c-9.373-9.373-9.373-24.569 0-33.941L207.03 130.525c9.372-9.373 24.568-9.373 33.941-.001z\"><\/path><\/svg><\/div>\n\t\t\t\t\t<\/div>\n\t\t\t\t<div id=\"elementor-toc__6ac6912\" class=\"elementor-toc__body\">\n\t\t\t<div class=\"elementor-toc__spinner-container\">\n\t\t\t\t<svg class=\"elementor-toc__spinner eicon-animation-spin e-font-icon-svg e-eicon-loading\" aria-hidden=\"true\" viewBox=\"0 0 1000 1000\" xmlns=\"http:\/\/www.w3.org\/2000\/svg\"><path d=\"M500 975V858C696 858 858 696 858 500S696 142 500 142 142 304 142 500H25C25 237 238 25 500 25S975 237 975 500 763 975 500 975Z\"><\/path><\/svg>\t\t\t<\/div>\n\t\t<\/div>\n\t\t\t\t\t\t<\/div>\n\t\t\t\t<\/div>\n\t\t\t\t\t<\/div>\n\t\t\t\t<\/div>\n\t\t<div class=\"elementor-element elementor-element-9b99360 e-flex e-con-boxed e-con e-parent\" data-id=\"9b99360\" data-element_type=\"container\" data-e-type=\"container\" data-settings=\"{&quot;jet_parallax_layout_list&quot;:[]}\">\n\t\t\t\t\t<div class=\"e-con-inner\">\n\t\t\t\t<div class=\"elementor-element elementor-element-2b3ee88 elementor-widget elementor-widget-text-editor\" data-id=\"2b3ee88\" data-element_type=\"widget\" data-e-type=\"widget\" data-widget_type=\"text-editor.default\">\n\t\t\t\t<div class=\"elementor-widget-container\">\n\t\t\t\t\t\t\t\t\t<h2>Pourquoi les rides parfois ne disparaissent pas totalement\u00a0?<\/h2>\t\t\t\t\t\t\t\t<\/div>\n\t\t\t\t<\/div>\n\t\t\t\t<div class=\"elementor-element elementor-element-8229ac6 elementor-widget-divider--view-line elementor-widget elementor-widget-divider\" data-id=\"8229ac6\" data-element_type=\"widget\" data-e-type=\"widget\" data-widget_type=\"divider.default\">\n\t\t\t\t<div class=\"elementor-widget-container\">\n\t\t\t\t\t\t\t<div class=\"elementor-divider\">\n\t\t\t<span class=\"elementor-divider-separator\">\n\t\t\t\t\t\t<\/span>\n\t\t<\/div>\n\t\t\t\t\t\t<\/div>\n\t\t\t\t<\/div>\n\t\t\t\t<div class=\"elementor-element elementor-element-39ef192 elementor-widget elementor-widget-text-editor\" data-id=\"39ef192\" data-element_type=\"widget\" data-e-type=\"widget\" data-widget_type=\"text-editor.default\">\n\t\t\t\t<div class=\"elementor-widget-container\">\n\t\t\t\t\t\t\t\t\t<p>Il est important de rappeler la distinction entre deux types de rides, car leur origine et leur traitement ne sont pas les m\u00eames. Les rides dynamiques sont li\u00e9es \u00e0 la contraction r\u00e9p\u00e9t\u00e9e des muscles du visage. Elles correspondent aux fameuses rides d\u2019expression : rides du lion entre les sourcils, pattes d\u2019oie au coin des yeux ou encore rides horizontales du front. Elles se forment avec le temps et traduisent la mobilit\u00e9 naturelle du visage. Les rides statiques, elles, restent visibles m\u00eame lorsque le visage est au repos. Elles r\u00e9sultent d\u2019un affaissement progressif des structures dermiques, d\u2019une perte de densit\u00e9 et de volume ou d\u2019une d\u00e9shydratation profonde de la peau. La prise en charge de ces deux cat\u00e9gories est diff\u00e9rente, tout comme le niveau de correction que l\u2019on peut esp\u00e9rer. Les rides dynamiques r\u00e9pondent particuli\u00e8rement bien aux injections de toxine botulique, tandis que les rides statiques n\u00e9cessitent plus souvent des traitements de comblement \u00e0 l\u2019acide hyaluronique, des techniques de stimulation comme le Sculptra ou encore des soins r\u00e9g\u00e9n\u00e9rants tels que peelings, Skinboosters, m\u00e9soth\u00e9rapie ou laser fractionn\u00e9. C\u2019est la raison pour laquelle les r\u00e9sultats obtenus doivent \u00eatre envisag\u00e9s avec r\u00e9alisme : certaines rides peuvent \u00eatre fortement att\u00e9nu\u00e9es, d\u2019autres liss\u00e9es de mani\u00e8re significative, mais une disparition totale et d\u00e9finitive reste rare. Un plan de traitement personnalis\u00e9, adapt\u00e9 \u00e0 la qualit\u00e9 de la peau et au type de rides, permet toutefois d\u2019obtenir un rajeunissement visible, naturel et durable, sans figer les expressions.<\/p>\t\t\t\t\t\t\t\t<\/div>\n\t\t\t\t<\/div>\n\t\t\t\t\t<\/div>\n\t\t\t\t<\/div>\n\t\t<div class=\"elementor-element elementor-element-20acc16 e-flex e-con-boxed e-con e-parent\" data-id=\"20acc16\" data-element_type=\"container\" data-e-type=\"container\" data-settings=\"{&quot;jet_parallax_layout_list&quot;:[]}\">\n\t\t\t\t\t<div class=\"e-con-inner\">\n\t\t\t\t<div class=\"elementor-element elementor-element-bccf966 elementor-widget elementor-widget-text-editor\" data-id=\"bccf966\" data-element_type=\"widget\" data-e-type=\"widget\" data-widget_type=\"text-editor.default\">\n\t\t\t\t<div class=\"elementor-widget-container\">\n\t\t\t\t\t\t\t\t\t<h2>Peut-on faire dispara\u00eetre les rides dynamiques ?<\/h2>\t\t\t\t\t\t\t\t<\/div>\n\t\t\t\t<\/div>\n\t\t\t\t<div class=\"elementor-element elementor-element-0f9b6d2 elementor-widget-divider--view-line elementor-widget elementor-widget-divider\" data-id=\"0f9b6d2\" data-element_type=\"widget\" data-e-type=\"widget\" data-widget_type=\"divider.default\">\n\t\t\t\t<div class=\"elementor-widget-container\">\n\t\t\t\t\t\t\t<div class=\"elementor-divider\">\n\t\t\t<span class=\"elementor-divider-separator\">\n\t\t\t\t\t\t<\/span>\n\t\t<\/div>\n\t\t\t\t\t\t<\/div>\n\t\t\t\t<\/div>\n\t\t\t\t<div class=\"elementor-element elementor-element-621293a elementor-widget elementor-widget-text-editor\" data-id=\"621293a\" data-element_type=\"widget\" data-e-type=\"widget\" data-widget_type=\"text-editor.default\">\n\t\t\t\t<div class=\"elementor-widget-container\">\n\t\t\t\t\t\t\t\t\t<p>La<a href=\"https:\/\/drromanovaleria.ch\/solutions\/injections\/botox\/\"> toxine botulique<\/a> agit en bloquant temporairement la contraction musculaire. Elle permet d\u2019att\u00e9nuer, voire de faire dispara\u00eetre certaines rides dynamiques de mani\u00e8re temporaire.<br \/>Apr\u00e8s le traitement, on observe un rel\u00e2chement visible des tensions au niveau du front, de la glabelle et du contour des yeux. Les traits du visage paraissent alors plus d\u00e9tendus, offrant une apparence \u00e0 la fois repos\u00e9e et rajeunie. Les rides dites dynamiques deviennent souvent quasi-invisibles, le r\u00e9sultat est naturel et harmonieux.<br \/>La dur\u00e9e d\u2019action de ces effets est g\u00e9n\u00e9ralement comprise entre quatre et six mois. Toutefois, pour maintenir ces b\u00e9n\u00e9fices dans le temps, un entretien r\u00e9gulier s\u2019impose. <br \/>Lorsque les rides sont d\u00e9j\u00e0 visibles au repos \u2014 ce que l\u2019on appelle une forme mixte \u2014, il peut \u00eatre n\u00e9cessaire d\u2019y associer une injection d\u2019acide hyaluronique afin d\u2019optimiser le r\u00e9sultat.<br \/>En conclusion, les rides dynamiques peuvent \u00eatre estomp\u00e9es de mani\u00e8re temporaire avec un niveau de satisfaction \u00e9lev\u00e9.<\/p>\t\t\t\t\t\t\t\t<\/div>\n\t\t\t\t<\/div>\n\t\t\t\t\t<\/div>\n\t\t\t\t<\/div>\n\t\t<div class=\"elementor-element elementor-element-cd1d7a9 e-flex e-con-boxed e-con e-parent\" data-id=\"cd1d7a9\" data-element_type=\"container\" data-e-type=\"container\" data-settings=\"{&quot;jet_parallax_layout_list&quot;:[]}\">\n\t\t\t\t\t<div class=\"e-con-inner\">\n\t\t\t\t<div class=\"elementor-element elementor-element-1de5766 elementor-widget elementor-widget-text-editor\" data-id=\"1de5766\" data-element_type=\"widget\" data-e-type=\"widget\" data-widget_type=\"text-editor.default\">\n\t\t\t\t<div class=\"elementor-widget-container\">\n\t\t\t\t\t\t\t\t\t<h2>Peut-on faire dispara\u00eetre les rides statiques ?<\/h2>\t\t\t\t\t\t\t\t<\/div>\n\t\t\t\t<\/div>\n\t\t\t\t<div class=\"elementor-element elementor-element-415b192 elementor-widget-divider--view-line elementor-widget elementor-widget-divider\" data-id=\"415b192\" data-element_type=\"widget\" data-e-type=\"widget\" data-widget_type=\"divider.default\">\n\t\t\t\t<div class=\"elementor-widget-container\">\n\t\t\t\t\t\t\t<div class=\"elementor-divider\">\n\t\t\t<span class=\"elementor-divider-separator\">\n\t\t\t\t\t\t<\/span>\n\t\t<\/div>\n\t\t\t\t\t\t<\/div>\n\t\t\t\t<\/div>\n\t\t\t\t<div class=\"elementor-element elementor-element-8f0ccfa elementor-widget elementor-widget-text-editor\" data-id=\"8f0ccfa\" data-element_type=\"widget\" data-e-type=\"widget\" data-widget_type=\"text-editor.default\">\n\t\t\t\t<div class=\"elementor-widget-container\">\n\t\t\t\t\t\t\t\t\t<p>Les rides statiques, souvent plus profondes et marqu\u00e9es, n\u00e9cessitent \u00e0 la fois un comblement de la ride et la stimulation d\u00e8s la synth\u00e8se de collag\u00e8ne dermique. L\u2019<a href=\"https:\/\/drromanovaleria.ch\/solutions\/injections\/acide-hayluronique\/\">acide hyaluronique<\/a>, lorsqu\u2019il est inject\u00e9 en profondeur, lisse imm\u00e9diatement la ride et densifie la peau. Il permet de corriger efficacement les plis du visage tels que les sillons nasog\u00e9niens, les plis d\u2019amertume ou encore les rides jugales. Les r\u00e9sultats sont imm\u00e9diatement visibles, avec un r\u00e9sultat naturel et modulable selon les besoins, et il se r\u00e9sorbe progressivement sur une p\u00e9riode de neuf \u00e0 dix-huit mois.<br \/>Pour une hydratation profonde, les <a href=\"https:\/\/drromanovaleria.ch\/solutions\/injections\/skinbooster\/\">Skinboosters<\/a> constituent une solution id\u00e9ale. Ces injections d\u2019acide hyaluronique con\u00e7u pour la peau agissent comme de v\u00e9ritables r\u00e9servoirs d\u2019hydratation au c\u0153ur du derme, am\u00e9liorant ainsi la qualit\u00e9 de la peau et att\u00e9nuant les ridules. Les premiers effets deviennent g\u00e9n\u00e9ralement perceptibles apr\u00e8s deux \u00e0 trois s\u00e9ances, avec une tenue moyenne des r\u00e9sultats comprise entre six et neuf mois.<br \/>Le<a href=\"https:\/\/drromanovaleria.ch\/solutions\/injections\/sculptra\/\"> Sculptra<\/a>, \u00e0 base d\u2019acide polylactique, agit comme un puissant biostimulant en r\u00e9activant la production naturelle de collag\u00e8ne dans les tissus profonds. Les effets de cette stimulation sont progressifs et commencent \u00e0 se manifester entre six et douze semaines apr\u00e8s le traitement. Ils se traduisent par une am\u00e9lioration sensible de la densit\u00e9 cutan\u00e9e et une restauration des volumes du visage, avec un r\u00e9sultat parfaitement naturel qui dure douze \u00e0 vingt-quatre mois.<\/p>\t\t\t\t\t\t\t\t<\/div>\n\t\t\t\t<\/div>\n\t\t\t\t\t<\/div>\n\t\t\t\t<\/div>\n\t\t<div class=\"elementor-element elementor-element-8b0211e e-flex e-con-boxed e-con e-parent\" data-id=\"8b0211e\" data-element_type=\"container\" data-e-type=\"container\" data-settings=\"{&quot;jet_parallax_layout_list&quot;:[]}\">\n\t\t\t\t\t<div class=\"e-con-inner\">\n\t\t\t\t<div class=\"elementor-element elementor-element-5d82aa4 elementor-widget elementor-widget-text-editor\" data-id=\"5d82aa4\" data-element_type=\"widget\" data-e-type=\"widget\" data-widget_type=\"text-editor.default\">\n\t\t\t\t<div class=\"elementor-widget-container\">\n\t\t\t\t\t\t\t\t\t<h2>Les traitements pour am\u00e9liorer les rides<\/h2>\t\t\t\t\t\t\t\t<\/div>\n\t\t\t\t<\/div>\n\t\t\t\t<div class=\"elementor-element elementor-element-b5331ec elementor-widget-divider--view-line elementor-widget elementor-widget-divider\" data-id=\"b5331ec\" data-element_type=\"widget\" data-e-type=\"widget\" data-widget_type=\"divider.default\">\n\t\t\t\t<div class=\"elementor-widget-container\">\n\t\t\t\t\t\t\t<div class=\"elementor-divider\">\n\t\t\t<span class=\"elementor-divider-separator\">\n\t\t\t\t\t\t<\/span>\n\t\t<\/div>\n\t\t\t\t\t\t<\/div>\n\t\t\t\t<\/div>\n\t\t\t\t<div class=\"elementor-element elementor-element-a5ec6c9 elementor-widget elementor-widget-text-editor\" data-id=\"a5ec6c9\" data-element_type=\"widget\" data-e-type=\"widget\" data-widget_type=\"text-editor.default\">\n\t\t\t\t<div class=\"elementor-widget-container\">\n\t\t\t\t\t\t\t\t\t<p>M\u00eame si l\u2019on ne peut pas \u00ab effacer \u00bb toutes les rides, certaines techniques permettent de r\u00e9g\u00e9n\u00e9rer la peau et de ralentir leur apparition.<\/p><h3>Mesolift pour les rides\u00a0<\/h3><p>Le m\u00e9solift, <a href=\"https:\/\/drromanovaleria.ch\/solutions\/mesotherapie\/mesotherapie-visage\/\">m\u00e9soth\u00e9rapie visage<\/a>, consiste \u00e0 injecter directement dans le derme un m\u00e9lange revitalisant compos\u00e9 d&#8217;acide hyaluronique non r\u00e9ticul\u00e9, de vitamines, de min\u00e9raux et d&#8217;antioxydants. Ce traitement est particuli\u00e8rement indiqu\u00e9 pour les peaux ternes, marqu\u00e9es par les premi\u00e8res ridules, ou encore pr\u00e9sentant un rel\u00e2chement ou une d\u00e9shydratation. Il redonne de l\u2019\u00e9clat au teint, am\u00e9liore la tonicit\u00e9 de la peau et att\u00e9nue visiblement les ridules, tout en procurant un effet \u00ab coup d\u2019\u00e9clat \u00bb naturel, sans modifier les traits du visage. Les r\u00e9sultats obtenus durent g\u00e9n\u00e9ralement entre trois et quatre mois, avec un entretien conseill\u00e9 tous les trimestres pour prolonger les bienfaits.<\/p><h3>Peelings (PRX-T33, peeling moyen au TCA) pour les rides\u00a0<\/h3><p>Les <a href=\"https:\/\/drromanovaleria.ch\/solutions\/peeling\/\">peelings<\/a> m\u00e9dicaux, en fonction de leur intensit\u00e9, permettent de stimuler le renouvellement cellulaire, d\u2019uniformiser la surface de la peau et d\u2019agir en profondeur sur le derme. Ils contribuent \u00e0 att\u00e9nuer visiblement les ridules, \u00e0 am\u00e9liorer l\u2019homog\u00e9n\u00e9it\u00e9 du teint et \u00e0 renforcer la fermet\u00e9 de la peau, donnant ainsi un v\u00e9ritable coup de frais au visage.<\/p><h3>Laser fractionn\u00e9 CO2 pour les rides\u00a0<\/h3><p>Le <a href=\"https:\/\/drromanovaleria.ch\/solutions\/lasers\/laser-co2-fraxel\/\">laser fractionn\u00e9<\/a> est particuli\u00e8rement indiqu\u00e9 pour traiter les rides marqu\u00e9es ou les peaux pr\u00e9sentant des signes importants de vieillissement ou d\u2019alt\u00e9ration. Il agit en cr\u00e9ant de minuscules puits dans le derme, ce qui d\u00e9clenche un processus naturel de r\u00e9g\u00e9n\u00e9ration et stimule la production de nouvelles fibres de collag\u00e8ne. Les rides s\u2019estompent, la peau devient plus lisse et plus homog\u00e8ne. La profondeur des plis diminue, les r\u00e9sultats s&#8217;am\u00e9liorent progressivement au fil des semaines, avec un effet optimal observ\u00e9 entre trois et six mois apr\u00e8s le traitement.<\/p>\t\t\t\t\t\t\t\t<\/div>\n\t\t\t\t<\/div>\n\t\t\t\t\t<\/div>\n\t\t\t\t<\/div>\n\t\t<div class=\"elementor-element elementor-element-baf8150 e-flex e-con-boxed e-con e-parent\" data-id=\"baf8150\" data-element_type=\"container\" data-e-type=\"container\" data-settings=\"{&quot;jet_parallax_layout_list&quot;:[]}\">\n\t\t\t\t\t<div class=\"e-con-inner\">\n\t\t\t\t<div class=\"elementor-element elementor-element-07318e4 elementor-widget elementor-widget-text-editor\" data-id=\"07318e4\" data-element_type=\"widget\" data-e-type=\"widget\" data-widget_type=\"text-editor.default\">\n\t\t\t\t<div class=\"elementor-widget-container\">\n\t\t\t\t\t\t\t\t\t<h2>\u00c9liminer toutes les rides du visage<\/h2>\t\t\t\t\t\t\t\t<\/div>\n\t\t\t\t<\/div>\n\t\t\t\t<div class=\"elementor-element elementor-element-30ec711 elementor-widget-divider--view-line elementor-widget elementor-widget-divider\" data-id=\"30ec711\" data-element_type=\"widget\" data-e-type=\"widget\" data-widget_type=\"divider.default\">\n\t\t\t\t<div class=\"elementor-widget-container\">\n\t\t\t\t\t\t\t<div class=\"elementor-divider\">\n\t\t\t<span class=\"elementor-divider-separator\">\n\t\t\t\t\t\t<\/span>\n\t\t<\/div>\n\t\t\t\t\t\t<\/div>\n\t\t\t\t<\/div>\n\t\t\t\t<div class=\"elementor-element elementor-element-c3e52be elementor-widget elementor-widget-text-editor\" data-id=\"c3e52be\" data-element_type=\"widget\" data-e-type=\"widget\" data-widget_type=\"text-editor.default\">\n\t\t\t\t<div class=\"elementor-widget-container\">\n\t\t\t\t\t\t\t\t\t<p>On ne corrige pas le vieillissement du visage comme on aplanit une surface froiss\u00e9e.<br \/>Les rides ne sont pas de simples imperfections \u00e0 effacer, mais le reflet d\u2019une histoire personnelle, de l\u2019expression des \u00e9motions et de la singularit\u00e9 de chacun. Vouloir les supprimer totalement, sans discernement, expose au risque de figer les traits, de rompre l\u2019\u00e9quilibre naturel des volumes et d\u2019alt\u00e9rer cette harmonie subtile qui conf\u00e8re au visage son authenticit\u00e9 et sa vitalit\u00e9.<br \/>La m\u00e9decine \u00e0 vis\u00e9e esth\u00e9tique moderne, telle qu\u2019elle est pratiqu\u00e9e \u00e0 Gen\u00e8ve, repose sur une philosophie diff\u00e9rente. L\u2019objectif n\u2019est ni la perfection artificielle ni un rajeunissement excessif, mais une am\u00e9lioration mesur\u00e9e et raffin\u00e9e, qui respecte l\u2019identit\u00e9 et la personnalit\u00e9 de chaque patient. Cette d\u00e9marche progressive, personnalis\u00e9e et guid\u00e9e par une exigence d\u2019\u00e9l\u00e9gance vise \u00e0 redonner de l\u2019\u00e9clat et de l&#8217;harmonie tout en pr\u00e9servant la beaut\u00e9 naturelle d\u2019un visage.<\/p>\t\t\t\t\t\t\t\t<\/div>\n\t\t\t\t<\/div>\n\t\t\t\t\t<\/div>\n\t\t\t\t<\/div>\n\t\t<div class=\"elementor-element elementor-element-824ec32 e-flex e-con-boxed e-con e-parent\" data-id=\"824ec32\" data-element_type=\"container\" data-e-type=\"container\" data-settings=\"{&quot;jet_parallax_layout_list&quot;:[]}\">\n\t\t\t\t\t<div class=\"e-con-inner\">\n\t\t\t\t<div class=\"elementor-element elementor-element-424c562 elementor-widget elementor-widget-text-editor\" data-id=\"424c562\" data-element_type=\"widget\" data-e-type=\"widget\" data-widget_type=\"text-editor.default\">\n\t\t\t\t<div class=\"elementor-widget-container\">\n\t\t\t\t\t\t\t\t\t<h2>Conclusion : rajeunissement naturel<\/h2>\t\t\t\t\t\t\t\t<\/div>\n\t\t\t\t<\/div>\n\t\t\t\t<div class=\"elementor-element elementor-element-fe2c667 elementor-widget-divider--view-line elementor-widget elementor-widget-divider\" data-id=\"fe2c667\" data-element_type=\"widget\" data-e-type=\"widget\" data-widget_type=\"divider.default\">\n\t\t\t\t<div class=\"elementor-widget-container\">\n\t\t\t\t\t\t\t<div class=\"elementor-divider\">\n\t\t\t<span class=\"elementor-divider-separator\">\n\t\t\t\t\t\t<\/span>\n\t\t<\/div>\n\t\t\t\t\t\t<\/div>\n\t\t\t\t<\/div>\n\t\t\t\t<div class=\"elementor-element elementor-element-18fab54 elementor-widget elementor-widget-text-editor\" data-id=\"18fab54\" data-element_type=\"widget\" data-e-type=\"widget\" data-widget_type=\"text-editor.default\">\n\t\t\t\t<div class=\"elementor-widget-container\">\n\t\t\t\t\t\t\t\t\t<p>Alors, les rides peuvent-elles \u00eatre compl\u00e8tement \u00e9limin\u00e9es ? Non, pas de fa\u00e7on d\u00e9finitive, et surtout, pas sans compromettre l\u2019authenticit\u00e9 du visage. Mais gr\u00e2ce aux techniques actuelles \u2014 toxine botulique pour certaines rides dynamiques, acide hyaluronique et Sculptra pour les rides statiques, m\u00e9solift pour revitaliser la peau, peelings et lasers pour la stimuler \u2014 il est possible d\u2019obtenir un rajeunissement visible, durable, harmonieux, naturel.<\/p>\t\t\t\t\t\t\t\t<\/div>\n\t\t\t\t<\/div>\n\t\t\t\t\t<\/div>\n\t\t\t\t<\/div>\n\t\t<div class=\"elementor-element elementor-element-7ac8d6b e-flex e-con-boxed e-con e-parent\" data-id=\"7ac8d6b\" data-element_type=\"container\" data-e-type=\"container\" data-settings=\"{&quot;jet_parallax_layout_list&quot;:[]}\">\n\t\t\t\t\t<div class=\"e-con-inner\">\n\t\t<div class=\"elementor-element elementor-element-9e30aee e-con-full e-flex e-con e-child\" data-id=\"9e30aee\" data-element_type=\"container\" data-e-type=\"container\" data-settings=\"{&quot;jet_parallax_layout_list&quot;:[]}\">\n\t\t<div class=\"elementor-element elementor-element-bb3fa6b e-con-full e-flex e-con e-child\" data-id=\"bb3fa6b\" data-element_type=\"container\" data-e-type=\"container\" data-settings=\"{&quot;jet_parallax_layout_list&quot;:[]}\">\n\t\t<div class=\"elementor-element elementor-element-5ca76af e-con-full e-flex e-con e-child\" data-id=\"5ca76af\" data-element_type=\"container\" data-e-type=\"container\" data-settings=\"{&quot;jet_parallax_layout_list&quot;:[]}\">\n\t\t<div class=\"elementor-element elementor-element-2fe3eb9 e-con-full e-flex e-con e-child\" data-id=\"2fe3eb9\" data-element_type=\"container\" data-e-type=\"container\" data-settings=\"{&quot;jet_parallax_layout_list&quot;:[]}\">\n\t\t\t\t<div class=\"elementor-element elementor-element-4fb07fb elementor-widget elementor-widget-image\" data-id=\"4fb07fb\" data-element_type=\"widget\" data-e-type=\"widget\" data-widget_type=\"image.default\">\n\t\t\t\t<div class=\"elementor-widget-container\">\n\t\t\t\t\t\t\t\t\t\t\t\t\t\t\t<img decoding=\"async\" width=\"150\" height=\"150\" src=\"https:\/\/drromanovaleria.ch\/wp-content\/uploads\/2024\/07\/photo-docteur-romano-valeria-150x150.webp\" class=\"attachment-thumbnail size-thumbnail wp-image-13266\" alt=\"Photo docteur Valeria Romano \u00e0 Gen\u00e8ve\" \/>\t\t\t\t\t\t\t\t\t\t\t\t\t\t\t<\/div>\n\t\t\t\t<\/div>\n\t\t\t\t<div class=\"elementor-element elementor-element-dafbdb9 elementor-widget elementor-widget-text-editor\" data-id=\"dafbdb9\" data-element_type=\"widget\" data-e-type=\"widget\" data-widget_type=\"text-editor.default\">\n\t\t\t\t<div class=\"elementor-widget-container\">\n\t\t\t\t\t\t\t\t\t<p>Article r\u00e9dig\u00e9 par le <a href=\"https:\/\/drromanovaleria.ch\/\">Dr Romano Valeria<\/a><\/p>\t\t\t\t\t\t\t\t<\/div>\n\t\t\t\t<\/div>\n\t\t\t\t<\/div>\n\t\t<div class=\"elementor-element elementor-element-6e80bff e-con-full e-flex e-con e-child\" data-id=\"6e80bff\" data-element_type=\"container\" data-e-type=\"container\" data-settings=\"{&quot;jet_parallax_layout_list&quot;:[]}\">\n\t\t\t\t<div class=\"elementor-element elementor-element-ad88de3 elementor-widget elementor-widget-text-editor\" data-id=\"ad88de3\" data-element_type=\"widget\" data-e-type=\"widget\" data-widget_type=\"text-editor.default\">\n\t\t\t\t<div class=\"elementor-widget-container\">\n\t\t\t\t\t\t\t\t\t<p>PARTAGER CET ARTICLE SUR<\/p>\t\t\t\t\t\t\t\t<\/div>\n\t\t\t\t<\/div>\n\t\t\t\t<div class=\"elementor-element elementor-element-ef15305 elementor-share-buttons--view-icon-text elementor-share-buttons--skin-gradient elementor-share-buttons--shape-square elementor-grid-0 elementor-share-buttons--color-official elementor-widget elementor-widget-share-buttons\" data-id=\"ef15305\" data-element_type=\"widget\" data-e-type=\"widget\" data-widget_type=\"share-buttons.default\">\n\t\t\t\t<div class=\"elementor-widget-container\">\n\t\t\t\t\t\t\t<div class=\"elementor-grid\">\n\t\t\t\t\t\t\t\t<div class=\"elementor-grid-item\">\n\t\t\t\t\t\t<div class=\"elementor-share-btn elementor-share-btn_linkedin\" role=\"button\" tabindex=\"0\" aria-label=\"Partager sur linkedin\">\n\t\t\t\t\t\t\t\t\t\t\t\t\t\t\t<span class=\"elementor-share-btn__icon\">\n\t\t\t\t\t\t\t\t<svg aria-hidden=\"true\" class=\"e-font-icon-svg e-fab-linkedin\" viewBox=\"0 0 448 512\" xmlns=\"http:\/\/www.w3.org\/2000\/svg\"><path d=\"M416 32H31.9C14.3 32 0 46.5 0 64.3v383.4C0 465.5 14.3 480 31.9 480H416c17.6 0 32-14.5 32-32.3V64.3c0-17.8-14.4-32.3-32-32.3zM135.4 416H69V202.2h66.5V416zm-33.2-243c-21.3 0-38.5-17.3-38.5-38.5S80.9 96 102.2 96c21.2 0 38.5 17.3 38.5 38.5 0 21.3-17.2 38.5-38.5 38.5zm282.1 243h-66.4V312c0-24.8-.5-56.7-34.5-56.7-34.6 0-39.9 27-39.9 54.9V416h-66.4V202.2h63.7v29.2h.9c8.9-16.8 30.6-34.5 62.9-34.5 67.2 0 79.7 44.3 79.7 101.9V416z\"><\/path><\/svg>\t\t\t\t\t\t\t<\/span>\n\t\t\t\t\t\t\t\t\t\t\t\t\t\t\t\t\t\t\t\t\t\t<div class=\"elementor-share-btn__text\">\n\t\t\t\t\t\t\t\t\t\t\t\t\t\t\t\t\t\t\t<span class=\"elementor-share-btn__title\">\n\t\t\t\t\t\t\t\t\t\tLinkedIn\t\t\t\t\t\t\t\t\t<\/span>\n\t\t\t\t\t\t\t\t\t\t\t\t\t\t\t\t\t<\/div>\n\t\t\t\t\t\t\t\t\t\t\t\t\t<\/div>\n\t\t\t\t\t<\/div>\n\t\t\t\t\t\t<\/div>\n\t\t\t\t\t\t<\/div>\n\t\t\t\t<\/div>\n\t\t\t\t<\/div>\n\t\t\t\t<\/div>\n\t\t\t\t<div class=\"elementor-element elementor-element-367cfee elementor-align-start elementor-mobile-align-start elementor-icon-list--layout-traditional elementor-list-item-link-full_width elementor-widget elementor-widget-icon-list\" data-id=\"367cfee\" data-element_type=\"widget\" data-e-type=\"widget\" data-widget_type=\"icon-list.default\">\n\t\t\t\t<div class=\"elementor-widget-container\">\n\t\t\t\t\t\t\t<ul class=\"elementor-icon-list-items\">\n\t\t\t\t\t\t\t<li class=\"elementor-icon-list-item\">\n\t\t\t\t\t\t\t\t\t\t\t<a href=\"mailto:dr.romano.valeria@gmail.com\">\n\n\t\t\t\t\t\t\t\t\t\t\t\t<span class=\"elementor-icon-list-icon\">\n\t\t\t\t\t\t\t<svg aria-hidden=\"true\" class=\"e-font-icon-svg e-fas-envelope\" viewBox=\"0 0 512 512\" xmlns=\"http:\/\/www.w3.org\/2000\/svg\"><path d=\"M502.3 190.8c3.9-3.1 9.7-.2 9.7 4.7V400c0 26.5-21.5 48-48 48H48c-26.5 0-48-21.5-48-48V195.6c0-5 5.7-7.8 9.7-4.7 22.4 17.4 52.1 39.5 154.1 113.6 21.1 15.4 56.7 47.8 92.2 47.6 35.7.3 72-32.8 92.3-47.6 102-74.1 131.6-96.3 154-113.7zM256 320c23.2.4 56.6-29.2 73.4-41.4 132.7-96.3 142.8-104.7 173.4-128.7 5.8-4.5 9.2-11.5 9.2-18.9v-19c0-26.5-21.5-48-48-48H48C21.5 64 0 85.5 0 112v19c0 7.4 3.4 14.3 9.2 18.9 30.6 23.9 40.7 32.4 173.4 128.7 16.8 12.2 50.2 41.8 73.4 41.4z\"><\/path><\/svg>\t\t\t\t\t\t<\/span>\n\t\t\t\t\t\t\t\t\t\t<span class=\"elementor-icon-list-text\">dr.romano.valeria@gmail.com<\/span>\n\t\t\t\t\t\t\t\t\t\t\t<\/a>\n\t\t\t\t\t\t\t\t\t<\/li>\n\t\t\t\t\t\t\t\t<li class=\"elementor-icon-list-item\">\n\t\t\t\t\t\t\t\t\t\t\t<a href=\"tel:+41%2078%20209%2002%2089\">\n\n\t\t\t\t\t\t\t\t\t\t\t\t<span class=\"elementor-icon-list-icon\">\n\t\t\t\t\t\t\t<svg aria-hidden=\"true\" class=\"e-font-icon-svg e-fas-phone-alt\" viewBox=\"0 0 512 512\" xmlns=\"http:\/\/www.w3.org\/2000\/svg\"><path d=\"M497.39 361.8l-112-48a24 24 0 0 0-28 6.9l-49.6 60.6A370.66 370.66 0 0 1 130.6 204.11l60.6-49.6a23.94 23.94 0 0 0 6.9-28l-48-112A24.16 24.16 0 0 0 122.6.61l-104 24A24 24 0 0 0 0 48c0 256.5 207.9 464 464 464a24 24 0 0 0 23.4-18.6l24-104a24.29 24.29 0 0 0-14.01-27.6z\"><\/path><\/svg>\t\t\t\t\t\t<\/span>\n\t\t\t\t\t\t\t\t\t\t<span class=\"elementor-icon-list-text\">+41 78 209 02 89<\/span>\n\t\t\t\t\t\t\t\t\t\t\t<\/a>\n\t\t\t\t\t\t\t\t\t<\/li>\n\t\t\t\t\t\t<\/ul>\n\t\t\t\t\t\t<\/div>\n\t\t\t\t<\/div>\n\t\t\t\t<\/div>\n\t\t\t\t<\/div>\n\t\t\t\t\t<\/div>\n\t\t\t\t<\/div>\n\t\t\t\t<\/div>\n\t\t","protected":false},"featured_media":0,"template":"elementor_header_footer","class_list":["post-25951","infographie","type-infographie","status-publish","hentry"],"yoast_head":"<!-- This site is optimized with the Yoast SEO plugin v27.5 - https:\/\/yoast.com\/product\/yoast-seo-wordpress\/ -->\n<title>Les rides peuvent-elles \u00eatre compl\u00e8tement \u00e9limin\u00e9es ? - Dr Romano<\/title>\n<meta name=\"description\" content=\"\u00c9tat des connaissances sur l\u2019\u00e9limination des rides : efficacit\u00e9 des traitements m\u00e9dicaux, limites biologiques, r\u00e9sultats possibles et distinction entre att\u00e9nuation et suppression.\" \/>\n<meta name=\"robots\" content=\"index, follow, max-snippet:-1, max-image-preview:large, max-video-preview:-1\" \/>\n<link rel=\"canonical\" href=\"https:\/\/drromanovaleria.ch\/en\/infographic\/wrinkle-removal\/\" \/>\n<meta property=\"og:locale\" content=\"en_GB\" \/>\n<meta property=\"og:type\" content=\"article\" \/>\n<meta property=\"og:title\" content=\"Les rides peuvent-elles \u00eatre compl\u00e8tement \u00e9limin\u00e9es ? - Dr Romano\" \/>\n<meta property=\"og:description\" content=\"\u00c9tat des connaissances sur l\u2019\u00e9limination des rides : efficacit\u00e9 des traitements m\u00e9dicaux, limites biologiques, r\u00e9sultats possibles et distinction entre att\u00e9nuation et suppression.\" \/>\n<meta property=\"og:url\" content=\"https:\/\/drromanovaleria.ch\/en\/infographic\/wrinkle-removal\/\" \/>\n<meta property=\"og:site_name\" content=\"Dr Romano\" \/>\n<meta property=\"article:modified_time\" content=\"2025-11-06T12:08:51+00:00\" \/>\n<meta property=\"og:image\" content=\"https:\/\/drromanovaleria.ch\/wp-content\/uploads\/2024\/05\/hydratation-peau.webp\" \/>\n\t<meta property=\"og:image:width\" content=\"300\" \/>\n\t<meta property=\"og:image:height\" content=\"220\" \/>\n\t<meta property=\"og:image:type\" content=\"image\/webp\" \/>\n<meta name=\"twitter:card\" content=\"summary_large_image\" \/>\n<meta name=\"twitter:label1\" content=\"Estimated reading time\" \/>\n\t<meta name=\"twitter:data1\" content=\"8 minutes\" \/>\n<script type=\"application\/ld+json\" class=\"yoast-schema-graph\">{\"@context\":\"https:\\\/\\\/schema.org\",\"@graph\":[{\"@type\":\"WebPage\",\"@id\":\"https:\\\/\\\/drromanovaleria.ch\\\/infographie\\\/elimination-rides\\\/\",\"url\":\"https:\\\/\\\/drromanovaleria.ch\\\/infographie\\\/elimination-rides\\\/\",\"name\":\"Les rides peuvent-elles \u00eatre compl\u00e8tement \u00e9limin\u00e9es ? - Dr Romano\",\"isPartOf\":{\"@id\":\"https:\\\/\\\/drromanovaleria.ch\\\/#website\"},\"primaryImageOfPage\":{\"@id\":\"https:\\\/\\\/drromanovaleria.ch\\\/infographie\\\/elimination-rides\\\/#primaryimage\"},\"image\":{\"@id\":\"https:\\\/\\\/drromanovaleria.ch\\\/infographie\\\/elimination-rides\\\/#primaryimage\"},\"thumbnailUrl\":\"https:\\\/\\\/drromanovaleria.ch\\\/wp-content\\\/uploads\\\/2024\\\/05\\\/hydratation-peau.webp\",\"datePublished\":\"2025-05-08T10:50:56+00:00\",\"dateModified\":\"2025-11-06T12:08:51+00:00\",\"description\":\"\u00c9tat des connaissances sur l\u2019\u00e9limination des rides : efficacit\u00e9 des traitements m\u00e9dicaux, limites biologiques, r\u00e9sultats possibles et distinction entre att\u00e9nuation et suppression.\",\"breadcrumb\":{\"@id\":\"https:\\\/\\\/drromanovaleria.ch\\\/infographie\\\/elimination-rides\\\/#breadcrumb\"},\"inLanguage\":\"en-GB\",\"potentialAction\":[{\"@type\":\"ReadAction\",\"target\":[\"https:\\\/\\\/drromanovaleria.ch\\\/infographie\\\/elimination-rides\\\/\"]}]},{\"@type\":\"ImageObject\",\"inLanguage\":\"en-GB\",\"@id\":\"https:\\\/\\\/drromanovaleria.ch\\\/infographie\\\/elimination-rides\\\/#primaryimage\",\"url\":\"https:\\\/\\\/drromanovaleria.ch\\\/wp-content\\\/uploads\\\/2024\\\/05\\\/hydratation-peau.webp\",\"contentUrl\":\"https:\\\/\\\/drromanovaleria.ch\\\/wp-content\\\/uploads\\\/2024\\\/05\\\/hydratation-peau.webp\"},{\"@type\":\"BreadcrumbList\",\"@id\":\"https:\\\/\\\/drromanovaleria.ch\\\/infographie\\\/elimination-rides\\\/#breadcrumb\",\"itemListElement\":[{\"@type\":\"ListItem\",\"position\":1,\"name\":\"Accueil\",\"item\":\"https:\\\/\\\/drromanovaleria.ch\\\/\"},{\"@type\":\"ListItem\",\"position\":2,\"name\":\"Infographie\",\"item\":\"https:\\\/\\\/drromanovaleria.ch\\\/infographie\\\/\"},{\"@type\":\"ListItem\",\"position\":3,\"name\":\"Les rides peuvent-elles \u00eatre compl\u00e8tement \u00e9limin\u00e9es ?\"}]},{\"@type\":\"WebSite\",\"@id\":\"https:\\\/\\\/drromanovaleria.ch\\\/#website\",\"url\":\"https:\\\/\\\/drromanovaleria.ch\\\/\",\"name\":\"Dr Romano\",\"description\":\"M\u00e9decine morphologique et anti-\u00e2ge\",\"potentialAction\":[{\"@type\":\"SearchAction\",\"target\":{\"@type\":\"EntryPoint\",\"urlTemplate\":\"https:\\\/\\\/drromanovaleria.ch\\\/?s={search_term_string}\"},\"query-input\":{\"@type\":\"PropertyValueSpecification\",\"valueRequired\":true,\"valueName\":\"search_term_string\"}}],\"inLanguage\":\"en-GB\"}]}<\/script>\n<!-- \/ Yoast SEO plugin. -->","yoast_head_json":{"title":"Can wrinkles be completely eliminated ? - Dr Romano","description":"Current knowledge on wrinkle removal : effectiveness of medical treatments, biological limits, possible results, and distinction between reduction and elimination.","robots":{"index":"index","follow":"follow","max-snippet":"max-snippet:-1","max-image-preview":"max-image-preview:large","max-video-preview":"max-video-preview:-1"},"canonical":"https:\/\/drromanovaleria.ch\/en\/infographic\/wrinkle-removal\/","og_locale":"en_GB","og_type":"article","og_title":"Les rides peuvent-elles \u00eatre compl\u00e8tement \u00e9limin\u00e9es ? - Dr Romano","og_description":"\u00c9tat des connaissances sur l\u2019\u00e9limination des rides : efficacit\u00e9 des traitements m\u00e9dicaux, limites biologiques, r\u00e9sultats possibles et distinction entre att\u00e9nuation et suppression.","og_url":"https:\/\/drromanovaleria.ch\/en\/infographic\/wrinkle-removal\/","og_site_name":"Dr Romano","article_modified_time":"2025-11-06T12:08:51+00:00","og_image":[{"width":300,"height":220,"url":"https:\/\/drromanovaleria.ch\/wp-content\/uploads\/2024\/05\/hydratation-peau.webp","type":"image\/webp"}],"twitter_card":"summary_large_image","twitter_misc":{"Estimated reading time":"8 minutes"},"schema":{"@context":"https:\/\/schema.org","@graph":[{"@type":"WebPage","@id":"https:\/\/drromanovaleria.ch\/infographie\/elimination-rides\/","url":"https:\/\/drromanovaleria.ch\/infographie\/elimination-rides\/","name":"Can wrinkles be completely eliminated ? - Dr Romano","isPartOf":{"@id":"https:\/\/drromanovaleria.ch\/#website"},"primaryImageOfPage":{"@id":"https:\/\/drromanovaleria.ch\/infographie\/elimination-rides\/#primaryimage"},"image":{"@id":"https:\/\/drromanovaleria.ch\/infographie\/elimination-rides\/#primaryimage"},"thumbnailUrl":"https:\/\/drromanovaleria.ch\/wp-content\/uploads\/2024\/05\/hydratation-peau.webp","datePublished":"2025-05-08T10:50:56+00:00","dateModified":"2025-11-06T12:08:51+00:00","description":"Current knowledge on wrinkle removal : effectiveness of medical treatments, biological limits, possible results, and distinction between reduction and elimination.","breadcrumb":{"@id":"https:\/\/drromanovaleria.ch\/infographie\/elimination-rides\/#breadcrumb"},"inLanguage":"en-GB","potentialAction":[{"@type":"ReadAction","target":["https:\/\/drromanovaleria.ch\/infographie\/elimination-rides\/"]}]},{"@type":"ImageObject","inLanguage":"en-GB","@id":"https:\/\/drromanovaleria.ch\/infographie\/elimination-rides\/#primaryimage","url":"https:\/\/drromanovaleria.ch\/wp-content\/uploads\/2024\/05\/hydratation-peau.webp","contentUrl":"https:\/\/drromanovaleria.ch\/wp-content\/uploads\/2024\/05\/hydratation-peau.webp"},{"@type":"BreadcrumbList","@id":"https:\/\/drromanovaleria.ch\/infographie\/elimination-rides\/#breadcrumb","itemListElement":[{"@type":"ListItem","position":1,"name":"Accueil","item":"https:\/\/drromanovaleria.ch\/"},{"@type":"ListItem","position":2,"name":"Infographie","item":"https:\/\/drromanovaleria.ch\/infographie\/"},{"@type":"ListItem","position":3,"name":"Les rides peuvent-elles \u00eatre compl\u00e8tement \u00e9limin\u00e9es ?"}]},{"@type":"WebSite","@id":"https:\/\/drromanovaleria.ch\/#website","url":"https:\/\/drromanovaleria.ch\/","name":"Dr Romano","description":"Morphological and anti-ageing medicine","potentialAction":[{"@type":"SearchAction","target":{"@type":"EntryPoint","urlTemplate":"https:\/\/drromanovaleria.ch\/?s={search_term_string}"},"query-input":{"@type":"PropertyValueSpecification","valueRequired":true,"valueName":"search_term_string"}}],"inLanguage":"en-GB"}]}},"_links":{"self":[{"href":"https:\/\/drromanovaleria.ch\/en\/wp-json\/wp\/v2\/infographie\/25951","targetHints":{"allow":["GET"]}}],"collection":[{"href":"https:\/\/drromanovaleria.ch\/en\/wp-json\/wp\/v2\/infographie"}],"about":[{"href":"https:\/\/drromanovaleria.ch\/en\/wp-json\/wp\/v2\/types\/infographie"}],"version-history":[{"count":5,"href":"https:\/\/drromanovaleria.ch\/en\/wp-json\/wp\/v2\/infographie\/25951\/revisions"}],"predecessor-version":[{"id":43240,"href":"https:\/\/drromanovaleria.ch\/en\/wp-json\/wp\/v2\/infographie\/25951\/revisions\/43240"}],"wp:attachment":[{"href":"https:\/\/drromanovaleria.ch\/en\/wp-json\/wp\/v2\/media?parent=25951"}],"curies":[{"name":"wp","href":"https:\/\/api.w.org\/{rel}","templated":true}]}}