{"id":25947,"date":"2025-05-08T12:48:59","date_gmt":"2025-05-08T10:48:59","guid":{"rendered":"https:\/\/drromanovaleria.ch\/?post_type=infographie&#038;p=25947"},"modified":"2025-11-06T13:12:44","modified_gmt":"2025-11-06T12:12:44","slug":"facial-wrinkle-filling-reviews","status":"publish","type":"infographie","link":"https:\/\/drromanovaleria.ch\/en\/infographie\/comblement-rides-visage-avis\/","title":{"rendered":"Comblement rides du visage : avis"},"content":{"rendered":"\t\t<div data-elementor-type=\"wp-post\" data-elementor-id=\"25947\" class=\"elementor elementor-25947\" data-elementor-post-type=\"infographie\">\n\t\t\t\t<div class=\"elementor-element elementor-element-b44dd8b e-flex e-con-boxed e-con e-parent\" data-id=\"b44dd8b\" data-element_type=\"container\" data-e-type=\"container\" data-settings=\"{&quot;background_background&quot;:&quot;classic&quot;,&quot;jet_parallax_layout_list&quot;:[]}\">\n\t\t\t\t\t<div class=\"e-con-inner\">\n\t\t<div class=\"elementor-element elementor-element-6b40348 e-con-full e-flex e-con e-child\" data-id=\"6b40348\" data-element_type=\"container\" data-e-type=\"container\" data-settings=\"{&quot;background_background&quot;:&quot;classic&quot;,&quot;jet_parallax_layout_list&quot;:[]}\">\n\t\t\t\t<div class=\"elementor-element elementor-element-a99aece elementor-widget__width-initial elementor-widget elementor-widget-heading\" data-id=\"a99aece\" data-element_type=\"widget\" data-e-type=\"widget\" data-widget_type=\"heading.default\">\n\t\t\t\t<div class=\"elementor-widget-container\">\n\t\t\t\t\t<h1 class=\"elementor-heading-title elementor-size-default\">COMBLEMENT RIDES DU VISAGE : AVIS<\/h1>\t\t\t\t<\/div>\n\t\t\t\t<\/div>\n\t\t\t\t<div class=\"elementor-element elementor-element-c7fbc80 elementor-align-center elementor-widget elementor-widget-breadcrumbs\" data-id=\"c7fbc80\" data-element_type=\"widget\" data-e-type=\"widget\" data-widget_type=\"breadcrumbs.default\">\n\t\t\t\t<div class=\"elementor-widget-container\">\n\t\t\t\t\t<p id=\"breadcrumbs\"><span><span><a href=\"https:\/\/drromanovaleria.ch\/\">Accueil<\/a><\/span><\/span><\/p>\t\t\t\t<\/div>\n\t\t\t\t<\/div>\n\t\t\t\t<\/div>\n\t\t\t\t\t<\/div>\n\t\t\t\t<\/div>\n\t\t<div class=\"elementor-element elementor-element-6b7e2c8 e-flex e-con-boxed e-con e-parent\" data-id=\"6b7e2c8\" data-element_type=\"container\" data-e-type=\"container\" data-settings=\"{&quot;jet_parallax_layout_list&quot;:[]}\">\n\t\t\t\t\t<div class=\"e-con-inner\">\n\t\t<div class=\"elementor-element elementor-element-124d952 e-flex e-con-boxed e-con e-child\" data-id=\"124d952\" data-element_type=\"container\" data-e-type=\"container\" data-settings=\"{&quot;jet_parallax_layout_list&quot;:[]}\">\n\t\t\t\t\t<div class=\"e-con-inner\">\n\t\t<div class=\"elementor-element elementor-element-d666315 e-con-full e-flex e-con e-child\" data-id=\"d666315\" data-element_type=\"container\" data-e-type=\"container\" data-settings=\"{&quot;background_background&quot;:&quot;classic&quot;,&quot;jet_parallax_layout_list&quot;:[]}\">\n\t\t\t\t<div class=\"elementor-element elementor-element-dc35563 elementor-widget elementor-widget-text-editor\" data-id=\"dc35563\" data-element_type=\"widget\" data-e-type=\"widget\" data-widget_type=\"text-editor.default\">\n\t\t\t\t<div class=\"elementor-widget-container\">\n\t\t\t\t\t\t\t\t\t<h2>Comblement des rides \u00e0 Gen\u00e8ve<\/h2>\t\t\t\t\t\t\t\t<\/div>\n\t\t\t\t<\/div>\n\t\t\t\t<div class=\"elementor-element elementor-element-52ce30b elementor-widget elementor-widget-text-editor\" data-id=\"52ce30b\" data-element_type=\"widget\" data-e-type=\"widget\" data-widget_type=\"text-editor.default\">\n\t\t\t\t<div class=\"elementor-widget-container\">\n\t\t\t\t\t\t\t\t\t<p>Les <a href=\"https:\/\/drromanovaleria.ch\/besoins\/rides\/\">rides<\/a> du visage, qu\u2019elles soient fines ou marqu\u00e9es, dynamiques ou statiques, constituent l\u2019une des premi\u00e8res pr\u00e9occupations en m\u00e9decine \u00e0 vis\u00e9e esth\u00e9tique. \u00c0 Gen\u00e8ve, la demande de traitements non invasifs de rajeunissement du visage conna\u00eet une croissance constante, port\u00e9e par une recherche de r\u00e9sultats naturels, harmonieux et progressifs. Si les informations sur les traitements se multiplient en ligne, il demeure essentiel de distinguer les avis anecdotiques de l\u2019expertise m\u00e9dicale, afin de guider chaque patient vers une solution adapt\u00e9e \u00e0 son visage, son \u00e2ge et ses attentes.<br \/>Dans cet article, nous partageons des avis m\u00e9dicaux sur les principales options de traitement des rides du visage, ainsi que les retours fr\u00e9quents exprim\u00e9s par les patient(e)s, en particulier sur des techniques comme le m\u00e9solift , les injections (<a href=\"https:\/\/drromanovaleria.ch\/solutions\/injections\/botox\/\">toxine botulique<\/a>,<a href=\"https:\/\/drromanovaleria.ch\/solutions\/injections\/acide-hayluronique\/\"> acide hyaluronique<\/a>, <a href=\"https:\/\/drromanovaleria.ch\/solutions\/injections\/skinbooster\/\">Skinboosters<\/a>) ou encore les solutions combin\u00e9es comme les peelings et le laser fractionn\u00e9.<\/p>\t\t\t\t\t\t\t\t<\/div>\n\t\t\t\t<\/div>\n\t\t\t\t<\/div>\n\t\t\t\t\t<\/div>\n\t\t\t\t<\/div>\n\t\t<div class=\"elementor-element elementor-element-27695f5 e-flex e-con-boxed e-con e-child\" data-id=\"27695f5\" data-element_type=\"container\" data-e-type=\"container\" data-settings=\"{&quot;jet_parallax_layout_list&quot;:[]}\">\n\t\t\t\t\t<div class=\"e-con-inner\">\n\t\t\t\t<div class=\"elementor-element elementor-element-2c785cb elementor-widget elementor-widget-image\" data-id=\"2c785cb\" data-element_type=\"widget\" data-e-type=\"widget\" data-widget_type=\"image.default\">\n\t\t\t\t<div class=\"elementor-widget-container\">\n\t\t\t\t\t\t\t\t\t\t\t\t\t\t\t<img fetchpriority=\"high\" decoding=\"async\" width=\"300\" height=\"220\" src=\"https:\/\/drromanovaleria.ch\/wp-content\/uploads\/2024\/05\/hydratation-peau.webp\" class=\"attachment-medium size-medium wp-image-4852\" alt=\"image peau jeune hydrat\u00e9e\" srcset=\"https:\/\/drromanovaleria.ch\/wp-content\/uploads\/2024\/05\/hydratation-peau.webp 300w, https:\/\/drromanovaleria.ch\/wp-content\/uploads\/2024\/05\/hydratation-peau-16x12.webp 16w\" sizes=\"(max-width: 300px) 100vw, 300px\" \/>\t\t\t\t\t\t\t\t\t\t\t\t\t\t\t<\/div>\n\t\t\t\t<\/div>\n\t\t\t\t<div class=\"elementor-element elementor-element-0938620 elementor-align-center elementor-widget elementor-widget-button\" data-id=\"0938620\" data-element_type=\"widget\" data-e-type=\"widget\" data-widget_type=\"button.default\">\n\t\t\t\t<div class=\"elementor-widget-container\">\n\t\t\t\t\t\t\t\t\t<div class=\"elementor-button-wrapper\">\n\t\t\t\t\t<a class=\"elementor-button elementor-button-link elementor-size-sm\" href=\"https:\/\/drromanovaleria.ch\/contactez-le-dr-romano\/\">\n\t\t\t\t\t\t<span class=\"elementor-button-content-wrapper\">\n\t\t\t\t\t\t\t\t\t<span class=\"elementor-button-text\">Prendre rendez-vous<\/span>\n\t\t\t\t\t<\/span>\n\t\t\t\t\t<\/a>\n\t\t\t\t<\/div>\n\t\t\t\t\t\t\t\t<\/div>\n\t\t\t\t<\/div>\n\t\t\t\t\t<\/div>\n\t\t\t\t<\/div>\n\t\t\t\t\t<\/div>\n\t\t\t\t<\/div>\n\t\t<div class=\"elementor-element elementor-element-d936af3 e-flex e-con-boxed e-con e-parent\" data-id=\"d936af3\" data-element_type=\"container\" data-e-type=\"container\" data-settings=\"{&quot;jet_parallax_layout_list&quot;:[]}\">\n\t\t\t\t\t<div class=\"e-con-inner\">\n\t\t\t\t<div class=\"elementor-element elementor-element-aac20a7 elementor-toc--content-ellipsis elementor-toc--minimized-on-desktop elementor-widget elementor-widget-table-of-contents\" data-id=\"aac20a7\" data-element_type=\"widget\" data-e-type=\"widget\" data-settings=\"{&quot;exclude_headings_by_selector&quot;:[],&quot;minimized_on&quot;:&quot;desktop&quot;,&quot;no_headings_message&quot;:&quot;Aucun titre n\\u2019a \\u00e9t\\u00e9 trouv\\u00e9 sur cette page.&quot;,&quot;headings_by_tags&quot;:[&quot;h2&quot;,&quot;h3&quot;,&quot;h4&quot;,&quot;h5&quot;,&quot;h6&quot;],&quot;marker_view&quot;:&quot;numbers&quot;,&quot;minimize_box&quot;:&quot;yes&quot;,&quot;hierarchical_view&quot;:&quot;yes&quot;,&quot;min_height&quot;:{&quot;unit&quot;:&quot;px&quot;,&quot;size&quot;:&quot;&quot;,&quot;sizes&quot;:[]},&quot;min_height_tablet&quot;:{&quot;unit&quot;:&quot;px&quot;,&quot;size&quot;:&quot;&quot;,&quot;sizes&quot;:[]},&quot;min_height_mobile&quot;:{&quot;unit&quot;:&quot;px&quot;,&quot;size&quot;:&quot;&quot;,&quot;sizes&quot;:[]}}\" data-widget_type=\"table-of-contents.default\">\n\t\t\t\t<div class=\"elementor-widget-container\">\n\t\t\t\t\t\t\t\t\t<div class=\"elementor-toc__header\">\n\t\t\t\t\t\t<h2 class=\"elementor-toc__header-title\">\n\t\t\t\tSommaire\t\t\t<\/h2>\n\t\t\t\t\t\t\t\t\t\t<div class=\"elementor-toc__toggle-button elementor-toc__toggle-button--expand\" role=\"button\" tabindex=\"0\" aria-controls=\"elementor-toc__aac20a7\" aria-expanded=\"true\" aria-label=\"Ouvrir la table des mati\u00e8res\"><svg aria-hidden=\"true\" class=\"e-font-icon-svg e-fas-chevron-down\" viewBox=\"0 0 448 512\" xmlns=\"http:\/\/www.w3.org\/2000\/svg\"><path d=\"M207.029 381.476L12.686 187.132c-9.373-9.373-9.373-24.569 0-33.941l22.667-22.667c9.357-9.357 24.522-9.375 33.901-.04L224 284.505l154.745-154.021c9.379-9.335 24.544-9.317 33.901.04l22.667 22.667c9.373 9.373 9.373 24.569 0 33.941L240.971 381.476c-9.373 9.372-24.569 9.372-33.942 0z\"><\/path><\/svg><\/div>\n\t\t\t\t<div class=\"elementor-toc__toggle-button elementor-toc__toggle-button--collapse\" role=\"button\" tabindex=\"0\" aria-controls=\"elementor-toc__aac20a7\" aria-expanded=\"true\" aria-label=\"Fermer la table des mati\u00e8res\"><svg aria-hidden=\"true\" class=\"e-font-icon-svg e-fas-chevron-up\" viewBox=\"0 0 448 512\" xmlns=\"http:\/\/www.w3.org\/2000\/svg\"><path d=\"M240.971 130.524l194.343 194.343c9.373 9.373 9.373 24.569 0 33.941l-22.667 22.667c-9.357 9.357-24.522 9.375-33.901.04L224 227.495 69.255 381.516c-9.379 9.335-24.544 9.317-33.901-.04l-22.667-22.667c-9.373-9.373-9.373-24.569 0-33.941L207.03 130.525c9.372-9.373 24.568-9.373 33.941-.001z\"><\/path><\/svg><\/div>\n\t\t\t\t\t<\/div>\n\t\t\t\t<div id=\"elementor-toc__aac20a7\" class=\"elementor-toc__body\">\n\t\t\t<div class=\"elementor-toc__spinner-container\">\n\t\t\t\t<svg class=\"elementor-toc__spinner eicon-animation-spin e-font-icon-svg e-eicon-loading\" aria-hidden=\"true\" viewBox=\"0 0 1000 1000\" xmlns=\"http:\/\/www.w3.org\/2000\/svg\"><path d=\"M500 975V858C696 858 858 696 858 500S696 142 500 142 142 304 142 500H25C25 237 238 25 500 25S975 237 975 500 763 975 500 975Z\"><\/path><\/svg>\t\t\t<\/div>\n\t\t<\/div>\n\t\t\t\t\t\t<\/div>\n\t\t\t\t<\/div>\n\t\t\t\t\t<\/div>\n\t\t\t\t<\/div>\n\t\t<div class=\"elementor-element elementor-element-8d9260e e-flex e-con-boxed e-con e-parent\" data-id=\"8d9260e\" data-element_type=\"container\" data-e-type=\"container\" data-settings=\"{&quot;jet_parallax_layout_list&quot;:[]}\">\n\t\t\t\t\t<div class=\"e-con-inner\">\n\t\t\t\t<div class=\"elementor-element elementor-element-228841f elementor-widget elementor-widget-text-editor\" data-id=\"228841f\" data-element_type=\"widget\" data-e-type=\"widget\" data-widget_type=\"text-editor.default\">\n\t\t\t\t<div class=\"elementor-widget-container\">\n\t\t\t\t\t\t\t\t\t<h2>Les rides du visage\u00a0<\/h2>\t\t\t\t\t\t\t\t<\/div>\n\t\t\t\t<\/div>\n\t\t\t\t<div class=\"elementor-element elementor-element-568443f elementor-widget-divider--view-line elementor-widget elementor-widget-divider\" data-id=\"568443f\" data-element_type=\"widget\" data-e-type=\"widget\" data-widget_type=\"divider.default\">\n\t\t\t\t<div class=\"elementor-widget-container\">\n\t\t\t\t\t\t\t<div class=\"elementor-divider\">\n\t\t\t<span class=\"elementor-divider-separator\">\n\t\t\t\t\t\t<\/span>\n\t\t<\/div>\n\t\t\t\t\t\t<\/div>\n\t\t\t\t<\/div>\n\t\t\t\t<div class=\"elementor-element elementor-element-ff4fb51 elementor-widget elementor-widget-text-editor\" data-id=\"ff4fb51\" data-element_type=\"widget\" data-e-type=\"widget\" data-widget_type=\"text-editor.default\">\n\t\t\t\t<div class=\"elementor-widget-container\">\n\t\t\t\t\t\t\t\t\t<p>Avant de parler des traitements, il est important de comprendre ce que sont les rides et pourquoi elles apparaissent. On peut les classer en trois grandes cat\u00e9gories.<br data-start=\"397\" data-end=\"400\" \/>Les rides dynamiques sont directement li\u00e9es aux mouvements du visage. Elles apparaissent quand on sourit, que l\u2019on fronce les sourcils ou que l\u2019on plisse les yeux. Au d\u00e9but, elles ne se marquent qu\u2019\u00e0 l\u2019expression, puis, avec le temps, elles s\u2019installent m\u00eame au repos. Les rides du lion entre les sourcils, les rides horizontales du front ou encore les pattes d\u2019oie en sont les exemples les plus fr\u00e9quents.<br data-start=\"806\" data-end=\"809\" \/>Les rides statiques, elles, sont visibles m\u00eame lorsque le visage est d\u00e9tendu. Elles traduisent un vieillissement plus profond de la peau : perte de collag\u00e8ne, baisse d\u2019\u00e9lasticit\u00e9, diminution de l\u2019hydratation et de l\u2019\u00e9paisseur cutan\u00e9e. C\u2019est le cas, par exemple, des sillons nasog\u00e9niens, des plis d\u2019amertume ou des rides qui se dessinent sur les joues.<br data-start=\"1160\" data-end=\"1163\" \/>Enfin, les rides mixtes combinent les deux m\u00e9canismes : une activit\u00e9 musculaire marqu\u00e9e et un rel\u00e2chement de la peau. Dans la pratique, c\u2019est une situation fr\u00e9quente. C\u2019est pourquoi un diagnostic pr\u00e9cis et personnalis\u00e9 est indispensable avant de proposer un traitement adapt\u00e9.<\/p>\t\t\t\t\t\t\t\t<\/div>\n\t\t\t\t<\/div>\n\t\t\t\t\t<\/div>\n\t\t\t\t<\/div>\n\t\t<div class=\"elementor-element elementor-element-a19ad2f e-flex e-con-boxed e-con e-parent\" data-id=\"a19ad2f\" data-element_type=\"container\" data-e-type=\"container\" data-settings=\"{&quot;jet_parallax_layout_list&quot;:[]}\">\n\t\t\t\t\t<div class=\"e-con-inner\">\n\t\t\t\t<div class=\"elementor-element elementor-element-962b8a2 elementor-widget elementor-widget-text-editor\" data-id=\"962b8a2\" data-element_type=\"widget\" data-e-type=\"widget\" data-widget_type=\"text-editor.default\">\n\t\t\t\t<div class=\"elementor-widget-container\">\n\t\t\t\t\t\t\t\t\t<h2>Traitement des rides dynamiques : avis sur toxine botulique et acide hyaluronique<\/h2>\t\t\t\t\t\t\t\t<\/div>\n\t\t\t\t<\/div>\n\t\t\t\t<div class=\"elementor-element elementor-element-c101a9e elementor-widget-divider--view-line elementor-widget elementor-widget-divider\" data-id=\"c101a9e\" data-element_type=\"widget\" data-e-type=\"widget\" data-widget_type=\"divider.default\">\n\t\t\t\t<div class=\"elementor-widget-container\">\n\t\t\t\t\t\t\t<div class=\"elementor-divider\">\n\t\t\t<span class=\"elementor-divider-separator\">\n\t\t\t\t\t\t<\/span>\n\t\t<\/div>\n\t\t\t\t\t\t<\/div>\n\t\t\t\t<\/div>\n\t\t\t\t<div class=\"elementor-element elementor-element-e1d1b56 elementor-widget elementor-widget-text-editor\" data-id=\"e1d1b56\" data-element_type=\"widget\" data-e-type=\"widget\" data-widget_type=\"text-editor.default\">\n\t\t\t\t<div class=\"elementor-widget-container\">\n\t\t\t\t\t\t\t\t\t<p>La toxine botulique est le traitement de premi\u00e8re intention pour les rides dynamiques. Inject\u00e9e avec pr\u00e9cision, elle bloque temporairement la contraction des muscles responsables des rides d\u2019expression.<br \/>Selon les m\u00e9decins, la toxine botulique est aujourd\u2019hui consid\u00e9r\u00e9e comme un v\u00e9ritable soin de pr\u00e9servation de la jeunesse du visage. Inject\u00e9e avec pr\u00e9cision et parcimonie, il permet de lisser les rides tout en pr\u00e9servant la mobilit\u00e9 et l\u2019expressivit\u00e9 du visage. Ce traitement est souvent propos\u00e9 de mani\u00e8re pr\u00e9ventive d\u00e8s l\u2019\u00e2ge de 30 ans, pour att\u00e9nuer les premi\u00e8res rides li\u00e9es aux contractions musculaires, et devient un alli\u00e9 discret entre 40 et 60 ans pour corriger en douceur les rides d\u00e9j\u00e0 install\u00e9es.<br \/>Voici quelques t\u00e9moignages de patient(e)s :<br data-start=\"944\" data-end=\"947\" \/>\u00ab J\u2019avais peur de perdre mes expressions, mais le r\u00e9sultat est tr\u00e8s naturel. Mes rides du front sont nettement att\u00e9nu\u00e9es, sans effet fig\u00e9 \u00bb.<br data-start=\"1087\" data-end=\"1090\" \/>\u00ab Injection rapide, indolore, avec un effet visible au bout de quelques jours. Je renouvelle le traitement tous les 5 \u00e0 6 mois \u00bb.<br data-start=\"1219\" data-end=\"1222\" \/>Lorsque les rides sont dynamiques mais d\u00e9j\u00e0 marqu\u00e9es, l\u2019association avec l\u2019acide hyaluronique peut \u00eatre propos\u00e9e, en particulier pour la glabelle.<\/p>\t\t\t\t\t\t\t\t<\/div>\n\t\t\t\t<\/div>\n\t\t\t\t\t<\/div>\n\t\t\t\t<\/div>\n\t\t<div class=\"elementor-element elementor-element-cd56b79 e-flex e-con-boxed e-con e-parent\" data-id=\"cd56b79\" data-element_type=\"container\" data-e-type=\"container\" data-settings=\"{&quot;jet_parallax_layout_list&quot;:[]}\">\n\t\t\t\t\t<div class=\"e-con-inner\">\n\t\t\t\t<div class=\"elementor-element elementor-element-8e0b974 elementor-widget elementor-widget-text-editor\" data-id=\"8e0b974\" data-element_type=\"widget\" data-e-type=\"widget\" data-widget_type=\"text-editor.default\">\n\t\t\t\t<div class=\"elementor-widget-container\">\n\t\t\t\t\t\t\t\t\t<h2>Traitement des rides statiques : avis sur l\u2019acide hyaluronique, les Skinboosters et Sculptra<\/h2>\t\t\t\t\t\t\t\t<\/div>\n\t\t\t\t<\/div>\n\t\t\t\t<div class=\"elementor-element elementor-element-f9df137 elementor-widget-divider--view-line elementor-widget elementor-widget-divider\" data-id=\"f9df137\" data-element_type=\"widget\" data-e-type=\"widget\" data-widget_type=\"divider.default\">\n\t\t\t\t<div class=\"elementor-widget-container\">\n\t\t\t\t\t\t\t<div class=\"elementor-divider\">\n\t\t\t<span class=\"elementor-divider-separator\">\n\t\t\t\t\t\t<\/span>\n\t\t<\/div>\n\t\t\t\t\t\t<\/div>\n\t\t\t\t<\/div>\n\t\t\t\t<div class=\"elementor-element elementor-element-b151998 elementor-widget elementor-widget-text-editor\" data-id=\"b151998\" data-element_type=\"widget\" data-e-type=\"widget\" data-widget_type=\"text-editor.default\">\n\t\t\t\t<div class=\"elementor-widget-container\">\n\t\t\t\t\t\t\t\t\t<p>L\u2019acide hyaluronique est aujourd\u2019hui l\u2019un des traitements les plus utilis\u00e9s en m\u00e9decine \u00e0 vis\u00e9e esth\u00e9tique pour corriger les rides et restaurer les volumes. Naturellement pr\u00e9sent dans notre organisme, il permet de combler les creux, de redessiner les contours du visage et d\u2019obtenir un effet de <a href=\"https:\/\/drromanovaleria.ch\/lifting-medical\/\">lifting m\u00e9dical<\/a> sans chirurgie. Chaque injection est adapt\u00e9e \u00e0 la zone trait\u00e9e, avec un dosage pr\u00e9cis selon les besoins de la peau et la morphologie du patient.<br data-start=\"709\" data-end=\"712\" \/>L\u2019acide hyaluronique offre des r\u00e9sultats imm\u00e9diats, visibles d\u00e8s la fin de la s\u00e9ance. Sa dur\u00e9e d\u2019action varie entre 8 et 15 mois selon le produit utilis\u00e9 et la zone inject\u00e9e. Sa r\u00e9putation tient \u00e0 la fois \u00e0 son efficacit\u00e9 et \u00e0 sa s\u00e9curit\u00e9.<br data-start=\"960\" data-end=\"963\" \/>T\u00e9moignages de patient(e)s :<br data-start=\"991\" data-end=\"994\" \/>\u00ab Les plis autour de ma bouche ont disparu, mais le r\u00e9sultat reste tr\u00e8s naturel. Mes proches me trouvent repos\u00e9e sans savoir pourquoi \u00bb.<br data-start=\"1130\" data-end=\"1133\" \/>\u00ab Je n\u2019ai eu aucun effet secondaire, juste une l\u00e9g\u00e8re rougeur. Tr\u00e8s satisfaite \u00bb.<br data-start=\"1214\" data-end=\"1217\" \/><br \/>Les Skinboosters, acide hyaluronique peu r\u00e9ticul\u00e9 sp\u00e9cialement con\u00e7u pour r\u00e9hydrater la peau en profondeur sans cr\u00e9er de volume, conviennent parfaitement aux peaux fines ou d\u00e9shydrat\u00e9es et s\u2019int\u00e8grent souvent dans un protocole d\u2019entretien.<br data-start=\"1477\" data-end=\"1480\" \/>T\u00e9moignage d\u2019une patiente :<br data-start=\"1507\" data-end=\"1510\" \/>\u00ab Ma peau est plus souple, rebondie, comme apr\u00e8s des vacances. Tr\u00e8s agr\u00e9able au toucher \u00bb.<br \/><br data-start=\"1600\" data-end=\"1603\" \/>Le Sculptra agit diff\u00e9remment : il ne comble pas directement les rides mais stimule la production naturelle de collag\u00e8ne gr\u00e2ce \u00e0 l\u2019acide polylactique. Les r\u00e9sultats apparaissent progressivement, entre 6 et 12 semaines, et se prolongent plusieurs ann\u00e9es. Il est particuli\u00e8rement indiqu\u00e9 apr\u00e8s 40 ans, lorsque les pertes de volumes sont diffuses et que la peau a besoin d\u2019\u00eatre restructur\u00e9e en profondeur.<br \/><br data-start=\"2010\" data-end=\"2013\" \/>Le m\u00e9solift est une technique compl\u00e9mentaire qui consiste \u00e0 injecter un cocktail d\u2019acide hyaluronique non r\u00e9ticul\u00e9, de vitamines, d\u2019antioxydants et d\u2019oligo-\u00e9l\u00e9ments. Il s\u2019adresse aux peaux ternes, d\u00e9shydrat\u00e9es ou marqu\u00e9es par de fines ridules. C\u2019est aussi un excellent traitement pr\u00e9ventif, souvent conseill\u00e9 d\u00e8s la trentaine, ou en entretien apr\u00e8s des injections de Skinboosters.<br data-start=\"2392\" data-end=\"2395\" \/>T\u00e9moignages de patient(e)s :<br data-start=\"2423\" data-end=\"2426\" \/>\u00ab Effet bonne mine imm\u00e9diat ! Ma peau est plus ferme, plus lumineuse \u00bb.<br data-start=\"2497\" data-end=\"2500\" \/>\u00ab Je fais une s\u00e9ance tous les 3 mois, c\u2019est devenu mon entretien r\u00e9gulier \u00bb.<br \/><br data-start=\"2576\" data-end=\"2579\" \/>Le peeling PRX-T33 est une technique de biorevitalisation qui agit sans provoquer de desquamation. Il associe acide trichloroac\u00e9tique, peroxyde d\u2019hydrog\u00e8ne et acide kojique pour redonner \u00e9clat et tonicit\u00e9 \u00e0 la peau.<br data-start=\"2794\" data-end=\"2797\" \/>Le peeling TCA, dont l&#8217;action est plus profonde, affine le grain de peau, lisse les rides et am\u00e9liore la qualit\u00e9 de la peau.\u00a0<br data-start=\"2909\" data-end=\"2912\" \/>T\u00e9moignages de patient(e)s :<br data-start=\"2940\" data-end=\"2943\" \/>\u00ab Pas d\u2019effet secondaire, juste un \u00e9clat spectaculaire. Je l\u2019ai fait avant un mariage, parfait ! \u00bb. (PRX-T33)<br data-start=\"3051\" data-end=\"3054\" \/>\u00ab Un peu de rougeur pendant quelques jours, mais le r\u00e9sultat vaut largement le l\u00e9ger inconfort \u00bb. (peeling TCA)<br \/><br data-start=\"3165\" data-end=\"3168\" \/>Enfin, le laser fractionn\u00e9 ablatif stimule le renouvellement cellulaire et raffermit la peau. Il est particuli\u00e8rement indiqu\u00e9 en cas de rides superficielles \u00e0 mod\u00e9r\u00e9es et am\u00e9liore visiblement la qualit\u00e9 de la peau.<br data-start=\"3380\" data-end=\"3383\" \/>T\u00e9moignage d\u2019un patient :<br data-start=\"3408\" data-end=\"3411\" \/>\u00ab Je fais une s\u00e9ance chaque ann\u00e9e, et je vois vraiment la diff\u00e9rence : le contour des yeux est plus lisse et les joues plus fermes \u00bb.<\/p>\t\t\t\t\t\t\t\t<\/div>\n\t\t\t\t<\/div>\n\t\t\t\t\t<\/div>\n\t\t\t\t<\/div>\n\t\t<div class=\"elementor-element elementor-element-a292639 e-flex e-con-boxed e-con e-parent\" data-id=\"a292639\" data-element_type=\"container\" data-e-type=\"container\" data-settings=\"{&quot;jet_parallax_layout_list&quot;:[]}\">\n\t\t\t\t\t<div class=\"e-con-inner\">\n\t\t\t\t<div class=\"elementor-element elementor-element-c10dc17 elementor-widget elementor-widget-text-editor\" data-id=\"c10dc17\" data-element_type=\"widget\" data-e-type=\"widget\" data-widget_type=\"text-editor.default\">\n\t\t\t\t<div class=\"elementor-widget-container\">\n\t\t\t\t\t\t\t\t\t<h2>Pourquoi les avis varient-ils ?\u00a0<\/h2>\t\t\t\t\t\t\t\t<\/div>\n\t\t\t\t<\/div>\n\t\t\t\t<div class=\"elementor-element elementor-element-99d2fdf elementor-widget-divider--view-line elementor-widget elementor-widget-divider\" data-id=\"99d2fdf\" data-element_type=\"widget\" data-e-type=\"widget\" data-widget_type=\"divider.default\">\n\t\t\t\t<div class=\"elementor-widget-container\">\n\t\t\t\t\t\t\t<div class=\"elementor-divider\">\n\t\t\t<span class=\"elementor-divider-separator\">\n\t\t\t\t\t\t<\/span>\n\t\t<\/div>\n\t\t\t\t\t\t<\/div>\n\t\t\t\t<\/div>\n\t\t\t\t<div class=\"elementor-element elementor-element-8c5e81a elementor-widget elementor-widget-text-editor\" data-id=\"8c5e81a\" data-element_type=\"widget\" data-e-type=\"widget\" data-widget_type=\"text-editor.default\">\n\t\t\t\t<div class=\"elementor-widget-container\">\n\t\t\t\t\t\t\t\t\t<p data-start=\"159\" data-end=\"1595\">Les avis sur les traitements des rides du visage peuvent \u00eatre tr\u00e8s diff\u00e9rents d\u2019une personne \u00e0 l\u2019autre. Chaque patient pr\u00e9sente en effet des caract\u00e9ristiques uniques : un type de rides (dynamiques, statiques ou mixtes), une qualit\u00e9 de peau propre \u00e0 son \u00e2ge et \u00e0 son mode de vie, un phototype particulier, mais aussi des attentes esth\u00e9tiques sp\u00e9cifiques. \u00c0 cela s\u2019ajoute un rythme de vieillissement qui varie selon les patients, rendant chaque prise en charge totalement personnalis\u00e9e.<br data-start=\"644\" data-end=\"647\" \/>C\u2019est pourquoi la personnalisation du traitement constitue la cl\u00e9 de la satisfaction. Lors de la premi\u00e8re consultation, une analyse esth\u00e9tique compl\u00e8te permet d\u2019\u00e9valuer l\u2019\u00e9tat de la peau, la structure du visage et les zones de rel\u00e2chement. Cet examen approfondi oriente le choix des techniques les plus adapt\u00e9es : injections de toxine botulique pour lisser certaines rides d\u2019expression, acide hyaluronique pour combler et restaurer les volumes, m\u00e9solift ou Skinboosters pour r\u00e9hydrater et revitaliser la peau, peelings pour am\u00e9liorer l\u2019\u00e9clat et la qualit\u00e9, ou encore laser fractionn\u00e9 pour raffermir et stimuler le renouvellement cellulaire.<br data-start=\"1270\" data-end=\"1273\" \/>Dans de nombreux cas, la combinaison de plusieurs traitements sur mesure offre les r\u00e9sultats les plus harmonieux et les plus durables. Cette approche globale permet non seulement de corriger les rides existantes, mais aussi de pr\u00e9venir leur \u00e9volution, tout en respectant la singularit\u00e9 et la naturalit\u00e9 de chaque visage.<\/p>\t\t\t\t\t\t\t\t<\/div>\n\t\t\t\t<\/div>\n\t\t\t\t\t<\/div>\n\t\t\t\t<\/div>\n\t\t<div class=\"elementor-element elementor-element-abd7854 e-flex e-con-boxed e-con e-parent\" data-id=\"abd7854\" data-element_type=\"container\" data-e-type=\"container\" data-settings=\"{&quot;jet_parallax_layout_list&quot;:[]}\">\n\t\t\t\t\t<div class=\"e-con-inner\">\n\t\t\t\t<div class=\"elementor-element elementor-element-5ceb72e elementor-widget elementor-widget-text-editor\" data-id=\"5ceb72e\" data-element_type=\"widget\" data-e-type=\"widget\" data-widget_type=\"text-editor.default\">\n\t\t\t\t<div class=\"elementor-widget-container\">\n\t\t\t\t\t\t\t\t\t<h2>Conclusion : avis sur les rides du visage<\/h2>\t\t\t\t\t\t\t\t<\/div>\n\t\t\t\t<\/div>\n\t\t\t\t<div class=\"elementor-element elementor-element-8c7408f elementor-widget-divider--view-line elementor-widget elementor-widget-divider\" data-id=\"8c7408f\" data-element_type=\"widget\" data-e-type=\"widget\" data-widget_type=\"divider.default\">\n\t\t\t\t<div class=\"elementor-widget-container\">\n\t\t\t\t\t\t\t<div class=\"elementor-divider\">\n\t\t\t<span class=\"elementor-divider-separator\">\n\t\t\t\t\t\t<\/span>\n\t\t<\/div>\n\t\t\t\t\t\t<\/div>\n\t\t\t\t<\/div>\n\t\t\t\t<div class=\"elementor-element elementor-element-20b25fe elementor-widget elementor-widget-text-editor\" data-id=\"20b25fe\" data-element_type=\"widget\" data-e-type=\"widget\" data-widget_type=\"text-editor.default\">\n\t\t\t\t<div class=\"elementor-widget-container\">\n\t\t\t\t\t\t\t\t\t<p>Les t\u00e9moignages de patient(e)s confirment que les traitements des rides du visage sont \u00e0 la fois efficaces et s\u00fbrs lorsqu\u2019ils sont pratiqu\u00e9s dans un cadre m\u00e9dical rigoureux, avec des produits de haute qualit\u00e9 et par des m\u00e9decins exp\u00e9riment\u00e9s. Ces avis mettent en avant non seulement l\u2019am\u00e9lioration visible de la qualit\u00e9 de la peau, mais aussi la confiance retrouv\u00e9e gr\u00e2ce \u00e0 des r\u00e9sultats naturels et harmonieux.<br data-start=\"574\" data-end=\"577\" \/>\u00c0 Gen\u00e8ve, la m\u00e9decine \u00e0 vis\u00e9e esth\u00e9tique propose aujourd\u2019hui une large palette de solutions adapt\u00e9es aux diff\u00e9rents types de rides et aux besoins sp\u00e9cifiques de chaque patient. La toxine botulique est particuli\u00e8rement indiqu\u00e9e pour lisser les rides d\u2019expression, comme celles du front, de la glabelle ou du contour des yeux. L\u2019acide hyaluronique, quant \u00e0 lui, permet de combler les sillons plus profonds, de redonner du volume et de restaurer les contours du visage. Le Sculptra stimule la production de collag\u00e8ne et am\u00e9liore progressivement la fermet\u00e9 de la peau, apportant des r\u00e9sultats durables. Enfin, le m\u00e9solift, gr\u00e2ce \u00e0 un cocktail nutritif inject\u00e9 dans le derme, hydrate intens\u00e9ment et redonne \u00e9clat et tonicit\u00e9 au visage.<br data-start=\"1307\" data-end=\"1310\" \/>Cette diversit\u00e9 de traitements permet une prise en charge compl\u00e8te, progressive et personnalis\u00e9e. Les patient(e)s appr\u00e9cient tout particuli\u00e8rement la possibilit\u00e9 d\u2019obtenir des r\u00e9sultats visibles sans perdre leur naturel, avec une am\u00e9lioration qui respecte l\u2019\u00e9quilibre et l\u2019harmonie du visage.<\/p>\t\t\t\t\t\t\t\t<\/div>\n\t\t\t\t<\/div>\n\t\t\t\t\t<\/div>\n\t\t\t\t<\/div>\n\t\t<div class=\"elementor-element elementor-element-fac66e8 e-flex e-con-boxed e-con e-parent\" data-id=\"fac66e8\" data-element_type=\"container\" data-e-type=\"container\" data-settings=\"{&quot;jet_parallax_layout_list&quot;:[]}\">\n\t\t\t\t\t<div class=\"e-con-inner\">\n\t\t<div class=\"elementor-element elementor-element-71b1636 e-con-full e-flex e-con e-child\" data-id=\"71b1636\" data-element_type=\"container\" data-e-type=\"container\" data-settings=\"{&quot;jet_parallax_layout_list&quot;:[]}\">\n\t\t<div class=\"elementor-element elementor-element-c13e3c9 e-con-full e-flex e-con e-child\" data-id=\"c13e3c9\" data-element_type=\"container\" data-e-type=\"container\" data-settings=\"{&quot;jet_parallax_layout_list&quot;:[]}\">\n\t\t<div class=\"elementor-element elementor-element-40547be e-con-full e-flex e-con e-child\" data-id=\"40547be\" data-element_type=\"container\" data-e-type=\"container\" data-settings=\"{&quot;jet_parallax_layout_list&quot;:[]}\">\n\t\t<div class=\"elementor-element elementor-element-8ebe741 e-con-full e-flex e-con e-child\" data-id=\"8ebe741\" data-element_type=\"container\" data-e-type=\"container\" data-settings=\"{&quot;jet_parallax_layout_list&quot;:[]}\">\n\t\t\t\t<div class=\"elementor-element elementor-element-160a716 elementor-widget elementor-widget-image\" data-id=\"160a716\" data-element_type=\"widget\" data-e-type=\"widget\" data-widget_type=\"image.default\">\n\t\t\t\t<div class=\"elementor-widget-container\">\n\t\t\t\t\t\t\t\t\t\t\t\t\t\t\t<img decoding=\"async\" width=\"150\" height=\"150\" src=\"https:\/\/drromanovaleria.ch\/wp-content\/uploads\/2024\/07\/photo-docteur-romano-valeria-150x150.webp\" class=\"attachment-thumbnail size-thumbnail wp-image-13266\" alt=\"Photo docteur Valeria Romano \u00e0 Gen\u00e8ve\" \/>\t\t\t\t\t\t\t\t\t\t\t\t\t\t\t<\/div>\n\t\t\t\t<\/div>\n\t\t\t\t<div class=\"elementor-element elementor-element-467de71 elementor-widget elementor-widget-text-editor\" data-id=\"467de71\" data-element_type=\"widget\" data-e-type=\"widget\" data-widget_type=\"text-editor.default\">\n\t\t\t\t<div class=\"elementor-widget-container\">\n\t\t\t\t\t\t\t\t\t<p>Article r\u00e9dig\u00e9 par le <a href=\"https:\/\/drromanovaleria.ch\/\">Dr Romano Valeria<\/a><\/p>\t\t\t\t\t\t\t\t<\/div>\n\t\t\t\t<\/div>\n\t\t\t\t<\/div>\n\t\t<div class=\"elementor-element elementor-element-0f5d1ab e-con-full e-flex e-con e-child\" data-id=\"0f5d1ab\" data-element_type=\"container\" data-e-type=\"container\" data-settings=\"{&quot;jet_parallax_layout_list&quot;:[]}\">\n\t\t\t\t<div class=\"elementor-element elementor-element-5752d83 elementor-widget elementor-widget-text-editor\" data-id=\"5752d83\" data-element_type=\"widget\" data-e-type=\"widget\" data-widget_type=\"text-editor.default\">\n\t\t\t\t<div class=\"elementor-widget-container\">\n\t\t\t\t\t\t\t\t\t<p>PARTAGER CET ARTICLE SUR<\/p>\t\t\t\t\t\t\t\t<\/div>\n\t\t\t\t<\/div>\n\t\t\t\t<div class=\"elementor-element elementor-element-7704f45 elementor-share-buttons--view-icon-text elementor-share-buttons--skin-gradient elementor-share-buttons--shape-square elementor-grid-0 elementor-share-buttons--color-official elementor-widget elementor-widget-share-buttons\" data-id=\"7704f45\" data-element_type=\"widget\" data-e-type=\"widget\" data-widget_type=\"share-buttons.default\">\n\t\t\t\t<div class=\"elementor-widget-container\">\n\t\t\t\t\t\t\t<div class=\"elementor-grid\">\n\t\t\t\t\t\t\t\t<div class=\"elementor-grid-item\">\n\t\t\t\t\t\t<div class=\"elementor-share-btn elementor-share-btn_linkedin\" role=\"button\" tabindex=\"0\" aria-label=\"Partager sur linkedin\">\n\t\t\t\t\t\t\t\t\t\t\t\t\t\t\t<span class=\"elementor-share-btn__icon\">\n\t\t\t\t\t\t\t\t<svg aria-hidden=\"true\" class=\"e-font-icon-svg e-fab-linkedin\" viewBox=\"0 0 448 512\" xmlns=\"http:\/\/www.w3.org\/2000\/svg\"><path d=\"M416 32H31.9C14.3 32 0 46.5 0 64.3v383.4C0 465.5 14.3 480 31.9 480H416c17.6 0 32-14.5 32-32.3V64.3c0-17.8-14.4-32.3-32-32.3zM135.4 416H69V202.2h66.5V416zm-33.2-243c-21.3 0-38.5-17.3-38.5-38.5S80.9 96 102.2 96c21.2 0 38.5 17.3 38.5 38.5 0 21.3-17.2 38.5-38.5 38.5zm282.1 243h-66.4V312c0-24.8-.5-56.7-34.5-56.7-34.6 0-39.9 27-39.9 54.9V416h-66.4V202.2h63.7v29.2h.9c8.9-16.8 30.6-34.5 62.9-34.5 67.2 0 79.7 44.3 79.7 101.9V416z\"><\/path><\/svg>\t\t\t\t\t\t\t<\/span>\n\t\t\t\t\t\t\t\t\t\t\t\t\t\t\t\t\t\t\t\t\t\t<div class=\"elementor-share-btn__text\">\n\t\t\t\t\t\t\t\t\t\t\t\t\t\t\t\t\t\t\t<span class=\"elementor-share-btn__title\">\n\t\t\t\t\t\t\t\t\t\tLinkedIn\t\t\t\t\t\t\t\t\t<\/span>\n\t\t\t\t\t\t\t\t\t\t\t\t\t\t\t\t\t<\/div>\n\t\t\t\t\t\t\t\t\t\t\t\t\t<\/div>\n\t\t\t\t\t<\/div>\n\t\t\t\t\t\t<\/div>\n\t\t\t\t\t\t<\/div>\n\t\t\t\t<\/div>\n\t\t\t\t<\/div>\n\t\t\t\t<\/div>\n\t\t\t\t<div class=\"elementor-element elementor-element-29bdec1 elementor-align-start elementor-mobile-align-start elementor-icon-list--layout-traditional elementor-list-item-link-full_width elementor-widget elementor-widget-icon-list\" data-id=\"29bdec1\" data-element_type=\"widget\" data-e-type=\"widget\" data-widget_type=\"icon-list.default\">\n\t\t\t\t<div class=\"elementor-widget-container\">\n\t\t\t\t\t\t\t<ul class=\"elementor-icon-list-items\">\n\t\t\t\t\t\t\t<li class=\"elementor-icon-list-item\">\n\t\t\t\t\t\t\t\t\t\t\t<a href=\"mailto:dr.romano.valeria@gmail.com\">\n\n\t\t\t\t\t\t\t\t\t\t\t\t<span class=\"elementor-icon-list-icon\">\n\t\t\t\t\t\t\t<svg aria-hidden=\"true\" class=\"e-font-icon-svg e-fas-envelope\" viewBox=\"0 0 512 512\" xmlns=\"http:\/\/www.w3.org\/2000\/svg\"><path d=\"M502.3 190.8c3.9-3.1 9.7-.2 9.7 4.7V400c0 26.5-21.5 48-48 48H48c-26.5 0-48-21.5-48-48V195.6c0-5 5.7-7.8 9.7-4.7 22.4 17.4 52.1 39.5 154.1 113.6 21.1 15.4 56.7 47.8 92.2 47.6 35.7.3 72-32.8 92.3-47.6 102-74.1 131.6-96.3 154-113.7zM256 320c23.2.4 56.6-29.2 73.4-41.4 132.7-96.3 142.8-104.7 173.4-128.7 5.8-4.5 9.2-11.5 9.2-18.9v-19c0-26.5-21.5-48-48-48H48C21.5 64 0 85.5 0 112v19c0 7.4 3.4 14.3 9.2 18.9 30.6 23.9 40.7 32.4 173.4 128.7 16.8 12.2 50.2 41.8 73.4 41.4z\"><\/path><\/svg>\t\t\t\t\t\t<\/span>\n\t\t\t\t\t\t\t\t\t\t<span class=\"elementor-icon-list-text\">dr.romano.valeria@gmail.com<\/span>\n\t\t\t\t\t\t\t\t\t\t\t<\/a>\n\t\t\t\t\t\t\t\t\t<\/li>\n\t\t\t\t\t\t\t\t<li class=\"elementor-icon-list-item\">\n\t\t\t\t\t\t\t\t\t\t\t<a href=\"tel:+41%2078%20209%2002%2089\">\n\n\t\t\t\t\t\t\t\t\t\t\t\t<span class=\"elementor-icon-list-icon\">\n\t\t\t\t\t\t\t<svg aria-hidden=\"true\" class=\"e-font-icon-svg e-fas-phone-alt\" viewBox=\"0 0 512 512\" xmlns=\"http:\/\/www.w3.org\/2000\/svg\"><path d=\"M497.39 361.8l-112-48a24 24 0 0 0-28 6.9l-49.6 60.6A370.66 370.66 0 0 1 130.6 204.11l60.6-49.6a23.94 23.94 0 0 0 6.9-28l-48-112A24.16 24.16 0 0 0 122.6.61l-104 24A24 24 0 0 0 0 48c0 256.5 207.9 464 464 464a24 24 0 0 0 23.4-18.6l24-104a24.29 24.29 0 0 0-14.01-27.6z\"><\/path><\/svg>\t\t\t\t\t\t<\/span>\n\t\t\t\t\t\t\t\t\t\t<span class=\"elementor-icon-list-text\">+41 78 209 02 89<\/span>\n\t\t\t\t\t\t\t\t\t\t\t<\/a>\n\t\t\t\t\t\t\t\t\t<\/li>\n\t\t\t\t\t\t<\/ul>\n\t\t\t\t\t\t<\/div>\n\t\t\t\t<\/div>\n\t\t\t\t<\/div>\n\t\t\t\t<\/div>\n\t\t\t\t\t<\/div>\n\t\t\t\t<\/div>\n\t\t\t\t<\/div>\n\t\t","protected":false},"featured_media":0,"template":"elementor_header_footer","class_list":["post-25947","infographie","type-infographie","status-publish","hentry"],"yoast_head":"<!-- This site is optimized with the Yoast SEO plugin v27.5 - https:\/\/yoast.com\/product\/yoast-seo-wordpress\/ -->\n<title>Comblement rides du visage : avis - Dr Romano<\/title>\n<meta name=\"description\" content=\"Avis de patients sur le comblement des rides du visage : satisfaction, r\u00e9sultats obtenus, effets secondaires \u00e9ventuels et retour d\u2019exp\u00e9rience sur diff\u00e9rentes zones trait\u00e9es\" \/>\n<meta name=\"robots\" content=\"index, follow, max-snippet:-1, max-image-preview:large, max-video-preview:-1\" \/>\n<link rel=\"canonical\" href=\"https:\/\/drromanovaleria.ch\/en\/infographic\/facial-wrinkle-filling-reviews\/\" \/>\n<meta property=\"og:locale\" content=\"en_GB\" \/>\n<meta property=\"og:type\" content=\"article\" \/>\n<meta property=\"og:title\" content=\"Comblement rides du visage : avis - Dr Romano\" \/>\n<meta property=\"og:description\" content=\"Avis de patients sur le comblement des rides du visage : satisfaction, r\u00e9sultats obtenus, effets secondaires \u00e9ventuels et retour d\u2019exp\u00e9rience sur diff\u00e9rentes zones trait\u00e9es\" \/>\n<meta property=\"og:url\" content=\"https:\/\/drromanovaleria.ch\/en\/infographic\/facial-wrinkle-filling-reviews\/\" \/>\n<meta property=\"og:site_name\" content=\"Dr Romano\" \/>\n<meta property=\"article:modified_time\" content=\"2025-11-06T12:12:44+00:00\" \/>\n<meta property=\"og:image\" content=\"https:\/\/drromanovaleria.ch\/wp-content\/uploads\/2024\/05\/hydratation-peau.webp\" \/>\n\t<meta property=\"og:image:width\" content=\"300\" \/>\n\t<meta property=\"og:image:height\" content=\"220\" \/>\n\t<meta property=\"og:image:type\" content=\"image\/webp\" \/>\n<meta name=\"twitter:card\" content=\"summary_large_image\" \/>\n<meta name=\"twitter:label1\" content=\"Estimated reading time\" \/>\n\t<meta name=\"twitter:data1\" content=\"9 minutes\" \/>\n<script type=\"application\/ld+json\" class=\"yoast-schema-graph\">{\"@context\":\"https:\\\/\\\/schema.org\",\"@graph\":[{\"@type\":\"WebPage\",\"@id\":\"https:\\\/\\\/drromanovaleria.ch\\\/infographie\\\/comblement-rides-visage-avis\\\/\",\"url\":\"https:\\\/\\\/drromanovaleria.ch\\\/infographie\\\/comblement-rides-visage-avis\\\/\",\"name\":\"Comblement rides du visage : avis - Dr Romano\",\"isPartOf\":{\"@id\":\"https:\\\/\\\/drromanovaleria.ch\\\/#website\"},\"primaryImageOfPage\":{\"@id\":\"https:\\\/\\\/drromanovaleria.ch\\\/infographie\\\/comblement-rides-visage-avis\\\/#primaryimage\"},\"image\":{\"@id\":\"https:\\\/\\\/drromanovaleria.ch\\\/infographie\\\/comblement-rides-visage-avis\\\/#primaryimage\"},\"thumbnailUrl\":\"https:\\\/\\\/drromanovaleria.ch\\\/wp-content\\\/uploads\\\/2024\\\/05\\\/hydratation-peau.webp\",\"datePublished\":\"2025-05-08T10:48:59+00:00\",\"dateModified\":\"2025-11-06T12:12:44+00:00\",\"description\":\"Avis de patients sur le comblement des rides du visage : satisfaction, r\u00e9sultats obtenus, effets secondaires \u00e9ventuels et retour d\u2019exp\u00e9rience sur diff\u00e9rentes zones trait\u00e9es\",\"breadcrumb\":{\"@id\":\"https:\\\/\\\/drromanovaleria.ch\\\/infographie\\\/comblement-rides-visage-avis\\\/#breadcrumb\"},\"inLanguage\":\"en-GB\",\"potentialAction\":[{\"@type\":\"ReadAction\",\"target\":[\"https:\\\/\\\/drromanovaleria.ch\\\/infographie\\\/comblement-rides-visage-avis\\\/\"]}]},{\"@type\":\"ImageObject\",\"inLanguage\":\"en-GB\",\"@id\":\"https:\\\/\\\/drromanovaleria.ch\\\/infographie\\\/comblement-rides-visage-avis\\\/#primaryimage\",\"url\":\"https:\\\/\\\/drromanovaleria.ch\\\/wp-content\\\/uploads\\\/2024\\\/05\\\/hydratation-peau.webp\",\"contentUrl\":\"https:\\\/\\\/drromanovaleria.ch\\\/wp-content\\\/uploads\\\/2024\\\/05\\\/hydratation-peau.webp\"},{\"@type\":\"BreadcrumbList\",\"@id\":\"https:\\\/\\\/drromanovaleria.ch\\\/infographie\\\/comblement-rides-visage-avis\\\/#breadcrumb\",\"itemListElement\":[{\"@type\":\"ListItem\",\"position\":1,\"name\":\"Accueil\",\"item\":\"https:\\\/\\\/drromanovaleria.ch\\\/\"},{\"@type\":\"ListItem\",\"position\":2,\"name\":\"Infographie\",\"item\":\"https:\\\/\\\/drromanovaleria.ch\\\/infographie\\\/\"},{\"@type\":\"ListItem\",\"position\":3,\"name\":\"Comblement rides du visage : avis\"}]},{\"@type\":\"WebSite\",\"@id\":\"https:\\\/\\\/drromanovaleria.ch\\\/#website\",\"url\":\"https:\\\/\\\/drromanovaleria.ch\\\/\",\"name\":\"Dr Romano\",\"description\":\"M\u00e9decine morphologique et anti-\u00e2ge\",\"potentialAction\":[{\"@type\":\"SearchAction\",\"target\":{\"@type\":\"EntryPoint\",\"urlTemplate\":\"https:\\\/\\\/drromanovaleria.ch\\\/?s={search_term_string}\"},\"query-input\":{\"@type\":\"PropertyValueSpecification\",\"valueRequired\":true,\"valueName\":\"search_term_string\"}}],\"inLanguage\":\"en-GB\"}]}<\/script>\n<!-- \/ Yoast SEO plugin. -->","yoast_head_json":{"title":"Facial wrinkle filling : reviews - Dr Romano","description":"Patient reviews on facial wrinkle filling : satisfaction, results achieved, possible side effects, and feedback on different treated areas","robots":{"index":"index","follow":"follow","max-snippet":"max-snippet:-1","max-image-preview":"max-image-preview:large","max-video-preview":"max-video-preview:-1"},"canonical":"https:\/\/drromanovaleria.ch\/en\/infographic\/facial-wrinkle-filling-reviews\/","og_locale":"en_GB","og_type":"article","og_title":"Comblement rides du visage : avis - Dr Romano","og_description":"Avis de patients sur le comblement des rides du visage : satisfaction, r\u00e9sultats obtenus, effets secondaires \u00e9ventuels et retour d\u2019exp\u00e9rience sur diff\u00e9rentes zones trait\u00e9es","og_url":"https:\/\/drromanovaleria.ch\/en\/infographic\/facial-wrinkle-filling-reviews\/","og_site_name":"Dr Romano","article_modified_time":"2025-11-06T12:12:44+00:00","og_image":[{"width":300,"height":220,"url":"https:\/\/drromanovaleria.ch\/wp-content\/uploads\/2024\/05\/hydratation-peau.webp","type":"image\/webp"}],"twitter_card":"summary_large_image","twitter_misc":{"Estimated reading time":"9 minutes"},"schema":{"@context":"https:\/\/schema.org","@graph":[{"@type":"WebPage","@id":"https:\/\/drromanovaleria.ch\/infographie\/comblement-rides-visage-avis\/","url":"https:\/\/drromanovaleria.ch\/infographie\/comblement-rides-visage-avis\/","name":"Facial wrinkle filling : reviews - Dr Romano","isPartOf":{"@id":"https:\/\/drromanovaleria.ch\/#website"},"primaryImageOfPage":{"@id":"https:\/\/drromanovaleria.ch\/infographie\/comblement-rides-visage-avis\/#primaryimage"},"image":{"@id":"https:\/\/drromanovaleria.ch\/infographie\/comblement-rides-visage-avis\/#primaryimage"},"thumbnailUrl":"https:\/\/drromanovaleria.ch\/wp-content\/uploads\/2024\/05\/hydratation-peau.webp","datePublished":"2025-05-08T10:48:59+00:00","dateModified":"2025-11-06T12:12:44+00:00","description":"Patient reviews on facial wrinkle filling : satisfaction, results achieved, possible side effects, and feedback on different treated areas","breadcrumb":{"@id":"https:\/\/drromanovaleria.ch\/infographie\/comblement-rides-visage-avis\/#breadcrumb"},"inLanguage":"en-GB","potentialAction":[{"@type":"ReadAction","target":["https:\/\/drromanovaleria.ch\/infographie\/comblement-rides-visage-avis\/"]}]},{"@type":"ImageObject","inLanguage":"en-GB","@id":"https:\/\/drromanovaleria.ch\/infographie\/comblement-rides-visage-avis\/#primaryimage","url":"https:\/\/drromanovaleria.ch\/wp-content\/uploads\/2024\/05\/hydratation-peau.webp","contentUrl":"https:\/\/drromanovaleria.ch\/wp-content\/uploads\/2024\/05\/hydratation-peau.webp"},{"@type":"BreadcrumbList","@id":"https:\/\/drromanovaleria.ch\/infographie\/comblement-rides-visage-avis\/#breadcrumb","itemListElement":[{"@type":"ListItem","position":1,"name":"Accueil","item":"https:\/\/drromanovaleria.ch\/"},{"@type":"ListItem","position":2,"name":"Infographie","item":"https:\/\/drromanovaleria.ch\/infographie\/"},{"@type":"ListItem","position":3,"name":"Comblement rides du visage : avis"}]},{"@type":"WebSite","@id":"https:\/\/drromanovaleria.ch\/#website","url":"https:\/\/drromanovaleria.ch\/","name":"Dr Romano","description":"Morphological and anti-ageing medicine","potentialAction":[{"@type":"SearchAction","target":{"@type":"EntryPoint","urlTemplate":"https:\/\/drromanovaleria.ch\/?s={search_term_string}"},"query-input":{"@type":"PropertyValueSpecification","valueRequired":true,"valueName":"search_term_string"}}],"inLanguage":"en-GB"}]}},"_links":{"self":[{"href":"https:\/\/drromanovaleria.ch\/en\/wp-json\/wp\/v2\/infographie\/25947","targetHints":{"allow":["GET"]}}],"collection":[{"href":"https:\/\/drromanovaleria.ch\/en\/wp-json\/wp\/v2\/infographie"}],"about":[{"href":"https:\/\/drromanovaleria.ch\/en\/wp-json\/wp\/v2\/types\/infographie"}],"version-history":[{"count":5,"href":"https:\/\/drromanovaleria.ch\/en\/wp-json\/wp\/v2\/infographie\/25947\/revisions"}],"predecessor-version":[{"id":43246,"href":"https:\/\/drromanovaleria.ch\/en\/wp-json\/wp\/v2\/infographie\/25947\/revisions\/43246"}],"wp:attachment":[{"href":"https:\/\/drromanovaleria.ch\/en\/wp-json\/wp\/v2\/media?parent=25947"}],"curies":[{"name":"wp","href":"https:\/\/api.w.org\/{rel}","templated":true}]}}