{"id":25943,"date":"2025-05-08T12:41:07","date_gmt":"2025-05-08T10:41:07","guid":{"rendered":"https:\/\/drromanovaleria.ch\/?post_type=infographie&#038;p=25943"},"modified":"2025-09-06T11:08:03","modified_gmt":"2025-09-06T09:08:03","slug":"laser-wrinkle-treatment","status":"publish","type":"infographie","link":"https:\/\/drromanovaleria.ch\/en\/infographie\/laser-traitement-rides\/","title":{"rendered":"Les traitements laser sont-ils efficaces pour \u00e9liminer les rides ?"},"content":{"rendered":"\t\t<div data-elementor-type=\"wp-post\" data-elementor-id=\"25943\" class=\"elementor elementor-25943\" data-elementor-post-type=\"infographie\">\n\t\t\t\t<div class=\"elementor-element elementor-element-f327354 e-flex e-con-boxed e-con e-parent\" data-id=\"f327354\" data-element_type=\"container\" data-e-type=\"container\" data-settings=\"{&quot;background_background&quot;:&quot;classic&quot;,&quot;jet_parallax_layout_list&quot;:[]}\">\n\t\t\t\t\t<div class=\"e-con-inner\">\n\t\t<div class=\"elementor-element elementor-element-a2f4e8e e-con-full e-flex e-con e-child\" data-id=\"a2f4e8e\" data-element_type=\"container\" data-e-type=\"container\" data-settings=\"{&quot;background_background&quot;:&quot;classic&quot;,&quot;jet_parallax_layout_list&quot;:[]}\">\n\t\t\t\t<div class=\"elementor-element elementor-element-1e7f8a9 elementor-widget__width-initial elementor-widget elementor-widget-heading\" data-id=\"1e7f8a9\" data-element_type=\"widget\" data-e-type=\"widget\" data-widget_type=\"heading.default\">\n\t\t\t\t<div class=\"elementor-widget-container\">\n\t\t\t\t\t<h1 class=\"elementor-heading-title elementor-size-default\">LES TRAITEMENTS LASER SONT-ILS EFFICACES POUR \u00c9LIMINER LES RIDES ?<\/h1>\t\t\t\t<\/div>\n\t\t\t\t<\/div>\n\t\t\t\t<div class=\"elementor-element elementor-element-9db5ca4 elementor-align-center elementor-widget elementor-widget-breadcrumbs\" data-id=\"9db5ca4\" data-element_type=\"widget\" data-e-type=\"widget\" data-widget_type=\"breadcrumbs.default\">\n\t\t\t\t<div class=\"elementor-widget-container\">\n\t\t\t\t\t<p id=\"breadcrumbs\"><span><span><a href=\"https:\/\/drromanovaleria.ch\/\">Accueil<\/a><\/span><\/span><\/p>\t\t\t\t<\/div>\n\t\t\t\t<\/div>\n\t\t\t\t<\/div>\n\t\t\t\t\t<\/div>\n\t\t\t\t<\/div>\n\t\t<div class=\"elementor-element elementor-element-76b144d e-flex e-con-boxed e-con e-parent\" data-id=\"76b144d\" data-element_type=\"container\" data-e-type=\"container\" data-settings=\"{&quot;jet_parallax_layout_list&quot;:[]}\">\n\t\t\t\t\t<div class=\"e-con-inner\">\n\t\t<div class=\"elementor-element elementor-element-63e3a32 e-flex e-con-boxed e-con e-child\" data-id=\"63e3a32\" data-element_type=\"container\" data-e-type=\"container\" data-settings=\"{&quot;jet_parallax_layout_list&quot;:[]}\">\n\t\t\t\t\t<div class=\"e-con-inner\">\n\t\t<div class=\"elementor-element elementor-element-499016b e-con-full e-flex e-con e-child\" data-id=\"499016b\" data-element_type=\"container\" data-e-type=\"container\" data-settings=\"{&quot;background_background&quot;:&quot;classic&quot;,&quot;jet_parallax_layout_list&quot;:[]}\">\n\t\t\t\t<div class=\"elementor-element elementor-element-aa659d0 elementor-widget elementor-widget-text-editor\" data-id=\"aa659d0\" data-element_type=\"widget\" data-e-type=\"widget\" data-widget_type=\"text-editor.default\">\n\t\t\t\t<div class=\"elementor-widget-container\">\n\t\t\t\t\t\t\t\t\t<h2>Laser pour traiter les rides<\/h2>\t\t\t\t\t\t\t\t<\/div>\n\t\t\t\t<\/div>\n\t\t\t\t<div class=\"elementor-element elementor-element-1f9655f elementor-widget elementor-widget-text-editor\" data-id=\"1f9655f\" data-element_type=\"widget\" data-e-type=\"widget\" data-widget_type=\"text-editor.default\">\n\t\t\t\t<div class=\"elementor-widget-container\">\n\t\t\t\t\t\t\t\t\t<p>Parmi les solutions disponibles en m\u00e9decine \u00e0 vis\u00e9e esth\u00e9tique pour corriger les signes du vieillissement cutan\u00e9, les traitements laser occupent une place de plus en plus importante. Leur efficacit\u00e9 repose sur leur capacit\u00e9 \u00e0 agir en profondeur dans le derme, \u00e0 stimuler les fibroblastes et \u00e0 relancer la production naturelle de collag\u00e8ne, \u00e9l\u00e9ment cl\u00e9 de la densit\u00e9 cutan\u00e9e. Contrairement \u00e0 une id\u00e9e re\u00e7ue, les lasers ne servent pas uniquement \u00e0 exfolier la peau : certains lasers permettent de corriger les <a href=\"https:\/\/drromanovaleria.ch\/besoins\/rides\/\">rides<\/a> superficielles ou mod\u00e9r\u00e9es sans agresser l\u2019\u00e9piderme, tandis que d\u2019autres r\u00e9alisent un v\u00e9ritable resurfacing cutan\u00e9.<br \/>\u00c0 Gen\u00e8ve, les traitements laser sont r\u00e9alis\u00e9s dans un cadre strictement m\u00e9dical, sur la base d\u2019une indication personnalis\u00e9e \u00e9tablie en consultation. Ils s\u2019int\u00e8grent le plus souvent dans une approche globale du vieillissement cutan\u00e9, en compl\u00e9ment de protocoles tels que la m\u00e9soth\u00e9rapie visage, les <a href=\"https:\/\/drromanovaleria.ch\/solutions\/injections\/skinbooster\/\">Skinboosters<\/a> ou les injections d\u2019<a href=\"https:\/\/drromanovaleria.ch\/solutions\/injections\/acide-hayluronique\/\">acide hyaluronique<\/a>. Selon leur technologie, l\u2019intensit\u00e9 des param\u00e8tres et leur mode d\u2019action, les lasers permettent d\u2019obtenir des r\u00e9sultats visibles et durables, en agissant de mani\u00e8re cibl\u00e9e sur la densit\u00e9 cutan\u00e9e. Leur utilisation s\u2019inscrit ainsi dans une strat\u00e9gie de rajeunissement du visage non invasif, toujours adapt\u00e9e \u00e0 la morphologie, \u00e0 l\u2019\u00e9tat de la peau et au parcours esth\u00e9tique de chaque patient.<\/p>\t\t\t\t\t\t\t\t<\/div>\n\t\t\t\t<\/div>\n\t\t\t\t<\/div>\n\t\t\t\t\t<\/div>\n\t\t\t\t<\/div>\n\t\t<div class=\"elementor-element elementor-element-22008b2 e-flex e-con-boxed e-con e-child\" data-id=\"22008b2\" data-element_type=\"container\" data-e-type=\"container\" data-settings=\"{&quot;jet_parallax_layout_list&quot;:[]}\">\n\t\t\t\t\t<div class=\"e-con-inner\">\n\t\t\t\t<div class=\"elementor-element elementor-element-413522f elementor-widget elementor-widget-image\" data-id=\"413522f\" data-element_type=\"widget\" data-e-type=\"widget\" data-widget_type=\"image.default\">\n\t\t\t\t<div class=\"elementor-widget-container\">\n\t\t\t\t\t\t\t\t\t\t\t\t\t\t\t<img fetchpriority=\"high\" decoding=\"async\" width=\"300\" height=\"220\" src=\"https:\/\/drromanovaleria.ch\/wp-content\/uploads\/2024\/05\/hydratation-peau.webp\" class=\"attachment-medium size-medium wp-image-4852\" alt=\"image peau jeune hydrat\u00e9e\" srcset=\"https:\/\/drromanovaleria.ch\/wp-content\/uploads\/2024\/05\/hydratation-peau.webp 300w, https:\/\/drromanovaleria.ch\/wp-content\/uploads\/2024\/05\/hydratation-peau-16x12.webp 16w\" sizes=\"(max-width: 300px) 100vw, 300px\" \/>\t\t\t\t\t\t\t\t\t\t\t\t\t\t\t<\/div>\n\t\t\t\t<\/div>\n\t\t\t\t<div class=\"elementor-element elementor-element-04f010c elementor-align-center elementor-widget elementor-widget-button\" data-id=\"04f010c\" data-element_type=\"widget\" data-e-type=\"widget\" data-widget_type=\"button.default\">\n\t\t\t\t<div class=\"elementor-widget-container\">\n\t\t\t\t\t\t\t\t\t<div class=\"elementor-button-wrapper\">\n\t\t\t\t\t<a class=\"elementor-button elementor-button-link elementor-size-sm\" href=\"https:\/\/drromanovaleria.ch\/contactez-le-dr-romano\/\">\n\t\t\t\t\t\t<span class=\"elementor-button-content-wrapper\">\n\t\t\t\t\t\t\t\t\t<span class=\"elementor-button-text\">Prendre rendez-vous<\/span>\n\t\t\t\t\t<\/span>\n\t\t\t\t\t<\/a>\n\t\t\t\t<\/div>\n\t\t\t\t\t\t\t\t<\/div>\n\t\t\t\t<\/div>\n\t\t\t\t\t<\/div>\n\t\t\t\t<\/div>\n\t\t\t\t\t<\/div>\n\t\t\t\t<\/div>\n\t\t<div class=\"elementor-element elementor-element-1f3b3f5 e-flex e-con-boxed e-con e-parent\" data-id=\"1f3b3f5\" data-element_type=\"container\" data-e-type=\"container\" data-settings=\"{&quot;jet_parallax_layout_list&quot;:[]}\">\n\t\t\t\t\t<div class=\"e-con-inner\">\n\t\t\t\t<div class=\"elementor-element elementor-element-89df9e4 elementor-toc--content-ellipsis elementor-toc--minimized-on-desktop elementor-widget elementor-widget-table-of-contents\" data-id=\"89df9e4\" data-element_type=\"widget\" data-e-type=\"widget\" data-settings=\"{&quot;exclude_headings_by_selector&quot;:[],&quot;minimized_on&quot;:&quot;desktop&quot;,&quot;no_headings_message&quot;:&quot;Aucun titre n\\u2019a \\u00e9t\\u00e9 trouv\\u00e9 sur cette page.&quot;,&quot;headings_by_tags&quot;:[&quot;h2&quot;,&quot;h3&quot;,&quot;h4&quot;,&quot;h5&quot;,&quot;h6&quot;],&quot;marker_view&quot;:&quot;numbers&quot;,&quot;minimize_box&quot;:&quot;yes&quot;,&quot;hierarchical_view&quot;:&quot;yes&quot;,&quot;min_height&quot;:{&quot;unit&quot;:&quot;px&quot;,&quot;size&quot;:&quot;&quot;,&quot;sizes&quot;:[]},&quot;min_height_tablet&quot;:{&quot;unit&quot;:&quot;px&quot;,&quot;size&quot;:&quot;&quot;,&quot;sizes&quot;:[]},&quot;min_height_mobile&quot;:{&quot;unit&quot;:&quot;px&quot;,&quot;size&quot;:&quot;&quot;,&quot;sizes&quot;:[]}}\" data-widget_type=\"table-of-contents.default\">\n\t\t\t\t<div class=\"elementor-widget-container\">\n\t\t\t\t\t\t\t\t\t<div class=\"elementor-toc__header\">\n\t\t\t\t\t\t<h2 class=\"elementor-toc__header-title\">\n\t\t\t\tSommaire\t\t\t<\/h2>\n\t\t\t\t\t\t\t\t\t\t<div class=\"elementor-toc__toggle-button elementor-toc__toggle-button--expand\" role=\"button\" tabindex=\"0\" aria-controls=\"elementor-toc__89df9e4\" aria-expanded=\"true\" aria-label=\"Ouvrir la table des mati\u00e8res\"><svg aria-hidden=\"true\" class=\"e-font-icon-svg e-fas-chevron-down\" viewBox=\"0 0 448 512\" xmlns=\"http:\/\/www.w3.org\/2000\/svg\"><path d=\"M207.029 381.476L12.686 187.132c-9.373-9.373-9.373-24.569 0-33.941l22.667-22.667c9.357-9.357 24.522-9.375 33.901-.04L224 284.505l154.745-154.021c9.379-9.335 24.544-9.317 33.901.04l22.667 22.667c9.373 9.373 9.373 24.569 0 33.941L240.971 381.476c-9.373 9.372-24.569 9.372-33.942 0z\"><\/path><\/svg><\/div>\n\t\t\t\t<div class=\"elementor-toc__toggle-button elementor-toc__toggle-button--collapse\" role=\"button\" tabindex=\"0\" aria-controls=\"elementor-toc__89df9e4\" aria-expanded=\"true\" aria-label=\"Fermer la table des mati\u00e8res\"><svg aria-hidden=\"true\" class=\"e-font-icon-svg e-fas-chevron-up\" viewBox=\"0 0 448 512\" xmlns=\"http:\/\/www.w3.org\/2000\/svg\"><path d=\"M240.971 130.524l194.343 194.343c9.373 9.373 9.373 24.569 0 33.941l-22.667 22.667c-9.357 9.357-24.522 9.375-33.901.04L224 227.495 69.255 381.516c-9.379 9.335-24.544 9.317-33.901-.04l-22.667-22.667c-9.373-9.373-9.373-24.569 0-33.941L207.03 130.525c9.372-9.373 24.568-9.373 33.941-.001z\"><\/path><\/svg><\/div>\n\t\t\t\t\t<\/div>\n\t\t\t\t<div id=\"elementor-toc__89df9e4\" class=\"elementor-toc__body\">\n\t\t\t<div class=\"elementor-toc__spinner-container\">\n\t\t\t\t<svg class=\"elementor-toc__spinner eicon-animation-spin e-font-icon-svg e-eicon-loading\" aria-hidden=\"true\" viewBox=\"0 0 1000 1000\" xmlns=\"http:\/\/www.w3.org\/2000\/svg\"><path d=\"M500 975V858C696 858 858 696 858 500S696 142 500 142 142 304 142 500H25C25 237 238 25 500 25S975 237 975 500 763 975 500 975Z\"><\/path><\/svg>\t\t\t<\/div>\n\t\t<\/div>\n\t\t\t\t\t\t<\/div>\n\t\t\t\t<\/div>\n\t\t\t\t\t<\/div>\n\t\t\t\t<\/div>\n\t\t<div class=\"elementor-element elementor-element-5a38d6d e-flex e-con-boxed e-con e-parent\" data-id=\"5a38d6d\" data-element_type=\"container\" data-e-type=\"container\" data-settings=\"{&quot;jet_parallax_layout_list&quot;:[]}\">\n\t\t\t\t\t<div class=\"e-con-inner\">\n\t\t\t\t<div class=\"elementor-element elementor-element-57bccb6 elementor-widget elementor-widget-text-editor\" data-id=\"57bccb6\" data-element_type=\"widget\" data-e-type=\"widget\" data-widget_type=\"text-editor.default\">\n\t\t\t\t<div class=\"elementor-widget-container\">\n\t\t\t\t\t\t\t\t\t<h2>Le photorajeunissement pour estomper les rides<\/h2>\t\t\t\t\t\t\t\t<\/div>\n\t\t\t\t<\/div>\n\t\t\t\t<div class=\"elementor-element elementor-element-1e76642 elementor-widget-divider--view-line elementor-widget elementor-widget-divider\" data-id=\"1e76642\" data-element_type=\"widget\" data-e-type=\"widget\" data-widget_type=\"divider.default\">\n\t\t\t\t<div class=\"elementor-widget-container\">\n\t\t\t\t\t\t\t<div class=\"elementor-divider\">\n\t\t\t<span class=\"elementor-divider-separator\">\n\t\t\t\t\t\t<\/span>\n\t\t<\/div>\n\t\t\t\t\t\t<\/div>\n\t\t\t\t<\/div>\n\t\t\t\t<div class=\"elementor-element elementor-element-c9aaf70 elementor-widget elementor-widget-text-editor\" data-id=\"c9aaf70\" data-element_type=\"widget\" data-e-type=\"widget\" data-widget_type=\"text-editor.default\">\n\t\t\t\t<div class=\"elementor-widget-container\">\n\t\t\t\t\t\t\t\t\t<p>Les lasers de <a href=\"https:\/\/drromanovaleria.ch\/solutions\/lasers\/photorajeunissement\/\">photorajeunissement<\/a> non ablatifs visent \u00e0 stimuler l\u2019activit\u00e9 des fibroblastes en chauffant mod\u00e9r\u00e9ment le derme, sans alt\u00e9rer la couche superficielle de la peau. Ce processus thermique entra\u00eene une synth\u00e8se accrue de collag\u00e8ne, am\u00e9liorant ainsi la densit\u00e9 cutan\u00e9e, la qualit\u00e9 de la peau et la fermet\u00e9 globale du visage.<br \/>Ces traitements conviennent parfaitement aux patient(e)s qui pr\u00e9sentent :<\/p><ul><li>Des rides fines ou d\u00e9butantes.<\/li><li>Une perte de tonicit\u00e9 l\u00e9g\u00e8re \u00e0 mod\u00e9r\u00e9e.<\/li><li>Une peau alt\u00e9r\u00e9e par le soleil ou le stress oxydatif.<\/li><li>Un teint irr\u00e9gulier, sans l\u00e9sions profondes.<\/li><\/ul><p>L\u2019un des grands avantages du photorajeunissement est qu\u2019il ne cause pas de desquamation ni d\u2019\u00e9viction sociale, ce qui le rend compatible avec une vie professionnelle active. Les r\u00e9sultats, progressifs, deviennent visibles apr\u00e8s quelques s\u00e9ances espac\u00e9es de plusieurs semaines.<\/p>\t\t\t\t\t\t\t\t<\/div>\n\t\t\t\t<\/div>\n\t\t\t\t\t<\/div>\n\t\t\t\t<\/div>\n\t\t<div class=\"elementor-element elementor-element-62e7bbc e-flex e-con-boxed e-con e-parent\" data-id=\"62e7bbc\" data-element_type=\"container\" data-e-type=\"container\" data-settings=\"{&quot;jet_parallax_layout_list&quot;:[]}\">\n\t\t\t\t\t<div class=\"e-con-inner\">\n\t\t\t\t<div class=\"elementor-element elementor-element-d28957f elementor-widget elementor-widget-text-editor\" data-id=\"d28957f\" data-element_type=\"widget\" data-e-type=\"widget\" data-widget_type=\"text-editor.default\">\n\t\t\t\t<div class=\"elementor-widget-container\">\n\t\t\t\t\t\t\t\t\t<h2>Le laser fractionn\u00e9 ablatif : une solution pour les rides mod\u00e9r\u00e9es<\/h2>\t\t\t\t\t\t\t\t<\/div>\n\t\t\t\t<\/div>\n\t\t\t\t<div class=\"elementor-element elementor-element-c877a6f elementor-widget-divider--view-line elementor-widget elementor-widget-divider\" data-id=\"c877a6f\" data-element_type=\"widget\" data-e-type=\"widget\" data-widget_type=\"divider.default\">\n\t\t\t\t<div class=\"elementor-widget-container\">\n\t\t\t\t\t\t\t<div class=\"elementor-divider\">\n\t\t\t<span class=\"elementor-divider-separator\">\n\t\t\t\t\t\t<\/span>\n\t\t<\/div>\n\t\t\t\t\t\t<\/div>\n\t\t\t\t<\/div>\n\t\t\t\t<div class=\"elementor-element elementor-element-b136eb5 elementor-widget elementor-widget-text-editor\" data-id=\"b136eb5\" data-element_type=\"widget\" data-e-type=\"widget\" data-widget_type=\"text-editor.default\">\n\t\t\t\t<div class=\"elementor-widget-container\">\n\t\t\t\t\t\t\t\t\t<p>Lorsque les rides sont plus marqu\u00e9es, le laser fractionn\u00e9 ablatif repr\u00e9sente une option interm\u00e9diaire particuli\u00e8rement int\u00e9ressante. Il fonctionne selon le principe de la photor\u00e9action fractionn\u00e9e : le faisceau laser p\u00e9n\u00e8tre en profondeur et cible des zones cutan\u00e9es microscopiques, o\u00f9 il induit la formation de micro-colonnes de coagulation thermique. Cela provoque une destruction contr\u00f4l\u00e9e de la matrice dermique, imm\u00e9diatement suivie d\u2019un processus de r\u00e9g\u00e9n\u00e9ration cellulaire intense.<br \/>En modulant les param\u00e8tres (\u00e9nergie, densit\u00e9, profondeur), le m\u00e9decin peut adapter le traitement \u00e0 la profondeur des rides, qu\u2019il s\u2019agisse de ridules p\u00e9ri-orbitaires, de rides du front, des joues ou de la l\u00e8vre sup\u00e9rieure. Les suites sont mod\u00e9r\u00e9es : rougeurs, chaleur, l\u00e9g\u00e8re desquamation pendant quelques jours. L&#8217;application de la protection solaire est indispensable pendant plusieurs semaines.<br \/>Le laser ablatif fractionn\u00e9 constitue aujourd\u2019hui un excellent compromis pour lisser la peau, att\u00e9nuer les rides mod\u00e9r\u00e9es, resserrer les pores et homog\u00e9n\u00e9iser le teint, sans alt\u00e9rer l\u2019expression naturelle du visage.<\/p>\t\t\t\t\t\t\t\t<\/div>\n\t\t\t\t<\/div>\n\t\t\t\t\t<\/div>\n\t\t\t\t<\/div>\n\t\t<div class=\"elementor-element elementor-element-f54c813 e-flex e-con-boxed e-con e-parent\" data-id=\"f54c813\" data-element_type=\"container\" data-e-type=\"container\" data-settings=\"{&quot;jet_parallax_layout_list&quot;:[]}\">\n\t\t\t\t\t<div class=\"e-con-inner\">\n\t\t\t\t<div class=\"elementor-element elementor-element-d53fe1f elementor-widget elementor-widget-text-editor\" data-id=\"d53fe1f\" data-element_type=\"widget\" data-e-type=\"widget\" data-widget_type=\"text-editor.default\">\n\t\t\t\t<div class=\"elementor-widget-container\">\n\t\t\t\t\t\t\t\t\t<h2>Le peeling laser<\/h2>\t\t\t\t\t\t\t\t<\/div>\n\t\t\t\t<\/div>\n\t\t\t\t<div class=\"elementor-element elementor-element-89a2555 elementor-widget-divider--view-line elementor-widget elementor-widget-divider\" data-id=\"89a2555\" data-element_type=\"widget\" data-e-type=\"widget\" data-widget_type=\"divider.default\">\n\t\t\t\t<div class=\"elementor-widget-container\">\n\t\t\t\t\t\t\t<div class=\"elementor-divider\">\n\t\t\t<span class=\"elementor-divider-separator\">\n\t\t\t\t\t\t<\/span>\n\t\t<\/div>\n\t\t\t\t\t\t<\/div>\n\t\t\t\t<\/div>\n\t\t\t\t<div class=\"elementor-element elementor-element-d11a531 elementor-widget elementor-widget-text-editor\" data-id=\"d11a531\" data-element_type=\"widget\" data-e-type=\"widget\" data-widget_type=\"text-editor.default\">\n\t\t\t\t<div class=\"elementor-widget-container\">\n\t\t\t\t\t\t\t\t\t<p>Pour les rides plus profondes ou lorsque la qualit\u00e9 cutan\u00e9e est fortement alt\u00e9r\u00e9e, il est possible de recourir \u00e0 un laser ablatif continu, CO\u2082 ou erbium. Ce type de laser permet de r\u00e9aliser un v\u00e9ritable <a href=\"https:\/\/drromanovaleria.ch\/solutions\/peeling\/laser-peeling\/\">peeling laser<\/a>, en retirant couche par couche les tissus de l\u2019\u00e9piderme et du derme superficiel, moyen ou profond, selon un protocole pr\u00e9d\u00e9fini.<br \/>On distingue g\u00e9n\u00e9ralement trois niveaux d\u2019intensit\u00e9 dans les peelings laser, chacun r\u00e9pondant \u00e0 des indications pr\u00e9cises. Le peeling superficiel s\u2019adresse aux irr\u00e9gularit\u00e9s l\u00e9g\u00e8res et aux ridules, qu\u2019il att\u00e9nue en douceur tout en am\u00e9liorant l\u2019\u00e9clat de la peau. Le peeling moyen cible des rides d\u00e9j\u00e0 install\u00e9es, comme les rides p\u00e9ri-buccales ou les sillons mod\u00e9r\u00e9s, en stimulant le renouvellement cutan\u00e9 plus en profondeur. Enfin, le peeling profond est r\u00e9serv\u00e9 aux rides tr\u00e8s marqu\u00e9es : il agit jusqu\u2019aux couches dermiques profondes et induit une v\u00e9ritable r\u00e9g\u00e9n\u00e9ration tissulaire, apportant un rajeunissement global et durable. Cette gradation permet d\u2019adapter le traitement au degr\u00e9 de vieillissement et aux besoins sp\u00e9cifiques de chaque patient, dans une logique de personnalisation et de r\u00e9sultats harmonieux.<br \/>Ce traitement exige une pr\u00e9paration cutan\u00e9e en amont, parfois associ\u00e9e \u00e0 une m\u00e9dication prophylactique (antiviraux, soins cicatrisants), et impose une \u00e9viction sociale de quelques jours \u00e0 deux semaines, selon la profondeur atteinte. Les r\u00e9sultats sont spectaculaires sur la peau.\u00a0\u00a0<\/p>\t\t\t\t\t\t\t\t<\/div>\n\t\t\t\t<\/div>\n\t\t\t\t\t<\/div>\n\t\t\t\t<\/div>\n\t\t<div class=\"elementor-element elementor-element-f1b6f2c e-flex e-con-boxed e-con e-parent\" data-id=\"f1b6f2c\" data-element_type=\"container\" data-e-type=\"container\" data-settings=\"{&quot;jet_parallax_layout_list&quot;:[]}\">\n\t\t\t\t\t<div class=\"e-con-inner\">\n\t\t\t\t<div class=\"elementor-element elementor-element-0ba0497 elementor-widget elementor-widget-text-editor\" data-id=\"0ba0497\" data-element_type=\"widget\" data-e-type=\"widget\" data-widget_type=\"text-editor.default\">\n\t\t\t\t<div class=\"elementor-widget-container\">\n\t\t\t\t\t\t\t\t\t<h2>Pr\u00e9cautions et contre-indications \u00e0 conna\u00eetre avant un traitement laser<\/h2>\t\t\t\t\t\t\t\t<\/div>\n\t\t\t\t<\/div>\n\t\t\t\t<div class=\"elementor-element elementor-element-a1b7eab elementor-widget-divider--view-line elementor-widget elementor-widget-divider\" data-id=\"a1b7eab\" data-element_type=\"widget\" data-e-type=\"widget\" data-widget_type=\"divider.default\">\n\t\t\t\t<div class=\"elementor-widget-container\">\n\t\t\t\t\t\t\t<div class=\"elementor-divider\">\n\t\t\t<span class=\"elementor-divider-separator\">\n\t\t\t\t\t\t<\/span>\n\t\t<\/div>\n\t\t\t\t\t\t<\/div>\n\t\t\t\t<\/div>\n\t\t\t\t<div class=\"elementor-element elementor-element-da7df8e elementor-widget elementor-widget-text-editor\" data-id=\"da7df8e\" data-element_type=\"widget\" data-e-type=\"widget\" data-widget_type=\"text-editor.default\">\n\t\t\t\t<div class=\"elementor-widget-container\">\n\t\t\t\t\t\t\t\t\t<p>Comme tout acte m\u00e9dical, les traitements laser contre les rides n\u00e9cessitent une prise en charge s\u00e9rieuse et rigoureuse. Une consultation pr\u00e9alable est indispensable afin d\u2019\u00e9valuer l\u2019\u00e9tat de la peau, d\u2019identifier d\u2019\u00e9ventuelles contre-indications telles qu\u2019un herp\u00e8s actif, une peau bronz\u00e9e, une grossesse, la prise de r\u00e9tino\u00efdes ou certaines pathologies dermatologiques inflammatoires, et d\u2019adapter le protocole aux objectifs esth\u00e9tiques du patient ainsi qu\u2019\u00e0 son phototype. Cette \u00e9tape permet de personnaliser le traitement et d\u2019en garantir la s\u00e9curit\u00e9.<br data-start=\"680\" data-end=\"683\" \/>La pr\u00e9paration conditionne \u00e9galement le succ\u00e8s du peeling laser. Dans les quinze jours qui pr\u00e9c\u00e8dent la s\u00e9ance, il est fortement recommand\u00e9 d\u2019\u00e9viter toute exposition solaire ou recours aux cabines UV, mais aussi de suspendre l\u2019utilisation de r\u00e9tino\u00efdes topiques et de soins exfoliants, afin de r\u00e9duire le risque d\u2019irritation cutan\u00e9e et d\u2019optimiser la tol\u00e9rance du traitement.<br data-start=\"1058\" data-end=\"1061\" data-is-only-node=\"\" \/>Les soins post-acte sont tout aussi essentiels. Apr\u00e8s un traitement laser, il est imp\u00e9ratif d\u2019\u00e9viter toute exposition solaire pendant quatre \u00e0 six semaines et d\u2019appliquer syst\u00e9matiquement une protection solaire \u00e0 indice \u00e9lev\u00e9. Une hydratation rigoureuse, associ\u00e9e \u00e0 l\u2019usage de cr\u00e8mes cicatrisantes ou de brumisateurs thermaux, favorise la r\u00e9paration cutan\u00e9e.<br data-start=\"1460\" data-end=\"1463\" \/>Le respect scrupuleux de ces pr\u00e9cautions maximise les b\u00e9n\u00e9fices du traitement laser, limite le risque d\u2019hyperpigmentation post-inflammatoire et assure des r\u00e9sultats durables, visibles et harmonieux. \u00c0 Gen\u00e8ve, les protocoles de m\u00e9decine \u00e0 vis\u00e9e esth\u00e9tique s\u2019appuient sur ces recommandations afin de garantir \u00e0 chaque patient une exp\u00e9rience s\u00e9curis\u00e9e et un rajeunissement cutan\u00e9 \u00e0 la hauteur des attentes.<\/p>\t\t\t\t\t\t\t\t<\/div>\n\t\t\t\t<\/div>\n\t\t\t\t\t<\/div>\n\t\t\t\t<\/div>\n\t\t<div class=\"elementor-element elementor-element-d11a8b7 e-flex e-con-boxed e-con e-parent\" data-id=\"d11a8b7\" data-element_type=\"container\" data-e-type=\"container\" data-settings=\"{&quot;jet_parallax_layout_list&quot;:[]}\">\n\t\t\t\t\t<div class=\"e-con-inner\">\n\t\t\t\t<div class=\"elementor-element elementor-element-4f1d825 elementor-widget elementor-widget-text-editor\" data-id=\"4f1d825\" data-element_type=\"widget\" data-e-type=\"widget\" data-widget_type=\"text-editor.default\">\n\t\t\t\t<div class=\"elementor-widget-container\">\n\t\t\t\t\t\t\t\t\t<h2>Diagnostic esth\u00e9tique avant un traitement laser<\/h2>\t\t\t\t\t\t\t\t<\/div>\n\t\t\t\t<\/div>\n\t\t\t\t<div class=\"elementor-element elementor-element-7fb587c elementor-widget-divider--view-line elementor-widget elementor-widget-divider\" data-id=\"7fb587c\" data-element_type=\"widget\" data-e-type=\"widget\" data-widget_type=\"divider.default\">\n\t\t\t\t<div class=\"elementor-widget-container\">\n\t\t\t\t\t\t\t<div class=\"elementor-divider\">\n\t\t\t<span class=\"elementor-divider-separator\">\n\t\t\t\t\t\t<\/span>\n\t\t<\/div>\n\t\t\t\t\t\t<\/div>\n\t\t\t\t<\/div>\n\t\t\t\t<div class=\"elementor-element elementor-element-c912b3f elementor-widget elementor-widget-text-editor\" data-id=\"c912b3f\" data-element_type=\"widget\" data-e-type=\"widget\" data-widget_type=\"text-editor.default\">\n\t\t\t\t<div class=\"elementor-widget-container\">\n\t\t\t\t\t\t\t\t\t<p>Avant d\u2019envisager un traitement laser, il est indispensable de r\u00e9aliser un diagnostic cutan\u00e9 approfondi. Cette \u00e9tape consiste \u00e0 analyser avec pr\u00e9cision la profondeur des rides, la qualit\u00e9 et l\u2019\u00e9lasticit\u00e9 de la peau, mais aussi \u00e0 d\u00e9tecter les signes de photovieillissement et les \u00e9ventuelles l\u00e9sions associ\u00e9es comme les taches pigmentaires, les k\u00e9ratoses ou les pores dilat\u00e9s. Le phototype du patient, d\u00e9fini selon la classification de Fitzpatrick, joue \u00e9galement un r\u00f4le d\u00e9terminant puisqu\u2019il oriente le choix du laser, l\u2019ajustement des param\u00e8tres et les pr\u00e9cautions \u00e0 prendre pour limiter tout risque de complication pigmentaire.<br data-start=\"819\" data-end=\"822\" \/>Un protocole mal adapt\u00e9 peut provoquer des effets ind\u00e9sirables tels qu\u2019une hyperpigmentation post-inflammatoire, une rougeur persistante ou une cicatrisation incompl\u00e8te. Seule une expertise m\u00e9dicale confirm\u00e9e en lasers dermatologiques et esth\u00e9tiques garantit la s\u00e9curit\u00e9 du geste et l\u2019efficacit\u00e9 du traitement, en assurant un \u00e9quilibre entre r\u00e9sultats visibles et respect du capital cutan\u00e9.<br data-start=\"1212\" data-end=\"1215\" data-is-only-node=\"\" \/>Les lasers esth\u00e9tiques de derni\u00e8re g\u00e9n\u00e9ration sont le fruit de d\u00e9cennies de recherche et d\u2019innovations. Ils offrent la possibilit\u00e9 de moduler avec une grande pr\u00e9cision la profondeur d\u2019action, l\u2019intensit\u00e9 de l\u2019impulsion, la densit\u00e9 du faisceau et le mode d\u2019ablation (fractionn\u00e9 ou continu). Ces technologies permettent d\u2019obtenir des r\u00e9sultats cibl\u00e9s, des suites plus l\u00e9g\u00e8res et une personnalisation compl\u00e8te du protocole en fonction des caract\u00e9ristiques de chaque peau et des zones \u00e0 traiter.<br data-start=\"1716\" data-end=\"1719\" \/>Les plateformes multi-technologies vont encore plus loin en combinant diff\u00e9rentes longueurs d\u2019ondes et plusieurs modalit\u00e9s d\u2019action au cours d\u2019une m\u00eame s\u00e9ance. Cette polyvalence rend possible une prise en charge globale, capable d\u2019agir \u00e0 la fois sur les couches superficielles et profondes de la peau. Associ\u00e9e \u00e0 une connaissance fine des m\u00e9canismes de r\u00e9g\u00e9n\u00e9ration tissulaire, elle fait du laser un outil majeur du rajeunissement du visage non invasif. \u00c0 Gen\u00e8ve, il s\u2019impose comme une r\u00e9f\u00e9rence incontournable pour les patients qui recherchent une am\u00e9lioration visible, naturelle et durable de la qualit\u00e9 de leur peau.<\/p>\t\t\t\t\t\t\t\t<\/div>\n\t\t\t\t<\/div>\n\t\t\t\t\t<\/div>\n\t\t\t\t<\/div>\n\t\t<div class=\"elementor-element elementor-element-336b301 e-flex e-con-boxed e-con e-parent\" data-id=\"336b301\" data-element_type=\"container\" data-e-type=\"container\" data-settings=\"{&quot;jet_parallax_layout_list&quot;:[]}\">\n\t\t\t\t\t<div class=\"e-con-inner\">\n\t\t\t\t<div class=\"elementor-element elementor-element-3e2c89f elementor-widget elementor-widget-text-editor\" data-id=\"3e2c89f\" data-element_type=\"widget\" data-e-type=\"widget\" data-widget_type=\"text-editor.default\">\n\t\t\t\t<div class=\"elementor-widget-container\">\n\t\t\t\t\t\t\t\t\t<h2>Lasers et traitements combin\u00e9s pour les rides<\/h2>\t\t\t\t\t\t\t\t<\/div>\n\t\t\t\t<\/div>\n\t\t\t\t<div class=\"elementor-element elementor-element-f03239f elementor-widget-divider--view-line elementor-widget elementor-widget-divider\" data-id=\"f03239f\" data-element_type=\"widget\" data-e-type=\"widget\" data-widget_type=\"divider.default\">\n\t\t\t\t<div class=\"elementor-widget-container\">\n\t\t\t\t\t\t\t<div class=\"elementor-divider\">\n\t\t\t<span class=\"elementor-divider-separator\">\n\t\t\t\t\t\t<\/span>\n\t\t<\/div>\n\t\t\t\t\t\t<\/div>\n\t\t\t\t<\/div>\n\t\t\t\t<div class=\"elementor-element elementor-element-9905c0a elementor-widget elementor-widget-text-editor\" data-id=\"9905c0a\" data-element_type=\"widget\" data-e-type=\"widget\" data-widget_type=\"text-editor.default\">\n\t\t\t\t<div class=\"elementor-widget-container\">\n\t\t\t\t\t\t\t\t\t<p>Il est essentiel de replacer le traitement laser dans une approche esth\u00e9tique globale. Le laser n\u2019est pas une solution isol\u00e9e mais un outil compl\u00e9mentaire, qui prend toute sa valeur lorsqu\u2019il est int\u00e9gr\u00e9 dans un protocole sur mesure. Une peau pr\u00e9par\u00e9e en amont par des s\u00e9ances de m\u00e9solift ou de Skinboosters r\u00e9pondra mieux au laser, cicatrisera plus rapidement et b\u00e9n\u00e9ficiera de r\u00e9sultats optimis\u00e9s. Inversement, une s\u00e9ance de laser peut constituer une excellente base pour stimuler le derme et relancer les m\u00e9canismes de r\u00e9g\u00e9n\u00e9ration avant d\u2019envisager des injections de toxine botulique ou d\u2019acide hyaluronique.<br data-start=\"746\" data-end=\"749\" \/>La m\u00e9decine \u00e0 vis\u00e9e esth\u00e9tique contemporaine, telle qu\u2019elle est pratiqu\u00e9e dans les cabinets \u00e0 Gen\u00e8ve, repose sur cette coh\u00e9rence th\u00e9rapeutique. Le laser s\u2019y int\u00e8gre comme un levier intelligent au service d\u2019un objectif plus large : pr\u00e9server la jeunesse et l\u2019harmonie du visage, ralentir les effets du temps et accompagner le vieillissement avec naturel et discr\u00e9tion.<\/p>\t\t\t\t\t\t\t\t<\/div>\n\t\t\t\t<\/div>\n\t\t\t\t\t<\/div>\n\t\t\t\t<\/div>\n\t\t<div class=\"elementor-element elementor-element-c6dc94e e-flex e-con-boxed e-con e-parent\" data-id=\"c6dc94e\" data-element_type=\"container\" data-e-type=\"container\" data-settings=\"{&quot;jet_parallax_layout_list&quot;:[]}\">\n\t\t\t\t\t<div class=\"e-con-inner\">\n\t\t\t\t<div class=\"elementor-element elementor-element-fb833e2 elementor-widget elementor-widget-text-editor\" data-id=\"fb833e2\" data-element_type=\"widget\" data-e-type=\"widget\" data-widget_type=\"text-editor.default\">\n\t\t\t\t<div class=\"elementor-widget-container\">\n\t\t\t\t\t\t\t\t\t<h2>Conclusion : laser du visage pour traiter les rides<\/h2>\t\t\t\t\t\t\t\t<\/div>\n\t\t\t\t<\/div>\n\t\t\t\t<div class=\"elementor-element elementor-element-dc2797c elementor-widget-divider--view-line elementor-widget elementor-widget-divider\" data-id=\"dc2797c\" data-element_type=\"widget\" data-e-type=\"widget\" data-widget_type=\"divider.default\">\n\t\t\t\t<div class=\"elementor-widget-container\">\n\t\t\t\t\t\t\t<div class=\"elementor-divider\">\n\t\t\t<span class=\"elementor-divider-separator\">\n\t\t\t\t\t\t<\/span>\n\t\t<\/div>\n\t\t\t\t\t\t<\/div>\n\t\t\t\t<\/div>\n\t\t\t\t<div class=\"elementor-element elementor-element-b954eb3 elementor-widget elementor-widget-text-editor\" data-id=\"b954eb3\" data-element_type=\"widget\" data-e-type=\"widget\" data-widget_type=\"text-editor.default\">\n\t\t\t\t<div class=\"elementor-widget-container\">\n\t\t\t\t\t\t\t\t\t<p>Les traitements laser constituent une solution efficace pour estomper ou corriger les rides, \u00e0 condition que la technologie utilis\u00e9e soit adapt\u00e9e \u00e0 la profondeur des rides et au type de peau. Le photorajeunissement non ablatif permet d\u2019am\u00e9liorer la qualit\u00e9 et l\u2019\u00e9clat, en stimulant la synth\u00e8se de collag\u00e8ne sans \u00e9viction sociale. Le laser ablatif fractionn\u00e9 est indiqu\u00e9 pour les rides mod\u00e9r\u00e9es, tandis que le laser continu, utilis\u00e9 pour r\u00e9aliser un peeling profond, peut offrir une r\u00e9g\u00e9n\u00e9ration cutan\u00e9e spectaculaire si les rides sont profondes.<br \/>\u00c0 Gen\u00e8ve, ces protocoles s\u2019int\u00e8grent dans une vision globale de la m\u00e9decine \u00e0 vis\u00e9e esth\u00e9tique, en association avec les techniques de m\u00e9soth\u00e9rapie du visage, les Skinboosters ou les injections d\u2019acide hyaluronique et toxine botulique, dans une logique de rajeunissement du visage non invasif. Ils permettent d\u2019obtenir des r\u00e9sultats naturels, durables, progressifs, tout en respectant la structure et l\u2019expression du visage.<br \/>Le traitement des rides par laser exige une expertise m\u00e9dicale rigoureuse, une connaissance pr\u00e9cise des indications et un encadrement post-acte attentif. Ce n\u2019est pas un acte standardis\u00e9, mais une d\u00e9marche personnalis\u00e9e, adapt\u00e9e \u00e0 la physiologie, au phototype et aux attentes du patient.<\/p>\t\t\t\t\t\t\t\t<\/div>\n\t\t\t\t<\/div>\n\t\t\t\t\t<\/div>\n\t\t\t\t<\/div>\n\t\t<div class=\"elementor-element elementor-element-c90e1db e-flex e-con-boxed e-con e-parent\" data-id=\"c90e1db\" data-element_type=\"container\" data-e-type=\"container\" data-settings=\"{&quot;jet_parallax_layout_list&quot;:[]}\">\n\t\t\t\t\t<div class=\"e-con-inner\">\n\t\t<div class=\"elementor-element elementor-element-c40bed4 e-con-full e-flex e-con e-child\" data-id=\"c40bed4\" data-element_type=\"container\" data-e-type=\"container\" data-settings=\"{&quot;jet_parallax_layout_list&quot;:[]}\">\n\t\t<div class=\"elementor-element elementor-element-f7eb27f e-con-full e-flex e-con e-child\" data-id=\"f7eb27f\" data-element_type=\"container\" data-e-type=\"container\" data-settings=\"{&quot;jet_parallax_layout_list&quot;:[]}\">\n\t\t<div class=\"elementor-element elementor-element-89fe417 e-con-full e-flex e-con e-child\" data-id=\"89fe417\" data-element_type=\"container\" data-e-type=\"container\" data-settings=\"{&quot;jet_parallax_layout_list&quot;:[]}\">\n\t\t<div class=\"elementor-element elementor-element-45b8387 e-con-full e-flex e-con e-child\" data-id=\"45b8387\" data-element_type=\"container\" data-e-type=\"container\" data-settings=\"{&quot;jet_parallax_layout_list&quot;:[]}\">\n\t\t\t\t<div class=\"elementor-element elementor-element-992d979 elementor-widget elementor-widget-image\" data-id=\"992d979\" data-element_type=\"widget\" data-e-type=\"widget\" data-widget_type=\"image.default\">\n\t\t\t\t<div class=\"elementor-widget-container\">\n\t\t\t\t\t\t\t\t\t\t\t\t\t\t\t<img decoding=\"async\" width=\"150\" height=\"150\" src=\"https:\/\/drromanovaleria.ch\/wp-content\/uploads\/2024\/07\/photo-docteur-romano-valeria-150x150.webp\" class=\"attachment-thumbnail size-thumbnail wp-image-13266\" alt=\"Photo docteur Valeria Romano \u00e0 Gen\u00e8ve\" \/>\t\t\t\t\t\t\t\t\t\t\t\t\t\t\t<\/div>\n\t\t\t\t<\/div>\n\t\t\t\t<div class=\"elementor-element elementor-element-e0f857c elementor-widget elementor-widget-text-editor\" data-id=\"e0f857c\" data-element_type=\"widget\" data-e-type=\"widget\" data-widget_type=\"text-editor.default\">\n\t\t\t\t<div class=\"elementor-widget-container\">\n\t\t\t\t\t\t\t\t\t<p>Article r\u00e9dig\u00e9 par le <a href=\"https:\/\/drromanovaleria.ch\/\">Dr Romano Valeria<\/a><\/p>\t\t\t\t\t\t\t\t<\/div>\n\t\t\t\t<\/div>\n\t\t\t\t<\/div>\n\t\t<div class=\"elementor-element elementor-element-9fd4abc e-con-full e-flex e-con e-child\" data-id=\"9fd4abc\" data-element_type=\"container\" data-e-type=\"container\" data-settings=\"{&quot;jet_parallax_layout_list&quot;:[]}\">\n\t\t\t\t<div class=\"elementor-element elementor-element-88deebe elementor-widget elementor-widget-text-editor\" data-id=\"88deebe\" data-element_type=\"widget\" data-e-type=\"widget\" data-widget_type=\"text-editor.default\">\n\t\t\t\t<div class=\"elementor-widget-container\">\n\t\t\t\t\t\t\t\t\t<p>PARTAGER CET ARTICLE SUR<\/p>\t\t\t\t\t\t\t\t<\/div>\n\t\t\t\t<\/div>\n\t\t\t\t<div class=\"elementor-element elementor-element-7e9188d elementor-share-buttons--view-icon-text elementor-share-buttons--skin-gradient elementor-share-buttons--shape-square elementor-grid-0 elementor-share-buttons--color-official elementor-widget elementor-widget-share-buttons\" data-id=\"7e9188d\" data-element_type=\"widget\" data-e-type=\"widget\" data-widget_type=\"share-buttons.default\">\n\t\t\t\t<div class=\"elementor-widget-container\">\n\t\t\t\t\t\t\t<div class=\"elementor-grid\">\n\t\t\t\t\t\t\t\t<div class=\"elementor-grid-item\">\n\t\t\t\t\t\t<div class=\"elementor-share-btn elementor-share-btn_linkedin\" role=\"button\" tabindex=\"0\" aria-label=\"Partager sur linkedin\">\n\t\t\t\t\t\t\t\t\t\t\t\t\t\t\t<span class=\"elementor-share-btn__icon\">\n\t\t\t\t\t\t\t\t<svg aria-hidden=\"true\" class=\"e-font-icon-svg e-fab-linkedin\" viewBox=\"0 0 448 512\" xmlns=\"http:\/\/www.w3.org\/2000\/svg\"><path d=\"M416 32H31.9C14.3 32 0 46.5 0 64.3v383.4C0 465.5 14.3 480 31.9 480H416c17.6 0 32-14.5 32-32.3V64.3c0-17.8-14.4-32.3-32-32.3zM135.4 416H69V202.2h66.5V416zm-33.2-243c-21.3 0-38.5-17.3-38.5-38.5S80.9 96 102.2 96c21.2 0 38.5 17.3 38.5 38.5 0 21.3-17.2 38.5-38.5 38.5zm282.1 243h-66.4V312c0-24.8-.5-56.7-34.5-56.7-34.6 0-39.9 27-39.9 54.9V416h-66.4V202.2h63.7v29.2h.9c8.9-16.8 30.6-34.5 62.9-34.5 67.2 0 79.7 44.3 79.7 101.9V416z\"><\/path><\/svg>\t\t\t\t\t\t\t<\/span>\n\t\t\t\t\t\t\t\t\t\t\t\t\t\t\t\t\t\t\t\t\t\t<div class=\"elementor-share-btn__text\">\n\t\t\t\t\t\t\t\t\t\t\t\t\t\t\t\t\t\t\t<span class=\"elementor-share-btn__title\">\n\t\t\t\t\t\t\t\t\t\tLinkedIn\t\t\t\t\t\t\t\t\t<\/span>\n\t\t\t\t\t\t\t\t\t\t\t\t\t\t\t\t\t<\/div>\n\t\t\t\t\t\t\t\t\t\t\t\t\t<\/div>\n\t\t\t\t\t<\/div>\n\t\t\t\t\t\t<\/div>\n\t\t\t\t\t\t<\/div>\n\t\t\t\t<\/div>\n\t\t\t\t<\/div>\n\t\t\t\t<\/div>\n\t\t\t\t<div class=\"elementor-element elementor-element-6335032 elementor-align-start elementor-mobile-align-start elementor-icon-list--layout-traditional elementor-list-item-link-full_width elementor-widget elementor-widget-icon-list\" data-id=\"6335032\" data-element_type=\"widget\" data-e-type=\"widget\" data-widget_type=\"icon-list.default\">\n\t\t\t\t<div class=\"elementor-widget-container\">\n\t\t\t\t\t\t\t<ul class=\"elementor-icon-list-items\">\n\t\t\t\t\t\t\t<li class=\"elementor-icon-list-item\">\n\t\t\t\t\t\t\t\t\t\t\t<a href=\"mailto:dr.romano.valeria@gmail.com\">\n\n\t\t\t\t\t\t\t\t\t\t\t\t<span class=\"elementor-icon-list-icon\">\n\t\t\t\t\t\t\t<svg aria-hidden=\"true\" class=\"e-font-icon-svg e-fas-envelope\" viewBox=\"0 0 512 512\" xmlns=\"http:\/\/www.w3.org\/2000\/svg\"><path d=\"M502.3 190.8c3.9-3.1 9.7-.2 9.7 4.7V400c0 26.5-21.5 48-48 48H48c-26.5 0-48-21.5-48-48V195.6c0-5 5.7-7.8 9.7-4.7 22.4 17.4 52.1 39.5 154.1 113.6 21.1 15.4 56.7 47.8 92.2 47.6 35.7.3 72-32.8 92.3-47.6 102-74.1 131.6-96.3 154-113.7zM256 320c23.2.4 56.6-29.2 73.4-41.4 132.7-96.3 142.8-104.7 173.4-128.7 5.8-4.5 9.2-11.5 9.2-18.9v-19c0-26.5-21.5-48-48-48H48C21.5 64 0 85.5 0 112v19c0 7.4 3.4 14.3 9.2 18.9 30.6 23.9 40.7 32.4 173.4 128.7 16.8 12.2 50.2 41.8 73.4 41.4z\"><\/path><\/svg>\t\t\t\t\t\t<\/span>\n\t\t\t\t\t\t\t\t\t\t<span class=\"elementor-icon-list-text\">dr.romano.valeria@gmail.com<\/span>\n\t\t\t\t\t\t\t\t\t\t\t<\/a>\n\t\t\t\t\t\t\t\t\t<\/li>\n\t\t\t\t\t\t\t\t<li class=\"elementor-icon-list-item\">\n\t\t\t\t\t\t\t\t\t\t\t<a href=\"tel:+41%2078%20209%2002%2089\">\n\n\t\t\t\t\t\t\t\t\t\t\t\t<span class=\"elementor-icon-list-icon\">\n\t\t\t\t\t\t\t<svg aria-hidden=\"true\" class=\"e-font-icon-svg e-fas-phone-alt\" viewBox=\"0 0 512 512\" xmlns=\"http:\/\/www.w3.org\/2000\/svg\"><path d=\"M497.39 361.8l-112-48a24 24 0 0 0-28 6.9l-49.6 60.6A370.66 370.66 0 0 1 130.6 204.11l60.6-49.6a23.94 23.94 0 0 0 6.9-28l-48-112A24.16 24.16 0 0 0 122.6.61l-104 24A24 24 0 0 0 0 48c0 256.5 207.9 464 464 464a24 24 0 0 0 23.4-18.6l24-104a24.29 24.29 0 0 0-14.01-27.6z\"><\/path><\/svg>\t\t\t\t\t\t<\/span>\n\t\t\t\t\t\t\t\t\t\t<span class=\"elementor-icon-list-text\">+41 78 209 02 89<\/span>\n\t\t\t\t\t\t\t\t\t\t\t<\/a>\n\t\t\t\t\t\t\t\t\t<\/li>\n\t\t\t\t\t\t<\/ul>\n\t\t\t\t\t\t<\/div>\n\t\t\t\t<\/div>\n\t\t\t\t<\/div>\n\t\t\t\t<\/div>\n\t\t\t\t\t<\/div>\n\t\t\t\t<\/div>\n\t\t\t\t<\/div>\n\t\t","protected":false},"featured_media":0,"template":"elementor_header_footer","class_list":["post-25943","infographie","type-infographie","status-publish","hentry"],"yoast_head":"<!-- This site is optimized with the Yoast SEO plugin v27.5 - https:\/\/yoast.com\/product\/yoast-seo-wordpress\/ -->\n<title>Les traitements laser sont-ils efficaces pour \u00e9liminer les rides ? - Dr Romano<\/title>\n<meta name=\"description\" content=\"Efficacit\u00e9 des traitements laser contre les rides : types de lasers, m\u00e9canismes d\u2019action, zones cibl\u00e9es, r\u00e9sultats possibles, dur\u00e9e des effets et limites observ\u00e9es.\" \/>\n<meta name=\"robots\" content=\"index, follow, max-snippet:-1, max-image-preview:large, max-video-preview:-1\" \/>\n<link rel=\"canonical\" href=\"https:\/\/drromanovaleria.ch\/en\/infographic\/laser-wrinkle-treatment\/\" \/>\n<meta property=\"og:locale\" content=\"en_GB\" \/>\n<meta property=\"og:type\" content=\"article\" \/>\n<meta property=\"og:title\" content=\"Les traitements laser sont-ils efficaces pour \u00e9liminer les rides ? - Dr Romano\" \/>\n<meta property=\"og:description\" content=\"Efficacit\u00e9 des traitements laser contre les rides : types de lasers, m\u00e9canismes d\u2019action, zones cibl\u00e9es, r\u00e9sultats possibles, dur\u00e9e des effets et limites observ\u00e9es.\" \/>\n<meta property=\"og:url\" content=\"https:\/\/drromanovaleria.ch\/en\/infographic\/laser-wrinkle-treatment\/\" \/>\n<meta property=\"og:site_name\" content=\"Dr Romano\" \/>\n<meta property=\"article:modified_time\" content=\"2025-09-06T09:08:03+00:00\" \/>\n<meta property=\"og:image\" content=\"https:\/\/drromanovaleria.ch\/wp-content\/uploads\/2024\/05\/hydratation-peau.webp\" \/>\n\t<meta property=\"og:image:width\" content=\"300\" \/>\n\t<meta property=\"og:image:height\" content=\"220\" \/>\n\t<meta property=\"og:image:type\" content=\"image\/webp\" \/>\n<meta name=\"twitter:card\" content=\"summary_large_image\" \/>\n<meta name=\"twitter:label1\" content=\"Estimated reading time\" \/>\n\t<meta name=\"twitter:data1\" content=\"10 minutes\" \/>\n<script type=\"application\/ld+json\" class=\"yoast-schema-graph\">{\"@context\":\"https:\\\/\\\/schema.org\",\"@graph\":[{\"@type\":\"WebPage\",\"@id\":\"https:\\\/\\\/drromanovaleria.ch\\\/infographie\\\/laser-traitement-rides\\\/\",\"url\":\"https:\\\/\\\/drromanovaleria.ch\\\/infographie\\\/laser-traitement-rides\\\/\",\"name\":\"Les traitements laser sont-ils efficaces pour \u00e9liminer les rides ? - Dr Romano\",\"isPartOf\":{\"@id\":\"https:\\\/\\\/drromanovaleria.ch\\\/#website\"},\"primaryImageOfPage\":{\"@id\":\"https:\\\/\\\/drromanovaleria.ch\\\/infographie\\\/laser-traitement-rides\\\/#primaryimage\"},\"image\":{\"@id\":\"https:\\\/\\\/drromanovaleria.ch\\\/infographie\\\/laser-traitement-rides\\\/#primaryimage\"},\"thumbnailUrl\":\"https:\\\/\\\/drromanovaleria.ch\\\/wp-content\\\/uploads\\\/2024\\\/05\\\/hydratation-peau.webp\",\"datePublished\":\"2025-05-08T10:41:07+00:00\",\"dateModified\":\"2025-09-06T09:08:03+00:00\",\"description\":\"Efficacit\u00e9 des traitements laser contre les rides : types de lasers, m\u00e9canismes d\u2019action, zones cibl\u00e9es, r\u00e9sultats possibles, dur\u00e9e des effets et limites observ\u00e9es.\",\"breadcrumb\":{\"@id\":\"https:\\\/\\\/drromanovaleria.ch\\\/infographie\\\/laser-traitement-rides\\\/#breadcrumb\"},\"inLanguage\":\"en-GB\",\"potentialAction\":[{\"@type\":\"ReadAction\",\"target\":[\"https:\\\/\\\/drromanovaleria.ch\\\/infographie\\\/laser-traitement-rides\\\/\"]}]},{\"@type\":\"ImageObject\",\"inLanguage\":\"en-GB\",\"@id\":\"https:\\\/\\\/drromanovaleria.ch\\\/infographie\\\/laser-traitement-rides\\\/#primaryimage\",\"url\":\"https:\\\/\\\/drromanovaleria.ch\\\/wp-content\\\/uploads\\\/2024\\\/05\\\/hydratation-peau.webp\",\"contentUrl\":\"https:\\\/\\\/drromanovaleria.ch\\\/wp-content\\\/uploads\\\/2024\\\/05\\\/hydratation-peau.webp\"},{\"@type\":\"BreadcrumbList\",\"@id\":\"https:\\\/\\\/drromanovaleria.ch\\\/infographie\\\/laser-traitement-rides\\\/#breadcrumb\",\"itemListElement\":[{\"@type\":\"ListItem\",\"position\":1,\"name\":\"Accueil\",\"item\":\"https:\\\/\\\/drromanovaleria.ch\\\/\"},{\"@type\":\"ListItem\",\"position\":2,\"name\":\"Infographie\",\"item\":\"https:\\\/\\\/drromanovaleria.ch\\\/infographie\\\/\"},{\"@type\":\"ListItem\",\"position\":3,\"name\":\"Les traitements laser sont-ils efficaces pour \u00e9liminer les rides ?\"}]},{\"@type\":\"WebSite\",\"@id\":\"https:\\\/\\\/drromanovaleria.ch\\\/#website\",\"url\":\"https:\\\/\\\/drromanovaleria.ch\\\/\",\"name\":\"Dr Romano\",\"description\":\"M\u00e9decine morphologique et anti-\u00e2ge\",\"potentialAction\":[{\"@type\":\"SearchAction\",\"target\":{\"@type\":\"EntryPoint\",\"urlTemplate\":\"https:\\\/\\\/drromanovaleria.ch\\\/?s={search_term_string}\"},\"query-input\":{\"@type\":\"PropertyValueSpecification\",\"valueRequired\":true,\"valueName\":\"search_term_string\"}}],\"inLanguage\":\"en-GB\"}]}<\/script>\n<!-- \/ Yoast SEO plugin. -->","yoast_head_json":{"title":"Are laser treatments effective for removing wrinkles ? - Dr Romano","description":"Effectiveness of laser treatments against wrinkles : types of lasers, mechanisms of action, targeted areas, possible results, duration of effects, and observed limitations.","robots":{"index":"index","follow":"follow","max-snippet":"max-snippet:-1","max-image-preview":"max-image-preview:large","max-video-preview":"max-video-preview:-1"},"canonical":"https:\/\/drromanovaleria.ch\/en\/infographic\/laser-wrinkle-treatment\/","og_locale":"en_GB","og_type":"article","og_title":"Les traitements laser sont-ils efficaces pour \u00e9liminer les rides ? - Dr Romano","og_description":"Efficacit\u00e9 des traitements laser contre les rides : types de lasers, m\u00e9canismes d\u2019action, zones cibl\u00e9es, r\u00e9sultats possibles, dur\u00e9e des effets et limites observ\u00e9es.","og_url":"https:\/\/drromanovaleria.ch\/en\/infographic\/laser-wrinkle-treatment\/","og_site_name":"Dr Romano","article_modified_time":"2025-09-06T09:08:03+00:00","og_image":[{"width":300,"height":220,"url":"https:\/\/drromanovaleria.ch\/wp-content\/uploads\/2024\/05\/hydratation-peau.webp","type":"image\/webp"}],"twitter_card":"summary_large_image","twitter_misc":{"Estimated reading time":"10 minutes"},"schema":{"@context":"https:\/\/schema.org","@graph":[{"@type":"WebPage","@id":"https:\/\/drromanovaleria.ch\/infographie\/laser-traitement-rides\/","url":"https:\/\/drromanovaleria.ch\/infographie\/laser-traitement-rides\/","name":"Are laser treatments effective for removing wrinkles ? - Dr Romano","isPartOf":{"@id":"https:\/\/drromanovaleria.ch\/#website"},"primaryImageOfPage":{"@id":"https:\/\/drromanovaleria.ch\/infographie\/laser-traitement-rides\/#primaryimage"},"image":{"@id":"https:\/\/drromanovaleria.ch\/infographie\/laser-traitement-rides\/#primaryimage"},"thumbnailUrl":"https:\/\/drromanovaleria.ch\/wp-content\/uploads\/2024\/05\/hydratation-peau.webp","datePublished":"2025-05-08T10:41:07+00:00","dateModified":"2025-09-06T09:08:03+00:00","description":"Effectiveness of laser treatments against wrinkles : types of lasers, mechanisms of action, targeted areas, possible results, duration of effects, and observed limitations.","breadcrumb":{"@id":"https:\/\/drromanovaleria.ch\/infographie\/laser-traitement-rides\/#breadcrumb"},"inLanguage":"en-GB","potentialAction":[{"@type":"ReadAction","target":["https:\/\/drromanovaleria.ch\/infographie\/laser-traitement-rides\/"]}]},{"@type":"ImageObject","inLanguage":"en-GB","@id":"https:\/\/drromanovaleria.ch\/infographie\/laser-traitement-rides\/#primaryimage","url":"https:\/\/drromanovaleria.ch\/wp-content\/uploads\/2024\/05\/hydratation-peau.webp","contentUrl":"https:\/\/drromanovaleria.ch\/wp-content\/uploads\/2024\/05\/hydratation-peau.webp"},{"@type":"BreadcrumbList","@id":"https:\/\/drromanovaleria.ch\/infographie\/laser-traitement-rides\/#breadcrumb","itemListElement":[{"@type":"ListItem","position":1,"name":"Accueil","item":"https:\/\/drromanovaleria.ch\/"},{"@type":"ListItem","position":2,"name":"Infographie","item":"https:\/\/drromanovaleria.ch\/infographie\/"},{"@type":"ListItem","position":3,"name":"Les traitements laser sont-ils efficaces pour \u00e9liminer les rides ?"}]},{"@type":"WebSite","@id":"https:\/\/drromanovaleria.ch\/#website","url":"https:\/\/drromanovaleria.ch\/","name":"Dr Romano","description":"Morphological and anti-ageing medicine","potentialAction":[{"@type":"SearchAction","target":{"@type":"EntryPoint","urlTemplate":"https:\/\/drromanovaleria.ch\/?s={search_term_string}"},"query-input":{"@type":"PropertyValueSpecification","valueRequired":true,"valueName":"search_term_string"}}],"inLanguage":"en-GB"}]}},"_links":{"self":[{"href":"https:\/\/drromanovaleria.ch\/en\/wp-json\/wp\/v2\/infographie\/25943","targetHints":{"allow":["GET"]}}],"collection":[{"href":"https:\/\/drromanovaleria.ch\/en\/wp-json\/wp\/v2\/infographie"}],"about":[{"href":"https:\/\/drromanovaleria.ch\/en\/wp-json\/wp\/v2\/types\/infographie"}],"version-history":[{"count":0,"href":"https:\/\/drromanovaleria.ch\/en\/wp-json\/wp\/v2\/infographie\/25943\/revisions"}],"wp:attachment":[{"href":"https:\/\/drromanovaleria.ch\/en\/wp-json\/wp\/v2\/media?parent=25943"}],"curies":[{"name":"wp","href":"https:\/\/api.w.org\/{rel}","templated":true}]}}