{"id":25939,"date":"2025-05-08T12:28:05","date_gmt":"2025-05-08T10:28:05","guid":{"rendered":"https:\/\/drromanovaleria.ch\/?post_type=infographie&#038;p=25939"},"modified":"2025-11-06T13:03:13","modified_gmt":"2025-11-06T12:03:13","slug":"difference-static-and-dynamic-wrinkles","status":"publish","type":"infographie","link":"https:\/\/drromanovaleria.ch\/en\/infographie\/difference-rides-statiques-dynamiques\/","title":{"rendered":"Quelles sont les diff\u00e9rences entre les rides dynamiques et les rides statiques ?"},"content":{"rendered":"\t\t<div data-elementor-type=\"wp-post\" data-elementor-id=\"25939\" class=\"elementor elementor-25939\" data-elementor-post-type=\"infographie\">\n\t\t\t\t<div class=\"elementor-element elementor-element-52b8ec5 e-flex e-con-boxed e-con e-parent\" data-id=\"52b8ec5\" data-element_type=\"container\" data-e-type=\"container\" data-settings=\"{&quot;background_background&quot;:&quot;classic&quot;,&quot;jet_parallax_layout_list&quot;:[]}\">\n\t\t\t\t\t<div class=\"e-con-inner\">\n\t\t<div class=\"elementor-element elementor-element-bae0f55 e-con-full e-flex e-con e-child\" data-id=\"bae0f55\" data-element_type=\"container\" data-e-type=\"container\" data-settings=\"{&quot;background_background&quot;:&quot;classic&quot;,&quot;jet_parallax_layout_list&quot;:[]}\">\n\t\t\t\t<div class=\"elementor-element elementor-element-4a00174 elementor-widget__width-initial elementor-widget elementor-widget-heading\" data-id=\"4a00174\" data-element_type=\"widget\" data-e-type=\"widget\" data-widget_type=\"heading.default\">\n\t\t\t\t<div class=\"elementor-widget-container\">\n\t\t\t\t\t<h1 class=\"elementor-heading-title elementor-size-default\">QUELLES SONT LES DIFF\u00c9RENCES ENTRE LES RIDES DYNAMIQUES ET LES RIDES STATIQUES ?<\/h1>\t\t\t\t<\/div>\n\t\t\t\t<\/div>\n\t\t\t\t<div class=\"elementor-element elementor-element-82635ce elementor-align-center elementor-widget elementor-widget-breadcrumbs\" data-id=\"82635ce\" data-element_type=\"widget\" data-e-type=\"widget\" data-widget_type=\"breadcrumbs.default\">\n\t\t\t\t<div class=\"elementor-widget-container\">\n\t\t\t\t\t<p id=\"breadcrumbs\"><span><span><a href=\"https:\/\/drromanovaleria.ch\/\">Accueil<\/a><\/span><\/span><\/p>\t\t\t\t<\/div>\n\t\t\t\t<\/div>\n\t\t\t\t<\/div>\n\t\t\t\t\t<\/div>\n\t\t\t\t<\/div>\n\t\t<div class=\"elementor-element elementor-element-f9e57fb e-flex e-con-boxed e-con e-parent\" data-id=\"f9e57fb\" data-element_type=\"container\" data-e-type=\"container\" data-settings=\"{&quot;jet_parallax_layout_list&quot;:[]}\">\n\t\t\t\t\t<div class=\"e-con-inner\">\n\t\t<div class=\"elementor-element elementor-element-acb205e e-flex e-con-boxed e-con e-child\" data-id=\"acb205e\" data-element_type=\"container\" data-e-type=\"container\" data-settings=\"{&quot;jet_parallax_layout_list&quot;:[]}\">\n\t\t\t\t\t<div class=\"e-con-inner\">\n\t\t<div class=\"elementor-element elementor-element-aa1183f e-con-full e-flex e-con e-child\" data-id=\"aa1183f\" data-element_type=\"container\" data-e-type=\"container\" data-settings=\"{&quot;background_background&quot;:&quot;classic&quot;,&quot;jet_parallax_layout_list&quot;:[]}\">\n\t\t\t\t<div class=\"elementor-element elementor-element-d34d3fa elementor-widget elementor-widget-text-editor\" data-id=\"d34d3fa\" data-element_type=\"widget\" data-e-type=\"widget\" data-widget_type=\"text-editor.default\">\n\t\t\t\t<div class=\"elementor-widget-container\">\n\t\t\t\t\t\t\t\t\t<h2>Pr\u00e9venir et traiter les signes du vieillissement cutan\u00e9 \u00e0 Gen\u00e8ve<\/h2>\t\t\t\t\t\t\t\t<\/div>\n\t\t\t\t<\/div>\n\t\t\t\t<div class=\"elementor-element elementor-element-e9223d2 elementor-widget elementor-widget-text-editor\" data-id=\"e9223d2\" data-element_type=\"widget\" data-e-type=\"widget\" data-widget_type=\"text-editor.default\">\n\t\t\t\t<div class=\"elementor-widget-container\">\n\t\t\t\t\t\t\t\t\t<p>Le vieillissement du visage est un processus aussi complexe que multifactoriel. En consultation de m\u00e9decine \u00e0 vis\u00e9e esth\u00e9tique \u00e0 Gen\u00e8ve, l&#8217;une des questions le plus souvent pos\u00e9e concerne la nature des rides qui commencent \u00e0 appara\u00eetre : s\u2019agit-il de <a href=\"https:\/\/drromanovaleria.ch\/besoins\/rides\/\">rides<\/a> dynamiques ou de rides statiques ? Et surtout, peut-on les traiter efficacement sans chirurgie ?<br \/>Cette distinction fondamentale ne rel\u00e8ve pas uniquement de la s\u00e9mantique dermatologique, elle guide la strat\u00e9gie th\u00e9rapeutique, permet une lecture plus pr\u00e9cise du vieillissement cutan\u00e9, et oriente vers des solutions adapt\u00e9es telles que les injections d\u2019<a href=\"https:\/\/drromanovaleria.ch\/solutions\/injections\/acide-hayluronique\/\">acide hyaluronique<\/a>, la <a href=\"https:\/\/drromanovaleria.ch\/solutions\/injections\/botox\/\">toxine botulique<\/a> ou encore la <a href=\"https:\/\/drromanovaleria.ch\/solutions\/mesotherapie\/mesotherapie-visage\/\">m\u00e9soth\u00e9rapie visage<\/a>, le m\u00e9solift, devenu un traitement de r\u00e9f\u00e9rence pour le rajeunissement du visage.<\/p>\t\t\t\t\t\t\t\t<\/div>\n\t\t\t\t<\/div>\n\t\t\t\t<\/div>\n\t\t\t\t\t<\/div>\n\t\t\t\t<\/div>\n\t\t<div class=\"elementor-element elementor-element-64ec7eb e-flex e-con-boxed e-con e-child\" data-id=\"64ec7eb\" data-element_type=\"container\" data-e-type=\"container\" data-settings=\"{&quot;jet_parallax_layout_list&quot;:[]}\">\n\t\t\t\t\t<div class=\"e-con-inner\">\n\t\t\t\t<div class=\"elementor-element elementor-element-c5d20e9 elementor-widget elementor-widget-image\" data-id=\"c5d20e9\" data-element_type=\"widget\" data-e-type=\"widget\" data-widget_type=\"image.default\">\n\t\t\t\t<div class=\"elementor-widget-container\">\n\t\t\t\t\t\t\t\t\t\t\t\t\t\t\t<img fetchpriority=\"high\" decoding=\"async\" width=\"300\" height=\"220\" src=\"https:\/\/drromanovaleria.ch\/wp-content\/uploads\/2024\/05\/hydratation-peau.webp\" class=\"attachment-medium size-medium wp-image-4852\" alt=\"image peau jeune hydrat\u00e9e\" srcset=\"https:\/\/drromanovaleria.ch\/wp-content\/uploads\/2024\/05\/hydratation-peau.webp 300w, https:\/\/drromanovaleria.ch\/wp-content\/uploads\/2024\/05\/hydratation-peau-16x12.webp 16w\" sizes=\"(max-width: 300px) 100vw, 300px\" \/>\t\t\t\t\t\t\t\t\t\t\t\t\t\t\t<\/div>\n\t\t\t\t<\/div>\n\t\t\t\t<div class=\"elementor-element elementor-element-06dfab4 elementor-align-center elementor-widget elementor-widget-button\" data-id=\"06dfab4\" data-element_type=\"widget\" data-e-type=\"widget\" data-widget_type=\"button.default\">\n\t\t\t\t<div class=\"elementor-widget-container\">\n\t\t\t\t\t\t\t\t\t<div class=\"elementor-button-wrapper\">\n\t\t\t\t\t<a class=\"elementor-button elementor-button-link elementor-size-sm\" href=\"https:\/\/drromanovaleria.ch\/contactez-le-dr-romano\/\">\n\t\t\t\t\t\t<span class=\"elementor-button-content-wrapper\">\n\t\t\t\t\t\t\t\t\t<span class=\"elementor-button-text\">Prendre rendez-vous<\/span>\n\t\t\t\t\t<\/span>\n\t\t\t\t\t<\/a>\n\t\t\t\t<\/div>\n\t\t\t\t\t\t\t\t<\/div>\n\t\t\t\t<\/div>\n\t\t\t\t\t<\/div>\n\t\t\t\t<\/div>\n\t\t\t\t\t<\/div>\n\t\t\t\t<\/div>\n\t\t<div class=\"elementor-element elementor-element-46780e2 e-flex e-con-boxed e-con e-parent\" data-id=\"46780e2\" data-element_type=\"container\" data-e-type=\"container\" data-settings=\"{&quot;jet_parallax_layout_list&quot;:[]}\">\n\t\t\t\t\t<div class=\"e-con-inner\">\n\t\t\t\t<div class=\"elementor-element elementor-element-60879ae elementor-toc--content-ellipsis elementor-toc--minimized-on-desktop elementor-widget elementor-widget-table-of-contents\" data-id=\"60879ae\" data-element_type=\"widget\" data-e-type=\"widget\" data-settings=\"{&quot;exclude_headings_by_selector&quot;:[],&quot;minimized_on&quot;:&quot;desktop&quot;,&quot;no_headings_message&quot;:&quot;Aucun titre n\\u2019a \\u00e9t\\u00e9 trouv\\u00e9 sur cette page.&quot;,&quot;headings_by_tags&quot;:[&quot;h2&quot;,&quot;h3&quot;,&quot;h4&quot;,&quot;h5&quot;,&quot;h6&quot;],&quot;marker_view&quot;:&quot;numbers&quot;,&quot;minimize_box&quot;:&quot;yes&quot;,&quot;hierarchical_view&quot;:&quot;yes&quot;,&quot;min_height&quot;:{&quot;unit&quot;:&quot;px&quot;,&quot;size&quot;:&quot;&quot;,&quot;sizes&quot;:[]},&quot;min_height_tablet&quot;:{&quot;unit&quot;:&quot;px&quot;,&quot;size&quot;:&quot;&quot;,&quot;sizes&quot;:[]},&quot;min_height_mobile&quot;:{&quot;unit&quot;:&quot;px&quot;,&quot;size&quot;:&quot;&quot;,&quot;sizes&quot;:[]}}\" data-widget_type=\"table-of-contents.default\">\n\t\t\t\t<div class=\"elementor-widget-container\">\n\t\t\t\t\t\t\t\t\t<div class=\"elementor-toc__header\">\n\t\t\t\t\t\t<h2 class=\"elementor-toc__header-title\">\n\t\t\t\tSommaire\t\t\t<\/h2>\n\t\t\t\t\t\t\t\t\t\t<div class=\"elementor-toc__toggle-button elementor-toc__toggle-button--expand\" role=\"button\" tabindex=\"0\" aria-controls=\"elementor-toc__60879ae\" aria-expanded=\"true\" aria-label=\"Ouvrir la table des mati\u00e8res\"><svg aria-hidden=\"true\" class=\"e-font-icon-svg e-fas-chevron-down\" viewBox=\"0 0 448 512\" xmlns=\"http:\/\/www.w3.org\/2000\/svg\"><path d=\"M207.029 381.476L12.686 187.132c-9.373-9.373-9.373-24.569 0-33.941l22.667-22.667c9.357-9.357 24.522-9.375 33.901-.04L224 284.505l154.745-154.021c9.379-9.335 24.544-9.317 33.901.04l22.667 22.667c9.373 9.373 9.373 24.569 0 33.941L240.971 381.476c-9.373 9.372-24.569 9.372-33.942 0z\"><\/path><\/svg><\/div>\n\t\t\t\t<div class=\"elementor-toc__toggle-button elementor-toc__toggle-button--collapse\" role=\"button\" tabindex=\"0\" aria-controls=\"elementor-toc__60879ae\" aria-expanded=\"true\" aria-label=\"Fermer la table des mati\u00e8res\"><svg aria-hidden=\"true\" class=\"e-font-icon-svg e-fas-chevron-up\" viewBox=\"0 0 448 512\" xmlns=\"http:\/\/www.w3.org\/2000\/svg\"><path d=\"M240.971 130.524l194.343 194.343c9.373 9.373 9.373 24.569 0 33.941l-22.667 22.667c-9.357 9.357-24.522 9.375-33.901.04L224 227.495 69.255 381.516c-9.379 9.335-24.544 9.317-33.901-.04l-22.667-22.667c-9.373-9.373-9.373-24.569 0-33.941L207.03 130.525c9.372-9.373 24.568-9.373 33.941-.001z\"><\/path><\/svg><\/div>\n\t\t\t\t\t<\/div>\n\t\t\t\t<div id=\"elementor-toc__60879ae\" class=\"elementor-toc__body\">\n\t\t\t<div class=\"elementor-toc__spinner-container\">\n\t\t\t\t<svg class=\"elementor-toc__spinner eicon-animation-spin e-font-icon-svg e-eicon-loading\" aria-hidden=\"true\" viewBox=\"0 0 1000 1000\" xmlns=\"http:\/\/www.w3.org\/2000\/svg\"><path d=\"M500 975V858C696 858 858 696 858 500S696 142 500 142 142 304 142 500H25C25 237 238 25 500 25S975 237 975 500 763 975 500 975Z\"><\/path><\/svg>\t\t\t<\/div>\n\t\t<\/div>\n\t\t\t\t\t\t<\/div>\n\t\t\t\t<\/div>\n\t\t\t\t\t<\/div>\n\t\t\t\t<\/div>\n\t\t<div class=\"elementor-element elementor-element-f8c7bea e-flex e-con-boxed e-con e-parent\" data-id=\"f8c7bea\" data-element_type=\"container\" data-e-type=\"container\" data-settings=\"{&quot;jet_parallax_layout_list&quot;:[]}\">\n\t\t\t\t\t<div class=\"e-con-inner\">\n\t\t\t\t<div class=\"elementor-element elementor-element-dfd8a7d elementor-widget elementor-widget-text-editor\" data-id=\"dfd8a7d\" data-element_type=\"widget\" data-e-type=\"widget\" data-widget_type=\"text-editor.default\">\n\t\t\t\t<div class=\"elementor-widget-container\">\n\t\t\t\t\t\t\t\t\t<h2>Vieillissement cutan\u00e9 : un ph\u00e9nom\u00e8ne progressif<\/h2>\t\t\t\t\t\t\t\t<\/div>\n\t\t\t\t<\/div>\n\t\t\t\t<div class=\"elementor-element elementor-element-6a365e9 elementor-widget-divider--view-line elementor-widget elementor-widget-divider\" data-id=\"6a365e9\" data-element_type=\"widget\" data-e-type=\"widget\" data-widget_type=\"divider.default\">\n\t\t\t\t<div class=\"elementor-widget-container\">\n\t\t\t\t\t\t\t<div class=\"elementor-divider\">\n\t\t\t<span class=\"elementor-divider-separator\">\n\t\t\t\t\t\t<\/span>\n\t\t<\/div>\n\t\t\t\t\t\t<\/div>\n\t\t\t\t<\/div>\n\t\t\t\t<div class=\"elementor-element elementor-element-ef9058b elementor-widget elementor-widget-text-editor\" data-id=\"ef9058b\" data-element_type=\"widget\" data-e-type=\"widget\" data-widget_type=\"text-editor.default\">\n\t\t\t\t<div class=\"elementor-widget-container\">\n\t\t\t\t\t\t\t\t\t<p>La peau subit, d\u00e8s la fin de la vingtaine, des alt\u00e9rations biologiques profondes : diminution de la production de collag\u00e8ne et d\u2019\u00e9lastine, baisse de l\u2019hydratation, ralentissement du renouvellement cellulaire. \u00c0 cela s\u2019ajoutent des facteurs extrins\u00e8ques comme l\u2019exposition solaire, le tabac, la pollution ou encore le stress oxydatif.<br \/>Sur ce terrain apparaissent deux grands types de rides :<\/p><ul><li>Les rides dynamiques, li\u00e9es aux mouvements du visage.<\/li><li>Les rides statiques, install\u00e9es et visibles m\u00eame au repos.<\/li><\/ul><p>Les distinguer avec pr\u00e9cision permet de mieux comprendre l\u2019\u00e9volution du visage et d\u2019orienter vers les protocoles de m\u00e9decine \u00e0 vis\u00e9e esth\u00e9tique les plus adapt\u00e9s, qu\u2019il s\u2019agisse d\u2019une approche pr\u00e9ventive ou correctrice.<\/p>\t\t\t\t\t\t\t\t<\/div>\n\t\t\t\t<\/div>\n\t\t\t\t\t<\/div>\n\t\t\t\t<\/div>\n\t\t<div class=\"elementor-element elementor-element-2017bb9 e-flex e-con-boxed e-con e-parent\" data-id=\"2017bb9\" data-element_type=\"container\" data-e-type=\"container\" data-settings=\"{&quot;jet_parallax_layout_list&quot;:[]}\">\n\t\t\t\t\t<div class=\"e-con-inner\">\n\t\t\t\t<div class=\"elementor-element elementor-element-6ba9bc9 elementor-widget elementor-widget-text-editor\" data-id=\"6ba9bc9\" data-element_type=\"widget\" data-e-type=\"widget\" data-widget_type=\"text-editor.default\">\n\t\t\t\t<div class=\"elementor-widget-container\">\n\t\t\t\t\t\t\t\t\t<h2>Les rides dynamiques\u00a0<\/h2>\t\t\t\t\t\t\t\t<\/div>\n\t\t\t\t<\/div>\n\t\t\t\t<div class=\"elementor-element elementor-element-a50aa5d elementor-widget-divider--view-line elementor-widget elementor-widget-divider\" data-id=\"a50aa5d\" data-element_type=\"widget\" data-e-type=\"widget\" data-widget_type=\"divider.default\">\n\t\t\t\t<div class=\"elementor-widget-container\">\n\t\t\t\t\t\t\t<div class=\"elementor-divider\">\n\t\t\t<span class=\"elementor-divider-separator\">\n\t\t\t\t\t\t<\/span>\n\t\t<\/div>\n\t\t\t\t\t\t<\/div>\n\t\t\t\t<\/div>\n\t\t\t\t<div class=\"elementor-element elementor-element-5f14672 elementor-widget elementor-widget-text-editor\" data-id=\"5f14672\" data-element_type=\"widget\" data-e-type=\"widget\" data-widget_type=\"text-editor.default\">\n\t\t\t\t<div class=\"elementor-widget-container\">\n\t\t\t\t\t\t\t\t\t<p>Les rides dynamiques sont le r\u00e9sultat direct de la contraction r\u00e9p\u00e9t\u00e9e des muscles peauciers du visage. Chaque expression faciale \u2013 sourire, froncement de sourcils, \u00e9tonnement \u2013 active des groupes musculaires pr\u00e9cis. \u00c0 force de se r\u00e9p\u00e9ter, ces micro-contractions laissent une empreinte durable sur la peau, surtout lorsque celle-ci perd progressivement de son \u00e9lasticit\u00e9.<br \/>Les rides dynamiques les plus courantes sont :<\/p><ul><li>Les rides du front (horizontalit\u00e9 li\u00e9e \u00e0 la contraction du muscle frontal).<\/li><li>La ride du lion (entre les sourcils, aussi appel\u00e9e ride glabellaire).<\/li><li>Les rides de la patte d\u2019oie (au coin externe des yeux).<\/li><li>Parfois, les plis autour des l\u00e8vres chez les fumeurs (rides p\u00e9ribuccales d\u2019expression).<\/li><\/ul><h3>Causes des rides dynamiques\u00a0<\/h3><p>Avec l\u2019\u00e2ge, les tissus de soutien cutan\u00e9 perdent leur r\u00e9sistance. Le derme n\u2019a plus la capacit\u00e9 de se retendre compl\u00e8tement apr\u00e8s chaque contraction musculaire. Ce qui n\u2019\u00e9tait au d\u00e9part visible qu\u2019en mouvement finit par se graver au repos : la ride dynamique devient alors une ride statique.<\/p><h3>Traitement des rides dynamiques\u00a0<\/h3><p>La toxine botulique reste le traitement de r\u00e9f\u00e9rence pour le traitement des rides du front, de la patte d&#8217;oie et du lion. En limitant l\u2019activit\u00e9 musculaire, elle lisse les rides tout en pr\u00e9servant la mobilit\u00e9 et l\u2019expression naturelle du visage. En compl\u00e9ment, le m\u00e9solift \u2013 ou m\u00e9soth\u00e9rapie revitalisante du visage \u2013 pratiqu\u00e9 \u00e0 Gen\u00e8ve apporte \u00e0 la peau un cocktail d\u2019acide hyaluronique, de vitamines et d\u2019antioxydants. Ce soin am\u00e9liore l\u2019hydratation cutan\u00e9e et redonne de l\u2019\u00e9clat, notamment autour des yeux et du front.<\/p>\t\t\t\t\t\t\t\t<\/div>\n\t\t\t\t<\/div>\n\t\t\t\t\t<\/div>\n\t\t\t\t<\/div>\n\t\t<div class=\"elementor-element elementor-element-ef9cf83 e-flex e-con-boxed e-con e-parent\" data-id=\"ef9cf83\" data-element_type=\"container\" data-e-type=\"container\" data-settings=\"{&quot;jet_parallax_layout_list&quot;:[]}\">\n\t\t\t\t\t<div class=\"e-con-inner\">\n\t\t\t\t<div class=\"elementor-element elementor-element-6b0d1a5 elementor-widget elementor-widget-text-editor\" data-id=\"6b0d1a5\" data-element_type=\"widget\" data-e-type=\"widget\" data-widget_type=\"text-editor.default\">\n\t\t\t\t<div class=\"elementor-widget-container\">\n\t\t\t\t\t\t\t\t\t<h2>Les rides statiques<\/h2>\t\t\t\t\t\t\t\t<\/div>\n\t\t\t\t<\/div>\n\t\t\t\t<div class=\"elementor-element elementor-element-eb9fa8d elementor-widget-divider--view-line elementor-widget elementor-widget-divider\" data-id=\"eb9fa8d\" data-element_type=\"widget\" data-e-type=\"widget\" data-widget_type=\"divider.default\">\n\t\t\t\t<div class=\"elementor-widget-container\">\n\t\t\t\t\t\t\t<div class=\"elementor-divider\">\n\t\t\t<span class=\"elementor-divider-separator\">\n\t\t\t\t\t\t<\/span>\n\t\t<\/div>\n\t\t\t\t\t\t<\/div>\n\t\t\t\t<\/div>\n\t\t\t\t<div class=\"elementor-element elementor-element-0ddf271 elementor-widget elementor-widget-text-editor\" data-id=\"0ddf271\" data-element_type=\"widget\" data-e-type=\"widget\" data-widget_type=\"text-editor.default\">\n\t\t\t\t<div class=\"elementor-widget-container\">\n\t\t\t\t\t\t\t\t\t<p>Les rides statiques apparaissent ind\u00e9pendamment des mouvements du visage. Elles sont la cons\u00e9quence directe de la perte des composants structuraux de la peau : collag\u00e8ne, \u00e9lastine, acide hyaluronique. Leur formation est progressive, mais irr\u00e9versible sans traitement m\u00e9dical esth\u00e9tique adapt\u00e9.<\/p><p>Les localisations typiques sont\u00a0:<\/p><ul><li>Les sillons nasog\u00e9niens (de l\u2019aile du nez aux commissures des l\u00e8vres).<\/li><li>Les plis d\u2019amertume (coins de la bouche tombants).<\/li><li>Les rides jugales (verticales sur les joues).<\/li><li>Le pliss\u00e9 solaire autour des yeux et du d\u00e9collet\u00e9.<\/li><\/ul><h3>Causes des rides statiques\u00a0<\/h3><p>Les rides statiques apparaissent progressivement lorsque la peau perd sa capacit\u00e9 \u00e0 se r\u00e9g\u00e9n\u00e9rer et \u00e0 r\u00e9sister aux agressions du temps. Elles sont li\u00e9es \u00e0 plusieurs m\u00e9canismes. Le vieillissement intrins\u00e8que, d\u2019abord, d\u00e9pend de facteurs g\u00e9n\u00e9tiques, chronologiques et hormonaux : il s\u2019agit de l\u2019\u00e9volution naturelle de chaque individu, propre \u00e0 son rythme biologique. \u00c0 cela s\u2019ajoute le vieillissement extrins\u00e8que, provoqu\u00e9 par l\u2019exposition aux rayons UV, le stress oxydatif, la pollution ou encore certaines carences nutritionnelles qui fragilisent les tissus cutan\u00e9s. Enfin, un troisi\u00e8me ph\u00e9nom\u00e8ne vient accentuer l\u2019installation des rides statiques : l\u2019affaissement progressif des volumes. Avec l\u2019\u00e2ge, les coussinets graisseux sous-cutan\u00e9s se r\u00e9sorbent, le tissu conjonctif perd en fermet\u00e9 et les traits du visage tendent \u00e0 s\u2019affaisser.<\/p><h3>Traitement des rides statiques\u00a0<\/h3><p>Pour corriger ces rides d\u00e9j\u00e0 marqu\u00e9es, en m\u00e9decine \u00e0 vis\u00e9e esth\u00e9tique il existe des solutions efficaces et naturelles. Les injections d\u2019acide hyaluronique sont le traitement de r\u00e9f\u00e9rence. Elles permettent de restaurer les volumes perdus et de combler les sillons, tout en respectant l\u2019harmonie du visage. En parall\u00e8le, le m\u00e9solift \u2014 traitement non invasif de m\u00e9soth\u00e9rapie du visage \u2014 am\u00e9liore la qualit\u00e9 de la peau. Gr\u00e2ce \u00e0 un complexe d\u2019acide hyaluronique, de vitamines et d\u2019antioxydants, il redonne hydratation, souplesse et \u00e9lasticit\u00e9, tout en restaurant l\u2019\u00e9clat du teint.<\/p>\t\t\t\t\t\t\t\t<\/div>\n\t\t\t\t<\/div>\n\t\t\t\t\t<\/div>\n\t\t\t\t<\/div>\n\t\t<div class=\"elementor-element elementor-element-d4b66c9 e-flex e-con-boxed e-con e-parent\" data-id=\"d4b66c9\" data-element_type=\"container\" data-e-type=\"container\" data-settings=\"{&quot;jet_parallax_layout_list&quot;:[]}\">\n\t\t\t\t\t<div class=\"e-con-inner\">\n\t\t\t\t<div class=\"elementor-element elementor-element-2747d6c elementor-widget elementor-widget-text-editor\" data-id=\"2747d6c\" data-element_type=\"widget\" data-e-type=\"widget\" data-widget_type=\"text-editor.default\">\n\t\t\t\t<div class=\"elementor-widget-container\">\n\t\t\t\t\t\t\t\t\t<h2>M\u00e9soth\u00e9rapie et m\u00e9solift contre les rides<\/h2>\t\t\t\t\t\t\t\t<\/div>\n\t\t\t\t<\/div>\n\t\t\t\t<div class=\"elementor-element elementor-element-75680d0 elementor-widget-divider--view-line elementor-widget elementor-widget-divider\" data-id=\"75680d0\" data-element_type=\"widget\" data-e-type=\"widget\" data-widget_type=\"divider.default\">\n\t\t\t\t<div class=\"elementor-widget-container\">\n\t\t\t\t\t\t\t<div class=\"elementor-divider\">\n\t\t\t<span class=\"elementor-divider-separator\">\n\t\t\t\t\t\t<\/span>\n\t\t<\/div>\n\t\t\t\t\t\t<\/div>\n\t\t\t\t<\/div>\n\t\t\t\t<div class=\"elementor-element elementor-element-d3f8290 elementor-widget elementor-widget-text-editor\" data-id=\"d3f8290\" data-element_type=\"widget\" data-e-type=\"widget\" data-widget_type=\"text-editor.default\">\n\t\t\t\t<div class=\"elementor-widget-container\">\n\t\t\t\t\t\t\t\t\t<p>La m\u00e9soth\u00e9rapie visage, et plus particuli\u00e8rement le m\u00e9solift, s\u2019impose aujourd\u2019hui comme l\u2019un des traitements phares de la m\u00e9decine \u00e0 vis\u00e9e esth\u00e9tique \u00e0 Gen\u00e8ve. Son r\u00f4le est double : pr\u00e9venir l\u2019apparition des rides, notamment les rides statiques, et corriger les premiers signes visibles du vieillissement cutan\u00e9, en apportant \u00e9clat, hydratation et vitalit\u00e9.<br data-start=\"488\" data-end=\"491\" \/>Concr\u00e8tement, le m\u00e9solift consiste en de petites injections intradermiques d\u2019un complexe polyrevitalisant. Ce cocktail associe de l\u2019acide hyaluronique non r\u00e9ticul\u00e9 \u00e0 des vitamines antioxydantes, des min\u00e9raux, des acides amin\u00e9s et des coenzymes. Ensemble, ces actifs stimulent la r\u00e9g\u00e9n\u00e9ration cellulaire et am\u00e9liorent la tonicit\u00e9, l\u2019\u00e9lasticit\u00e9 et la densit\u00e9 de la peau. Le teint retrouve sa fra\u00eecheur et la qualit\u00e9 cutan\u00e9e s\u2019am\u00e9liore visiblement.<br data-start=\"934\" data-end=\"937\" data-is-only-node=\"\" \/>Ce traitement se distingue par sa simplicit\u00e9 et son caract\u00e8re non invasif : il ne n\u00e9cessite aucune chirurgie, n\u2019entra\u00eene pas d\u2019\u00e9viction sociale et procure des r\u00e9sultats naturels, visibles d\u00e8s les premi\u00e8res s\u00e9ances et durables dans le temps. Adapt\u00e9 \u00e0 tous les types de peaux, quel que soit le phototype ou l\u2019\u00e2ge, le m\u00e9solift s\u2019int\u00e8gre parfaitement dans une d\u00e9marche esth\u00e9tique respectueuse et progressive. Il agit aussi bien en pr\u00e9vention du vieillissement qu\u2019en entretien de la jeunesse cutan\u00e9e, en restaurant l\u2019hydratation profonde.<br data-start=\"1507\" data-end=\"1510\" \/>\u00c0 Gen\u00e8ve, le m\u00e9solift est souvent associ\u00e9 \u00e0 d\u2019autres traitements injectables tels que la toxine botulique ou l\u2019acide hyaluronique. Cette approche combin\u00e9e permet de potentialiser les r\u00e9sultats, de traiter \u00e0 la fois la qualit\u00e9 de la peau et les volumes du visage, tout en pr\u00e9servant l\u2019expression naturelle et l\u2019harmonie des traits. V\u00e9ritable alli\u00e9 anti-\u00e2ge, le m\u00e9solift s\u2019adresse aux patientes et aux patients qui recherchent une solution sur mesure, efficace et subtile pour conserver un visage lumineux et \u00e9quilibr\u00e9.<\/p>\t\t\t\t\t\t\t\t<\/div>\n\t\t\t\t<\/div>\n\t\t\t\t\t<\/div>\n\t\t\t\t<\/div>\n\t\t<div class=\"elementor-element elementor-element-973a5c6 e-flex e-con-boxed e-con e-parent\" data-id=\"973a5c6\" data-element_type=\"container\" data-e-type=\"container\" data-settings=\"{&quot;jet_parallax_layout_list&quot;:[]}\">\n\t\t\t\t\t<div class=\"e-con-inner\">\n\t\t\t\t<div class=\"elementor-element elementor-element-3791ffa elementor-widget elementor-widget-text-editor\" data-id=\"3791ffa\" data-element_type=\"widget\" data-e-type=\"widget\" data-widget_type=\"text-editor.default\">\n\t\t\t\t<div class=\"elementor-widget-container\">\n\t\t\t\t\t\t\t\t\t<h2>Ride dynamique ou statique\u00a0?<\/h2>\t\t\t\t\t\t\t\t<\/div>\n\t\t\t\t<\/div>\n\t\t\t\t<div class=\"elementor-element elementor-element-f3795ca elementor-widget-divider--view-line elementor-widget elementor-widget-divider\" data-id=\"f3795ca\" data-element_type=\"widget\" data-e-type=\"widget\" data-widget_type=\"divider.default\">\n\t\t\t\t<div class=\"elementor-widget-container\">\n\t\t\t\t\t\t\t<div class=\"elementor-divider\">\n\t\t\t<span class=\"elementor-divider-separator\">\n\t\t\t\t\t\t<\/span>\n\t\t<\/div>\n\t\t\t\t\t\t<\/div>\n\t\t\t\t<\/div>\n\t\t\t\t<div class=\"elementor-element elementor-element-15157da elementor-widget elementor-widget-text-editor\" data-id=\"15157da\" data-element_type=\"widget\" data-e-type=\"widget\" data-widget_type=\"text-editor.default\">\n\t\t\t\t<div class=\"elementor-widget-container\">\n\t\t\t\t\t\t\t\t\t<p>Identifier si une ride est dynamique, statique ou mixte n\u2019est pas toujours \u00e9vident pour un \u0153il non expert. Seul un diagnostic esth\u00e9tique, r\u00e9alis\u00e9 en cabinet m\u00e9dical, permet de proposer un protocole sur mesure, tenant compte de l\u2019\u00e2ge chronologique et biologique du patient, de la tonicit\u00e9 cutan\u00e9e et de la qualit\u00e9 du derme, de la morphologie du visage et des attentes esth\u00e9tiques exprim\u00e9es.<br \/>Le traitement des rides ne vise pas \u00e0 les effacer syst\u00e9matiquement, mais \u00e0 pr\u00e9server l\u2019\u00e9quilibre et l\u2019harmonie du visage. Il s\u2019agit de respecter l\u2019expression naturelle, la structure profonde et l\u2019individualit\u00e9 de chaque patient. La m\u00e9decine \u00e0 vis\u00e9e esth\u00e9tique contemporaine, telle qu\u2019elle est pratiqu\u00e9e \u00e0 Gen\u00e8ve, privil\u00e9gie une approche progressive et mesur\u00e9e. L\u2019objectif n\u2019est pas de transformer, mais d\u2019att\u00e9nuer les signes de fatigue et de rendre au visage son \u00e9clat et sa fra\u00eecheur, tout en conservant son authenticit\u00e9.<\/p>\t\t\t\t\t\t\t\t<\/div>\n\t\t\t\t<\/div>\n\t\t\t\t\t<\/div>\n\t\t\t\t<\/div>\n\t\t<div class=\"elementor-element elementor-element-d0c2b7d e-flex e-con-boxed e-con e-parent\" data-id=\"d0c2b7d\" data-element_type=\"container\" data-e-type=\"container\" data-settings=\"{&quot;jet_parallax_layout_list&quot;:[]}\">\n\t\t\t\t\t<div class=\"e-con-inner\">\n\t\t\t\t<div class=\"elementor-element elementor-element-7dfbcd0 elementor-widget elementor-widget-text-editor\" data-id=\"7dfbcd0\" data-element_type=\"widget\" data-e-type=\"widget\" data-widget_type=\"text-editor.default\">\n\t\t\t\t<div class=\"elementor-widget-container\">\n\t\t\t\t\t\t\t\t\t<h2>Conclusion : comblement des rides \u00e0 Gen\u00e8ve<\/h2>\t\t\t\t\t\t\t\t<\/div>\n\t\t\t\t<\/div>\n\t\t\t\t<div class=\"elementor-element elementor-element-2d90930 elementor-widget-divider--view-line elementor-widget elementor-widget-divider\" data-id=\"2d90930\" data-element_type=\"widget\" data-e-type=\"widget\" data-widget_type=\"divider.default\">\n\t\t\t\t<div class=\"elementor-widget-container\">\n\t\t\t\t\t\t\t<div class=\"elementor-divider\">\n\t\t\t<span class=\"elementor-divider-separator\">\n\t\t\t\t\t\t<\/span>\n\t\t<\/div>\n\t\t\t\t\t\t<\/div>\n\t\t\t\t<\/div>\n\t\t\t\t<div class=\"elementor-element elementor-element-e0d3f36 elementor-widget elementor-widget-text-editor\" data-id=\"e0d3f36\" data-element_type=\"widget\" data-e-type=\"widget\" data-widget_type=\"text-editor.default\">\n\t\t\t\t<div class=\"elementor-widget-container\">\n\t\t\t\t\t\t\t\t\t<p>Comprendre la diff\u00e9rence entre rides dynamiques et rides statiques permet de mieux appr\u00e9hender l\u2019\u00e9volution naturelle du visage et de mettre en place une strat\u00e9gie de traitement \u00e0 la fois pr\u00e9ventive et corrective. Alors que les rides dynamiques traduisent l\u2019expression du visage et sont principalement trait\u00e9es par la toxine botulique, les rides statiques refl\u00e8tent une alt\u00e9ration du tissu cutan\u00e9, n\u00e9cessitant un traitement de comblement et de revitalisation, comme les injections d\u2019acide hyaluronique ou le m\u00e9solift.<\/p>\t\t\t\t\t\t\t\t<\/div>\n\t\t\t\t<\/div>\n\t\t\t\t\t<\/div>\n\t\t\t\t<\/div>\n\t\t<div class=\"elementor-element elementor-element-f1ff095 e-flex e-con-boxed e-con e-parent\" data-id=\"f1ff095\" data-element_type=\"container\" data-e-type=\"container\" data-settings=\"{&quot;jet_parallax_layout_list&quot;:[]}\">\n\t\t\t\t\t<div class=\"e-con-inner\">\n\t\t<div class=\"elementor-element elementor-element-631891c e-con-full e-flex e-con e-child\" data-id=\"631891c\" data-element_type=\"container\" data-e-type=\"container\" data-settings=\"{&quot;jet_parallax_layout_list&quot;:[]}\">\n\t\t<div class=\"elementor-element elementor-element-879ed82 e-con-full e-flex e-con e-child\" data-id=\"879ed82\" data-element_type=\"container\" data-e-type=\"container\" data-settings=\"{&quot;jet_parallax_layout_list&quot;:[]}\">\n\t\t<div class=\"elementor-element elementor-element-27a9a18 e-con-full e-flex e-con e-child\" data-id=\"27a9a18\" data-element_type=\"container\" data-e-type=\"container\" data-settings=\"{&quot;jet_parallax_layout_list&quot;:[]}\">\n\t\t<div class=\"elementor-element elementor-element-527861e e-con-full e-flex e-con e-child\" data-id=\"527861e\" data-element_type=\"container\" data-e-type=\"container\" data-settings=\"{&quot;jet_parallax_layout_list&quot;:[]}\">\n\t\t\t\t<div class=\"elementor-element elementor-element-e0a5454 elementor-widget elementor-widget-image\" data-id=\"e0a5454\" data-element_type=\"widget\" data-e-type=\"widget\" data-widget_type=\"image.default\">\n\t\t\t\t<div class=\"elementor-widget-container\">\n\t\t\t\t\t\t\t\t\t\t\t\t\t\t\t<img decoding=\"async\" width=\"150\" height=\"150\" src=\"https:\/\/drromanovaleria.ch\/wp-content\/uploads\/2024\/07\/photo-docteur-romano-valeria-150x150.webp\" class=\"attachment-thumbnail size-thumbnail wp-image-13266\" alt=\"Photo docteur Valeria Romano \u00e0 Gen\u00e8ve\" \/>\t\t\t\t\t\t\t\t\t\t\t\t\t\t\t<\/div>\n\t\t\t\t<\/div>\n\t\t\t\t<div class=\"elementor-element elementor-element-c1a5d3c elementor-widget elementor-widget-text-editor\" data-id=\"c1a5d3c\" data-element_type=\"widget\" data-e-type=\"widget\" data-widget_type=\"text-editor.default\">\n\t\t\t\t<div class=\"elementor-widget-container\">\n\t\t\t\t\t\t\t\t\t<p>Article r\u00e9dig\u00e9 par le <a href=\"https:\/\/drromanovaleria.ch\/\">Dr Romano Valeria<\/a><\/p>\t\t\t\t\t\t\t\t<\/div>\n\t\t\t\t<\/div>\n\t\t\t\t<\/div>\n\t\t<div class=\"elementor-element elementor-element-ac8f051 e-con-full e-flex e-con e-child\" data-id=\"ac8f051\" data-element_type=\"container\" data-e-type=\"container\" data-settings=\"{&quot;jet_parallax_layout_list&quot;:[]}\">\n\t\t\t\t<div class=\"elementor-element elementor-element-02f5a2d elementor-widget elementor-widget-text-editor\" data-id=\"02f5a2d\" data-element_type=\"widget\" data-e-type=\"widget\" data-widget_type=\"text-editor.default\">\n\t\t\t\t<div class=\"elementor-widget-container\">\n\t\t\t\t\t\t\t\t\t<p>PARTAGER CET ARTICLE SUR<\/p>\t\t\t\t\t\t\t\t<\/div>\n\t\t\t\t<\/div>\n\t\t\t\t<div class=\"elementor-element elementor-element-18d5bb6 elementor-share-buttons--view-icon-text elementor-share-buttons--skin-gradient elementor-share-buttons--shape-square elementor-grid-0 elementor-share-buttons--color-official elementor-widget elementor-widget-share-buttons\" data-id=\"18d5bb6\" data-element_type=\"widget\" data-e-type=\"widget\" data-widget_type=\"share-buttons.default\">\n\t\t\t\t<div class=\"elementor-widget-container\">\n\t\t\t\t\t\t\t<div class=\"elementor-grid\">\n\t\t\t\t\t\t\t\t<div class=\"elementor-grid-item\">\n\t\t\t\t\t\t<div class=\"elementor-share-btn elementor-share-btn_linkedin\" role=\"button\" tabindex=\"0\" aria-label=\"Partager sur linkedin\">\n\t\t\t\t\t\t\t\t\t\t\t\t\t\t\t<span class=\"elementor-share-btn__icon\">\n\t\t\t\t\t\t\t\t<svg aria-hidden=\"true\" class=\"e-font-icon-svg e-fab-linkedin\" viewBox=\"0 0 448 512\" xmlns=\"http:\/\/www.w3.org\/2000\/svg\"><path d=\"M416 32H31.9C14.3 32 0 46.5 0 64.3v383.4C0 465.5 14.3 480 31.9 480H416c17.6 0 32-14.5 32-32.3V64.3c0-17.8-14.4-32.3-32-32.3zM135.4 416H69V202.2h66.5V416zm-33.2-243c-21.3 0-38.5-17.3-38.5-38.5S80.9 96 102.2 96c21.2 0 38.5 17.3 38.5 38.5 0 21.3-17.2 38.5-38.5 38.5zm282.1 243h-66.4V312c0-24.8-.5-56.7-34.5-56.7-34.6 0-39.9 27-39.9 54.9V416h-66.4V202.2h63.7v29.2h.9c8.9-16.8 30.6-34.5 62.9-34.5 67.2 0 79.7 44.3 79.7 101.9V416z\"><\/path><\/svg>\t\t\t\t\t\t\t<\/span>\n\t\t\t\t\t\t\t\t\t\t\t\t\t\t\t\t\t\t\t\t\t\t<div class=\"elementor-share-btn__text\">\n\t\t\t\t\t\t\t\t\t\t\t\t\t\t\t\t\t\t\t<span class=\"elementor-share-btn__title\">\n\t\t\t\t\t\t\t\t\t\tLinkedIn\t\t\t\t\t\t\t\t\t<\/span>\n\t\t\t\t\t\t\t\t\t\t\t\t\t\t\t\t\t<\/div>\n\t\t\t\t\t\t\t\t\t\t\t\t\t<\/div>\n\t\t\t\t\t<\/div>\n\t\t\t\t\t\t<\/div>\n\t\t\t\t\t\t<\/div>\n\t\t\t\t<\/div>\n\t\t\t\t<\/div>\n\t\t\t\t<\/div>\n\t\t\t\t<div class=\"elementor-element elementor-element-f591c3d elementor-align-start elementor-mobile-align-start elementor-icon-list--layout-traditional elementor-list-item-link-full_width elementor-widget elementor-widget-icon-list\" data-id=\"f591c3d\" data-element_type=\"widget\" data-e-type=\"widget\" data-widget_type=\"icon-list.default\">\n\t\t\t\t<div class=\"elementor-widget-container\">\n\t\t\t\t\t\t\t<ul class=\"elementor-icon-list-items\">\n\t\t\t\t\t\t\t<li class=\"elementor-icon-list-item\">\n\t\t\t\t\t\t\t\t\t\t\t<a href=\"mailto:dr.romano.valeria@gmail.com\">\n\n\t\t\t\t\t\t\t\t\t\t\t\t<span class=\"elementor-icon-list-icon\">\n\t\t\t\t\t\t\t<svg aria-hidden=\"true\" class=\"e-font-icon-svg e-fas-envelope\" viewBox=\"0 0 512 512\" xmlns=\"http:\/\/www.w3.org\/2000\/svg\"><path d=\"M502.3 190.8c3.9-3.1 9.7-.2 9.7 4.7V400c0 26.5-21.5 48-48 48H48c-26.5 0-48-21.5-48-48V195.6c0-5 5.7-7.8 9.7-4.7 22.4 17.4 52.1 39.5 154.1 113.6 21.1 15.4 56.7 47.8 92.2 47.6 35.7.3 72-32.8 92.3-47.6 102-74.1 131.6-96.3 154-113.7zM256 320c23.2.4 56.6-29.2 73.4-41.4 132.7-96.3 142.8-104.7 173.4-128.7 5.8-4.5 9.2-11.5 9.2-18.9v-19c0-26.5-21.5-48-48-48H48C21.5 64 0 85.5 0 112v19c0 7.4 3.4 14.3 9.2 18.9 30.6 23.9 40.7 32.4 173.4 128.7 16.8 12.2 50.2 41.8 73.4 41.4z\"><\/path><\/svg>\t\t\t\t\t\t<\/span>\n\t\t\t\t\t\t\t\t\t\t<span class=\"elementor-icon-list-text\">dr.romano.valeria@gmail.com<\/span>\n\t\t\t\t\t\t\t\t\t\t\t<\/a>\n\t\t\t\t\t\t\t\t\t<\/li>\n\t\t\t\t\t\t\t\t<li class=\"elementor-icon-list-item\">\n\t\t\t\t\t\t\t\t\t\t\t<a href=\"tel:+41%2078%20209%2002%2089\">\n\n\t\t\t\t\t\t\t\t\t\t\t\t<span class=\"elementor-icon-list-icon\">\n\t\t\t\t\t\t\t<svg aria-hidden=\"true\" class=\"e-font-icon-svg e-fas-phone-alt\" viewBox=\"0 0 512 512\" xmlns=\"http:\/\/www.w3.org\/2000\/svg\"><path d=\"M497.39 361.8l-112-48a24 24 0 0 0-28 6.9l-49.6 60.6A370.66 370.66 0 0 1 130.6 204.11l60.6-49.6a23.94 23.94 0 0 0 6.9-28l-48-112A24.16 24.16 0 0 0 122.6.61l-104 24A24 24 0 0 0 0 48c0 256.5 207.9 464 464 464a24 24 0 0 0 23.4-18.6l24-104a24.29 24.29 0 0 0-14.01-27.6z\"><\/path><\/svg>\t\t\t\t\t\t<\/span>\n\t\t\t\t\t\t\t\t\t\t<span class=\"elementor-icon-list-text\">+41 78 209 02 89<\/span>\n\t\t\t\t\t\t\t\t\t\t\t<\/a>\n\t\t\t\t\t\t\t\t\t<\/li>\n\t\t\t\t\t\t<\/ul>\n\t\t\t\t\t\t<\/div>\n\t\t\t\t<\/div>\n\t\t\t\t<\/div>\n\t\t\t\t<\/div>\n\t\t\t\t\t<\/div>\n\t\t\t\t<\/div>\n\t\t\t\t<\/div>\n\t\t","protected":false},"featured_media":0,"template":"elementor_header_footer","class_list":["post-25939","infographie","type-infographie","status-publish","hentry"],"yoast_head":"<!-- This site is optimized with the Yoast SEO plugin v27.5 - https:\/\/yoast.com\/product\/yoast-seo-wordpress\/ -->\n<title>Quelles sont les diff\u00e9rences entre les rides dynamiques et les rides statiques ? - Dr Romano<\/title>\n<meta name=\"description\" content=\"Diff\u00e9rences entre rides dynamiques et statiques : origine musculaire ou structurelle, moment d\u2019apparition, zones concern\u00e9es et implications pour les traitements esth\u00e9tiques.\" \/>\n<meta name=\"robots\" content=\"index, follow, max-snippet:-1, max-image-preview:large, max-video-preview:-1\" \/>\n<link rel=\"canonical\" href=\"https:\/\/drromanovaleria.ch\/en\/infographic\/difference-static-and-dynamic-wrinkles\/\" \/>\n<meta property=\"og:locale\" content=\"en_GB\" \/>\n<meta property=\"og:type\" content=\"article\" \/>\n<meta property=\"og:title\" content=\"Quelles sont les diff\u00e9rences entre les rides dynamiques et les rides statiques ? - Dr Romano\" \/>\n<meta property=\"og:description\" content=\"Diff\u00e9rences entre rides dynamiques et statiques : origine musculaire ou structurelle, moment d\u2019apparition, zones concern\u00e9es et implications pour les traitements esth\u00e9tiques.\" \/>\n<meta property=\"og:url\" content=\"https:\/\/drromanovaleria.ch\/en\/infographic\/difference-static-and-dynamic-wrinkles\/\" \/>\n<meta property=\"og:site_name\" content=\"Dr Romano\" \/>\n<meta property=\"article:modified_time\" content=\"2025-11-06T12:03:13+00:00\" \/>\n<meta property=\"og:image\" content=\"https:\/\/drromanovaleria.ch\/wp-content\/uploads\/2024\/05\/hydratation-peau.webp\" \/>\n\t<meta property=\"og:image:width\" content=\"300\" \/>\n\t<meta property=\"og:image:height\" content=\"220\" \/>\n\t<meta property=\"og:image:type\" content=\"image\/webp\" \/>\n<meta name=\"twitter:card\" content=\"summary_large_image\" \/>\n<meta name=\"twitter:label1\" content=\"Estimated reading time\" \/>\n\t<meta name=\"twitter:data1\" content=\"8 minutes\" \/>\n<script type=\"application\/ld+json\" class=\"yoast-schema-graph\">{\"@context\":\"https:\\\/\\\/schema.org\",\"@graph\":[{\"@type\":\"WebPage\",\"@id\":\"https:\\\/\\\/drromanovaleria.ch\\\/infographie\\\/difference-rides-statiques-dynamiques\\\/\",\"url\":\"https:\\\/\\\/drromanovaleria.ch\\\/infographie\\\/difference-rides-statiques-dynamiques\\\/\",\"name\":\"Quelles sont les diff\u00e9rences entre les rides dynamiques et les rides statiques ? - Dr Romano\",\"isPartOf\":{\"@id\":\"https:\\\/\\\/drromanovaleria.ch\\\/#website\"},\"primaryImageOfPage\":{\"@id\":\"https:\\\/\\\/drromanovaleria.ch\\\/infographie\\\/difference-rides-statiques-dynamiques\\\/#primaryimage\"},\"image\":{\"@id\":\"https:\\\/\\\/drromanovaleria.ch\\\/infographie\\\/difference-rides-statiques-dynamiques\\\/#primaryimage\"},\"thumbnailUrl\":\"https:\\\/\\\/drromanovaleria.ch\\\/wp-content\\\/uploads\\\/2024\\\/05\\\/hydratation-peau.webp\",\"datePublished\":\"2025-05-08T10:28:05+00:00\",\"dateModified\":\"2025-11-06T12:03:13+00:00\",\"description\":\"Diff\u00e9rences entre rides dynamiques et statiques : origine musculaire ou structurelle, moment d\u2019apparition, zones concern\u00e9es et implications pour les traitements esth\u00e9tiques.\",\"breadcrumb\":{\"@id\":\"https:\\\/\\\/drromanovaleria.ch\\\/infographie\\\/difference-rides-statiques-dynamiques\\\/#breadcrumb\"},\"inLanguage\":\"en-GB\",\"potentialAction\":[{\"@type\":\"ReadAction\",\"target\":[\"https:\\\/\\\/drromanovaleria.ch\\\/infographie\\\/difference-rides-statiques-dynamiques\\\/\"]}]},{\"@type\":\"ImageObject\",\"inLanguage\":\"en-GB\",\"@id\":\"https:\\\/\\\/drromanovaleria.ch\\\/infographie\\\/difference-rides-statiques-dynamiques\\\/#primaryimage\",\"url\":\"https:\\\/\\\/drromanovaleria.ch\\\/wp-content\\\/uploads\\\/2024\\\/05\\\/hydratation-peau.webp\",\"contentUrl\":\"https:\\\/\\\/drromanovaleria.ch\\\/wp-content\\\/uploads\\\/2024\\\/05\\\/hydratation-peau.webp\"},{\"@type\":\"BreadcrumbList\",\"@id\":\"https:\\\/\\\/drromanovaleria.ch\\\/infographie\\\/difference-rides-statiques-dynamiques\\\/#breadcrumb\",\"itemListElement\":[{\"@type\":\"ListItem\",\"position\":1,\"name\":\"Accueil\",\"item\":\"https:\\\/\\\/drromanovaleria.ch\\\/\"},{\"@type\":\"ListItem\",\"position\":2,\"name\":\"Infographie\",\"item\":\"https:\\\/\\\/drromanovaleria.ch\\\/infographie\\\/\"},{\"@type\":\"ListItem\",\"position\":3,\"name\":\"Quelles sont les diff\u00e9rences entre les rides dynamiques et les rides statiques ?\"}]},{\"@type\":\"WebSite\",\"@id\":\"https:\\\/\\\/drromanovaleria.ch\\\/#website\",\"url\":\"https:\\\/\\\/drromanovaleria.ch\\\/\",\"name\":\"Dr Romano\",\"description\":\"M\u00e9decine morphologique et anti-\u00e2ge\",\"potentialAction\":[{\"@type\":\"SearchAction\",\"target\":{\"@type\":\"EntryPoint\",\"urlTemplate\":\"https:\\\/\\\/drromanovaleria.ch\\\/?s={search_term_string}\"},\"query-input\":{\"@type\":\"PropertyValueSpecification\",\"valueRequired\":true,\"valueName\":\"search_term_string\"}}],\"inLanguage\":\"en-GB\"}]}<\/script>\n<!-- \/ Yoast SEO plugin. -->","yoast_head_json":{"title":"What are the differences between dynamic wrinkles and static wrinkles ? - Dr Romano","description":"Differences between dynamic and static wrinkles : muscular or structural origin, time of appearance, affected areas, and implications for aesthetic treatments.","robots":{"index":"index","follow":"follow","max-snippet":"max-snippet:-1","max-image-preview":"max-image-preview:large","max-video-preview":"max-video-preview:-1"},"canonical":"https:\/\/drromanovaleria.ch\/en\/infographic\/difference-static-and-dynamic-wrinkles\/","og_locale":"en_GB","og_type":"article","og_title":"Quelles sont les diff\u00e9rences entre les rides dynamiques et les rides statiques ? - Dr Romano","og_description":"Diff\u00e9rences entre rides dynamiques et statiques : origine musculaire ou structurelle, moment d\u2019apparition, zones concern\u00e9es et implications pour les traitements esth\u00e9tiques.","og_url":"https:\/\/drromanovaleria.ch\/en\/infographic\/difference-static-and-dynamic-wrinkles\/","og_site_name":"Dr Romano","article_modified_time":"2025-11-06T12:03:13+00:00","og_image":[{"width":300,"height":220,"url":"https:\/\/drromanovaleria.ch\/wp-content\/uploads\/2024\/05\/hydratation-peau.webp","type":"image\/webp"}],"twitter_card":"summary_large_image","twitter_misc":{"Estimated reading time":"8 minutes"},"schema":{"@context":"https:\/\/schema.org","@graph":[{"@type":"WebPage","@id":"https:\/\/drromanovaleria.ch\/infographie\/difference-rides-statiques-dynamiques\/","url":"https:\/\/drromanovaleria.ch\/infographie\/difference-rides-statiques-dynamiques\/","name":"What are the differences between dynamic wrinkles and static wrinkles ? - Dr Romano","isPartOf":{"@id":"https:\/\/drromanovaleria.ch\/#website"},"primaryImageOfPage":{"@id":"https:\/\/drromanovaleria.ch\/infographie\/difference-rides-statiques-dynamiques\/#primaryimage"},"image":{"@id":"https:\/\/drromanovaleria.ch\/infographie\/difference-rides-statiques-dynamiques\/#primaryimage"},"thumbnailUrl":"https:\/\/drromanovaleria.ch\/wp-content\/uploads\/2024\/05\/hydratation-peau.webp","datePublished":"2025-05-08T10:28:05+00:00","dateModified":"2025-11-06T12:03:13+00:00","description":"Differences between dynamic and static wrinkles : muscular or structural origin, time of appearance, affected areas, and implications for aesthetic treatments.","breadcrumb":{"@id":"https:\/\/drromanovaleria.ch\/infographie\/difference-rides-statiques-dynamiques\/#breadcrumb"},"inLanguage":"en-GB","potentialAction":[{"@type":"ReadAction","target":["https:\/\/drromanovaleria.ch\/infographie\/difference-rides-statiques-dynamiques\/"]}]},{"@type":"ImageObject","inLanguage":"en-GB","@id":"https:\/\/drromanovaleria.ch\/infographie\/difference-rides-statiques-dynamiques\/#primaryimage","url":"https:\/\/drromanovaleria.ch\/wp-content\/uploads\/2024\/05\/hydratation-peau.webp","contentUrl":"https:\/\/drromanovaleria.ch\/wp-content\/uploads\/2024\/05\/hydratation-peau.webp"},{"@type":"BreadcrumbList","@id":"https:\/\/drromanovaleria.ch\/infographie\/difference-rides-statiques-dynamiques\/#breadcrumb","itemListElement":[{"@type":"ListItem","position":1,"name":"Accueil","item":"https:\/\/drromanovaleria.ch\/"},{"@type":"ListItem","position":2,"name":"Infographie","item":"https:\/\/drromanovaleria.ch\/infographie\/"},{"@type":"ListItem","position":3,"name":"Quelles sont les diff\u00e9rences entre les rides dynamiques et les rides statiques ?"}]},{"@type":"WebSite","@id":"https:\/\/drromanovaleria.ch\/#website","url":"https:\/\/drromanovaleria.ch\/","name":"Dr Romano","description":"Morphological and anti-ageing medicine","potentialAction":[{"@type":"SearchAction","target":{"@type":"EntryPoint","urlTemplate":"https:\/\/drromanovaleria.ch\/?s={search_term_string}"},"query-input":{"@type":"PropertyValueSpecification","valueRequired":true,"valueName":"search_term_string"}}],"inLanguage":"en-GB"}]}},"_links":{"self":[{"href":"https:\/\/drromanovaleria.ch\/en\/wp-json\/wp\/v2\/infographie\/25939","targetHints":{"allow":["GET"]}}],"collection":[{"href":"https:\/\/drromanovaleria.ch\/en\/wp-json\/wp\/v2\/infographie"}],"about":[{"href":"https:\/\/drromanovaleria.ch\/en\/wp-json\/wp\/v2\/types\/infographie"}],"version-history":[{"count":5,"href":"https:\/\/drromanovaleria.ch\/en\/wp-json\/wp\/v2\/infographie\/25939\/revisions"}],"predecessor-version":[{"id":43234,"href":"https:\/\/drromanovaleria.ch\/en\/wp-json\/wp\/v2\/infographie\/25939\/revisions\/43234"}],"wp:attachment":[{"href":"https:\/\/drromanovaleria.ch\/en\/wp-json\/wp\/v2\/media?parent=25939"}],"curies":[{"name":"wp","href":"https:\/\/api.w.org\/{rel}","templated":true}]}}